{"id":27436,"date":"2021-08-06T15:13:28","date_gmt":"2021-08-06T15:13:28","guid":{"rendered":"https:\/\/tv.dms3labs.cat\/shopping\/"},"modified":"2022-03-26T14:43:46","modified_gmt":"2022-03-26T12:43:46","slug":"shopping","status":"publish","type":"page","link":"https:\/\/elvendrellturisme.dms3labs.cat\/fr\/shopping\/","title":{"rendered":"Shopping"},"content":{"rendered":"<p>[et_pb_section fb_built=&#8221;1&#8243; admin_label=&#8221;Hero&#8221; _builder_version=&#8221;4.8.2&#8243; background_enable_color=&#8221;off&#8221; use_background_color_gradient=&#8221;on&#8221; background_color_gradient_start=&#8221;rgba(43,135,218,0)&#8221; background_color_gradient_end=&#8221;rgba(8,10,10,0.75)&#8221; background_color_gradient_start_position=&#8221;50%&#8221; background_color_gradient_overlays_image=&#8221;on&#8221; background_image=&#8221;https:\/\/elvendrellturisme.dms3labs.cat\/wp-content\/uploads\/el-vendrell-fotos-2.png&#8221; min_height=&#8221;75vh&#8221; custom_padding=&#8221;101px|||0px|false|false&#8221; locked=&#8221;off&#8221; global_colors_info=&#8221;{}&#8221;][et_pb_row use_custom_gutter=&#8221;on&#8221; gutter_width=&#8221;1&#8243; make_equal=&#8221;on&#8221; module_class=&#8221; et_pb_row_fullwidth&#8221; _builder_version=&#8221;4.8.2&#8243; positioning=&#8221;absolute&#8221; position_origin_a=&#8221;bottom_center&#8221; width_tablet=&#8221;100%&#8221; width_last_edited=&#8221;off|desktop&#8221; max_width_tablet=&#8221;100%&#8221; max_width_last_edited=&#8221;off|desktop&#8221; custom_margin=&#8221;||||false|false&#8221; custom_padding=&#8221;||74px||false|false&#8221; make_fullwidth=&#8221;on&#8221; global_colors_info=&#8221;{}&#8221; width__hover_enabled=&#8221;off|desktop&#8221; custom_css_before__hover_enabled=&#8221;on|desktop&#8221; custom_css_before_last_edited=&#8221;on|desktop&#8221;][et_pb_column type=&#8221;4_4&#8243; _builder_version=&#8221;4.8.2&#8243; parallax=&#8221;on&#8221; custom_padding=&#8221;||||false|false&#8221; custom_css_main_element=&#8221;\tmargin: auto auto 0;&#8221; global_colors_info=&#8221;{}&#8221; custom_padding__hover=&#8221;|||&#8221;][et_pb_text admin_label=&#8221;Look Inside Title&#8221; _builder_version=&#8221;4.8.2&#8243; _module_preset=&#8221;5975d0da-a31c-4419-aa53-a11ada705cd8&#8243; header_text_color=&#8221;#ffffff&#8221; locked=&#8221;off&#8221; global_colors_info=&#8221;{}&#8221;]<\/p>\n<h1>shopping dans el&nbsp;vendrell<\/h1>\n<p>[\/et_pb_text][\/et_pb_column][\/et_pb_row][\/et_pb_section][et_pb_section fb_built=&#8221;1&#8243; custom_padding_last_edited=&#8221;on|phone&#8221; _builder_version=&#8221;4.8.2&#8243; _module_preset=&#8221;default&#8221; custom_padding=&#8221;6px||||false|false&#8221; custom_padding_tablet=&#8221;&#8221; custom_padding_phone=&#8221;4px||||false|false&#8221; global_colors_info=&#8221;{}&#8221;][et_pb_row column_structure=&#8221;1_3,1_3,1_3&#8243; _builder_version=&#8221;4.8.2&#8243; _module_preset=&#8221;3d512509-03f4-49c0-8c71-b925738b3ceb&#8221; width=&#8221;100%&#8221; border_width_bottom=&#8221;3px&#8221; locked=&#8221;off&#8221; global_colors_info=&#8221;{}&#8221;][et_pb_column type=&#8221;1_3&#8243; _builder_version=&#8221;4.8.2&#8243; _module_preset=&#8221;e538b53d-81a0-4dcd-bf4e-c24ed5e01d9e&#8221; background_enable_image=&#8221;off&#8221; border_color_bottom=&#8221;#ffffff&#8221; border_width_all_tablet=&#8221;&#8221; border_width_all_phone=&#8221;0px&#8221; border_width_all_last_edited=&#8221;on|phone&#8221; border_width_bottom_tablet=&#8221;&#8221; border_width_bottom_phone=&#8221;4px&#8221; border_width_bottom_last_edited=&#8221;on|phone&#8221; global_colors_info=&#8221;{}&#8221;][et_pb_text _builder_version=&#8221;4.8.2&#8243; _module_preset=&#8221;75670887-6b9a-4e62-853f-184f90d66ac5&#8243; background_image=&#8221;https:\/\/elvendrellturisme.dms3labs.cat\/wp-content\/uploads\/mercat-municipal-el-vendrell.jpg&#8221; link_option_url=&#8221;#march\u00e9-vendredi&#8221; global_colors_info=&#8221;{}&#8221; background_image__hover=&#8221;https:\/\/elvendrellturisme.dms3labs.cat\/wp-content\/uploads\/mercat-municipal-el-vendrell.jpg&#8221;]<\/p>\n<h2>March\u00e9 hebdomadaire de El&nbsp;Vendrell<\/h2>\n<p>[\/et_pb_text][\/et_pb_column][et_pb_column type=&#8221;1_3&#8243; _builder_version=&#8221;4.8.2&#8243; _module_preset=&#8221;3948c57f-bd1b-4d4b-8c9a-0d8828761a16&#8243; border_color_bottom=&#8221;#ffffff&#8221; border_width_bottom_tablet=&#8221;&#8221; border_width_bottom_phone=&#8221;4px&#8221; border_width_bottom_last_edited=&#8221;on|phone&#8221; global_colors_info=&#8221;{}&#8221;][et_pb_text _builder_version=&#8221;4.8.2&#8243; _module_preset=&#8221;75670887-6b9a-4e62-853f-184f90d66ac5&#8243; background_image=&#8221;https:\/\/elvendrellturisme.dms3labs.cat\/wp-content\/uploads\/el-vendrell-fotos-1.png&#8221; link_option_url=&#8221;#march\u00e9s-municipaux&#8221; global_colors_info=&#8221;{}&#8221; background_image__hover=&#8221;https:\/\/elvendrellturisme.dms3labs.cat\/wp-content\/uploads\/el-vendrell-fotos-1.png&#8221; background_enable_image__hover=&#8221;on&#8221;]<\/p>\n<h2>March\u00e9s municipaux<\/h2>\n<p>[\/et_pb_text][\/et_pb_column][et_pb_column type=&#8221;1_3&#8243; _builder_version=&#8221;4.8.2&#8243; _module_preset=&#8221;c01bc4ba-52d4-4a48-a1cb-40de7dfd5c74&#8243; border_color_bottom=&#8221;rgba(0,0,0,0)&#8221; border_width_right_tablet=&#8221;&#8221; border_width_right_phone=&#8221;0px&#8221; border_width_right_last_edited=&#8221;on|phone&#8221; border_width_bottom_tablet=&#8221;&#8221; border_width_bottom_phone=&#8221;4px&#8221; border_width_bottom_last_edited=&#8221;on|phone&#8221; global_colors_info=&#8221;{}&#8221;][et_pb_text _builder_version=&#8221;4.8.2&#8243; _module_preset=&#8221;75670887-6b9a-4e62-853f-184f90d66ac5&#8243; background_image=&#8221;https:\/\/elvendrellturisme.dms3labs.cat\/wp-content\/uploads\/el-vendrell-fotos-3.jpg&#8221; link_option_url=&#8221;#commerces-cit&#8221; global_colors_info=&#8221;{}&#8221; background_image__hover=&#8221;https:\/\/elvendrellturisme.dms3labs.cat\/wp-content\/uploads\/el-vendrell-fotos-3.jpg&#8221; background_enable_image__hover=&#8221;on&#8221;]<\/p>\n<h2>Commerces CIT \u00e0 El&nbsp;Vendrell<\/h2>\n<p>[\/et_pb_text][\/et_pb_column][\/et_pb_row][\/et_pb_section][et_pb_section fb_built=&#8221;1&#8243; module_id=&#8221;march\u00e9-vendredi&#8221; _builder_version=&#8221;4.8.2&#8243; _module_preset=&#8221;default&#8221; global_colors_info=&#8221;{}&#8221;][et_pb_row column_structure=&#8221;1_2,1_2&#8243; _builder_version=&#8221;4.8.2&#8243; _module_preset=&#8221;default&#8221; global_colors_info=&#8221;{}&#8221;][et_pb_column type=&#8221;1_2&#8243; _builder_version=&#8221;4.8.2&#8243; _module_preset=&#8221;default&#8221; global_colors_info=&#8221;{}&#8221;][et_pb_text _builder_version=&#8221;4.8.2&#8243; _module_preset=&#8221;68ea58d1-0a0d-4ff7-85ee-f9cbe626b1ec&#8221; global_colors_info=&#8221;{}&#8221;]<\/p>\n<h2>March\u00e9 hebdomadaire de El&nbsp;Vendrell<\/h2>\n<p>[\/et_pb_text][et_pb_text _builder_version=&#8221;4.10.6&#8243; _module_preset=&#8221;default&#8221; hover_enabled=&#8221;0&#8243; global_colors_info=&#8221;{}&#8221; sticky_enabled=&#8221;0&#8243;]<\/p>\n<p>Le march\u00e9 hebdomadaire de El&nbsp;Vendrell se caract\u00e9rise par la promotion de produits frais et locaux.<\/p>\n<p>Il est situ\u00e9 sur La Rambla, Carrer Caf\u00e9s, Pla\u00e7a Nova, Ctra. del Dr. Robert et pla\u00e7a Francesc Maci\u00e0 de El Vendrell.<\/p>\n<p>Le march\u00e9 hebdomadaire a lieu <strong>le vendredi, de 9&nbsp;h \u00e0 14&nbsp;h<\/strong>. Il est autoris\u00e9 \u00e0 vendre des produits quotidiens non alimentaires, des \u00e9quipements m\u00e9nagers, ainsi que des produits personnels, de loisir et de culture. Le march\u00e9 de la place Francesc Maci\u00e0 vent aussi des produits alimentaires du quotidien.<\/p>\n<p>Lorsque le vendredi est un jour f\u00e9ri\u00e9, le march\u00e9 se tient le jeudi pr\u00e9c\u00e9dent. Si vendredi, il est pr\u00e9vu que la Rambla soit occup\u00e9e par l\u2019installation, la c\u00e9l\u00e9bration ou le d\u00e9mant\u00e8lement des foires ou des activit\u00e9s organis\u00e9es dans la municipalit\u00e9, le march\u00e9 sera d\u00e9plac\u00e9 vers la zone de Puig.<\/p>\n<p><strong>Le samedi matin, le march\u00e9 se d\u00e9place \u00e0 Coma-ruga.<\/strong><\/p>\n<p>[\/et_pb_text][\/et_pb_column][et_pb_column type=&#8221;1_2&#8243; _builder_version=&#8221;4.8.2&#8243; _module_preset=&#8221;default&#8221; background_image=&#8221;https:\/\/elvendrellturisme.dms3labs.cat\/wp-content\/uploads\/el-vendrell-fotos-4.jpg&#8221; box_shadow_style=&#8221;preset2&#8243; global_colors_info=&#8221;{}&#8221;][et_pb_divider show_divider=&#8221;off&#8221; _builder_version=&#8221;4.8.2&#8243; _module_preset=&#8221;default&#8221; min_height=&#8221;50vh&#8221;][\/et_pb_divider][\/et_pb_column][\/et_pb_row][\/et_pb_section][et_pb_section fb_built=&#8221;1&#8243; module_id=&#8221;march\u00e9s-municipaux&#8221; _builder_version=&#8221;4.8.2&#8243; _module_preset=&#8221;default&#8221; background_color=&#8221;rgba(194,227,241,0.2)&#8221; global_colors_info=&#8221;{}&#8221;][et_pb_row column_structure=&#8221;1_2,1_2&#8243; _builder_version=&#8221;4.8.2&#8243; _module_preset=&#8221;default&#8221; global_colors_info=&#8221;{}&#8221;][et_pb_column type=&#8221;1_2&#8243; disabled_on=&#8221;off|off|off&#8221; _builder_version=&#8221;4.8.2&#8243; _module_preset=&#8221;default&#8221; global_colors_info=&#8221;{}&#8221;][et_pb_text _builder_version=&#8221;4.8.2&#8243; _module_preset=&#8221;68ea58d1-0a0d-4ff7-85ee-f9cbe626b1ec&#8221; header_text_align=&#8221;left&#8221; header_2_text_align=&#8221;right&#8221; global_colors_info=&#8221;{}&#8221;]<\/p>\n<h2 style=\"text-align: left;\">March\u00e9s municipaux<\/h2>\n<p>[\/et_pb_text][et_pb_text _builder_version=&#8221;4.10.6&#8243; _module_preset=&#8221;default&#8221; hover_enabled=&#8221;0&#8243; global_colors_info=&#8221;{}&#8221; sticky_enabled=&#8221;0&#8243;]<\/p>\n<p>Les march\u00e9s organis\u00e9s et g\u00e9r\u00e9s depuis la Direction de la Promotion \u00e9conomique sont les suivants&nbsp;:<\/p>\n<p><strong>March\u00e9 de promenade du front de mer de Coma-ruga<\/strong>, qui a lieu pendant la saison estivale de 18&nbsp;h \u00e0 minuit.<\/p>\n<p><strong>March\u00e9 hebdomadaire de El&nbsp;Vendrell<\/strong>, qui a lieu tous les vendredis. La nourriture (l\u00e9gumes, fruits, poisson sal\u00e9, bonbons, olives, etc.) est vendue sur la Pla\u00e7a de Francesc Maci\u00e0, et il y a des stands de v\u00eatements, jouets, articles m\u00e9nagers et accessoires sur la Rambla (\u00e0 l\u2019occasion des travaux de r\u00e9am\u00e9nagement des rues Dr. Robert, Prat de la Riba et Nord, le march\u00e9 hebdomadaire du vendredi se d\u00e9place du c\u00f4t\u00e9 de la Riera de la Bisbal, tant que l\u2019\u00e9tat des travaux l\u2019exige), sur Carrer dels Caf\u00e9s et la pla\u00e7a Nova.<\/p>\n<p><strong>March\u00e9 hebdomadaire de Coma-ruga<\/strong>, qui a lieu tous les samedis. Il se tient sur l\u2019Avinguda del Parlament de Catalunya, Carrer de la Terra Alta et Carrer de Guerau de Liost. Il vend des produits tels que des v\u00eatements, des jouets, des articles m\u00e9nagers et accessoires, des fruits et l\u00e9gumes, des poissons d\u2019eau sal\u00e9e et des saucisses artisanales. On y retrouve \u00e9galement une \u00ab&nbsp;xurreria&nbsp;\u00bb (o\u00f9 sont \u00e9labor\u00e9s les churros).<\/p>\n<p><strong>March\u00e9 d\u2019antiquit\u00e9s et brocante<\/strong>, qui a lieu le deuxi\u00e8me samedi de chaque mois sur la Rambla.<\/p>\n<p><strong>Le march\u00e9 Rac\u00f3 de l\u2019art<\/strong>, qui a lieu chaque premier samedi du mois \u00e0 Carrer dels Caf\u00e8s de El&nbsp;Vendrell. On y trouve toutes sortes de produits d\u2019artisanat&nbsp;: savons naturels, v\u00eatements et accessoires peints \u00e0 la main, c\u00e9ramiques, p\u00e2te de verre, bijoux, marionnettes, bijoux fantaisistes.<\/p>\n<p><a href=\"https:\/\/www.elvendrell.net\/mercats-cid-599\" target=\"_blank\" rel=\"noopener\">Plus d\u2019informations<\/a><\/p>\n<p>[\/et_pb_text][\/et_pb_column][et_pb_column type=&#8221;1_2&#8243; _builder_version=&#8221;4.8.2&#8243; _module_preset=&#8221;default&#8221; background_image=&#8221;https:\/\/elvendrellturisme.dms3labs.cat\/wp-content\/uploads\/mercats-vendrell.jpg&#8221; box_shadow_style=&#8221;preset2&#8243; global_colors_info=&#8221;{}&#8221;][et_pb_divider show_divider=&#8221;off&#8221; _builder_version=&#8221;4.8.2&#8243; _module_preset=&#8221;default&#8221; min_height=&#8221;40vh&#8221;][\/et_pb_divider][et_pb_divider show_divider=&#8221;off&#8221; _builder_version=&#8221;4.8.2&#8243; _module_preset=&#8221;default&#8221; min_height=&#8221;40vh&#8221;][\/et_pb_divider][\/et_pb_column][\/et_pb_row][\/et_pb_section][et_pb_section fb_built=&#8221;1&#8243; module_id=&#8221;commerces-cit&#8221; _builder_version=&#8221;4.8.2&#8243; _module_preset=&#8221;default&#8221; background_color=&#8221;RGBA(0,0,0,0)&#8221; global_colors_info=&#8221;{}&#8221;][et_pb_row column_structure=&#8221;1_2,1_2&#8243; _builder_version=&#8221;4.8.2&#8243; _module_preset=&#8221;default&#8221; global_colors_info=&#8221;{}&#8221;][et_pb_column type=&#8221;1_2&#8243; _builder_version=&#8221;4.8.2&#8243; _module_preset=&#8221;default&#8221; global_colors_info=&#8221;{}&#8221;][et_pb_text _builder_version=&#8221;4.8.2&#8243; _module_preset=&#8221;68ea58d1-0a0d-4ff7-85ee-f9cbe626b1ec&#8221; custom_padding=&#8221;|0px||||&#8221; global_colors_info=&#8221;{}&#8221;]<\/p>\n<h2>Commerces CIT \u00e0 El&nbsp;Vendrell<\/h2>\n<p>[\/et_pb_text][et_pb_text _builder_version=&#8221;4.10.6&#8243; _module_preset=&#8221;default&#8221; global_colors_info=&#8221;{}&#8221;]<\/p>\n<p>Le Centre d\u2019Initiatives et de Tourisme (CIT) est une association qui depuis plus de cinquante ans veille \u00e0 maintenir une ligne d\u2019action en phase avec les exigences commerciales et sociales de chaque instant. Le CIT travaille en faveur du commerce, des entrepreneurs et de la restauration de El&nbsp;Vendrell.<\/p>\n<p><a href=\"https:\/\/app.citvendrell.cat\/buscador\" target=\"_blank\" rel=\"noopener\">Rechercher des commerces <\/a><\/p>\n<p>[\/et_pb_text][\/et_pb_column][et_pb_column type=&#8221;1_2&#8243; _builder_version=&#8221;4.8.2&#8243; _module_preset=&#8221;default&#8221; background_image=&#8221;https:\/\/elvendrellturisme.dms3labs.cat\/wp-content\/uploads\/el-vendrell-fotos-5.jpg&#8221; box_shadow_style=&#8221;preset2&#8243; global_colors_info=&#8221;{}&#8221;][et_pb_divider show_divider=&#8221;off&#8221; _builder_version=&#8221;4.8.2&#8243; _module_preset=&#8221;default&#8221; min_height=&#8221;40vh&#8221;][\/et_pb_divider][\/et_pb_column][\/et_pb_row][\/et_pb_section]<\/p>\n","protected":false},"excerpt":{"rendered":"<p>shopping dans el&nbsp;vendrellMarch\u00e9 hebdomadaire de El&nbsp;VendrellMarch\u00e9s municipauxCommerces CIT \u00e0 El&nbsp;VendrellMarch\u00e9 hebdomadaire de El&nbsp;VendrellLe march\u00e9 hebdomadaire de El&nbsp;Vendrell se caract\u00e9rise par la promotion de produits frais et locaux. Il est situ\u00e9 sur La Rambla, Carrer Caf\u00e9s, Pla\u00e7a Nova, Ctra. del Dr. Robert et pla\u00e7a Francesc Maci\u00e0 de El Vendrell. Le march\u00e9 hebdomadaire a lieu le vendredi, [&hellip;]<\/p>\n","protected":false},"author":1,"featured_media":26025,"parent":0,"menu_order":0,"comment_status":"closed","ping_status":"closed","template":"","meta":{"_acf_changed":false,"_et_pb_use_builder":"on","_et_pb_old_content":"","_et_gb_content_width":"","content-type":"","footnotes":""},"dipi_cpt_category":[],"class_list":["post-27436","page","type-page","status-publish","has-post-thumbnail","hentry"],"acf":[],"rankMath":{"parentDomain":"dms3labs.cat","noFollowDomains":[],"noFollowExcludeDomains":[],"noFollowExternalLinks":false,"featuredImageNotice":"L\u2019image en vedette devrait \u00eatre au moins 200 par 200 pixels pour \u00eatre utilis\u00e9 par Facebook et d\u2019autres sites de m\u00e9dias sociaux.","pluginReviewed":false,"postSettings":{"linkSuggestions":true,"useFocusKeyword":false},"frontEndScore":false,"postName":"shopping","permalinkFormat":"https:\/\/elvendrellturisme.dms3labs.cat\/fr\/%pagename%\/","showLockModifiedDate":true,"assessor":{"focusKeywordLink":"https:\/\/elvendrellturisme.dms3labs.cat\/wp-admin\/edit.php?focus_keyword=%focus_keyword%&post_type=%post_type%","hasTOCPlugin":false,"primaryTaxonomy":false,"serpData":{"title":"","description":"Le shopping \u00e0 El\u00a0Vendrell est l\u2019une des activit\u00e9s pr\u00e9f\u00e9r\u00e9es des r\u00e9sidents et des touristes. On y trouve le grand march\u00e9, les march\u00e9s municipaux et les commerces qui font partie du Centre d\u2019Initiatives et de Tourisme (CIT).","focusKeywords":"shopping","pillarContent":false,"canonicalUrl":"","breadcrumbTitle":"","advancedRobots":{"max-snippet":"-1","max-video-preview":"-1","max-image-preview":"large"},"facebookTitle":"","facebookDescription":"","facebookImage":"","facebookImageID":"","facebookHasOverlay":false,"facebookImageOverlay":"","facebookAuthor":"","twitterCardType":"","twitterUseFacebook":true,"twitterTitle":"","twitterDescription":"","twitterImage":"","twitterImageID":"","twitterHasOverlay":false,"twitterImageOverlay":"","twitterPlayerUrl":"","twitterPlayerSize":"","twitterPlayerStream":"","twitterPlayerStreamCtype":"","twitterAppDescription":"","twitterAppIphoneName":"","twitterAppIphoneID":"","twitterAppIphoneUrl":"","twitterAppIpadName":"","twitterAppIpadID":"","twitterAppIpadUrl":"","twitterAppGoogleplayName":"","twitterAppGoogleplayID":"","twitterAppGoogleplayUrl":"","twitterAppCountry":"","robots":{"index":true},"twitterAuthor":"identifiant","primaryTerm":0,"authorName":"admin","titleTemplate":"%title% %sep% %sitename%","descriptionTemplate":"%excerpt%","showScoreFrontend":true,"lockModifiedDate":false},"powerWords":["absolument","amazement","astonishing","authentique","beau","bien-\u00eatre","brillant","captivant","charismatique","choc","clair","compl\u00e8tement","confidentiel","confiance","cons\u00e9quent","cr\u00e9atif","d\u00e9finitivement","d\u00e9licieux","d\u00e9montrer","d\u00e9p\u00eachez-vous","d\u00e9termin\u00e9","digne","dynamique","\u00e9blouissant","\u00e9clatant","\u00e9conomique","\u00e9fficace","\u00e9l\u00e9gant","\u00e9motionnel","\u00e9nergique","\u00e9norme","\u00e9poustouflant","essentiel","\u00e9tonnant","exclusif","exp\u00e9rience","fabuleux","fantastique","formidable","fort","garanti","g\u00e9ant","g\u00e9n\u00e9reux","grandiose","gratuit","habile","harmonieux","historique","hors pair","important","incroyable","indispensable","inoubliable","inspirant","innovant","intense","invention","irr\u00e9sistible","l\u00e9gendaire","lumineux","luxe","magique","magnifique","majestueux","marquant","merveilleux","miraculeux","motivant","n\u00e9cessaire","nouvelle","officiel","parfait","passionn\u00e9","persuasif","ph\u00e9nom\u00e9nal","plaisir","populaire","pouvoir","prestigieux","prodigieux","profond","prosp\u00e8re","puissant","qualit\u00e9","radieux","rapide","r\u00e9ussi","r\u00e9volutionnaire","satisfait","s\u00e9curit\u00e9","sensationnel","serein","somptueux","splendide","sublime","surprenant","talentueux","terrifiant","unique","valeur","vibrant","victorieux","vif","vraiment","z\u00e9l\u00e9"],"diacritics":{"A":"[\\u0041\\u24B6\\uFF21\\u00C0\\u00C1\\u00C2\\u1EA6\\u1EA4\\u1EAA\\u1EA8\\u00C3\\u0100\\u0102\\u1EB0\\u1EAE\\u1EB4\\u1EB2\\u0226\\u01E0\\u00C4\\u01DE\\u1EA2\\u00C5\\u01FA\\u01CD\\u0200\\u0202\\u1EA0\\u1EAC\\u1EB6\\u1E00\\u0104\\u023A\\u2C6F]","AA":"[\\uA732]","AE":"[\\u00C6\\u01FC\\u01E2]","AO":"[\\uA734]","AU":"[\\uA736]","AV":"[\\uA738\\uA73A]","AY":"[\\uA73C]","B":"[\\u0042\\u24B7\\uFF22\\u1E02\\u1E04\\u1E06\\u0243\\u0182\\u0181]","C":"[\\u0043\\u24B8\\uFF23\\u0106\\u0108\\u010A\\u010C\\u00C7\\u1E08\\u0187\\u023B\\uA73E]","D":"[\\u0044\\u24B9\\uFF24\\u1E0A\\u010E\\u1E0C\\u1E10\\u1E12\\u1E0E\\u0110\\u018B\\u018A\\u0189\\uA779]","DZ":"[\\u01F1\\u01C4]","Dz":"[\\u01F2\\u01C5]","E":"[\\u0045\\u24BA\\uFF25\\u00C8\\u00C9\\u00CA\\u1EC0\\u1EBE\\u1EC4\\u1EC2\\u1EBC\\u0112\\u1E14\\u1E16\\u0114\\u0116\\u00CB\\u1EBA\\u011A\\u0204\\u0206\\u1EB8\\u1EC6\\u0228\\u1E1C\\u0118\\u1E18\\u1E1A\\u0190\\u018E]","F":"[\\u0046\\u24BB\\uFF26\\u1E1E\\u0191\\uA77B]","G":"[\\u0047\\u24BC\\uFF27\\u01F4\\u011C\\u1E20\\u011E\\u0120\\u01E6\\u0122\\u01E4\\u0193\\uA7A0\\uA77D\\uA77E]","H":"[\\u0048\\u24BD\\uFF28\\u0124\\u1E22\\u1E26\\u021E\\u1E24\\u1E28\\u1E2A\\u0126\\u2C67\\u2C75\\uA78D]","I":"[\\u0049\\u24BE\\uFF29\\u00CC\\u00CD\\u00CE\\u0128\\u012A\\u012C\\u0130\\u00CF\\u1E2E\\u1EC8\\u01CF\\u0208\\u020A\\u1ECA\\u012E\\u1E2C\\u0197]","J":"[\\u004A\\u24BF\\uFF2A\\u0134\\u0248]","K":"[\\u004B\\u24C0\\uFF2B\\u1E30\\u01E8\\u1E32\\u0136\\u1E34\\u0198\\u2C69\\uA740\\uA742\\uA744\\uA7A2]","L":"[\\u004C\\u24C1\\uFF2C\\u013F\\u0139\\u013D\\u1E36\\u1E38\\u013B\\u1E3C\\u1E3A\\u0141\\u023D\\u2C62\\u2C60\\uA748\\uA746\\uA780]","LJ":"[\\u01C7]","Lj":"[\\u01C8]","M":"[\\u004D\\u24C2\\uFF2D\\u1E3E\\u1E40\\u1E42\\u2C6E\\u019C]","N":"[\\u004E\\u24C3\\uFF2E\\u01F8\\u0143\\u00D1\\u1E44\\u0147\\u1E46\\u0145\\u1E4A\\u1E48\\u0220\\u019D\\uA790\\uA7A4]","NJ":"[\\u01CA]","Nj":"[\\u01CB]","O":"[\\u004F\\u24C4\\uFF2F\\u00D2\\u00D3\\u00D4\\u1ED2\\u1ED0\\u1ED6\\u1ED4\\u00D5\\u1E4C\\u022C\\u1E4E\\u014C\\u1E50\\u1E52\\u014E\\u022E\\u0230\\u00D6\\u022A\\u1ECE\\u0150\\u01D1\\u020C\\u020E\\u01A0\\u1EDC\\u1EDA\\u1EE0\\u1EDE\\u1EE2\\u1ECC\\u1ED8\\u01EA\\u01EC\\u00D8\\u01FE\\u0186\\u019F\\uA74A\\uA74C]","OI":"[\\u01A2]","OO":"[\\uA74E]","OU":"[\\u0222]","P":"[\\u0050\\u24C5\\uFF30\\u1E54\\u1E56\\u01A4\\u2C63\\uA750\\uA752\\uA754]","Q":"[\\u0051\\u24C6\\uFF31\\uA756\\uA758\\u024A]","R":"[\\u0052\\u24C7\\uFF32\\u0154\\u1E58\\u0158\\u0210\\u0212\\u1E5A\\u1E5C\\u0156\\u1E5E\\u024C\\u2C64\\uA75A\\uA7A6\\uA782]","S":"[\\u0053\\u24C8\\uFF33\\u1E9E\\u015A\\u1E64\\u015C\\u1E60\\u0160\\u1E66\\u1E62\\u1E68\\u0218\\u015E\\u2C7E\\uA7A8\\uA784]","T":"[\\u0054\\u24C9\\uFF34\\u1E6A\\u0164\\u1E6C\\u021A\\u0162\\u1E70\\u1E6E\\u0166\\u01AC\\u01AE\\u023E\\uA786]","TZ":"[\\uA728]","U":"[\\u0055\\u24CA\\uFF35\\u00D9\\u00DA\\u00DB\\u0168\\u1E78\\u016A\\u1E7A\\u016C\\u00DC\\u01DB\\u01D7\\u01D5\\u01D9\\u1EE6\\u016E\\u0170\\u01D3\\u0214\\u0216\\u01AF\\u1EEA\\u1EE8\\u1EEE\\u1EEC\\u1EF0\\u1EE4\\u1E72\\u0172\\u1E76\\u1E74\\u0244]","V":"[\\u0056\\u24CB\\uFF36\\u1E7C\\u1E7E\\u01B2\\uA75E\\u0245]","VY":"[\\uA760]","W":"[\\u0057\\u24CC\\uFF37\\u1E80\\u1E82\\u0174\\u1E86\\u1E84\\u1E88\\u2C72]","X":"[\\u0058\\u24CD\\uFF38\\u1E8A\\u1E8C]","Y":"[\\u0059\\u24CE\\uFF39\\u1EF2\\u00DD\\u0176\\u1EF8\\u0232\\u1E8E\\u0178\\u1EF6\\u1EF4\\u01B3\\u024E\\u1EFE]","Z":"[\\u005A\\u24CF\\uFF3A\\u0179\\u1E90\\u017B\\u017D\\u1E92\\u1E94\\u01B5\\u0224\\u2C7F\\u2C6B\\uA762]","a":"[\\u0061\\u24D0\\uFF41\\u1E9A\\u00E0\\u00E1\\u00E2\\u1EA7\\u1EA5\\u1EAB\\u1EA9\\u00E3\\u0101\\u0103\\u1EB1\\u1EAF\\u1EB5\\u1EB3\\u0227\\u01E1\\u00E4\\u01DF\\u1EA3\\u00E5\\u01FB\\u01CE\\u0201\\u0203\\u1EA1\\u1EAD\\u1EB7\\u1E01\\u0105\\u2C65\\u0250]","aa":"[\\uA733]","ae":"[\\u00E6\\u01FD\\u01E3]","ao":"[\\uA735]","au":"[\\uA737]","av":"[\\uA739\\uA73B]","ay":"[\\uA73D]","b":"[\\u0062\\u24D1\\uFF42\\u1E03\\u1E05\\u1E07\\u0180\\u0183\\u0253]","c":"[\\u0063\\u24D2\\uFF43\\u0107\\u0109\\u010B\\u010D\\u00E7\\u1E09\\u0188\\u023C\\uA73F\\u2184]","d":"[\\u0064\\u24D3\\uFF44\\u1E0B\\u010F\\u1E0D\\u1E11\\u1E13\\u1E0F\\u0111\\u018C\\u0256\\u0257\\uA77A]","dz":"[\\u01F3\\u01C6]","e":"[\\u0065\\u24D4\\uFF45\\u00E8\\u00E9\\u00EA\\u1EC1\\u1EBF\\u1EC5\\u1EC3\\u1EBD\\u0113\\u1E15\\u1E17\\u0115\\u0117\\u00EB\\u1EBB\\u011B\\u0205\\u0207\\u1EB9\\u1EC7\\u0229\\u1E1D\\u0119\\u1E19\\u1E1B\\u0247\\u025B\\u01DD]","f":"[\\u0066\\u24D5\\uFF46\\u1E1F\\u0192\\uA77C]","g":"[\\u0067\\u24D6\\uFF47\\u01F5\\u011D\\u1E21\\u011F\\u0121\\u01E7\\u0123\\u01E5\\u0260\\uA7A1\\u1D79\\uA77F]","h":"[\\u0068\\u24D7\\uFF48\\u0125\\u1E23\\u1E27\\u021F\\u1E25\\u1E29\\u1E2B\\u1E96\\u0127\\u2C68\\u2C76\\u0265]","hv":"[\\u0195]","i":"[\\u0069\\u24D8\\uFF49\\u00EC\\u00ED\\u00EE\\u0129\\u012B\\u012D\\u00EF\\u1E2F\\u1EC9\\u01D0\\u0209\\u020B\\u1ECB\\u012F\\u1E2D\\u0268\\u0131]","j":"[\\u006A\\u24D9\\uFF4A\\u0135\\u01F0\\u0249]","k":"[\\u006B\\u24DA\\uFF4B\\u1E31\\u01E9\\u1E33\\u0137\\u1E35\\u0199\\u2C6A\\uA741\\uA743\\uA745\\uA7A3]","l":"[\\u006C\\u24DB\\uFF4C\\u0140\\u013A\\u013E\\u1E37\\u1E39\\u013C\\u1E3D\\u1E3B\\u017F\\u0142\\u019A\\u026B\\u2C61\\uA749\\uA781\\uA747]","lj":"[\\u01C9]","m":"[\\u006D\\u24DC\\uFF4D\\u1E3F\\u1E41\\u1E43\\u0271\\u026F]","n":"[\\u006E\\u24DD\\uFF4E\\u01F9\\u0144\\u00F1\\u1E45\\u0148\\u1E47\\u0146\\u1E4B\\u1E49\\u019E\\u0272\\u0149\\uA791\\uA7A5]","nj":"[\\u01CC]","o":"[\\u006F\\u24DE\\uFF4F\\u00F2\\u00F3\\u00F4\\u1ED3\\u1ED1\\u1ED7\\u1ED5\\u00F5\\u1E4D\\u022D\\u1E4F\\u014D\\u1E51\\u1E53\\u014F\\u022F\\u0231\\u00F6\\u022B\\u1ECF\\u0151\\u01D2\\u020D\\u020F\\u01A1\\u1EDD\\u1EDB\\u1EE1\\u1EDF\\u1EE3\\u1ECD\\u1ED9\\u01EB\\u01ED\\u00F8\\u01FF\\u0254\\uA74B\\uA74D\\u0275]","oi":"[\\u01A3]","ou":"[\\u0223]","oo":"[\\uA74F]","p":"[\\u0070\\u24DF\\uFF50\\u1E55\\u1E57\\u01A5\\u1D7D\\uA751\\uA753\\uA755]","q":"[\\u0071\\u24E0\\uFF51\\u024B\\uA757\\uA759]","r":"[\\u0072\\u24E1\\uFF52\\u0155\\u1E59\\u0159\\u0211\\u0213\\u1E5B\\u1E5D\\u0157\\u1E5F\\u024D\\u027D\\uA75B\\uA7A7\\uA783]","s":"[\\u0073\\u24E2\\uFF53\\u015B\\u1E65\\u015D\\u1E61\\u0161\\u1E67\\u1E63\\u1E69\\u0219\\u015F\\u023F\\uA7A9\\uA785\\u1E9B]","ss":"[\\u00DF]","t":"[\\u0074\\u24E3\\uFF54\\u1E6B\\u1E97\\u0165\\u1E6D\\u021B\\u0163\\u1E71\\u1E6F\\u0167\\u01AD\\u0288\\u2C66\\uA787]","tz":"[\\uA729]","u":"[\\u0075\\u24E4\\uFF55\\u00F9\\u00FA\\u00FB\\u0169\\u1E79\\u016B\\u1E7B\\u016D\\u00FC\\u01DC\\u01D8\\u01D6\\u01DA\\u1EE7\\u016F\\u0171\\u01D4\\u0215\\u0217\\u01B0\\u1EEB\\u1EE9\\u1EEF\\u1EED\\u1EF1\\u1EE5\\u1E73\\u0173\\u1E77\\u1E75\\u0289]","v":"[\\u0076\\u24E5\\uFF56\\u1E7D\\u1E7F\\u028B\\uA75F\\u028C]","vy":"[\\uA761]","w":"[\\u0077\\u24E6\\uFF57\\u1E81\\u1E83\\u0175\\u1E87\\u1E85\\u1E98\\u1E89\\u2C73]","x":"[\\u0078\\u24E7\\uFF58\\u1E8B\\u1E8D]","y":"[\\u0079\\u24E8\\uFF59\\u1EF3\\u00FD\\u0177\\u1EF9\\u0233\\u1E8F\\u00FF\\u1EF7\\u1E99\\u1EF5\\u01B4\\u024F\\u1EFF]","z":"[\\u007A\\u24E9\\uFF5A\\u017A\\u1E91\\u017C\\u017E\\u1E93\\u1E95\\u01B6\\u0225\\u0240\\u2C6C\\uA763]"},"researchesTests":["contentHasTOC","contentHasShortParagraphs","contentHasAssets","keywordInTitle","keywordInMetaDescription","keywordInPermalink","keywordIn10Percent","keywordInContent","keywordInSubheadings","keywordInImageAlt","keywordDensity","keywordNotUsed","lengthContent","lengthPermalink","linksHasInternal","linksHasExternals","linksNotAllExternals","titleStartWithKeyword","titleSentiment","titleHasPowerWords","titleHasNumber","hasContentAI"],"hasRedirection":true,"hasBreadcrumb":false},"homeUrl":"https:\/\/elvendrellturisme.dms3labs.cat\/fr\/","objectID":27436,"objectType":"post","locale":"fr","localeFull":"fr_FR","overlayImages":{"play":{"name":"Ic\u00f4ne de lecture","url":"https:\/\/elvendrellturisme.dms3labs.cat\/wp-content\/plugins\/seo-by-rank-math\/assets\/admin\/img\/icon-play.png","path":"\/var\/www\/vhosts\/dms3labs.cat\/subdominis\/elvendrellturisme.dms3labs.cat\/wp-content\/plugins\/seo-by-rank-math\/assets\/admin\/img\/icon-play.png","position":"middle_center"},"gif":{"name":"Ic\u00f4ne GIF","url":"https:\/\/elvendrellturisme.dms3labs.cat\/wp-content\/plugins\/seo-by-rank-math\/assets\/admin\/img\/icon-gif.png","path":"\/var\/www\/vhosts\/dms3labs.cat\/subdominis\/elvendrellturisme.dms3labs.cat\/wp-content\/plugins\/seo-by-rank-math\/assets\/admin\/img\/icon-gif.png","position":"middle_center"}},"defautOgImage":"https:\/\/elvendrellturisme.dms3labs.cat\/wp-content\/uploads\/2021\/03\/tv-el-vendrell.png","customPermalinks":true,"isUserRegistered":true,"autoSuggestKeywords":true,"connectSiteUrl":"https:\/\/rankmath.com\/auth?site=https%3A%2F%2Felvendrellturisme.dms3labs.cat%2Ffr%2F&r=https%3A%2F%2Felvendrellturisme.dms3labs.cat%2Ffr%2Fwp-json%2Fwp%2Fv2%2Fpages%2F27436%3Fnonce%3D20361aa608","maxTags":5,"trendsIcon":"<svg viewBox=\"0 0 610 610\"><path d=\"M18.85,446,174.32,290.48l58.08,58.08L76.93,504a14.54,14.54,0,0,1-20.55,0L18.83,466.48a14.54,14.54,0,0,1,0-20.55Z\" style=\"fill:#4285f4\"\/><path d=\"M242.65,242.66,377.59,377.6l-47.75,47.75a14.54,14.54,0,0,1-20.55,0L174.37,290.43l47.75-47.75A14.52,14.52,0,0,1,242.65,242.66Z\" style=\"fill:#ea4335\"\/><polygon points=\"319.53 319.53 479.26 159.8 537.34 217.88 377.61 377.62 319.53 319.53\" style=\"fill:#fabb05\"\/><path d=\"M594.26,262.73V118.61h0a16.94,16.94,0,0,0-16.94-16.94H433.2a16.94,16.94,0,0,0-12,28.92L565.34,274.71h0a16.94,16.94,0,0,0,28.92-12Z\" style=\"fill:#34a853\"\/><rect width=\"610\" height=\"610\" style=\"fill:none\"\/><\/svg>","showScore":true,"siteFavIcon":"https:\/\/elvendrellturisme.dms3labs.cat\/wp-content\/uploads\/cropped-logo-en-clau-de-sol-ffavicon-32x32.png","canUser":{"general":false,"advanced":false,"snippet":false,"social":false,"analysis":false,"analytics":false,"content_ai":false},"isPro":false,"is_front_page":false,"trendsUpgradeLink":"https:\/\/rankmath.com\/pricing\/?utm_source=Plugin&utm_medium=CE%20General%20Tab%20Trends&utm_campaign=WP","trendsUpgradeLabel":"Mettre \u00e0 niveau","trendsPreviewImage":"https:\/\/elvendrellturisme.dms3labs.cat\/wp-content\/plugins\/seo-by-rank-math\/assets\/admin\/img\/trends-preview.jpg","currentEditor":false,"homepageData":{"assessor":{"powerWords":["absolument","amazement","astonishing","authentique","beau","bien-\u00eatre","brillant","captivant","charismatique","choc","clair","compl\u00e8tement","confidentiel","confiance","cons\u00e9quent","cr\u00e9atif","d\u00e9finitivement","d\u00e9licieux","d\u00e9montrer","d\u00e9p\u00eachez-vous","d\u00e9termin\u00e9","digne","dynamique","\u00e9blouissant","\u00e9clatant","\u00e9conomique","\u00e9fficace","\u00e9l\u00e9gant","\u00e9motionnel","\u00e9nergique","\u00e9norme","\u00e9poustouflant","essentiel","\u00e9tonnant","exclusif","exp\u00e9rience","fabuleux","fantastique","formidable","fort","garanti","g\u00e9ant","g\u00e9n\u00e9reux","grandiose","gratuit","habile","harmonieux","historique","hors pair","important","incroyable","indispensable","inoubliable","inspirant","innovant","intense","invention","irr\u00e9sistible","l\u00e9gendaire","lumineux","luxe","magique","magnifique","majestueux","marquant","merveilleux","miraculeux","motivant","n\u00e9cessaire","nouvelle","officiel","parfait","passionn\u00e9","persuasif","ph\u00e9nom\u00e9nal","plaisir","populaire","pouvoir","prestigieux","prodigieux","profond","prosp\u00e8re","puissant","qualit\u00e9","radieux","rapide","r\u00e9ussi","r\u00e9volutionnaire","satisfait","s\u00e9curit\u00e9","sensationnel","serein","somptueux","splendide","sublime","surprenant","talentueux","terrifiant","unique","valeur","vibrant","victorieux","vif","vraiment","z\u00e9l\u00e9"],"diacritics":true,"researchesTests":["contentHasTOC","contentHasShortParagraphs","contentHasAssets","keywordInTitle","keywordInMetaDescription","keywordInPermalink","keywordIn10Percent","keywordInContent","keywordInSubheadings","keywordInImageAlt","keywordDensity","keywordNotUsed","lengthContent","lengthPermalink","linksHasInternal","linksHasExternals","linksNotAllExternals","titleStartWithKeyword","titleSentiment","titleHasPowerWords","titleHasNumber","hasContentAI"],"hasBreadcrumb":false,"serpData":{"title":"%sitename% %page% %sep% %sitedesc%","description":"","titleTemplate":"%sitename% %page% %sep% %sitedesc%","descriptionTemplate":"","focusKeywords":"","breadcrumbTitle":"Home","robots":{"index":true},"advancedRobots":{"max-snippet":"-1","max-video-preview":"-1","max-image-preview":"large"},"facebookTitle":"","facebookDescription":"","facebookImage":"","facebookImageID":""}}},"tocTitle":"Table of Contents","tocExcludeHeadings":[],"listStyle":"ul"},"_links":{"self":[{"href":"https:\/\/elvendrellturisme.dms3labs.cat\/fr\/wp-json\/wp\/v2\/pages\/27436","targetHints":{"allow":["GET"]}}],"collection":[{"href":"https:\/\/elvendrellturisme.dms3labs.cat\/fr\/wp-json\/wp\/v2\/pages"}],"about":[{"href":"https:\/\/elvendrellturisme.dms3labs.cat\/fr\/wp-json\/wp\/v2\/types\/page"}],"author":[{"embeddable":true,"href":"https:\/\/elvendrellturisme.dms3labs.cat\/fr\/wp-json\/wp\/v2\/users\/1"}],"replies":[{"embeddable":true,"href":"https:\/\/elvendrellturisme.dms3labs.cat\/fr\/wp-json\/wp\/v2\/comments?post=27436"}],"version-history":[{"count":12,"href":"https:\/\/elvendrellturisme.dms3labs.cat\/fr\/wp-json\/wp\/v2\/pages\/27436\/revisions"}],"predecessor-version":[{"id":37950,"href":"https:\/\/elvendrellturisme.dms3labs.cat\/fr\/wp-json\/wp\/v2\/pages\/27436\/revisions\/37950"}],"wp:featuredmedia":[{"embeddable":true,"href":"https:\/\/elvendrellturisme.dms3labs.cat\/fr\/wp-json\/wp\/v2\/media\/26025"}],"wp:attachment":[{"href":"https:\/\/elvendrellturisme.dms3labs.cat\/fr\/wp-json\/wp\/v2\/media?parent=27436"}],"wp:term":[{"taxonomy":"dipi_cpt_category","embeddable":true,"href":"https:\/\/elvendrellturisme.dms3labs.cat\/fr\/wp-json\/wp\/v2\/dipi_cpt_category?post=27436"}],"curies":[{"name":"wp","href":"https:\/\/api.w.org\/{rel}","templated":true}]}}