{"id":27395,"date":"2021-08-06T15:13:20","date_gmt":"2021-08-06T15:13:20","guid":{"rendered":"https:\/\/tv.dms3labs.cat\/activites-salutaires\/"},"modified":"2026-04-21T17:57:21","modified_gmt":"2026-04-21T15:57:21","slug":"activites-salutaires","status":"publish","type":"page","link":"https:\/\/elvendrellturisme.dms3labs.cat\/fr\/activites-salutaires\/","title":{"rendered":"Activit\u00e9s salutaires"},"content":{"rendered":"<p>[et_pb_section fb_built=&#8221;1&#8243; admin_label=&#8221;Hero&#8221; _builder_version=&#8221;4.16&#8243; background_enable_color=&#8221;off&#8221; use_background_color_gradient=&#8221;on&#8221; background_color_gradient_stops=&#8221;rgba(43,135,218,0) 50%|rgba(8,10,10,0.75) 100%&#8221; background_color_gradient_overlays_image=&#8221;on&#8221; background_color_gradient_start=&#8221;rgba(43,135,218,0)&#8221; background_color_gradient_start_position=&#8221;50%&#8221; background_color_gradient_end=&#8221;rgba(8,10,10,0.75)&#8221; background_image=&#8221;https:\/\/elvendrellturisme.dms3labs.cat\/wp-content\/uploads\/gym-scaled.jpg&#8221; background_position=&#8221;bottom_center&#8221; min_height=&#8221;75vh&#8221; custom_padding=&#8221;101px|||0px|false|false&#8221; locked=&#8221;off&#8221; global_colors_info=&#8221;{}&#8221;][et_pb_row use_custom_gutter=&#8221;on&#8221; gutter_width=&#8221;1&#8243; make_equal=&#8221;on&#8221; module_class=&#8221; et_pb_row_fullwidth&#8221; _builder_version=&#8221;4.16&#8243; positioning=&#8221;absolute&#8221; position_origin_a=&#8221;bottom_center&#8221; width=&#8221;90%&#8221; width_tablet=&#8221;100%&#8221; width_last_edited=&#8221;off|desktop&#8221; max_width_tablet=&#8221;100%&#8221; max_width_last_edited=&#8221;off|desktop&#8221; custom_margin=&#8221;||||false|false&#8221; custom_padding=&#8221;||75px||false|false&#8221; make_fullwidth=&#8221;on&#8221; global_colors_info=&#8221;{}&#8221; width__hover_enabled=&#8221;off|desktop&#8221; custom_css_before__hover_enabled=&#8221;on|desktop&#8221; custom_css_before_last_edited=&#8221;on|desktop&#8221;][et_pb_column type=&#8221;4_4&#8243; _builder_version=&#8221;4.16&#8243; parallax=&#8221;on&#8221; custom_padding=&#8221;||||false|false&#8221; custom_css_main_element=&#8221;\tmargin: auto auto 0;&#8221; global_colors_info=&#8221;{}&#8221; custom_padding__hover=&#8221;|||&#8221;][et_pb_text admin_label=&#8221;Look Inside Title&#8221; _builder_version=&#8221;4.16&#8243; _module_preset=&#8221;5975d0da-a31c-4419-aa53-a11ada705cd8&#8243; header_text_color=&#8221;#ffffff&#8221; locked=&#8221;off&#8221; global_colors_info=&#8221;{}&#8221;]<\/p>\n<h1>activit\u00e9s salutaires dans El\u00a0Vendrell<\/h1>\n<p>[\/et_pb_text][\/et_pb_column][\/et_pb_row][\/et_pb_section][et_pb_section fb_built=&#8221;1&#8243; disabled_on=&#8221;off|off|off&#8221; _builder_version=&#8221;4.23.4&#8243; _module_preset=&#8221;default&#8221; custom_padding=&#8221;||0px|||&#8221; global_colors_info=&#8221;{}&#8221;][et_pb_row _builder_version=&#8221;4.27.4&#8243; _module_preset=&#8221;default&#8221; hover_enabled=&#8221;0&#8243; locked=&#8221;off&#8221; global_colors_info=&#8221;{}&#8221; disabled_on=&#8221;on|on|on&#8221; disabled=&#8221;on&#8221; sticky_enabled=&#8221;0&#8243;][et_pb_column type=&#8221;4_4&#8243; _builder_version=&#8221;4.27.0&#8243; _module_preset=&#8221;default&#8221; global_colors_info=&#8221;{}&#8221;][et_pb_text _builder_version=&#8221;4.27.0&#8243; _module_preset=&#8221;default&#8221; text_font=&#8221;|||on|||||&#8221; text_font_size=&#8221;28px&#8221; custom_padding=&#8221;||||false|false&#8221; global_colors_info=&#8221;{}&#8221;]<strong>Activit\u00e9s en cours<\/strong>[\/et_pb_text][toolset_divi_view toolset_view=&#8221;vista-activitats-en-curs&#8221; _builder_version=&#8221;4.27.0&#8243; _module_preset=&#8221;default&#8221; hover_enabled=&#8221;0&#8243; global_colors_info=&#8221;{}&#8221; sticky_enabled=&#8221;0&#8243;][\/toolset_divi_view][\/et_pb_column][\/et_pb_row][et_pb_row disabled_on=&#8221;on|on|on&#8221; _builder_version=&#8221;4.27.0&#8243; _module_preset=&#8221;default&#8221; disabled=&#8221;on&#8221; locked=&#8221;off&#8221; global_colors_info=&#8221;{}&#8221;][et_pb_column type=&#8221;4_4&#8243; _builder_version=&#8221;4.27.0&#8243; _module_preset=&#8221;default&#8221; global_colors_info=&#8221;{}&#8221;][et_pb_text _builder_version=&#8221;4.27.0&#8243; _module_preset=&#8221;default&#8221; text_font=&#8221;|||on|||||&#8221; text_font_size=&#8221;28px&#8221; custom_padding=&#8221;||||false|false&#8221; global_colors_info=&#8221;{}&#8221;]<strong>Activit\u00e9s en cours<\/strong>[\/et_pb_text][toolset_divi_view toolset_view=&#8221;vista-activitats-en-curs&#8221; _builder_version=&#8221;4.27.0&#8243; _module_preset=&#8221;default&#8221; global_colors_info=&#8221;{}&#8221;][\/toolset_divi_view][\/et_pb_column][\/et_pb_row][et_pb_row disabled_on=&#8221;on|on|on&#8221; _builder_version=&#8221;4.27.0&#8243; _module_preset=&#8221;default&#8221; disabled=&#8221;on&#8221; locked=&#8221;off&#8221; global_colors_info=&#8221;{}&#8221;][et_pb_column type=&#8221;4_4&#8243; _builder_version=&#8221;4.27.0&#8243; _module_preset=&#8221;default&#8221; global_colors_info=&#8221;{}&#8221;][et_pb_text _builder_version=&#8221;4.27.0&#8243; _module_preset=&#8221;default&#8221; text_font=&#8221;|||on|||||&#8221; text_font_size=&#8221;28px&#8221; custom_padding=&#8221;||||false|false&#8221; global_colors_info=&#8221;{}&#8221;]<\/p>\n<p><strong>Activit\u00e9s pass\u00e9es<\/strong><\/p>\n<p>[\/et_pb_text][toolset_divi_view toolset_view=&#8221;vista-activitats-passades&#8221; _builder_version=&#8221;4.27.0&#8243; _module_preset=&#8221;default&#8221; global_colors_info=&#8221;{}&#8221;][\/toolset_divi_view][\/et_pb_column][\/et_pb_row][\/et_pb_section][et_pb_section fb_built=&#8221;1&#8243; disabled_on=&#8221;on|on|on&#8221; _builder_version=&#8221;4.27.0&#8243; _module_preset=&#8221;default&#8221; disabled=&#8221;on&#8221; global_colors_info=&#8221;{}&#8221;][et_pb_row _builder_version=&#8221;4.27.0&#8243; _module_preset=&#8221;default&#8221; global_colors_info=&#8221;{}&#8221;][et_pb_column type=&#8221;4_4&#8243; _builder_version=&#8221;4.27.0&#8243; _module_preset=&#8221;default&#8221; global_colors_info=&#8221;{}&#8221;][et_pb_text _builder_version=&#8221;4.27.0&#8243; _module_preset=&#8221;default&#8221; text_orientation=&#8221;center&#8221; global_colors_info=&#8221;{}&#8221;]<\/p>\n<h2>Les lundis au mus\u00e9e \u00c0ngel Guimer\u00e0<\/h2>\n<p>[\/et_pb_text][\/et_pb_column][\/et_pb_row][et_pb_row column_structure=&#8221;1_4,1_4,1_4,1_4&#8243; use_custom_gutter=&#8221;on&#8221; gutter_width=&#8221;1&#8243; _builder_version=&#8221;4.27.0&#8243; _module_preset=&#8221;default&#8221; width=&#8221;95%&#8221; max_width=&#8221;100%&#8221; global_colors_info=&#8221;{}&#8221;][et_pb_column type=&#8221;1_4&#8243; _builder_version=&#8221;4.27.0&#8243; _module_preset=&#8221;default&#8221; global_colors_info=&#8221;{}&#8221;][et_pb_image src=&#8221;https:\/\/elvendrellturisme.dms3labs.cat\/wp-content\/uploads\/cantem-guimera.jpg&#8221; title_text=&#8221;ruta-guimera&#8221; _builder_version=&#8221;4.27.0&#8243; _module_preset=&#8221;default&#8221; custom_padding=&#8221;|10px|||false|false&#8221; custom_css_main_element=&#8221;margin-bottom: 10px!important;&#8221; global_colors_info=&#8221;{}&#8221;][\/et_pb_image][\/et_pb_column][et_pb_column type=&#8221;1_4&#8243; _builder_version=&#8221;4.27.0&#8243; _module_preset=&#8221;default&#8221; global_colors_info=&#8221;{}&#8221;][et_pb_image src=&#8221;https:\/\/elvendrellturisme.dms3labs.cat\/wp-content\/uploads\/quatre-parets-fan-una-casa.jpg&#8221; title_text=&#8221;ruta-guimera&#8221; _builder_version=&#8221;4.27.0&#8243; _module_preset=&#8221;default&#8221; custom_padding=&#8221;|10px|||false|false&#8221; custom_css_main_element=&#8221;margin-bottom: 10px!important;&#8221; global_colors_info=&#8221;{}&#8221;][\/et_pb_image][\/et_pb_column][et_pb_column type=&#8221;1_4&#8243; _builder_version=&#8221;4.27.0&#8243; _module_preset=&#8221;default&#8221; global_colors_info=&#8221;{}&#8221;][et_pb_image src=&#8221;https:\/\/elvendrellturisme.dms3labs.cat\/wp-content\/uploads\/paraula-de-guimera.jpg&#8221; title_text=&#8221;ruta-guimera&#8221; _builder_version=&#8221;4.27.0&#8243; _module_preset=&#8221;default&#8221; custom_padding=&#8221;|10px|||false|false&#8221; custom_css_main_element=&#8221;margin-bottom: 10px!important;&#8221; global_colors_info=&#8221;{}&#8221;][\/et_pb_image][\/et_pb_column][et_pb_column type=&#8221;1_4&#8243; _builder_version=&#8221;4.27.0&#8243; _module_preset=&#8221;default&#8221; global_colors_info=&#8221;{}&#8221;][et_pb_image src=&#8221;https:\/\/elvendrellturisme.dms3labs.cat\/wp-content\/uploads\/elles-tenen-angel.jpg&#8221; title_text=&#8221;ruta-guimera&#8221; _builder_version=&#8221;4.27.0&#8243; _module_preset=&#8221;default&#8221; custom_padding=&#8221;|10px|||false|false&#8221; custom_css_main_element=&#8221;margin-bottom: 10px!important;&#8221; global_colors_info=&#8221;{}&#8221;][\/et_pb_image][\/et_pb_column][\/et_pb_row][\/et_pb_section][et_pb_section fb_built=&#8221;1&#8243; disabled_on=&#8221;on|on|on&#8221; _builder_version=&#8221;4.27.0&#8243; _module_preset=&#8221;default&#8221; disabled=&#8221;on&#8221; global_colors_info=&#8221;{}&#8221;][et_pb_row _builder_version=&#8221;4.27.0&#8243; _module_preset=&#8221;default&#8221; global_colors_info=&#8221;{}&#8221;][et_pb_column type=&#8221;4_4&#8243; _builder_version=&#8221;4.27.0&#8243; _module_preset=&#8221;default&#8221; global_colors_info=&#8221;{}&#8221;][et_pb_text _builder_version=&#8221;4.27.0&#8243; _module_preset=&#8221;default&#8221; text_orientation=&#8221;center&#8221; global_colors_info=&#8221;{}&#8221;]<\/p>\n<h2>Itin\u00e9raires culturels<\/h2>\n<h3><em>Venez profiter de la culture<\/em><\/h3>\n<p>[\/et_pb_text][\/et_pb_column][\/et_pb_row][et_pb_row column_structure=&#8221;1_4,1_4,1_4,1_4&#8243; use_custom_gutter=&#8221;on&#8221; gutter_width=&#8221;1&#8243; custom_padding_last_edited=&#8221;off|tablet&#8221; _builder_version=&#8221;4.27.0&#8243; _module_preset=&#8221;default&#8221; width=&#8221;95%&#8221; max_width=&#8221;100%&#8221; custom_padding=&#8221;||0px||false|false&#8221; custom_padding_tablet=&#8221;||||false|false&#8221; global_colors_info=&#8221;{}&#8221;][et_pb_column type=&#8221;1_4&#8243; _builder_version=&#8221;4.27.0&#8243; _module_preset=&#8221;default&#8221; global_colors_info=&#8221;{}&#8221;][et_pb_image src=&#8221;https:\/\/elvendrellturisme.dms3labs.cat\/wp-content\/uploads\/ruta-guimera.jpeg&#8221; title_text=&#8221;ruta-guimera&#8221; _builder_version=&#8221;4.27.0&#8243; _module_preset=&#8221;default&#8221; custom_padding=&#8221;|10px|||false|false&#8221; custom_css_main_element=&#8221;margin-bottom: 10px!important;&#8221; global_colors_info=&#8221;{}&#8221;][\/et_pb_image][\/et_pb_column][et_pb_column type=&#8221;1_4&#8243; _builder_version=&#8221;4.27.0&#8243; _module_preset=&#8221;default&#8221; global_colors_info=&#8221;{}&#8221;][et_pb_image src=&#8221;https:\/\/elvendrellturisme.dms3labs.cat\/wp-content\/uploads\/ruta-via-augusta.jpeg&#8221; title_text=&#8221;ruta-guimera&#8221; _builder_version=&#8221;4.27.0&#8243; _module_preset=&#8221;default&#8221; custom_padding=&#8221;|10px|||false|false&#8221; custom_css_main_element=&#8221;margin-bottom: 10px!important;&#8221; global_colors_info=&#8221;{}&#8221;][\/et_pb_image][\/et_pb_column][et_pb_column type=&#8221;1_4&#8243; _builder_version=&#8221;4.27.0&#8243; _module_preset=&#8221;default&#8221; global_colors_info=&#8221;{}&#8221;][et_pb_image src=&#8221;https:\/\/elvendrellturisme.dms3labs.cat\/wp-content\/uploads\/ruta-nou-museu-tabaris.jpeg&#8221; title_text=&#8221;ruta-guimera&#8221; _builder_version=&#8221;4.27.0&#8243; _module_preset=&#8221;default&#8221; custom_padding=&#8221;|10px|||false|false&#8221; custom_css_main_element=&#8221;margin-bottom: 10px!important;&#8221; global_colors_info=&#8221;{}&#8221;][\/et_pb_image][\/et_pb_column][et_pb_column type=&#8221;1_4&#8243; _builder_version=&#8221;4.27.0&#8243; _module_preset=&#8221;default&#8221; global_colors_info=&#8221;{}&#8221;][et_pb_image src=&#8221;https:\/\/elvendrellturisme.dms3labs.cat\/wp-content\/uploads\/ruta-port-maritim-platja-estiueig.jpeg&#8221; title_text=&#8221;ruta-guimera&#8221; _builder_version=&#8221;4.27.0&#8243; _module_preset=&#8221;default&#8221; custom_padding=&#8221;|10px|||false|false&#8221; custom_css_main_element=&#8221;margin-bottom: 10px!important;&#8221; global_colors_info=&#8221;{}&#8221;][\/et_pb_image][\/et_pb_column][\/et_pb_row][et_pb_row column_structure=&#8221;1_3,1_3,1_3&#8243; use_custom_gutter=&#8221;on&#8221; gutter_width=&#8221;1&#8243; _builder_version=&#8221;4.27.0&#8243; _module_preset=&#8221;default&#8221; width=&#8221;95%&#8221; max_width=&#8221;100%&#8221; custom_padding=&#8221;||4px|||&#8221; global_colors_info=&#8221;{}&#8221;][et_pb_column type=&#8221;1_3&#8243; _builder_version=&#8221;4.27.0&#8243; _module_preset=&#8221;default&#8221; global_colors_info=&#8221;{}&#8221;][et_pb_image src=&#8221;https:\/\/elvendrellturisme.dms3labs.cat\/wp-content\/uploads\/ruta-art-mosaic-coma-ruga.jpeg&#8221; title_text=&#8221;ruta-guimera&#8221; _builder_version=&#8221;4.27.0&#8243; _module_preset=&#8221;default&#8221; custom_padding=&#8221;|10px|||false|false&#8221; custom_css_main_element=&#8221;margin-bottom: 10px!important;&#8221; global_colors_info=&#8221;{}&#8221;][\/et_pb_image][\/et_pb_column][et_pb_column type=&#8221;1_3&#8243; _builder_version=&#8221;4.27.0&#8243; _module_preset=&#8221;default&#8221; global_colors_info=&#8221;{}&#8221;][et_pb_image src=&#8221;https:\/\/elvendrellturisme.dms3labs.cat\/wp-content\/uploads\/ruta-fenosa-experience.jpeg&#8221; title_text=&#8221;ruta-guimera&#8221; _builder_version=&#8221;4.27.0&#8243; _module_preset=&#8221;default&#8221; custom_padding=&#8221;|10px|||false|false&#8221; custom_css_main_element=&#8221;margin-bottom: 10px!important;&#8221; global_colors_info=&#8221;{}&#8221;][\/et_pb_image][\/et_pb_column][et_pb_column type=&#8221;1_3&#8243; _builder_version=&#8221;4.27.0&#8243; _module_preset=&#8221;default&#8221; global_colors_info=&#8221;{}&#8221;][et_pb_image src=&#8221;https:\/\/elvendrellturisme.dms3labs.cat\/wp-content\/uploads\/ruta-especial-festa-major.jpeg&#8221; title_text=&#8221;ruta-guimera&#8221; _builder_version=&#8221;4.27.0&#8243; _module_preset=&#8221;default&#8221; custom_padding=&#8221;|10px|||false|false&#8221; custom_css_main_element=&#8221;margin-bottom: 10px!important;&#8221; global_colors_info=&#8221;{}&#8221;][\/et_pb_image][\/et_pb_column][\/et_pb_row][et_pb_row column_structure=&#8221;1_3,1_3,1_3&#8243; use_custom_gutter=&#8221;on&#8221; gutter_width=&#8221;1&#8243; _builder_version=&#8221;4.27.0&#8243; _module_preset=&#8221;default&#8221; width=&#8221;95%&#8221; max_width=&#8221;100%&#8221; custom_padding=&#8221;||||false|false&#8221; global_colors_info=&#8221;{}&#8221;][et_pb_column type=&#8221;1_3&#8243; _builder_version=&#8221;4.27.0&#8243; _module_preset=&#8221;default&#8221; global_colors_info=&#8221;{}&#8221;][et_pb_image src=&#8221;https:\/\/elvendrellturisme.dms3labs.cat\/wp-content\/uploads\/ruta-coma-ruga-viatge-temps.jpeg&#8221; title_text=&#8221;ruta-guimera&#8221; _builder_version=&#8221;4.27.0&#8243; _module_preset=&#8221;default&#8221; custom_padding=&#8221;|10px|||false|false&#8221; custom_css_main_element=&#8221;margin-bottom: 10px!important;&#8221; global_colors_info=&#8221;{}&#8221;][\/et_pb_image][\/et_pb_column][et_pb_column type=&#8221;1_3&#8243; _builder_version=&#8221;4.27.0&#8243; _module_preset=&#8221;default&#8221; global_colors_info=&#8221;{}&#8221;][et_pb_image src=&#8221;https:\/\/elvendrellturisme.dms3labs.cat\/wp-content\/uploads\/ruta-vendrell-vista-ocell.jpeg&#8221; title_text=&#8221;ruta-guimera&#8221; _builder_version=&#8221;4.27.0&#8243; _module_preset=&#8221;default&#8221; custom_padding=&#8221;|10px|||false|false&#8221; custom_css_main_element=&#8221;margin-bottom: 10px!important;&#8221; global_colors_info=&#8221;{}&#8221;][\/et_pb_image][\/et_pb_column][et_pb_column type=&#8221;1_3&#8243; _builder_version=&#8221;4.27.0&#8243; _module_preset=&#8221;default&#8221; global_colors_info=&#8221;{}&#8221;][et_pb_image src=&#8221;https:\/\/elvendrellturisme.dms3labs.cat\/wp-content\/uploads\/ruta-pau-casals-orgue.jpeg&#8221; title_text=&#8221;ruta-guimera&#8221; _builder_version=&#8221;4.27.0&#8243; _module_preset=&#8221;default&#8221; custom_padding=&#8221;|10px|||false|false&#8221; custom_css_main_element=&#8221;margin-bottom: 10px!important;&#8221; global_colors_info=&#8221;{}&#8221;][\/et_pb_image][\/et_pb_column][\/et_pb_row][\/et_pb_section][et_pb_section fb_built=&#8221;1&#8243; _builder_version=&#8221;4.16&#8243; _module_preset=&#8221;default&#8221; min_height=&#8221;50vh&#8221; custom_padding=&#8221;0px|||||&#8221; locked=&#8221;off&#8221; global_colors_info=&#8221;{}&#8221;][et_pb_row column_structure=&#8221;1_3,2_3&#8243; make_equal=&#8221;on&#8221; disabled_on=&#8221;off|off|off&#8221; _builder_version=&#8221;4.16&#8243; _module_preset=&#8221;default&#8221; custom_margin=&#8221;75px||||false|false&#8221; custom_padding=&#8221;0px||75px||false|false&#8221; border_width_top=&#8221;1px&#8221; border_color_top=&#8221;#CCCCCC&#8221; global_colors_info=&#8221;{}&#8221;][et_pb_column type=&#8221;1_3&#8243; _builder_version=&#8221;4.16&#8243; _module_preset=&#8221;default&#8221; custom_padding=&#8221;50px||||false|false&#8221; custom_padding_tablet=&#8221;50px||25px||false|false&#8221; custom_padding_phone=&#8221;&#8221; custom_padding_last_edited=&#8221;on|phone&#8221; global_colors_info=&#8221;{}&#8221;][et_pb_text _builder_version=&#8221;4.16&#8243; _module_preset=&#8221;default&#8221; header_2_font_size=&#8221;35px&#8221; custom_margin=&#8221;||10px||false|false&#8221; custom_padding=&#8221;||0px||false|false&#8221; global_colors_info=&#8221;{}&#8221;]<\/p>\n<h2>Ordre du jour<\/h2>\n<p>[\/et_pb_text][et_pb_text _builder_version=&#8221;4.16&#8243; _module_preset=&#8221;default&#8221; custom_margin=&#8221;||15px||false|false&#8221; global_colors_info=&#8221;{}&#8221;]<\/p>\n<p style=\"text-align: justify;\">Ce sont ces actes marquants que vous retrouverez bient\u00f4t au Vendrell. Si vous voulez en voir plus, cliquez sur le lien :<\/p>\n<p>[\/et_pb_text][et_pb_button button_url=&#8221;@ET-DC@eyJkeW5hbWljIjp0cnVlLCJjb250ZW50IjoicG9zdF9saW5rX3VybF9wYWdlIiwic2V0dGluZ3MiOnsicG9zdF9pZCI6IjE0NjU1In19@&#8221; button_text=&#8221;Consulter toutes les activit\u00e9s&#8221; button_alignment=&#8221;left&#8221; _builder_version=&#8221;4.16&#8243; _dynamic_attributes=&#8221;button_url&#8221; _module_preset=&#8221;default&#8221; custom_button=&#8221;on&#8221; button_text_size=&#8221;13px&#8221; button_border_width=&#8221;0px&#8221; button_font=&#8221;|||on|||||&#8221; button_icon=&#8221;&#x4c;||divi||400&#8243; button_icon_placement=&#8221;left&#8221; button_on_hover=&#8221;off&#8221; custom_margin=&#8221;||2px||false|false&#8221; global_colors_info=&#8221;{}&#8221; button_bg_color__hover_enabled=&#8221;on|hover&#8221; button_bg_color__hover=&#8221;RGBA(0,0,0,0)&#8221; button_bg_enable_color__hover=&#8221;on&#8221;][\/et_pb_button][\/et_pb_column][et_pb_column type=&#8221;2_3&#8243; _builder_version=&#8221;4.16&#8243; _module_preset=&#8221;default&#8221; global_colors_info=&#8221;{}&#8221;][mecdivi_MECShortcodes shortcode_id=&#8221;12430&#8243; _builder_version=&#8221;4.16&#8243; _module_preset=&#8221;default&#8221; global_colors_info=&#8221;{}&#8221;][\/mecdivi_MECShortcodes][\/et_pb_column][\/et_pb_row][\/et_pb_section][et_pb_section fb_built=&#8221;1&#8243; custom_padding_last_edited=&#8221;on|phone&#8221; disabled_on=&#8221;on|on|on&#8221; _builder_version=&#8221;4.16&#8243; _module_preset=&#8221;default&#8221; custom_padding=&#8221;6px||13px||false|false&#8221; custom_padding_tablet=&#8221;&#8221; custom_padding_phone=&#8221;4px||||false|false&#8221; disabled=&#8221;on&#8221; global_colors_info=&#8221;{}&#8221;][et_pb_row column_structure=&#8221;1_5,1_5,1_5,1_5,1_5&#8243; _builder_version=&#8221;4.23.4&#8243; _module_preset=&#8221;3d512509-03f4-49c0-8c71-b925738b3ceb&#8221; width=&#8221;100%&#8221; border_width_bottom=&#8221;3px&#8221; locked=&#8221;off&#8221; global_colors_info=&#8221;{}&#8221;][et_pb_column type=&#8221;1_5&#8243; _builder_version=&#8221;4.16&#8243; _module_preset=&#8221;e538b53d-81a0-4dcd-bf4e-c24ed5e01d9e&#8221; background_enable_image=&#8221;off&#8221; link_option_url=&#8221;#esport-salut-platja&#8221; border_color_bottom=&#8221;#ffffff&#8221; border_width_all_tablet=&#8221;&#8221; border_width_all_phone=&#8221;0px&#8221; border_width_all_last_edited=&#8221;on|phone&#8221; border_width_bottom_tablet=&#8221;&#8221; border_width_bottom_phone=&#8221;4px&#8221; border_width_bottom_last_edited=&#8221;on|phone&#8221; global_colors_info=&#8221;{}&#8221;][et_pb_text disabled_on=&#8221;off|off|off&#8221; _builder_version=&#8221;4.16&#8243; _module_preset=&#8221;75670887-6b9a-4e62-853f-184f90d66ac5&#8243; background_color_gradient_stops=&#8221;rgba(47,140,114,0) 0%|#29c4a9 100%&#8221; background_color_gradient_start=&#8221;rgba(47,140,114,0)&#8221; background_image=&#8221;https:\/\/elvendrellturisme.dms3labs.cat\/wp-content\/uploads\/11-gimnastica-a-la-platja-scaled.jpg&#8221; global_colors_info=&#8221;{}&#8221; background_image__hover=&#8221;https:\/\/elvendrellturisme.dms3labs.cat\/wp-content\/uploads\/11-gimnastica-a-la-platja-scaled.jpg&#8221;]<\/p>\n<h2>Sport et sant\u00e9 \u00e0 la plage<\/h2>\n<p>[\/et_pb_text][\/et_pb_column][et_pb_column type=&#8221;1_5&#8243; _builder_version=&#8221;4.16&#8243; _module_preset=&#8221;3948c57f-bd1b-4d4b-8c9a-0d8828761a16&#8243; link_option_url=&#8221;#marche-nordique&#8221; border_color_bottom=&#8221;#ffffff&#8221; border_width_bottom_tablet=&#8221;&#8221; border_width_bottom_phone=&#8221;4px&#8221; border_width_bottom_last_edited=&#8221;on|phone&#8221; global_colors_info=&#8221;{}&#8221;][et_pb_text _builder_version=&#8221;4.16&#8243; _module_preset=&#8221;75670887-6b9a-4e62-853f-184f90d66ac5&#8243; background_image=&#8221;https:\/\/elvendrellturisme.dms3labs.cat\/wp-content\/uploads\/20210130-100647-scaled.jpg&#8221; global_colors_info=&#8221;{}&#8221; background_image__hover=&#8221;https:\/\/elvendrellturisme.dms3labs.cat\/wp-content\/uploads\/20210130-100647-scaled.jpg&#8221;]<\/p>\n<h2>Marche nordique<\/h2>\n<p>[\/et_pb_text][\/et_pb_column][et_pb_column type=&#8221;1_5&#8243; _builder_version=&#8221;4.16&#8243; _module_preset=&#8221;c01bc4ba-52d4-4a48-a1cb-40de7dfd5c74&#8243; link_option_url=&#8221;#rutes-saludables&#8221; border_width_right=&#8221;2px&#8221; border_color_bottom=&#8221;rgba(0,0,0,0)&#8221; border_width_right_tablet=&#8221;&#8221; border_width_right_phone=&#8221;0px&#8221; border_width_right_last_edited=&#8221;on|phone&#8221; border_width_bottom_tablet=&#8221;&#8221; border_width_bottom_phone=&#8221;4px&#8221; border_width_bottom_last_edited=&#8221;on|phone&#8221; global_colors_info=&#8221;{}&#8221;][et_pb_text _builder_version=&#8221;4.16&#8243; _module_preset=&#8221;75670887-6b9a-4e62-853f-184f90d66ac5&#8243; background_image=&#8221;https:\/\/elvendrellturisme.dms3labs.cat\/wp-content\/uploads\/whatsapp-image-2021-08-07-at-145211.jpeg&#8221; link_option_url=&#8221;#rutes-saludables&#8221; global_colors_info=&#8221;{}&#8221; background_image__hover=&#8221;https:\/\/elvendrellturisme.dms3labs.cat\/wp-content\/uploads\/whatsapp-image-2021-08-07-at-145211.jpeg&#8221;]<\/p>\n<h2>Itin\u00e9raires salutaires<\/h2>\n<p>[\/et_pb_text][\/et_pb_column][et_pb_column type=&#8221;1_5&#8243; _builder_version=&#8221;4.16&#8243; _module_preset=&#8221;c01bc4ba-52d4-4a48-a1cb-40de7dfd5c74&#8243; link_option_url=&#8221;#salle-aquatique&#8221; border_width_right=&#8221;2px&#8221; border_color_bottom=&#8221;#ffffff&#8221; border_width_right_tablet=&#8221;&#8221; border_width_right_phone=&#8221;0px&#8221; border_width_right_last_edited=&#8221;on|phone&#8221; border_width_bottom_tablet=&#8221;&#8221; border_width_bottom_phone=&#8221;4px&#8221; border_width_bottom_last_edited=&#8221;on|phone&#8221; global_colors_info=&#8221;{}&#8221;][et_pb_text _builder_version=&#8221;4.16&#8243; _module_preset=&#8221;75670887-6b9a-4e62-853f-184f90d66ac5&#8243; background_color_gradient_stops=&#8221;rgba(0,0,0,0) 0%|#73b3e8 100%&#8221; background_color_gradient_start=&#8221;rgba(0,0,0,0)&#8221; background_color_gradient_end=&#8221;#73b3e8&#8243; background_image=&#8221;https:\/\/elvendrellturisme.dms3labs.cat\/wp-content\/uploads\/217439755-2506583949485134-5185114884277185854-n.jpg&#8221; background_position=&#8221;center&#8221; global_colors_info=&#8221;{}&#8221; background_image__hover=&#8221;https:\/\/elvendrellturisme.dms3labs.cat\/wp-content\/uploads\/217439755-2506583949485134-5185114884277185854-n.jpg&#8221;]<\/p>\n<h2>Salle aquatique<\/h2>\n<p>[\/et_pb_text][\/et_pb_column][et_pb_column type=&#8221;1_5&#8243; _builder_version=&#8221;4.16&#8243; _module_preset=&#8221;c01bc4ba-52d4-4a48-a1cb-40de7dfd5c74&#8243; link_option_url=&#8221;#activitats-familiars&#8221; border_width_top_tablet=&#8221;&#8221; border_width_top_phone=&#8221;4px&#8221; border_width_top_last_edited=&#8221;on|phone&#8221; border_color_top_tablet=&#8221;&#8221; border_color_top_phone=&#8221;#ffffff&#8221; border_color_top_last_edited=&#8221;on|phone&#8221; global_colors_info=&#8221;{}&#8221;][et_pb_text _builder_version=&#8221;4.16&#8243; _module_preset=&#8221;75670887-6b9a-4e62-853f-184f90d66ac5&#8243; background_image=&#8221;https:\/\/elvendrellturisme.dms3labs.cat\/wp-content\/uploads\/jornades-mediambientals-el-vendrell.jpeg&#8221; global_colors_info=&#8221;{}&#8221; background_image__hover=&#8221;https:\/\/elvendrellturisme.dms3labs.cat\/wp-content\/uploads\/jornades-mediambientals-el-vendrell.jpeg&#8221;]<\/p>\n<h2>Activit\u00e9s familiales<\/h2>\n<p>[\/et_pb_text][\/et_pb_column][\/et_pb_row][\/et_pb_section][et_pb_section fb_built=&#8221;1&#8243; disabled_on=&#8221;on|on|on&#8221; module_id=&#8221;esport-salut-platja&#8221; _builder_version=&#8221;4.16&#8243; _module_preset=&#8221;default&#8221; custom_padding=&#8221;||0px|||&#8221; disabled=&#8221;on&#8221; global_colors_info=&#8221;{}&#8221;][et_pb_row _builder_version=&#8221;4.16&#8243; _module_preset=&#8221;default&#8221; global_colors_info=&#8221;{}&#8221;][et_pb_column type=&#8221;4_4&#8243; _builder_version=&#8221;4.16&#8243; _module_preset=&#8221;default&#8221; global_colors_info=&#8221;{}&#8221;][et_pb_text _builder_version=&#8221;4.16&#8243; _module_preset=&#8221;68ea58d1-0a0d-4ff7-85ee-f9cbe626b1ec&#8221; global_colors_info=&#8221;{}&#8221;]<\/p>\n<h2>Sport et sant\u00e9 \u00e0 la plage<\/h2>\n<p>[\/et_pb_text][et_pb_text _builder_version=&#8221;4.16&#8243; _module_preset=&#8221;default&#8221; global_colors_info=&#8221;{}&#8221;]<\/p>\n<p>Le sport et la sant\u00e9 \u00e0 la plage sont des activit\u00e9s o\u00f9 les citoyens et les visiteurs de El\u00a0Vendrell peuvent profiter du sport, de l\u2019activit\u00e9 physique et d\u2019exp\u00e9riences de sant\u00e9 enrichissantes.<\/p>\n<p>[\/et_pb_text][et_pb_divider show_divider=&#8221;off&#8221; _builder_version=&#8221;4.16&#8243; _module_preset=&#8221;default&#8221; background_image=&#8221;https:\/\/elvendrellturisme.dms3labs.cat\/wp-content\/uploads\/11-gimnastica-a-la-platja-scaled.jpg&#8221; min_height=&#8221;25vh&#8221; custom_margin=&#8221;||44px|||&#8221; custom_padding=&#8221;||48px|||&#8221; box_shadow_style=&#8221;preset2&#8243; global_colors_info=&#8221;{}&#8221;][\/et_pb_divider][\/et_pb_column][\/et_pb_row][\/et_pb_section][et_pb_section fb_built=&#8221;1&#8243; disabled_on=&#8221;on|on|on&#8221; _builder_version=&#8221;4.16&#8243; _module_preset=&#8221;default&#8221; background_color=&#8221;#ffffff&#8221; disabled=&#8221;on&#8221; locked=&#8221;off&#8221; global_colors_info=&#8221;{}&#8221;][et_pb_row column_structure=&#8221;2_5,3_5&#8243; make_equal=&#8221;on&#8221; _builder_version=&#8221;4.16&#8243; _module_preset=&#8221;default&#8221; global_colors_info=&#8221;{}&#8221;][et_pb_column type=&#8221;2_5&#8243; _builder_version=&#8221;4.16&#8243; _module_preset=&#8221;default&#8221; background_color=&#8221;#FFFFFF&#8221; custom_padding=&#8221;25px|25px|25px|25px|false|false&#8221; border_width_all=&#8221;1px&#8221; border_color_all=&#8221;#2A7BBF&#8221; box_shadow_style=&#8221;preset1&#8243; global_colors_info=&#8221;{}&#8221;][et_pb_text _builder_version=&#8221;4.16&#8243; _module_preset=&#8221;18e5c8b2-7d4a-4c62-92e3-d6b6ddee313e&#8221; border_color_all=&#8221;#535C60&#8243; global_colors_info=&#8221;{}&#8221;]<\/p>\n<h3>Renseignements et r\u00e9servations<\/h3>\n<p>[\/et_pb_text][et_pb_button button_url=&#8221;#agenda&#8221; button_text=&#8221;Voir l&apos;agenda &#8221; button_alignment=&#8221;center&#8221; _builder_version=&#8221;4.16&#8243; _module_preset=&#8221;default&#8221; custom_button=&#8221;on&#8221; button_text_size=&#8221;13px&#8221; button_border_width=&#8221;0px&#8221; button_font=&#8221;|||on|||||&#8221; button_icon=&#8221;&#x4c;||divi||400&#8243; button_icon_placement=&#8221;left&#8221; button_on_hover=&#8221;off&#8221; custom_margin=&#8221;-10px||2px||false|false&#8221; custom_padding=&#8221;||12px|||&#8221; locked=&#8221;off&#8221; global_colors_info=&#8221;{}&#8221; button_bg_color__hover_enabled=&#8221;on|hover&#8221; button_bg_color__hover=&#8221;RGBA(0,0,0,0)&#8221; button_bg_enable_color__hover=&#8221;on&#8221;][\/et_pb_button][et_pb_blurb use_icon=&#8221;on&#8221; font_icon=&#8221;&#xe060;||divi||400&#8243; icon_color=&#8221;#73B3E8&#8243; icon_placement=&#8221;left&#8221; image_icon_width=&#8221;28px&#8221; _builder_version=&#8221;4.16&#8243; _module_preset=&#8221;default&#8221; width=&#8221;100%&#8221; custom_margin=&#8221;||10px||false|false&#8221; icon_font_size=&#8221;28px&#8221; global_colors_info=&#8221;{}&#8221;]<\/p>\n<ul>\n<li>Co\u00fbt\u00a0: 1\u00a0\u20ac par activit\u00e9<\/li>\n<li>Apportez une serviette et de l&#8217;eau<\/li>\n<li>Aucune r\u00e9servation pr\u00e9alable requise.<\/li>\n<\/ul>\n<p>[\/et_pb_blurb][et_pb_blurb image=&#8221;https:\/\/elvendrellturisme.dms3labs.cat\/wp-content\/uploads\/copia-de-copia-de-el-vendrell-web.jpg&#8221; alt=&#8221;whatsapp marche nordique el vendrell&#8221; icon_placement=&#8221;left&#8221; _builder_version=&#8221;4.16&#8243; _module_preset=&#8221;default&#8221; width=&#8221;100%&#8221; custom_margin=&#8221;||10px||false|false&#8221; global_colors_info=&#8221;{}&#8221;]<\/p>\n<p><a href=\"https:\/\/wa.me\/+34670019171\" target=\"_blank\" rel=\"noopener\">670 019 171<\/a><\/p>\n<p>[\/et_pb_blurb][\/et_pb_column][et_pb_column type=&#8221;3_5&#8243; _builder_version=&#8221;4.16&#8243; _module_preset=&#8221;default&#8221; background_image=&#8221;https:\/\/elvendrellturisme.dms3labs.cat\/wp-content\/uploads\/79bf3355-a689-47bf-8723-955eeeefa259-1.jpg&#8221; background_enable_video_mp4=&#8221;off&#8221; box_shadow_style=&#8221;preset1&#8243; global_colors_info=&#8221;{}&#8221;][\/et_pb_column][\/et_pb_row][et_pb_row column_structure=&#8221;1_2,1_2&#8243; _builder_version=&#8221;4.16&#8243; _module_preset=&#8221;default&#8221; global_colors_info=&#8221;{}&#8221;][et_pb_column type=&#8221;1_2&#8243; _builder_version=&#8221;4.16&#8243; _module_preset=&#8221;default&#8221; global_colors_info=&#8221;{}&#8221;][et_pb_image src=&#8221;https:\/\/elvendrellturisme.dms3labs.cat\/wp-content\/uploads\/maig-a-juny.jpg&#8221; title_text=&#8221;ruta-guimera&#8221; _builder_version=&#8221;4.23.4&#8243; _module_preset=&#8221;default&#8221; custom_padding=&#8221;|10px|||false|false&#8221; custom_css_main_element=&#8221;margin-bottom: 10px!important;&#8221; global_colors_info=&#8221;{}&#8221;][\/et_pb_image][\/et_pb_column][et_pb_column type=&#8221;1_2&#8243; _builder_version=&#8221;4.16&#8243; _module_preset=&#8221;default&#8221; background_enable_image=&#8221;off&#8221; global_colors_info=&#8221;{}&#8221;][et_pb_image src=&#8221;https:\/\/elvendrellturisme.dms3labs.cat\/wp-content\/uploads\/activitats-saludables.jpg&#8221; title_text=&#8221;ruta-guimera&#8221; _builder_version=&#8221;4.16&#8243; _module_preset=&#8221;default&#8221; custom_padding=&#8221;|10px|||false|false&#8221; custom_css_main_element=&#8221;margin-bottom: 10px!important;&#8221; global_colors_info=&#8221;{}&#8221;][\/et_pb_image][\/et_pb_column][\/et_pb_row][\/et_pb_section][et_pb_section fb_built=&#8221;1&#8243; disabled_on=&#8221;on|on|on&#8221; module_id=&#8221;marche-nordique&#8221; _builder_version=&#8221;4.16&#8243; _module_preset=&#8221;default&#8221; background_color=&#8221;rgba(194,227,241,0.2)&#8221; custom_padding=&#8221;||0px||false|false&#8221; disabled=&#8221;on&#8221; global_colors_info=&#8221;{}&#8221;][et_pb_row column_structure=&#8221;2_5,3_5&#8243; _builder_version=&#8221;4.16&#8243; _module_preset=&#8221;default&#8221; global_colors_info=&#8221;{}&#8221;][et_pb_column type=&#8221;2_5&#8243; _builder_version=&#8221;4.16&#8243; _module_preset=&#8221;default&#8221; global_colors_info=&#8221;{}&#8221;][et_pb_text _builder_version=&#8221;4.16&#8243; _module_preset=&#8221;68ea58d1-0a0d-4ff7-85ee-f9cbe626b1ec&#8221; header_text_align=&#8221;left&#8221; header_2_text_align=&#8221;right&#8221; global_colors_info=&#8221;{}&#8221;]<\/p>\n<h2 style=\"text-align: left;\">Marche nordique<\/h2>\n<p>[\/et_pb_text][et_pb_text _builder_version=&#8221;4.16&#8243; _module_preset=&#8221;default&#8221; global_colors_info=&#8221;{}&#8221;]<\/p>\n<p>La marche nordique est une activit\u00e9 physique a\u00e9robique tr\u00e8s agr\u00e9able et facile \u00e0 pratiquer qui int\u00e8gre des b\u00e2tons analogues \u00e0 ceux utilis\u00e9s en ski de fond. La marche nordique est bien plus efficace que la marche habituelle\u00a0: elle agit en douceur mais efficacement, am\u00e9liore la force musculaire et tonifie les muscles\u00a0; de plus, elle active le syst\u00e8me cardiovasculaire et a un impact direct sur la coordination et la mobilit\u00e9.<\/p>\n<p>[\/et_pb_text][et_pb_divider show_divider=&#8221;off&#8221; _builder_version=&#8221;4.16&#8243; _module_preset=&#8221;default&#8221; background_image=&#8221;https:\/\/elvendrellturisme.dms3labs.cat\/wp-content\/uploads\/whatsapp-image-2023-11-20-at-114313.jpeg&#8221; min_height=&#8221;36vh&#8221; custom_margin=&#8221;15px|||||&#8221; box_shadow_style=&#8221;preset2&#8243; global_colors_info=&#8221;{}&#8221;][\/et_pb_divider][\/et_pb_column][et_pb_column type=&#8221;3_5&#8243; _builder_version=&#8221;4.16&#8243; _module_preset=&#8221;default&#8221; background_enable_image=&#8221;off&#8221; global_colors_info=&#8221;{}&#8221;][et_pb_image src=&#8221;https:\/\/elvendrellturisme.dms3labs.cat\/wp-content\/uploads\/marxa-nordica-coma-ruga-roc-stgaieta-cat-5.jpg&#8221; title_text=&#8221;ruta-guimera&#8221; _builder_version=&#8221;4.23.4&#8243; _module_preset=&#8221;default&#8221; custom_padding=&#8221;|10px|||false|false&#8221; custom_css_main_element=&#8221;margin-bottom: 10px!important;&#8221; global_colors_info=&#8221;{}&#8221;][\/et_pb_image][\/et_pb_column][\/et_pb_row][\/et_pb_section][et_pb_section fb_built=&#8221;1&#8243; disabled_on=&#8221;on|on|on&#8221; module_id=&#8221;rutes-saludables&#8221; _builder_version=&#8221;4.23.4&#8243; _module_preset=&#8221;default&#8221; background_color=&#8221;rgba(194,227,241,0.2)&#8221; custom_padding=&#8221;||||false|false&#8221; disabled=&#8221;on&#8221; locked=&#8221;off&#8221; global_colors_info=&#8221;{}&#8221;][et_pb_row column_structure=&#8221;2_5,3_5&#8243; make_equal=&#8221;on&#8221; custom_padding_last_edited=&#8221;on|phone&#8221; _builder_version=&#8221;4.16&#8243; _module_preset=&#8221;default&#8221; custom_margin=&#8221;|auto|38px|auto||&#8221; custom_padding=&#8221;|||0px|false|false&#8221; custom_padding_tablet=&#8221;0px||||false|false&#8221; custom_padding_phone=&#8221;&#8221; global_colors_info=&#8221;{}&#8221;][et_pb_column type=&#8221;2_5&#8243; _builder_version=&#8221;4.16&#8243; _module_preset=&#8221;default&#8221; background_color=&#8221;#FFFFFF&#8221; custom_padding=&#8221;25px|25px|25px|25px|false|false&#8221; border_width_all=&#8221;1px&#8221; border_color_all=&#8221;#2A7BBF&#8221; box_shadow_style=&#8221;preset1&#8243; global_colors_info=&#8221;{}&#8221;][et_pb_text _builder_version=&#8221;4.16&#8243; _module_preset=&#8221;18e5c8b2-7d4a-4c62-92e3-d6b6ddee313e&#8221; border_color_all=&#8221;#535C60&#8243; global_colors_info=&#8221;{}&#8221;]<\/p>\n<h3>Renseignements et r\u00e9servations<\/h3>\n<p>[\/et_pb_text][et_pb_blurb title=&#8221;MARCHE NORDIQUE DE COMA-RUGA AU ROCHER DE ST. GA\u00cf\u00c9TAN&#8221; use_icon=&#8221;on&#8221; font_icon=&#8221;&#xe023;||divi||400&#8243; icon_color=&#8221;#73B3E8&#8243; icon_placement=&#8221;left&#8221; image_icon_width=&#8221;28px&#8221; _builder_version=&#8221;4.23.4&#8243; _module_preset=&#8221;default&#8221; width=&#8221;100%&#8221; custom_margin=&#8221;||10px||false|false&#8221; icon_font_size=&#8221;28px&#8221; global_colors_info=&#8221;{}&#8221;][\/et_pb_blurb][et_pb_button button_url=&#8221;#agenda&#8221; button_text=&#8221;Voir l&apos;agenda &#8221; button_alignment=&#8221;center&#8221; _builder_version=&#8221;4.16&#8243; _module_preset=&#8221;default&#8221; custom_button=&#8221;on&#8221; button_text_size=&#8221;13px&#8221; button_border_width=&#8221;0px&#8221; button_font=&#8221;|||on|||||&#8221; button_icon=&#8221;&#x4c;||divi||400&#8243; button_icon_placement=&#8221;left&#8221; button_on_hover=&#8221;off&#8221; custom_margin=&#8221;-5px||2px||false|false&#8221; custom_padding=&#8221;6px|||||&#8221; locked=&#8221;off&#8221; global_colors_info=&#8221;{}&#8221; button_bg_color__hover_enabled=&#8221;on|hover&#8221; button_bg_color__hover=&#8221;RGBA(0,0,0,0)&#8221; button_bg_enable_color__hover=&#8221;on&#8221;][\/et_pb_button][et_pb_blurb use_icon=&#8221;on&#8221; font_icon=&#8221;&#x70;||divi||400&#8243; icon_color=&#8221;#73B3E8&#8243; icon_placement=&#8221;left&#8221; image_icon_width=&#8221;28px&#8221; _builder_version=&#8221;4.16&#8243; _module_preset=&#8221;default&#8221; width=&#8221;100%&#8221; custom_margin=&#8221;||10px||false|false&#8221; icon_font_size=&#8221;28px&#8221; global_colors_info=&#8221;{}&#8221;]<\/p>\n<ul>\n<li><span class=\"HwtZe\" jsaction=\"mouseup:Sxi9L,BR6jm; mousedown:qjlr0e\" jsname=\"jqKxS\" lang=\"ca\"><span jsaction=\"agoMJf:PFBcW;MZfLnc:P7O7bd;nt4Alf:pvnm0e,pfE8Hb,PFBcW;B01qod:dJXsye;H1e5u:iXtTIf;lYIUJf:hij5Wb;bmeZHc:iURhpf;Oxj3Xe:qAKMYb,yaf12d\" jsname=\"txFAF\" class=\"jCAhz ChMk0b\" jscontroller=\"Gn4SMb\"><span class=\"ryNqvb\" jsaction=\"click:E6Tfl,GFf3ac,tMZCfe; contextmenu:Nqw7Te,QP7LD; mouseout:Nqw7Te; mouseover:E6Tfl,c2aHje\" jsname=\"W297wb\">B\u00e2tons de marche nordique emprunt\u00e9s inclus.<\/span><\/span><span jsaction=\"agoMJf:PFBcW;MZfLnc:P7O7bd;nt4Alf:pvnm0e,pfE8Hb,PFBcW;B01qod:dJXsye;H1e5u:iXtTIf;lYIUJf:hij5Wb;bmeZHc:iURhpf;Oxj3Xe:qAKMYb,yaf12d\" jsname=\"txFAF\" class=\"jCAhz\" jscontroller=\"Gn4SMb\"><span class=\"ryNqvb\" jsaction=\"click:E6Tfl,GFf3ac,tMZCfe; contextmenu:Nqw7Te,QP7LD; mouseout:Nqw7Te; mouseover:E6Tfl,c2aHje\" jsname=\"W297wb\"> <\/span><\/span><\/span><\/li>\n<li><span class=\"HwtZe\" jsaction=\"mouseup:Sxi9L,BR6jm; mousedown:qjlr0e\" jsname=\"jqKxS\" lang=\"ca\"><span jsaction=\"agoMJf:PFBcW;MZfLnc:P7O7bd;nt4Alf:pvnm0e,pfE8Hb,PFBcW;B01qod:dJXsye;H1e5u:iXtTIf;lYIUJf:hij5Wb;bmeZHc:iURhpf;Oxj3Xe:qAKMYb,yaf12d\" jsname=\"txFAF\" class=\"jCAhz ChMk0b\" jscontroller=\"Gn4SMb\"><span class=\"ryNqvb\" jsaction=\"click:E6Tfl,GFf3ac,tMZCfe; contextmenu:Nqw7Te,QP7LD; mouseout:Nqw7Te; mouseover:E6Tfl,c2aHje\" jsname=\"W297wb\">Il est recommand\u00e9 d&#8217;apporter des chaussures d&#8217;eau et de sport.<\/span><\/span><span jsaction=\"agoMJf:PFBcW;MZfLnc:P7O7bd;nt4Alf:pvnm0e,pfE8Hb,PFBcW;B01qod:dJXsye;H1e5u:iXtTIf;lYIUJf:hij5Wb;bmeZHc:iURhpf;Oxj3Xe:qAKMYb,yaf12d\" jsname=\"txFAF\" class=\"jCAhz\" jscontroller=\"Gn4SMb\"><span class=\"ryNqvb\" jsaction=\"click:E6Tfl,GFf3ac,tMZCfe; contextmenu:Nqw7Te,QP7LD; mouseout:Nqw7Te; mouseover:E6Tfl,c2aHje\" jsname=\"W297wb\"> <\/span><\/span><\/span><\/li>\n<li><span class=\"HwtZe\" jsaction=\"mouseup:Sxi9L,BR6jm; mousedown:qjlr0e\" jsname=\"jqKxS\" lang=\"ca\"><span jsaction=\"agoMJf:PFBcW;MZfLnc:P7O7bd;nt4Alf:pvnm0e,pfE8Hb,PFBcW;B01qod:dJXsye;H1e5u:iXtTIf;lYIUJf:hij5Wb;bmeZHc:iURhpf;Oxj3Xe:qAKMYb,yaf12d\" jsname=\"txFAF\" class=\"jCAhz ChMk0b\" jscontroller=\"Gn4SMb\"><span class=\"ryNqvb\" jsaction=\"click:E6Tfl,GFf3ac,tMZCfe; contextmenu:Nqw7Te,QP7LD; mouseout:Nqw7Te; mouseover:E6Tfl,c2aHje\" jsname=\"W297wb\">Places limit\u00e9es \u00e0 15 personnes.<\/span><\/span><span jsaction=\"agoMJf:PFBcW;MZfLnc:P7O7bd;nt4Alf:pvnm0e,pfE8Hb,PFBcW;B01qod:dJXsye;H1e5u:iXtTIf;lYIUJf:hij5Wb;bmeZHc:iURhpf;Oxj3Xe:qAKMYb,yaf12d\" jsname=\"txFAF\" class=\"jCAhz\" jscontroller=\"Gn4SMb\"><span class=\"ryNqvb\" jsaction=\"click:E6Tfl,GFf3ac,tMZCfe; contextmenu:Nqw7Te,QP7LD; mouseout:Nqw7Te; mouseover:E6Tfl,c2aHje\" jsname=\"W297wb\"> <\/span><\/span><\/span><\/li>\n<li><span class=\"HwtZe\" jsaction=\"mouseup:Sxi9L,BR6jm; mousedown:qjlr0e\" jsname=\"jqKxS\" lang=\"ca\"><span jsaction=\"agoMJf:PFBcW;MZfLnc:P7O7bd;nt4Alf:pvnm0e,pfE8Hb,PFBcW;B01qod:dJXsye;H1e5u:iXtTIf;lYIUJf:hij5Wb;bmeZHc:iURhpf;Oxj3Xe:qAKMYb,yaf12d\" jsname=\"txFAF\" class=\"jCAhz ChMk0b\" jscontroller=\"Gn4SMb\"><span class=\"ryNqvb\" jsaction=\"click:E6Tfl,GFf3ac,tMZCfe; contextmenu:Nqw7Te,QP7LD; mouseout:Nqw7Te; mouseover:E6Tfl,c2aHje\" jsname=\"W297wb\">Une r\u00e9servation \u00e0 l&#8217;avance est requise.<\/span><\/span><\/span><\/li>\n<\/ul>\n<p>[\/et_pb_blurb][et_pb_blurb use_icon=&#8221;on&#8221; font_icon=&#8221;&#xe06b;||divi||400&#8243; icon_color=&#8221;#73B3E8&#8243; icon_placement=&#8221;left&#8221; image_icon_width=&#8221;28px&#8221; _builder_version=&#8221;4.23.4&#8243; _module_preset=&#8221;default&#8221; width=&#8221;100%&#8221; custom_margin=&#8221;11px||10px||false|false&#8221; icon_font_size=&#8221;28px&#8221; global_colors_info=&#8221;{}&#8221;]<\/p>\n<p>8.00 h<\/p>\n<p>[\/et_pb_blurb][et_pb_blurb use_icon=&#8221;on&#8221; font_icon=&#8221;&#xe0ed;||divi||400&#8243; icon_color=&#8221;#73B3E8&#8243; icon_placement=&#8221;left&#8221; image_icon_width=&#8221;28px&#8221; _builder_version=&#8221;4.16&#8243; _module_preset=&#8221;default&#8221; width=&#8221;100%&#8221; custom_margin=&#8221;11px||10px||false|false&#8221; icon_font_size=&#8221;28px&#8221; global_colors_info=&#8221;{}&#8221;]<\/p>\n<p>Co\u00fbt de l&#8217;activit\u00e9 : 1 \u20ac<\/p>\n<p>[\/et_pb_blurb][et_pb_blurb image=&#8221;https:\/\/elvendrellturisme.dms3labs.cat\/wp-content\/uploads\/copia-de-copia-de-el-vendrell-web.jpg&#8221; alt=&#8221;whatsapp marche nordique el vendrell&#8221; icon_placement=&#8221;left&#8221; _builder_version=&#8221;4.16&#8243; _module_preset=&#8221;default&#8221; width=&#8221;100%&#8221; custom_margin=&#8221;||10px||false|false&#8221; global_colors_info=&#8221;{}&#8221;]<\/p>\n<p><a href=\"https:\/\/wa.me\/+34670019171\" target=\"_blank\" rel=\"noopener\">670 019 171<\/a><\/p>\n<p>[\/et_pb_blurb][et_pb_blurb use_icon=&#8221;on&#8221; font_icon=&#8221;&#xe076;||divi||400&#8243; icon_color=&#8221;#73B3E8&#8243; icon_placement=&#8221;left&#8221; image_icon_width=&#8221;28px&#8221; _builder_version=&#8221;4.23.4&#8243; _module_preset=&#8221;default&#8221; width=&#8221;100%&#8221; custom_margin=&#8221;||10px||false|false&#8221; icon_font_size=&#8221;28px&#8221; global_colors_info=&#8221;{}&#8221;]<\/p>\n<p><a href=\"mailto:informacio@elvendrellturistic.com\">informacio@elvendrellturisme.dms3labs.cat<\/a><\/p>\n<p>[\/et_pb_blurb][et_pb_blurb use_icon=&#8221;on&#8221; font_icon=&#8221;&#xe0e3;||divi||400&#8243; icon_color=&#8221;#73B3E8&#8243; icon_placement=&#8221;left&#8221; image_icon_width=&#8221;28px&#8221; disabled_on=&#8221;on|on|on&#8221; _builder_version=&#8221;4.16&#8243; _module_preset=&#8221;default&#8221; width=&#8221;100%&#8221; icon_font_size=&#8221;28px&#8221; disabled=&#8221;on&#8221; global_colors_info=&#8221;{}&#8221;]<\/p>\n<p><a href=\"https:\/\/museusdelvendrell.koobin.com\/casa-nadiua-pau-casals-el-vendrell\" target=\"_blank\" rel=\"noopener\">Acheter des billets<\/a><\/p>\n<p>[\/et_pb_blurb][\/et_pb_column][et_pb_column type=&#8221;3_5&#8243; _builder_version=&#8221;4.16&#8243; _module_preset=&#8221;default&#8221; background_enable_image=&#8221;off&#8221; background_size=&#8221;contain&#8221; global_colors_info=&#8221;{}&#8221;][et_pb_image src=&#8221;https:\/\/elvendrellturisme.dms3labs.cat\/wp-content\/uploads\/marxa-nordica-madrigueres-cast-1.jpg&#8221; title_text=&#8221;ruta-guimera&#8221; _builder_version=&#8221;4.16&#8243; _module_preset=&#8221;default&#8221; custom_padding=&#8221;|10px|||false|false&#8221; custom_css_main_element=&#8221;margin-bottom: 10px!important;&#8221; global_colors_info=&#8221;{}&#8221;][\/et_pb_image][\/et_pb_column][\/et_pb_row][et_pb_row custom_padding_last_edited=&#8221;on|tablet&#8221; _builder_version=&#8221;4.16&#8243; _module_preset=&#8221;default&#8221; custom_padding=&#8221;||||false|false&#8221; custom_padding_tablet=&#8221;||0px||false|false&#8221; custom_padding_phone=&#8221;&#8221; global_colors_info=&#8221;{}&#8221;][et_pb_column type=&#8221;4_4&#8243; _builder_version=&#8221;4.16&#8243; _module_preset=&#8221;default&#8221; global_colors_info=&#8221;{}&#8221;][et_pb_text _builder_version=&#8221;4.16&#8243; _module_preset=&#8221;68ea58d1-0a0d-4ff7-85ee-f9cbe626b1ec&#8221; custom_padding=&#8221;|0px||||&#8221; global_colors_info=&#8221;{}&#8221;]<\/p>\n<h2>Itin\u00e9raires salutaires<\/h2>\n<p>[\/et_pb_text][et_pb_text _builder_version=&#8221;4.16&#8243; _module_preset=&#8221;default&#8221; global_colors_info=&#8221;{}&#8221;]<\/p>\n<p>Tout au long de l&#8217;ann\u00e9e, Turisme del Vendrell organise des randonn\u00e9es \u00e0 la d\u00e9couverte des espaces naturels et du patrimoine rural de la ville. Ici, nous mettrons \u00e0 jour les informations<\/p>\n<p>[\/et_pb_text][\/et_pb_column][\/et_pb_row][et_pb_row column_structure=&#8221;2_5,3_5&#8243; make_equal=&#8221;on&#8221; custom_padding_last_edited=&#8221;on|phone&#8221; _builder_version=&#8221;4.16&#8243; _module_preset=&#8221;default&#8221; custom_margin=&#8221;|auto|38px|auto||&#8221; custom_padding=&#8221;|||0px|false|false&#8221; custom_padding_tablet=&#8221;0px||||false|false&#8221; custom_padding_phone=&#8221;&#8221; global_colors_info=&#8221;{}&#8221;][et_pb_column type=&#8221;2_5&#8243; _builder_version=&#8221;4.16&#8243; _module_preset=&#8221;default&#8221; background_color=&#8221;#FFFFFF&#8221; custom_padding=&#8221;25px|25px|25px|25px|false|false&#8221; border_width_all=&#8221;1px&#8221; border_color_all=&#8221;#2A7BBF&#8221; box_shadow_style=&#8221;preset1&#8243; global_colors_info=&#8221;{}&#8221;][et_pb_text _builder_version=&#8221;4.16&#8243; _module_preset=&#8221;18e5c8b2-7d4a-4c62-92e3-d6b6ddee313e&#8221; border_color_all=&#8221;#535C60&#8243; global_colors_info=&#8221;{}&#8221;]<\/p>\n<h3>Renseignements et r\u00e9servations<\/h3>\n<p>[\/et_pb_text][et_pb_button button_url=&#8221;#agenda&#8221; button_text=&#8221;Voir l&apos;agenda &#8221; button_alignment=&#8221;center&#8221; _builder_version=&#8221;4.16&#8243; _module_preset=&#8221;default&#8221; custom_button=&#8221;on&#8221; button_text_size=&#8221;13px&#8221; button_border_width=&#8221;0px&#8221; button_font=&#8221;|||on|||||&#8221; button_icon=&#8221;&#x4c;||divi||400&#8243; button_icon_placement=&#8221;left&#8221; button_on_hover=&#8221;off&#8221; custom_margin=&#8221;-5px||2px||false|false&#8221; custom_padding=&#8221;6px|||||&#8221; locked=&#8221;off&#8221; global_colors_info=&#8221;{}&#8221; button_bg_color__hover_enabled=&#8221;on|hover&#8221; button_bg_color__hover=&#8221;RGBA(0,0,0,0)&#8221; button_bg_enable_color__hover=&#8221;on&#8221;][\/et_pb_button][et_pb_blurb title=&#8221;PARCOURS SANT\u00c9 \u00c0 TRAVERS LE MILIEU RURAL DE VENDRELL (difficult\u00e9 facile)&#8221; use_icon=&#8221;on&#8221; font_icon=&#8221;&#x70;||divi||400&#8243; icon_color=&#8221;#73B3E8&#8243; icon_placement=&#8221;left&#8221; image_icon_width=&#8221;28px&#8221; _builder_version=&#8221;4.23.4&#8243; _module_preset=&#8221;default&#8221; width=&#8221;100%&#8221; custom_margin=&#8221;||10px||false|false&#8221; icon_font_size=&#8221;28px&#8221; global_colors_info=&#8221;{}&#8221;]<\/p>\n<ul>\n<li>Il est conseill\u00e9 d&#8217;apporter de l&#8217;eau et des chaussures de sport.<\/li>\n<li>Limit\u00e9 \u00e0 15 personnes.<\/li>\n<li>Il est n\u00e9cessaire de r\u00e9server \u00e0 l\u2019avance.<\/li>\n<\/ul>\n<p>[\/et_pb_blurb][et_pb_blurb use_icon=&#8221;on&#8221; font_icon=&#8221;&#xe06b;||divi||400&#8243; icon_color=&#8221;#73B3E8&#8243; icon_placement=&#8221;left&#8221; image_icon_width=&#8221;28px&#8221; _builder_version=&#8221;4.23.4&#8243; _module_preset=&#8221;default&#8221; width=&#8221;100%&#8221; custom_margin=&#8221;11px||10px||false|false&#8221; icon_font_size=&#8221;28px&#8221; global_colors_info=&#8221;{}&#8221;]<\/p>\n<p>8 h<\/p>\n<p>[\/et_pb_blurb][et_pb_blurb use_icon=&#8221;on&#8221; font_icon=&#8221;&#xe0ed;||divi||400&#8243; icon_color=&#8221;#73B3E8&#8243; icon_placement=&#8221;left&#8221; image_icon_width=&#8221;28px&#8221; _builder_version=&#8221;4.16&#8243; _module_preset=&#8221;default&#8221; width=&#8221;100%&#8221; custom_margin=&#8221;11px||10px||false|false&#8221; icon_font_size=&#8221;28px&#8221; global_colors_info=&#8221;{}&#8221;]<\/p>\n<p>Co\u00fbt de l&#8217;activit\u00e9 : 1 \u20ac<\/p>\n<p>[\/et_pb_blurb][et_pb_blurb use_icon=&#8221;on&#8221; font_icon=&#8221;&#xe081;||divi||400&#8243; icon_color=&#8221;#73B3E8&#8243; icon_placement=&#8221;left&#8221; image_icon_width=&#8221;28px&#8221; _builder_version=&#8221;4.23.4&#8243; _module_preset=&#8221;default&#8221; width=&#8221;100%&#8221; custom_margin=&#8221;11px||10px||false|false&#8221; icon_font_size=&#8221;28px&#8221; global_colors_info=&#8221;{}&#8221;]<\/p>\n<p><a href=\"https:\/\/maps.app.goo.gl\/HpCd3an7yWtQ25di6\" target=\"_blank\" rel=\"noopener\">Ancien Office de Tourisme<\/a><\/p>\n<p>[\/et_pb_blurb][et_pb_blurb image=&#8221;https:\/\/elvendrellturisme.dms3labs.cat\/wp-content\/uploads\/copia-de-copia-de-el-vendrell-web.jpg&#8221; alt=&#8221;whatsapp marche nordique el vendrell&#8221; icon_placement=&#8221;left&#8221; _builder_version=&#8221;4.16&#8243; _module_preset=&#8221;default&#8221; width=&#8221;100%&#8221; custom_margin=&#8221;||10px||false|false&#8221; global_colors_info=&#8221;{}&#8221;]<\/p>\n<p><a href=\"https:\/\/wa.me\/+34670019171\" target=\"_blank\" rel=\"noopener\">670 019 171<\/a><\/p>\n<p>[\/et_pb_blurb][et_pb_blurb use_icon=&#8221;on&#8221; font_icon=&#8221;&#xe076;||divi||400&#8243; icon_color=&#8221;#73B3E8&#8243; icon_placement=&#8221;left&#8221; image_icon_width=&#8221;28px&#8221; _builder_version=&#8221;4.23.4&#8243; _module_preset=&#8221;default&#8221; width=&#8221;100%&#8221; custom_margin=&#8221;||10px||false|false&#8221; icon_font_size=&#8221;28px&#8221; global_colors_info=&#8221;{}&#8221;]<\/p>\n<p><a href=\"mailto:informacio@elvendrellturistic.com\">informacio@elvendrellturisme.dms3labs.cat<\/a><\/p>\n<p>[\/et_pb_blurb][et_pb_blurb use_icon=&#8221;on&#8221; font_icon=&#8221;&#xe0e3;||divi||400&#8243; icon_color=&#8221;#73B3E8&#8243; icon_placement=&#8221;left&#8221; image_icon_width=&#8221;28px&#8221; disabled_on=&#8221;on|on|on&#8221; _builder_version=&#8221;4.16&#8243; _module_preset=&#8221;default&#8221; width=&#8221;100%&#8221; icon_font_size=&#8221;28px&#8221; disabled=&#8221;on&#8221; global_colors_info=&#8221;{}&#8221;]<\/p>\n<p><a href=\"https:\/\/museusdelvendrell.koobin.com\/casa-nadiua-pau-casals-el-vendrell\" target=\"_blank\" rel=\"noopener\">Acheter des billets<\/a><\/p>\n<p>[\/et_pb_blurb][\/et_pb_column][et_pb_column type=&#8221;3_5&#8243; _builder_version=&#8221;4.16&#8243; _module_preset=&#8221;default&#8221; background_enable_image=&#8221;off&#8221; background_size=&#8221;contain&#8221; global_colors_info=&#8221;{}&#8221;][et_pb_image src=&#8221;https:\/\/elvendrellturisme.dms3labs.cat\/wp-content\/uploads\/ruta-entorn-rural-cat-5.jpg&#8221; title_text=&#8221;ruta-guimera&#8221; _builder_version=&#8221;4.23.4&#8243; _module_preset=&#8221;default&#8221; custom_padding=&#8221;|10px|||false|false&#8221; custom_css_main_element=&#8221;margin-bottom: 10px!important;&#8221; global_colors_info=&#8221;{}&#8221;][\/et_pb_image][\/et_pb_column][\/et_pb_row][\/et_pb_section][et_pb_section fb_built=&#8221;1&#8243; disabled_on=&#8221;on|on|on&#8221; module_id=&#8221;salle-aquatique&#8221; _builder_version=&#8221;4.16&#8243; _module_preset=&#8221;default&#8221; background_color=&#8221;rgba(194,227,241,0.2)&#8221; custom_padding=&#8221;||50px|||&#8221; disabled=&#8221;on&#8221; global_colors_info=&#8221;{}&#8221;][et_pb_row column_structure=&#8221;3_5,2_5&#8243; _builder_version=&#8221;4.16&#8243; _module_preset=&#8221;default&#8221; global_colors_info=&#8221;{}&#8221;][et_pb_column type=&#8221;3_5&#8243; _builder_version=&#8221;4.16&#8243; _module_preset=&#8221;default&#8221; global_colors_info=&#8221;{}&#8221;][et_pb_text _builder_version=&#8221;4.16&#8243; _module_preset=&#8221;68ea58d1-0a0d-4ff7-85ee-f9cbe626b1ec&#8221; header_2_text_align=&#8221;left&#8221; global_colors_info=&#8221;{}&#8221;]<\/p>\n<h2>Salle aquatique<\/h2>\n<p>[\/et_pb_text][\/et_pb_column][et_pb_column type=&#8221;2_5&#8243; _builder_version=&#8221;4.16&#8243; _module_preset=&#8221;default&#8221; global_colors_info=&#8221;{}&#8221;][\/et_pb_column][\/et_pb_row][et_pb_row column_structure=&#8221;3_5,2_5&#8243; _builder_version=&#8221;4.16&#8243; _module_preset=&#8221;default&#8221; global_colors_info=&#8221;{}&#8221;][et_pb_column type=&#8221;3_5&#8243; _builder_version=&#8221;4.16&#8243; _module_preset=&#8221;default&#8221; global_colors_info=&#8221;{}&#8221;][et_pb_text _builder_version=&#8221;4.16&#8243; _module_preset=&#8221;default&#8221; global_colors_info=&#8221;{}&#8221;]<\/p>\n<p>Les mers et les oc\u00e9ans occupent les trois quarts de la plan\u00e8te et, dans le m\u00eame temps, les \u00e9cosyst\u00e8mes marins et c\u00f4tiers ont une biodiversit\u00e9 \u00e9lev\u00e9e et sont une composante essentielle en termes de g\u00e9n\u00e9ration d\u2019activit\u00e9 \u00e9conomique et\/ou productive.<\/p>\n<p>Il est important de souligner et de donner de la visibilit\u00e9 \u00e0 la richesse de la biodiversit\u00e9 de la zone c\u00f4ti\u00e8re et marine de Tarragone, en mettant l\u2019accent sur les activit\u00e9s d\u2019\u00e9ducation environnementale et la sensibilisation \u00e0 l\u2019environnement de la marina qui abrite la r\u00e9serve de la Masia Blanca \u00e0 El Vendrell. C\u2019est pourquoi la Direction du Tourisme de la Mairie de El\u00a0Vendrell promeut l\u2019initiative \u00ab\u00a0LA CLASSE AQUATIQUE DE LA MASIA BLANCA\u00a0\u00bb, en proposant des visites guid\u00e9es en snorkeling de la surface de la r\u00e9serve marine.<\/p>\n<p><strong>Tourisme \u00e9cologique<\/strong><\/p>\n<p>Le D\u00e9partement du Tourisme de El\u00a0Vendrell promeut le projet Aula Aqu\u00e0tica (salle aquatique) de la Masia Blanca, dans le but d\u2019ouvrir son port de plaisance de la Masia Blanca au tourisme durable, culturel et naturel.<br \/>En 1999, la Masia Blanca a \u00e9t\u00e9 d\u00e9clar\u00e9e r\u00e9serve marine pour son caract\u00e8re unique, sa valeur \u00e9cologique et sa fragilit\u00e9.<\/p>\n<p>[\/et_pb_text][\/et_pb_column][et_pb_column type=&#8221;2_5&#8243; _builder_version=&#8221;4.16&#8243; _module_preset=&#8221;default&#8221; global_colors_info=&#8221;{}&#8221;][et_pb_text _builder_version=&#8221;4.16&#8243; _module_preset=&#8221;default&#8221; global_colors_info=&#8221;{}&#8221;]<\/p>\n<p><strong style=\"font-size: 16px;\">Nous pr\u00e9parons tout pour vous\u00a0!<\/strong><\/p>\n<p>Dans la classe aquatique, vous trouverez une exposition informative sur la r\u00e9serve marine et un documentaire viendra compl\u00e9ter vos connaissances. Ensuite, vous pourrez plonger dans la r\u00e9serve marine de Masia\u00a0Blanca et profiter d\u2019un large kal\u00e9idoscope de flore et de faune\u00a0!<\/p>\n<p>Pour pratiquer le snorkeling il n\u2019est pas n\u00e9cessaire d\u2019avoir une exp\u00e9rience pr\u00e9alable, ni d\u2019effectuer une formation sp\u00e9cifique\u00a0: il suffit de savoir nager. Dans la salle aquatique, vous recevrez l\u2019\u00e9quipement standard, ainsi que toutes les informations pour r\u00e9aliser l\u2019activit\u00e9.<\/p>\n<p>[\/et_pb_text][\/et_pb_column][\/et_pb_row][et_pb_row column_structure=&#8221;2_5,3_5&#8243; make_equal=&#8221;on&#8221; _builder_version=&#8221;4.16&#8243; _module_preset=&#8221;default&#8221; global_colors_info=&#8221;{}&#8221;][et_pb_column type=&#8221;2_5&#8243; _builder_version=&#8221;4.16&#8243; _module_preset=&#8221;default&#8221; background_color=&#8221;#FFFFFF&#8221; custom_padding=&#8221;25px|25px|25px|25px|false|false&#8221; border_width_all=&#8221;1px&#8221; border_color_all=&#8221;#2A7BBF&#8221; box_shadow_style=&#8221;preset1&#8243; global_colors_info=&#8221;{}&#8221;][et_pb_text _builder_version=&#8221;4.16&#8243; _module_preset=&#8221;18e5c8b2-7d4a-4c62-92e3-d6b6ddee313e&#8221; border_color_all=&#8221;#535C60&#8243; global_colors_info=&#8221;{}&#8221;]<\/p>\n<h3>Renseignements et r\u00e9servations<\/h3>\n<p>[\/et_pb_text][et_pb_blurb use_icon=&#8221;on&#8221; font_icon=&#8221;&#xe023;||divi||400&#8243; icon_color=&#8221;#73B3E8&#8243; icon_placement=&#8221;left&#8221; image_icon_width=&#8221;28px&#8221; _builder_version=&#8221;4.16&#8243; _module_preset=&#8221;default&#8221; width=&#8221;100%&#8221; custom_margin=&#8221;||10px||false|false&#8221; icon_font_size=&#8221;28px&#8221; global_colors_info=&#8221;{}&#8221;]<\/p>\n<h1>2022<\/h1>\n<p>1 et 2 \/ 8 et 9 juillet<br \/><strong>Du 11 juillet au 3 septembre<\/strong> : du mardi au dimanche<br \/><strong>Sorties \u00e0 9h00 et 11h30.<\/strong><\/p>\n<p>[\/et_pb_blurb][et_pb_button button_url=&#8221;#agenda&#8221; button_text=&#8221;Voir l&apos;agenda &#8221; button_alignment=&#8221;center&#8221; _builder_version=&#8221;4.16&#8243; _module_preset=&#8221;default&#8221; custom_button=&#8221;on&#8221; button_text_size=&#8221;13px&#8221; button_border_width=&#8221;0px&#8221; button_font=&#8221;|||on|||||&#8221; button_icon=&#8221;&#x4c;||divi||400&#8243; button_icon_placement=&#8221;left&#8221; button_on_hover=&#8221;off&#8221; custom_margin=&#8221;||2px||false|false&#8221; locked=&#8221;off&#8221; global_colors_info=&#8221;{}&#8221; button_bg_color__hover_enabled=&#8221;on|hover&#8221; button_bg_color__hover=&#8221;RGBA(0,0,0,0)&#8221; button_bg_enable_color__hover=&#8221;on&#8221;][\/et_pb_button][et_pb_blurb use_icon=&#8221;on&#8221; font_icon=&#8221;&#xe0e1;||divi||400&#8243; icon_color=&#8221;#73B3E8&#8243; icon_placement=&#8221;left&#8221; image_icon_width=&#8221;28px&#8221; _builder_version=&#8221;4.16&#8243; _module_preset=&#8221;default&#8221; width=&#8221;100%&#8221; custom_margin=&#8221;||10px||false|false&#8221; icon_font_size=&#8221;28px&#8221; global_colors_info=&#8221;{}&#8221;]<\/p>\n<p><strong>Dur\u00e9e\u00a0:<\/strong>2\u00a0h\u00a030<\/p>\n<p>[\/et_pb_blurb][et_pb_blurb use_icon=&#8221;on&#8221; font_icon=&#8221;&#xe0f3;||divi||400&#8243; icon_color=&#8221;#73B3E8&#8243; icon_placement=&#8221;left&#8221; image_icon_width=&#8221;28px&#8221; _builder_version=&#8221;4.16&#8243; _module_preset=&#8221;default&#8221; width=&#8221;100%&#8221; custom_margin=&#8221;||10px||false|false&#8221; icon_font_size=&#8221;28px&#8221; global_colors_info=&#8221;{}&#8221;]<\/p>\n<p><strong>Prix<\/strong> : 20 \u20ac par personne<br \/><strong>Billet famille (4 pax)<\/strong> : 60\u20ac.<br \/><strong>Groupe (10 pax)<\/strong> : 15 \u20ac par personne<\/p>\n<p>[\/et_pb_blurb][et_pb_blurb use_icon=&#8221;on&#8221; font_icon=&#8221;&#xe081;||divi||400&#8243; icon_color=&#8221;#73B3E8&#8243; icon_placement=&#8221;left&#8221; image_icon_width=&#8221;28px&#8221; _builder_version=&#8221;4.16&#8243; _module_preset=&#8221;default&#8221; width=&#8221;100%&#8221; custom_margin=&#8221;||10px||false|false&#8221; icon_font_size=&#8221;28px&#8221; global_colors_info=&#8221;{}&#8221;]<\/p>\n<p><strong>Lieu de rencontre:<\/strong><a href=\"https:\/\/goo.gl\/maps\/jU1yZLrKbHCQFJJx5\" target=\"_blank\" rel=\"noopener\">\u00a0Aula Aqu\u00e0tica de la Masia Blanca\u00a0<\/a><\/p>\n<p>[\/et_pb_blurb][et_pb_blurb title=&#8221;Il est n\u00e9cessaire de r\u00e9server \u00e0 l&#039;avance.&#8221; use_icon=&#8221;on&#8221; font_icon=&#8221;&#x70;||divi||400&#8243; icon_color=&#8221;#73B3E8&#8243; icon_placement=&#8221;left&#8221; image_icon_width=&#8221;28px&#8221; _builder_version=&#8221;4.16&#8243; _module_preset=&#8221;default&#8221; width=&#8221;100%&#8221; custom_margin=&#8221;||10px||false|false&#8221; icon_font_size=&#8221;28px&#8221; global_colors_info=&#8221;{}&#8221;]<\/p>\n<ul>\n<li><span class=\"JsGRdQ\" style=\"font-style: normal; text-decoration: none;\"><strong>Activit\u00e9 familiale \u00e0 partir de 8 ans<\/strong> (de 8 \u00e0 14 ans accompagn\u00e9 d&#8217;un adulte). <\/span><\/li>\n<li><span class=\"JsGRdQ\" style=\"font-style: normal; text-decoration: none;\"><strong>Les d\u00e9parts doivent toujours \u00eatre r\u00e9serv\u00e9s au moins 24 heures \u00e0 l&#8217;avance.. <\/strong><\/span><\/li>\n<\/ul>\n<p><a href=\"https:\/\/g.page\/turismevendrell?share\" target=\"_blank\">Oficina de Turisme de Coma-ruga<\/a><\/p>\n<p>[\/et_pb_blurb][et_pb_blurb use_icon=&#8221;on&#8221; font_icon=&#8221;&#xe090;||divi||400&#8243; icon_color=&#8221;#73B3E8&#8243; icon_placement=&#8221;left&#8221; image_icon_width=&#8221;28px&#8221; _builder_version=&#8221;4.16&#8243; _module_preset=&#8221;default&#8221; width=&#8221;100%&#8221; custom_margin=&#8221;||10px||false|false&#8221; icon_font_size=&#8221;28px&#8221; global_colors_info=&#8221;{}&#8221;]<\/p>\n<p><a href=\"tel:977680010\">977 68 00 10<\/a><\/p>\n<p>[\/et_pb_blurb][et_pb_blurb image=&#8221;https:\/\/elvendrellturisme.dms3labs.cat\/wp-content\/uploads\/copia-de-copia-de-el-vendrell-web.jpg&#8221; alt=&#8221;whatsapp marche nordique el vendrell&#8221; icon_placement=&#8221;left&#8221; _builder_version=&#8221;4.16&#8243; _module_preset=&#8221;default&#8221; width=&#8221;100%&#8221; custom_margin=&#8221;||10px||false|false&#8221; locked=&#8221;off&#8221; global_colors_info=&#8221;{}&#8221;]<\/p>\n<p><a href=\"https:\/\/wa.me\/+34670019171\" target=\"_blank\" rel=\"noopener\">670 019 171<\/a><\/p>\n<p>[\/et_pb_blurb][et_pb_blurb use_icon=&#8221;on&#8221; font_icon=&#8221;&#xe076;||divi||400&#8243; icon_color=&#8221;#73B3E8&#8243; icon_placement=&#8221;left&#8221; image_icon_width=&#8221;28px&#8221; _builder_version=&#8221;4.16&#8243; _module_preset=&#8221;default&#8221; width=&#8221;100%&#8221; custom_margin=&#8221;||10px||false|false&#8221; icon_font_size=&#8221;28px&#8221; global_colors_info=&#8221;{}&#8221;]<\/p>\n<p><a href=\"mailto:informacio@elvendrellturistic.com\">informacio@elvendrellturistic.com<\/a><\/p>\n<p>[\/et_pb_blurb][\/et_pb_column][et_pb_column type=&#8221;3_5&#8243; _builder_version=&#8221;4.16&#8243; _module_preset=&#8221;default&#8221; background_enable_color=&#8221;off&#8221; background_image=&#8221;https:\/\/elvendrellturisme.dms3labs.cat\/wp-content\/uploads\/aula-aquatica-20231.jpg&#8221; background_size=&#8221;contain&#8221; custom_padding=&#8221;25px|25px|25px|25px|false|false&#8221; custom_css_main_element=&#8221;background-size: contain !important;&#8221; border_width_all=&#8221;1px&#8221; border_color_all=&#8221;#2A7BBF&#8221; box_shadow_style=&#8221;preset1&#8243; global_colors_info=&#8221;{}&#8221;][\/et_pb_column][\/et_pb_row][et_pb_row _builder_version=&#8221;4.16&#8243; _module_preset=&#8221;default&#8221; global_colors_info=&#8221;{}&#8221;][et_pb_column type=&#8221;4_4&#8243; _builder_version=&#8221;4.16&#8243; _module_preset=&#8221;default&#8221; global_colors_info=&#8221;{}&#8221;]<\/p>\n<p>[et_pb_video_slider _builder_version=&#8221;4.9.11&#8243; _module_preset=&#8221;default&#8221; global_colors_info=&#8221;{}&#8221;][et_pb_video_slider_item src=&#8221;https:\/\/youtu.be\/G-sHCYQFT0Q&#8221; _builder_version=&#8221;4.9.11&#8243; _module_preset=&#8221;default&#8221; global_colors_info=&#8221;{}&#8221; show_image_overlay=&#8221;off&#8221;][\/et_pb_video_slider_item][\/et_pb_video_slider]<\/p>\n<p>[\/et_pb_column][\/et_pb_row][\/et_pb_section][et_pb_section fb_built=&#8221;1&#8243; disabled_on=&#8221;on|on|on&#8221; module_id=&#8221;activitats-familiars&#8221; _builder_version=&#8221;4.23.4&#8243; _module_preset=&#8221;default&#8221; background_color=&#8221;#ffffff&#8221; custom_padding=&#8221;||50px|||&#8221; disabled=&#8221;on&#8221; global_colors_info=&#8221;{}&#8221;][et_pb_row disabled_on=&#8221;off|off|off&#8221; _builder_version=&#8221;4.16&#8243; _module_preset=&#8221;default&#8221; global_colors_info=&#8221;{}&#8221;][et_pb_column type=&#8221;4_4&#8243; _builder_version=&#8221;4.16&#8243; _module_preset=&#8221;default&#8221; global_colors_info=&#8221;{}&#8221;][et_pb_text _builder_version=&#8221;4.16&#8243; _module_preset=&#8221;68ea58d1-0a0d-4ff7-85ee-f9cbe626b1ec&#8221; header_2_text_align=&#8221;left&#8221; global_colors_info=&#8221;{}&#8221;]<\/p>\n<h2>Activit\u00e9s familiales<\/h2>\n<p>[\/et_pb_text][et_pb_text _builder_version=&#8221;4.16&#8243; _module_preset=&#8221;default&#8221; global_colors_info=&#8221;{}&#8221;]<\/p>\n<p>Tout au long de l&#8217;ann\u00e9e, Turisme del Vendrell organise des activit\u00e9s con\u00e7ues pour le plaisir des familles.<\/p>\n<p>Ici, nous mettrons \u00e0 jour les informations des diff\u00e9rentes activit\u00e9s.<\/p>\n<p style=\"text-align: justify;\">\u00a0<\/p>\n<p>[\/et_pb_text][\/et_pb_column][\/et_pb_row][et_pb_row column_structure=&#8221;2_5,3_5&#8243; make_equal=&#8221;on&#8221; custom_padding_last_edited=&#8221;on|phone&#8221; _builder_version=&#8221;4.16&#8243; _module_preset=&#8221;default&#8221; custom_margin=&#8221;|auto|38px|auto||&#8221; custom_padding=&#8221;|||0px|false|false&#8221; custom_padding_tablet=&#8221;0px||||false|false&#8221; custom_padding_phone=&#8221;&#8221; locked=&#8221;off&#8221; global_colors_info=&#8221;{}&#8221;][et_pb_column type=&#8221;2_5&#8243; _builder_version=&#8221;4.16&#8243; _module_preset=&#8221;default&#8221; background_color=&#8221;#FFFFFF&#8221; custom_padding=&#8221;25px|25px|25px|25px|false|false&#8221; border_width_all=&#8221;1px&#8221; border_color_all=&#8221;#2A7BBF&#8221; box_shadow_style=&#8221;preset1&#8243; global_colors_info=&#8221;{}&#8221;][et_pb_text _builder_version=&#8221;4.16&#8243; _module_preset=&#8221;18e5c8b2-7d4a-4c62-92e3-d6b6ddee313e&#8221; border_color_all=&#8221;#535C60&#8243; global_colors_info=&#8221;{}&#8221;]<\/p>\n<h3>Renseignements et r\u00e9servations<\/h3>\n<p>[\/et_pb_text][et_pb_blurb title=&#8221;NUIT DES CHAUVES-SOURIS&#8221; use_icon=&#8221;on&#8221; font_icon=&#8221;&#xe023;||divi||400&#8243; icon_color=&#8221;#73B3E8&#8243; icon_placement=&#8221;left&#8221; image_icon_width=&#8221;28px&#8221; _builder_version=&#8221;4.23.4&#8243; _module_preset=&#8221;default&#8221; width=&#8221;100%&#8221; custom_margin=&#8221;||10px||false|false&#8221; icon_font_size=&#8221;28px&#8221; global_colors_info=&#8221;{}&#8221;]<\/p>\n<ul>\n<li>14\/06\/2024<\/li>\n<\/ul>\n<p>[\/et_pb_blurb][et_pb_button button_url=&#8221;#agenda&#8221; button_text=&#8221;Voir l&apos;agenda &#8221; button_alignment=&#8221;center&#8221; _builder_version=&#8221;4.16&#8243; _module_preset=&#8221;default&#8221; custom_button=&#8221;on&#8221; button_text_size=&#8221;13px&#8221; button_border_width=&#8221;0px&#8221; button_font=&#8221;|||on|||||&#8221; button_icon=&#8221;&#x4c;||divi||400&#8243; button_icon_placement=&#8221;left&#8221; button_on_hover=&#8221;off&#8221; custom_margin=&#8221;-5px||2px||false|false&#8221; custom_padding=&#8221;6px|||||&#8221; locked=&#8221;off&#8221; global_colors_info=&#8221;{}&#8221; button_bg_color__hover_enabled=&#8221;on|hover&#8221; button_bg_color__hover=&#8221;RGBA(0,0,0,0)&#8221; button_bg_enable_color__hover=&#8221;on&#8221;][\/et_pb_button][et_pb_blurb use_icon=&#8221;on&#8221; font_icon=&#8221;&#x70;||divi||400&#8243; icon_color=&#8221;#73B3E8&#8243; icon_placement=&#8221;left&#8221; image_icon_width=&#8221;28px&#8221; _builder_version=&#8221;4.16&#8243; _module_preset=&#8221;default&#8221; width=&#8221;100%&#8221; custom_margin=&#8221;||10px||false|false&#8221; icon_font_size=&#8221;28px&#8221; global_colors_info=&#8221;{}&#8221;]<\/p>\n<ul>\n<li>Activit\u00e9 familiale. <\/li>\n<li>R\u00e9servation obligatoire.<\/li>\n<li>Nombre de places limit\u00e9.<\/li>\n<\/ul>\n<p>[\/et_pb_blurb][et_pb_blurb use_icon=&#8221;on&#8221; font_icon=&#8221;&#xe0ed;||divi||400&#8243; icon_color=&#8221;#73B3E8&#8243; icon_placement=&#8221;left&#8221; image_icon_width=&#8221;28px&#8221; _builder_version=&#8221;4.16&#8243; _module_preset=&#8221;default&#8221; width=&#8221;100%&#8221; custom_margin=&#8221;11px||10px||false|false&#8221; icon_font_size=&#8221;28px&#8221; global_colors_info=&#8221;{}&#8221;]<\/p>\n<p>gratuit<\/p>\n<p>[\/et_pb_blurb][et_pb_blurb use_icon=&#8221;on&#8221; font_icon=&#8221;&#xe06b;||divi||400&#8243; icon_color=&#8221;#73B3E8&#8243; icon_placement=&#8221;left&#8221; image_icon_width=&#8221;28px&#8221; _builder_version=&#8221;4.23.4&#8243; _module_preset=&#8221;default&#8221; width=&#8221;100%&#8221; custom_margin=&#8221;11px||10px||false|false&#8221; icon_font_size=&#8221;28px&#8221; global_colors_info=&#8221;{}&#8221;]<\/p>\n<p>\u00c0 20 heures<\/p>\n<p>[\/et_pb_blurb][et_pb_blurb use_icon=&#8221;on&#8221; font_icon=&#8221;&#xe081;||divi||400&#8243; icon_color=&#8221;#73B3E8&#8243; icon_placement=&#8221;left&#8221; image_icon_width=&#8221;28px&#8221; _builder_version=&#8221;4.16&#8243; _module_preset=&#8221;default&#8221; width=&#8221;100%&#8221; custom_margin=&#8221;11px||10px||false|false&#8221; icon_font_size=&#8221;28px&#8221; global_colors_info=&#8221;{}&#8221;]<\/p>\n<p><a href=\"https:\/\/maps.app.goo.gl\/8o1JL2HgEyf6g4CV6\" target=\"_blank\" rel=\"noopener\"><\/a><a href=\"https:\/\/maps.app.goo.gl\/7scoWrqd52bDzY7K8\" target=\"_blank\" rel=\"noopener\">B\u00fanquer de les Madrigueres<\/a><\/p>\n<p>[\/et_pb_blurb][et_pb_blurb use_icon=&#8221;on&#8221; font_icon=&#8221;&#xe090;||divi||400&#8243; icon_color=&#8221;#73B3E8&#8243; icon_placement=&#8221;left&#8221; image_icon_width=&#8221;28px&#8221; _builder_version=&#8221;4.23.4&#8243; _module_preset=&#8221;default&#8221; width=&#8221;100%&#8221; custom_margin=&#8221;||10px||false|false&#8221; icon_font_size=&#8221;28px&#8221; global_colors_info=&#8221;{}&#8221;]<\/p>\n<p>618 571 478<\/p>\n<p>[\/et_pb_blurb][et_pb_blurb image=&#8221;https:\/\/elvendrellturisme.dms3labs.cat\/wp-content\/uploads\/copia-de-copia-de-el-vendrell-web.jpg&#8221; alt=&#8221;whatsapp marche nordique el vendrell&#8221; icon_placement=&#8221;left&#8221; _builder_version=&#8221;4.16&#8243; _module_preset=&#8221;default&#8221; width=&#8221;100%&#8221; custom_margin=&#8221;||10px||false|false&#8221; global_colors_info=&#8221;{}&#8221;]<\/p>\n<p><a href=\"https:\/\/wa.me\/+34670019171\" target=\"_blank\" rel=\"noopener\">670 019 171<\/a><\/p>\n<p>[\/et_pb_blurb][et_pb_blurb use_icon=&#8221;on&#8221; font_icon=&#8221;&#xe076;||divi||400&#8243; icon_color=&#8221;#73B3E8&#8243; icon_placement=&#8221;left&#8221; image_icon_width=&#8221;28px&#8221; _builder_version=&#8221;4.23.4&#8243; _module_preset=&#8221;default&#8221; width=&#8221;100%&#8221; custom_margin=&#8221;||10px||false|false&#8221; icon_font_size=&#8221;28px&#8221; global_colors_info=&#8221;{}&#8221;]<\/p>\n<p><a href=\"mailto:informacio@elvendrellturistic.com\">informacio@elvendrellturisme.dms3labs.cat<\/a><\/p>\n<p>[\/et_pb_blurb][et_pb_blurb use_icon=&#8221;on&#8221; font_icon=&#8221;&#xe0e3;||divi||400&#8243; icon_color=&#8221;#73B3E8&#8243; icon_placement=&#8221;left&#8221; image_icon_width=&#8221;28px&#8221; disabled_on=&#8221;on|on|on&#8221; _builder_version=&#8221;4.16&#8243; _module_preset=&#8221;default&#8221; width=&#8221;100%&#8221; icon_font_size=&#8221;28px&#8221; disabled=&#8221;on&#8221; global_colors_info=&#8221;{}&#8221;]<\/p>\n<p><a href=\"https:\/\/museusdelvendrell.koobin.com\/casa-nadiua-pau-casals-el-vendrell\" target=\"_blank\" rel=\"noopener\">Acheter des billets<\/a><\/p>\n<p>[\/et_pb_blurb][\/et_pb_column][et_pb_column type=&#8221;3_5&#8243; _builder_version=&#8221;4.16&#8243; _module_preset=&#8221;default&#8221; background_enable_image=&#8221;off&#8221; background_size=&#8221;contain&#8221; global_colors_info=&#8221;{}&#8221;][et_pb_image src=&#8221;https:\/\/elvendrellturisme.dms3labs.cat\/wp-content\/uploads\/nit-de-ratpenats-cat-3.jpg&#8221; title_text=&#8221;ruta-guimera&#8221; _builder_version=&#8221;4.23.4&#8243; _module_preset=&#8221;default&#8221; custom_padding=&#8221;|10px|||false|false&#8221; custom_css_main_element=&#8221;margin-bottom: 10px!important;&#8221; global_colors_info=&#8221;{}&#8221;][\/et_pb_image][\/et_pb_column][\/et_pb_row][et_pb_row column_structure=&#8221;2_5,3_5&#8243; make_equal=&#8221;on&#8221; custom_padding_last_edited=&#8221;on|phone&#8221; _builder_version=&#8221;4.16&#8243; _module_preset=&#8221;default&#8221; custom_margin=&#8221;|auto|38px|auto||&#8221; custom_padding=&#8221;|||0px|false|false&#8221; custom_padding_tablet=&#8221;0px||||false|false&#8221; custom_padding_phone=&#8221;&#8221; locked=&#8221;off&#8221; global_colors_info=&#8221;{}&#8221;][et_pb_column type=&#8221;2_5&#8243; _builder_version=&#8221;4.16&#8243; _module_preset=&#8221;default&#8221; background_color=&#8221;#FFFFFF&#8221; custom_padding=&#8221;25px|25px|25px|25px|false|false&#8221; border_width_all=&#8221;1px&#8221; border_color_all=&#8221;#2A7BBF&#8221; box_shadow_style=&#8221;preset1&#8243; global_colors_info=&#8221;{}&#8221;][et_pb_text _builder_version=&#8221;4.16&#8243; _module_preset=&#8221;18e5c8b2-7d4a-4c62-92e3-d6b6ddee313e&#8221; border_color_all=&#8221;#535C60&#8243; global_colors_info=&#8221;{}&#8221;]<\/p>\n<h3>Renseignements et r\u00e9servations<\/h3>\n<p>[\/et_pb_text][et_pb_blurb title=&#8221;ITIN\u00c9RAIRE GUID\u00c9 \u00c0 TRAVERS LA PLAGE DE COMA-RUGA&#8221; use_icon=&#8221;on&#8221; font_icon=&#8221;&#xe023;||divi||400&#8243; icon_color=&#8221;#73B3E8&#8243; icon_placement=&#8221;left&#8221; image_icon_width=&#8221;28px&#8221; _builder_version=&#8221;4.23.4&#8243; _module_preset=&#8221;default&#8221; width=&#8221;100%&#8221; custom_margin=&#8221;||10px||false|false&#8221; icon_font_size=&#8221;28px&#8221; global_colors_info=&#8221;{}&#8221;]<\/p>\n<ul>\n<li>22\/06\/2024<\/li>\n<\/ul>\n<p>[\/et_pb_blurb][et_pb_button button_url=&#8221;#agenda&#8221; button_text=&#8221;Voir l&apos;agenda &#8221; button_alignment=&#8221;center&#8221; _builder_version=&#8221;4.16&#8243; _module_preset=&#8221;default&#8221; custom_button=&#8221;on&#8221; button_text_size=&#8221;13px&#8221; button_border_width=&#8221;0px&#8221; button_font=&#8221;|||on|||||&#8221; button_icon=&#8221;&#x4c;||divi||400&#8243; button_icon_placement=&#8221;left&#8221; button_on_hover=&#8221;off&#8221; custom_margin=&#8221;-5px||2px||false|false&#8221; custom_padding=&#8221;6px|||||&#8221; locked=&#8221;off&#8221; global_colors_info=&#8221;{}&#8221; button_bg_color__hover_enabled=&#8221;on|hover&#8221; button_bg_color__hover=&#8221;RGBA(0,0,0,0)&#8221; button_bg_enable_color__hover=&#8221;on&#8221;][\/et_pb_button][et_pb_blurb use_icon=&#8221;on&#8221; font_icon=&#8221;&#x70;||divi||400&#8243; icon_color=&#8221;#73B3E8&#8243; icon_placement=&#8221;left&#8221; image_icon_width=&#8221;28px&#8221; _builder_version=&#8221;4.16&#8243; _module_preset=&#8221;default&#8221; width=&#8221;100%&#8221; custom_margin=&#8221;||10px||false|false&#8221; icon_font_size=&#8221;28px&#8221; global_colors_info=&#8221;{}&#8221;]<\/p>\n<ul>\n<li>Activit\u00e9 familiale. <\/li>\n<li>R\u00e9servation obligatoire.<\/li>\n<li>Nombre de places limit\u00e9.<\/li>\n<\/ul>\n<p>[\/et_pb_blurb][et_pb_blurb use_icon=&#8221;on&#8221; font_icon=&#8221;&#xe0ed;||divi||400&#8243; icon_color=&#8221;#73B3E8&#8243; icon_placement=&#8221;left&#8221; image_icon_width=&#8221;28px&#8221; _builder_version=&#8221;4.16&#8243; _module_preset=&#8221;default&#8221; width=&#8221;100%&#8221; custom_margin=&#8221;11px||10px||false|false&#8221; icon_font_size=&#8221;28px&#8221; global_colors_info=&#8221;{}&#8221;]<\/p>\n<p>gratuit<\/p>\n<p>[\/et_pb_blurb][et_pb_blurb use_icon=&#8221;on&#8221; font_icon=&#8221;&#xe06b;||divi||400&#8243; icon_color=&#8221;#73B3E8&#8243; icon_placement=&#8221;left&#8221; image_icon_width=&#8221;28px&#8221; _builder_version=&#8221;4.23.4&#8243; _module_preset=&#8221;default&#8221; width=&#8221;100%&#8221; custom_margin=&#8221;11px||10px||false|false&#8221; icon_font_size=&#8221;28px&#8221; global_colors_info=&#8221;{}&#8221;]<\/p>\n<p>De 9h \u00e0 10h\/p>[\/et_pb_blurb][et_pb_blurb use_icon=&#8221;on&#8221; font_icon=&#8221;&#xe081;||divi||400&#8243; icon_color=&#8221;#73B3E8&#8243; icon_placement=&#8221;left&#8221; image_icon_width=&#8221;28px&#8221; _builder_version=&#8221;4.23.4&#8243; _module_preset=&#8221;default&#8221; width=&#8221;100%&#8221; custom_margin=&#8221;11px||10px||false|false&#8221; icon_font_size=&#8221;28px&#8221; global_colors_info=&#8221;{}&#8221;]<\/p>\n<p>Office de Tourisme de Tabaris, avinguda del Balneari, 3<\/p>\n<p>[\/et_pb_blurb][et_pb_blurb use_icon=&#8221;on&#8221; font_icon=&#8221;&#xe090;||divi||400&#8243; icon_color=&#8221;#73B3E8&#8243; icon_placement=&#8221;left&#8221; image_icon_width=&#8221;28px&#8221; _builder_version=&#8221;4.23.4&#8243; _module_preset=&#8221;default&#8221; width=&#8221;100%&#8221; custom_margin=&#8221;||10px||false|false&#8221; icon_font_size=&#8221;28px&#8221; global_colors_info=&#8221;{}&#8221;]<\/p>\n<p>618 571 478<\/p>\n<p>[\/et_pb_blurb][et_pb_blurb image=&#8221;https:\/\/elvendrellturisme.dms3labs.cat\/wp-content\/uploads\/copia-de-copia-de-el-vendrell-web.jpg&#8221; alt=&#8221;whatsapp marche nordique el vendrell&#8221; icon_placement=&#8221;left&#8221; _builder_version=&#8221;4.16&#8243; _module_preset=&#8221;default&#8221; width=&#8221;100%&#8221; custom_margin=&#8221;||10px||false|false&#8221; global_colors_info=&#8221;{}&#8221;]<\/p>\n<p><a href=\"https:\/\/wa.me\/+34670019171\" target=\"_blank\" rel=\"noopener\">670 019 171<\/a><\/p>\n<p>[\/et_pb_blurb][et_pb_blurb use_icon=&#8221;on&#8221; font_icon=&#8221;&#xe076;||divi||400&#8243; icon_color=&#8221;#73B3E8&#8243; icon_placement=&#8221;left&#8221; image_icon_width=&#8221;28px&#8221; _builder_version=&#8221;4.23.4&#8243; _module_preset=&#8221;default&#8221; width=&#8221;100%&#8221; custom_margin=&#8221;||10px||false|false&#8221; icon_font_size=&#8221;28px&#8221; global_colors_info=&#8221;{}&#8221;]<\/p>\n<p><a href=\"mailto:informacio@elvendrellturistic.com\">informacio@elvendrellturisme.dms3labs.cat<\/a><\/p>\n<p>[\/et_pb_blurb][et_pb_blurb use_icon=&#8221;on&#8221; font_icon=&#8221;&#xe0e3;||divi||400&#8243; icon_color=&#8221;#73B3E8&#8243; icon_placement=&#8221;left&#8221; image_icon_width=&#8221;28px&#8221; disabled_on=&#8221;on|on|on&#8221; _builder_version=&#8221;4.16&#8243; _module_preset=&#8221;default&#8221; width=&#8221;100%&#8221; icon_font_size=&#8221;28px&#8221; disabled=&#8221;on&#8221; global_colors_info=&#8221;{}&#8221;]<\/p>\n<p><a href=\"https:\/\/museusdelvendrell.koobin.com\/casa-nadiua-pau-casals-el-vendrell\" target=\"_blank\" rel=\"noopener\">Acheter des billets<\/a><\/p>\n<p>[\/et_pb_blurb][\/et_pb_column][et_pb_column type=&#8221;3_5&#8243; _builder_version=&#8221;4.16&#8243; _module_preset=&#8221;default&#8221; background_enable_image=&#8221;off&#8221; background_size=&#8221;contain&#8221; global_colors_info=&#8221;{}&#8221;][et_pb_image src=&#8221;https:\/\/elvendrellturisme.dms3labs.cat\/wp-content\/uploads\/activitat-turismar-cat.jpg&#8221; title_text=&#8221;ruta-guimera&#8221; _builder_version=&#8221;4.23.4&#8243; _module_preset=&#8221;default&#8221; custom_padding=&#8221;|10px|||false|false&#8221; custom_css_main_element=&#8221;margin-bottom: 10px!important;&#8221; global_colors_info=&#8221;{}&#8221;][\/et_pb_image][\/et_pb_column][\/et_pb_row][et_pb_row column_structure=&#8221;2_5,3_5&#8243; make_equal=&#8221;on&#8221; custom_padding_last_edited=&#8221;on|phone&#8221; _builder_version=&#8221;4.16&#8243; _module_preset=&#8221;default&#8221; custom_margin=&#8221;|auto|38px|auto||&#8221; custom_padding=&#8221;|||0px|false|false&#8221; custom_padding_tablet=&#8221;0px||||false|false&#8221; custom_padding_phone=&#8221;&#8221; locked=&#8221;off&#8221; global_colors_info=&#8221;{}&#8221;][et_pb_column type=&#8221;2_5&#8243; _builder_version=&#8221;4.16&#8243; _module_preset=&#8221;default&#8221; background_color=&#8221;#FFFFFF&#8221; custom_padding=&#8221;25px|25px|25px|25px|false|false&#8221; border_width_all=&#8221;1px&#8221; border_color_all=&#8221;#2A7BBF&#8221; box_shadow_style=&#8221;preset1&#8243; global_colors_info=&#8221;{}&#8221;][et_pb_text _builder_version=&#8221;4.16&#8243; _module_preset=&#8221;18e5c8b2-7d4a-4c62-92e3-d6b6ddee313e&#8221; border_color_all=&#8221;#535C60&#8243; global_colors_info=&#8221;{}&#8221;]<\/p>\n<h3>Renseignements et r\u00e9servations<\/h3>\n<p>[\/et_pb_text][et_pb_blurb title=&#8221;D\u00c9CONNEXION AVEC LE MEILLEUR COUCHER DE SOLEIL&#8221; use_icon=&#8221;on&#8221; font_icon=&#8221;&#xe023;||divi||400&#8243; icon_color=&#8221;#73B3E8&#8243; icon_placement=&#8221;left&#8221; image_icon_width=&#8221;28px&#8221; _builder_version=&#8221;4.16&#8243; _module_preset=&#8221;default&#8221; width=&#8221;100%&#8221; custom_margin=&#8221;||10px||false|false&#8221; icon_font_size=&#8221;28px&#8221; global_colors_info=&#8221;{}&#8221;]<\/p>\n<p>5, 7, 12, 14, 19, 21 et 28 d\u00e9cembre<\/p>\n<p>[\/et_pb_blurb][et_pb_button button_url=&#8221;#agenda&#8221; button_text=&#8221;Voir l&apos;agenda &#8221; button_alignment=&#8221;center&#8221; _builder_version=&#8221;4.16&#8243; _module_preset=&#8221;default&#8221; custom_button=&#8221;on&#8221; button_text_size=&#8221;13px&#8221; button_border_width=&#8221;0px&#8221; button_font=&#8221;|||on|||||&#8221; button_icon=&#8221;&#x4c;||divi||400&#8243; button_icon_placement=&#8221;left&#8221; button_on_hover=&#8221;off&#8221; custom_margin=&#8221;-5px||2px||false|false&#8221; custom_padding=&#8221;6px|||||&#8221; locked=&#8221;off&#8221; global_colors_info=&#8221;{}&#8221; button_bg_color__hover_enabled=&#8221;on|hover&#8221; button_bg_color__hover=&#8221;RGBA(0,0,0,0)&#8221; button_bg_enable_color__hover=&#8221;on&#8221;][\/et_pb_button][et_pb_blurb use_icon=&#8221;on&#8221; font_icon=&#8221;&#x70;||divi||400&#8243; icon_color=&#8221;#73B3E8&#8243; icon_placement=&#8221;left&#8221; image_icon_width=&#8221;28px&#8221; _builder_version=&#8221;4.16&#8243; _module_preset=&#8221;default&#8221; width=&#8221;100%&#8221; custom_margin=&#8221;||10px||false|false&#8221; icon_font_size=&#8221;28px&#8221; global_colors_info=&#8221;{}&#8221;]<\/p>\n<ul>\n<li>Une r\u00e9servation \u00e0 l&#8217;avance est requise.<\/li>\n<\/ul>\n<p>[\/et_pb_blurb][et_pb_blurb use_icon=&#8221;on&#8221; font_icon=&#8221;&#xe0ed;||divi||400&#8243; icon_color=&#8221;#73B3E8&#8243; icon_placement=&#8221;left&#8221; image_icon_width=&#8221;28px&#8221; _builder_version=&#8221;4.16&#8243; _module_preset=&#8221;default&#8221; width=&#8221;100%&#8221; custom_margin=&#8221;11px||10px||false|false&#8221; icon_font_size=&#8221;28px&#8221; global_colors_info=&#8221;{}&#8221;]<\/p>\n<p>gratuit<\/p>\n<p>[\/et_pb_blurb][et_pb_blurb use_icon=&#8221;on&#8221; font_icon=&#8221;&#xe06b;||divi||400&#8243; icon_color=&#8221;#73B3E8&#8243; icon_placement=&#8221;left&#8221; image_icon_width=&#8221;28px&#8221; _builder_version=&#8221;4.16&#8243; _module_preset=&#8221;default&#8221; width=&#8221;100%&#8221; custom_margin=&#8221;11px||10px||false|false&#8221; icon_font_size=&#8221;28px&#8221; global_colors_info=&#8221;{}&#8221;]<\/p>\n<p>De 17h \u00e0 18h<\/p>\n<p>[\/et_pb_blurb][et_pb_blurb use_icon=&#8221;on&#8221; font_icon=&#8221;&#xe081;||divi||400&#8243; icon_color=&#8221;#73B3E8&#8243; icon_placement=&#8221;left&#8221; image_icon_width=&#8221;28px&#8221; _builder_version=&#8221;4.16&#8243; _module_preset=&#8221;default&#8221; width=&#8221;100%&#8221; custom_margin=&#8221;11px||10px||false|false&#8221; icon_font_size=&#8221;28px&#8221; global_colors_info=&#8221;{}&#8221;]<\/p>\n<p><a href=\"https:\/\/maps.app.goo.gl\/XUawK9MdRrey16i96\" target=\"_blank\" rel=\"noopener\">Pl. dels Germans Trillas (Coma-ruga)<\/a><\/p>\n<p>[\/et_pb_blurb][et_pb_blurb use_icon=&#8221;on&#8221; font_icon=&#8221;&#xe090;||divi||400&#8243; icon_color=&#8221;#73B3E8&#8243; icon_placement=&#8221;left&#8221; image_icon_width=&#8221;28px&#8221; _builder_version=&#8221;4.16&#8243; _module_preset=&#8221;default&#8221; width=&#8221;100%&#8221; custom_margin=&#8221;||10px||false|false&#8221; icon_font_size=&#8221;28px&#8221; global_colors_info=&#8221;{}&#8221;]<\/p>\n<p><a href=\"tel:977680010\">977 680 010<\/a><\/p>\n<p>[\/et_pb_blurb][et_pb_blurb image=&#8221;https:\/\/elvendrellturisme.dms3labs.cat\/wp-content\/uploads\/copia-de-copia-de-el-vendrell-web.jpg&#8221; alt=&#8221;whatsapp marche nordique el vendrell&#8221; icon_placement=&#8221;left&#8221; _builder_version=&#8221;4.16&#8243; _module_preset=&#8221;default&#8221; width=&#8221;100%&#8221; custom_margin=&#8221;||10px||false|false&#8221; global_colors_info=&#8221;{}&#8221;]<\/p>\n<p><a href=\"https:\/\/wa.me\/+34670019171\" target=\"_blank\" rel=\"noopener\">670 019 171<\/a><\/p>\n<p>[\/et_pb_blurb][et_pb_blurb use_icon=&#8221;on&#8221; font_icon=&#8221;&#xe076;||divi||400&#8243; icon_color=&#8221;#73B3E8&#8243; icon_placement=&#8221;left&#8221; image_icon_width=&#8221;28px&#8221; _builder_version=&#8221;4.16&#8243; _module_preset=&#8221;default&#8221; width=&#8221;100%&#8221; custom_margin=&#8221;||10px||false|false&#8221; icon_font_size=&#8221;28px&#8221; global_colors_info=&#8221;{}&#8221;]<\/p>\n<p><a href=\"mailto:informacio@elvendrellturistic.com\">informacio@elvendrellturistic.com<\/a><\/p>\n<p>[\/et_pb_blurb][et_pb_blurb use_icon=&#8221;on&#8221; font_icon=&#8221;&#xe0e3;||divi||400&#8243; icon_color=&#8221;#73B3E8&#8243; icon_placement=&#8221;left&#8221; image_icon_width=&#8221;28px&#8221; disabled_on=&#8221;on|on|on&#8221; _builder_version=&#8221;4.16&#8243; _module_preset=&#8221;default&#8221; width=&#8221;100%&#8221; icon_font_size=&#8221;28px&#8221; disabled=&#8221;on&#8221; global_colors_info=&#8221;{}&#8221;]<\/p>\n<p><a href=\"https:\/\/museusdelvendrell.koobin.com\/casa-nadiua-pau-casals-el-vendrell\" target=\"_blank\" rel=\"noopener\">Acheter des billets<\/a><\/p>\n<p>[\/et_pb_blurb][\/et_pb_column][et_pb_column type=&#8221;3_5&#8243; _builder_version=&#8221;4.16&#8243; _module_preset=&#8221;default&#8221; background_enable_image=&#8221;off&#8221; background_size=&#8221;contain&#8221; global_colors_info=&#8221;{}&#8221;][et_pb_image src=&#8221;https:\/\/elvendrellturisme.dms3labs.cat\/wp-content\/uploads\/activitat-posta-de-sol-cat.jpg&#8221; title_text=&#8221;ruta-guimera&#8221; _builder_version=&#8221;4.16&#8243; _module_preset=&#8221;default&#8221; custom_padding=&#8221;|10px|||false|false&#8221; custom_css_main_element=&#8221;margin-bottom: 10px!important;&#8221; global_colors_info=&#8221;{}&#8221;][\/et_pb_image][\/et_pb_column][\/et_pb_row][et_pb_row column_structure=&#8221;2_5,3_5&#8243; make_equal=&#8221;on&#8221; custom_padding_last_edited=&#8221;on|phone&#8221; _builder_version=&#8221;4.16&#8243; _module_preset=&#8221;default&#8221; custom_margin=&#8221;|auto|38px|auto||&#8221; custom_padding=&#8221;|||0px|false|false&#8221; custom_padding_tablet=&#8221;0px||||false|false&#8221; custom_padding_phone=&#8221;&#8221; locked=&#8221;off&#8221; global_colors_info=&#8221;{}&#8221;][et_pb_column type=&#8221;2_5&#8243; _builder_version=&#8221;4.16&#8243; _module_preset=&#8221;default&#8221; background_color=&#8221;#FFFFFF&#8221; custom_padding=&#8221;25px|25px|25px|25px|false|false&#8221; border_width_all=&#8221;1px&#8221; border_color_all=&#8221;#2A7BBF&#8221; box_shadow_style=&#8221;preset1&#8243; global_colors_info=&#8221;{}&#8221;][et_pb_text _builder_version=&#8221;4.16&#8243; _module_preset=&#8221;18e5c8b2-7d4a-4c62-92e3-d6b6ddee313e&#8221; border_color_all=&#8221;#535C60&#8243; global_colors_info=&#8221;{}&#8221;]<\/p>\n<h3>Renseignements et r\u00e9servations<\/h3>\n<p>[\/et_pb_text][et_pb_blurb title=&#8221;CIN\u00c9MA D&#039;\u00c9T\u00c9&#8221; use_icon=&#8221;on&#8221; font_icon=&#8221;&#xe023;||divi||400&#8243; icon_color=&#8221;#73B3E8&#8243; icon_placement=&#8221;left&#8221; image_icon_width=&#8221;28px&#8221; _builder_version=&#8221;4.16&#8243; _module_preset=&#8221;default&#8221; width=&#8221;100%&#8221; custom_margin=&#8221;||10px||false|false&#8221; icon_font_size=&#8221;28px&#8221; global_colors_info=&#8221;{}&#8221;]<\/p>\n<ul>\n<li>01\/07\/2023<\/li>\n<li>22\/07\/2023<\/li>\n<li>12\/08\/2023<\/li>\n<\/ul>\n<p>[\/et_pb_blurb][et_pb_button button_url=&#8221;#agenda&#8221; button_text=&#8221;Voir l&apos;agenda &#8221; button_alignment=&#8221;center&#8221; _builder_version=&#8221;4.16&#8243; _module_preset=&#8221;default&#8221; custom_button=&#8221;on&#8221; button_text_size=&#8221;13px&#8221; button_border_width=&#8221;0px&#8221; button_font=&#8221;|||on|||||&#8221; button_icon=&#8221;&#x4c;||divi||400&#8243; button_icon_placement=&#8221;left&#8221; button_on_hover=&#8221;off&#8221; custom_margin=&#8221;-5px||2px||false|false&#8221; custom_padding=&#8221;6px|||||&#8221; locked=&#8221;off&#8221; global_colors_info=&#8221;{}&#8221; button_bg_color__hover_enabled=&#8221;on|hover&#8221; button_bg_color__hover=&#8221;RGBA(0,0,0,0)&#8221; button_bg_enable_color__hover=&#8221;on&#8221;][\/et_pb_button][et_pb_blurb use_icon=&#8221;on&#8221; font_icon=&#8221;&#x70;||divi||400&#8243; icon_color=&#8221;#73B3E8&#8243; icon_placement=&#8221;left&#8221; image_icon_width=&#8221;28px&#8221; _builder_version=&#8221;4.16&#8243; _module_preset=&#8221;default&#8221; width=&#8221;100%&#8221; custom_margin=&#8221;||10px||false|false&#8221; icon_font_size=&#8221;28px&#8221; global_colors_info=&#8221;{}&#8221;]<\/p>\n<ul>\n<li>Activit\u00e9 familiale gratuite.<\/li>\n<li>Apportez votre chaise ou votre serviette.<\/li>\n<\/ul>\n<p>[\/et_pb_blurb][et_pb_blurb use_icon=&#8221;on&#8221; font_icon=&#8221;&#xe06b;||divi||400&#8243; icon_color=&#8221;#73B3E8&#8243; icon_placement=&#8221;left&#8221; image_icon_width=&#8221;28px&#8221; _builder_version=&#8221;4.16&#8243; _module_preset=&#8221;default&#8221; width=&#8221;100%&#8221; custom_margin=&#8221;11px||10px||false|false&#8221; icon_font_size=&#8221;28px&#8221; global_colors_info=&#8221;{}&#8221;]<\/p>\n<p>\u00c0 22 h<\/p>\n<p>[\/et_pb_blurb][et_pb_blurb use_icon=&#8221;on&#8221; font_icon=&#8221;&#xe090;||divi||400&#8243; icon_color=&#8221;#73B3E8&#8243; icon_placement=&#8221;left&#8221; image_icon_width=&#8221;28px&#8221; _builder_version=&#8221;4.16&#8243; _module_preset=&#8221;default&#8221; width=&#8221;100%&#8221; custom_margin=&#8221;||10px||false|false&#8221; icon_font_size=&#8221;28px&#8221; global_colors_info=&#8221;{}&#8221;]<\/p>\n<p><a href=\"tel:977680010\">977 680 010<\/a><\/p>\n<p>[\/et_pb_blurb][et_pb_blurb image=&#8221;https:\/\/elvendrellturisme.dms3labs.cat\/wp-content\/uploads\/copia-de-copia-de-el-vendrell-web.jpg&#8221; alt=&#8221;whatsapp marche nordique el vendrell&#8221; icon_placement=&#8221;left&#8221; _builder_version=&#8221;4.16&#8243; _module_preset=&#8221;default&#8221; width=&#8221;100%&#8221; custom_margin=&#8221;||10px||false|false&#8221; global_colors_info=&#8221;{}&#8221;]<\/p>\n<p><a href=\"https:\/\/wa.me\/+34670019171\" target=\"_blank\" rel=\"noopener\">670 019 171<\/a><\/p>\n<p>[\/et_pb_blurb][et_pb_blurb use_icon=&#8221;on&#8221; font_icon=&#8221;&#xe076;||divi||400&#8243; icon_color=&#8221;#73B3E8&#8243; icon_placement=&#8221;left&#8221; image_icon_width=&#8221;28px&#8221; _builder_version=&#8221;4.16&#8243; _module_preset=&#8221;default&#8221; width=&#8221;100%&#8221; custom_margin=&#8221;||10px||false|false&#8221; icon_font_size=&#8221;28px&#8221; global_colors_info=&#8221;{}&#8221;]<\/p>\n<p><a href=\"mailto:informacio@elvendrellturistic.com\">informacio@elvendrellturistic.com<\/a><\/p>\n<p>[\/et_pb_blurb][et_pb_blurb use_icon=&#8221;on&#8221; font_icon=&#8221;&#xe0e3;||divi||400&#8243; icon_color=&#8221;#73B3E8&#8243; icon_placement=&#8221;left&#8221; image_icon_width=&#8221;28px&#8221; disabled_on=&#8221;on|on|on&#8221; _builder_version=&#8221;4.16&#8243; _module_preset=&#8221;default&#8221; width=&#8221;100%&#8221; icon_font_size=&#8221;28px&#8221; disabled=&#8221;on&#8221; global_colors_info=&#8221;{}&#8221;]<\/p>\n<p><a href=\"https:\/\/museusdelvendrell.koobin.com\/casa-nadiua-pau-casals-el-vendrell\" target=\"_blank\" rel=\"noopener\">Acheter des billets<\/a><\/p>\n<p>[\/et_pb_blurb][\/et_pb_column][et_pb_column type=&#8221;3_5&#8243; _builder_version=&#8221;4.16&#8243; _module_preset=&#8221;default&#8221; background_enable_image=&#8221;off&#8221; background_size=&#8221;contain&#8221; global_colors_info=&#8221;{}&#8221;][et_pb_image src=&#8221;https:\/\/elvendrellturisme.dms3labs.cat\/wp-content\/uploads\/cine-destiu-1.jpg&#8221; title_text=&#8221;ruta-guimera&#8221; _builder_version=&#8221;4.16&#8243; _module_preset=&#8221;default&#8221; custom_padding=&#8221;|10px|||false|false&#8221; custom_css_main_element=&#8221;margin-bottom: 10px!important;&#8221; global_colors_info=&#8221;{}&#8221;][\/et_pb_image][\/et_pb_column][\/et_pb_row][\/et_pb_section][et_pb_section fb_built=&#8221;1&#8243; disabled_on=&#8221;on|on|on&#8221; module_id=&#8221;agenda&#8221; _builder_version=&#8221;4.23.4&#8243; _module_preset=&#8221;default&#8221; background_color=&#8221;rgba(194,227,241,0.2)&#8221; disabled=&#8221;on&#8221; global_colors_info=&#8221;{}&#8221;][et_pb_row column_structure=&#8221;1_3,2_3&#8243; make_equal=&#8221;on&#8221; disabled_on=&#8221;on|on|on&#8221; module_id=&#8221;agenda&#8221; _builder_version=&#8221;4.16&#8243; _module_preset=&#8221;default&#8221; custom_margin=&#8221;75px||||false|false&#8221; custom_padding=&#8221;0px||75px||false|false&#8221; border_width_top=&#8221;1px&#8221; border_color_top=&#8221;#CCCCCC&#8221; disabled=&#8221;on&#8221; global_colors_info=&#8221;{}&#8221;][et_pb_column type=&#8221;1_3&#8243; _builder_version=&#8221;4.16&#8243; _module_preset=&#8221;default&#8221; custom_padding=&#8221;50px||||false|false&#8221; custom_padding_tablet=&#8221;50px||25px||false|false&#8221; custom_padding_phone=&#8221;&#8221; custom_padding_last_edited=&#8221;on|phone&#8221; global_colors_info=&#8221;{}&#8221;][et_pb_text _builder_version=&#8221;4.16&#8243; _module_preset=&#8221;default&#8221; header_2_font_size=&#8221;35px&#8221; custom_margin=&#8221;||10px||false|false&#8221; custom_padding=&#8221;||0px||false|false&#8221; global_colors_info=&#8221;{}&#8221;]<\/p>\n<h2>Activit\u00e9s salutaires<\/h2>\n<p>[\/et_pb_text][et_pb_text _builder_version=&#8221;4.16&#8243; _module_preset=&#8221;default&#8221; custom_margin=&#8221;||15px||false|false&#8221; global_colors_info=&#8221;{}&#8221;]<\/p>\n<p>Voil\u00e0 les activit\u00e9s salutaires et exceptionnelles que vous trouverez bient\u00f4t \u00e0 El\u00a0Vendrell. Si vous voulez en voir plus, cliquez sur le lien et filtrez par activit\u00e9s de plage\u00a0:<\/p>\n<p>[\/et_pb_text][et_pb_button button_url=&#8221;https:\/\/elvendrellturisme.dms3labs.cat\/fr\/mec-category\/activites-salutaires\/&#8221; button_text=&#8221;Consulter toutes les activit\u00e9s&#8221; button_alignment=&#8221;left&#8221; _builder_version=&#8221;4.16&#8243; _module_preset=&#8221;default&#8221; custom_button=&#8221;on&#8221; button_text_size=&#8221;13px&#8221; button_border_width=&#8221;0px&#8221; button_font=&#8221;|||on|||||&#8221; button_icon=&#8221;&#x4c;||divi||400&#8243; button_icon_placement=&#8221;left&#8221; button_on_hover=&#8221;off&#8221; custom_margin=&#8221;||2px||false|false&#8221; global_colors_info=&#8221;{}&#8221; button_bg_color__hover_enabled=&#8221;on|hover&#8221; button_bg_color__hover=&#8221;RGBA(0,0,0,0)&#8221; button_bg_enable_color__hover=&#8221;on&#8221;][\/et_pb_button][\/et_pb_column][et_pb_column type=&#8221;2_3&#8243; _builder_version=&#8221;4.16&#8243; _module_preset=&#8221;default&#8221; global_colors_info=&#8221;{}&#8221;]<\/p>\n<p>[mecdivi_MECShortcodes shortcode_id=&#8221;26047&#8243; module_class=&#8221;home&#8221; _builder_version=&#8221;4.8.2&#8243; _module_preset=&#8221;default&#8221;][\/mecdivi_MECShortcodes]<\/p>\n<p>[\/et_pb_column][\/et_pb_row][\/et_pb_section]<\/p>\n","protected":false},"excerpt":{"rendered":"<p>activit\u00e9s salutaires dans El\u00a0VendrellActivit\u00e9s en cours<div class=\"et_pb_module none divienhancer-hover-effect toolset_divi_view toolset_divi_view_0\">\n\t\t\t\t\n\t\t\t\t\n\t\t\t\t\n\t\t\t\t\n\t\t\t\t\n\t\t\t\t\n\t\t\t\t<div class=\"et_pb_module_inner\">\n\t\t\t\t\t\n\n\n<div id=\"wpv-view-layout-44871\" class=\"js-wpv-view-layout js-wpv-layout-responsive js-wpv-view-layout-44871\" data-viewnumber=\"44871\" data-pagination=\"{&quot;id&quot;:44871,&quot;query&quot;:&quot;normal&quot;,&quot;type&quot;:&quot;disabled&quot;,&quot;effect&quot;:&quot;fade&quot;,&quot;duration&quot;:500,&quot;speed&quot;:5,&quot;pause_on_hover&quot;:&quot;enabled&quot;,&quot;stop_rollover&quot;:&quot;false&quot;,&quot;cache_pages&quot;:&quot;enabled&quot;,&quot;preload_images&quot;:&quot;enabled&quot;,&quot;preload_pages&quot;:&quot;enabled&quot;,&quot;preload_reach&quot;:1,&quot;spinner&quot;:&quot;builtin&quot;,&quot;spinner_image&quot;:&quot;https:\/\/elvendrellturisme.dms3labs.cat\/wp-content\/plugins\/toolset-blocks\/embedded\/res\/img\/ajax-loader.gif&quot;,&quot;callback_next&quot;:&quot;&quot;,&quot;manage_history&quot;:&quot;enabled&quot;,&quot;has_controls_in_form&quot;:&quot;disabled&quot;,&quot;infinite_tolerance&quot;:&quot;0&quot;,&quot;max_pages&quot;:0,&quot;page&quot;:1,&quot;base_permalink&quot;:&quot;\/fr\/wp-json\/wp\/v2\/pages\/27395?wpv_view_count=44871&amp;wpv_paged=WPV_PAGE_NUM&quot;,&quot;loop&quot;:{&quot;type&quot;:&quot;&quot;,&quot;name&quot;:&quot;&quot;,&quot;data&quot;:[],&quot;id&quot;:0}}\" data-permalink=\"\/fr\/wp-json\/wp\/v2\/pages\/27395?wpv_view_count=44871\">\n\n\t\n\t\n\t\n\t\t<div class=\"activities-container\">\n  <img decoding=\"async\" width=\"750\" height=\"909\" src=\"https:\/\/elvendrellturisme.dms3labs.cat\/wp-content\/uploads\/festes-estiu-francas-santsalvador-coma-ruga-1.jpg\" class=\"attachment-large\" alt=\"\" title=\"\" style=\"\" srcset=\"https:\/\/elvendrellturisme.dms3labs.cat\/wp-content\/uploads\/festes-estiu-francas-santsalvador-coma-ruga-1.jpg 750w, https:\/\/elvendrellturisme.dms3labs.cat\/wp-content\/uploads\/festes-estiu-francas-santsalvador-coma-ruga-1-480x582.jpg 480w\" sizes=\"(min-width: 0px) and (max-width: 480px) 480px, (min-width: 481px) 750px, 100vw\">\n  <div class=\"activities-content\">\n    <h2>Festivals d&#8217;\u00e9t\u00e9 \u00e0 El Franc\u00e0s, Sant Salvador et Coma-ruga<\/h2>\n    <p>Consultez le programme des festivals d&#8217;\u00e9t\u00e9 d&#8217;El Franc\u00e0s, Sant Salvador et Comarruga<\/p>\n    <a href=\"https:\/\/elvendrellturisme.dms3labs.cat\/wp-content\/uploads\/PROGRAMAFESTESestiuCAT2025compressed11753170104.pdf\" target=\"_blank\" rel=\"noopener noreferrer\">Plus d'informations<\/a>\n  <\/div>\n<\/div>\n\t\n\t\n\t\n\t\n<\/div>\n\t\t\t\t<\/div>\n\t\t\t<\/div>Activit\u00e9s en cours<div class=\"et_pb_module none divienhancer-hover-effect toolset_divi_view toolset_divi_view_1\">\n\t\t\t\t\n\t\t\t\t\n\t\t\t\t\n\t\t\t\t\n\t\t\t\t\n\t\t\t\t\n\t\t\t\t<div class=\"et_pb_module_inner\">\n\t\t\t\t\t\n\n\n<div id=\"wpv-view-layout-44871\" class=\"js-wpv-view-layout js-wpv-layout-responsive js-wpv-view-layout-44871\" data-viewnumber=\"44871\" data-pagination=\"{&quot;id&quot;:44871,&quot;query&quot;:&quot;normal&quot;,&quot;type&quot;:&quot;disabled&quot;,&quot;effect&quot;:&quot;fade&quot;,&quot;duration&quot;:500,&quot;speed&quot;:5,&quot;pause_on_hover&quot;:&quot;enabled&quot;,&quot;stop_rollover&quot;:&quot;false&quot;,&quot;cache_pages&quot;:&quot;enabled&quot;,&quot;preload_images&quot;:&quot;enabled&quot;,&quot;preload_pages&quot;:&quot;enabled&quot;,&quot;preload_reach&quot;:1,&quot;spinner&quot;:&quot;builtin&quot;,&quot;spinner_image&quot;:&quot;https:\/\/elvendrellturisme.dms3labs.cat\/wp-content\/plugins\/toolset-blocks\/embedded\/res\/img\/ajax-loader.gif&quot;,&quot;callback_next&quot;:&quot;&quot;,&quot;manage_history&quot;:&quot;enabled&quot;,&quot;has_controls_in_form&quot;:&quot;disabled&quot;,&quot;infinite_tolerance&quot;:&quot;0&quot;,&quot;max_pages&quot;:0,&quot;page&quot;:1,&quot;base_permalink&quot;:&quot;\/fr\/wp-json\/wp\/v2\/pages\/27395?wpv_view_count=44871&amp;wpv_paged=WPV_PAGE_NUM&quot;,&quot;loop&quot;:{&quot;type&quot;:&quot;&quot;,&quot;name&quot;:&quot;&quot;,&quot;data&quot;:[],&quot;id&quot;:0}}\" data-permalink=\"\/fr\/wp-json\/wp\/v2\/pages\/27395?wpv_view_count=44871\">\n\n\t\n\t\n\t\n\t\t<div class=\"activities-container\">\n  <img decoding=\"async\" width=\"750\" height=\"909\" src=\"https:\/\/elvendrellturisme.dms3labs.cat\/wp-content\/uploads\/festes-estiu-francas-santsalvador-coma-ruga-1.jpg\" class=\"attachment-large\" alt=\"\" title=\"\" style=\"\" srcset=\"https:\/\/elvendrellturisme.dms3labs.cat\/wp-content\/uploads\/festes-estiu-francas-santsalvador-coma-ruga-1.jpg 750w, https:\/\/elvendrellturisme.dms3labs.cat\/wp-content\/uploads\/festes-estiu-francas-santsalvador-coma-ruga-1-480x582.jpg 480w\" sizes=\"(min-width: 0px) and (max-width: 480px) 480px, (min-width: 481px) 750px, 100vw\">\n  <div class=\"activities-content\">\n    <h2>Festivals d&#8217;\u00e9t\u00e9 \u00e0 El Franc\u00e0s, Sant Salvador et Coma-ruga<\/h2>\n    <p>Consultez le programme des festivals d&#8217;\u00e9t\u00e9 d&#8217;El Franc\u00e0s, Sant Salvador et Comarruga<\/p>\n    <a href=\"https:\/\/elvendrellturisme.dms3labs.cat\/wp-content\/uploads\/PROGRAMAFESTESestiuCAT2025compressed11753170104.pdf\" target=\"_blank\" rel=\"noopener noreferrer\">Plus d'informations<\/a>\n  <\/div>\n<\/div>\n\t\n\t\n\t\n\t\n<\/div>\n\t\t\t\t<\/div>\n\t\t\t<\/div>Activit\u00e9s pass\u00e9es<div class=\"et_pb_module none divienhancer-hover-effect toolset_divi_view toolset_divi_view_2\">\n\t\t\t\t\n\t\t\t\t\n\t\t\t\t\n\t\t\t\t\n\t\t\t\t\n\t\t\t\t\n\t\t\t\t<div class=\"et_pb_module_inner\">\n\t\t\t\t\t\n\n\n<div id=\"wpv-view-layout-44875\" class=\"js-wpv-view-layout js-wpv-layout-responsive js-wpv-view-layout-44875\" data-viewnumber=\"44875\" data-pagination=\"{&quot;id&quot;:44875,&quot;query&quot;:&quot;normal&quot;,&quot;type&quot;:&quot;disabled&quot;,&quot;effect&quot;:&quot;fade&quot;,&quot;duration&quot;:500,&quot;speed&quot;:5,&quot;pause_on_hover&quot;:&quot;enabled&quot;,&quot;stop_rollover&quot;:&quot;false&quot;,&quot;cache_pages&quot;:&quot;enabled&quot;,&quot;preload_images&quot;:&quot;enabled&quot;,&quot;preload_pages&quot;:&quot;enabled&quot;,&quot;preload_reach&quot;:1,&quot;spinner&quot;:&quot;builtin&quot;,&quot;spinner_image&quot;:&quot;https:\/\/elvendrellturisme.dms3labs.cat\/wp-content\/plugins\/toolset-blocks\/embedded\/res\/img\/ajax-loader.gif&quot;,&quot;callback_next&quot;:&quot;&quot;,&quot;manage_history&quot;:&quot;enabled&quot;,&quot;has_controls_in_form&quot;:&quot;disabled&quot;,&quot;infinite_tolerance&quot;:&quot;0&quot;,&quot;max_pages&quot;:0,&quot;page&quot;:1,&quot;base_permalink&quot;:&quot;\/fr\/wp-json\/wp\/v2\/pages\/27395?wpv_view_count=44875&amp;wpv_paged=WPV_PAGE_NUM&quot;,&quot;loop&quot;:{&quot;type&quot;:&quot;&quot;,&quot;name&quot;:&quot;&quot;,&quot;data&quot;:[],&quot;id&quot;:0}}\" data-permalink=\"\/fr\/wp-json\/wp\/v2\/pages\/27395?wpv_view_count=44875\">\n\n\t\n\t\n\t\n\t\t<div class=\"activities-container\">\n  <img decoding=\"async\" src=\"https:\/\/elvendrellturisme.dms3labs.cat\/wp-content\/uploads\/firastateresa.jpg\" alt=\"\" title=\"\">\n  <div class=\"activities-content\">\n    <h2>Foire Santa Teresa<\/h2>\n    <p>T\u00e9l\u00e9chargez le programme et d\u00e9couvrez les diverses activit\u00e9s, spectacles et la Diada Castellera de Santa Teresa !<\/p>\n    <a href=\"https:\/\/elvendrellturisme.dms3labs.cat\/wp-content\/uploads\/programa-fira-santa-teresa-el-vendrell.pdf\" target=\"_blank\" rel=\"noopener noreferrer\">Plus d'informations<\/a>\n  <\/div>\n<\/div>\n\t\n\t\t<div class=\"activities-container\">\n  <img decoding=\"async\" src=\"https:\/\/elvendrellturisme.dms3labs.cat\/wp-content\/uploads\/activitats-vendrell.jpg\" alt=\"\" title=\"\">\n  <div class=\"activities-content\">\n    <h2>Activit\u00e9s<\/h2>\n    <p>T\u00e9l\u00e9chargez notre PDF et d\u00e9couvrez toutes les activit\u00e9s que nous proposons \u00e0 El Vendrell. Venez profiter de la nature !<\/p>\n    <a href=\"https:\/\/elvendrellturisme.dms3labs.cat\/wp-content\/uploads\/vendrell-activitats-2.jpg\" target=\"_blank\" rel=\"noopener noreferrer\">Plus d'informations<\/a>\n  <\/div>\n<\/div>\n\t\n\t\t<div class=\"activities-container\">\n  <img decoding=\"async\" src=\"https:\/\/elvendrellturisme.dms3labs.cat\/wp-content\/uploads\/tallers-familiars-aula-aquatica.jpg\" alt=\"\" title=\"\">\n  <div class=\"activities-content\">\n    <h2>Ateliers familiaux \u00e0 l&#8217;Aula Aqu\u00e0tica<\/h2>\n    <p>Chaque samedi \u00e0 18h00, l&#8217;Aula Aqu\u00e0tica organise des ateliers familiaux ! Venez d\u00e9couvrir les secrets les plus cach\u00e9s de notre mer tout en apprenant \u00e0 en prendre soin.<\/p>\n    <a href=\"https:\/\/elvendrellturisme.dms3labs.cat\/wp-content\/uploads\/TALLERS-FAMILIARS.pdf\" target=\"_blank\" rel=\"noopener noreferrer\">Plus d'informations<\/a>\n  <\/div>\n<\/div>\n\t\n\t\t<div class=\"activities-container\">\n  <img decoding=\"async\" src=\"https:\/\/elvendrellturisme.dms3labs.cat\/wp-content\/uploads\/dilluns-al-mag-vendrell.jpg\" alt=\"\" title=\"\">\n  <div class=\"activities-content\">\n    <h2>Les lundis au M\u00e0g<\/h2>\n    <p>Diff\u00e9rents spectacles les lundis au Mus\u00e9e \u00c0ngel Guimer\u00e0. Ne manquez pas \u00e7a et r\u00e9servez votre billet d\u00e8s maintenant !<\/p>\n    <a href=\"https:\/\/museusdelvendrell.koobin.com\/?id_tipo_evento=3\" target=\"_blank\" rel=\"noopener noreferrer\">Plus d'informations<\/a>\n  <\/div>\n<\/div>\n\t\n\t\t<div class=\"activities-container\">\n  <img decoding=\"async\" src=\"https:\/\/elvendrellturisme.dms3labs.cat\/wp-content\/uploads\/rutes-culturals-vendrell.jpg\" alt=\"\" title=\"\">\n  <div class=\"activities-content\">\n    <h2>Parcours culturels<\/h2>\n    <p>D\u00e9couvrez El Vendrell d&#8217;une mani\u00e8re unique avec les parcours culturels d&#8217;El Vendrell. Ne manquez rien et obtenez votre invitation d\u00e8s maintenant !<\/p>\n    <a href=\"https:\/\/museusdelvendrell.koobin.com\/?id_tipo_evento=1\" target=\"_blank\" rel=\"noopener noreferrer\">Plus d'informations<\/a>\n  <\/div>\n<\/div>\n\t\n\t\t<div class=\"activities-container\">\n  <img decoding=\"async\" src=\"https:\/\/elvendrellturisme.dms3labs.cat\/wp-content\/uploads\/festes-destiu-vendrell.jpg\" alt=\"\" title=\"\">\n  <div class=\"activities-content\">\n    <h2>F\u00eates d&#8217;\u00e9t\u00e9<\/h2>\n    <p>D\u00e9couvrez les f\u00eates d&#8217;\u00e9t\u00e9 \u00e0 El Vendrell en t\u00e9l\u00e9chargeant notre programme. Vous ne pouvez en manquer aucune !<\/p>\n    <a href=\"https:\/\/elvendrellturisme.dms3labs.cat\/wp-content\/uploads\/programa-festes-estiu-2024.pdf\" target=\"_blank\" rel=\"noopener noreferrer\">Plus d'informations<\/a>\n  <\/div>\n<\/div>\n\t\n\t\t<div class=\"activities-container\">\n  <img decoding=\"async\" src=\"https:\/\/elvendrellturisme.dms3labs.cat\/wp-content\/uploads\/503001535-1279786664153719-5485938151355378938-n-687x1024.jpg\" alt=\"\" title=\"\">\n  <div class=\"activities-content\">\n    <h2>Turismar<\/h2>\n    <p>T\u00e9l\u00e9chargez le programme et d\u00e9couvrez toutes les activit\u00e9s de la foire pour accueillir l&#8217;\u00e9t\u00e9 \u00e0 Coma-ruga du 20 au 23 juin.<\/p>\n    <a href=\"https:\/\/elvendrellturisme.dms3labs.cat\/wp-content\/uploads\/TURSIMARPROGRAMAACTESCATALA25.pdf\" target=\"_blank\" rel=\"noopener noreferrer\">Plus d'informations<\/a>\n  <\/div>\n<\/div>\n\t\n\t\n\t\n\t<!--[wpv-no-items-found]\n\t\t<strong>[wpml-string context=\"wpv-views\"]Actualment no hi ha activitats en curs.[\/wpml-string]<\/strong>\n\t[\/wpv-no-items-found]-->\n<\/div>\n\n\t\t\t\t<\/div>\n\t\t\t<\/div>Les lundis au mus\u00e9e \u00c0ngel Guimer\u00e0Itin\u00e9raires culturels Venez profiter de la cultureOrdre du jourCe sont ces actes marquants que vous retrouverez bient\u00f4t au Vendrell. Si vous voulez en voir plus, cliquez sur le [&hellip;]<\/p>\n","protected":false},"author":1,"featured_media":26025,"parent":0,"menu_order":0,"comment_status":"closed","ping_status":"closed","template":"","meta":{"_acf_changed":false,"_et_pb_use_builder":"on","_et_pb_old_content":"","_et_gb_content_width":"","content-type":"","footnotes":""},"dipi_cpt_category":[],"class_list":["post-27395","page","type-page","status-publish","has-post-thumbnail","hentry"],"acf":[],"rankMath":{"parentDomain":"dms3labs.cat","noFollowDomains":[],"noFollowExcludeDomains":[],"noFollowExternalLinks":false,"featuredImageNotice":"L\u2019image en vedette devrait \u00eatre au moins 200 par 200 pixels pour \u00eatre utilis\u00e9 par Facebook et d\u2019autres sites de m\u00e9dias sociaux.","pluginReviewed":false,"postSettings":{"linkSuggestions":true,"useFocusKeyword":false},"frontEndScore":false,"postName":"activites-salutaires","permalinkFormat":"https:\/\/elvendrellturisme.dms3labs.cat\/fr\/%pagename%\/","showLockModifiedDate":true,"assessor":{"focusKeywordLink":"https:\/\/elvendrellturisme.dms3labs.cat\/wp-admin\/edit.php?focus_keyword=%focus_keyword%&post_type=%post_type%","hasTOCPlugin":false,"primaryTaxonomy":false,"serpData":{"title":"","description":"Tout l\u2019environnement naturel de El\u00a0Vendrell, les plages, la r\u00e9serve marine et les sentiers permettent des activit\u00e9s b\u00e9n\u00e9fiques pour la sant\u00e9.","focusKeywords":"salutaire","pillarContent":false,"canonicalUrl":"","breadcrumbTitle":"","advancedRobots":{"max-snippet":"-1","max-video-preview":"-1","max-image-preview":"large"},"facebookTitle":"","facebookDescription":"","facebookImage":"","facebookImageID":"","facebookHasOverlay":false,"facebookImageOverlay":"","facebookAuthor":"","twitterCardType":"","twitterUseFacebook":true,"twitterTitle":"","twitterDescription":"","twitterImage":"","twitterImageID":"","twitterHasOverlay":false,"twitterImageOverlay":"","twitterPlayerUrl":"","twitterPlayerSize":"","twitterPlayerStream":"","twitterPlayerStreamCtype":"","twitterAppDescription":"","twitterAppIphoneName":"","twitterAppIphoneID":"","twitterAppIphoneUrl":"","twitterAppIpadName":"","twitterAppIpadID":"","twitterAppIpadUrl":"","twitterAppGoogleplayName":"","twitterAppGoogleplayID":"","twitterAppGoogleplayUrl":"","twitterAppCountry":"","robots":{"index":true},"twitterAuthor":"identifiant","primaryTerm":0,"authorName":"admin","titleTemplate":"%title% %sep% %sitename%","descriptionTemplate":"%excerpt%","showScoreFrontend":true,"lockModifiedDate":false},"powerWords":["absolument","amazement","astonishing","authentique","beau","bien-\u00eatre","brillant","captivant","charismatique","choc","clair","compl\u00e8tement","confidentiel","confiance","cons\u00e9quent","cr\u00e9atif","d\u00e9finitivement","d\u00e9licieux","d\u00e9montrer","d\u00e9p\u00eachez-vous","d\u00e9termin\u00e9","digne","dynamique","\u00e9blouissant","\u00e9clatant","\u00e9conomique","\u00e9fficace","\u00e9l\u00e9gant","\u00e9motionnel","\u00e9nergique","\u00e9norme","\u00e9poustouflant","essentiel","\u00e9tonnant","exclusif","exp\u00e9rience","fabuleux","fantastique","formidable","fort","garanti","g\u00e9ant","g\u00e9n\u00e9reux","grandiose","gratuit","habile","harmonieux","historique","hors pair","important","incroyable","indispensable","inoubliable","inspirant","innovant","intense","invention","irr\u00e9sistible","l\u00e9gendaire","lumineux","luxe","magique","magnifique","majestueux","marquant","merveilleux","miraculeux","motivant","n\u00e9cessaire","nouvelle","officiel","parfait","passionn\u00e9","persuasif","ph\u00e9nom\u00e9nal","plaisir","populaire","pouvoir","prestigieux","prodigieux","profond","prosp\u00e8re","puissant","qualit\u00e9","radieux","rapide","r\u00e9ussi","r\u00e9volutionnaire","satisfait","s\u00e9curit\u00e9","sensationnel","serein","somptueux","splendide","sublime","surprenant","talentueux","terrifiant","unique","valeur","vibrant","victorieux","vif","vraiment","z\u00e9l\u00e9"],"diacritics":{"A":"[\\u0041\\u24B6\\uFF21\\u00C0\\u00C1\\u00C2\\u1EA6\\u1EA4\\u1EAA\\u1EA8\\u00C3\\u0100\\u0102\\u1EB0\\u1EAE\\u1EB4\\u1EB2\\u0226\\u01E0\\u00C4\\u01DE\\u1EA2\\u00C5\\u01FA\\u01CD\\u0200\\u0202\\u1EA0\\u1EAC\\u1EB6\\u1E00\\u0104\\u023A\\u2C6F]","AA":"[\\uA732]","AE":"[\\u00C6\\u01FC\\u01E2]","AO":"[\\uA734]","AU":"[\\uA736]","AV":"[\\uA738\\uA73A]","AY":"[\\uA73C]","B":"[\\u0042\\u24B7\\uFF22\\u1E02\\u1E04\\u1E06\\u0243\\u0182\\u0181]","C":"[\\u0043\\u24B8\\uFF23\\u0106\\u0108\\u010A\\u010C\\u00C7\\u1E08\\u0187\\u023B\\uA73E]","D":"[\\u0044\\u24B9\\uFF24\\u1E0A\\u010E\\u1E0C\\u1E10\\u1E12\\u1E0E\\u0110\\u018B\\u018A\\u0189\\uA779]","DZ":"[\\u01F1\\u01C4]","Dz":"[\\u01F2\\u01C5]","E":"[\\u0045\\u24BA\\uFF25\\u00C8\\u00C9\\u00CA\\u1EC0\\u1EBE\\u1EC4\\u1EC2\\u1EBC\\u0112\\u1E14\\u1E16\\u0114\\u0116\\u00CB\\u1EBA\\u011A\\u0204\\u0206\\u1EB8\\u1EC6\\u0228\\u1E1C\\u0118\\u1E18\\u1E1A\\u0190\\u018E]","F":"[\\u0046\\u24BB\\uFF26\\u1E1E\\u0191\\uA77B]","G":"[\\u0047\\u24BC\\uFF27\\u01F4\\u011C\\u1E20\\u011E\\u0120\\u01E6\\u0122\\u01E4\\u0193\\uA7A0\\uA77D\\uA77E]","H":"[\\u0048\\u24BD\\uFF28\\u0124\\u1E22\\u1E26\\u021E\\u1E24\\u1E28\\u1E2A\\u0126\\u2C67\\u2C75\\uA78D]","I":"[\\u0049\\u24BE\\uFF29\\u00CC\\u00CD\\u00CE\\u0128\\u012A\\u012C\\u0130\\u00CF\\u1E2E\\u1EC8\\u01CF\\u0208\\u020A\\u1ECA\\u012E\\u1E2C\\u0197]","J":"[\\u004A\\u24BF\\uFF2A\\u0134\\u0248]","K":"[\\u004B\\u24C0\\uFF2B\\u1E30\\u01E8\\u1E32\\u0136\\u1E34\\u0198\\u2C69\\uA740\\uA742\\uA744\\uA7A2]","L":"[\\u004C\\u24C1\\uFF2C\\u013F\\u0139\\u013D\\u1E36\\u1E38\\u013B\\u1E3C\\u1E3A\\u0141\\u023D\\u2C62\\u2C60\\uA748\\uA746\\uA780]","LJ":"[\\u01C7]","Lj":"[\\u01C8]","M":"[\\u004D\\u24C2\\uFF2D\\u1E3E\\u1E40\\u1E42\\u2C6E\\u019C]","N":"[\\u004E\\u24C3\\uFF2E\\u01F8\\u0143\\u00D1\\u1E44\\u0147\\u1E46\\u0145\\u1E4A\\u1E48\\u0220\\u019D\\uA790\\uA7A4]","NJ":"[\\u01CA]","Nj":"[\\u01CB]","O":"[\\u004F\\u24C4\\uFF2F\\u00D2\\u00D3\\u00D4\\u1ED2\\u1ED0\\u1ED6\\u1ED4\\u00D5\\u1E4C\\u022C\\u1E4E\\u014C\\u1E50\\u1E52\\u014E\\u022E\\u0230\\u00D6\\u022A\\u1ECE\\u0150\\u01D1\\u020C\\u020E\\u01A0\\u1EDC\\u1EDA\\u1EE0\\u1EDE\\u1EE2\\u1ECC\\u1ED8\\u01EA\\u01EC\\u00D8\\u01FE\\u0186\\u019F\\uA74A\\uA74C]","OI":"[\\u01A2]","OO":"[\\uA74E]","OU":"[\\u0222]","P":"[\\u0050\\u24C5\\uFF30\\u1E54\\u1E56\\u01A4\\u2C63\\uA750\\uA752\\uA754]","Q":"[\\u0051\\u24C6\\uFF31\\uA756\\uA758\\u024A]","R":"[\\u0052\\u24C7\\uFF32\\u0154\\u1E58\\u0158\\u0210\\u0212\\u1E5A\\u1E5C\\u0156\\u1E5E\\u024C\\u2C64\\uA75A\\uA7A6\\uA782]","S":"[\\u0053\\u24C8\\uFF33\\u1E9E\\u015A\\u1E64\\u015C\\u1E60\\u0160\\u1E66\\u1E62\\u1E68\\u0218\\u015E\\u2C7E\\uA7A8\\uA784]","T":"[\\u0054\\u24C9\\uFF34\\u1E6A\\u0164\\u1E6C\\u021A\\u0162\\u1E70\\u1E6E\\u0166\\u01AC\\u01AE\\u023E\\uA786]","TZ":"[\\uA728]","U":"[\\u0055\\u24CA\\uFF35\\u00D9\\u00DA\\u00DB\\u0168\\u1E78\\u016A\\u1E7A\\u016C\\u00DC\\u01DB\\u01D7\\u01D5\\u01D9\\u1EE6\\u016E\\u0170\\u01D3\\u0214\\u0216\\u01AF\\u1EEA\\u1EE8\\u1EEE\\u1EEC\\u1EF0\\u1EE4\\u1E72\\u0172\\u1E76\\u1E74\\u0244]","V":"[\\u0056\\u24CB\\uFF36\\u1E7C\\u1E7E\\u01B2\\uA75E\\u0245]","VY":"[\\uA760]","W":"[\\u0057\\u24CC\\uFF37\\u1E80\\u1E82\\u0174\\u1E86\\u1E84\\u1E88\\u2C72]","X":"[\\u0058\\u24CD\\uFF38\\u1E8A\\u1E8C]","Y":"[\\u0059\\u24CE\\uFF39\\u1EF2\\u00DD\\u0176\\u1EF8\\u0232\\u1E8E\\u0178\\u1EF6\\u1EF4\\u01B3\\u024E\\u1EFE]","Z":"[\\u005A\\u24CF\\uFF3A\\u0179\\u1E90\\u017B\\u017D\\u1E92\\u1E94\\u01B5\\u0224\\u2C7F\\u2C6B\\uA762]","a":"[\\u0061\\u24D0\\uFF41\\u1E9A\\u00E0\\u00E1\\u00E2\\u1EA7\\u1EA5\\u1EAB\\u1EA9\\u00E3\\u0101\\u0103\\u1EB1\\u1EAF\\u1EB5\\u1EB3\\u0227\\u01E1\\u00E4\\u01DF\\u1EA3\\u00E5\\u01FB\\u01CE\\u0201\\u0203\\u1EA1\\u1EAD\\u1EB7\\u1E01\\u0105\\u2C65\\u0250]","aa":"[\\uA733]","ae":"[\\u00E6\\u01FD\\u01E3]","ao":"[\\uA735]","au":"[\\uA737]","av":"[\\uA739\\uA73B]","ay":"[\\uA73D]","b":"[\\u0062\\u24D1\\uFF42\\u1E03\\u1E05\\u1E07\\u0180\\u0183\\u0253]","c":"[\\u0063\\u24D2\\uFF43\\u0107\\u0109\\u010B\\u010D\\u00E7\\u1E09\\u0188\\u023C\\uA73F\\u2184]","d":"[\\u0064\\u24D3\\uFF44\\u1E0B\\u010F\\u1E0D\\u1E11\\u1E13\\u1E0F\\u0111\\u018C\\u0256\\u0257\\uA77A]","dz":"[\\u01F3\\u01C6]","e":"[\\u0065\\u24D4\\uFF45\\u00E8\\u00E9\\u00EA\\u1EC1\\u1EBF\\u1EC5\\u1EC3\\u1EBD\\u0113\\u1E15\\u1E17\\u0115\\u0117\\u00EB\\u1EBB\\u011B\\u0205\\u0207\\u1EB9\\u1EC7\\u0229\\u1E1D\\u0119\\u1E19\\u1E1B\\u0247\\u025B\\u01DD]","f":"[\\u0066\\u24D5\\uFF46\\u1E1F\\u0192\\uA77C]","g":"[\\u0067\\u24D6\\uFF47\\u01F5\\u011D\\u1E21\\u011F\\u0121\\u01E7\\u0123\\u01E5\\u0260\\uA7A1\\u1D79\\uA77F]","h":"[\\u0068\\u24D7\\uFF48\\u0125\\u1E23\\u1E27\\u021F\\u1E25\\u1E29\\u1E2B\\u1E96\\u0127\\u2C68\\u2C76\\u0265]","hv":"[\\u0195]","i":"[\\u0069\\u24D8\\uFF49\\u00EC\\u00ED\\u00EE\\u0129\\u012B\\u012D\\u00EF\\u1E2F\\u1EC9\\u01D0\\u0209\\u020B\\u1ECB\\u012F\\u1E2D\\u0268\\u0131]","j":"[\\u006A\\u24D9\\uFF4A\\u0135\\u01F0\\u0249]","k":"[\\u006B\\u24DA\\uFF4B\\u1E31\\u01E9\\u1E33\\u0137\\u1E35\\u0199\\u2C6A\\uA741\\uA743\\uA745\\uA7A3]","l":"[\\u006C\\u24DB\\uFF4C\\u0140\\u013A\\u013E\\u1E37\\u1E39\\u013C\\u1E3D\\u1E3B\\u017F\\u0142\\u019A\\u026B\\u2C61\\uA749\\uA781\\uA747]","lj":"[\\u01C9]","m":"[\\u006D\\u24DC\\uFF4D\\u1E3F\\u1E41\\u1E43\\u0271\\u026F]","n":"[\\u006E\\u24DD\\uFF4E\\u01F9\\u0144\\u00F1\\u1E45\\u0148\\u1E47\\u0146\\u1E4B\\u1E49\\u019E\\u0272\\u0149\\uA791\\uA7A5]","nj":"[\\u01CC]","o":"[\\u006F\\u24DE\\uFF4F\\u00F2\\u00F3\\u00F4\\u1ED3\\u1ED1\\u1ED7\\u1ED5\\u00F5\\u1E4D\\u022D\\u1E4F\\u014D\\u1E51\\u1E53\\u014F\\u022F\\u0231\\u00F6\\u022B\\u1ECF\\u0151\\u01D2\\u020D\\u020F\\u01A1\\u1EDD\\u1EDB\\u1EE1\\u1EDF\\u1EE3\\u1ECD\\u1ED9\\u01EB\\u01ED\\u00F8\\u01FF\\u0254\\uA74B\\uA74D\\u0275]","oi":"[\\u01A3]","ou":"[\\u0223]","oo":"[\\uA74F]","p":"[\\u0070\\u24DF\\uFF50\\u1E55\\u1E57\\u01A5\\u1D7D\\uA751\\uA753\\uA755]","q":"[\\u0071\\u24E0\\uFF51\\u024B\\uA757\\uA759]","r":"[\\u0072\\u24E1\\uFF52\\u0155\\u1E59\\u0159\\u0211\\u0213\\u1E5B\\u1E5D\\u0157\\u1E5F\\u024D\\u027D\\uA75B\\uA7A7\\uA783]","s":"[\\u0073\\u24E2\\uFF53\\u015B\\u1E65\\u015D\\u1E61\\u0161\\u1E67\\u1E63\\u1E69\\u0219\\u015F\\u023F\\uA7A9\\uA785\\u1E9B]","ss":"[\\u00DF]","t":"[\\u0074\\u24E3\\uFF54\\u1E6B\\u1E97\\u0165\\u1E6D\\u021B\\u0163\\u1E71\\u1E6F\\u0167\\u01AD\\u0288\\u2C66\\uA787]","tz":"[\\uA729]","u":"[\\u0075\\u24E4\\uFF55\\u00F9\\u00FA\\u00FB\\u0169\\u1E79\\u016B\\u1E7B\\u016D\\u00FC\\u01DC\\u01D8\\u01D6\\u01DA\\u1EE7\\u016F\\u0171\\u01D4\\u0215\\u0217\\u01B0\\u1EEB\\u1EE9\\u1EEF\\u1EED\\u1EF1\\u1EE5\\u1E73\\u0173\\u1E77\\u1E75\\u0289]","v":"[\\u0076\\u24E5\\uFF56\\u1E7D\\u1E7F\\u028B\\uA75F\\u028C]","vy":"[\\uA761]","w":"[\\u0077\\u24E6\\uFF57\\u1E81\\u1E83\\u0175\\u1E87\\u1E85\\u1E98\\u1E89\\u2C73]","x":"[\\u0078\\u24E7\\uFF58\\u1E8B\\u1E8D]","y":"[\\u0079\\u24E8\\uFF59\\u1EF3\\u00FD\\u0177\\u1EF9\\u0233\\u1E8F\\u00FF\\u1EF7\\u1E99\\u1EF5\\u01B4\\u024F\\u1EFF]","z":"[\\u007A\\u24E9\\uFF5A\\u017A\\u1E91\\u017C\\u017E\\u1E93\\u1E95\\u01B6\\u0225\\u0240\\u2C6C\\uA763]"},"researchesTests":["contentHasTOC","contentHasShortParagraphs","contentHasAssets","keywordInTitle","keywordInMetaDescription","keywordInPermalink","keywordIn10Percent","keywordInContent","keywordInSubheadings","keywordInImageAlt","keywordDensity","keywordNotUsed","lengthContent","lengthPermalink","linksHasInternal","linksHasExternals","linksNotAllExternals","titleStartWithKeyword","titleSentiment","titleHasPowerWords","titleHasNumber","hasContentAI"],"hasRedirection":true,"hasBreadcrumb":false},"homeUrl":"https:\/\/elvendrellturisme.dms3labs.cat\/fr\/","objectID":27395,"objectType":"post","locale":"fr","localeFull":"fr_FR","overlayImages":{"play":{"name":"Ic\u00f4ne de lecture","url":"https:\/\/elvendrellturisme.dms3labs.cat\/wp-content\/plugins\/seo-by-rank-math\/assets\/admin\/img\/icon-play.png","path":"\/var\/www\/vhosts\/dms3labs.cat\/subdominis\/elvendrellturisme.dms3labs.cat\/wp-content\/plugins\/seo-by-rank-math\/assets\/admin\/img\/icon-play.png","position":"middle_center"},"gif":{"name":"Ic\u00f4ne GIF","url":"https:\/\/elvendrellturisme.dms3labs.cat\/wp-content\/plugins\/seo-by-rank-math\/assets\/admin\/img\/icon-gif.png","path":"\/var\/www\/vhosts\/dms3labs.cat\/subdominis\/elvendrellturisme.dms3labs.cat\/wp-content\/plugins\/seo-by-rank-math\/assets\/admin\/img\/icon-gif.png","position":"middle_center"}},"defautOgImage":"https:\/\/elvendrellturisme.dms3labs.cat\/wp-content\/uploads\/2021\/03\/tv-el-vendrell.png","customPermalinks":true,"isUserRegistered":true,"autoSuggestKeywords":true,"connectSiteUrl":"https:\/\/rankmath.com\/auth?site=https%3A%2F%2Felvendrellturisme.dms3labs.cat%2Ffr%2F&r=https%3A%2F%2Felvendrellturisme.dms3labs.cat%2Ffr%2Fwp-json%2Fwp%2Fv2%2Fpages%2F27395%3Fnonce%3D20361aa608","maxTags":5,"trendsIcon":"<svg viewBox=\"0 0 610 610\"><path d=\"M18.85,446,174.32,290.48l58.08,58.08L76.93,504a14.54,14.54,0,0,1-20.55,0L18.83,466.48a14.54,14.54,0,0,1,0-20.55Z\" style=\"fill:#4285f4\"\/><path d=\"M242.65,242.66,377.59,377.6l-47.75,47.75a14.54,14.54,0,0,1-20.55,0L174.37,290.43l47.75-47.75A14.52,14.52,0,0,1,242.65,242.66Z\" style=\"fill:#ea4335\"\/><polygon points=\"319.53 319.53 479.26 159.8 537.34 217.88 377.61 377.62 319.53 319.53\" style=\"fill:#fabb05\"\/><path d=\"M594.26,262.73V118.61h0a16.94,16.94,0,0,0-16.94-16.94H433.2a16.94,16.94,0,0,0-12,28.92L565.34,274.71h0a16.94,16.94,0,0,0,28.92-12Z\" style=\"fill:#34a853\"\/><rect width=\"610\" height=\"610\" style=\"fill:none\"\/><\/svg>","showScore":true,"siteFavIcon":"https:\/\/elvendrellturisme.dms3labs.cat\/wp-content\/uploads\/cropped-logo-en-clau-de-sol-ffavicon-32x32.png","canUser":{"general":false,"advanced":false,"snippet":false,"social":false,"analysis":false,"analytics":false,"content_ai":false},"isPro":false,"is_front_page":false,"trendsUpgradeLink":"https:\/\/rankmath.com\/pricing\/?utm_source=Plugin&utm_medium=CE%20General%20Tab%20Trends&utm_campaign=WP","trendsUpgradeLabel":"Mettre \u00e0 niveau","trendsPreviewImage":"https:\/\/elvendrellturisme.dms3labs.cat\/wp-content\/plugins\/seo-by-rank-math\/assets\/admin\/img\/trends-preview.jpg","currentEditor":false,"homepageData":{"assessor":{"powerWords":["absolument","amazement","astonishing","authentique","beau","bien-\u00eatre","brillant","captivant","charismatique","choc","clair","compl\u00e8tement","confidentiel","confiance","cons\u00e9quent","cr\u00e9atif","d\u00e9finitivement","d\u00e9licieux","d\u00e9montrer","d\u00e9p\u00eachez-vous","d\u00e9termin\u00e9","digne","dynamique","\u00e9blouissant","\u00e9clatant","\u00e9conomique","\u00e9fficace","\u00e9l\u00e9gant","\u00e9motionnel","\u00e9nergique","\u00e9norme","\u00e9poustouflant","essentiel","\u00e9tonnant","exclusif","exp\u00e9rience","fabuleux","fantastique","formidable","fort","garanti","g\u00e9ant","g\u00e9n\u00e9reux","grandiose","gratuit","habile","harmonieux","historique","hors pair","important","incroyable","indispensable","inoubliable","inspirant","innovant","intense","invention","irr\u00e9sistible","l\u00e9gendaire","lumineux","luxe","magique","magnifique","majestueux","marquant","merveilleux","miraculeux","motivant","n\u00e9cessaire","nouvelle","officiel","parfait","passionn\u00e9","persuasif","ph\u00e9nom\u00e9nal","plaisir","populaire","pouvoir","prestigieux","prodigieux","profond","prosp\u00e8re","puissant","qualit\u00e9","radieux","rapide","r\u00e9ussi","r\u00e9volutionnaire","satisfait","s\u00e9curit\u00e9","sensationnel","serein","somptueux","splendide","sublime","surprenant","talentueux","terrifiant","unique","valeur","vibrant","victorieux","vif","vraiment","z\u00e9l\u00e9"],"diacritics":true,"researchesTests":["contentHasTOC","contentHasShortParagraphs","contentHasAssets","keywordInTitle","keywordInMetaDescription","keywordInPermalink","keywordIn10Percent","keywordInContent","keywordInSubheadings","keywordInImageAlt","keywordDensity","keywordNotUsed","lengthContent","lengthPermalink","linksHasInternal","linksHasExternals","linksNotAllExternals","titleStartWithKeyword","titleSentiment","titleHasPowerWords","titleHasNumber","hasContentAI"],"hasBreadcrumb":false,"serpData":{"title":"%sitename% %page% %sep% %sitedesc%","description":"","titleTemplate":"%sitename% %page% %sep% %sitedesc%","descriptionTemplate":"","focusKeywords":"","breadcrumbTitle":"Home","robots":{"index":true},"advancedRobots":{"max-snippet":"-1","max-video-preview":"-1","max-image-preview":"large"},"facebookTitle":"","facebookDescription":"","facebookImage":"","facebookImageID":""}}},"tocTitle":"Table of Contents","tocExcludeHeadings":[],"listStyle":"ul"},"_links":{"self":[{"href":"https:\/\/elvendrellturisme.dms3labs.cat\/fr\/wp-json\/wp\/v2\/pages\/27395","targetHints":{"allow":["GET"]}}],"collection":[{"href":"https:\/\/elvendrellturisme.dms3labs.cat\/fr\/wp-json\/wp\/v2\/pages"}],"about":[{"href":"https:\/\/elvendrellturisme.dms3labs.cat\/fr\/wp-json\/wp\/v2\/types\/page"}],"author":[{"embeddable":true,"href":"https:\/\/elvendrellturisme.dms3labs.cat\/fr\/wp-json\/wp\/v2\/users\/1"}],"replies":[{"embeddable":true,"href":"https:\/\/elvendrellturisme.dms3labs.cat\/fr\/wp-json\/wp\/v2\/comments?post=27395"}],"version-history":[{"count":346,"href":"https:\/\/elvendrellturisme.dms3labs.cat\/fr\/wp-json\/wp\/v2\/pages\/27395\/revisions"}],"predecessor-version":[{"id":47606,"href":"https:\/\/elvendrellturisme.dms3labs.cat\/fr\/wp-json\/wp\/v2\/pages\/27395\/revisions\/47606"}],"wp:featuredmedia":[{"embeddable":true,"href":"https:\/\/elvendrellturisme.dms3labs.cat\/fr\/wp-json\/wp\/v2\/media\/26025"}],"wp:attachment":[{"href":"https:\/\/elvendrellturisme.dms3labs.cat\/fr\/wp-json\/wp\/v2\/media?parent=27395"}],"wp:term":[{"taxonomy":"dipi_cpt_category","embeddable":true,"href":"https:\/\/elvendrellturisme.dms3labs.cat\/fr\/wp-json\/wp\/v2\/dipi_cpt_category?post=27395"}],"curies":[{"name":"wp","href":"https:\/\/api.w.org\/{rel}","templated":true}]}}