{"id":27247,"date":"2021-08-06T15:12:54","date_gmt":"2021-08-06T15:12:54","guid":{"rendered":"https:\/\/tv.dms3labs.cat\/hebergement\/"},"modified":"2021-10-20T13:27:56","modified_gmt":"2021-10-20T11:27:56","slug":"hebergement","status":"publish","type":"page","link":"https:\/\/elvendrellturisme.dms3labs.cat\/fr\/hebergement\/","title":{"rendered":"H\u00e9bergement"},"content":{"rendered":"<p>[et_pb_section fb_built=&#8221;1&#8243; admin_label=&#8221;Hero&#8221; _builder_version=&#8221;4.8.2&#8243; background_enable_color=&#8221;off&#8221; use_background_color_gradient=&#8221;on&#8221; background_color_gradient_start=&#8221;rgba(43,135,218,0)&#8221; background_color_gradient_end=&#8221;rgba(8,10,10,0.75)&#8221; background_color_gradient_start_position=&#8221;50%&#8221; background_color_gradient_overlays_image=&#8221;on&#8221; background_image=&#8221;https:\/\/elvendrellturisme.dms3labs.cat\/wp-content\/uploads\/el-vendrell.jpg&#8221; min_height=&#8221;75vh&#8221; custom_padding=&#8221;101px|||0px|false|false&#8221; locked=&#8221;off&#8221; global_colors_info=&#8221;{}&#8221;][et_pb_row use_custom_gutter=&#8221;on&#8221; gutter_width=&#8221;1&#8243; make_equal=&#8221;on&#8221; module_class=&#8221; et_pb_row_fullwidth&#8221; _builder_version=&#8221;4.8.2&#8243; positioning=&#8221;absolute&#8221; position_origin_a=&#8221;bottom_center&#8221; width_tablet=&#8221;100%&#8221; width_last_edited=&#8221;off|desktop&#8221; max_width_tablet=&#8221;100%&#8221; max_width_last_edited=&#8221;off|desktop&#8221; custom_margin=&#8221;||||false|false&#8221; custom_padding=&#8221;||74px||false|false&#8221; make_fullwidth=&#8221;on&#8221; global_colors_info=&#8221;{}&#8221; width__hover_enabled=&#8221;off|desktop&#8221; custom_css_before__hover_enabled=&#8221;on|desktop&#8221; custom_css_before_last_edited=&#8221;on|desktop&#8221;][et_pb_column type=&#8221;4_4&#8243; _builder_version=&#8221;4.8.2&#8243; parallax=&#8221;on&#8221; custom_padding=&#8221;||||false|false&#8221; custom_css_main_element=&#8221;\tmargin: auto auto 0;&#8221; global_colors_info=&#8221;{}&#8221; custom_padding__hover=&#8221;|||&#8221;][et_pb_text admin_label=&#8221;Look Inside Title&#8221; _builder_version=&#8221;4.8.2&#8243; _module_preset=&#8221;5975d0da-a31c-4419-aa53-a11ada705cd8&#8243; header_text_color=&#8221;#ffffff&#8221; locked=&#8221;off&#8221; global_colors_info=&#8221;{}&#8221;]<\/p>\n<h1>h\u00e9bergement<\/h1>\n<p>[\/et_pb_text][\/et_pb_column][\/et_pb_row][\/et_pb_section][et_pb_section fb_built=&#8221;1&#8243; _builder_version=&#8221;4.8.2&#8243; _module_preset=&#8221;default&#8221; global_colors_info=&#8221;{}&#8221;][et_pb_row _builder_version=&#8221;4.8.2&#8243; _module_preset=&#8221;default&#8221; global_colors_info=&#8221;{}&#8221;][et_pb_column type=&#8221;4_4&#8243; _builder_version=&#8221;4.8.2&#8243; _module_preset=&#8221;default&#8221; global_colors_info=&#8221;{}&#8221;][et_pb_text _builder_version=&#8221;4.10.6&#8243; _module_preset=&#8221;default&#8221; hover_enabled=&#8221;0&#8243; global_colors_info=&#8221;{}&#8221; sticky_enabled=&#8221;0&#8243;]<\/p>\n<p>Si vous avez choisi de passer des vacances \u00e0 El&nbsp;Vendrell, ou simplement d\u2019y faire un tour pour conna\u00eetre le grand nombre de points d\u2019int\u00e9r\u00eat que cette commune poss\u00e8de, l\u2019offre dans le secteur des services est tr\u00e8s large. Nos diff\u00e9rents h\u00f4tels, campings, appartements, chambres d\u2019h\u00f4tes, ainsi que notre auberge de jeunesse pourront satisfaire votre besoin d\u2019h\u00e9bergement. De plus, vous pourrez profiter des h\u00e9bergements ruraux disponibles dans la r\u00e9gion.<\/p>\n<p>[\/et_pb_text][\/et_pb_column][\/et_pb_row][et_pb_row _builder_version=&#8221;4.8.2&#8243; _module_preset=&#8221;default&#8221; global_colors_info=&#8221;{}&#8221;][et_pb_column type=&#8221;4_4&#8243; _builder_version=&#8221;4.8.2&#8243; _module_preset=&#8221;default&#8221; global_colors_info=&#8221;{}&#8221;][et_pb_text _builder_version=&#8221;4.8.2&#8243; _module_preset=&#8221;default&#8221; header_2_font=&#8221;||||||||&#8221; header_2_text_align=&#8221;center&#8221; header_2_text_color=&#8221;#535C60&#8243; header_3_text_color=&#8221;#F7655A&#8221; header_3_font_size=&#8221;20px&#8221; background_color=&#8221;rgba(219,212,181,0.55)&#8221; custom_margin=&#8221;||||false|false&#8221; custom_padding=&#8221;25px|25px|25px|25px|false|false&#8221; global_colors_info=&#8221;{}&#8221;]<\/p>\n<h2>Trouvez votre h\u00e9bergement<\/h2>\n<form autocomplete=\"off\" action=\"\/fr\/wp-json\/wp\/v2\/pages\/27247\" method=\"get\" class=\"wpv-filter-form js-wpv-filter-form js-wpv-filter-form-12994 js-wpv-form-only js-wpv-dps-enabled js-wpv-ajax-results-enabled\" data-viewnumber=\"12994\" data-targetid=\"self\" data-viewid=\"12994\" data-viewhash=\"eyJuYW1lIjoidmlldy1hbGxvdGphbWVudHMiLCJ0YXJnZXRfaWQiOiJzZWxmIn0=\" data-viewwidgetid=\"0\" data-orderby=\"\" data-order=\"\" data-orderbyas=\"\" data-orderbysecond=\"\" data-ordersecond=\"\" data-parametric=\"{&quot;query&quot;:&quot;normal&quot;,&quot;id&quot;:&quot;12994&quot;,&quot;view_id&quot;:&quot;12994&quot;,&quot;widget_id&quot;:0,&quot;view_hash&quot;:&quot;12994&quot;,&quot;action&quot;:&quot;\/fr\/wp-json\/wp\/v2\/pages\/27247&quot;,&quot;sort&quot;:{&quot;orderby&quot;:&quot;&quot;,&quot;order&quot;:&quot;&quot;,&quot;orderby_as&quot;:&quot;&quot;,&quot;orderby_second&quot;:&quot;&quot;,&quot;order_second&quot;:&quot;&quot;},&quot;orderby&quot;:&quot;&quot;,&quot;order&quot;:&quot;&quot;,&quot;orderby_as&quot;:&quot;&quot;,&quot;orderby_second&quot;:&quot;&quot;,&quot;order_second&quot;:&quot;&quot;,&quot;ajax_form&quot;:&quot;&quot;,&quot;ajax_results&quot;:&quot;&quot;,&quot;effect&quot;:&quot;fade&quot;,&quot;prebefore&quot;:&quot;&quot;,&quot;before&quot;:&quot;&quot;,&quot;after&quot;:&quot;&quot;,&quot;attributes&quot;:[],&quot;environment&quot;:{&quot;current_post_id&quot;:0,&quot;parent_post_id&quot;:0,&quot;parent_term_id&quot;:0,&quot;parent_user_id&quot;:0,&quot;archive&quot;:{&quot;type&quot;:&quot;&quot;,&quot;name&quot;:&quot;&quot;,&quot;data&quot;:[]}},&quot;loop&quot;:{&quot;type&quot;:&quot;&quot;,&quot;name&quot;:&quot;&quot;,&quot;data&quot;:[],&quot;id&quot;:0}}\" data-attributes=\"[]\" data-environment=\"{&quot;current_post_id&quot;:0,&quot;parent_post_id&quot;:0,&quot;parent_term_id&quot;:0,&quot;parent_user_id&quot;:0,&quot;archive&quot;:{&quot;type&quot;:&quot;&quot;,&quot;name&quot;:&quot;&quot;,&quot;data&quot;:[]}}\"><input type=\"hidden\" class=\"js-wpv-dps-filter-data js-wpv-filter-data-for-this-form\" data-action=\"\/fr\/wp-json\/wp\/v2\/pages\/27247\" data-page=\"1\" data-ajax=\"disable\" data-effect=\"fade\" data-ajaxprebefore=\"\" data-ajaxbefore=\"\" data-ajaxafter=\"\" \/><input class=\"wpv_view_count wpv_view_count-12994\" type=\"hidden\" name=\"wpv_view_count\" value=\"12994\" \/>\n\n<div class=\"row\">\n\t<div class=\"col-md-4 col-cerca-mapa\">\n  \n<div class=\"form-group\">\n\t<label for=\"wpv-wpcf-tipus-allotjament\"><h3>Type d'h\u00e9bergement<\/h3><\/label>\n\t<select id=\"wpv_control_select_wpcf-tipus-allotjament\" name=\"wpv-wpcf-tipus-allotjament\" class=\"js-wpv-filter-trigger form-control\"><option value=\"\" selected=\"selected\">--S\u00e9lectionner--<\/option><option value=\"hotel\">H\u00f4tel<\/option><option value=\"alberg\">Auberge de jeunesse<\/option><option value=\"pension\">Pension<\/option><option value=\"camping\">Camping<\/option><option value=\"rural\">maison de campagne<\/option><option value=\"apartament\">Apartament<\/option><option value=\"immobiliaria\">Immobili\u00e0ria<\/option><\/select>\n<\/div>\n\n      <div class=\"form-group\">\n        <label for=\"wpv-wpcf-municipi\"><h3>Zone<\/h3><\/label>\n\t<select id=\"wpv_control_select_wpcf-municipi\" name=\"wpv-wpcf-municipi\" class=\"js-wpv-filter-trigger form-control\"><option value=\"\" selected=\"selected\">--S\u00e9lectionner--<\/option><option value=\"Coma-ruga\">Coma-ruga<\/option><option value=\"El Franc\u00e0s\">El Franc\u00e0s<\/option><option value=\"El Vendrell\">El Vendrell<\/option><option value=\"Sant Salvador\">Sant Salvador<\/option><option value=\"Sant Vicen\u00e7 de Calders (el Vendrell)\">Sant Vicen\u00e7 de Calders (el Vendrell)<\/option><\/select>\n<\/div>\n      \n   <div class=\"form-group\">\n     <label for=\"wpv-wpcf-accessibilitat\"><h3>Accessibilit\u00e9<\/h3><\/label>\n\t<div class=\"form-check\"><input type=\"checkbox\" class=\"js-wpv-filter-trigger form-check-input\" name=\"wpv-wpcf-accessibilitat[]\" value=\"Accessible a persones discapacitades\" id=\"form-6b2a7c88842067bb725efa107564ddec-1\" \/><label class=\"form-check-label\" for=\"form-6b2a7c88842067bb725efa107564ddec-1\">Accessible aux personnes handicap\u00e9es<\/label><\/div><div class=\"form-check\"><input type=\"checkbox\" class=\"js-wpv-filter-trigger form-check-input\" name=\"wpv-wpcf-accessibilitat[]\" value=\"Ascensor\" id=\"form-e378bcf09e1e1343ea5f629c87de2997-2\" \/><label class=\"form-check-label\" for=\"form-e378bcf09e1e1343ea5f629c87de2997-2\">Ascenseur<\/label><\/div><div class=\"form-check\"><input type=\"checkbox\" class=\"js-wpv-filter-trigger form-check-input\" name=\"wpv-wpcf-accessibilitat[]\" value=\"Transport p\u00fablic proper\" id=\"form-6a1ea4c7007ebf2f13099a31f2470dce-3\" \/><label class=\"form-check-label\" for=\"form-6a1ea4c7007ebf2f13099a31f2470dce-3\">Transports en commun \u00e0 proximit\u00e9<\/label><\/div>\n<\/div>\n \n\n  <\/div>\n\t<div class=\"col-md-4 col-cerca-mapa\">\n  <div class=\"form-group\">\n    \n    <label for=\"wpv-wpcf-estrelles\"><h3>\u00c9toiles<\/h3><\/label>\n\t<div class=\"form-check\"><input type=\"checkbox\" class=\"js-wpv-filter-trigger form-check-input\" name=\"wpv-wpcf-estrelles[]\" value=\"0\" id=\"form-025c9402bd94fdb5b9a0171d761ffd4d-1\" \/><label class=\"form-check-label\" for=\"form-025c9402bd94fdb5b9a0171d761ffd4d-1\">N\/A<\/label><\/div><div class=\"form-check\"><input type=\"checkbox\" class=\"js-wpv-filter-trigger form-check-input\" name=\"wpv-wpcf-estrelles[]\" value=\"1\" id=\"form-bebd64b0f33e3dc5081bf4cb16b50740-2\" \/><label class=\"form-check-label\" for=\"form-bebd64b0f33e3dc5081bf4cb16b50740-2\">1 \u00e9toile<\/label><\/div><div class=\"form-check\"><input type=\"checkbox\" class=\"js-wpv-filter-trigger form-check-input\" name=\"wpv-wpcf-estrelles[]\" value=\"2\" id=\"form-4b047913409e11eae2c08d9298b1b451-3\" \/><label class=\"form-check-label\" for=\"form-4b047913409e11eae2c08d9298b1b451-3\">2 \u00e9toiles<\/label><\/div><div class=\"form-check\"><input type=\"checkbox\" class=\"js-wpv-filter-trigger form-check-input\" name=\"wpv-wpcf-estrelles[]\" value=\"3\" id=\"form-10144c05210cf72e39902b1d70e093bb-4\" \/><label class=\"form-check-label\" for=\"form-10144c05210cf72e39902b1d70e093bb-4\">3 \u00e9toiles<\/label><\/div><div class=\"form-check\"><input type=\"checkbox\" class=\"js-wpv-filter-trigger form-check-input\" name=\"wpv-wpcf-estrelles[]\" value=\"4\" id=\"form-e553f9734094d4c36bf4f7d5805ab8da-5\" \/><label class=\"form-check-label\" for=\"form-e553f9734094d4c36bf4f7d5805ab8da-5\">4 \u00e9toiles<\/label><\/div><div class=\"form-check\"><input type=\"checkbox\" class=\"js-wpv-filter-trigger form-check-input\" name=\"wpv-wpcf-estrelles[]\" value=\"5\" id=\"form-61fdeb6e6a9460a1e08fc6f8b309983d-6\" \/><label class=\"form-check-label\" for=\"form-61fdeb6e6a9460a1e08fc6f8b309983d-6\">5 \u00e9toiles<\/label><\/div>\n<\/div>\n  \n    <div class=\"form-group\">\n      <label for=\"wpv-wpcf-aparcament\"><h3>Parking<\/h3><\/label>\n\t<div class=\"form-check\"><input type=\"checkbox\" class=\"js-wpv-filter-trigger form-check-input\" name=\"wpv-wpcf-aparcament[]\" value=\"14\" id=\"form-eca0857cab072fd57bad2fd1796e1603-1\" \/><label class=\"form-check-label\" for=\"form-eca0857cab072fd57bad2fd1796e1603-1\">Gratuitement<\/label><\/div><div class=\"form-check\"><input type=\"checkbox\" class=\"js-wpv-filter-trigger form-check-input\" name=\"wpv-wpcf-aparcament[]\" value=\"60\" id=\"form-16513f4df2e1092bfedd4a321bdcd71a-2\" \/><label class=\"form-check-label\" for=\"form-16513f4df2e1092bfedd4a321bdcd71a-2\">De paiement<\/label><\/div>\n<\/div>\n      \n        <div class=\"form-group\">\n\t<label for=\"wpv-wpcf-mascotes\"><h3>Animaux domestiques<\/h3><\/label>\n\t<select id=\"wpv_control_select_wpcf-mascotes\" name=\"wpv-wpcf-mascotes\" class=\"js-wpv-filter-trigger form-control\"><option value=\"\" selected=\"selected\">--S\u00e9lectionner--<\/option><option value=\"1\">Les chiens et les petits animaux sont autoris\u00e9s<\/option><option value=\"0\">Les chiens et les petits animaux ne sont pas autoris\u00e9s<\/option><\/select>\n<\/div>\n      \n  <\/div>\n\t<div class=\"col-md-4 col-cerca-mapa\">\n   \n      <div class=\"form-group\">\n        <label for=\"wpv-wpcf-pagament\"><h3>Paiement<\/h3><\/label>\n\t<div class=\"form-check\"><input type=\"checkbox\" class=\"js-wpv-filter-trigger form-check-input\" name=\"wpv-wpcf-pagament[]\" value=\"S'accepta el pagament amb targeta\" id=\"form-53b20f370392096a9ec48ed98f31220c-1\" \/><label class=\"form-check-label\" for=\"form-53b20f370392096a9ec48ed98f31220c-1\">Le paiement par carte est accept\u00e9<\/label><\/div>\n<\/div>\n      \n      <div class=\"form-group\">\n        <label for=\"wpcf-segell-de-turisme-familiar\"><h3>Tourisme familial<\/h3><\/label>\n\t<div class=\"form-check\"><input type=\"checkbox\" id=\"wpv_control_checkbox_wpcf-segell-de-turisme-familiar\" class=\"js-wpv-filter-trigger form-check-input\" name=\"wpv-wpcf-segell-de-turisme-familiar\" value=\"1\" \/><label for=\"wpv_control_checkbox_wpcf-segell-de-turisme-familiar\" class=\"form-check-label\">Segell de turisme familiar<\/label><\/div>\n<\/div>\n      \n       <div class=\"form-group\">\n    <h3>Chercher<\/h3>\n\t<input type=\"text\" name=\"wpv_post_search\"  class=\"js-wpv-filter-trigger-delayed form-control\" \/>\n    <input type=\"button\" class=\"buto-mapa wpv-reset-trigger js-wpv-reset-trigger btn\" name=\"wpv_filter_reset\" value=\"R\u00e9initialiser\" \/>\n<\/div>\n  \n  <\/div>\n<\/div>\n\n\n<\/form>\n<p>[\/et_pb_text][et_pb_text module_id=&#8221;recursos&#8221; _builder_version=&#8221;4.8.2&#8243; _module_preset=&#8221;default&#8221; global_colors_info=&#8221;{}&#8221;]<\/p>\n<form style=\"display:none;\" autocomplete=\"off\" name=\"wpv-filter-12994\" action=\"\/fr\/wp-json\/wp\/v2\/pages\/27247?wpv_view_count=12994\" method=\"get\" class=\"wpv-filter-form js-wpv-filter-form js-wpv-filter-form-12994 js-wpv-form-full js-wpv-dps-enabled js-wpv-ajax-results-enabled\" data-viewnumber=\"12994\" data-viewid=\"12994\" data-viewhash=\"eyJuYW1lIjoidmlldy1hbGxvdGphbWVudHMiLCJ2aWV3X2Rpc3BsYXkiOiJsYXlvdXQifQ==\" data-viewwidgetid=\"0\" data-orderby=\"\" data-order=\"\" data-orderbyas=\"\" data-orderbysecond=\"\" data-ordersecond=\"\" data-parametric=\"{&quot;query&quot;:&quot;normal&quot;,&quot;id&quot;:12994,&quot;view_id&quot;:12994,&quot;widget_id&quot;:0,&quot;view_hash&quot;:&quot;12994&quot;,&quot;action&quot;:&quot;\\\/fr\\\/wp-json\\\/wp\\\/v2\\\/pages\\\/27247?wpv_view_count=12994&quot;,&quot;sort&quot;:{&quot;orderby&quot;:&quot;&quot;,&quot;order&quot;:&quot;&quot;,&quot;orderby_as&quot;:&quot;&quot;,&quot;orderby_second&quot;:&quot;&quot;,&quot;order_second&quot;:&quot;&quot;},&quot;orderby&quot;:&quot;&quot;,&quot;order&quot;:&quot;&quot;,&quot;orderby_as&quot;:&quot;&quot;,&quot;orderby_second&quot;:&quot;&quot;,&quot;order_second&quot;:&quot;&quot;,&quot;ajax_form&quot;:&quot;&quot;,&quot;ajax_results&quot;:&quot;&quot;,&quot;effect&quot;:&quot;fade&quot;,&quot;prebefore&quot;:&quot;&quot;,&quot;before&quot;:&quot;&quot;,&quot;after&quot;:&quot;&quot;,&quot;attributes&quot;:{&quot;view_display&quot;:&quot;layout&quot;},&quot;environment&quot;:{&quot;current_post_id&quot;:27247,&quot;parent_post_id&quot;:27247,&quot;parent_term_id&quot;:0,&quot;parent_user_id&quot;:0,&quot;archive&quot;:{&quot;type&quot;:&quot;&quot;,&quot;name&quot;:&quot;&quot;,&quot;data&quot;:[]}},&quot;loop&quot;:{&quot;type&quot;:&quot;&quot;,&quot;name&quot;:&quot;&quot;,&quot;data&quot;:[],&quot;id&quot;:0}}\" data-attributes=\"{&quot;view_display&quot;:&quot;layout&quot;}\" data-environment=\"{&quot;current_post_id&quot;:27247,&quot;parent_post_id&quot;:27247,&quot;parent_term_id&quot;:0,&quot;parent_user_id&quot;:0,&quot;archive&quot;:{&quot;type&quot;:&quot;&quot;,&quot;name&quot;:&quot;&quot;,&quot;data&quot;:[]}}\"><input type=\"hidden\" class=\"js-wpv-dps-filter-data js-wpv-filter-data-for-this-form\" data-action=\"\/fr\/wp-json\/wp\/v2\/pages\/27247?wpv_view_count=12994\" data-page=\"1\" data-ajax=\"enable\" data-effect=\"fade\" data-maxpages=\"0\" data-ajaxprebefore=\"\" data-ajaxbefore=\"\" data-ajaxafter=\"\" \/><input class=\"wpv_view_count wpv_view_count-12994\" type=\"hidden\" name=\"wpv_view_count\" value=\"12994\" \/>\n\n<div class=\"row\">\n\t<div class=\"col-md-4 col-cerca-mapa\">\n  \n<div class=\"form-group\">\n\t<label for=\"wpv-wpcf-tipus-allotjament\"><h3>Type d'h\u00e9bergement<\/h3><\/label>\n\t<select id=\"wpv_control_select_wpcf-tipus-allotjament\" name=\"wpv-wpcf-tipus-allotjament\" class=\"js-wpv-filter-trigger form-control\"><option value=\"\" selected=\"selected\">--S\u00e9lectionner--<\/option><option value=\"hotel\">H\u00f4tel<\/option><option value=\"alberg\">Auberge de jeunesse<\/option><option value=\"pension\">Pension<\/option><option value=\"camping\">Camping<\/option><option value=\"rural\">maison de campagne<\/option><option value=\"apartament\">Apartament<\/option><option value=\"immobiliaria\">Immobili\u00e0ria<\/option><\/select>\n<\/div>\n\n      <div class=\"form-group\">\n        <label for=\"wpv-wpcf-municipi\"><h3>Zone<\/h3><\/label>\n\t<select id=\"wpv_control_select_wpcf-municipi\" name=\"wpv-wpcf-municipi\" class=\"js-wpv-filter-trigger form-control\"><option value=\"\" selected=\"selected\">--S\u00e9lectionner--<\/option><option value=\"Coma-ruga\">Coma-ruga<\/option><option value=\"El Franc\u00e0s\">El Franc\u00e0s<\/option><option value=\"El Vendrell\">El Vendrell<\/option><option value=\"Sant Salvador\">Sant Salvador<\/option><option value=\"Sant Vicen\u00e7 de Calders (el Vendrell)\">Sant Vicen\u00e7 de Calders (el Vendrell)<\/option><\/select>\n<\/div>\n      \n   <div class=\"form-group\">\n     <label for=\"wpv-wpcf-accessibilitat\"><h3>Accessibilit\u00e9<\/h3><\/label>\n\t<div class=\"form-check\"><input type=\"checkbox\" class=\"js-wpv-filter-trigger form-check-input\" name=\"wpv-wpcf-accessibilitat[]\" value=\"Accessible a persones discapacitades\" id=\"form-6b2a7c88842067bb725efa107564ddec-4\" \/><label class=\"form-check-label\" for=\"form-6b2a7c88842067bb725efa107564ddec-4\">Accessible aux personnes handicap\u00e9es<\/label><\/div><div class=\"form-check\"><input type=\"checkbox\" class=\"js-wpv-filter-trigger form-check-input\" name=\"wpv-wpcf-accessibilitat[]\" value=\"Ascensor\" id=\"form-e378bcf09e1e1343ea5f629c87de2997-5\" \/><label class=\"form-check-label\" for=\"form-e378bcf09e1e1343ea5f629c87de2997-5\">Ascenseur<\/label><\/div><div class=\"form-check\"><input type=\"checkbox\" class=\"js-wpv-filter-trigger form-check-input\" name=\"wpv-wpcf-accessibilitat[]\" value=\"Transport p\u00fablic proper\" id=\"form-6a1ea4c7007ebf2f13099a31f2470dce-6\" \/><label class=\"form-check-label\" for=\"form-6a1ea4c7007ebf2f13099a31f2470dce-6\">Transports en commun \u00e0 proximit\u00e9<\/label><\/div>\n<\/div>\n \n\n  <\/div>\n\t<div class=\"col-md-4 col-cerca-mapa\">\n  <div class=\"form-group\">\n    \n    <label for=\"wpv-wpcf-estrelles\"><h3>\u00c9toiles<\/h3><\/label>\n\t<div class=\"form-check\"><input type=\"checkbox\" class=\"js-wpv-filter-trigger form-check-input\" name=\"wpv-wpcf-estrelles[]\" value=\"0\" id=\"form-025c9402bd94fdb5b9a0171d761ffd4d-7\" \/><label class=\"form-check-label\" for=\"form-025c9402bd94fdb5b9a0171d761ffd4d-7\">N\/A<\/label><\/div><div class=\"form-check\"><input type=\"checkbox\" class=\"js-wpv-filter-trigger form-check-input\" name=\"wpv-wpcf-estrelles[]\" value=\"1\" id=\"form-bebd64b0f33e3dc5081bf4cb16b50740-8\" \/><label class=\"form-check-label\" for=\"form-bebd64b0f33e3dc5081bf4cb16b50740-8\">1 \u00e9toile<\/label><\/div><div class=\"form-check\"><input type=\"checkbox\" class=\"js-wpv-filter-trigger form-check-input\" name=\"wpv-wpcf-estrelles[]\" value=\"2\" id=\"form-4b047913409e11eae2c08d9298b1b451-9\" \/><label class=\"form-check-label\" for=\"form-4b047913409e11eae2c08d9298b1b451-9\">2 \u00e9toiles<\/label><\/div><div class=\"form-check\"><input type=\"checkbox\" class=\"js-wpv-filter-trigger form-check-input\" name=\"wpv-wpcf-estrelles[]\" value=\"3\" id=\"form-10144c05210cf72e39902b1d70e093bb-10\" \/><label class=\"form-check-label\" for=\"form-10144c05210cf72e39902b1d70e093bb-10\">3 \u00e9toiles<\/label><\/div><div class=\"form-check\"><input type=\"checkbox\" class=\"js-wpv-filter-trigger form-check-input\" name=\"wpv-wpcf-estrelles[]\" value=\"4\" id=\"form-e553f9734094d4c36bf4f7d5805ab8da-11\" \/><label class=\"form-check-label\" for=\"form-e553f9734094d4c36bf4f7d5805ab8da-11\">4 \u00e9toiles<\/label><\/div><div class=\"form-check\"><input type=\"checkbox\" class=\"js-wpv-filter-trigger form-check-input\" name=\"wpv-wpcf-estrelles[]\" value=\"5\" id=\"form-61fdeb6e6a9460a1e08fc6f8b309983d-12\" \/><label class=\"form-check-label\" for=\"form-61fdeb6e6a9460a1e08fc6f8b309983d-12\">5 \u00e9toiles<\/label><\/div>\n<\/div>\n  \n    <div class=\"form-group\">\n      <label for=\"wpv-wpcf-aparcament\"><h3>Parking<\/h3><\/label>\n\t<div class=\"form-check\"><input type=\"checkbox\" class=\"js-wpv-filter-trigger form-check-input\" name=\"wpv-wpcf-aparcament[]\" value=\"14\" id=\"form-eca0857cab072fd57bad2fd1796e1603-4\" \/><label class=\"form-check-label\" for=\"form-eca0857cab072fd57bad2fd1796e1603-4\">Gratuitement<\/label><\/div><div class=\"form-check\"><input type=\"checkbox\" class=\"js-wpv-filter-trigger form-check-input\" name=\"wpv-wpcf-aparcament[]\" value=\"60\" id=\"form-16513f4df2e1092bfedd4a321bdcd71a-5\" \/><label class=\"form-check-label\" for=\"form-16513f4df2e1092bfedd4a321bdcd71a-5\">De paiement<\/label><\/div>\n<\/div>\n      \n        <div class=\"form-group\">\n\t<label for=\"wpv-wpcf-mascotes\"><h3>Animaux domestiques<\/h3><\/label>\n\t<select id=\"wpv_control_select_wpcf-mascotes\" name=\"wpv-wpcf-mascotes\" class=\"js-wpv-filter-trigger form-control\"><option value=\"\" selected=\"selected\">--S\u00e9lectionner--<\/option><option value=\"1\">Les chiens et les petits animaux sont autoris\u00e9s<\/option><option value=\"0\">Les chiens et les petits animaux ne sont pas autoris\u00e9s<\/option><\/select>\n<\/div>\n      \n  <\/div>\n\t<div class=\"col-md-4 col-cerca-mapa\">\n   \n      <div class=\"form-group\">\n        <label for=\"wpv-wpcf-pagament\"><h3>Paiement<\/h3><\/label>\n\t<div class=\"form-check\"><input type=\"checkbox\" class=\"js-wpv-filter-trigger form-check-input\" name=\"wpv-wpcf-pagament[]\" value=\"S'accepta el pagament amb targeta\" id=\"form-53b20f370392096a9ec48ed98f31220c-2\" \/><label class=\"form-check-label\" for=\"form-53b20f370392096a9ec48ed98f31220c-2\">Le paiement par carte est accept\u00e9<\/label><\/div>\n<\/div>\n      \n      <div class=\"form-group\">\n        <label for=\"wpcf-segell-de-turisme-familiar\"><h3>Tourisme familial<\/h3><\/label>\n\t<div class=\"form-check\"><input type=\"checkbox\" id=\"wpv_control_checkbox_wpcf-segell-de-turisme-familiar\" class=\"js-wpv-filter-trigger form-check-input\" name=\"wpv-wpcf-segell-de-turisme-familiar\" value=\"1\" \/><label for=\"wpv_control_checkbox_wpcf-segell-de-turisme-familiar\" class=\"form-check-label\">Segell de turisme familiar<\/label><\/div>\n<\/div>\n      \n       <div class=\"form-group\">\n    <h3>Chercher<\/h3>\n\t<input type=\"text\" name=\"wpv_post_search\"  class=\"js-wpv-filter-trigger-delayed form-control\" \/>\n    <input type=\"button\" class=\"buto-mapa wpv-reset-trigger js-wpv-reset-trigger btn\" name=\"wpv_filter_reset\" value=\"R\u00e9initialiser\" \/>\n<\/div>\n  \n  <\/div>\n<\/div>\n\n\n<\/form>\n<div id=\"js-wpv-addon-maps-render-recursos\" style=\"width:100%; height:500px;\" class=\"wpv-addon-maps-render js-wpv-addon-maps-render js-wpv-addon-maps-render-recursos \" data-map=\"recursos\" data-generalzoom=\"5\" data-generalcenterlat=\"0\" data-generalcenterlon=\"0\" data-fitbounds=\"on\" data-singlezoom=\"14\" data-singlecenter=\"on\" data-maptype=\"roadmap\" data-showlayerinterests=\"false\" data-markericon=\"\" data-markericonhover=\"\" data-draggable=\"on\" data-scrollwheel=\"on\" data-doubleclickzoom=\"on\" data-maptypecontrol=\"on\" data-fullscreencontrol=\"on\" data-zoomcontrol=\"on\" data-streetviewcontrol=\"on\" data-backgroundcolor=\"\" data-cluster=\"on\" data-clustergridsize=\"60\" data-clustermaxzoom=\"\" data-clusterclickzoom=\"on\" data-clusterminsize=\"2\" data-stylejson=\"\/\/www.elvendrellturistic.com\/wp-content\/plugins\/toolset-maps\/resources\/json\/Silver.json\" data-spiderfy=\"on\" data-streetview=\"off\" data-markerid=\"\" data-location=\"\" data-lat=\"0\" data-long=\"0\" data-heading=\"\" data-pitch=\"\">Chargement...<\/div>\n\n<div id=\"wpv-view-layout-12994\" class=\"js-wpv-view-layout js-wpv-layout-responsive js-wpv-view-layout-12994\" data-viewnumber=\"12994\" data-pagination=\"{&quot;id&quot;:12994,&quot;query&quot;:&quot;normal&quot;,&quot;type&quot;:&quot;disabled&quot;,&quot;effect&quot;:&quot;fade&quot;,&quot;duration&quot;:500,&quot;speed&quot;:5,&quot;pause_on_hover&quot;:&quot;disabled&quot;,&quot;stop_rollover&quot;:&quot;false&quot;,&quot;cache_pages&quot;:&quot;enabled&quot;,&quot;preload_images&quot;:&quot;enabled&quot;,&quot;preload_pages&quot;:&quot;enabled&quot;,&quot;preload_reach&quot;:1,&quot;spinner&quot;:&quot;builtin&quot;,&quot;spinner_image&quot;:&quot;https:\/\/elvendrellturisme.dms3labs.cat\/wp-content\/plugins\/toolset-blocks\/embedded\/res\/img\/ajax-loader.gif&quot;,&quot;callback_next&quot;:&quot;&quot;,&quot;manage_history&quot;:&quot;enabled&quot;,&quot;has_controls_in_form&quot;:&quot;disabled&quot;,&quot;infinite_tolerance&quot;:&quot;0&quot;,&quot;max_pages&quot;:0,&quot;page&quot;:1,&quot;base_permalink&quot;:&quot;\/fr\/wp-json\/wp\/v2\/pages\/27247?wpv_view_count=12994&amp;wpv_paged=WPV_PAGE_NUM&quot;,&quot;loop&quot;:{&quot;type&quot;:&quot;&quot;,&quot;name&quot;:&quot;&quot;,&quot;data&quot;:[],&quot;id&quot;:0}}\" data-permalink=\"\/fr\/wp-json\/wp\/v2\/pages\/27247?wpv_view_count=12994\">\n \n\t\n\t\n\t<div class=\"container wpv-loop js-wpv-loop llistat-recursos\">\n\t\n\t\t\n\t\t<div class=\"row \">\n\t\t\t<div class=\"col-md-4\"><div style=\"display:none\" class=\"wpv-addon-maps-marker js-wpv-addon-maps-marker js-wpv-addon-maps-marker-marker-26293 js-wpv-addon-maps-markerfor-recursos\" data-marker=\"marker-26293\" data-markertitle=\"Alberg Coma-ruga Xanascat\" data-markerfor=\"recursos\" data-markerlat=\"41.183151\" data-markerlon=\"1.534944\" data-markericon=\"\/wp-content\/uploads\/marker-allotjaments.png\" data-markericonhover=\"\" data-streetview=\"no\" data-fromview=\"\">\n\n<div class='info-allotjament'>\n\t<div class=\"mapa-tipus-allotjament-petit\">Auberge de jeunesse<\/div>\n\t<div class=\"titol-link-mapa-petit\"><a href=\"\/allotjaments\/#26293\">Alberg Coma-ruga Xanascat<\/a><\/div>\n\t<div class=\"mapa-tipus-allotjament-petit\"><a href=\"\/allotjaments\/#26293\">+ info<\/a><\/div>\n  <\/div>  \n<\/div>\n\n<div class=\"map-marker\" id=\"26293\">\n\t<img decoding=\"async\" width=\"510\" height=\"382\" src=\"https:\/\/elvendrellturisme.dms3labs.cat\/wp-content\/uploads\/disseny-sense-titol3-2-510x382.jpg\" class=\"attachment-et-pb-portfolio-module-image size-et-pb-portfolio-module-image wp-post-image\" alt=\"\" srcset=\"https:\/\/elvendrellturisme.dms3labs.cat\/wp-content\/uploads\/disseny-sense-titol3-2-510x382.jpg 510w, https:\/\/elvendrellturisme.dms3labs.cat\/wp-content\/uploads\/disseny-sense-titol3-2-480x480.jpg 480w\" sizes=\"(min-width: 0px) and (max-width: 480px) 480px, (min-width: 481px) 510px, 100vw\" title=\"\">\n  <div class=\"map-marker-content\">\n    <div class=\"mapa-tipus-allotjament \">Auberge de jeunesse<\/div>\n      <h3 class=\"titol-link-mapa\"><a href=\"https:\/\/elvendrellturisme.dms3labs.cat\/fr\/recursos-turistic\/auberge-de-jeunesse-santa-maria-del-mar-de-coma-ruga-no-registre-3\/\">Alberg Coma-ruga Xanascat<\/a><\/h3>\n    <div class=\"mapa-adreca\">Avinguda Palfuriana, 104<br\/>\n        43880 Coma-ruga\n    <\/div> \n      <div class=\"mapa-contacte\">\n        <a href=\"tel:977680008\">977 680 008<\/a><br\/>\n        <a href=\"mailto:alberg.comaruga@gencat.cat\" title=\"alberg.comaruga@gencat.cat\">alberg.comaruga@gencat.cat<\/a><br\/>\n       <a href=\"https:\/\/xanascat.gencat.cat\/ca\" title=\"Visitez le site Web\" target=\"_blank\" rel=\"noopener\">Visitez le site Web<\/a>\n        \n      <\/div>\n    <div class=\"info-general-mapa-allotjament info-allotjament\">\n    <div class=\"mapa-estrelles mapa-logo-text\"><img decoding=\"async\" src=\"\/wp-content\/uploads\/2021\/02\/1.gif\" alt=\"\" title=\"\"> <span class=\"mapa-text\">Aucune information<\/span>\n    <\/div>\n    <div class=\"mapa-obert mapa-logo-text\">\n          \n          <img decoding=\"async\" src=\"\/wp-content\/uploads\/2021\/02\/3.gif\" alt=\"\" title=\"\"> <span class=\"mapa-text\">Ouvert toute l'ann\u00e9e<\/span>\n          \n    <\/div>\n    <div class=\"mapa-distancia mapa-logo-text\">\n            <img decoding=\"async\" src=\"\/wp-content\/uploads\/2021\/02\/5.gif\" alt=\"\" title=\"\"> <span class=\"mapa-text\">Distance plage: 100 m\n          \n    <\/div>\n\n    <div class=\"mapa-habitacions mapa-logo-text\">\n      <img decoding=\"async\" src=\"\/wp-content\/uploads\/2021\/02\/2.gif\" alt=\"\" title=\"\"> <span class=\"mapa-text\">53 habitacions<\/span>\n      \n      \n      <\/div>\n    <\/div>\n    <div class=\"mapa-serveis\">\n        \n        \n        \n        <img decoding=\"async\" src=\"\/wp-content\/uploads\/2021\/02\/14.gif\" alt=\"\" title=\"\">\n        \n        \n        \n        \n        \n        <img decoding=\"async\" src=\"\/wp-content\/uploads\/2021\/02\/19.gif\" alt=\"\" title=\"\"> <img decoding=\"async\" src=\"\/wp-content\/uploads\/2021\/02\/21.gif\" alt=\"\" title=\"\"> <img decoding=\"async\" src=\"\/wp-content\/uploads\/2021\/02\/25.gif\" alt=\"\" title=\"\"> <img decoding=\"async\" src=\"\/wp-content\/uploads\/2021\/02\/61.gif\" alt=\"\" title=\"\"> <img decoding=\"async\" src=\"\/wp-content\/uploads\/2021\/02\/66.gif\" alt=\"\" title=\"\">\n        \n        \n        <img decoding=\"async\" src=\"\/wp-content\/uploads\/turisme-familiar.png\" alt=\"\" title=\"\">\n    <\/div>\n  <\/div>\n<\/div>\n<\/div>\n\t\t\n\t\t\n\t\t\t<div class=\"col-md-4\"><div style=\"display:none\" class=\"wpv-addon-maps-marker js-wpv-addon-maps-marker js-wpv-addon-maps-marker-marker-26306 js-wpv-addon-maps-markerfor-recursos\" data-marker=\"marker-26306\" data-markertitle=\"Appartements Pierre &#038; Vacances\" data-markerfor=\"recursos\" data-markerlat=\"41.181769\" data-markerlon=\"1.529449\" data-markericon=\"\/wp-content\/uploads\/marker-allotjaments.png\" data-markericonhover=\"\" data-streetview=\"no\" data-fromview=\"\">\n\n<div class='info-allotjament'>\n\t<div class=\"mapa-tipus-allotjament-petit\">Apartament<\/div>\n\t<div class=\"titol-link-mapa-petit\"><a href=\"\/allotjaments\/#26306\">Appartements Pierre &#038; Vacances<\/a><\/div>\n\t<div class=\"mapa-tipus-allotjament-petit\"><a href=\"\/allotjaments\/#26306\">+ info<\/a><\/div>\n  <\/div>  \n<\/div>\n\n<div class=\"map-marker\" id=\"26306\">\n\t<img decoding=\"async\" width=\"510\" height=\"382\" src=\"https:\/\/elvendrellturisme.dms3labs.cat\/wp-content\/uploads\/2021\/02\/COM-Piscine-Vue-Terrasse-510x382.jpg\" class=\"attachment-et-pb-portfolio-module-image size-et-pb-portfolio-module-image wp-post-image\" alt=\"\" title=\"\">\n  <div class=\"map-marker-content\">\n    <div class=\"mapa-tipus-allotjament \">Apartament<\/div>\n      <h3 class=\"titol-link-mapa\"><a href=\"https:\/\/elvendrellturisme.dms3labs.cat\/fr\/recursos-turistic\/appartements-pierre-vacances\/\">Appartements Pierre &#038; Vacances<\/a><\/h3>\n    <div class=\"mapa-adreca\">Av. Palfuriana, 133<br\/>\n        43880 Coma-ruga\n    <\/div> \n      <div class=\"mapa-contacte\">\n        <a href=\"tel:977680358\">977 680 358<\/a><br\/>\n        <a href=\"mailto:recepcion.comarruga@groupepvcp.com\" title=\"recepcion.comarruga@groupepvcp.com\">recepcion.comarruga@groupepvcp.com<\/a><br\/>\n       <a href=\"https:\/\/www.pierreetvacances.com\/\" title=\"Visitez le site Web\" target=\"_blank\" rel=\"noopener\">Visitez le site Web<\/a>\n        \n      <\/div>\n    <div class=\"info-general-mapa-allotjament info-allotjament\">\n    <div class=\"mapa-estrelles mapa-logo-text\"><img decoding=\"async\" src=\"\/wp-content\/uploads\/2021\/02\/1.gif\" alt=\"\" title=\"\"> <span class=\"mapa-text\">3 \u00e9toiles<\/span>\n    <\/div>\n    <div class=\"mapa-obert mapa-logo-text\">\n          \n          \n          <img decoding=\"async\" src=\"\/wp-content\/uploads\/2021\/02\/3.gif\" alt=\"\" title=\"\"> <span class=\"mapa-text\">Appelez pour confirmer les dates<\/span>\n    <\/div>\n    <div class=\"mapa-distancia mapa-logo-text\">\n            <img decoding=\"async\" src=\"\/wp-content\/uploads\/2021\/02\/5.gif\" alt=\"\" title=\"\"> <span class=\"mapa-text\">Distance plage: 0 m\n          \n    <\/div>\n\n    <div class=\"mapa-habitacions mapa-logo-text\">\n      <img decoding=\"async\" src=\"\/wp-content\/uploads\/2021\/02\/2.gif\" alt=\"\" title=\"\"> <span class=\"mapa-text\">71 habitacions<\/span>\n      \n      \n      <\/div>\n    <\/div>\n    <div class=\"mapa-serveis\">\n        \n        \n        \n        \n        <img decoding=\"async\" src=\"\/wp-content\/uploads\/2021\/02\/60.gif\" alt=\"\" title=\"\">\n        \n        \n        <img decoding=\"async\" src=\"\/wp-content\/uploads\/2021\/02\/10.gif\" alt=\"\" title=\"\"> <img decoding=\"async\" src=\"\/wp-content\/uploads\/2021\/02\/47.gif\" alt=\"\" title=\"\"> <img decoding=\"async\" src=\"\/wp-content\/uploads\/2021\/02\/57.gif\" alt=\"\" title=\"\">\n        \n        <img decoding=\"async\" src=\"\/wp-content\/uploads\/2021\/02\/19.gif\" alt=\"\" title=\"\"> <img decoding=\"async\" src=\"\/wp-content\/uploads\/2021\/02\/21.gif\" alt=\"\" title=\"\"> <img decoding=\"async\" src=\"\/wp-content\/uploads\/2021\/02\/23.gif\" alt=\"\" title=\"\"> <img decoding=\"async\" src=\"\/wp-content\/uploads\/2021\/02\/61.gif\" alt=\"\" title=\"\"> <img decoding=\"async\" src=\"\/wp-content\/uploads\/2021\/02\/63.gif\" alt=\"\" title=\"\">\n        \n        \n        \n    <\/div>\n  <\/div>\n<\/div>\n<\/div>\n\t\t\n\t\t\n\t\t\t<div class=\"col-md-4\"><div style=\"display:none\" class=\"wpv-addon-maps-marker js-wpv-addon-maps-marker js-wpv-addon-maps-marker-marker-26351 js-wpv-addon-maps-markerfor-recursos\" data-marker=\"marker-26351\" data-markertitle=\"Camping Franc\u00e0s\" data-markerfor=\"recursos\" data-markerlat=\"41.175892\" data-markerlon=\"1.496252\" data-markericon=\"\/wp-content\/uploads\/marker-allotjaments.png\" data-markericonhover=\"\" data-streetview=\"no\" data-fromview=\"\">\n\n<div class='info-allotjament'>\n\t<div class=\"mapa-tipus-allotjament-petit\">Camping<\/div>\n\t<div class=\"titol-link-mapa-petit\"><a href=\"\/allotjaments\/#26351\">Camping Franc\u00e0s<\/a><\/div>\n\t<div class=\"mapa-tipus-allotjament-petit\"><a href=\"\/allotjaments\/#26351\">+ info<\/a><\/div>\n  <\/div>  \n<\/div>\n\n<div class=\"map-marker\" id=\"26351\">\n\t<img decoding=\"async\" width=\"510\" height=\"382\" src=\"https:\/\/elvendrellturisme.dms3labs.cat\/wp-content\/uploads\/2021\/02\/la-foto-3-510x382.jpg\" class=\"attachment-et-pb-portfolio-module-image size-et-pb-portfolio-module-image wp-post-image\" alt=\"\" title=\"\">\n  <div class=\"map-marker-content\">\n    <div class=\"mapa-tipus-allotjament \">Camping<\/div>\n      <h3 class=\"titol-link-mapa\"><a href=\"https:\/\/elvendrellturisme.dms3labs.cat\/fr\/recursos-turistic\/camping-francas\/\">Camping Franc\u00e0s<\/a><\/h3>\n    <div class=\"mapa-adreca\">Av. Comunicaci\u00f3 Social, 27-31<br\/>\n        43883 El Franc\u00e0s\n    <\/div> \n      <div class=\"mapa-contacte\">\n        <a href=\"tel:977680725\">977 680 725<\/a><br\/>\n        <a href=\"mailto:info@campingfrancas.net\" title=\"info@campingfrancas.net\">info@campingfrancas.net<\/a><br\/>\n       <a href=\"https:\/\/www.campingfrancas.net\/\" title=\"Visitez le site Web\" target=\"_blank\" rel=\"noopener\">Visitez le site Web<\/a>\n        \n      <\/div>\n    <div class=\"info-general-mapa-allotjament info-allotjament\">\n    <div class=\"mapa-estrelles mapa-logo-text\"><img decoding=\"async\" src=\"\/wp-content\/uploads\/2021\/02\/1.gif\" alt=\"\" title=\"\"> <span class=\"mapa-text\">2 \u00e9toiles<\/span>\n    <\/div>\n    <div class=\"mapa-obert mapa-logo-text\">\n          \n          \n          <img decoding=\"async\" src=\"\/wp-content\/uploads\/2021\/02\/3.gif\" alt=\"\" title=\"\"> <span class=\"mapa-text\">Appelez pour confirmer les dates<\/span>\n    <\/div>\n    <div class=\"mapa-distancia mapa-logo-text\">\n            <img decoding=\"async\" src=\"\/wp-content\/uploads\/2021\/02\/5.gif\" alt=\"\" title=\"\"> <span class=\"mapa-text\">Distance plage: 0 m\n          \n    <\/div>\n\n    <div class=\"mapa-habitacions mapa-logo-text\">\n      \n      <img decoding=\"async\" src=\"\/wp-content\/uploads\/2021\/02\/16.gif\" alt=\"\" title=\"\"> <span class=\"mapa-text\">298 parcelles \/ 6 bungalows<\/span>\n      \n      <\/div>\n    <\/div>\n    <div class=\"mapa-serveis\">\n        \n        \n        \n        \n        \n        \n        \n        <img decoding=\"async\" src=\"\/wp-content\/uploads\/2021\/02\/57.gif\" alt=\"\" title=\"\">\n        \n        <img decoding=\"async\" src=\"\/wp-content\/uploads\/2021\/02\/21.gif\" alt=\"\" title=\"\"> <img decoding=\"async\" src=\"\/wp-content\/uploads\/2021\/02\/23.gif\" alt=\"\" title=\"\"> <img decoding=\"async\" src=\"\/wp-content\/uploads\/2021\/02\/38.gif\" alt=\"\" title=\"\"> <img decoding=\"async\" src=\"\/wp-content\/uploads\/2021\/02\/66.gif\" alt=\"\" title=\"\"> <img decoding=\"async\" src=\"\/wp-content\/uploads\/2021\/02\/67.gif\" alt=\"\" title=\"\"> <img decoding=\"async\" src=\"\/wp-content\/uploads\/2021\/02\/18.gif\" alt=\"\" title=\"\">\n        \n        <img decoding=\"async\" src=\"\/wp-content\/uploads\/2021\/02\/76.gif\" alt=\"\" title=\"\">\n        \n    <\/div>\n  <\/div>\n<\/div>\n<\/div>\n\t\t<\/div>\n\t\t\n\t\t\n\t\t<div class=\"row \">\n\t\t\t<div class=\"col-md-4\"><div style=\"display:none\" class=\"wpv-addon-maps-marker js-wpv-addon-maps-marker js-wpv-addon-maps-marker-marker-26358 js-wpv-addon-maps-markerfor-recursos\" data-marker=\"marker-26358\" data-markertitle=\"Camping Sant Salvador\" data-markerfor=\"recursos\" data-markerlat=\"41.18303\" data-markerlon=\"1.535964\" data-markericon=\"\/wp-content\/uploads\/marker-allotjaments.png\" data-markericonhover=\"\" data-streetview=\"no\" data-fromview=\"\">\n\n<div class='info-allotjament'>\n\t<div class=\"mapa-tipus-allotjament-petit\">Camping<\/div>\n\t<div class=\"titol-link-mapa-petit\"><a href=\"\/allotjaments\/#26358\">Camping Sant Salvador<\/a><\/div>\n\t<div class=\"mapa-tipus-allotjament-petit\"><a href=\"\/allotjaments\/#26358\">+ info<\/a><\/div>\n  <\/div>  \n<\/div>\n\n<div class=\"map-marker\" id=\"26358\">\n\t<img decoding=\"async\" width=\"510\" height=\"382\" src=\"https:\/\/elvendrellturisme.dms3labs.cat\/wp-content\/uploads\/disseny-sense-titol4-1-510x382.jpg\" class=\"attachment-et-pb-portfolio-module-image size-et-pb-portfolio-module-image wp-post-image\" alt=\"\" srcset=\"https:\/\/elvendrellturisme.dms3labs.cat\/wp-content\/uploads\/disseny-sense-titol4-1-510x382.jpg 510w, https:\/\/elvendrellturisme.dms3labs.cat\/wp-content\/uploads\/disseny-sense-titol4-1-480x480.jpg 480w\" sizes=\"(min-width: 0px) and (max-width: 480px) 480px, (min-width: 481px) 510px, 100vw\" title=\"\">\n  <div class=\"map-marker-content\">\n    <div class=\"mapa-tipus-allotjament \">Camping<\/div>\n      <h3 class=\"titol-link-mapa\"><a href=\"https:\/\/elvendrellturisme.dms3labs.cat\/fr\/recursos-turistic\/camping-sant-salvador\/\">Camping Sant Salvador<\/a><\/h3>\n    <div class=\"mapa-adreca\">Av. Palfuriana, 88-92<br\/>\n        43880 Sant Salvador\n    <\/div> \n      <div class=\"mapa-contacte\">\n        <a href=\"tel:977680804\">977 680 804<\/a><br\/>\n        <a href=\"mailto:info@campingsantsalvador.com\" title=\"info@campingsantsalvador.com\">info@campingsantsalvador.com<\/a><br\/>\n       <a href=\"https:\/\/www.campingsantsalvador.com\/\" title=\"Visitez le site Web\" target=\"_blank\" rel=\"noopener\">Visitez le site Web<\/a>\n        \n      <\/div>\n    <div class=\"info-general-mapa-allotjament info-allotjament\">\n    <div class=\"mapa-estrelles mapa-logo-text\"><img decoding=\"async\" src=\"\/wp-content\/uploads\/2021\/02\/1.gif\" alt=\"\" title=\"\"> <span class=\"mapa-text\">3 \u00e9toiles<\/span>\n    <\/div>\n    <div class=\"mapa-obert mapa-logo-text\">\n          \n          \n          <img decoding=\"async\" src=\"\/wp-content\/uploads\/2021\/02\/3.gif\" alt=\"\" title=\"\"> <span class=\"mapa-text\">Appelez pour confirmer les dates<\/span>\n    <\/div>\n    <div class=\"mapa-distancia mapa-logo-text\">\n            <img decoding=\"async\" src=\"\/wp-content\/uploads\/2021\/02\/5.gif\" alt=\"\" title=\"\"> <span class=\"mapa-text\">Distance plage: 50 m\n          \n    <\/div>\n\n    <div class=\"mapa-habitacions mapa-logo-text\">\n      \n      <img decoding=\"async\" src=\"\/wp-content\/uploads\/2021\/02\/16.gif\" alt=\"\" title=\"\"> <span class=\"mapa-text\">363 parcelles \/ 6 bungalows \/ 85 mobil homes<\/span>\n      \n      <\/div>\n    <\/div>\n    <div class=\"mapa-serveis\">\n        \n        \n        <img decoding=\"async\" src=\"\/wp-content\/uploads\/2021\/02\/52.gif\" alt=\"\" title=\"\">\n        \n        \n        <img decoding=\"async\" src=\"\/wp-content\/uploads\/2021\/02\/42.gif\" alt=\"\" title=\"\">\n        \n        \n        \n        <img decoding=\"async\" src=\"\/wp-content\/uploads\/2021\/02\/21.gif\" alt=\"\" title=\"\"> <img decoding=\"async\" src=\"\/wp-content\/uploads\/2021\/02\/23.gif\" alt=\"\" title=\"\"> <img decoding=\"async\" src=\"\/wp-content\/uploads\/2021\/02\/38.gif\" alt=\"\" title=\"\"> <img decoding=\"async\" src=\"\/wp-content\/uploads\/2021\/02\/66.gif\" alt=\"\" title=\"\"> <img decoding=\"async\" src=\"\/wp-content\/uploads\/2021\/02\/77.gif\" alt=\"\" title=\"\"> <img decoding=\"async\" src=\"\/wp-content\/uploads\/2021\/02\/18.gif\" alt=\"\" title=\"\">\n        \n        <img decoding=\"async\" src=\"\/wp-content\/uploads\/2021\/02\/76.gif\" alt=\"\" title=\"\">\n        \n    <\/div>\n  <\/div>\n<\/div>\n<\/div>\n\t\t\n\t\t\n\t\t\t<div class=\"col-md-4\"><div style=\"display:none\" class=\"wpv-addon-maps-marker js-wpv-addon-maps-marker js-wpv-addon-maps-marker-marker-26570 js-wpv-addon-maps-markerfor-recursos\" data-marker=\"marker-26570\" data-markertitle=\"C\u00e0mping Estival Vendrell Platja\" data-markerfor=\"recursos\" data-markerlat=\"41.185775\" data-markerlon=\"1.55581\" data-markericon=\"\/wp-content\/uploads\/marker-allotjaments.png\" data-markericonhover=\"\" data-streetview=\"no\" data-fromview=\"\">\n\n<div class='info-allotjament'>\n\t<div class=\"mapa-tipus-allotjament-petit\">Camping<\/div>\n\t<div class=\"titol-link-mapa-petit\"><a href=\"\/allotjaments\/#26570\">C\u00e0mping Estival Vendrell Platja<\/a><\/div>\n\t<div class=\"mapa-tipus-allotjament-petit\"><a href=\"\/allotjaments\/#26570\">+ info<\/a><\/div>\n  <\/div>  \n<\/div>\n\n<div class=\"map-marker\" id=\"26570\">\n\t<img decoding=\"async\" width=\"510\" height=\"382\" src=\"https:\/\/elvendrellturisme.dms3labs.cat\/wp-content\/uploads\/general-view-510x382.jpg\" class=\"attachment-et-pb-portfolio-module-image size-et-pb-portfolio-module-image wp-post-image\" alt=\"\" title=\"\">\n  <div class=\"map-marker-content\">\n    <div class=\"mapa-tipus-allotjament \">Camping<\/div>\n      <h3 class=\"titol-link-mapa\"><a href=\"https:\/\/elvendrellturisme.dms3labs.cat\/fr\/recursos-turistic\/vendrell-platja-bungalows-camping\/\">C\u00e0mping Estival Vendrell Platja<\/a><\/h3>\n    <div class=\"mapa-adreca\">Avinguda del Sanatori, s\/n<br\/>\n        43880 Sant Salvador\n    <\/div> \n      <div class=\"mapa-contacte\">\n        <a href=\"tel:977694009\">977 694 009<\/a><br\/>\n        <a href=\"mailto:recepcion@vendrellplatja.es\" title=\"recepcion@vendrellplatja.es\">recepcion@vendrellplatja.es<\/a><br\/>\n       <a href=\"https:\/\/www.vendrellplatja.es\/\" title=\"Visitez le site Web\" target=\"_blank\" rel=\"noopener\">Visitez le site Web<\/a>\n        \n      <\/div>\n    <div class=\"info-general-mapa-allotjament info-allotjament\">\n    <div class=\"mapa-estrelles mapa-logo-text\"><img decoding=\"async\" src=\"\/wp-content\/uploads\/2021\/02\/1.gif\" alt=\"\" title=\"\"> <span class=\"mapa-text\">1 \u00e9toile<\/span>\n    <\/div>\n    <div class=\"mapa-obert mapa-logo-text\">\n          \n          \n          <img decoding=\"async\" src=\"\/wp-content\/uploads\/2021\/02\/3.gif\" alt=\"\" title=\"\"> <span class=\"mapa-text\">Appelez pour confirmer les dates<\/span>\n    <\/div>\n    <div class=\"mapa-distancia mapa-logo-text\">\n            <img decoding=\"async\" src=\"\/wp-content\/uploads\/2021\/02\/5.gif\" alt=\"\" title=\"\"> <span class=\"mapa-text\">Distance plage: 50 m\n          \n    <\/div>\n\n    <div class=\"mapa-habitacions mapa-logo-text\">\n      \n      <img decoding=\"async\" src=\"\/wp-content\/uploads\/2021\/02\/16.gif\" alt=\"\" title=\"\"> <span class=\"mapa-text\">459 Parcelles \/ 110 Bungalows \/ 14 Mobil Homes<\/span>\n      \n      <\/div>\n    <\/div>\n    <div class=\"mapa-serveis\">\n        \n        \n        \n        \n        \n        \n        \n        \n        \n        <img decoding=\"async\" src=\"\/wp-content\/uploads\/2021\/02\/21.gif\" alt=\"\" title=\"\"> <img decoding=\"async\" src=\"\/wp-content\/uploads\/2021\/02\/23.gif\" alt=\"\" title=\"\"> <img decoding=\"async\" src=\"\/wp-content\/uploads\/2021\/02\/38.gif\" alt=\"\" title=\"\"> <img decoding=\"async\" src=\"\/wp-content\/uploads\/2021\/02\/63.gif\" alt=\"\" title=\"\"> <img decoding=\"async\" src=\"\/wp-content\/uploads\/2021\/02\/65.gif\" alt=\"\" title=\"\"> <img decoding=\"async\" src=\"\/wp-content\/uploads\/2021\/02\/66.gif\" alt=\"\" title=\"\"> <img decoding=\"async\" src=\"\/wp-content\/uploads\/2021\/02\/67.gif\" alt=\"\" title=\"\"> <img decoding=\"async\" src=\"\/wp-content\/uploads\/2021\/02\/77.gif\" alt=\"\" title=\"\"> <img decoding=\"async\" src=\"\/wp-content\/uploads\/2021\/02\/18.gif\" alt=\"\" title=\"\">\n        \n        \n        <img decoding=\"async\" src=\"\/wp-content\/uploads\/turisme-familiar.png\" alt=\"\" title=\"\">\n    <\/div>\n  <\/div>\n<\/div>\n<\/div>\n\t\t\n\t\t\n\t\t\t<div class=\"col-md-4\"><div style=\"display:none\" class=\"wpv-addon-maps-marker js-wpv-addon-maps-marker js-wpv-addon-maps-marker-marker-26282 js-wpv-addon-maps-markerfor-recursos\" data-marker=\"marker-26282\" data-markertitle=\"4R Gran Europe &#8211; HT-000260\" data-markerfor=\"recursos\" data-markerlat=\"41.182757\" data-markerlon=\"1.532986\" data-markericon=\"\/wp-content\/uploads\/marker-allotjaments.png\" data-markericonhover=\"\" data-streetview=\"no\" data-fromview=\"\">\n\n<div class='info-allotjament'>\n\t<div class=\"mapa-tipus-allotjament-petit\">H\u00f4tel<\/div>\n\t<div class=\"titol-link-mapa-petit\"><a href=\"\/allotjaments\/#26282\">4R Gran Europe &#8211; HT-000260<\/a><\/div>\n\t<div class=\"mapa-tipus-allotjament-petit\"><a href=\"\/allotjaments\/#26282\">+ info<\/a><\/div>\n  <\/div>  \n<\/div>\n\n<div class=\"map-marker\" id=\"26282\">\n\t<img decoding=\"async\" width=\"510\" height=\"382\" src=\"https:\/\/elvendrellturisme.dms3labs.cat\/wp-content\/uploads\/geuropa187219b-510x382.jpg\" class=\"attachment-et-pb-portfolio-module-image size-et-pb-portfolio-module-image wp-post-image\" alt=\"\" title=\"\">\n  <div class=\"map-marker-content\">\n    <div class=\"mapa-tipus-allotjament \">H\u00f4tel<\/div>\n      <h3 class=\"titol-link-mapa\"><a href=\"https:\/\/elvendrellturisme.dms3labs.cat\/fr\/recursos-turistic\/4r-gran-europe-ht-000260\/\">4R Gran Europe &#8211; HT-000260<\/a><\/h3>\n    <div class=\"mapa-adreca\">Av. Palfuriana, 125-127<br\/>\n        43880 Coma-ruga\n    <\/div> \n      <div class=\"mapa-contacte\">\n        <a href=\"tel:977684200\">977 684 200<\/a><br\/>\n        <a href=\"mailto:graneurope@4rhotels.com\" title=\"graneurope@4rhotels.com\">graneurope@4rhotels.com<\/a><br\/>\n       <a href=\"https:\/\/www.4rhotels.com\/es\/Hotel-4r-Gran-Europe\/\" title=\"Visitez le site Web\" target=\"_blank\" rel=\"noopener\">Visitez le site Web<\/a>\n        \n      <\/div>\n    <div class=\"info-general-mapa-allotjament info-allotjament\">\n    <div class=\"mapa-estrelles mapa-logo-text\"><img decoding=\"async\" src=\"\/wp-content\/uploads\/2021\/02\/1.gif\" alt=\"\" title=\"\"> <span class=\"mapa-text\">4 \u00e9toiles<\/span>\n    <\/div>\n    <div class=\"mapa-obert mapa-logo-text\">\n          \n          \n          <img decoding=\"async\" src=\"\/wp-content\/uploads\/2021\/02\/3.gif\" alt=\"\" title=\"\"> <span class=\"mapa-text\">Appelez pour confirmer les dates<\/span>\n    <\/div>\n    <div class=\"mapa-distancia mapa-logo-text\">\n            <img decoding=\"async\" src=\"\/wp-content\/uploads\/2021\/02\/5.gif\" alt=\"\" title=\"\"> <span class=\"mapa-text\">Distance plage: 0 m\n          \n    <\/div>\n\n    <div class=\"mapa-habitacions mapa-logo-text\">\n      <img decoding=\"async\" src=\"\/wp-content\/uploads\/2021\/02\/2.gif\" alt=\"\" title=\"\"> <span class=\"mapa-text\">148 habitacions<\/span>\n      \n      \n      <\/div>\n    <\/div>\n    <div class=\"mapa-serveis\">\n        \n        \n        \n        \n        <img decoding=\"async\" src=\"\/wp-content\/uploads\/2021\/02\/60.gif\" alt=\"\" title=\"\">\n        \n        <img decoding=\"async\" src=\"\/wp-content\/uploads\/2021\/02\/34.gif\" alt=\"\" title=\"\">\n        <img decoding=\"async\" src=\"\/wp-content\/uploads\/2021\/02\/10.gif\" alt=\"\" title=\"\"> <img decoding=\"async\" src=\"\/wp-content\/uploads\/2021\/02\/11.gif\" alt=\"\" title=\"\"> <img decoding=\"async\" src=\"\/wp-content\/uploads\/2021\/02\/47.gif\" alt=\"\" title=\"\"> <img decoding=\"async\" src=\"\/wp-content\/uploads\/2021\/02\/54.gif\" alt=\"\" title=\"\"> <img decoding=\"async\" src=\"\/wp-content\/uploads\/2021\/02\/55.gif\" alt=\"\" title=\"\"> <img decoding=\"async\" src=\"\/wp-content\/uploads\/2021\/02\/56.gif\" alt=\"\" title=\"\"> <img decoding=\"async\" src=\"\/wp-content\/uploads\/2021\/02\/57.gif\" alt=\"\" title=\"\">\n        \n        <img decoding=\"async\" src=\"\/wp-content\/uploads\/2021\/02\/19.gif\" alt=\"\" title=\"\"> <img decoding=\"async\" src=\"\/wp-content\/uploads\/2021\/02\/21.gif\" alt=\"\" title=\"\"> <img decoding=\"async\" src=\"\/wp-content\/uploads\/2021\/02\/23.gif\" alt=\"\" title=\"\"> <img decoding=\"async\" src=\"\/wp-content\/uploads\/2021\/02\/61.gif\" alt=\"\" title=\"\"> <img decoding=\"async\" src=\"\/wp-content\/uploads\/2021\/02\/63.gif\" alt=\"\" title=\"\"> <img decoding=\"async\" src=\"\/wp-content\/uploads\/2021\/02\/66.gif\" alt=\"\" title=\"\">\n        <img decoding=\"async\" src=\"\/wp-content\/uploads\/2021\/02\/75.gif\" alt=\"\" title=\"\">\n        \n        \n    <\/div>\n  <\/div>\n<\/div>\n<\/div>\n\t\t<\/div>\n\t\t\n\t\t\n\t\t<div class=\"row \">\n\t\t\t<div class=\"col-md-4\"><div style=\"display:none\" class=\"wpv-addon-maps-marker js-wpv-addon-maps-marker js-wpv-addon-maps-marker-marker-26541 js-wpv-addon-maps-markerfor-recursos\" data-marker=\"marker-26541\" data-markertitle=\"Hotel Balneario Playa de Coma-ruga\" data-markerfor=\"recursos\" data-markerlat=\"41.181841\" data-markerlon=\"1.524315\" data-markericon=\"\/wp-content\/uploads\/marker-allotjaments.png\" data-markericonhover=\"\" data-streetview=\"no\" data-fromview=\"\">\n\n<div class='info-allotjament'>\n\t<div class=\"mapa-tipus-allotjament-petit\">H\u00f4tel<\/div>\n\t<div class=\"titol-link-mapa-petit\"><a href=\"\/allotjaments\/#26541\">Hotel Balneario Playa de Coma-ruga<\/a><\/div>\n\t<div class=\"mapa-tipus-allotjament-petit\"><a href=\"\/allotjaments\/#26541\">+ info<\/a><\/div>\n  <\/div>  \n<\/div>\n\n<div class=\"map-marker\" id=\"26541\">\n\t<img decoding=\"async\" width=\"510\" height=\"382\" src=\"https:\/\/elvendrellturisme.dms3labs.cat\/wp-content\/uploads\/disseny-sense-titol2-1-510x382.jpg\" class=\"attachment-et-pb-portfolio-module-image size-et-pb-portfolio-module-image wp-post-image\" alt=\"\" srcset=\"https:\/\/elvendrellturisme.dms3labs.cat\/wp-content\/uploads\/disseny-sense-titol2-1-510x382.jpg 510w, https:\/\/elvendrellturisme.dms3labs.cat\/wp-content\/uploads\/disseny-sense-titol2-1-480x480.jpg 480w\" sizes=\"(min-width: 0px) and (max-width: 480px) 480px, (min-width: 481px) 510px, 100vw\" title=\"\">\n  <div class=\"map-marker-content\">\n    <div class=\"mapa-tipus-allotjament \">H\u00f4tel<\/div>\n      <h3 class=\"titol-link-mapa\"><a href=\"https:\/\/elvendrellturisme.dms3labs.cat\/fr\/recursos-turistic\/hotel-balneario-playa-de-coma-ruga\/\">Hotel Balneario Playa de Coma-ruga<\/a><\/h3>\n    <div class=\"mapa-adreca\">Av. del Balneari, 4-6<br\/>\n        43880 Coma-ruga\n    <\/div> \n      <div class=\"mapa-contacte\">\n        <a href=\"tel:977684808\">977 684 808<\/a><br\/>\n        <a href=\"mailto:reservas@hotelbalnearioplayadecomarruga.com\" title=\"reservas@hotelbalnearioplayadecomarruga.com\">reservas@hotelbalnearioplayadecomarruga.com<\/a><br\/>\n       <a href=\"https:\/\/www.hotelbalnearioplayadecomarruga.com\/\" title=\"Visitez le site Web\" target=\"_blank\" rel=\"noopener\">Visitez le site Web<\/a>\n        \n      <\/div>\n    <div class=\"info-general-mapa-allotjament info-allotjament\">\n    <div class=\"mapa-estrelles mapa-logo-text\"><img decoding=\"async\" src=\"\/wp-content\/uploads\/2021\/02\/1.gif\" alt=\"\" title=\"\"> <span class=\"mapa-text\">4 \u00e9toiles<\/span>\n    <\/div>\n    <div class=\"mapa-obert mapa-logo-text\">\n          \n          \n          <img decoding=\"async\" src=\"\/wp-content\/uploads\/2021\/02\/3.gif\" alt=\"\" title=\"\"> <span class=\"mapa-text\">Appelez pour confirmer les dates<\/span>\n    <\/div>\n    <div class=\"mapa-distancia mapa-logo-text\">\n            <img decoding=\"async\" src=\"\/wp-content\/uploads\/2021\/02\/5.gif\" alt=\"\" title=\"\"> <span class=\"mapa-text\">Distance plage: 100 m\n          \n    <\/div>\n\n    <div class=\"mapa-habitacions mapa-logo-text\">\n      <img decoding=\"async\" src=\"\/wp-content\/uploads\/2021\/02\/2.gif\" alt=\"\" title=\"\"> <span class=\"mapa-text\">121 habitacions<\/span>\n      \n      \n      <\/div>\n    <\/div>\n    <div class=\"mapa-serveis\">\n        \n        \n        \n        \n        <img decoding=\"async\" src=\"\/wp-content\/uploads\/2021\/02\/60.gif\" alt=\"\" title=\"\">\n        \n        \n        <img decoding=\"async\" src=\"\/wp-content\/uploads\/2021\/02\/10.gif\" alt=\"\" title=\"\"> <img decoding=\"async\" src=\"\/wp-content\/uploads\/2021\/02\/11.gif\" alt=\"\" title=\"\"> <img decoding=\"async\" src=\"\/wp-content\/uploads\/2021\/02\/54.gif\" alt=\"\" title=\"\"> <img decoding=\"async\" src=\"\/wp-content\/uploads\/2021\/02\/55.gif\" alt=\"\" title=\"\"> <img decoding=\"async\" src=\"\/wp-content\/uploads\/2021\/02\/56.gif\" alt=\"\" title=\"\"> <img decoding=\"async\" src=\"\/wp-content\/uploads\/2021\/02\/57.gif\" alt=\"\" title=\"\">\n        \n        <img decoding=\"async\" src=\"\/wp-content\/uploads\/2021\/02\/21.gif\" alt=\"\" title=\"\"> <img decoding=\"async\" src=\"\/wp-content\/uploads\/2021\/02\/23.gif\" alt=\"\" title=\"\"> <img decoding=\"async\" src=\"\/wp-content\/uploads\/2021\/02\/25.gif\" alt=\"\" title=\"\"> <img decoding=\"async\" src=\"\/wp-content\/uploads\/2021\/02\/61.gif\" alt=\"\" title=\"\"> <img decoding=\"async\" src=\"\/wp-content\/uploads\/2021\/02\/63.gif\" alt=\"\" title=\"\"> <img decoding=\"async\" src=\"\/wp-content\/uploads\/2021\/02\/64.gif\" alt=\"\" title=\"\"> <img decoding=\"async\" src=\"\/wp-content\/uploads\/2021\/02\/65.gif\" alt=\"\" title=\"\"> <img decoding=\"async\" src=\"\/wp-content\/uploads\/2021\/02\/67.gif\" alt=\"\" title=\"\"> <img decoding=\"async\" src=\"\/wp-content\/uploads\/2021\/02\/69.gif\" alt=\"\" title=\"\">\n        \n        \n        \n    <\/div>\n  <\/div>\n<\/div>\n<\/div>\n\t\t\n\t\t\n\t\t\t<div class=\"col-md-4\"><div style=\"display:none\" class=\"wpv-addon-maps-marker js-wpv-addon-maps-marker js-wpv-addon-maps-marker-marker-26579 js-wpv-addon-maps-markerfor-recursos\" data-marker=\"marker-26579\" data-markertitle=\"Hotel Coma-ruga Platja\" data-markerfor=\"recursos\" data-markerlat=\"41.182894\" data-markerlon=\"1.534884\" data-markericon=\"\/wp-content\/uploads\/marker-allotjaments.png\" data-markericonhover=\"\" data-streetview=\"no\" data-fromview=\"\">\n\n<div class='info-allotjament'>\n\t<div class=\"mapa-tipus-allotjament-petit\">H\u00f4tel<\/div>\n\t<div class=\"titol-link-mapa-petit\"><a href=\"\/allotjaments\/#26579\">Hotel Coma-ruga Platja<\/a><\/div>\n\t<div class=\"mapa-tipus-allotjament-petit\"><a href=\"\/allotjaments\/#26579\">+ info<\/a><\/div>\n  <\/div>  \n<\/div>\n\n<div class=\"map-marker\" id=\"26579\">\n\t<img decoding=\"async\" width=\"510\" height=\"382\" src=\"https:\/\/elvendrellturisme.dms3labs.cat\/wp-content\/uploads\/2021\/02\/Hotel-Coma-ruga-Platja-510x382.jpg\" class=\"attachment-et-pb-portfolio-module-image size-et-pb-portfolio-module-image wp-post-image\" alt=\"\" title=\"\">\n  <div class=\"map-marker-content\">\n    <div class=\"mapa-tipus-allotjament \">H\u00f4tel<\/div>\n      <h3 class=\"titol-link-mapa\"><a href=\"https:\/\/elvendrellturisme.dms3labs.cat\/fr\/recursos-turistic\/hotel-coma-ruga-platja\/\">Hotel Coma-ruga Platja<\/a><\/h3>\n    <div class=\"mapa-adreca\">Av. Palfuriana, 115<br\/>\n        43880 Coma-ruga\n    <\/div> \n      <div class=\"mapa-contacte\">\n        <a href=\"tel:977684714\">977 684 714<\/a><br\/>\n        <a href=\"mailto:reservas@hotelcomarrugaplatja.com\" title=\"reservas@hotelcomarrugaplatja.com\">reservas@hotelcomarrugaplatja.com<\/a><br\/>\n       <a href=\"https:\/\/www.hotelcomarrugaplatja.com\/\" title=\"Visitez le site Web\" target=\"_blank\" rel=\"noopener\">Visitez le site Web<\/a>\n        \n      <\/div>\n    <div class=\"info-general-mapa-allotjament info-allotjament\">\n    <div class=\"mapa-estrelles mapa-logo-text\"><img decoding=\"async\" src=\"\/wp-content\/uploads\/2021\/02\/1.gif\" alt=\"\" title=\"\"> <span class=\"mapa-text\">3 \u00e9toiles<\/span>\n    <\/div>\n    <div class=\"mapa-obert mapa-logo-text\">\n          \n          \n          <img decoding=\"async\" src=\"\/wp-content\/uploads\/2021\/02\/3.gif\" alt=\"\" title=\"\"> <span class=\"mapa-text\">Appelez pour confirmer les dates<\/span>\n    <\/div>\n    <div class=\"mapa-distancia mapa-logo-text\">\n            <img decoding=\"async\" src=\"\/wp-content\/uploads\/2021\/02\/5.gif\" alt=\"\" title=\"\"> <span class=\"mapa-text\">Distance plage: 0 m\n          \n    <\/div>\n\n    <div class=\"mapa-habitacions mapa-logo-text\">\n      <img decoding=\"async\" src=\"\/wp-content\/uploads\/2021\/02\/2.gif\" alt=\"\" title=\"\"> <span class=\"mapa-text\">75 habitacions<\/span>\n      \n      \n      <\/div>\n    <\/div>\n    <div class=\"mapa-serveis\">\n        \n        \n        \n        \n        <img decoding=\"async\" src=\"\/wp-content\/uploads\/2021\/02\/60.gif\" alt=\"\" title=\"\">\n        \n        \n        <img decoding=\"async\" src=\"\/wp-content\/uploads\/2021\/02\/10.gif\" alt=\"\" title=\"\"> <img decoding=\"async\" src=\"\/wp-content\/uploads\/2021\/02\/11.gif\" alt=\"\" title=\"\"> <img decoding=\"async\" src=\"\/wp-content\/uploads\/2021\/02\/54.gif\" alt=\"\" title=\"\"> <img decoding=\"async\" src=\"\/wp-content\/uploads\/2021\/02\/55.gif\" alt=\"\" title=\"\"> <img decoding=\"async\" src=\"\/wp-content\/uploads\/2021\/02\/57.gif\" alt=\"\" title=\"\">\n        \n        <img decoding=\"async\" src=\"\/wp-content\/uploads\/2021\/02\/21.gif\" alt=\"\" title=\"\"> <img decoding=\"async\" src=\"\/wp-content\/uploads\/2021\/02\/23.gif\" alt=\"\" title=\"\"> <img decoding=\"async\" src=\"\/wp-content\/uploads\/2021\/02\/61.gif\" alt=\"\" title=\"\"> <img decoding=\"async\" src=\"\/wp-content\/uploads\/2021\/02\/63.gif\" alt=\"\" title=\"\">\n        \n        \n        \n    <\/div>\n  <\/div>\n<\/div>\n<\/div>\n\t\t\n\t\t\n\t\t\t<div class=\"col-md-4\"><div style=\"display:none\" class=\"wpv-addon-maps-marker js-wpv-addon-maps-marker js-wpv-addon-maps-marker-marker-26582 js-wpv-addon-maps-markerfor-recursos\" data-marker=\"marker-26582\" data-markertitle=\"Hotel Ohtels Sant Salvador\" data-markerfor=\"recursos\" data-markerlat=\"41.184319\" data-markerlon=\"1.540052\" data-markericon=\"\/wp-content\/uploads\/marker-allotjaments.png\" data-markericonhover=\"\" data-streetview=\"no\" data-fromview=\"\">\n\n<div class='info-allotjament'>\n\t<div class=\"mapa-tipus-allotjament-petit\">H\u00f4tel<\/div>\n\t<div class=\"titol-link-mapa-petit\"><a href=\"\/allotjaments\/#26582\">Hotel Ohtels Sant Salvador<\/a><\/div>\n\t<div class=\"mapa-tipus-allotjament-petit\"><a href=\"\/allotjaments\/#26582\">+ info<\/a><\/div>\n  <\/div>  \n<\/div>\n\n<div class=\"map-marker\" id=\"26582\">\n\t<img decoding=\"async\" width=\"510\" height=\"382\" src=\"https:\/\/elvendrellturisme.dms3labs.cat\/wp-content\/uploads\/07-mg-5393-510x382.jpg\" class=\"attachment-et-pb-portfolio-module-image size-et-pb-portfolio-module-image wp-post-image\" alt=\"\" title=\"\">\n  <div class=\"map-marker-content\">\n    <div class=\"mapa-tipus-allotjament \">H\u00f4tel<\/div>\n      <h3 class=\"titol-link-mapa\"><a href=\"https:\/\/elvendrellturisme.dms3labs.cat\/fr\/recursos-turistic\/hotel-ohtels-sant-salvador\/\">Hotel Ohtels Sant Salvador<\/a><\/h3>\n    <div class=\"mapa-adreca\">C\/ Llobregat, 17<br\/>\n        43880 Sant Salvador\n    <\/div> \n      <div class=\"mapa-contacte\">\n        <a href=\"tel:977684041\">977 684 041<\/a><br\/>\n        <a href=\"mailto:recepcion@hotelplayadorada.es\" title=\"recepcion@hotelplayadorada.es\">recepcion@hotelplayadorada.es<\/a><br\/>\n       <a href=\"https:\/\/www.ohtelssansalvador.es\/\" title=\"Visitez le site Web\" target=\"_blank\" rel=\"noopener\">Visitez le site Web<\/a>\n        \n      <\/div>\n    <div class=\"info-general-mapa-allotjament info-allotjament\">\n    <div class=\"mapa-estrelles mapa-logo-text\"><img decoding=\"async\" src=\"\/wp-content\/uploads\/2021\/02\/1.gif\" alt=\"\" title=\"\"> <span class=\"mapa-text\">3 \u00e9toiles<\/span>\n    <\/div>\n    <div class=\"mapa-obert mapa-logo-text\">\n          \n          \n          <img decoding=\"async\" src=\"\/wp-content\/uploads\/2021\/02\/3.gif\" alt=\"\" title=\"\"> <span class=\"mapa-text\">Appelez pour confirmer les dates<\/span>\n    <\/div>\n    <div class=\"mapa-distancia mapa-logo-text\">\n            <img decoding=\"async\" src=\"\/wp-content\/uploads\/2021\/02\/5.gif\" alt=\"\" title=\"\"> <span class=\"mapa-text\">Distance plage: 500 m\n          \n    <\/div>\n\n    <div class=\"mapa-habitacions mapa-logo-text\">\n      <img decoding=\"async\" src=\"\/wp-content\/uploads\/2021\/02\/2.gif\" alt=\"\" title=\"\"> <span class=\"mapa-text\">155 habitacions<\/span>\n      \n      \n      <\/div>\n    <\/div>\n    <div class=\"mapa-serveis\">\n        \n        \n        \n        <img decoding=\"async\" src=\"\/wp-content\/uploads\/2021\/02\/14.gif\" alt=\"\" title=\"\">\n        \n        \n        \n        <img decoding=\"async\" src=\"\/wp-content\/uploads\/2021\/02\/10.gif\" alt=\"\" title=\"\"> <img decoding=\"async\" src=\"\/wp-content\/uploads\/2021\/02\/11.gif\" alt=\"\" title=\"\"> <img decoding=\"async\" src=\"\/wp-content\/uploads\/2021\/02\/54.gif\" alt=\"\" title=\"\"> <img decoding=\"async\" src=\"\/wp-content\/uploads\/2021\/02\/55.gif\" alt=\"\" title=\"\"> <img decoding=\"async\" src=\"\/wp-content\/uploads\/2021\/02\/56.gif\" alt=\"\" title=\"\"> <img decoding=\"async\" src=\"\/wp-content\/uploads\/2021\/02\/57.gif\" alt=\"\" title=\"\">\n        \n        <img decoding=\"async\" src=\"\/wp-content\/uploads\/2021\/02\/21.gif\" alt=\"\" title=\"\"> <img decoding=\"async\" src=\"\/wp-content\/uploads\/2021\/02\/23.gif\" alt=\"\" title=\"\"> <img decoding=\"async\" src=\"\/wp-content\/uploads\/2021\/02\/61.gif\" alt=\"\" title=\"\"> <img decoding=\"async\" src=\"\/wp-content\/uploads\/2021\/02\/63.gif\" alt=\"\" title=\"\"> <img decoding=\"async\" src=\"\/wp-content\/uploads\/2021\/02\/65.gif\" alt=\"\" title=\"\"> <img decoding=\"async\" src=\"\/wp-content\/uploads\/2021\/02\/66.gif\" alt=\"\" title=\"\">\n        \n        \n        \n    <\/div>\n  <\/div>\n<\/div>\n<\/div>\n\t\t<\/div>\n\t\t\n\t\t\n\t\t<div class=\"row \">\n\t\t\t<div class=\"col-md-4\"><div style=\"display:none\" class=\"wpv-addon-maps-marker js-wpv-addon-maps-marker js-wpv-addon-maps-marker-marker-26587 js-wpv-addon-maps-markerfor-recursos\" data-marker=\"marker-26587\" data-markertitle=\"Hotel Natura Park\" data-markerfor=\"recursos\" data-markerlat=\"41.182119\" data-markerlon=\"1.526517\" data-markericon=\"\/wp-content\/uploads\/marker-allotjaments.png\" data-markericonhover=\"\" data-streetview=\"no\" data-fromview=\"\">\n\n<div class='info-allotjament'>\n\t<div class=\"mapa-tipus-allotjament-petit\">H\u00f4tel<\/div>\n\t<div class=\"titol-link-mapa-petit\"><a href=\"\/allotjaments\/#26587\">Hotel Natura Park<\/a><\/div>\n\t<div class=\"mapa-tipus-allotjament-petit\"><a href=\"\/allotjaments\/#26587\">+ info<\/a><\/div>\n  <\/div>  \n<\/div>\n\n<div class=\"map-marker\" id=\"26587\">\n\t<img decoding=\"async\" width=\"510\" height=\"382\" src=\"https:\/\/elvendrellturisme.dms3labs.cat\/wp-content\/uploads\/2021\/02\/Hotel-Natura-Park-510x382.jpg\" class=\"attachment-et-pb-portfolio-module-image size-et-pb-portfolio-module-image wp-post-image\" alt=\"\" srcset=\"https:\/\/elvendrellturisme.dms3labs.cat\/wp-content\/uploads\/2021\/02\/Hotel-Natura-Park-510x382.jpg 510w, https:\/\/elvendrellturisme.dms3labs.cat\/wp-content\/uploads\/2021\/02\/Hotel-Natura-Park-300x225.jpg 300w, https:\/\/elvendrellturisme.dms3labs.cat\/wp-content\/uploads\/2021\/02\/Hotel-Natura-Park-1024x768.jpg 1024w, https:\/\/elvendrellturisme.dms3labs.cat\/wp-content\/uploads\/2021\/02\/Hotel-Natura-Park-768x576.jpg 768w, https:\/\/elvendrellturisme.dms3labs.cat\/wp-content\/uploads\/2021\/02\/Hotel-Natura-Park-1536x1152.jpg 1536w, https:\/\/elvendrellturisme.dms3labs.cat\/wp-content\/uploads\/2021\/02\/Hotel-Natura-Park-2048x1536.jpg 2048w, https:\/\/elvendrellturisme.dms3labs.cat\/wp-content\/uploads\/2021\/02\/Hotel-Natura-Park-1080x810.jpg 1080w, https:\/\/elvendrellturisme.dms3labs.cat\/wp-content\/uploads\/2021\/02\/Hotel-Natura-Park-1280x960.jpg 1280w, https:\/\/elvendrellturisme.dms3labs.cat\/wp-content\/uploads\/2021\/02\/Hotel-Natura-Park-980x735.jpg 980w, https:\/\/elvendrellturisme.dms3labs.cat\/wp-content\/uploads\/2021\/02\/Hotel-Natura-Park-480x360.jpg 480w\" sizes=\"(max-width: 510px) 100vw, 510px\" title=\"\">\n  <div class=\"map-marker-content\">\n    <div class=\"mapa-tipus-allotjament \">H\u00f4tel<\/div>\n      <h3 class=\"titol-link-mapa\"><a href=\"https:\/\/elvendrellturisme.dms3labs.cat\/fr\/recursos-turistic\/hotel-natura-park\/\">Hotel Natura Park<\/a><\/h3>\n    <div class=\"mapa-adreca\">C\/ Vilafranca, 10-14<br\/>\n        43880 Coma-ruga\n    <\/div> \n      <div class=\"mapa-contacte\">\n        <a href=\"tel:977680111\">977 680 111<\/a><br\/>\n        <a href=\"mailto:naturapark@medsur-hoteles.com\" title=\"naturapark@medsur-hoteles.com\">naturapark@medsur-hoteles.com<\/a><br\/>\n       <a href=\"https:\/\/www.medsur-hoteles.com\/\" title=\"Visitez le site Web\" target=\"_blank\" rel=\"noopener\">Visitez le site Web<\/a>\n        \n      <\/div>\n    <div class=\"info-general-mapa-allotjament info-allotjament\">\n    <div class=\"mapa-estrelles mapa-logo-text\"><img decoding=\"async\" src=\"\/wp-content\/uploads\/2021\/02\/1.gif\" alt=\"\" title=\"\"> <span class=\"mapa-text\">4 \u00e9toiles<\/span>\n    <\/div>\n    <div class=\"mapa-obert mapa-logo-text\">\n          \n          \n          <img decoding=\"async\" src=\"\/wp-content\/uploads\/2021\/02\/3.gif\" alt=\"\" title=\"\"> <span class=\"mapa-text\">Appelez pour confirmer les dates<\/span>\n    <\/div>\n    <div class=\"mapa-distancia mapa-logo-text\">\n            <img decoding=\"async\" src=\"\/wp-content\/uploads\/2021\/02\/5.gif\" alt=\"\" title=\"\"> <span class=\"mapa-text\">Distance plage: 150 m\n          \n    <\/div>\n\n    <div class=\"mapa-habitacions mapa-logo-text\">\n      <img decoding=\"async\" src=\"\/wp-content\/uploads\/2021\/02\/2.gif\" alt=\"\" title=\"\"> <span class=\"mapa-text\">225 habitacions<\/span>\n      \n      \n      <\/div>\n    <\/div>\n    <div class=\"mapa-serveis\">\n        \n        \n        \n        \n        \n        \n        \n        <img decoding=\"async\" src=\"\/wp-content\/uploads\/2021\/02\/10.gif\" alt=\"\" title=\"\"> <img decoding=\"async\" src=\"\/wp-content\/uploads\/2021\/02\/11.gif\" alt=\"\" title=\"\"> <img decoding=\"async\" src=\"\/wp-content\/uploads\/2021\/02\/54.gif\" alt=\"\" title=\"\"> <img decoding=\"async\" src=\"\/wp-content\/uploads\/2021\/02\/55.gif\" alt=\"\" title=\"\"> <img decoding=\"async\" src=\"\/wp-content\/uploads\/2021\/02\/56.gif\" alt=\"\" title=\"\"> <img decoding=\"async\" src=\"\/wp-content\/uploads\/2021\/02\/57.gif\" alt=\"\" title=\"\">\n        \n        <img decoding=\"async\" src=\"\/wp-content\/uploads\/2021\/02\/21.gif\" alt=\"\" title=\"\"> <img decoding=\"async\" src=\"\/wp-content\/uploads\/2021\/02\/23.gif\" alt=\"\" title=\"\"> <img decoding=\"async\" src=\"\/wp-content\/uploads\/2021\/02\/25.gif\" alt=\"\" title=\"\"> <img decoding=\"async\" src=\"\/wp-content\/uploads\/2021\/02\/61.gif\" alt=\"\" title=\"\"> <img decoding=\"async\" src=\"\/wp-content\/uploads\/2021\/02\/63.gif\" alt=\"\" title=\"\"> <img decoding=\"async\" src=\"\/wp-content\/uploads\/2021\/02\/65.gif\" alt=\"\" title=\"\">\n        \n        \n        \n    <\/div>\n  <\/div>\n<\/div>\n<\/div>\n\t\t\n\t\t\n\t\t\t<div class=\"col-md-4\"><div style=\"display:none\" class=\"wpv-addon-maps-marker js-wpv-addon-maps-marker js-wpv-addon-maps-marker-marker-26589 js-wpv-addon-maps-markerfor-recursos\" data-marker=\"marker-26589\" data-markertitle=\"Hotel Brisamar Suites\" data-markerfor=\"recursos\" data-markerlat=\"41.180787\" data-markerlon=\"1.52351\" data-markericon=\"\/wp-content\/uploads\/marker-allotjaments.png\" data-markericonhover=\"\" data-streetview=\"no\" data-fromview=\"\">\n\n<div class='info-allotjament'>\n\t<div class=\"mapa-tipus-allotjament-petit\">H\u00f4tel<\/div>\n\t<div class=\"titol-link-mapa-petit\"><a href=\"\/allotjaments\/#26589\">Hotel Brisamar Suites<\/a><\/div>\n\t<div class=\"mapa-tipus-allotjament-petit\"><a href=\"\/allotjaments\/#26589\">+ info<\/a><\/div>\n  <\/div>  \n<\/div>\n\n<div class=\"map-marker\" id=\"26589\">\n\t<img decoding=\"async\" width=\"510\" height=\"382\" src=\"https:\/\/elvendrellturisme.dms3labs.cat\/wp-content\/uploads\/img-8167-510x382.jpg\" class=\"attachment-et-pb-portfolio-module-image size-et-pb-portfolio-module-image wp-post-image\" alt=\"\" title=\"\">\n  <div class=\"map-marker-content\">\n    <div class=\"mapa-tipus-allotjament \">H\u00f4tel<\/div>\n      <h3 class=\"titol-link-mapa\"><a href=\"https:\/\/elvendrellturisme.dms3labs.cat\/fr\/recursos-turistic\/hotel-brisamar-suites\/\">Hotel Brisamar Suites<\/a><\/h3>\n    <div class=\"mapa-adreca\">Av. Generalitat, 2<br\/>\n        43880 Coma-ruga\n    <\/div> \n      <div class=\"mapa-contacte\">\n        <a href=\"tel:977680011\">977 680 011<\/a><br\/>\n        <a href=\"mailto:reservas@hotelbrisamarsuites.com\" title=\"reservas@hotelbrisamarsuites.com\">reservas@hotelbrisamarsuites.com<\/a><br\/>\n       <a href=\"https:\/\/www.hotelbrisamarsuites.com\/\" title=\"Visitez le site Web\" target=\"_blank\" rel=\"noopener\">Visitez le site Web<\/a>\n        \n      <\/div>\n    <div class=\"info-general-mapa-allotjament info-allotjament\">\n    <div class=\"mapa-estrelles mapa-logo-text\"><img decoding=\"async\" src=\"\/wp-content\/uploads\/2021\/02\/1.gif\" alt=\"\" title=\"\"> <span class=\"mapa-text\">3 \u00e9toiles<\/span>\n    <\/div>\n    <div class=\"mapa-obert mapa-logo-text\">\n          \n          \n          <img decoding=\"async\" src=\"\/wp-content\/uploads\/2021\/02\/3.gif\" alt=\"\" title=\"\"> <span class=\"mapa-text\">Appelez pour confirmer les dates<\/span>\n    <\/div>\n    <div class=\"mapa-distancia mapa-logo-text\">\n            <img decoding=\"async\" src=\"\/wp-content\/uploads\/2021\/02\/5.gif\" alt=\"\" title=\"\"> <span class=\"mapa-text\">Distance plage: 0 m\n          \n    <\/div>\n\n    <div class=\"mapa-habitacions mapa-logo-text\">\n      <img decoding=\"async\" src=\"\/wp-content\/uploads\/2021\/02\/2.gif\" alt=\"\" title=\"\"> <span class=\"mapa-text\">111 habitacions<\/span>\n      \n      \n      <\/div>\n    <\/div>\n    <div class=\"mapa-serveis\">\n        \n        \n        \n        \n        \n        \n        \n        <img decoding=\"async\" src=\"\/wp-content\/uploads\/2021\/02\/10.gif\" alt=\"\" title=\"\"> <img decoding=\"async\" src=\"\/wp-content\/uploads\/2021\/02\/11.gif\" alt=\"\" title=\"\"> <img decoding=\"async\" src=\"\/wp-content\/uploads\/2021\/02\/54.gif\" alt=\"\" title=\"\"> <img decoding=\"async\" src=\"\/wp-content\/uploads\/2021\/02\/55.gif\" alt=\"\" title=\"\"> <img decoding=\"async\" src=\"\/wp-content\/uploads\/2021\/02\/57.gif\" alt=\"\" title=\"\">\n        \n        <img decoding=\"async\" src=\"\/wp-content\/uploads\/2021\/02\/21.gif\" alt=\"\" title=\"\"> <img decoding=\"async\" src=\"\/wp-content\/uploads\/2021\/02\/23.gif\" alt=\"\" title=\"\">\n        \n        \n        \n    <\/div>\n  <\/div>\n<\/div>\n<\/div>\n\t\t\n\t\t\n\t\t\t<div class=\"col-md-4\"><div style=\"display:none\" class=\"wpv-addon-maps-marker js-wpv-addon-maps-marker js-wpv-addon-maps-marker-marker-26628 js-wpv-addon-maps-markerfor-recursos\" data-marker=\"marker-26628\" data-markertitle=\"Le Meridien Ra Beach Hotel &#038; Spa\" data-markerfor=\"recursos\" data-markerlat=\"41.186466\" data-markerlon=\"1.562943\" data-markericon=\"\/wp-content\/uploads\/marker-allotjaments.png\" data-markericonhover=\"\" data-streetview=\"no\" data-fromview=\"\">\n\n<div class='info-allotjament'>\n\t<div class=\"mapa-tipus-allotjament-petit\">H\u00f4tel<\/div>\n\t<div class=\"titol-link-mapa-petit\"><a href=\"\/allotjaments\/#26628\">Le Meridien Ra Beach Hotel &#038; Spa<\/a><\/div>\n\t<div class=\"mapa-tipus-allotjament-petit\"><a href=\"\/allotjaments\/#26628\">+ info<\/a><\/div>\n  <\/div>  \n<\/div>\n\n<div class=\"map-marker\" id=\"26628\">\n\t<img decoding=\"async\" width=\"510\" height=\"382\" src=\"https:\/\/elvendrellturisme.dms3labs.cat\/wp-content\/uploads\/2021\/02\/Hotel-Le-Meridien-Ra-510x382.jpg\" class=\"attachment-et-pb-portfolio-module-image size-et-pb-portfolio-module-image wp-post-image\" alt=\"\" title=\"\">\n  <div class=\"map-marker-content\">\n    <div class=\"mapa-tipus-allotjament \">H\u00f4tel<\/div>\n      <h3 class=\"titol-link-mapa\"><a href=\"https:\/\/elvendrellturisme.dms3labs.cat\/fr\/recursos-turistic\/le-meridien-ra-beach-hotel-spa\/\">Le Meridien Ra Beach Hotel &#038; Spa<\/a><\/h3>\n    <div class=\"mapa-adreca\">Avinguda del Sanatori, 1<br\/>\n        43880 Sant Salvador\n    <\/div> \n      <div class=\"mapa-contacte\">\n        <a href=\"tel:977694200\">977 694 200<\/a><br\/>\n        <a href=\"mailto:ra@lemeridien.com\" title=\"ra@lemeridien.com\">ra@lemeridien.com<\/a><br\/>\n       <a href=\"https:\/\/www.lemeridienra.cat\/\" title=\"Visitez le site Web\" target=\"_blank\" rel=\"noopener\">Visitez le site Web<\/a>\n        \n      <\/div>\n    <div class=\"info-general-mapa-allotjament info-allotjament\">\n    <div class=\"mapa-estrelles mapa-logo-text\"><img decoding=\"async\" src=\"\/wp-content\/uploads\/2021\/02\/1.gif\" alt=\"\" title=\"\"> <span class=\"mapa-text\">5 \u00e9toiles<\/span>\n    <\/div>\n    <div class=\"mapa-obert mapa-logo-text\">\n          \n          \n          <img decoding=\"async\" src=\"\/wp-content\/uploads\/2021\/02\/3.gif\" alt=\"\" title=\"\"> <span class=\"mapa-text\">Appelez pour confirmer les dates<\/span>\n    <\/div>\n    <div class=\"mapa-distancia mapa-logo-text\">\n            <img decoding=\"async\" src=\"\/wp-content\/uploads\/2021\/02\/5.gif\" alt=\"\" title=\"\"> <span class=\"mapa-text\">Distance plage: 0 m\n          \n    <\/div>\n\n    <div class=\"mapa-habitacions mapa-logo-text\">\n      <img decoding=\"async\" src=\"\/wp-content\/uploads\/2021\/02\/2.gif\" alt=\"\" title=\"\"> <span class=\"mapa-text\">143 habitacions<\/span>\n      \n      \n      <\/div>\n    <\/div>\n    <div class=\"mapa-serveis\">\n        \n        \n        \n        \n        <img decoding=\"async\" src=\"\/wp-content\/uploads\/2021\/02\/60.gif\" alt=\"\" title=\"\">\n        \n        \n        <img decoding=\"async\" src=\"\/wp-content\/uploads\/2021\/02\/10.gif\" alt=\"\" title=\"\"> <img decoding=\"async\" src=\"\/wp-content\/uploads\/2021\/02\/11.gif\" alt=\"\" title=\"\"> <img decoding=\"async\" src=\"\/wp-content\/uploads\/2021\/02\/54.gif\" alt=\"\" title=\"\"> <img decoding=\"async\" src=\"\/wp-content\/uploads\/2021\/02\/55.gif\" alt=\"\" title=\"\"> <img decoding=\"async\" src=\"\/wp-content\/uploads\/2021\/02\/56.gif\" alt=\"\" title=\"\"> <img decoding=\"async\" src=\"\/wp-content\/uploads\/2021\/02\/57.gif\" alt=\"\" title=\"\">\n        \n        <img decoding=\"async\" src=\"\/wp-content\/uploads\/2021\/02\/21.gif\" alt=\"\" title=\"\"> <img decoding=\"async\" src=\"\/wp-content\/uploads\/2021\/02\/23.gif\" alt=\"\" title=\"\"> <img decoding=\"async\" src=\"\/wp-content\/uploads\/2021\/02\/25.gif\" alt=\"\" title=\"\"> <img decoding=\"async\" src=\"\/wp-content\/uploads\/2021\/02\/61.gif\" alt=\"\" title=\"\"> <img decoding=\"async\" src=\"\/wp-content\/uploads\/2021\/02\/63.gif\" alt=\"\" title=\"\"> <img decoding=\"async\" src=\"\/wp-content\/uploads\/2021\/02\/64.gif\" alt=\"\" title=\"\"> <img decoding=\"async\" src=\"\/wp-content\/uploads\/2021\/02\/66.gif\" alt=\"\" title=\"\"> <img decoding=\"async\" src=\"\/wp-content\/uploads\/2021\/02\/67.gif\" alt=\"\" title=\"\"> <img decoding=\"async\" src=\"\/wp-content\/uploads\/2021\/02\/69.gif\" alt=\"\" title=\"\">\n        \n        \n        \n    <\/div>\n  <\/div>\n<\/div>\n<\/div>\n\t\t<\/div>\n\t\t\n\t\t\n\t\t<div class=\"row \">\n\t\t\t<div class=\"col-md-4\"><div style=\"display:none\" class=\"wpv-addon-maps-marker js-wpv-addon-maps-marker js-wpv-addon-maps-marker-marker-39700 js-wpv-addon-maps-markerfor-recursos\" data-marker=\"marker-39700\" data-markertitle=\"Hotel Ramblas Vendrell\" data-markerfor=\"recursos\" data-markerlat=\"41.217778\" data-markerlon=\"1.533889\" data-markericon=\"\/wp-content\/uploads\/marker-allotjaments.png\" data-markericonhover=\"\" data-streetview=\"no\" data-fromview=\"\">\n\n<div class='info-allotjament'>\n\t<div class=\"mapa-tipus-allotjament-petit\">H\u00f4tel<\/div>\n\t<div class=\"titol-link-mapa-petit\"><a href=\"\/allotjaments\/#39700\">Hotel Ramblas Vendrell<\/a><\/div>\n\t<div class=\"mapa-tipus-allotjament-petit\"><a href=\"\/allotjaments\/#39700\">+ info<\/a><\/div>\n  <\/div>  \n<\/div>\n\n<div class=\"map-marker\" id=\"39700\">\n\t<img decoding=\"async\" width=\"510\" height=\"382\" src=\"https:\/\/elvendrellturisme.dms3labs.cat\/wp-content\/uploads\/disseny-sense-titol2-3-510x382.jpg\" class=\"attachment-et-pb-portfolio-module-image size-et-pb-portfolio-module-image wp-post-image\" alt=\"\" srcset=\"https:\/\/elvendrellturisme.dms3labs.cat\/wp-content\/uploads\/disseny-sense-titol2-3-510x382.jpg 510w, https:\/\/elvendrellturisme.dms3labs.cat\/wp-content\/uploads\/disseny-sense-titol2-3-480x480.jpg 480w\" sizes=\"(min-width: 0px) and (max-width: 480px) 480px, (min-width: 481px) 510px, 100vw\" title=\"\">\n  <div class=\"map-marker-content\">\n    <div class=\"mapa-tipus-allotjament \">H\u00f4tel<\/div>\n      <h3 class=\"titol-link-mapa\"><a href=\"https:\/\/elvendrellturisme.dms3labs.cat\/fr\/recursos-turistic\/hotel-ramblas-vendrell\/\">Hotel Ramblas Vendrell<\/a><\/h3>\n    <div class=\"mapa-adreca\">Av. Riera de la Bisbal, 46, 50<br\/>\n        43700 El Vendrell\n    <\/div> \n      <div class=\"mapa-contacte\">\n        <a href=\"tel:977661096\">977 661 096<\/a><br\/>\n        <a href=\"mailto:vendrell@ramblashoteles.com\" title=\"vendrell@ramblashoteles.com\">vendrell@ramblashoteles.com<\/a><br\/>\n       <a href=\"https:\/\/www.hotelramblasvendrell.com\/\" title=\"Visitez le site Web\" target=\"_blank\" rel=\"noopener\">Visitez le site Web<\/a>\n        \n      <\/div>\n    <div class=\"info-general-mapa-allotjament info-allotjament\">\n    <div class=\"mapa-estrelles mapa-logo-text\"><img decoding=\"async\" src=\"\/wp-content\/uploads\/2021\/02\/1.gif\" alt=\"\" title=\"\"> <span class=\"mapa-text\">4 \u00e9toiles<\/span>\n    <\/div>\n    <div class=\"mapa-obert mapa-logo-text\">\n          \n          <img decoding=\"async\" src=\"\/wp-content\/uploads\/2021\/02\/3.gif\" alt=\"\" title=\"\"> <span class=\"mapa-text\">Ouvert toute l'ann\u00e9e<\/span>\n          \n    <\/div>\n    <div class=\"mapa-distancia mapa-logo-text\">\n            <img decoding=\"async\" src=\"\/wp-content\/uploads\/2021\/02\/5.gif\" alt=\"\" title=\"\"> <span class=\"mapa-text\">Distance plage: 3 km\n          \n    <\/div>\n\n    <div class=\"mapa-habitacions mapa-logo-text\">\n      <img decoding=\"async\" src=\"\/wp-content\/uploads\/2021\/02\/2.gif\" alt=\"\" title=\"\"> <span class=\"mapa-text\">43 habitacions<\/span>\n      \n      \n      <\/div>\n    <\/div>\n    <div class=\"mapa-serveis\">\n        \n        <img decoding=\"async\" src=\"\/wp-content\/uploads\/2021\/02\/15.gif\" alt=\"\" title=\"\">\n        \n        \n        \n        \n        <img decoding=\"async\" src=\"\/wp-content\/uploads\/2021\/02\/34.gif\" alt=\"\" title=\"\">\n        <img decoding=\"async\" src=\"\/wp-content\/uploads\/2021\/02\/10.gif\" alt=\"\" title=\"\"> <img decoding=\"async\" src=\"\/wp-content\/uploads\/2021\/02\/11.gif\" alt=\"\" title=\"\"> <img decoding=\"async\" src=\"\/wp-content\/uploads\/2021\/02\/47.gif\" alt=\"\" title=\"\"> <img decoding=\"async\" src=\"\/wp-content\/uploads\/2021\/02\/54.gif\" alt=\"\" title=\"\"> <img decoding=\"async\" src=\"\/wp-content\/uploads\/2021\/02\/57.gif\" alt=\"\" title=\"\">\n        \n        \n        \n        \n        \n    <\/div>\n  <\/div>\n<\/div>\n<\/div>\n\t\t\n\t\t\n\t\t\t<div class=\"col-md-4\"><div style=\"display:none\" class=\"wpv-addon-maps-marker js-wpv-addon-maps-marker js-wpv-addon-maps-marker-marker-26321 js-wpv-addon-maps-markerfor-recursos\" data-marker=\"marker-26321\" data-markertitle=\"Brisasol\" data-markerfor=\"recursos\" data-markerlat=\"41.217424\" data-markerlon=\"1.534474\" data-markericon=\"\/wp-content\/uploads\/marker-allotjaments.png\" data-markericonhover=\"\" data-streetview=\"no\" data-fromview=\"\">\n\n<div class='info-allotjament'>\n\t<div class=\"mapa-tipus-allotjament-petit\">Immobili\u00e0ria<\/div>\n\t<div class=\"titol-link-mapa-petit\"><a href=\"\/allotjaments\/#26321\">Brisasol<\/a><\/div>\n\t<div class=\"mapa-tipus-allotjament-petit\"><a href=\"\/allotjaments\/#26321\">+ info<\/a><\/div>\n  <\/div>  \n<\/div>\n\n<div class=\"map-marker\" id=\"26321\">\n\t<img decoding=\"async\" width=\"510\" height=\"382\" src=\"https:\/\/elvendrellturisme.dms3labs.cat\/wp-content\/uploads\/2021\/02\/Oficina-Brisasol-510x382.jpg\" class=\"attachment-et-pb-portfolio-module-image size-et-pb-portfolio-module-image wp-post-image\" alt=\"\" title=\"\">\n  <div class=\"map-marker-content\">\n    <div class=\"mapa-tipus-allotjament \">Immobili\u00e0ria<\/div>\n      <h3 class=\"titol-link-mapa\"><a href=\"https:\/\/elvendrellturisme.dms3labs.cat\/fr\/recursos-turistic\/brisasol\/\">Brisasol<\/a><\/h3>\n    <div class=\"mapa-adreca\">Carrer Nou, 71<br\/>\n        43700 El Vendrell\n    <\/div> \n      <div class=\"mapa-contacte\">\n        <a href=\"tel:977660931\">977 660 931<\/a><br\/>\n        <a href=\"mailto:comvendrell@brisasol.com\" title=\"comvendrell@brisasol.com\">comvendrell@brisasol.com<\/a><br\/>\n       <a href=\"https:\/\/www.brisasol.com\/oficina\/el-vendrell\/\" title=\"Visitez le site Web\" target=\"_blank\" rel=\"noopener\">Visitez le site Web<\/a>\n        \n      <\/div>\n    <div class=\"info-general-mapa-allotjament info-allotjament\">\n    <div class=\"mapa-estrelles mapa-logo-text\"><img decoding=\"async\" src=\"\/wp-content\/uploads\/2021\/02\/1.gif\" alt=\"\" title=\"\"> <span class=\"mapa-text\">Aucune information<\/span>\n    <\/div>\n    <div class=\"mapa-obert mapa-logo-text\">\n          \n          <img decoding=\"async\" src=\"\/wp-content\/uploads\/2021\/02\/3.gif\" alt=\"\" title=\"\"> <span class=\"mapa-text\">Ouvert toute l'ann\u00e9e<\/span>\n          \n    <\/div>\n    <div class=\"mapa-distancia mapa-logo-text\">\n            <img decoding=\"async\" src=\"\/wp-content\/uploads\/2021\/02\/5.gif\" alt=\"\" title=\"\"> <span class=\"mapa-text\">Distance plage:\n           N\/A<\/span>\n    <\/div>\n\n    <div class=\"mapa-habitacions mapa-logo-text\">\n      \n      \n      \n      <\/div>\n    <\/div>\n    <div class=\"mapa-serveis\">\n        \n        \n        \n        \n        \n        \n        \n        \n        \n        \n        \n        \n        \n    <\/div>\n  <\/div>\n<\/div>\n<\/div>\n\t\t\n\t\t\n\t\t\t<div class=\"col-md-4\"><div style=\"display:none\" class=\"wpv-addon-maps-marker js-wpv-addon-maps-marker js-wpv-addon-maps-marker-marker-26447 js-wpv-addon-maps-markerfor-recursos\" data-marker=\"marker-26447\" data-markertitle=\"Finques Segarra\" data-markerfor=\"recursos\" data-markerlat=\"41.182875\" data-markerlon=\"1.521898\" data-markericon=\"\/wp-content\/uploads\/marker-allotjaments.png\" data-markericonhover=\"\" data-streetview=\"no\" data-fromview=\"\">\n\n<div class='info-allotjament'>\n\t<div class=\"mapa-tipus-allotjament-petit\">Immobili\u00e0ria<\/div>\n\t<div class=\"titol-link-mapa-petit\"><a href=\"\/allotjaments\/#26447\">Finques Segarra<\/a><\/div>\n\t<div class=\"mapa-tipus-allotjament-petit\"><a href=\"\/allotjaments\/#26447\">+ info<\/a><\/div>\n  <\/div>  \n<\/div>\n\n<div class=\"map-marker\" id=\"26447\">\n\t<img decoding=\"async\" width=\"510\" height=\"382\" src=\"https:\/\/elvendrellturisme.dms3labs.cat\/wp-content\/uploads\/2021\/02\/DSC_4608-510x382.jpg\" class=\"attachment-et-pb-portfolio-module-image size-et-pb-portfolio-module-image wp-post-image\" alt=\"\" title=\"\">\n  <div class=\"map-marker-content\">\n    <div class=\"mapa-tipus-allotjament \">Immobili\u00e0ria<\/div>\n      <h3 class=\"titol-link-mapa\"><a href=\"https:\/\/elvendrellturisme.dms3labs.cat\/fr\/recursos-turistic\/finques-segarra\/\">Finques Segarra<\/a><\/h3>\n    <div class=\"mapa-adreca\">Av. Brisamar, 2<br\/>\n        43880 Coma-ruga\n    <\/div> \n      <div class=\"mapa-contacte\">\n        <a href=\"tel:977680001\">977 680 001<\/a><br\/>\n        <a href=\"mailto:info@finquessegarra.com\" title=\"info@finquessegarra.com\">info@finquessegarra.com<\/a><br\/>\n       <a href=\"https:\/\/www.finquessegarra.com\/es\/\" title=\"Visitez le site Web\" target=\"_blank\" rel=\"noopener\">Visitez le site Web<\/a>\n        \n      <\/div>\n    <div class=\"info-general-mapa-allotjament info-allotjament\">\n    <div class=\"mapa-estrelles mapa-logo-text\"><img decoding=\"async\" src=\"\/wp-content\/uploads\/2021\/02\/1.gif\" alt=\"\" title=\"\"> <span class=\"mapa-text\">Aucune information<\/span>\n    <\/div>\n    <div class=\"mapa-obert mapa-logo-text\">\n          \n          <img decoding=\"async\" src=\"\/wp-content\/uploads\/2021\/02\/3.gif\" alt=\"\" title=\"\"> <span class=\"mapa-text\">Ouvert toute l'ann\u00e9e<\/span>\n          \n    <\/div>\n    <div class=\"mapa-distancia mapa-logo-text\">\n            <img decoding=\"async\" src=\"\/wp-content\/uploads\/2021\/02\/5.gif\" alt=\"\" title=\"\"> <span class=\"mapa-text\">Distance plage:\n           N\/A<\/span>\n    <\/div>\n\n    <div class=\"mapa-habitacions mapa-logo-text\">\n      \n      \n      \n      <\/div>\n    <\/div>\n    <div class=\"mapa-serveis\">\n        \n        \n        \n        \n        \n        \n        \n        \n        \n        \n        \n        \n        \n    <\/div>\n  <\/div>\n<\/div>\n<\/div>\n\t\t<\/div>\n\t\t\n\t\t\n\t\t<div class=\"row \">\n\t\t\t<div class=\"col-md-4\"><div style=\"display:none\" class=\"wpv-addon-maps-marker js-wpv-addon-maps-marker js-wpv-addon-maps-marker-marker-26465 js-wpv-addon-maps-markerfor-recursos\" data-marker=\"marker-26465\" data-markertitle=\"GetsHouse\" data-markerfor=\"recursos\" data-markerlat=\"41.224773\" data-markerlon=\"1.537669\" data-markericon=\"\/wp-content\/uploads\/marker-allotjaments.png\" data-markericonhover=\"\" data-streetview=\"no\" data-fromview=\"\">\n\n<div class='info-allotjament'>\n\t<div class=\"mapa-tipus-allotjament-petit\">Immobili\u00e0ria<\/div>\n\t<div class=\"titol-link-mapa-petit\"><a href=\"\/allotjaments\/#26465\">GetsHouse<\/a><\/div>\n\t<div class=\"mapa-tipus-allotjament-petit\"><a href=\"\/allotjaments\/#26465\">+ info<\/a><\/div>\n  <\/div>  \n<\/div>\n\n<div class=\"map-marker\" id=\"26465\">\n\t<img decoding=\"async\" width=\"510\" height=\"382\" src=\"https:\/\/elvendrellturisme.dms3labs.cat\/wp-content\/uploads\/disseny-sense-titol4-510x382.jpg\" class=\"attachment-et-pb-portfolio-module-image size-et-pb-portfolio-module-image wp-post-image\" alt=\"\" srcset=\"https:\/\/elvendrellturisme.dms3labs.cat\/wp-content\/uploads\/disseny-sense-titol4-510x382.jpg 510w, https:\/\/elvendrellturisme.dms3labs.cat\/wp-content\/uploads\/disseny-sense-titol4-480x480.jpg 480w\" sizes=\"(min-width: 0px) and (max-width: 480px) 480px, (min-width: 481px) 510px, 100vw\" title=\"\">\n  <div class=\"map-marker-content\">\n    <div class=\"mapa-tipus-allotjament \">Immobili\u00e0ria<\/div>\n      <h3 class=\"titol-link-mapa\"><a href=\"https:\/\/elvendrellturisme.dms3labs.cat\/fr\/recursos-turistic\/getshouse\/\">GetsHouse<\/a><\/h3>\n    <div class=\"mapa-adreca\">Carrer Apel.les Fenosa 4 Local<br\/>\n        43700 El Vendrell\n    <\/div> \n      <div class=\"mapa-contacte\">\n        <a href=\"tel:977911044\/674968224\">977 911 044 \/ 674 968 224<\/a><br\/>\n        <a href=\"mailto:info@getshouse.com\" title=\"info@getshouse.com\">info@getshouse.com<\/a><br\/>\n       <a href=\"https:\/\/www.getshouse.com\/\" title=\"Visitez le site Web\" target=\"_blank\" rel=\"noopener\">Visitez le site Web<\/a>\n        \n      <\/div>\n    <div class=\"info-general-mapa-allotjament info-allotjament\">\n    <div class=\"mapa-estrelles mapa-logo-text\"><img decoding=\"async\" src=\"\/wp-content\/uploads\/2021\/02\/1.gif\" alt=\"\" title=\"\"> <span class=\"mapa-text\">Aucune information<\/span>\n    <\/div>\n    <div class=\"mapa-obert mapa-logo-text\">\n          \n          <img decoding=\"async\" src=\"\/wp-content\/uploads\/2021\/02\/3.gif\" alt=\"\" title=\"\"> <span class=\"mapa-text\">Ouvert toute l'ann\u00e9e<\/span>\n          \n    <\/div>\n    <div class=\"mapa-distancia mapa-logo-text\">\n            <img decoding=\"async\" src=\"\/wp-content\/uploads\/2021\/02\/5.gif\" alt=\"\" title=\"\"> <span class=\"mapa-text\">Distance plage: 3 km\n          \n    <\/div>\n\n    <div class=\"mapa-habitacions mapa-logo-text\">\n      \n      \n      \n      <\/div>\n    <\/div>\n    <div class=\"mapa-serveis\">\n        \n        \n        \n        \n        \n        \n        \n        \n        \n        \n        \n        \n        \n    <\/div>\n  <\/div>\n<\/div>\n<\/div>\n\t\t\n\t\t\n\t\t\t<div class=\"col-md-4\"><div style=\"display:none\" class=\"wpv-addon-maps-marker js-wpv-addon-maps-marker js-wpv-addon-maps-marker-marker-26653 js-wpv-addon-maps-markerfor-recursos\" data-marker=\"marker-26653\" data-markertitle=\"Rosamar Services immobiliers\" data-markerfor=\"recursos\" data-markerlat=\"41.188743\" data-markerlon=\"1.519541\" data-markericon=\"\/wp-content\/uploads\/marker-allotjaments.png\" data-markericonhover=\"\" data-streetview=\"no\" data-fromview=\"\">\n\n<div class='info-allotjament'>\n\t<div class=\"mapa-tipus-allotjament-petit\">Immobili\u00e0ria<\/div>\n\t<div class=\"titol-link-mapa-petit\"><a href=\"\/allotjaments\/#26653\">Rosamar Services immobiliers<\/a><\/div>\n\t<div class=\"mapa-tipus-allotjament-petit\"><a href=\"\/allotjaments\/#26653\">+ info<\/a><\/div>\n  <\/div>  \n<\/div>\n\n<div class=\"map-marker\" id=\"26653\">\n\t<img decoding=\"async\" width=\"510\" height=\"382\" src=\"https:\/\/elvendrellturisme.dms3labs.cat\/wp-content\/uploads\/disseny-sense-titol16-1-510x382.jpg\" class=\"attachment-et-pb-portfolio-module-image size-et-pb-portfolio-module-image wp-post-image\" alt=\"\" srcset=\"https:\/\/elvendrellturisme.dms3labs.cat\/wp-content\/uploads\/disseny-sense-titol16-1-510x382.jpg 510w, https:\/\/elvendrellturisme.dms3labs.cat\/wp-content\/uploads\/disseny-sense-titol16-1-480x360.jpg 480w\" sizes=\"(min-width: 0px) and (max-width: 480px) 480px, (min-width: 481px) 510px, 100vw\" title=\"\">\n  <div class=\"map-marker-content\">\n    <div class=\"mapa-tipus-allotjament \">Immobili\u00e0ria<\/div>\n      <h3 class=\"titol-link-mapa\"><a href=\"https:\/\/elvendrellturisme.dms3labs.cat\/fr\/recursos-turistic\/rosamar-serveis-immobiliaris\/\">Rosamar Services immobiliers<\/a><\/h3>\n    <div class=\"mapa-adreca\">Av. Generalitat, 67-71, local 2<br\/>\n        43880 Coma-ruga\n    <\/div> \n      <div class=\"mapa-contacte\">\n        <a href=\"tel:977683131\">977 683 131<\/a><br\/>\n        <a href=\"mailto:info@gruprosamar.com\" title=\"info@gruprosamar.com\">info@gruprosamar.com<\/a><br\/>\n       <a href=\"https:\/\/www.gruprosamar.com\/\" title=\"Visitez le site Web\" target=\"_blank\" rel=\"noopener\">Visitez le site Web<\/a>\n        \n      <\/div>\n    <div class=\"info-general-mapa-allotjament info-allotjament\">\n    <div class=\"mapa-estrelles mapa-logo-text\"><img decoding=\"async\" src=\"\/wp-content\/uploads\/2021\/02\/1.gif\" alt=\"\" title=\"\"> <span class=\"mapa-text\">Aucune information<\/span>\n    <\/div>\n    <div class=\"mapa-obert mapa-logo-text\">\n          \n          <img decoding=\"async\" src=\"\/wp-content\/uploads\/2021\/02\/3.gif\" alt=\"\" title=\"\"> <span class=\"mapa-text\">Ouvert toute l'ann\u00e9e<\/span>\n          \n    <\/div>\n    <div class=\"mapa-distancia mapa-logo-text\">\n            <img decoding=\"async\" src=\"\/wp-content\/uploads\/2021\/02\/5.gif\" alt=\"\" title=\"\"> <span class=\"mapa-text\">Distance plage:\n           N\/A<\/span>\n    <\/div>\n\n    <div class=\"mapa-habitacions mapa-logo-text\">\n      \n      \n      \n      <\/div>\n    <\/div>\n    <div class=\"mapa-serveis\">\n        \n        \n        \n        \n        \n        \n        \n        \n        \n        \n        \n        \n        \n    <\/div>\n  <\/div>\n<\/div>\n<\/div>\n\t\t\n\t\t\n\t\t\t<div class=\"col-md-4\"><div style=\"display:none\" class=\"wpv-addon-maps-marker js-wpv-addon-maps-marker js-wpv-addon-maps-marker-marker-28962 js-wpv-addon-maps-markerfor-recursos\" data-marker=\"marker-28962\" data-markertitle=\"Immobilier Coma-ruga Confort\" data-markerfor=\"recursos\" data-markerlat=\"41.180984\" data-markerlon=\"1.524121\" data-markericon=\"\/wp-content\/uploads\/marker-allotjaments.png\" data-markericonhover=\"\" data-streetview=\"no\" data-fromview=\"\">\n\n<div class='info-allotjament'>\n\t<div class=\"mapa-tipus-allotjament-petit\">Immobili\u00e0ria<\/div>\n\t<div class=\"titol-link-mapa-petit\"><a href=\"\/allotjaments\/#28962\">Immobilier Coma-ruga Confort<\/a><\/div>\n\t<div class=\"mapa-tipus-allotjament-petit\"><a href=\"\/allotjaments\/#28962\">+ info<\/a><\/div>\n  <\/div>  \n<\/div>\n\n<div class=\"map-marker\" id=\"28962\">\n\t<img decoding=\"async\" width=\"510\" height=\"377\" src=\"https:\/\/elvendrellturisme.dms3labs.cat\/wp-content\/uploads\/2021\/02\/33-510x377.jpg\" class=\"attachment-et-pb-portfolio-module-image size-et-pb-portfolio-module-image wp-post-image\" alt=\"\" srcset=\"https:\/\/elvendrellturisme.dms3labs.cat\/wp-content\/uploads\/2021\/02\/33-510x377.jpg 510w, https:\/\/elvendrellturisme.dms3labs.cat\/wp-content\/uploads\/2021\/02\/33-480x312.jpg 480w\" sizes=\"(min-width: 0px) and (max-width: 480px) 480px, (min-width: 481px) 510px, 100vw\" title=\"\">\n  <div class=\"map-marker-content\">\n    <div class=\"mapa-tipus-allotjament \">Immobili\u00e0ria<\/div>\n      <h3 class=\"titol-link-mapa\"><a href=\"https:\/\/elvendrellturisme.dms3labs.cat\/fr\/recursos-turistic\/immobilier-coma-ruga-confort\/\">Immobilier Coma-ruga Confort<\/a><\/h3>\n    <div class=\"mapa-adreca\">Pl. Germans Trillas, 3<br\/>\n        43880 Coma-ruga\n    <\/div> \n      <div class=\"mapa-contacte\">\n        <a href=\"tel:977680118\">977 680 118<\/a><br\/>\n        <a href=\"mailto:immobiliaria@comarrugaconfort.com\" title=\"immobiliaria@comarrugaconfort.com\">immobiliaria@comarrugaconfort.com<\/a><br\/>\n       <a href=\"https:\/\/comarrugaconfort.com\/\" title=\"Visitez le site Web\" target=\"_blank\" rel=\"noopener\">Visitez le site Web<\/a>\n        \n      <\/div>\n    <div class=\"info-general-mapa-allotjament info-allotjament\">\n    <div class=\"mapa-estrelles mapa-logo-text\"><img decoding=\"async\" src=\"\/wp-content\/uploads\/2021\/02\/1.gif\" alt=\"\" title=\"\"> <span class=\"mapa-text\">Aucune information<\/span>\n    <\/div>\n    <div class=\"mapa-obert mapa-logo-text\">\n          \n          <img decoding=\"async\" src=\"\/wp-content\/uploads\/2021\/02\/3.gif\" alt=\"\" title=\"\"> <span class=\"mapa-text\">Ouvert toute l'ann\u00e9e<\/span>\n          \n    <\/div>\n    <div class=\"mapa-distancia mapa-logo-text\">\n            <img decoding=\"async\" src=\"\/wp-content\/uploads\/2021\/02\/5.gif\" alt=\"\" title=\"\"> <span class=\"mapa-text\">Distance plage:\n           N\/A<\/span>\n    <\/div>\n\n    <div class=\"mapa-habitacions mapa-logo-text\">\n      \n      \n      \n      <\/div>\n    <\/div>\n    <div class=\"mapa-serveis\">\n        \n        \n        \n        \n        \n        \n        \n        \n        \n        \n        \n        \n        \n    <\/div>\n  <\/div>\n<\/div>\n<\/div>\n\t\t<\/div>\n\t\t\n\t\t\n\t\t<div class=\"row \">\n\t\t\t<div class=\"col-md-4\"><div style=\"display:none\" class=\"wpv-addon-maps-marker js-wpv-addon-maps-marker js-wpv-addon-maps-marker-marker-26510 js-wpv-addon-maps-markerfor-recursos\" data-marker=\"marker-26510\" data-markertitle=\"H\u00f4tel Iren-Mar\" data-markerfor=\"recursos\" data-markerlat=\"41.18256\" data-markerlon=\"1.523254\" data-markericon=\"\/wp-content\/uploads\/marker-allotjaments.png\" data-markericonhover=\"\" data-streetview=\"no\" data-fromview=\"\">\n\n<div class='info-allotjament'>\n\t<div class=\"mapa-tipus-allotjament-petit\">Pension<\/div>\n\t<div class=\"titol-link-mapa-petit\"><a href=\"\/allotjaments\/#26510\">H\u00f4tel Iren-Mar<\/a><\/div>\n\t<div class=\"mapa-tipus-allotjament-petit\"><a href=\"\/allotjaments\/#26510\">+ info<\/a><\/div>\n  <\/div>  \n<\/div>\n\n<div class=\"map-marker\" id=\"26510\">\n\t<img decoding=\"async\" width=\"510\" height=\"382\" src=\"https:\/\/elvendrellturisme.dms3labs.cat\/wp-content\/uploads\/2021\/02\/20200606_122005-510x382.jpg\" class=\"attachment-et-pb-portfolio-module-image size-et-pb-portfolio-module-image wp-post-image\" alt=\"\" title=\"\">\n  <div class=\"map-marker-content\">\n    <div class=\"mapa-tipus-allotjament \">Pension<\/div>\n      <h3 class=\"titol-link-mapa\"><a href=\"https:\/\/elvendrellturisme.dms3labs.cat\/fr\/recursos-turistic\/hotel-iren-mar\/\">H\u00f4tel Iren-Mar<\/a><\/h3>\n    <div class=\"mapa-adreca\">Carrer de V\u00edctor Catal\u00e0, 3<br\/>\n        43880 Coma-ruga\n    <\/div> \n      <div class=\"mapa-contacte\">\n        <a href=\"tel:977680310\">977 680 310<\/a><br\/>\n        <a href=\"mailto:irenmarcomarrugah@gmail.com\" title=\"irenmarcomarrugah@gmail.com\">irenmarcomarrugah@gmail.com<\/a><br\/>\n       <a href=\"https:\/\/irenmarcomarruga.wordpress.com\/\" title=\"Visitez le site Web\" target=\"_blank\" rel=\"noopener\">Visitez le site Web<\/a>\n        \n      <\/div>\n    <div class=\"info-general-mapa-allotjament info-allotjament\">\n    <div class=\"mapa-estrelles mapa-logo-text\"><img decoding=\"async\" src=\"\/wp-content\/uploads\/2021\/02\/1.gif\" alt=\"\" title=\"\"> <span class=\"mapa-text\">2 \u00e9toiles<\/span>\n    <\/div>\n    <div class=\"mapa-obert mapa-logo-text\">\n          \n          <img decoding=\"async\" src=\"\/wp-content\/uploads\/2021\/02\/3.gif\" alt=\"\" title=\"\"> <span class=\"mapa-text\">Ouvert toute l'ann\u00e9e<\/span>\n          \n    <\/div>\n    <div class=\"mapa-distancia mapa-logo-text\">\n            <img decoding=\"async\" src=\"\/wp-content\/uploads\/2021\/02\/5.gif\" alt=\"\" title=\"\"> <span class=\"mapa-text\">Distance plage: 200 m\n          \n    <\/div>\n\n    <div class=\"mapa-habitacions mapa-logo-text\">\n      <img decoding=\"async\" src=\"\/wp-content\/uploads\/2021\/02\/2.gif\" alt=\"\" title=\"\"> <span class=\"mapa-text\">10 habitacions<\/span>\n      \n      \n      <\/div>\n    <\/div>\n    <div class=\"mapa-serveis\">\n        \n        \n        \n        \n        \n        \n        \n        <img decoding=\"async\" src=\"\/wp-content\/uploads\/2021\/02\/10.gif\" alt=\"\" title=\"\"> <img decoding=\"async\" src=\"\/wp-content\/uploads\/2021\/02\/57.gif\" alt=\"\" title=\"\">\n        \n        \n        \n        \n        \n    <\/div>\n  <\/div>\n<\/div>\n<\/div>\n\t\t\n\t\t\n\t\t\t<div class=\"col-md-4\"><div style=\"display:none\" class=\"wpv-addon-maps-marker js-wpv-addon-maps-marker js-wpv-addon-maps-marker-marker-26642 js-wpv-addon-maps-markerfor-recursos\" data-marker=\"marker-26642\" data-markertitle=\"Pensi\u00f3 Rovior\" data-markerfor=\"recursos\" data-markerlat=\"41.187708\" data-markerlon=\"1.566605\" data-markericon=\"\/wp-content\/uploads\/marker-allotjaments.png\" data-markericonhover=\"\" data-streetview=\"no\" data-fromview=\"\">\n\n<div class='info-allotjament'>\n\t<div class=\"mapa-tipus-allotjament-petit\">Pension<\/div>\n\t<div class=\"titol-link-mapa-petit\"><a href=\"\/allotjaments\/#26642\">Pensi\u00f3 Rovior<\/a><\/div>\n\t<div class=\"mapa-tipus-allotjament-petit\"><a href=\"\/allotjaments\/#26642\">+ info<\/a><\/div>\n  <\/div>  \n<\/div>\n\n<div class=\"map-marker\" id=\"26642\">\n\t<img decoding=\"async\" width=\"510\" height=\"382\" src=\"https:\/\/elvendrellturisme.dms3labs.cat\/wp-content\/uploads\/2021\/02\/Pensio-Rovior-510x382.jpg\" class=\"attachment-et-pb-portfolio-module-image size-et-pb-portfolio-module-image wp-post-image\" alt=\"\" srcset=\"https:\/\/elvendrellturisme.dms3labs.cat\/wp-content\/uploads\/2021\/02\/Pensio-Rovior-510x382.jpg 510w, https:\/\/elvendrellturisme.dms3labs.cat\/wp-content\/uploads\/2021\/02\/Pensio-Rovior-300x225.jpg 300w, https:\/\/elvendrellturisme.dms3labs.cat\/wp-content\/uploads\/2021\/02\/Pensio-Rovior-1024x768.jpg 1024w, https:\/\/elvendrellturisme.dms3labs.cat\/wp-content\/uploads\/2021\/02\/Pensio-Rovior-768x576.jpg 768w, https:\/\/elvendrellturisme.dms3labs.cat\/wp-content\/uploads\/2021\/02\/Pensio-Rovior-1536x1152.jpg 1536w, https:\/\/elvendrellturisme.dms3labs.cat\/wp-content\/uploads\/2021\/02\/Pensio-Rovior-2048x1536.jpg 2048w, https:\/\/elvendrellturisme.dms3labs.cat\/wp-content\/uploads\/2021\/02\/Pensio-Rovior-1080x810.jpg 1080w, https:\/\/elvendrellturisme.dms3labs.cat\/wp-content\/uploads\/2021\/02\/Pensio-Rovior-1280x960.jpg 1280w, https:\/\/elvendrellturisme.dms3labs.cat\/wp-content\/uploads\/2021\/02\/Pensio-Rovior-980x735.jpg 980w, https:\/\/elvendrellturisme.dms3labs.cat\/wp-content\/uploads\/2021\/02\/Pensio-Rovior-480x360.jpg 480w\" sizes=\"(max-width: 510px) 100vw, 510px\" title=\"\">\n  <div class=\"map-marker-content\">\n    <div class=\"mapa-tipus-allotjament \">Pension<\/div>\n      <h3 class=\"titol-link-mapa\"><a href=\"https:\/\/elvendrellturisme.dms3labs.cat\/fr\/recursos-turistic\/pensio-rovior\/\">Pensi\u00f3 Rovior<\/a><\/h3>\n    <div class=\"mapa-adreca\">Carrerada d'en Ralet, 9-11<br\/>\n        43880 Sant Salvador\n    <\/div> \n      <div class=\"mapa-contacte\">\n        <a href=\"tel:977693853\">977 693 853<\/a><br\/>\n        <a href=\"mailto:info@pensionrovior.com\" title=\"info@pensionrovior.com\">info@pensionrovior.com<\/a><br\/>\n       <a href=\"https:\/\/pensionrovior.com\/\" title=\"Visitez le site Web\" target=\"_blank\" rel=\"noopener\">Visitez le site Web<\/a>\n        \n      <\/div>\n    <div class=\"info-general-mapa-allotjament info-allotjament\">\n    <div class=\"mapa-estrelles mapa-logo-text\"><img decoding=\"async\" src=\"\/wp-content\/uploads\/2021\/02\/1.gif\" alt=\"\" title=\"\"> <span class=\"mapa-text\">2 \u00e9toiles<\/span>\n    <\/div>\n    <div class=\"mapa-obert mapa-logo-text\">\n          \n          <img decoding=\"async\" src=\"\/wp-content\/uploads\/2021\/02\/3.gif\" alt=\"\" title=\"\"> <span class=\"mapa-text\">Ouvert toute l'ann\u00e9e<\/span>\n          \n    <\/div>\n    <div class=\"mapa-distancia mapa-logo-text\">\n            <img decoding=\"async\" src=\"\/wp-content\/uploads\/2021\/02\/5.gif\" alt=\"\" title=\"\"> <span class=\"mapa-text\">Distance plage: 200 m\n          \n    <\/div>\n\n    <div class=\"mapa-habitacions mapa-logo-text\">\n      <img decoding=\"async\" src=\"\/wp-content\/uploads\/2021\/02\/2.gif\" alt=\"\" title=\"\"> <span class=\"mapa-text\">13 habitacions<\/span>\n      \n      \n      <\/div>\n    <\/div>\n    <div class=\"mapa-serveis\">\n        \n        \n        \n        \n        <img decoding=\"async\" src=\"\/wp-content\/uploads\/2021\/02\/60.gif\" alt=\"\" title=\"\">\n        \n        \n        <img decoding=\"async\" src=\"\/wp-content\/uploads\/2021\/02\/10.gif\" alt=\"\" title=\"\"> <img decoding=\"async\" src=\"\/wp-content\/uploads\/2021\/02\/54.gif\" alt=\"\" title=\"\"> <img decoding=\"async\" src=\"\/wp-content\/uploads\/2021\/02\/55.gif\" alt=\"\" title=\"\"> <img decoding=\"async\" src=\"\/wp-content\/uploads\/2021\/02\/56.gif\" alt=\"\" title=\"\"> <img decoding=\"async\" src=\"\/wp-content\/uploads\/2021\/02\/57.gif\" alt=\"\" title=\"\">\n        \n        <img decoding=\"async\" src=\"\/wp-content\/uploads\/2021\/02\/23.gif\" alt=\"\" title=\"\"> <img decoding=\"async\" src=\"\/wp-content\/uploads\/2021\/02\/61.gif\" alt=\"\" title=\"\">\n        \n        \n        <img decoding=\"async\" src=\"\/wp-content\/uploads\/turisme-familiar.png\" alt=\"\" title=\"\">\n    <\/div>\n  <\/div>\n<\/div>\n<\/div>\n\t\t\n\t\t\n\t\t\t<div class=\"col-md-4\"><div style=\"display:none\" class=\"wpv-addon-maps-marker js-wpv-addon-maps-marker js-wpv-addon-maps-marker-marker-26363 js-wpv-addon-maps-markerfor-recursos\" data-marker=\"marker-26363\" data-markertitle=\"Els Cups\" data-markerfor=\"recursos\" data-markerlat=\"41.202591\" data-markerlon=\"1.516775\" data-markericon=\"\/wp-content\/uploads\/marker-allotjaments.png\" data-markericonhover=\"\" data-streetview=\"no\" data-fromview=\"\">\n\n<div class='info-allotjament'>\n\t<div class=\"mapa-tipus-allotjament-petit\">maison de campagne<\/div>\n\t<div class=\"titol-link-mapa-petit\"><a href=\"\/allotjaments\/#26363\">Els Cups<\/a><\/div>\n\t<div class=\"mapa-tipus-allotjament-petit\"><a href=\"\/allotjaments\/#26363\">+ info<\/a><\/div>\n  <\/div>  \n<\/div>\n\n<div class=\"map-marker\" id=\"26363\">\n\t<img decoding=\"async\" width=\"510\" height=\"382\" src=\"https:\/\/elvendrellturisme.dms3labs.cat\/wp-content\/uploads\/disseny-sense-titol8-510x382.jpg\" class=\"attachment-et-pb-portfolio-module-image size-et-pb-portfolio-module-image wp-post-image\" alt=\"\" srcset=\"https:\/\/elvendrellturisme.dms3labs.cat\/wp-content\/uploads\/disseny-sense-titol8-510x382.jpg 510w, https:\/\/elvendrellturisme.dms3labs.cat\/wp-content\/uploads\/disseny-sense-titol8-480x480.jpg 480w\" sizes=\"(min-width: 0px) and (max-width: 480px) 480px, (min-width: 481px) 510px, 100vw\" title=\"\">\n  <div class=\"map-marker-content\">\n    <div class=\"mapa-tipus-allotjament \">maison de campagne<\/div>\n      <h3 class=\"titol-link-mapa\"><a href=\"https:\/\/elvendrellturisme.dms3labs.cat\/fr\/recursos-turistic\/els-cups\/\">Els Cups<\/a><\/h3>\n    <div class=\"mapa-adreca\">Carrer del Pou, 33-35<br\/>\n        43880 Sant Vicen\u00e7 de Calders (el Vendrell)\n    <\/div> \n      <div class=\"mapa-contacte\">\n        <a href=\"tel:977678144\/650959794\">977 678 144\/ 650 959 794<\/a><br\/>\n        <a href=\"mailto:elscups@gmail.com\" title=\"elscups@gmail.com\">elscups@gmail.com<\/a><br\/>\n       <a href=\"https:\/\/www.elscups.cat\/es\" title=\"Visitez le site Web\" target=\"_blank\" rel=\"noopener\">Visitez le site Web<\/a>\n        \n      <\/div>\n    <div class=\"info-general-mapa-allotjament info-allotjament\">\n    <div class=\"mapa-estrelles mapa-logo-text\"><img decoding=\"async\" src=\"\/wp-content\/uploads\/2021\/02\/1.gif\" alt=\"\" title=\"\"> <span class=\"mapa-text\">Aucune information<\/span>\n    <\/div>\n    <div class=\"mapa-obert mapa-logo-text\">\n          \n          <img decoding=\"async\" src=\"\/wp-content\/uploads\/2021\/02\/3.gif\" alt=\"\" title=\"\"> <span class=\"mapa-text\">Ouvert toute l'ann\u00e9e<\/span>\n          \n    <\/div>\n    <div class=\"mapa-distancia mapa-logo-text\">\n            <img decoding=\"async\" src=\"\/wp-content\/uploads\/2021\/02\/5.gif\" alt=\"\" title=\"\"> <span class=\"mapa-text\">Distance plage: 2 km\n          \n    <\/div>\n\n    <div class=\"mapa-habitacions mapa-logo-text\">\n      <img decoding=\"async\" src=\"\/wp-content\/uploads\/2021\/02\/2.gif\" alt=\"\" title=\"\"> <span class=\"mapa-text\">4 habitacions<\/span>\n      \n      \n      <\/div>\n    <\/div>\n    <div class=\"mapa-serveis\">\n        \n        \n        \n        \n        \n        \n        \n        <img decoding=\"async\" src=\"\/wp-content\/uploads\/2021\/02\/56.gif\" alt=\"\" title=\"\"> <img decoding=\"async\" src=\"\/wp-content\/uploads\/2021\/02\/57.gif\" alt=\"\" title=\"\">\n        \n        \n        \n        \n        <img decoding=\"async\" src=\"\/wp-content\/uploads\/turisme-familiar.png\" alt=\"\" title=\"\">\n    <\/div>\n  <\/div>\n<\/div>\n<\/div>\n\t\t<\/div>\n\t\t\n\t<\/div>\n\t\n\t\n\t\n<\/div>\n\n<p>[\/et_pb_text][\/et_pb_column][\/et_pb_row][\/et_pb_section]<\/p>\n","protected":false},"excerpt":{"rendered":"<p>h\u00e9bergementSi vous avez choisi de passer des vacances \u00e0 El&nbsp;Vendrell, ou simplement d\u2019y faire un tour pour conna\u00eetre le grand nombre de points d\u2019int\u00e9r\u00eat que cette commune poss\u00e8de, l\u2019offre dans le secteur des services est tr\u00e8s large. Nos diff\u00e9rents h\u00f4tels, campings, appartements, chambres d\u2019h\u00f4tes, ainsi que notre auberge de jeunesse pourront satisfaire votre besoin d\u2019h\u00e9bergement. [&hellip;]<\/p>\n","protected":false},"author":1,"featured_media":26025,"parent":0,"menu_order":0,"comment_status":"closed","ping_status":"closed","template":"","meta":{"_acf_changed":false,"_et_pb_use_builder":"on","_et_pb_old_content":"","_et_gb_content_width":"","content-type":"","footnotes":""},"dipi_cpt_category":[],"class_list":["post-27247","page","type-page","status-publish","has-post-thumbnail","hentry"],"acf":[],"rankMath":{"parentDomain":"dms3labs.cat","noFollowDomains":[],"noFollowExcludeDomains":[],"noFollowExternalLinks":false,"featuredImageNotice":"L\u2019image en vedette devrait \u00eatre au moins 200 par 200 pixels pour \u00eatre utilis\u00e9 par Facebook et d\u2019autres sites de m\u00e9dias sociaux.","pluginReviewed":false,"postSettings":{"linkSuggestions":true,"useFocusKeyword":false},"frontEndScore":false,"postName":"hebergement","permalinkFormat":"https:\/\/elvendrellturisme.dms3labs.cat\/fr\/%pagename%\/","showLockModifiedDate":true,"assessor":{"focusKeywordLink":"https:\/\/elvendrellturisme.dms3labs.cat\/wp-admin\/edit.php?focus_keyword=%focus_keyword%&post_type=%post_type%","hasTOCPlugin":false,"primaryTaxonomy":false,"serpData":{"title":"","description":"Pour s\u00e9journer \u00e0 El\u00a0Vendrell, nous avons plusieurs h\u00f4tels, campings, appartements, chambres d\u2019h\u00f4tes, et une auberge de jeunesse. En outre, des h\u00e9bergements ruraux sont disponibles dans la r\u00e9gion.","focusKeywords":"h\u00e9bergement","pillarContent":false,"canonicalUrl":"","breadcrumbTitle":"","advancedRobots":{"max-snippet":"-1","max-video-preview":"-1","max-image-preview":"large"},"facebookTitle":"","facebookDescription":"","facebookImage":"","facebookImageID":"","facebookHasOverlay":false,"facebookImageOverlay":"","facebookAuthor":"","twitterCardType":"","twitterUseFacebook":true,"twitterTitle":"","twitterDescription":"","twitterImage":"","twitterImageID":"","twitterHasOverlay":false,"twitterImageOverlay":"","twitterPlayerUrl":"","twitterPlayerSize":"","twitterPlayerStream":"","twitterPlayerStreamCtype":"","twitterAppDescription":"","twitterAppIphoneName":"","twitterAppIphoneID":"","twitterAppIphoneUrl":"","twitterAppIpadName":"","twitterAppIpadID":"","twitterAppIpadUrl":"","twitterAppGoogleplayName":"","twitterAppGoogleplayID":"","twitterAppGoogleplayUrl":"","twitterAppCountry":"","robots":{"index":true},"twitterAuthor":"identifiant","primaryTerm":0,"authorName":"admin","titleTemplate":"%title% %sep% %sitename%","descriptionTemplate":"%excerpt%","showScoreFrontend":true,"lockModifiedDate":false},"powerWords":["absolument","amazement","astonishing","authentique","beau","bien-\u00eatre","brillant","captivant","charismatique","choc","clair","compl\u00e8tement","confidentiel","confiance","cons\u00e9quent","cr\u00e9atif","d\u00e9finitivement","d\u00e9licieux","d\u00e9montrer","d\u00e9p\u00eachez-vous","d\u00e9termin\u00e9","digne","dynamique","\u00e9blouissant","\u00e9clatant","\u00e9conomique","\u00e9fficace","\u00e9l\u00e9gant","\u00e9motionnel","\u00e9nergique","\u00e9norme","\u00e9poustouflant","essentiel","\u00e9tonnant","exclusif","exp\u00e9rience","fabuleux","fantastique","formidable","fort","garanti","g\u00e9ant","g\u00e9n\u00e9reux","grandiose","gratuit","habile","harmonieux","historique","hors pair","important","incroyable","indispensable","inoubliable","inspirant","innovant","intense","invention","irr\u00e9sistible","l\u00e9gendaire","lumineux","luxe","magique","magnifique","majestueux","marquant","merveilleux","miraculeux","motivant","n\u00e9cessaire","nouvelle","officiel","parfait","passionn\u00e9","persuasif","ph\u00e9nom\u00e9nal","plaisir","populaire","pouvoir","prestigieux","prodigieux","profond","prosp\u00e8re","puissant","qualit\u00e9","radieux","rapide","r\u00e9ussi","r\u00e9volutionnaire","satisfait","s\u00e9curit\u00e9","sensationnel","serein","somptueux","splendide","sublime","surprenant","talentueux","terrifiant","unique","valeur","vibrant","victorieux","vif","vraiment","z\u00e9l\u00e9"],"diacritics":{"A":"[\\u0041\\u24B6\\uFF21\\u00C0\\u00C1\\u00C2\\u1EA6\\u1EA4\\u1EAA\\u1EA8\\u00C3\\u0100\\u0102\\u1EB0\\u1EAE\\u1EB4\\u1EB2\\u0226\\u01E0\\u00C4\\u01DE\\u1EA2\\u00C5\\u01FA\\u01CD\\u0200\\u0202\\u1EA0\\u1EAC\\u1EB6\\u1E00\\u0104\\u023A\\u2C6F]","AA":"[\\uA732]","AE":"[\\u00C6\\u01FC\\u01E2]","AO":"[\\uA734]","AU":"[\\uA736]","AV":"[\\uA738\\uA73A]","AY":"[\\uA73C]","B":"[\\u0042\\u24B7\\uFF22\\u1E02\\u1E04\\u1E06\\u0243\\u0182\\u0181]","C":"[\\u0043\\u24B8\\uFF23\\u0106\\u0108\\u010A\\u010C\\u00C7\\u1E08\\u0187\\u023B\\uA73E]","D":"[\\u0044\\u24B9\\uFF24\\u1E0A\\u010E\\u1E0C\\u1E10\\u1E12\\u1E0E\\u0110\\u018B\\u018A\\u0189\\uA779]","DZ":"[\\u01F1\\u01C4]","Dz":"[\\u01F2\\u01C5]","E":"[\\u0045\\u24BA\\uFF25\\u00C8\\u00C9\\u00CA\\u1EC0\\u1EBE\\u1EC4\\u1EC2\\u1EBC\\u0112\\u1E14\\u1E16\\u0114\\u0116\\u00CB\\u1EBA\\u011A\\u0204\\u0206\\u1EB8\\u1EC6\\u0228\\u1E1C\\u0118\\u1E18\\u1E1A\\u0190\\u018E]","F":"[\\u0046\\u24BB\\uFF26\\u1E1E\\u0191\\uA77B]","G":"[\\u0047\\u24BC\\uFF27\\u01F4\\u011C\\u1E20\\u011E\\u0120\\u01E6\\u0122\\u01E4\\u0193\\uA7A0\\uA77D\\uA77E]","H":"[\\u0048\\u24BD\\uFF28\\u0124\\u1E22\\u1E26\\u021E\\u1E24\\u1E28\\u1E2A\\u0126\\u2C67\\u2C75\\uA78D]","I":"[\\u0049\\u24BE\\uFF29\\u00CC\\u00CD\\u00CE\\u0128\\u012A\\u012C\\u0130\\u00CF\\u1E2E\\u1EC8\\u01CF\\u0208\\u020A\\u1ECA\\u012E\\u1E2C\\u0197]","J":"[\\u004A\\u24BF\\uFF2A\\u0134\\u0248]","K":"[\\u004B\\u24C0\\uFF2B\\u1E30\\u01E8\\u1E32\\u0136\\u1E34\\u0198\\u2C69\\uA740\\uA742\\uA744\\uA7A2]","L":"[\\u004C\\u24C1\\uFF2C\\u013F\\u0139\\u013D\\u1E36\\u1E38\\u013B\\u1E3C\\u1E3A\\u0141\\u023D\\u2C62\\u2C60\\uA748\\uA746\\uA780]","LJ":"[\\u01C7]","Lj":"[\\u01C8]","M":"[\\u004D\\u24C2\\uFF2D\\u1E3E\\u1E40\\u1E42\\u2C6E\\u019C]","N":"[\\u004E\\u24C3\\uFF2E\\u01F8\\u0143\\u00D1\\u1E44\\u0147\\u1E46\\u0145\\u1E4A\\u1E48\\u0220\\u019D\\uA790\\uA7A4]","NJ":"[\\u01CA]","Nj":"[\\u01CB]","O":"[\\u004F\\u24C4\\uFF2F\\u00D2\\u00D3\\u00D4\\u1ED2\\u1ED0\\u1ED6\\u1ED4\\u00D5\\u1E4C\\u022C\\u1E4E\\u014C\\u1E50\\u1E52\\u014E\\u022E\\u0230\\u00D6\\u022A\\u1ECE\\u0150\\u01D1\\u020C\\u020E\\u01A0\\u1EDC\\u1EDA\\u1EE0\\u1EDE\\u1EE2\\u1ECC\\u1ED8\\u01EA\\u01EC\\u00D8\\u01FE\\u0186\\u019F\\uA74A\\uA74C]","OI":"[\\u01A2]","OO":"[\\uA74E]","OU":"[\\u0222]","P":"[\\u0050\\u24C5\\uFF30\\u1E54\\u1E56\\u01A4\\u2C63\\uA750\\uA752\\uA754]","Q":"[\\u0051\\u24C6\\uFF31\\uA756\\uA758\\u024A]","R":"[\\u0052\\u24C7\\uFF32\\u0154\\u1E58\\u0158\\u0210\\u0212\\u1E5A\\u1E5C\\u0156\\u1E5E\\u024C\\u2C64\\uA75A\\uA7A6\\uA782]","S":"[\\u0053\\u24C8\\uFF33\\u1E9E\\u015A\\u1E64\\u015C\\u1E60\\u0160\\u1E66\\u1E62\\u1E68\\u0218\\u015E\\u2C7E\\uA7A8\\uA784]","T":"[\\u0054\\u24C9\\uFF34\\u1E6A\\u0164\\u1E6C\\u021A\\u0162\\u1E70\\u1E6E\\u0166\\u01AC\\u01AE\\u023E\\uA786]","TZ":"[\\uA728]","U":"[\\u0055\\u24CA\\uFF35\\u00D9\\u00DA\\u00DB\\u0168\\u1E78\\u016A\\u1E7A\\u016C\\u00DC\\u01DB\\u01D7\\u01D5\\u01D9\\u1EE6\\u016E\\u0170\\u01D3\\u0214\\u0216\\u01AF\\u1EEA\\u1EE8\\u1EEE\\u1EEC\\u1EF0\\u1EE4\\u1E72\\u0172\\u1E76\\u1E74\\u0244]","V":"[\\u0056\\u24CB\\uFF36\\u1E7C\\u1E7E\\u01B2\\uA75E\\u0245]","VY":"[\\uA760]","W":"[\\u0057\\u24CC\\uFF37\\u1E80\\u1E82\\u0174\\u1E86\\u1E84\\u1E88\\u2C72]","X":"[\\u0058\\u24CD\\uFF38\\u1E8A\\u1E8C]","Y":"[\\u0059\\u24CE\\uFF39\\u1EF2\\u00DD\\u0176\\u1EF8\\u0232\\u1E8E\\u0178\\u1EF6\\u1EF4\\u01B3\\u024E\\u1EFE]","Z":"[\\u005A\\u24CF\\uFF3A\\u0179\\u1E90\\u017B\\u017D\\u1E92\\u1E94\\u01B5\\u0224\\u2C7F\\u2C6B\\uA762]","a":"[\\u0061\\u24D0\\uFF41\\u1E9A\\u00E0\\u00E1\\u00E2\\u1EA7\\u1EA5\\u1EAB\\u1EA9\\u00E3\\u0101\\u0103\\u1EB1\\u1EAF\\u1EB5\\u1EB3\\u0227\\u01E1\\u00E4\\u01DF\\u1EA3\\u00E5\\u01FB\\u01CE\\u0201\\u0203\\u1EA1\\u1EAD\\u1EB7\\u1E01\\u0105\\u2C65\\u0250]","aa":"[\\uA733]","ae":"[\\u00E6\\u01FD\\u01E3]","ao":"[\\uA735]","au":"[\\uA737]","av":"[\\uA739\\uA73B]","ay":"[\\uA73D]","b":"[\\u0062\\u24D1\\uFF42\\u1E03\\u1E05\\u1E07\\u0180\\u0183\\u0253]","c":"[\\u0063\\u24D2\\uFF43\\u0107\\u0109\\u010B\\u010D\\u00E7\\u1E09\\u0188\\u023C\\uA73F\\u2184]","d":"[\\u0064\\u24D3\\uFF44\\u1E0B\\u010F\\u1E0D\\u1E11\\u1E13\\u1E0F\\u0111\\u018C\\u0256\\u0257\\uA77A]","dz":"[\\u01F3\\u01C6]","e":"[\\u0065\\u24D4\\uFF45\\u00E8\\u00E9\\u00EA\\u1EC1\\u1EBF\\u1EC5\\u1EC3\\u1EBD\\u0113\\u1E15\\u1E17\\u0115\\u0117\\u00EB\\u1EBB\\u011B\\u0205\\u0207\\u1EB9\\u1EC7\\u0229\\u1E1D\\u0119\\u1E19\\u1E1B\\u0247\\u025B\\u01DD]","f":"[\\u0066\\u24D5\\uFF46\\u1E1F\\u0192\\uA77C]","g":"[\\u0067\\u24D6\\uFF47\\u01F5\\u011D\\u1E21\\u011F\\u0121\\u01E7\\u0123\\u01E5\\u0260\\uA7A1\\u1D79\\uA77F]","h":"[\\u0068\\u24D7\\uFF48\\u0125\\u1E23\\u1E27\\u021F\\u1E25\\u1E29\\u1E2B\\u1E96\\u0127\\u2C68\\u2C76\\u0265]","hv":"[\\u0195]","i":"[\\u0069\\u24D8\\uFF49\\u00EC\\u00ED\\u00EE\\u0129\\u012B\\u012D\\u00EF\\u1E2F\\u1EC9\\u01D0\\u0209\\u020B\\u1ECB\\u012F\\u1E2D\\u0268\\u0131]","j":"[\\u006A\\u24D9\\uFF4A\\u0135\\u01F0\\u0249]","k":"[\\u006B\\u24DA\\uFF4B\\u1E31\\u01E9\\u1E33\\u0137\\u1E35\\u0199\\u2C6A\\uA741\\uA743\\uA745\\uA7A3]","l":"[\\u006C\\u24DB\\uFF4C\\u0140\\u013A\\u013E\\u1E37\\u1E39\\u013C\\u1E3D\\u1E3B\\u017F\\u0142\\u019A\\u026B\\u2C61\\uA749\\uA781\\uA747]","lj":"[\\u01C9]","m":"[\\u006D\\u24DC\\uFF4D\\u1E3F\\u1E41\\u1E43\\u0271\\u026F]","n":"[\\u006E\\u24DD\\uFF4E\\u01F9\\u0144\\u00F1\\u1E45\\u0148\\u1E47\\u0146\\u1E4B\\u1E49\\u019E\\u0272\\u0149\\uA791\\uA7A5]","nj":"[\\u01CC]","o":"[\\u006F\\u24DE\\uFF4F\\u00F2\\u00F3\\u00F4\\u1ED3\\u1ED1\\u1ED7\\u1ED5\\u00F5\\u1E4D\\u022D\\u1E4F\\u014D\\u1E51\\u1E53\\u014F\\u022F\\u0231\\u00F6\\u022B\\u1ECF\\u0151\\u01D2\\u020D\\u020F\\u01A1\\u1EDD\\u1EDB\\u1EE1\\u1EDF\\u1EE3\\u1ECD\\u1ED9\\u01EB\\u01ED\\u00F8\\u01FF\\u0254\\uA74B\\uA74D\\u0275]","oi":"[\\u01A3]","ou":"[\\u0223]","oo":"[\\uA74F]","p":"[\\u0070\\u24DF\\uFF50\\u1E55\\u1E57\\u01A5\\u1D7D\\uA751\\uA753\\uA755]","q":"[\\u0071\\u24E0\\uFF51\\u024B\\uA757\\uA759]","r":"[\\u0072\\u24E1\\uFF52\\u0155\\u1E59\\u0159\\u0211\\u0213\\u1E5B\\u1E5D\\u0157\\u1E5F\\u024D\\u027D\\uA75B\\uA7A7\\uA783]","s":"[\\u0073\\u24E2\\uFF53\\u015B\\u1E65\\u015D\\u1E61\\u0161\\u1E67\\u1E63\\u1E69\\u0219\\u015F\\u023F\\uA7A9\\uA785\\u1E9B]","ss":"[\\u00DF]","t":"[\\u0074\\u24E3\\uFF54\\u1E6B\\u1E97\\u0165\\u1E6D\\u021B\\u0163\\u1E71\\u1E6F\\u0167\\u01AD\\u0288\\u2C66\\uA787]","tz":"[\\uA729]","u":"[\\u0075\\u24E4\\uFF55\\u00F9\\u00FA\\u00FB\\u0169\\u1E79\\u016B\\u1E7B\\u016D\\u00FC\\u01DC\\u01D8\\u01D6\\u01DA\\u1EE7\\u016F\\u0171\\u01D4\\u0215\\u0217\\u01B0\\u1EEB\\u1EE9\\u1EEF\\u1EED\\u1EF1\\u1EE5\\u1E73\\u0173\\u1E77\\u1E75\\u0289]","v":"[\\u0076\\u24E5\\uFF56\\u1E7D\\u1E7F\\u028B\\uA75F\\u028C]","vy":"[\\uA761]","w":"[\\u0077\\u24E6\\uFF57\\u1E81\\u1E83\\u0175\\u1E87\\u1E85\\u1E98\\u1E89\\u2C73]","x":"[\\u0078\\u24E7\\uFF58\\u1E8B\\u1E8D]","y":"[\\u0079\\u24E8\\uFF59\\u1EF3\\u00FD\\u0177\\u1EF9\\u0233\\u1E8F\\u00FF\\u1EF7\\u1E99\\u1EF5\\u01B4\\u024F\\u1EFF]","z":"[\\u007A\\u24E9\\uFF5A\\u017A\\u1E91\\u017C\\u017E\\u1E93\\u1E95\\u01B6\\u0225\\u0240\\u2C6C\\uA763]"},"researchesTests":["contentHasTOC","contentHasShortParagraphs","contentHasAssets","keywordInTitle","keywordInMetaDescription","keywordInPermalink","keywordIn10Percent","keywordInContent","keywordInSubheadings","keywordInImageAlt","keywordDensity","keywordNotUsed","lengthContent","lengthPermalink","linksHasInternal","linksHasExternals","linksNotAllExternals","titleStartWithKeyword","titleSentiment","titleHasPowerWords","titleHasNumber","hasContentAI"],"hasRedirection":true,"hasBreadcrumb":false},"homeUrl":"https:\/\/elvendrellturisme.dms3labs.cat\/fr\/","objectID":27247,"objectType":"post","locale":"fr","localeFull":"fr_FR","overlayImages":{"play":{"name":"Ic\u00f4ne de lecture","url":"https:\/\/elvendrellturisme.dms3labs.cat\/wp-content\/plugins\/seo-by-rank-math\/assets\/admin\/img\/icon-play.png","path":"\/var\/www\/vhosts\/dms3labs.cat\/subdominis\/elvendrellturisme.dms3labs.cat\/wp-content\/plugins\/seo-by-rank-math\/assets\/admin\/img\/icon-play.png","position":"middle_center"},"gif":{"name":"Ic\u00f4ne GIF","url":"https:\/\/elvendrellturisme.dms3labs.cat\/wp-content\/plugins\/seo-by-rank-math\/assets\/admin\/img\/icon-gif.png","path":"\/var\/www\/vhosts\/dms3labs.cat\/subdominis\/elvendrellturisme.dms3labs.cat\/wp-content\/plugins\/seo-by-rank-math\/assets\/admin\/img\/icon-gif.png","position":"middle_center"}},"defautOgImage":"https:\/\/elvendrellturisme.dms3labs.cat\/wp-content\/uploads\/2021\/03\/tv-el-vendrell.png","customPermalinks":true,"isUserRegistered":true,"autoSuggestKeywords":true,"connectSiteUrl":"https:\/\/rankmath.com\/auth?site=https%3A%2F%2Felvendrellturisme.dms3labs.cat%2Ffr%2F&r=https%3A%2F%2Felvendrellturisme.dms3labs.cat%2Ffr%2Fwp-json%2Fwp%2Fv2%2Fpages%2F27247%3Fnonce%3D20361aa608","maxTags":5,"trendsIcon":"<svg viewBox=\"0 0 610 610\"><path d=\"M18.85,446,174.32,290.48l58.08,58.08L76.93,504a14.54,14.54,0,0,1-20.55,0L18.83,466.48a14.54,14.54,0,0,1,0-20.55Z\" style=\"fill:#4285f4\"\/><path d=\"M242.65,242.66,377.59,377.6l-47.75,47.75a14.54,14.54,0,0,1-20.55,0L174.37,290.43l47.75-47.75A14.52,14.52,0,0,1,242.65,242.66Z\" style=\"fill:#ea4335\"\/><polygon points=\"319.53 319.53 479.26 159.8 537.34 217.88 377.61 377.62 319.53 319.53\" style=\"fill:#fabb05\"\/><path d=\"M594.26,262.73V118.61h0a16.94,16.94,0,0,0-16.94-16.94H433.2a16.94,16.94,0,0,0-12,28.92L565.34,274.71h0a16.94,16.94,0,0,0,28.92-12Z\" style=\"fill:#34a853\"\/><rect width=\"610\" height=\"610\" style=\"fill:none\"\/><\/svg>","showScore":true,"siteFavIcon":"https:\/\/elvendrellturisme.dms3labs.cat\/wp-content\/uploads\/cropped-logo-en-clau-de-sol-ffavicon-32x32.png","canUser":{"general":false,"advanced":false,"snippet":false,"social":false,"analysis":false,"analytics":false,"content_ai":false},"isPro":false,"is_front_page":false,"trendsUpgradeLink":"https:\/\/rankmath.com\/pricing\/?utm_source=Plugin&utm_medium=CE%20General%20Tab%20Trends&utm_campaign=WP","trendsUpgradeLabel":"Mettre \u00e0 niveau","trendsPreviewImage":"https:\/\/elvendrellturisme.dms3labs.cat\/wp-content\/plugins\/seo-by-rank-math\/assets\/admin\/img\/trends-preview.jpg","currentEditor":false,"homepageData":{"assessor":{"powerWords":["absolument","amazement","astonishing","authentique","beau","bien-\u00eatre","brillant","captivant","charismatique","choc","clair","compl\u00e8tement","confidentiel","confiance","cons\u00e9quent","cr\u00e9atif","d\u00e9finitivement","d\u00e9licieux","d\u00e9montrer","d\u00e9p\u00eachez-vous","d\u00e9termin\u00e9","digne","dynamique","\u00e9blouissant","\u00e9clatant","\u00e9conomique","\u00e9fficace","\u00e9l\u00e9gant","\u00e9motionnel","\u00e9nergique","\u00e9norme","\u00e9poustouflant","essentiel","\u00e9tonnant","exclusif","exp\u00e9rience","fabuleux","fantastique","formidable","fort","garanti","g\u00e9ant","g\u00e9n\u00e9reux","grandiose","gratuit","habile","harmonieux","historique","hors pair","important","incroyable","indispensable","inoubliable","inspirant","innovant","intense","invention","irr\u00e9sistible","l\u00e9gendaire","lumineux","luxe","magique","magnifique","majestueux","marquant","merveilleux","miraculeux","motivant","n\u00e9cessaire","nouvelle","officiel","parfait","passionn\u00e9","persuasif","ph\u00e9nom\u00e9nal","plaisir","populaire","pouvoir","prestigieux","prodigieux","profond","prosp\u00e8re","puissant","qualit\u00e9","radieux","rapide","r\u00e9ussi","r\u00e9volutionnaire","satisfait","s\u00e9curit\u00e9","sensationnel","serein","somptueux","splendide","sublime","surprenant","talentueux","terrifiant","unique","valeur","vibrant","victorieux","vif","vraiment","z\u00e9l\u00e9"],"diacritics":true,"researchesTests":["contentHasTOC","contentHasShortParagraphs","contentHasAssets","keywordInTitle","keywordInMetaDescription","keywordInPermalink","keywordIn10Percent","keywordInContent","keywordInSubheadings","keywordInImageAlt","keywordDensity","keywordNotUsed","lengthContent","lengthPermalink","linksHasInternal","linksHasExternals","linksNotAllExternals","titleStartWithKeyword","titleSentiment","titleHasPowerWords","titleHasNumber","hasContentAI"],"hasBreadcrumb":false,"serpData":{"title":"%sitename% %page% %sep% %sitedesc%","description":"","titleTemplate":"%sitename% %page% %sep% %sitedesc%","descriptionTemplate":"","focusKeywords":"","breadcrumbTitle":"Home","robots":{"index":true},"advancedRobots":{"max-snippet":"-1","max-video-preview":"-1","max-image-preview":"large"},"facebookTitle":"","facebookDescription":"","facebookImage":"","facebookImageID":""}}},"tocTitle":"Table of Contents","tocExcludeHeadings":[],"listStyle":"ul"},"_links":{"self":[{"href":"https:\/\/elvendrellturisme.dms3labs.cat\/fr\/wp-json\/wp\/v2\/pages\/27247","targetHints":{"allow":["GET"]}}],"collection":[{"href":"https:\/\/elvendrellturisme.dms3labs.cat\/fr\/wp-json\/wp\/v2\/pages"}],"about":[{"href":"https:\/\/elvendrellturisme.dms3labs.cat\/fr\/wp-json\/wp\/v2\/types\/page"}],"author":[{"embeddable":true,"href":"https:\/\/elvendrellturisme.dms3labs.cat\/fr\/wp-json\/wp\/v2\/users\/1"}],"replies":[{"embeddable":true,"href":"https:\/\/elvendrellturisme.dms3labs.cat\/fr\/wp-json\/wp\/v2\/comments?post=27247"}],"version-history":[{"count":3,"href":"https:\/\/elvendrellturisme.dms3labs.cat\/fr\/wp-json\/wp\/v2\/pages\/27247\/revisions"}],"predecessor-version":[{"id":30167,"href":"https:\/\/elvendrellturisme.dms3labs.cat\/fr\/wp-json\/wp\/v2\/pages\/27247\/revisions\/30167"}],"wp:featuredmedia":[{"embeddable":true,"href":"https:\/\/elvendrellturisme.dms3labs.cat\/fr\/wp-json\/wp\/v2\/media\/26025"}],"wp:attachment":[{"href":"https:\/\/elvendrellturisme.dms3labs.cat\/fr\/wp-json\/wp\/v2\/media?parent=27247"}],"wp:term":[{"taxonomy":"dipi_cpt_category","embeddable":true,"href":"https:\/\/elvendrellturisme.dms3labs.cat\/fr\/wp-json\/wp\/v2\/dipi_cpt_category?post=27247"}],"curies":[{"name":"wp","href":"https:\/\/api.w.org\/{rel}","templated":true}]}}