{"id":26741,"date":"2021-07-12T09:51:26","date_gmt":"2021-07-12T09:51:26","guid":{"rendered":"https:\/\/tv.dms3labs.cat\/actividades-saludables\/"},"modified":"2026-04-21T17:57:20","modified_gmt":"2026-04-21T15:57:20","slug":"actividades-saludables","status":"publish","type":"page","link":"https:\/\/elvendrellturisme.dms3labs.cat\/es\/actividades-saludables\/","title":{"rendered":"Actividades saludables"},"content":{"rendered":"<p>[et_pb_section fb_built=&#8221;1&#8243; admin_label=&#8221;Hero&#8221; _builder_version=&#8221;4.16&#8243; background_enable_color=&#8221;off&#8221; use_background_color_gradient=&#8221;on&#8221; background_color_gradient_stops=&#8221;rgba(43,135,218,0) 50%|rgba(8,10,10,0.75) 100%&#8221; background_color_gradient_overlays_image=&#8221;on&#8221; background_color_gradient_start=&#8221;rgba(43,135,218,0)&#8221; background_color_gradient_start_position=&#8221;50%&#8221; background_color_gradient_end=&#8221;rgba(8,10,10,0.75)&#8221; background_image=&#8221;https:\/\/elvendrellturisme.dms3labs.cat\/wp-content\/uploads\/gym-scaled.jpg&#8221; background_position=&#8221;bottom_center&#8221; min_height=&#8221;75vh&#8221; custom_padding=&#8221;101px|||0px|false|false&#8221; locked=&#8221;off&#8221; global_colors_info=&#8221;{}&#8221;][et_pb_row use_custom_gutter=&#8221;on&#8221; gutter_width=&#8221;1&#8243; make_equal=&#8221;on&#8221; module_class=&#8221; et_pb_row_fullwidth&#8221; _builder_version=&#8221;4.16&#8243; positioning=&#8221;absolute&#8221; position_origin_a=&#8221;bottom_center&#8221; width=&#8221;90%&#8221; width_tablet=&#8221;100%&#8221; width_last_edited=&#8221;off|desktop&#8221; max_width_tablet=&#8221;100%&#8221; max_width_last_edited=&#8221;off|desktop&#8221; custom_margin=&#8221;||||false|false&#8221; custom_padding=&#8221;||75px||false|false&#8221; make_fullwidth=&#8221;on&#8221; global_colors_info=&#8221;{}&#8221; width__hover_enabled=&#8221;off|desktop&#8221; custom_css_before__hover_enabled=&#8221;on|desktop&#8221; custom_css_before_last_edited=&#8221;on|desktop&#8221;][et_pb_column type=&#8221;4_4&#8243; _builder_version=&#8221;4.16&#8243; parallax=&#8221;on&#8221; custom_padding=&#8221;||||false|false&#8221; custom_css_main_element=&#8221;\tmargin: auto auto 0;&#8221; global_colors_info=&#8221;{}&#8221; custom_padding__hover=&#8221;|||&#8221;][et_pb_text admin_label=&#8221;Look Inside Title&#8221; _builder_version=&#8221;4.16&#8243; _module_preset=&#8221;5975d0da-a31c-4419-aa53-a11ada705cd8&#8243; header_text_color=&#8221;#ffffff&#8221; locked=&#8221;off&#8221; global_colors_info=&#8221;{}&#8221;]<\/p>\n<h1>actividades saludables en el Vendrell<\/h1>\n<p>[\/et_pb_text][\/et_pb_column][\/et_pb_row][\/et_pb_section][et_pb_section fb_built=&#8221;1&#8243; disabled_on=&#8221;off|off|off&#8221; _builder_version=&#8221;4.23.4&#8243; _module_preset=&#8221;default&#8221; custom_padding=&#8221;||0px|||&#8221; global_colors_info=&#8221;{}&#8221;][et_pb_row _builder_version=&#8221;4.27.4&#8243; _module_preset=&#8221;default&#8221; hover_enabled=&#8221;0&#8243; locked=&#8221;off&#8221; global_colors_info=&#8221;{}&#8221; disabled_on=&#8221;on|on|on&#8221; disabled=&#8221;on&#8221; sticky_enabled=&#8221;0&#8243;][et_pb_column type=&#8221;4_4&#8243; _builder_version=&#8221;4.27.0&#8243; _module_preset=&#8221;default&#8221; global_colors_info=&#8221;{}&#8221;][et_pb_text _builder_version=&#8221;4.27.0&#8243; _module_preset=&#8221;default&#8221; text_font=&#8221;|||on|||||&#8221; text_font_size=&#8221;28px&#8221; custom_padding=&#8221;||||false|false&#8221; global_colors_info=&#8221;{}&#8221;]<strong>Actividades en curso<\/strong>[\/et_pb_text][toolset_divi_view toolset_view=&#8221;vista-activitats-en-curs&#8221; _builder_version=&#8221;4.27.0&#8243; _module_preset=&#8221;default&#8221; hover_enabled=&#8221;0&#8243; global_colors_info=&#8221;{}&#8221; sticky_enabled=&#8221;0&#8243;][\/toolset_divi_view][\/et_pb_column][\/et_pb_row][et_pb_row disabled_on=&#8221;on|on|on&#8221; _builder_version=&#8221;4.27.0&#8243; _module_preset=&#8221;default&#8221; disabled=&#8221;on&#8221; locked=&#8221;off&#8221; global_colors_info=&#8221;{}&#8221;][et_pb_column type=&#8221;4_4&#8243; _builder_version=&#8221;4.27.0&#8243; _module_preset=&#8221;default&#8221; global_colors_info=&#8221;{}&#8221;][et_pb_text _builder_version=&#8221;4.27.0&#8243; _module_preset=&#8221;default&#8221; text_font=&#8221;|||on|||||&#8221; text_font_size=&#8221;28px&#8221; custom_padding=&#8221;||||false|false&#8221; global_colors_info=&#8221;{}&#8221;]<strong>Actividades en curso<\/strong>[\/et_pb_text][toolset_divi_view toolset_view=&#8221;vista-activitats-en-curs&#8221; _builder_version=&#8221;4.27.0&#8243; _module_preset=&#8221;default&#8221; global_colors_info=&#8221;{}&#8221;][\/toolset_divi_view][\/et_pb_column][\/et_pb_row][et_pb_row disabled_on=&#8221;on|on|on&#8221; _builder_version=&#8221;4.27.0&#8243; _module_preset=&#8221;default&#8221; disabled=&#8221;on&#8221; locked=&#8221;off&#8221; global_colors_info=&#8221;{}&#8221;][et_pb_column type=&#8221;4_4&#8243; _builder_version=&#8221;4.27.0&#8243; _module_preset=&#8221;default&#8221; global_colors_info=&#8221;{}&#8221;][et_pb_text _builder_version=&#8221;4.27.0&#8243; _module_preset=&#8221;default&#8221; text_font=&#8221;|||on|||||&#8221; text_font_size=&#8221;28px&#8221; custom_padding=&#8221;||||false|false&#8221; global_colors_info=&#8221;{}&#8221;]<\/p>\n<p><strong>Actividades pasadas<\/strong><\/p>\n<p>[\/et_pb_text][toolset_divi_view toolset_view=&#8221;vista-activitats-passades&#8221; _builder_version=&#8221;4.27.0&#8243; _module_preset=&#8221;default&#8221; global_colors_info=&#8221;{}&#8221;][\/toolset_divi_view][\/et_pb_column][\/et_pb_row][\/et_pb_section][et_pb_section fb_built=&#8221;1&#8243; disabled_on=&#8221;on|on|on&#8221; _builder_version=&#8221;4.27.0&#8243; _module_preset=&#8221;default&#8221; disabled=&#8221;on&#8221; global_colors_info=&#8221;{}&#8221;][et_pb_row _builder_version=&#8221;4.27.0&#8243; _module_preset=&#8221;default&#8221; global_colors_info=&#8221;{}&#8221;][et_pb_column type=&#8221;4_4&#8243; _builder_version=&#8221;4.27.0&#8243; _module_preset=&#8221;default&#8221; global_colors_info=&#8221;{}&#8221;][et_pb_text _builder_version=&#8221;4.27.0&#8243; _module_preset=&#8221;default&#8221; text_orientation=&#8221;center&#8221; global_colors_info=&#8221;{}&#8221;]<\/p>\n<h2>Los lunes en el Museo \u00c0ngel Guimer\u00e0<\/h2>\n<p>[\/et_pb_text][\/et_pb_column][\/et_pb_row][et_pb_row column_structure=&#8221;1_4,1_4,1_4,1_4&#8243; use_custom_gutter=&#8221;on&#8221; gutter_width=&#8221;1&#8243; _builder_version=&#8221;4.27.0&#8243; _module_preset=&#8221;default&#8221; width=&#8221;95%&#8221; max_width=&#8221;100%&#8221; global_colors_info=&#8221;{}&#8221;][et_pb_column type=&#8221;1_4&#8243; _builder_version=&#8221;4.27.0&#8243; _module_preset=&#8221;default&#8221; global_colors_info=&#8221;{}&#8221;][et_pb_image src=&#8221;https:\/\/elvendrellturisme.dms3labs.cat\/wp-content\/uploads\/cantem-guimera.jpg&#8221; title_text=&#8221;ruta-guimera&#8221; _builder_version=&#8221;4.27.0&#8243; _module_preset=&#8221;default&#8221; custom_padding=&#8221;|10px|||false|false&#8221; custom_css_main_element=&#8221;margin-bottom: 10px!important;&#8221; global_colors_info=&#8221;{}&#8221;][\/et_pb_image][\/et_pb_column][et_pb_column type=&#8221;1_4&#8243; _builder_version=&#8221;4.27.0&#8243; _module_preset=&#8221;default&#8221; global_colors_info=&#8221;{}&#8221;][et_pb_image src=&#8221;https:\/\/elvendrellturisme.dms3labs.cat\/wp-content\/uploads\/quatre-parets-fan-una-casa.jpg&#8221; title_text=&#8221;ruta-guimera&#8221; _builder_version=&#8221;4.27.0&#8243; _module_preset=&#8221;default&#8221; custom_padding=&#8221;|10px|||false|false&#8221; custom_css_main_element=&#8221;margin-bottom: 10px!important;&#8221; global_colors_info=&#8221;{}&#8221;][\/et_pb_image][\/et_pb_column][et_pb_column type=&#8221;1_4&#8243; _builder_version=&#8221;4.27.0&#8243; _module_preset=&#8221;default&#8221; global_colors_info=&#8221;{}&#8221;][et_pb_image src=&#8221;https:\/\/elvendrellturisme.dms3labs.cat\/wp-content\/uploads\/paraula-de-guimera.jpg&#8221; title_text=&#8221;ruta-guimera&#8221; _builder_version=&#8221;4.27.0&#8243; _module_preset=&#8221;default&#8221; custom_padding=&#8221;|10px|||false|false&#8221; custom_css_main_element=&#8221;margin-bottom: 10px!important;&#8221; global_colors_info=&#8221;{}&#8221;][\/et_pb_image][\/et_pb_column][et_pb_column type=&#8221;1_4&#8243; _builder_version=&#8221;4.27.0&#8243; _module_preset=&#8221;default&#8221; global_colors_info=&#8221;{}&#8221;][et_pb_image src=&#8221;https:\/\/elvendrellturisme.dms3labs.cat\/wp-content\/uploads\/elles-tenen-angel.jpg&#8221; title_text=&#8221;ruta-guimera&#8221; _builder_version=&#8221;4.27.0&#8243; _module_preset=&#8221;default&#8221; custom_padding=&#8221;|10px|||false|false&#8221; custom_css_main_element=&#8221;margin-bottom: 10px!important;&#8221; global_colors_info=&#8221;{}&#8221;][\/et_pb_image][\/et_pb_column][\/et_pb_row][\/et_pb_section][et_pb_section fb_built=&#8221;1&#8243; disabled_on=&#8221;on|on|on&#8221; _builder_version=&#8221;4.27.0&#8243; _module_preset=&#8221;default&#8221; disabled=&#8221;on&#8221; global_colors_info=&#8221;{}&#8221;][et_pb_row _builder_version=&#8221;4.27.0&#8243; _module_preset=&#8221;default&#8221; global_colors_info=&#8221;{}&#8221;][et_pb_column type=&#8221;4_4&#8243; _builder_version=&#8221;4.27.0&#8243; _module_preset=&#8221;default&#8221; global_colors_info=&#8221;{}&#8221;][et_pb_text _builder_version=&#8221;4.27.0&#8243; _module_preset=&#8221;default&#8221; text_orientation=&#8221;center&#8221; global_colors_info=&#8221;{}&#8221;]<\/p>\n<h2>Rutas culturales<\/h2>\n<h3><em>Ven a disfrutar de la cultura<\/em><\/h3>\n<p>[\/et_pb_text][\/et_pb_column][\/et_pb_row][et_pb_row column_structure=&#8221;1_4,1_4,1_4,1_4&#8243; use_custom_gutter=&#8221;on&#8221; gutter_width=&#8221;1&#8243; custom_padding_last_edited=&#8221;off|tablet&#8221; _builder_version=&#8221;4.27.0&#8243; _module_preset=&#8221;default&#8221; width=&#8221;95%&#8221; max_width=&#8221;100%&#8221; custom_padding=&#8221;||0px||false|false&#8221; custom_padding_tablet=&#8221;||||false|false&#8221; global_colors_info=&#8221;{}&#8221;][et_pb_column type=&#8221;1_4&#8243; _builder_version=&#8221;4.27.0&#8243; _module_preset=&#8221;default&#8221; global_colors_info=&#8221;{}&#8221;][et_pb_image src=&#8221;https:\/\/elvendrellturisme.dms3labs.cat\/wp-content\/uploads\/ruta-guimera.jpeg&#8221; title_text=&#8221;ruta-guimera&#8221; _builder_version=&#8221;4.27.0&#8243; _module_preset=&#8221;default&#8221; custom_padding=&#8221;|10px|||false|false&#8221; custom_css_main_element=&#8221;margin-bottom: 10px!important;&#8221; global_colors_info=&#8221;{}&#8221;][\/et_pb_image][\/et_pb_column][et_pb_column type=&#8221;1_4&#8243; _builder_version=&#8221;4.27.0&#8243; _module_preset=&#8221;default&#8221; global_colors_info=&#8221;{}&#8221;][et_pb_image src=&#8221;https:\/\/elvendrellturisme.dms3labs.cat\/wp-content\/uploads\/ruta-via-augusta.jpeg&#8221; title_text=&#8221;ruta-guimera&#8221; _builder_version=&#8221;4.27.0&#8243; _module_preset=&#8221;default&#8221; custom_padding=&#8221;|10px|||false|false&#8221; custom_css_main_element=&#8221;margin-bottom: 10px!important;&#8221; global_colors_info=&#8221;{}&#8221;][\/et_pb_image][\/et_pb_column][et_pb_column type=&#8221;1_4&#8243; _builder_version=&#8221;4.27.0&#8243; _module_preset=&#8221;default&#8221; global_colors_info=&#8221;{}&#8221;][et_pb_image src=&#8221;https:\/\/elvendrellturisme.dms3labs.cat\/wp-content\/uploads\/ruta-nou-museu-tabaris.jpeg&#8221; title_text=&#8221;ruta-guimera&#8221; _builder_version=&#8221;4.27.0&#8243; _module_preset=&#8221;default&#8221; custom_padding=&#8221;|10px|||false|false&#8221; custom_css_main_element=&#8221;margin-bottom: 10px!important;&#8221; global_colors_info=&#8221;{}&#8221;][\/et_pb_image][\/et_pb_column][et_pb_column type=&#8221;1_4&#8243; _builder_version=&#8221;4.27.0&#8243; _module_preset=&#8221;default&#8221; global_colors_info=&#8221;{}&#8221;][et_pb_image src=&#8221;https:\/\/elvendrellturisme.dms3labs.cat\/wp-content\/uploads\/ruta-port-maritim-platja-estiueig.jpeg&#8221; title_text=&#8221;ruta-guimera&#8221; _builder_version=&#8221;4.27.0&#8243; _module_preset=&#8221;default&#8221; custom_padding=&#8221;|10px|||false|false&#8221; custom_css_main_element=&#8221;margin-bottom: 10px!important;&#8221; global_colors_info=&#8221;{}&#8221;][\/et_pb_image][\/et_pb_column][\/et_pb_row][et_pb_row column_structure=&#8221;1_3,1_3,1_3&#8243; use_custom_gutter=&#8221;on&#8221; gutter_width=&#8221;1&#8243; _builder_version=&#8221;4.27.0&#8243; _module_preset=&#8221;default&#8221; width=&#8221;95%&#8221; max_width=&#8221;100%&#8221; custom_padding=&#8221;||4px|||&#8221; global_colors_info=&#8221;{}&#8221;][et_pb_column type=&#8221;1_3&#8243; _builder_version=&#8221;4.27.0&#8243; _module_preset=&#8221;default&#8221; global_colors_info=&#8221;{}&#8221;][et_pb_image src=&#8221;https:\/\/elvendrellturisme.dms3labs.cat\/wp-content\/uploads\/ruta-art-mosaic-coma-ruga.jpeg&#8221; title_text=&#8221;ruta-guimera&#8221; _builder_version=&#8221;4.27.0&#8243; _module_preset=&#8221;default&#8221; custom_padding=&#8221;|10px|||false|false&#8221; custom_css_main_element=&#8221;margin-bottom: 10px!important;&#8221; global_colors_info=&#8221;{}&#8221;][\/et_pb_image][\/et_pb_column][et_pb_column type=&#8221;1_3&#8243; _builder_version=&#8221;4.27.0&#8243; _module_preset=&#8221;default&#8221; global_colors_info=&#8221;{}&#8221;][et_pb_image src=&#8221;https:\/\/elvendrellturisme.dms3labs.cat\/wp-content\/uploads\/ruta-fenosa-experience.jpeg&#8221; title_text=&#8221;ruta-guimera&#8221; _builder_version=&#8221;4.27.0&#8243; _module_preset=&#8221;default&#8221; custom_padding=&#8221;|10px|||false|false&#8221; custom_css_main_element=&#8221;margin-bottom: 10px!important;&#8221; global_colors_info=&#8221;{}&#8221;][\/et_pb_image][\/et_pb_column][et_pb_column type=&#8221;1_3&#8243; _builder_version=&#8221;4.27.0&#8243; _module_preset=&#8221;default&#8221; global_colors_info=&#8221;{}&#8221;][et_pb_image src=&#8221;https:\/\/elvendrellturisme.dms3labs.cat\/wp-content\/uploads\/ruta-especial-festa-major.jpeg&#8221; title_text=&#8221;ruta-guimera&#8221; _builder_version=&#8221;4.27.0&#8243; _module_preset=&#8221;default&#8221; custom_padding=&#8221;|10px|||false|false&#8221; custom_css_main_element=&#8221;margin-bottom: 10px!important;&#8221; global_colors_info=&#8221;{}&#8221;][\/et_pb_image][\/et_pb_column][\/et_pb_row][et_pb_row column_structure=&#8221;1_3,1_3,1_3&#8243; use_custom_gutter=&#8221;on&#8221; gutter_width=&#8221;1&#8243; _builder_version=&#8221;4.27.0&#8243; _module_preset=&#8221;default&#8221; width=&#8221;95%&#8221; max_width=&#8221;100%&#8221; custom_padding=&#8221;||||false|false&#8221; global_colors_info=&#8221;{}&#8221;][et_pb_column type=&#8221;1_3&#8243; _builder_version=&#8221;4.27.0&#8243; _module_preset=&#8221;default&#8221; global_colors_info=&#8221;{}&#8221;][et_pb_image src=&#8221;https:\/\/elvendrellturisme.dms3labs.cat\/wp-content\/uploads\/ruta-coma-ruga-viatge-temps.jpeg&#8221; title_text=&#8221;ruta-guimera&#8221; _builder_version=&#8221;4.27.0&#8243; _module_preset=&#8221;default&#8221; custom_padding=&#8221;|10px|||false|false&#8221; custom_css_main_element=&#8221;margin-bottom: 10px!important;&#8221; global_colors_info=&#8221;{}&#8221;][\/et_pb_image][\/et_pb_column][et_pb_column type=&#8221;1_3&#8243; _builder_version=&#8221;4.27.0&#8243; _module_preset=&#8221;default&#8221; global_colors_info=&#8221;{}&#8221;][et_pb_image src=&#8221;https:\/\/elvendrellturisme.dms3labs.cat\/wp-content\/uploads\/ruta-vendrell-vista-ocell.jpeg&#8221; title_text=&#8221;ruta-guimera&#8221; _builder_version=&#8221;4.27.0&#8243; _module_preset=&#8221;default&#8221; custom_padding=&#8221;|10px|||false|false&#8221; custom_css_main_element=&#8221;margin-bottom: 10px!important;&#8221; global_colors_info=&#8221;{}&#8221;][\/et_pb_image][\/et_pb_column][et_pb_column type=&#8221;1_3&#8243; _builder_version=&#8221;4.27.0&#8243; _module_preset=&#8221;default&#8221; global_colors_info=&#8221;{}&#8221;][et_pb_image src=&#8221;https:\/\/elvendrellturisme.dms3labs.cat\/wp-content\/uploads\/ruta-pau-casals-orgue.jpeg&#8221; title_text=&#8221;ruta-guimera&#8221; _builder_version=&#8221;4.27.0&#8243; _module_preset=&#8221;default&#8221; custom_padding=&#8221;|10px|||false|false&#8221; custom_css_main_element=&#8221;margin-bottom: 10px!important;&#8221; global_colors_info=&#8221;{}&#8221;][\/et_pb_image][\/et_pb_column][\/et_pb_row][\/et_pb_section][et_pb_section fb_built=&#8221;1&#8243; _builder_version=&#8221;4.16&#8243; _module_preset=&#8221;default&#8221; min_height=&#8221;50vh&#8221; custom_padding=&#8221;0px|||||&#8221; locked=&#8221;off&#8221; global_colors_info=&#8221;{}&#8221;][et_pb_row column_structure=&#8221;1_3,2_3&#8243; make_equal=&#8221;on&#8221; disabled_on=&#8221;off|off|off&#8221; _builder_version=&#8221;4.16&#8243; _module_preset=&#8221;default&#8221; custom_margin=&#8221;75px||||false|false&#8221; custom_padding=&#8221;0px||75px||false|false&#8221; border_width_top=&#8221;1px&#8221; border_color_top=&#8221;#CCCCCC&#8221; global_colors_info=&#8221;{}&#8221;][et_pb_column type=&#8221;1_3&#8243; _builder_version=&#8221;4.16&#8243; _module_preset=&#8221;default&#8221; custom_padding=&#8221;50px||||false|false&#8221; custom_padding_tablet=&#8221;50px||25px||false|false&#8221; custom_padding_phone=&#8221;&#8221; custom_padding_last_edited=&#8221;on|phone&#8221; global_colors_info=&#8221;{}&#8221;][et_pb_text _builder_version=&#8221;4.16&#8243; _module_preset=&#8221;default&#8221; header_2_font_size=&#8221;35px&#8221; custom_margin=&#8221;||10px||false|false&#8221; custom_padding=&#8221;||0px||false|false&#8221; global_colors_info=&#8221;{}&#8221;]<\/p>\n<h2>Agenda<\/h2>\n<p>[\/et_pb_text][et_pb_text _builder_version=&#8221;4.16&#8243; _module_preset=&#8221;default&#8221; custom_margin=&#8221;||15px||false|false&#8221; global_colors_info=&#8221;{}&#8221;]<\/p>\n<p style=\"text-align: justify;\">Estos son los actos destacados que encontrar\u00e1s pr\u00f3ximamente en El Vendrell. Si quieres ver m\u00e1s clica el enlace:<\/p>\n<p>[\/et_pb_text][et_pb_button button_url=&#8221;@ET-DC@eyJkeW5hbWljIjp0cnVlLCJjb250ZW50IjoicG9zdF9saW5rX3VybF9wYWdlIiwic2V0dGluZ3MiOnsicG9zdF9pZCI6IjE0NjU1In19@&#8221; button_text=&#8221;Ver todas las actividades &#8221; button_alignment=&#8221;left&#8221; _builder_version=&#8221;4.16&#8243; _dynamic_attributes=&#8221;button_url&#8221; _module_preset=&#8221;default&#8221; custom_button=&#8221;on&#8221; button_text_size=&#8221;13px&#8221; button_border_width=&#8221;0px&#8221; button_font=&#8221;|||on|||||&#8221; button_icon=&#8221;&#x4c;||divi||400&#8243; button_icon_placement=&#8221;left&#8221; button_on_hover=&#8221;off&#8221; custom_margin=&#8221;||2px||false|false&#8221; global_colors_info=&#8221;{}&#8221; button_bg_color__hover_enabled=&#8221;on|hover&#8221; button_bg_color__hover=&#8221;RGBA(0,0,0,0)&#8221; button_bg_enable_color__hover=&#8221;on&#8221;][\/et_pb_button][\/et_pb_column][et_pb_column type=&#8221;2_3&#8243; _builder_version=&#8221;4.16&#8243; _module_preset=&#8221;default&#8221; global_colors_info=&#8221;{}&#8221;][mecdivi_MECShortcodes shortcode_id=&#8221;12430&#8243; _builder_version=&#8221;4.16&#8243; _module_preset=&#8221;default&#8221; global_colors_info=&#8221;{}&#8221;][\/mecdivi_MECShortcodes][\/et_pb_column][\/et_pb_row][\/et_pb_section][et_pb_section fb_built=&#8221;1&#8243; custom_padding_last_edited=&#8221;on|phone&#8221; disabled_on=&#8221;on|on|on&#8221; _builder_version=&#8221;4.16&#8243; _module_preset=&#8221;default&#8221; custom_padding=&#8221;6px||13px||false|false&#8221; custom_padding_tablet=&#8221;&#8221; custom_padding_phone=&#8221;4px||||false|false&#8221; disabled=&#8221;on&#8221; global_colors_info=&#8221;{}&#8221;][et_pb_row column_structure=&#8221;1_5,1_5,1_5,1_5,1_5&#8243; _builder_version=&#8221;4.23.4&#8243; _module_preset=&#8221;3d512509-03f4-49c0-8c71-b925738b3ceb&#8221; width=&#8221;100%&#8221; border_width_bottom=&#8221;3px&#8221; locked=&#8221;off&#8221; global_colors_info=&#8221;{}&#8221;][et_pb_column type=&#8221;1_5&#8243; _builder_version=&#8221;4.16&#8243; _module_preset=&#8221;e538b53d-81a0-4dcd-bf4e-c24ed5e01d9e&#8221; background_enable_image=&#8221;off&#8221; link_option_url=&#8221;#esport-salut-platja&#8221; border_color_bottom=&#8221;#ffffff&#8221; border_width_all_tablet=&#8221;&#8221; border_width_all_phone=&#8221;0px&#8221; border_width_all_last_edited=&#8221;on|phone&#8221; border_width_bottom_tablet=&#8221;&#8221; border_width_bottom_phone=&#8221;4px&#8221; border_width_bottom_last_edited=&#8221;on|phone&#8221; global_colors_info=&#8221;{}&#8221;][et_pb_text disabled_on=&#8221;off|off|off&#8221; _builder_version=&#8221;4.16&#8243; _module_preset=&#8221;75670887-6b9a-4e62-853f-184f90d66ac5&#8243; background_color_gradient_stops=&#8221;rgba(47,140,114,0) 0%|#29c4a9 100%&#8221; background_color_gradient_start=&#8221;rgba(47,140,114,0)&#8221; background_image=&#8221;https:\/\/elvendrellturisme.dms3labs.cat\/wp-content\/uploads\/11-gimnastica-a-la-platja-scaled.jpg&#8221; global_colors_info=&#8221;{}&#8221; background_image__hover=&#8221;https:\/\/elvendrellturisme.dms3labs.cat\/wp-content\/uploads\/11-gimnastica-a-la-platja-scaled.jpg&#8221;]<\/p>\n<h2>Deporte y salud en la playa<\/h2>\n<p>[\/et_pb_text][\/et_pb_column][et_pb_column type=&#8221;1_5&#8243; _builder_version=&#8221;4.16&#8243; _module_preset=&#8221;3948c57f-bd1b-4d4b-8c9a-0d8828761a16&#8243; link_option_url=&#8221;#marxa-nordica&#8221; border_color_bottom=&#8221;#ffffff&#8221; border_width_bottom_tablet=&#8221;&#8221; border_width_bottom_phone=&#8221;4px&#8221; border_width_bottom_last_edited=&#8221;on|phone&#8221; global_colors_info=&#8221;{}&#8221;][et_pb_text _builder_version=&#8221;4.16&#8243; _module_preset=&#8221;75670887-6b9a-4e62-853f-184f90d66ac5&#8243; background_image=&#8221;https:\/\/elvendrellturisme.dms3labs.cat\/wp-content\/uploads\/20210130-100647-scaled.jpg&#8221; global_colors_info=&#8221;{}&#8221; background_image__hover=&#8221;https:\/\/elvendrellturisme.dms3labs.cat\/wp-content\/uploads\/20210130-100647-scaled.jpg&#8221;]<\/p>\n<h2>Marcha n\u00f3rdica<\/h2>\n<p>[\/et_pb_text][\/et_pb_column][et_pb_column type=&#8221;1_5&#8243; _builder_version=&#8221;4.16&#8243; _module_preset=&#8221;c01bc4ba-52d4-4a48-a1cb-40de7dfd5c74&#8243; link_option_url=&#8221;#rutas-saludables&#8221; border_width_right=&#8221;2px&#8221; border_color_bottom=&#8221;rgba(0,0,0,0)&#8221; border_width_right_tablet=&#8221;&#8221; border_width_right_phone=&#8221;0px&#8221; border_width_right_last_edited=&#8221;on|phone&#8221; border_width_bottom_tablet=&#8221;&#8221; border_width_bottom_phone=&#8221;4px&#8221; border_width_bottom_last_edited=&#8221;on|phone&#8221; global_colors_info=&#8221;{}&#8221;][et_pb_text _builder_version=&#8221;4.16&#8243; _module_preset=&#8221;75670887-6b9a-4e62-853f-184f90d66ac5&#8243; background_image=&#8221;https:\/\/elvendrellturisme.dms3labs.cat\/wp-content\/uploads\/whatsapp-image-2021-08-07-at-145211.jpeg&#8221; link_option_url=&#8221;#rutas-saludables&#8221; global_colors_info=&#8221;{}&#8221; background_image__hover=&#8221;https:\/\/elvendrellturisme.dms3labs.cat\/wp-content\/uploads\/whatsapp-image-2021-08-07-at-145211.jpeg&#8221;]<\/p>\n<h2>Rutas saludables<\/h2>\n<p>[\/et_pb_text][\/et_pb_column][et_pb_column type=&#8221;1_5&#8243; _builder_version=&#8221;4.16&#8243; _module_preset=&#8221;c01bc4ba-52d4-4a48-a1cb-40de7dfd5c74&#8243; link_option_url=&#8221;#aula-aquatica&#8221; border_width_right=&#8221;2px&#8221; border_color_bottom=&#8221;#ffffff&#8221; border_width_right_tablet=&#8221;&#8221; border_width_right_phone=&#8221;0px&#8221; border_width_right_last_edited=&#8221;on|phone&#8221; border_width_bottom_tablet=&#8221;&#8221; border_width_bottom_phone=&#8221;4px&#8221; border_width_bottom_last_edited=&#8221;on|phone&#8221; global_colors_info=&#8221;{}&#8221;][et_pb_text _builder_version=&#8221;4.16&#8243; _module_preset=&#8221;75670887-6b9a-4e62-853f-184f90d66ac5&#8243; background_color_gradient_stops=&#8221;rgba(0,0,0,0) 0%|#73b3e8 100%&#8221; background_color_gradient_start=&#8221;rgba(0,0,0,0)&#8221; background_color_gradient_end=&#8221;#73b3e8&#8243; background_image=&#8221;https:\/\/elvendrellturisme.dms3labs.cat\/wp-content\/uploads\/217439755-2506583949485134-5185114884277185854-n.jpg&#8221; background_position=&#8221;center&#8221; global_colors_info=&#8221;{}&#8221; background_image__hover=&#8221;https:\/\/elvendrellturisme.dms3labs.cat\/wp-content\/uploads\/217439755-2506583949485134-5185114884277185854-n.jpg&#8221;]<\/p>\n<h2>Aula acu\u00e1tica<\/h2>\n<p>[\/et_pb_text][\/et_pb_column][et_pb_column type=&#8221;1_5&#8243; _builder_version=&#8221;4.16&#8243; _module_preset=&#8221;c01bc4ba-52d4-4a48-a1cb-40de7dfd5c74&#8243; link_option_url=&#8221;#activitats-familiars&#8221; border_width_top_tablet=&#8221;&#8221; border_width_top_phone=&#8221;4px&#8221; border_width_top_last_edited=&#8221;on|phone&#8221; border_color_top_tablet=&#8221;&#8221; border_color_top_phone=&#8221;#ffffff&#8221; border_color_top_last_edited=&#8221;on|phone&#8221; global_colors_info=&#8221;{}&#8221;][et_pb_text _builder_version=&#8221;4.16&#8243; _module_preset=&#8221;75670887-6b9a-4e62-853f-184f90d66ac5&#8243; background_image=&#8221;https:\/\/elvendrellturisme.dms3labs.cat\/wp-content\/uploads\/jornades-mediambientals-el-vendrell.jpeg&#8221; global_colors_info=&#8221;{}&#8221; background_image__hover=&#8221;https:\/\/elvendrellturisme.dms3labs.cat\/wp-content\/uploads\/jornades-mediambientals-el-vendrell.jpeg&#8221;]<\/p>\n<h2>Actividades familiares<\/h2>\n<p>[\/et_pb_text][\/et_pb_column][\/et_pb_row][\/et_pb_section][et_pb_section fb_built=&#8221;1&#8243; disabled_on=&#8221;on|on|on&#8221; module_id=&#8221;esport-salut-platja&#8221; _builder_version=&#8221;4.16&#8243; _module_preset=&#8221;default&#8221; custom_padding=&#8221;||0px|||&#8221; disabled=&#8221;on&#8221; global_colors_info=&#8221;{}&#8221;][et_pb_row _builder_version=&#8221;4.16&#8243; _module_preset=&#8221;default&#8221; global_colors_info=&#8221;{}&#8221;][et_pb_column type=&#8221;4_4&#8243; _builder_version=&#8221;4.16&#8243; _module_preset=&#8221;default&#8221; global_colors_info=&#8221;{}&#8221;][et_pb_text _builder_version=&#8221;4.16&#8243; _module_preset=&#8221;68ea58d1-0a0d-4ff7-85ee-f9cbe626b1ec&#8221; global_colors_info=&#8221;{}&#8221;]<\/p>\n<h2>Deporte y salud en la playa<\/h2>\n<p>[\/et_pb_text][et_pb_text _builder_version=&#8221;4.16&#8243; _module_preset=&#8221;default&#8221; global_colors_info=&#8221;{}&#8221;]<\/p>\n<p><span class=\"VIiyi\" lang=\"es\"><span class=\"JLqJ4b ChMk0b\" data-language-for-alternatives=\"es\" data-language-to-translate-into=\"ca\" data-phrase-index=\"0\">Deporte y<\/span> <span class=\"JLqJ4b ChMk0b\" data-language-for-alternatives=\"es\" data-language-to-translate-into=\"ca\" data-phrase-index=\"1\">salud<\/span> <span class=\"JLqJ4b ChMk0b\" data-language-for-alternatives=\"es\" data-language-to-translate-into=\"ca\" data-phrase-index=\"2\">en la playa<\/span> <span class=\"JLqJ4b ChMk0b\" data-language-for-alternatives=\"es\" data-language-to-translate-into=\"ca\" data-phrase-index=\"3\">son unas<\/span> <span class=\"JLqJ4b ChMk0b\" data-language-for-alternatives=\"es\" data-language-to-translate-into=\"ca\" data-phrase-index=\"4\">actividades<\/span> <span class=\"JLqJ4b ChMk0b\" data-language-for-alternatives=\"es\" data-language-to-translate-into=\"ca\" data-phrase-index=\"5\">donde los<\/span> <span class=\"JLqJ4b ChMk0b\" data-language-for-alternatives=\"es\" data-language-to-translate-into=\"ca\" data-phrase-index=\"6\">ciudadanos<\/span> <span class=\"JLqJ4b ChMk0b\" data-language-for-alternatives=\"es\" data-language-to-translate-into=\"ca\" data-phrase-index=\"7\">y los visitantes del<\/span> <span class=\"JLqJ4b ChMk0b\" data-language-for-alternatives=\"es\" data-language-to-translate-into=\"ca\" data-phrase-index=\"8\">Vendrell<\/span> <span class=\"JLqJ4b ChMk0b\" data-language-for-alternatives=\"es\" data-language-to-translate-into=\"ca\" data-phrase-index=\"9\">pueden<\/span> <span class=\"JLqJ4b ChMk0b\" data-language-for-alternatives=\"es\" data-language-to-translate-into=\"ca\" data-phrase-index=\"10\">disfrutar de la pr\u00e1ctica<\/span> <span class=\"JLqJ4b ChMk0b\" data-language-for-alternatives=\"es\" data-language-to-translate-into=\"ca\" data-phrase-index=\"11\">deportiva<\/span><span class=\"JLqJ4b ChMk0b\" data-language-for-alternatives=\"es\" data-language-to-translate-into=\"ca\" data-phrase-index=\"12\">,<\/span> <span class=\"JLqJ4b ChMk0b\" data-language-for-alternatives=\"es\" data-language-to-translate-into=\"ca\" data-phrase-index=\"13\">de actividad f\u00edsica y<\/span> <span class=\"JLqJ4b ChMk0b\" data-language-for-alternatives=\"es\" data-language-to-translate-into=\"ca\" data-phrase-index=\"14\">de experiencias<\/span> <span class=\"JLqJ4b ChMk0b\" data-language-for-alternatives=\"es\" data-language-to-translate-into=\"ca\" data-phrase-index=\"15\">enriquecedoras<\/span> <span class=\"JLqJ4b ChMk0b\" data-language-for-alternatives=\"es\" data-language-to-translate-into=\"ca\" data-phrase-index=\"16\">haciendo<\/span> <span class=\"JLqJ4b ChMk0b\" data-language-for-alternatives=\"es\" data-language-to-translate-into=\"ca\" data-phrase-index=\"17\">salud.<\/span><\/span><\/p>\n<p>[\/et_pb_text][et_pb_divider show_divider=&#8221;off&#8221; _builder_version=&#8221;4.16&#8243; _module_preset=&#8221;default&#8221; background_image=&#8221;https:\/\/elvendrellturisme.dms3labs.cat\/wp-content\/uploads\/11-gimnastica-a-la-platja-scaled.jpg&#8221; min_height=&#8221;25vh&#8221; custom_margin=&#8221;||44px|||&#8221; custom_padding=&#8221;||48px|||&#8221; box_shadow_style=&#8221;preset2&#8243; global_colors_info=&#8221;{}&#8221;][\/et_pb_divider][\/et_pb_column][\/et_pb_row][\/et_pb_section][et_pb_section fb_built=&#8221;1&#8243; disabled_on=&#8221;on|on|on&#8221; _builder_version=&#8221;4.16&#8243; _module_preset=&#8221;default&#8221; background_color=&#8221;#ffffff&#8221; disabled=&#8221;on&#8221; locked=&#8221;off&#8221; global_colors_info=&#8221;{}&#8221;][et_pb_row column_structure=&#8221;2_5,3_5&#8243; make_equal=&#8221;on&#8221; _builder_version=&#8221;4.16&#8243; _module_preset=&#8221;default&#8221; global_colors_info=&#8221;{}&#8221;][et_pb_column type=&#8221;2_5&#8243; _builder_version=&#8221;4.16&#8243; _module_preset=&#8221;default&#8221; background_color=&#8221;#FFFFFF&#8221; custom_padding=&#8221;25px|25px|25px|25px|false|false&#8221; border_width_all=&#8221;1px&#8221; border_color_all=&#8221;#2A7BBF&#8221; box_shadow_style=&#8221;preset1&#8243; global_colors_info=&#8221;{}&#8221;][et_pb_text _builder_version=&#8221;4.16&#8243; _module_preset=&#8221;18e5c8b2-7d4a-4c62-92e3-d6b6ddee313e&#8221; border_color_all=&#8221;#535C60&#8243; global_colors_info=&#8221;{}&#8221;]<\/p>\n<h3>Informaci\u00f3n y reservas<\/h3>\n<p>[\/et_pb_text][et_pb_button button_url=&#8221;#agenda&#8221; button_text=&#8221;Ver agenda&#8221; button_alignment=&#8221;center&#8221; _builder_version=&#8221;4.16&#8243; _module_preset=&#8221;default&#8221; custom_button=&#8221;on&#8221; button_text_size=&#8221;13px&#8221; button_border_width=&#8221;0px&#8221; button_font=&#8221;|||on|||||&#8221; button_icon=&#8221;&#x4c;||divi||400&#8243; button_icon_placement=&#8221;left&#8221; button_on_hover=&#8221;off&#8221; custom_margin=&#8221;-10px||2px||false|false&#8221; custom_padding=&#8221;||12px|||&#8221; locked=&#8221;off&#8221; global_colors_info=&#8221;{}&#8221; button_bg_color__hover_enabled=&#8221;on|hover&#8221; button_bg_color__hover=&#8221;RGBA(0,0,0,0)&#8221; button_bg_enable_color__hover=&#8221;on&#8221;][\/et_pb_button][et_pb_blurb use_icon=&#8221;on&#8221; font_icon=&#8221;&#xe060;||divi||400&#8243; icon_color=&#8221;#73B3E8&#8243; icon_placement=&#8221;left&#8221; image_icon_width=&#8221;28px&#8221; _builder_version=&#8221;4.16&#8243; _module_preset=&#8221;default&#8221; width=&#8221;100%&#8221; custom_margin=&#8221;||10px||false|false&#8221; icon_font_size=&#8221;28px&#8221; global_colors_info=&#8221;{}&#8221;]<\/p>\n<ul>\n<li>Coste: 1\u20ac por actividad.<\/li>\n<li>Llevar toalla y agua.<\/li>\n<li>No es necesaria reserva previa.<\/li>\n<\/ul>\n<p>[\/et_pb_blurb][et_pb_blurb image=&#8221;https:\/\/elvendrellturisme.dms3labs.cat\/wp-content\/uploads\/copia-de-copia-de-el-vendrell-web.jpg&#8221; alt=&#8221;whatsapp marcha n\u00f3rdica en el vendrell&#8221; icon_placement=&#8221;left&#8221; _builder_version=&#8221;4.16&#8243; _module_preset=&#8221;default&#8221; width=&#8221;100%&#8221; custom_margin=&#8221;||10px||false|false&#8221; global_colors_info=&#8221;{}&#8221;]<\/p>\n<p><a href=\"https:\/\/wa.me\/+34670019171\" data-mce-href=\"https:\/\/wa.me\/+34670019171\" data-mce- target=\"_blank\" rel=\"noopener\">670 019 171<\/a><br data-mce-bogus=\"1\"><\/p>\n<p>[\/et_pb_blurb][\/et_pb_column][et_pb_column type=&#8221;3_5&#8243; _builder_version=&#8221;4.16&#8243; _module_preset=&#8221;default&#8221; background_image=&#8221;https:\/\/elvendrellturisme.dms3labs.cat\/wp-content\/uploads\/79bf3355-a689-47bf-8723-955eeeefa259-1.jpg&#8221; background_enable_video_mp4=&#8221;off&#8221; box_shadow_style=&#8221;preset1&#8243; global_colors_info=&#8221;{}&#8221;][\/et_pb_column][\/et_pb_row][et_pb_row column_structure=&#8221;1_2,1_2&#8243; _builder_version=&#8221;4.16&#8243; _module_preset=&#8221;default&#8221; global_colors_info=&#8221;{}&#8221;][et_pb_column type=&#8221;1_2&#8243; _builder_version=&#8221;4.16&#8243; _module_preset=&#8221;default&#8221; global_colors_info=&#8221;{}&#8221;][et_pb_image src=&#8221;https:\/\/elvendrellturisme.dms3labs.cat\/wp-content\/uploads\/maig-a-juny.jpg&#8221; title_text=&#8221;ruta-guimera&#8221; _builder_version=&#8221;4.23.4&#8243; _module_preset=&#8221;default&#8221; custom_padding=&#8221;|10px|||false|false&#8221; custom_css_main_element=&#8221;margin-bottom: 10px!important;&#8221; global_colors_info=&#8221;{}&#8221;][\/et_pb_image][\/et_pb_column][et_pb_column type=&#8221;1_2&#8243; _builder_version=&#8221;4.16&#8243; _module_preset=&#8221;default&#8221; background_enable_image=&#8221;off&#8221; global_colors_info=&#8221;{}&#8221;][et_pb_image src=&#8221;https:\/\/elvendrellturisme.dms3labs.cat\/wp-content\/uploads\/activitats-saludables.jpg&#8221; title_text=&#8221;ruta-guimera&#8221; _builder_version=&#8221;4.16&#8243; _module_preset=&#8221;default&#8221; custom_padding=&#8221;|10px|||false|false&#8221; custom_css_main_element=&#8221;margin-bottom: 10px!important;&#8221; global_colors_info=&#8221;{}&#8221;][\/et_pb_image][\/et_pb_column][\/et_pb_row][\/et_pb_section][et_pb_section fb_built=&#8221;1&#8243; disabled_on=&#8221;on|on|on&#8221; module_id=&#8221;marxa-nordica&#8221; _builder_version=&#8221;4.16&#8243; _module_preset=&#8221;default&#8221; background_color=&#8221;rgba(194,227,241,0.2)&#8221; custom_padding=&#8221;||0px||false|false&#8221; disabled=&#8221;on&#8221; global_colors_info=&#8221;{}&#8221;][et_pb_row column_structure=&#8221;2_5,3_5&#8243; _builder_version=&#8221;4.16&#8243; _module_preset=&#8221;default&#8221; global_colors_info=&#8221;{}&#8221;][et_pb_column type=&#8221;2_5&#8243; _builder_version=&#8221;4.16&#8243; _module_preset=&#8221;default&#8221; global_colors_info=&#8221;{}&#8221;][et_pb_text _builder_version=&#8221;4.16&#8243; _module_preset=&#8221;68ea58d1-0a0d-4ff7-85ee-f9cbe626b1ec&#8221; header_text_align=&#8221;left&#8221; header_2_text_align=&#8221;right&#8221; global_colors_info=&#8221;{}&#8221;]<\/p>\n<h2 style=\"text-align: left;\" data-mce-style=\"text-align: left;\">Marcha n\u00f3rdica<\/h2>\n<p>[\/et_pb_text][et_pb_text _builder_version=&#8221;4.16&#8243; _module_preset=&#8221;default&#8221; global_colors_info=&#8221;{}&#8221;]<\/p>\n<p>La marcha n\u00f3rdica es una actividad f\u00edsica aer\u00f3bica muy agradable y f\u00e1cil de practicar que incorpora unos bastones similares a los utilizados en el esqu\u00ed de fondo. La marcha n\u00f3rdica es mucho m\u00e1s efectiva que caminar: act\u00faa de forma suave, pero eficaz, mejora la fuerza muscular y tonifica los m\u00fasculos; adem\u00e1s, activa el sistema cardiovascular y repercute de manera directa en la coordinaci\u00f3n y la movilidad.<\/p>\n<p>[\/et_pb_text][et_pb_divider show_divider=&#8221;off&#8221; _builder_version=&#8221;4.16&#8243; _module_preset=&#8221;default&#8221; background_image=&#8221;https:\/\/elvendrellturisme.dms3labs.cat\/wp-content\/uploads\/whatsapp-image-2023-11-20-at-114313.jpeg&#8221; min_height=&#8221;36vh&#8221; custom_margin=&#8221;15px|||||&#8221; box_shadow_style=&#8221;preset2&#8243; global_colors_info=&#8221;{}&#8221;][\/et_pb_divider][\/et_pb_column][et_pb_column type=&#8221;3_5&#8243; _builder_version=&#8221;4.16&#8243; _module_preset=&#8221;default&#8221; background_enable_image=&#8221;off&#8221; global_colors_info=&#8221;{}&#8221;][et_pb_image src=&#8221;https:\/\/elvendrellturisme.dms3labs.cat\/wp-content\/uploads\/marxa-nordica-coma-ruga-roc-stgaieta-cat-5.jpg&#8221; title_text=&#8221;ruta-guimera&#8221; _builder_version=&#8221;4.23.4&#8243; _module_preset=&#8221;default&#8221; custom_padding=&#8221;|10px|||false|false&#8221; custom_css_main_element=&#8221;margin-bottom: 10px!important;&#8221; global_colors_info=&#8221;{}&#8221;][\/et_pb_image][\/et_pb_column][\/et_pb_row][\/et_pb_section][et_pb_section fb_built=&#8221;1&#8243; disabled_on=&#8221;on|on|on&#8221; module_id=&#8221;rutas-saludables&#8221; _builder_version=&#8221;4.23.4&#8243; _module_preset=&#8221;default&#8221; background_color=&#8221;rgba(194,227,241,0.2)&#8221; custom_padding=&#8221;||||false|false&#8221; disabled=&#8221;on&#8221; locked=&#8221;off&#8221; global_colors_info=&#8221;{}&#8221;][et_pb_row column_structure=&#8221;2_5,3_5&#8243; make_equal=&#8221;on&#8221; custom_padding_last_edited=&#8221;on|phone&#8221; _builder_version=&#8221;4.16&#8243; _module_preset=&#8221;default&#8221; custom_margin=&#8221;|auto|38px|auto||&#8221; custom_padding=&#8221;|||0px|false|false&#8221; custom_padding_tablet=&#8221;0px||||false|false&#8221; custom_padding_phone=&#8221;&#8221; global_colors_info=&#8221;{}&#8221;][et_pb_column type=&#8221;2_5&#8243; _builder_version=&#8221;4.16&#8243; _module_preset=&#8221;default&#8221; background_color=&#8221;#FFFFFF&#8221; custom_padding=&#8221;25px|25px|25px|25px|false|false&#8221; border_width_all=&#8221;1px&#8221; border_color_all=&#8221;#2A7BBF&#8221; box_shadow_style=&#8221;preset1&#8243; global_colors_info=&#8221;{}&#8221;][et_pb_text _builder_version=&#8221;4.16&#8243; _module_preset=&#8221;18e5c8b2-7d4a-4c62-92e3-d6b6ddee313e&#8221; border_color_all=&#8221;#535C60&#8243; global_colors_info=&#8221;{}&#8221;]<\/p>\n<h3>Informaci\u00f3n y reservas<\/h3>\n<p>[\/et_pb_text][et_pb_blurb title=&#8221;MARCHA N\u00d3RDICA DE COMA-RUGA AL ROC DE ST. GAIET\u00c0&#8221; use_icon=&#8221;on&#8221; font_icon=&#8221;&#xe023;||divi||400&#8243; icon_color=&#8221;#73B3E8&#8243; icon_placement=&#8221;left&#8221; image_icon_width=&#8221;28px&#8221; _builder_version=&#8221;4.23.4&#8243; _module_preset=&#8221;default&#8221; width=&#8221;100%&#8221; custom_margin=&#8221;||10px||false|false&#8221; icon_font_size=&#8221;28px&#8221; global_colors_info=&#8221;{}&#8221;][\/et_pb_blurb][et_pb_button button_url=&#8221;#agenda&#8221; button_text=&#8221;Ver agenda&#8221; button_alignment=&#8221;center&#8221; _builder_version=&#8221;4.16&#8243; _module_preset=&#8221;default&#8221; custom_button=&#8221;on&#8221; button_text_size=&#8221;13px&#8221; button_border_width=&#8221;0px&#8221; button_font=&#8221;|||on|||||&#8221; button_icon=&#8221;&#x4c;||divi||400&#8243; button_icon_placement=&#8221;left&#8221; button_on_hover=&#8221;off&#8221; custom_margin=&#8221;-5px||2px||false|false&#8221; custom_padding=&#8221;6px|||||&#8221; locked=&#8221;off&#8221; global_colors_info=&#8221;{}&#8221; button_bg_color__hover_enabled=&#8221;on|hover&#8221; button_bg_color__hover=&#8221;RGBA(0,0,0,0)&#8221; button_bg_enable_color__hover=&#8221;on&#8221;][\/et_pb_button][et_pb_blurb use_icon=&#8221;on&#8221; font_icon=&#8221;&#x70;||divi||400&#8243; icon_color=&#8221;#73B3E8&#8243; icon_placement=&#8221;left&#8221; image_icon_width=&#8221;28px&#8221; _builder_version=&#8221;4.16&#8243; _module_preset=&#8221;default&#8221; width=&#8221;100%&#8221; custom_margin=&#8221;||10px||false|false&#8221; icon_font_size=&#8221;28px&#8221; global_colors_info=&#8221;{}&#8221;]<\/p>\n<ul>\n<li><span class=\"HwtZe\" jsaction=\"mouseup:Sxi9L,BR6jm; mousedown:qjlr0e\" jsname=\"jqKxS\" lang=\"ca\"><span jsaction=\"agoMJf:PFBcW;MZfLnc:P7O7bd;nt4Alf:pvnm0e,pfE8Hb,PFBcW;B01qod:dJXsye;H1e5u:iXtTIf;lYIUJf:hij5Wb;bmeZHc:iURhpf;Oxj3Xe:qAKMYb,yaf12d\" jsname=\"txFAF\" class=\"jCAhz ChMk0b\" jscontroller=\"Gn4SMb\"><span class=\"ryNqvb\" jsaction=\"click:E6Tfl,GFf3ac,tMZCfe; contextmenu:Nqw7Te,QP7LD; mouseout:Nqw7Te; mouseover:E6Tfl,c2aHje\" jsname=\"W297wb\">Bastones de marcha n\u00f3rdica de pr\u00e9stamo incluidos.<\/span><\/span><span jsaction=\"agoMJf:PFBcW;MZfLnc:P7O7bd;nt4Alf:pvnm0e,pfE8Hb,PFBcW;B01qod:dJXsye;H1e5u:iXtTIf;lYIUJf:hij5Wb;bmeZHc:iURhpf;Oxj3Xe:qAKMYb,yaf12d\" jsname=\"txFAF\" class=\"jCAhz\" jscontroller=\"Gn4SMb\"><span class=\"ryNqvb\" jsaction=\"click:E6Tfl,GFf3ac,tMZCfe; contextmenu:Nqw7Te,QP7LD; mouseout:Nqw7Te; mouseover:E6Tfl,c2aHje\" jsname=\"W297wb\"> <\/span><\/span><\/span><\/li>\n<li><span class=\"HwtZe\" jsaction=\"mouseup:Sxi9L,BR6jm; mousedown:qjlr0e\" jsname=\"jqKxS\" lang=\"ca\"><span jsaction=\"agoMJf:PFBcW;MZfLnc:P7O7bd;nt4Alf:pvnm0e,pfE8Hb,PFBcW;B01qod:dJXsye;H1e5u:iXtTIf;lYIUJf:hij5Wb;bmeZHc:iURhpf;Oxj3Xe:qAKMYb,yaf12d\" jsname=\"txFAF\" class=\"jCAhz ChMk0b\" jscontroller=\"Gn4SMb\"><span class=\"ryNqvb\" jsaction=\"click:E6Tfl,GFf3ac,tMZCfe; contextmenu:Nqw7Te,QP7LD; mouseout:Nqw7Te; mouseover:E6Tfl,c2aHje\" jsname=\"W297wb\">Recomendable llevar agua y calzado deportivo.<\/span><\/span><span jsaction=\"agoMJf:PFBcW;MZfLnc:P7O7bd;nt4Alf:pvnm0e,pfE8Hb,PFBcW;B01qod:dJXsye;H1e5u:iXtTIf;lYIUJf:hij5Wb;bmeZHc:iURhpf;Oxj3Xe:qAKMYb,yaf12d\" jsname=\"txFAF\" class=\"jCAhz\" jscontroller=\"Gn4SMb\"><span class=\"ryNqvb\" jsaction=\"click:E6Tfl,GFf3ac,tMZCfe; contextmenu:Nqw7Te,QP7LD; mouseout:Nqw7Te; mouseover:E6Tfl,c2aHje\" jsname=\"W297wb\"> <\/span><\/span><\/span><\/li>\n<li><span class=\"HwtZe\" jsaction=\"mouseup:Sxi9L,BR6jm; mousedown:qjlr0e\" jsname=\"jqKxS\" lang=\"ca\"><span jsaction=\"agoMJf:PFBcW;MZfLnc:P7O7bd;nt4Alf:pvnm0e,pfE8Hb,PFBcW;B01qod:dJXsye;H1e5u:iXtTIf;lYIUJf:hij5Wb;bmeZHc:iURhpf;Oxj3Xe:qAKMYb,yaf12d\" jsname=\"txFAF\" class=\"jCAhz ChMk0b\" jscontroller=\"Gn4SMb\"><span class=\"ryNqvb\" jsaction=\"click:E6Tfl,GFf3ac,tMZCfe; contextmenu:Nqw7Te,QP7LD; mouseout:Nqw7Te; mouseover:E6Tfl,c2aHje\" jsname=\"W297wb\">Plazas limitadas a 15 personas.<\/span><\/span><span jsaction=\"agoMJf:PFBcW;MZfLnc:P7O7bd;nt4Alf:pvnm0e,pfE8Hb,PFBcW;B01qod:dJXsye;H1e5u:iXtTIf;lYIUJf:hij5Wb;bmeZHc:iURhpf;Oxj3Xe:qAKMYb,yaf12d\" jsname=\"txFAF\" class=\"jCAhz\" jscontroller=\"Gn4SMb\"><span class=\"ryNqvb\" jsaction=\"click:E6Tfl,GFf3ac,tMZCfe; contextmenu:Nqw7Te,QP7LD; mouseout:Nqw7Te; mouseover:E6Tfl,c2aHje\" jsname=\"W297wb\"> <\/span><\/span><\/span><\/li>\n<li><span class=\"HwtZe\" jsaction=\"mouseup:Sxi9L,BR6jm; mousedown:qjlr0e\" jsname=\"jqKxS\" lang=\"ca\"><span jsaction=\"agoMJf:PFBcW;MZfLnc:P7O7bd;nt4Alf:pvnm0e,pfE8Hb,PFBcW;B01qod:dJXsye;H1e5u:iXtTIf;lYIUJf:hij5Wb;bmeZHc:iURhpf;Oxj3Xe:qAKMYb,yaf12d\" jsname=\"txFAF\" class=\"jCAhz ChMk0b\" jscontroller=\"Gn4SMb\"><span class=\"ryNqvb\" jsaction=\"click:E6Tfl,GFf3ac,tMZCfe; contextmenu:Nqw7Te,QP7LD; mouseout:Nqw7Te; mouseover:E6Tfl,c2aHje\" jsname=\"W297wb\">Es necesario realizar reserva previa.<\/span><\/span><\/span><\/li>\n<\/ul>\n<p>[\/et_pb_blurb][et_pb_blurb use_icon=&#8221;on&#8221; font_icon=&#8221;&#xe06b;||divi||400&#8243; icon_color=&#8221;#73B3E8&#8243; icon_placement=&#8221;left&#8221; image_icon_width=&#8221;28px&#8221; _builder_version=&#8221;4.23.4&#8243; _module_preset=&#8221;default&#8221; width=&#8221;100%&#8221; custom_margin=&#8221;11px||10px||false|false&#8221; icon_font_size=&#8221;28px&#8221; global_colors_info=&#8221;{}&#8221;]<\/p>\n<p>8.00 h<\/p>\n<p>[\/et_pb_blurb][et_pb_blurb use_icon=&#8221;on&#8221; font_icon=&#8221;&#xe0ed;||divi||400&#8243; icon_color=&#8221;#73B3E8&#8243; icon_placement=&#8221;left&#8221; image_icon_width=&#8221;28px&#8221; _builder_version=&#8221;4.16&#8243; _module_preset=&#8221;default&#8221; width=&#8221;100%&#8221; custom_margin=&#8221;11px||10px||false|false&#8221; icon_font_size=&#8221;28px&#8221; global_colors_info=&#8221;{}&#8221;]<\/p>\n<p>Coste de la actividad: 1 \u20ac<\/p>\n<p>[\/et_pb_blurb][et_pb_blurb image=&#8221;https:\/\/elvendrellturisme.dms3labs.cat\/wp-content\/uploads\/copia-de-copia-de-el-vendrell-web.jpg&#8221; alt=&#8221;whatsapp marcha n\u00f3rdica en el vendrell&#8221; icon_placement=&#8221;left&#8221; _builder_version=&#8221;4.16&#8243; _module_preset=&#8221;default&#8221; width=&#8221;100%&#8221; custom_margin=&#8221;||10px||false|false&#8221; global_colors_info=&#8221;{}&#8221;]<\/p>\n<p><a href=\"https:\/\/wa.me\/+34670019171\" data-mce-href=\"https:\/\/wa.me\/+34670019171\" data-mce- target=\"_blank\" rel=\"noopener\">670 019 171<\/a><br data-mce-bogus=\"1\"><\/p>\n<p>[\/et_pb_blurb][et_pb_blurb use_icon=&#8221;on&#8221; font_icon=&#8221;&#xe076;||divi||400&#8243; icon_color=&#8221;#73B3E8&#8243; icon_placement=&#8221;left&#8221; image_icon_width=&#8221;28px&#8221; _builder_version=&#8221;4.23.4&#8243; _module_preset=&#8221;default&#8221; width=&#8221;100%&#8221; custom_margin=&#8221;||10px||false|false&#8221; icon_font_size=&#8221;28px&#8221; global_colors_info=&#8221;{}&#8221;]<\/p>\n<p><a href=\"mailto:informacio@elvendrellturistic.com\">informacio@elvendrellturisme.dms3labs.cat<\/a><\/p>\n<p>[\/et_pb_blurb][et_pb_blurb use_icon=&#8221;on&#8221; font_icon=&#8221;&#xe0e3;||divi||400&#8243; icon_color=&#8221;#73B3E8&#8243; icon_placement=&#8221;left&#8221; image_icon_width=&#8221;28px&#8221; disabled_on=&#8221;on|on|on&#8221; _builder_version=&#8221;4.16&#8243; _module_preset=&#8221;default&#8221; width=&#8221;100%&#8221; icon_font_size=&#8221;28px&#8221; disabled=&#8221;on&#8221; global_colors_info=&#8221;{}&#8221;]<\/p>\n<p><a href=\"https:\/\/museusdelvendrell.koobin.com\/casa-nadiua-pau-casals-el-vendrell\" data-mce-href=\"https:\/\/museusdelvendrell.koobin.com\/casa-nadiua-pau-casals-el-vendrell\" data-mce- target=\"_blank\" rel=\"noopener\">Comprar entradas<\/a><br data-mce-bogus=\"1\"><\/p>\n<p>[\/et_pb_blurb][\/et_pb_column][et_pb_column type=&#8221;3_5&#8243; _builder_version=&#8221;4.16&#8243; _module_preset=&#8221;default&#8221; background_enable_image=&#8221;off&#8221; background_size=&#8221;contain&#8221; global_colors_info=&#8221;{}&#8221;][et_pb_image src=&#8221;https:\/\/elvendrellturisme.dms3labs.cat\/wp-content\/uploads\/marxa-nordica-madrigueres-cast-1.jpg&#8221; title_text=&#8221;ruta-guimera&#8221; _builder_version=&#8221;4.16&#8243; _module_preset=&#8221;default&#8221; custom_padding=&#8221;|10px|||false|false&#8221; custom_css_main_element=&#8221;margin-bottom: 10px!important;&#8221; global_colors_info=&#8221;{}&#8221;][\/et_pb_image][\/et_pb_column][\/et_pb_row][et_pb_row custom_padding_last_edited=&#8221;on|tablet&#8221; _builder_version=&#8221;4.16&#8243; _module_preset=&#8221;default&#8221; custom_padding=&#8221;||||false|false&#8221; custom_padding_tablet=&#8221;||0px||false|false&#8221; custom_padding_phone=&#8221;&#8221; global_colors_info=&#8221;{}&#8221;][et_pb_column type=&#8221;4_4&#8243; _builder_version=&#8221;4.16&#8243; _module_preset=&#8221;default&#8221; global_colors_info=&#8221;{}&#8221;][et_pb_text _builder_version=&#8221;4.16&#8243; _module_preset=&#8221;68ea58d1-0a0d-4ff7-85ee-f9cbe626b1ec&#8221; custom_padding=&#8221;|0px||||&#8221; global_colors_info=&#8221;{}&#8221;]<\/p>\n<h2>Rutas saludables<\/h2>\n<p>[\/et_pb_text][et_pb_text _builder_version=&#8221;4.16&#8243; _module_preset=&#8221;default&#8221; global_colors_info=&#8221;{}&#8221;]<\/p>\n<p>Durante todo el a\u00f1o desde Turismo del Vendrell se organizan salidas de senderismo para descubrir los espacios naturales y el patrimonio rural del municipio. Aqu\u00ed iremos actualizando la informaci\u00f3n.<\/p>\n<p>[\/et_pb_text][\/et_pb_column][\/et_pb_row][et_pb_row column_structure=&#8221;2_5,3_5&#8243; make_equal=&#8221;on&#8221; custom_padding_last_edited=&#8221;on|phone&#8221; _builder_version=&#8221;4.16&#8243; _module_preset=&#8221;default&#8221; custom_margin=&#8221;|auto|38px|auto||&#8221; custom_padding=&#8221;|||0px|false|false&#8221; custom_padding_tablet=&#8221;0px||||false|false&#8221; custom_padding_phone=&#8221;&#8221; global_colors_info=&#8221;{}&#8221;][et_pb_column type=&#8221;2_5&#8243; _builder_version=&#8221;4.16&#8243; _module_preset=&#8221;default&#8221; background_color=&#8221;#FFFFFF&#8221; custom_padding=&#8221;25px|25px|25px|25px|false|false&#8221; border_width_all=&#8221;1px&#8221; border_color_all=&#8221;#2A7BBF&#8221; box_shadow_style=&#8221;preset1&#8243; global_colors_info=&#8221;{}&#8221;][et_pb_text _builder_version=&#8221;4.16&#8243; _module_preset=&#8221;18e5c8b2-7d4a-4c62-92e3-d6b6ddee313e&#8221; border_color_all=&#8221;#535C60&#8243; global_colors_info=&#8221;{}&#8221;]<\/p>\n<h3>Informaci\u00f3n y reservas<\/h3>\n<p>[\/et_pb_text][et_pb_button button_url=&#8221;#agenda&#8221; button_text=&#8221;Ver agenda&#8221; button_alignment=&#8221;center&#8221; _builder_version=&#8221;4.16&#8243; _module_preset=&#8221;default&#8221; custom_button=&#8221;on&#8221; button_text_size=&#8221;13px&#8221; button_border_width=&#8221;0px&#8221; button_font=&#8221;|||on|||||&#8221; button_icon=&#8221;&#x4c;||divi||400&#8243; button_icon_placement=&#8221;left&#8221; button_on_hover=&#8221;off&#8221; custom_margin=&#8221;-5px||2px||false|false&#8221; custom_padding=&#8221;6px|||||&#8221; locked=&#8221;off&#8221; global_colors_info=&#8221;{}&#8221; button_bg_color__hover_enabled=&#8221;on|hover&#8221; button_bg_color__hover=&#8221;RGBA(0,0,0,0)&#8221; button_bg_enable_color__hover=&#8221;on&#8221;][\/et_pb_button][et_pb_blurb title=&#8221;RUTA SALUDABLE POR EL ENTORNO RURAL DEL VENDRELL (dificultad f\u00e1cil)&#8221; use_icon=&#8221;on&#8221; font_icon=&#8221;&#x70;||divi||400&#8243; icon_color=&#8221;#73B3E8&#8243; icon_placement=&#8221;left&#8221; image_icon_width=&#8221;28px&#8221; _builder_version=&#8221;4.23.4&#8243; _module_preset=&#8221;default&#8221; width=&#8221;100%&#8221; custom_margin=&#8221;||10px||false|false&#8221; icon_font_size=&#8221;28px&#8221; global_colors_info=&#8221;{}&#8221;]<\/p>\n<ul>\n<li>Recomendable llevar agua y calzado deportivo.<\/li>\n<li>Plazas limitadas a 15 personas.<\/li>\n<li>Es necesario realizar reserva previa.<\/li>\n<\/ul>\n<p>[\/et_pb_blurb][et_pb_blurb use_icon=&#8221;on&#8221; font_icon=&#8221;&#xe06b;||divi||400&#8243; icon_color=&#8221;#73B3E8&#8243; icon_placement=&#8221;left&#8221; image_icon_width=&#8221;28px&#8221; _builder_version=&#8221;4.23.4&#8243; _module_preset=&#8221;default&#8221; width=&#8221;100%&#8221; custom_margin=&#8221;11px||10px||false|false&#8221; icon_font_size=&#8221;28px&#8221; global_colors_info=&#8221;{}&#8221;]<\/p>\n<p>8 h<\/p>\n<p>[\/et_pb_blurb][et_pb_blurb use_icon=&#8221;on&#8221; font_icon=&#8221;&#xe0ed;||divi||400&#8243; icon_color=&#8221;#73B3E8&#8243; icon_placement=&#8221;left&#8221; image_icon_width=&#8221;28px&#8221; _builder_version=&#8221;4.16&#8243; _module_preset=&#8221;default&#8221; width=&#8221;100%&#8221; custom_margin=&#8221;11px||10px||false|false&#8221; icon_font_size=&#8221;28px&#8221; global_colors_info=&#8221;{}&#8221;]<\/p>\n<p>Coste de la actividad: 1 \u20ac<\/p>\n<p>[\/et_pb_blurb][et_pb_blurb use_icon=&#8221;on&#8221; font_icon=&#8221;&#xe081;||divi||400&#8243; icon_color=&#8221;#73B3E8&#8243; icon_placement=&#8221;left&#8221; image_icon_width=&#8221;28px&#8221; _builder_version=&#8221;4.23.4&#8243; _module_preset=&#8221;default&#8221; width=&#8221;100%&#8221; custom_margin=&#8221;11px||10px||false|false&#8221; icon_font_size=&#8221;28px&#8221; global_colors_info=&#8221;{}&#8221;]<\/p>\n<p><a href=\"https:\/\/maps.app.goo.gl\/HpCd3an7yWtQ25di6\" target=\"_blank\" rel=\"noopener\">Antigua Oficina de Turismo<\/a><\/p>\n<p>[\/et_pb_blurb][et_pb_blurb image=&#8221;https:\/\/elvendrellturisme.dms3labs.cat\/wp-content\/uploads\/copia-de-copia-de-el-vendrell-web.jpg&#8221; alt=&#8221;whatsapp marcha n\u00f3rdica en el vendrell&#8221; icon_placement=&#8221;left&#8221; _builder_version=&#8221;4.16&#8243; _module_preset=&#8221;default&#8221; width=&#8221;100%&#8221; custom_margin=&#8221;||10px||false|false&#8221; global_colors_info=&#8221;{}&#8221;]<\/p>\n<p><a href=\"https:\/\/wa.me\/+34670019171\" data-mce-href=\"https:\/\/wa.me\/+34670019171\" data-mce- target=\"_blank\" rel=\"noopener\">670 019 171<\/a><br data-mce-bogus=\"1\"><\/p>\n<p>[\/et_pb_blurb][et_pb_blurb use_icon=&#8221;on&#8221; font_icon=&#8221;&#xe076;||divi||400&#8243; icon_color=&#8221;#73B3E8&#8243; icon_placement=&#8221;left&#8221; image_icon_width=&#8221;28px&#8221; _builder_version=&#8221;4.23.4&#8243; _module_preset=&#8221;default&#8221; width=&#8221;100%&#8221; custom_margin=&#8221;||10px||false|false&#8221; icon_font_size=&#8221;28px&#8221; global_colors_info=&#8221;{}&#8221;]<\/p>\n<p><a href=\"mailto:informacio@elvendrellturistic.com\">informacio@elvendrellturisme.dms3labs.cat<\/a><\/p>\n<p>[\/et_pb_blurb][et_pb_blurb use_icon=&#8221;on&#8221; font_icon=&#8221;&#xe0e3;||divi||400&#8243; icon_color=&#8221;#73B3E8&#8243; icon_placement=&#8221;left&#8221; image_icon_width=&#8221;28px&#8221; disabled_on=&#8221;on|on|on&#8221; _builder_version=&#8221;4.16&#8243; _module_preset=&#8221;default&#8221; width=&#8221;100%&#8221; icon_font_size=&#8221;28px&#8221; disabled=&#8221;on&#8221; global_colors_info=&#8221;{}&#8221;]<\/p>\n<p><a href=\"https:\/\/museusdelvendrell.koobin.com\/casa-nadiua-pau-casals-el-vendrell\" data-mce-href=\"https:\/\/museusdelvendrell.koobin.com\/casa-nadiua-pau-casals-el-vendrell\" data-mce- target=\"_blank\" rel=\"noopener\">Comprar entradas<\/a><br data-mce-bogus=\"1\"><\/p>\n<p>[\/et_pb_blurb][\/et_pb_column][et_pb_column type=&#8221;3_5&#8243; _builder_version=&#8221;4.16&#8243; _module_preset=&#8221;default&#8221; background_enable_image=&#8221;off&#8221; background_size=&#8221;contain&#8221; global_colors_info=&#8221;{}&#8221;][et_pb_image src=&#8221;https:\/\/elvendrellturisme.dms3labs.cat\/wp-content\/uploads\/ruta-entorn-rural-cat-5.jpg&#8221; title_text=&#8221;ruta-guimera&#8221; _builder_version=&#8221;4.23.4&#8243; _module_preset=&#8221;default&#8221; custom_padding=&#8221;|10px|||false|false&#8221; custom_css_main_element=&#8221;margin-bottom: 10px!important;&#8221; global_colors_info=&#8221;{}&#8221;][\/et_pb_image][\/et_pb_column][\/et_pb_row][\/et_pb_section][et_pb_section fb_built=&#8221;1&#8243; disabled_on=&#8221;on|on|on&#8221; module_id=&#8221;aula-aquatica&#8221; _builder_version=&#8221;4.16&#8243; _module_preset=&#8221;default&#8221; background_color=&#8221;rgba(194,227,241,0.2)&#8221; custom_padding=&#8221;||50px|||&#8221; disabled=&#8221;on&#8221; global_colors_info=&#8221;{}&#8221;][et_pb_row column_structure=&#8221;3_5,2_5&#8243; _builder_version=&#8221;4.16&#8243; _module_preset=&#8221;default&#8221; global_colors_info=&#8221;{}&#8221;][et_pb_column type=&#8221;3_5&#8243; _builder_version=&#8221;4.16&#8243; _module_preset=&#8221;default&#8221; global_colors_info=&#8221;{}&#8221;][et_pb_text _builder_version=&#8221;4.16&#8243; _module_preset=&#8221;68ea58d1-0a0d-4ff7-85ee-f9cbe626b1ec&#8221; header_2_text_align=&#8221;left&#8221; global_colors_info=&#8221;{}&#8221;]<\/p>\n<h2>Aula acu\u00e1tica<\/h2>\n<p>[\/et_pb_text][\/et_pb_column][et_pb_column type=&#8221;2_5&#8243; _builder_version=&#8221;4.16&#8243; _module_preset=&#8221;default&#8221; global_colors_info=&#8221;{}&#8221;][\/et_pb_column][\/et_pb_row][et_pb_row column_structure=&#8221;3_5,2_5&#8243; _builder_version=&#8221;4.16&#8243; _module_preset=&#8221;default&#8221; global_colors_info=&#8221;{}&#8221;][et_pb_column type=&#8221;3_5&#8243; _builder_version=&#8221;4.16&#8243; _module_preset=&#8221;default&#8221; global_colors_info=&#8221;{}&#8221;][et_pb_text _builder_version=&#8221;4.16&#8243; _module_preset=&#8221;default&#8221; global_colors_info=&#8221;{}&#8221;]<\/p>\n<p>Los mares y oc\u00e9anos ocupan tres cuartas partes del planeta y, al mismo tiempo, los ecosistemas marinos y litorales presentan una alta biodiversidad y suponen un componente esencial en cuanto a la generaci\u00f3n de actividad econ\u00f3mica y \/ o productiva. En el \u00e1mbito litoral y marino de la provincia de Tarragona, es importante enfatizar y dar visibilidad a la riqueza de la biodiversidad marina de nuestra costa, todo centr\u00e1ndonos en actividades de educaci\u00f3n ambiental y sensibilizaci\u00f3n en torno a la biodiversidad marina que alberga la reserva marina de Mas\u00eda Blanca al Vendrell. Es por ello que la Concejal\u00eda de Turismo del Ayuntamiento de El Vendrell impulsa la iniciativa &#8220;AULA ACU\u00c1TICA DE LA MASIA BLANCA&#8221;, ofreciendo visitas guiadas de snorkeling por la superficie de la reserva marina. Turismo ecol\u00f3gico La Concejal\u00eda de Turismo del Vendrell impusla el proyecto Aula Acu\u00e1tica de la Mas\u00eda Blanca, con el objetivo de abrir su marina de Mas\u00eda Blanca al turismo sostenible, cultural y de naturaleza. En 1999 la Mas\u00eda Blanca se declar\u00f3 reserva marina por su singularidad, por su valor ecol\u00f3gico y por su fragilidad.<\/p>\n<p>[\/et_pb_text][\/et_pb_column][et_pb_column type=&#8221;2_5&#8243; _builder_version=&#8221;4.16&#8243; _module_preset=&#8221;default&#8221; global_colors_info=&#8221;{}&#8221;][et_pb_text _builder_version=&#8221;4.16&#8243; _module_preset=&#8221;default&#8221; global_colors_info=&#8221;{}&#8221;]<\/p>\n<p><strong><span class=\"VIiyi\" lang=\"es\"><span class=\"JLqJ4b ChMk0b\" data-language-for-alternatives=\"es\" data-language-to-translate-into=\"ca\" data-phrase-index=\"0\">\u00a1Te lo<\/span> <span class=\"JLqJ4b ChMk0b\" data-language-for-alternatives=\"es\" data-language-to-translate-into=\"ca\" data-phrase-index=\"1\">preparamos<\/span> <span class=\"JLqJ4b ChMk0b\" data-language-for-alternatives=\"es\" data-language-to-translate-into=\"ca\" data-phrase-index=\"2\">todo!<\/span> <\/span><\/strong><\/p>\n<p><span class=\"VIiyi\" lang=\"es\"><span class=\"JLqJ4b ChMk0b\" data-language-for-alternatives=\"es\" data-language-to-translate-into=\"ca\" data-phrase-index=\"4\">En el Aula<\/span> <span class=\"JLqJ4b ChMk0b\" data-language-for-alternatives=\"es\" data-language-to-translate-into=\"ca\" data-phrase-index=\"5\">Acu\u00e1tica<\/span> <span class=\"JLqJ4b ChMk0b\" data-language-for-alternatives=\"es\" data-language-to-translate-into=\"ca\" data-phrase-index=\"6\">encontrar\u00e1s<\/span> <span class=\"JLqJ4b ChMk0b\" data-language-for-alternatives=\"es\" data-language-to-translate-into=\"ca\" data-phrase-index=\"7\">una exposici\u00f3n<\/span> <span class=\"JLqJ4b ChMk0b\" data-language-for-alternatives=\"es\" data-language-to-translate-into=\"ca\" data-phrase-index=\"8\">divulgativa sobre<\/span> <span class=\"JLqJ4b ChMk0b\" data-language-for-alternatives=\"es\" data-language-to-translate-into=\"ca\" data-phrase-index=\"9\">la reserva<\/span> <span class=\"JLqJ4b ChMk0b\" data-language-for-alternatives=\"es\" data-language-to-translate-into=\"ca\" data-phrase-index=\"10\">marina y<\/span> <span class=\"JLqJ4b ChMk0b\" data-language-for-alternatives=\"es\" data-language-to-translate-into=\"ca\" data-phrase-index=\"11\">un documental<\/span> <span class=\"JLqJ4b ChMk0b\" data-language-for-alternatives=\"es\" data-language-to-translate-into=\"ca\" data-phrase-index=\"12\">en<\/span> <span class=\"JLqJ4b ChMk0b\" data-language-for-alternatives=\"es\" data-language-to-translate-into=\"ca\" data-phrase-index=\"13\">completar\u00e1<\/span> <span class=\"JLqJ4b ChMk0b\" data-language-for-alternatives=\"es\" data-language-to-translate-into=\"ca\" data-phrase-index=\"14\">sus conocimientos<\/span><span class=\"JLqJ4b ChMk0b\" data-language-for-alternatives=\"es\" data-language-to-translate-into=\"ca\" data-phrase-index=\"15\">.<\/span> <span class=\"JLqJ4b ChMk0b\" data-language-for-alternatives=\"es\" data-language-to-translate-into=\"ca\" data-phrase-index=\"16\">Despu\u00e9s<\/span><span class=\"JLqJ4b ChMk0b\" data-language-for-alternatives=\"es\" data-language-to-translate-into=\"ca\" data-phrase-index=\"17\">, podr\u00e1<\/span> <span class=\"JLqJ4b ChMk0b\" data-language-for-alternatives=\"es\" data-language-to-translate-into=\"ca\" data-phrase-index=\"18\">practicar<\/span> <span class=\"JLqJ4b ChMk0b\" data-language-for-alternatives=\"es\" data-language-to-translate-into=\"ca\" data-phrase-index=\"19\">snorkeling en<\/span> <span class=\"JLqJ4b ChMk0b\" data-language-for-alternatives=\"es\" data-language-to-translate-into=\"ca\" data-phrase-index=\"20\">la reserva<\/span> <span class=\"JLqJ4b ChMk0b\" data-language-for-alternatives=\"es\" data-language-to-translate-into=\"ca\" data-phrase-index=\"21\">marina de Mas\u00eda<\/span> <span class=\"JLqJ4b ChMk0b\" data-language-for-alternatives=\"es\" data-language-to-translate-into=\"ca\" data-phrase-index=\"22\">Blanca<\/span> <span class=\"JLqJ4b ChMk0b\" data-language-for-alternatives=\"es\" data-language-to-translate-into=\"ca\" data-phrase-index=\"23\">y disfrutar\u00e1 de un<\/span> <span class=\"JLqJ4b ChMk0b\" data-language-for-alternatives=\"es\" data-language-to-translate-into=\"ca\" data-phrase-index=\"24\">amplio<\/span> <span class=\"JLqJ4b ChMk0b\" data-language-for-alternatives=\"es\" data-language-to-translate-into=\"ca\" data-phrase-index=\"25\">caleidoscopio<\/span> <span class=\"JLqJ4b ChMk0b\" data-language-for-alternatives=\"es\" data-language-to-translate-into=\"ca\" data-phrase-index=\"26\">de flora y<\/span> <span class=\"JLqJ4b ChMk0b\" data-language-for-alternatives=\"es\" data-language-to-translate-into=\"ca\" data-phrase-index=\"27\">fauna<\/span><span class=\"JLqJ4b ChMk0b\" data-language-for-alternatives=\"es\" data-language-to-translate-into=\"ca\" data-phrase-index=\"28\">!<\/span> <span class=\"JLqJ4b ChMk0b\" data-language-for-alternatives=\"es\" data-language-to-translate-into=\"ca\" data-phrase-index=\"30\">Para practicar<\/span> <span class=\"JLqJ4b ChMk0b\" data-language-for-alternatives=\"es\" data-language-to-translate-into=\"ca\" data-phrase-index=\"31\">snorkeling<\/span> <span class=\"JLqJ4b ChMk0b\" data-language-for-alternatives=\"es\" data-language-to-translate-into=\"ca\" data-phrase-index=\"32\">no es<\/span> <span class=\"JLqJ4b ChMk0b\" data-language-for-alternatives=\"es\" data-language-to-translate-into=\"ca\" data-phrase-index=\"33\">necesario<\/span> <span class=\"JLqJ4b ChMk0b\" data-language-for-alternatives=\"es\" data-language-to-translate-into=\"ca\" data-phrase-index=\"34\">tener experiencia<\/span> <span class=\"JLqJ4b ChMk0b\" data-language-for-alternatives=\"es\" data-language-to-translate-into=\"ca\" data-phrase-index=\"35\">previa,<\/span> <span class=\"JLqJ4b ChMk0b\" data-language-for-alternatives=\"es\" data-language-to-translate-into=\"ca\" data-phrase-index=\"36\">ni<\/span> <span class=\"JLqJ4b ChMk0b\" data-language-for-alternatives=\"es\" data-language-to-translate-into=\"ca\" data-phrase-index=\"37\">llevar a cabo un<\/span> <span class=\"JLqJ4b ChMk0b\" data-language-for-alternatives=\"es\" data-language-to-translate-into=\"ca\" data-phrase-index=\"38\">entrenamiento<\/span> <span class=\"JLqJ4b ChMk0b\" data-language-for-alternatives=\"es\" data-language-to-translate-into=\"ca\" data-phrase-index=\"39\">espec\u00edfico<\/span><span class=\"JLqJ4b ChMk0b\" data-language-for-alternatives=\"es\" data-language-to-translate-into=\"ca\" data-phrase-index=\"40\">:<\/span> <span class=\"JLqJ4b ChMk0b\" data-language-for-alternatives=\"es\" data-language-to-translate-into=\"ca\" data-phrase-index=\"41\">s\u00f3lo hay que saber<\/span> <span class=\"JLqJ4b ChMk0b\" data-language-for-alternatives=\"es\" data-language-to-translate-into=\"ca\" data-phrase-index=\"42\">nadar<\/span><span class=\"JLqJ4b ChMk0b\" data-language-for-alternatives=\"es\" data-language-to-translate-into=\"ca\" data-phrase-index=\"43\">.<\/span> <span class=\"JLqJ4b ChMk0b\" data-language-for-alternatives=\"es\" data-language-to-translate-into=\"ca\" data-phrase-index=\"44\">En el Aula<\/span> <span class=\"JLqJ4b ChMk0b\" data-language-for-alternatives=\"es\" data-language-to-translate-into=\"ca\" data-phrase-index=\"45\">Acu\u00e1tica<\/span> <span class=\"JLqJ4b ChMk0b\" data-language-for-alternatives=\"es\" data-language-to-translate-into=\"ca\" data-phrase-index=\"46\">recibir\u00e1<\/span> <span class=\"JLqJ4b ChMk0b\" data-language-for-alternatives=\"es\" data-language-to-translate-into=\"ca\" data-phrase-index=\"47\">el equipo<\/span> <span class=\"JLqJ4b ChMk0b\" data-language-for-alternatives=\"es\" data-language-to-translate-into=\"ca\" data-phrase-index=\"48\">est\u00e1ndar,<\/span> <span class=\"JLqJ4b ChMk0b\" data-language-for-alternatives=\"es\" data-language-to-translate-into=\"ca\" data-phrase-index=\"49\">as\u00ed como<\/span> <span class=\"JLqJ4b ChMk0b\" data-language-for-alternatives=\"es\" data-language-to-translate-into=\"ca\" data-phrase-index=\"50\">toda la informaci\u00f3n para<\/span> <span class=\"JLqJ4b ChMk0b\" data-language-for-alternatives=\"es\" data-language-to-translate-into=\"ca\" data-phrase-index=\"51\">hacer<\/span> <span class=\"JLqJ4b ChMk0b\" data-language-for-alternatives=\"es\" data-language-to-translate-into=\"ca\" data-phrase-index=\"52\">la actividad.<\/span><\/span><\/p>\n<p>[\/et_pb_text][\/et_pb_column][\/et_pb_row][et_pb_row column_structure=&#8221;2_5,3_5&#8243; make_equal=&#8221;on&#8221; _builder_version=&#8221;4.16&#8243; _module_preset=&#8221;default&#8221; global_colors_info=&#8221;{}&#8221;][et_pb_column type=&#8221;2_5&#8243; _builder_version=&#8221;4.16&#8243; _module_preset=&#8221;default&#8221; background_color=&#8221;#FFFFFF&#8221; custom_padding=&#8221;25px|25px|25px|25px|false|false&#8221; border_width_all=&#8221;1px&#8221; border_color_all=&#8221;#2A7BBF&#8221; box_shadow_style=&#8221;preset1&#8243; global_colors_info=&#8221;{}&#8221;][et_pb_text _builder_version=&#8221;4.16&#8243; _module_preset=&#8221;18e5c8b2-7d4a-4c62-92e3-d6b6ddee313e&#8221; border_color_all=&#8221;#535C60&#8243; global_colors_info=&#8221;{}&#8221;]<\/p>\n<h3>Informaci\u00f3n y reservas<\/h3>\n<p>[\/et_pb_text][et_pb_blurb use_icon=&#8221;on&#8221; font_icon=&#8221;&#xe023;||divi||400&#8243; icon_color=&#8221;#73B3E8&#8243; icon_placement=&#8221;left&#8221; image_icon_width=&#8221;28px&#8221; _builder_version=&#8221;4.16&#8243; _module_preset=&#8221;default&#8221; width=&#8221;100%&#8221; custom_margin=&#8221;||10px||false|false&#8221; icon_font_size=&#8221;28px&#8221; global_colors_info=&#8221;{}&#8221;]<\/p>\n<h2><span style=\"color: #ff6600;\"><strong>2023<\/strong><\/span><\/h2>\n<p>1 y 2 \/ 8 y 9 de julio<br \/><strong>Del 11 de julio al 3 de septiembre:<\/strong> de martes a domingo<br \/><strong>Salidas a las 9 h y a las 11.30 h.<\/strong><\/p>\n<p>[\/et_pb_blurb][et_pb_button button_url=&#8221;#agenda&#8221; button_text=&#8221;Ver agenda&#8221; button_alignment=&#8221;center&#8221; _builder_version=&#8221;4.16&#8243; _module_preset=&#8221;default&#8221; custom_button=&#8221;on&#8221; button_text_size=&#8221;13px&#8221; button_border_width=&#8221;0px&#8221; button_font=&#8221;|||on|||||&#8221; button_icon=&#8221;&#x4c;||divi||400&#8243; button_icon_placement=&#8221;left&#8221; button_on_hover=&#8221;off&#8221; custom_margin=&#8221;||2px||false|false&#8221; locked=&#8221;off&#8221; global_colors_info=&#8221;{}&#8221; button_bg_color__hover_enabled=&#8221;on|hover&#8221; button_bg_color__hover=&#8221;RGBA(0,0,0,0)&#8221; button_bg_enable_color__hover=&#8221;on&#8221;][\/et_pb_button][et_pb_blurb use_icon=&#8221;on&#8221; font_icon=&#8221;&#xe0e1;||divi||400&#8243; icon_color=&#8221;#73B3E8&#8243; icon_placement=&#8221;left&#8221; image_icon_width=&#8221;28px&#8221; _builder_version=&#8221;4.16&#8243; _module_preset=&#8221;default&#8221; width=&#8221;100%&#8221; custom_margin=&#8221;||10px||false|false&#8221; icon_font_size=&#8221;28px&#8221; global_colors_info=&#8221;{}&#8221;]<\/p>\n<p><strong>Duraci\u00f3n:<\/strong> 2,5 horas<\/p>\n<p>[\/et_pb_blurb][et_pb_blurb use_icon=&#8221;on&#8221; font_icon=&#8221;&#xe0f3;||divi||400&#8243; icon_color=&#8221;#73B3E8&#8243; icon_placement=&#8221;left&#8221; image_icon_width=&#8221;28px&#8221; _builder_version=&#8221;4.16&#8243; _module_preset=&#8221;default&#8221; width=&#8221;100%&#8221; custom_margin=&#8221;||10px||false|false&#8221; icon_font_size=&#8221;28px&#8221; global_colors_info=&#8221;{}&#8221;]<\/p>\n<p><strong>Precio:<\/strong> 20 \u20ac por persona<br \/><strong>Tiquet familiar (4 pax):<\/strong>\u00a060\u20ac<br \/><strong>Grupo (10 pax): <\/strong>15 \u20ac por persona<\/p>\n<p>[\/et_pb_blurb][et_pb_blurb use_icon=&#8221;on&#8221; font_icon=&#8221;&#xe081;||divi||400&#8243; icon_color=&#8221;#73B3E8&#8243; icon_placement=&#8221;left&#8221; image_icon_width=&#8221;28px&#8221; _builder_version=&#8221;4.16&#8243; _module_preset=&#8221;default&#8221; width=&#8221;100%&#8221; custom_margin=&#8221;||10px||false|false&#8221; icon_font_size=&#8221;28px&#8221; global_colors_info=&#8221;{}&#8221;]<\/p>\n<p><strong>Lugar de encuentro:<\/strong><a href=\"https:\/\/goo.gl\/maps\/jU1yZLrKbHCQFJJx5\" target=\"_blank\" rel=\"noopener\"> Aula Aqu\u00e0tica de la Masia Blanca\u00a0<\/a><\/p>\n<p>[\/et_pb_blurb][et_pb_blurb title=&#8221;Es necesaria reserva previa&#8221; use_icon=&#8221;on&#8221; font_icon=&#8221;&#x70;||divi||400&#8243; icon_color=&#8221;#73B3E8&#8243; icon_placement=&#8221;left&#8221; image_icon_width=&#8221;28px&#8221; _builder_version=&#8221;4.16&#8243; _module_preset=&#8221;default&#8221; width=&#8221;100%&#8221; custom_margin=&#8221;||10px||false|false&#8221; icon_font_size=&#8221;28px&#8221; global_colors_info=&#8221;{}&#8221;]<\/p>\n<ul>\n<li><span class=\"JsGRdQ\" style=\"font-style: normal; text-decoration: none;\"><strong>Actividad familiar a partir de 8 a\u00f1os <\/strong>(de 8 a 14 a\u00f1os acompa\u00f1ados por un adulto).<strong><br \/>Las salidas tendr\u00e1n que reservarse siempre con antelaci\u00f3n m\u00ednima de 24 horas.<\/strong><\/span><\/li>\n<\/ul>\n<p><a href=\"https:\/\/g.page\/turismevendrell?share\" target=\"_blank\">Oficina de Turisme de Coma-ruga<\/a><\/p>\n<p>[\/et_pb_blurb][et_pb_blurb use_icon=&#8221;on&#8221; font_icon=&#8221;&#xe090;||divi||400&#8243; icon_color=&#8221;#73B3E8&#8243; icon_placement=&#8221;left&#8221; image_icon_width=&#8221;28px&#8221; _builder_version=&#8221;4.16&#8243; _module_preset=&#8221;default&#8221; width=&#8221;100%&#8221; custom_margin=&#8221;||10px||false|false&#8221; icon_font_size=&#8221;28px&#8221; global_colors_info=&#8221;{}&#8221;]<\/p>\n<p><a href=\"tel:977680010\" data-mce-href=\"tel:977680010\">977 68 00 10<\/a><br data-mce-bogus=\"1\"><\/p>\n<p>[\/et_pb_blurb][et_pb_blurb image=&#8221;https:\/\/elvendrellturisme.dms3labs.cat\/wp-content\/uploads\/copia-de-copia-de-el-vendrell-web.jpg&#8221; alt=&#8221;whatsapp marcha n\u00f3rdica en el vendrell&#8221; icon_placement=&#8221;left&#8221; _builder_version=&#8221;4.16&#8243; _module_preset=&#8221;default&#8221; width=&#8221;100%&#8221; custom_margin=&#8221;||10px||false|false&#8221; locked=&#8221;off&#8221; global_colors_info=&#8221;{}&#8221;]<\/p>\n<p><a href=\"https:\/\/wa.me\/+34670019171\" data-mce-href=\"https:\/\/wa.me\/+34670019171\" data-mce- target=\"_blank\" rel=\"noopener\">670 019 171<\/a><br data-mce-bogus=\"1\"><\/p>\n<p>[\/et_pb_blurb][et_pb_blurb use_icon=&#8221;on&#8221; font_icon=&#8221;&#xe076;||divi||400&#8243; icon_color=&#8221;#73B3E8&#8243; icon_placement=&#8221;left&#8221; image_icon_width=&#8221;28px&#8221; _builder_version=&#8221;4.16&#8243; _module_preset=&#8221;default&#8221; width=&#8221;100%&#8221; custom_margin=&#8221;||10px||false|false&#8221; icon_font_size=&#8221;28px&#8221; global_colors_info=&#8221;{}&#8221;]<\/p>\n<p><a href=\"mailto:informacio@elvendrellturistic.com\" data-mce-href=\"mailto:informacio@elvendrellturistic.com\">informacio@elvendrellturistic.com<\/a><br data-mce-bogus=\"1\"><\/p>\n<p>[\/et_pb_blurb][\/et_pb_column][et_pb_column type=&#8221;3_5&#8243; _builder_version=&#8221;4.16&#8243; _module_preset=&#8221;default&#8221; background_enable_color=&#8221;off&#8221; background_image=&#8221;https:\/\/elvendrellturisme.dms3labs.cat\/wp-content\/uploads\/aula-aquatica-20231.jpg&#8221; background_size=&#8221;contain&#8221; custom_padding=&#8221;25px|25px|25px|25px|false|false&#8221; custom_css_main_element=&#8221;background-size: contain !important;&#8221; border_width_all=&#8221;1px&#8221; border_color_all=&#8221;#2A7BBF&#8221; box_shadow_style=&#8221;preset1&#8243; global_colors_info=&#8221;{}&#8221;][\/et_pb_column][\/et_pb_row][et_pb_row _builder_version=&#8221;4.16&#8243; _module_preset=&#8221;default&#8221; global_colors_info=&#8221;{}&#8221;][et_pb_column type=&#8221;4_4&#8243; _builder_version=&#8221;4.16&#8243; _module_preset=&#8221;default&#8221; global_colors_info=&#8221;{}&#8221;]<\/p>\n<p>[et_pb_video_slider _builder_version=&#8221;4.9.11&#8243; _module_preset=&#8221;default&#8221; global_colors_info=&#8221;{}&#8221;][et_pb_video_slider_item src=&#8221;https:\/\/youtu.be\/G-sHCYQFT0Q&#8221; _builder_version=&#8221;4.9.11&#8243; _module_preset=&#8221;default&#8221; global_colors_info=&#8221;{}&#8221; show_image_overlay=&#8221;off&#8221;][\/et_pb_video_slider_item][\/et_pb_video_slider]<\/p>\n<p>[\/et_pb_column][\/et_pb_row][\/et_pb_section][et_pb_section fb_built=&#8221;1&#8243; disabled_on=&#8221;on|on|on&#8221; module_id=&#8221;activitats-familiars&#8221; _builder_version=&#8221;4.23.4&#8243; _module_preset=&#8221;default&#8221; background_color=&#8221;#ffffff&#8221; custom_padding=&#8221;||50px|||&#8221; disabled=&#8221;on&#8221; global_colors_info=&#8221;{}&#8221;][et_pb_row disabled_on=&#8221;off|off|off&#8221; _builder_version=&#8221;4.16&#8243; _module_preset=&#8221;default&#8221; global_colors_info=&#8221;{}&#8221;][et_pb_column type=&#8221;4_4&#8243; _builder_version=&#8221;4.16&#8243; _module_preset=&#8221;default&#8221; global_colors_info=&#8221;{}&#8221;][et_pb_text _builder_version=&#8221;4.16&#8243; _module_preset=&#8221;68ea58d1-0a0d-4ff7-85ee-f9cbe626b1ec&#8221; header_2_text_align=&#8221;left&#8221; global_colors_info=&#8221;{}&#8221;]<\/p>\n<h2>Actividades familiares<\/h2>\n<p>[\/et_pb_text][et_pb_text _builder_version=&#8221;4.16&#8243; _module_preset=&#8221;default&#8221; global_colors_info=&#8221;{}&#8221;]<\/p>\n<p>Durante todo el a\u00f1o, desde Turisme del Vendrell organizamos actividades pensadas para disfrutar en familia.<\/p>\n<p>Aqu\u00ed iremos actualizando la informaci\u00f3n de las distintas actividades.<\/p>\n<p style=\"text-align: justify;\">\u00a0<\/p>\n<p>[\/et_pb_text][\/et_pb_column][\/et_pb_row][et_pb_row column_structure=&#8221;2_5,3_5&#8243; make_equal=&#8221;on&#8221; custom_padding_last_edited=&#8221;on|phone&#8221; _builder_version=&#8221;4.16&#8243; _module_preset=&#8221;default&#8221; custom_margin=&#8221;|auto|38px|auto||&#8221; custom_padding=&#8221;|||0px|false|false&#8221; custom_padding_tablet=&#8221;0px||||false|false&#8221; custom_padding_phone=&#8221;&#8221; locked=&#8221;off&#8221; global_colors_info=&#8221;{}&#8221;][et_pb_column type=&#8221;2_5&#8243; _builder_version=&#8221;4.16&#8243; _module_preset=&#8221;default&#8221; background_color=&#8221;#FFFFFF&#8221; custom_padding=&#8221;25px|25px|25px|25px|false|false&#8221; border_width_all=&#8221;1px&#8221; border_color_all=&#8221;#2A7BBF&#8221; box_shadow_style=&#8221;preset1&#8243; global_colors_info=&#8221;{}&#8221;][et_pb_text _builder_version=&#8221;4.16&#8243; _module_preset=&#8221;18e5c8b2-7d4a-4c62-92e3-d6b6ddee313e&#8221; border_color_all=&#8221;#535C60&#8243; global_colors_info=&#8221;{}&#8221;]<\/p>\n<h3>Informaci\u00f3n y reservas<\/h3>\n<p>[\/et_pb_text][et_pb_blurb title=&#8221;NOCHE DE MURCI\u00c9LAGOS&#8221; use_icon=&#8221;on&#8221; font_icon=&#8221;&#xe023;||divi||400&#8243; icon_color=&#8221;#73B3E8&#8243; icon_placement=&#8221;left&#8221; image_icon_width=&#8221;28px&#8221; _builder_version=&#8221;4.23.4&#8243; _module_preset=&#8221;default&#8221; width=&#8221;100%&#8221; custom_margin=&#8221;||10px||false|false&#8221; icon_font_size=&#8221;28px&#8221; global_colors_info=&#8221;{}&#8221;]<\/p>\n<ul>\n<li>14\/06\/2024<\/li>\n<\/ul>\n<p>[\/et_pb_blurb][et_pb_button button_url=&#8221;#agenda&#8221; button_text=&#8221;Ver agenda&#8221; button_alignment=&#8221;center&#8221; _builder_version=&#8221;4.16&#8243; _module_preset=&#8221;default&#8221; custom_button=&#8221;on&#8221; button_text_size=&#8221;13px&#8221; button_border_width=&#8221;0px&#8221; button_font=&#8221;|||on|||||&#8221; button_icon=&#8221;&#x4c;||divi||400&#8243; button_icon_placement=&#8221;left&#8221; button_on_hover=&#8221;off&#8221; custom_margin=&#8221;-5px||2px||false|false&#8221; custom_padding=&#8221;6px|||||&#8221; locked=&#8221;off&#8221; global_colors_info=&#8221;{}&#8221; button_bg_color__hover_enabled=&#8221;on|hover&#8221; button_bg_color__hover=&#8221;RGBA(0,0,0,0)&#8221; button_bg_enable_color__hover=&#8221;on&#8221;][\/et_pb_button][et_pb_blurb use_icon=&#8221;on&#8221; font_icon=&#8221;&#x70;||divi||400&#8243; icon_color=&#8221;#73B3E8&#8243; icon_placement=&#8221;left&#8221; image_icon_width=&#8221;28px&#8221; _builder_version=&#8221;4.16&#8243; _module_preset=&#8221;default&#8221; width=&#8221;100%&#8221; custom_margin=&#8221;||10px||false|false&#8221; icon_font_size=&#8221;28px&#8221; global_colors_info=&#8221;{}&#8221;]<\/p>\n<ul>\n<li>Actividad familiar.<\/li>\n<li>Es necesario realizar reserva previa.<\/li>\n<li>Plazas limitadas.<\/li>\n<\/ul>\n<p>[\/et_pb_blurb][et_pb_blurb use_icon=&#8221;on&#8221; font_icon=&#8221;&#xe0ed;||divi||400&#8243; icon_color=&#8221;#73B3E8&#8243; icon_placement=&#8221;left&#8221; image_icon_width=&#8221;28px&#8221; _builder_version=&#8221;4.16&#8243; _module_preset=&#8221;default&#8221; width=&#8221;100%&#8221; custom_margin=&#8221;11px||10px||false|false&#8221; icon_font_size=&#8221;28px&#8221; global_colors_info=&#8221;{}&#8221;]<\/p>\n<p>Gratuita<\/p>\n<p>[\/et_pb_blurb][et_pb_blurb use_icon=&#8221;on&#8221; font_icon=&#8221;&#xe06b;||divi||400&#8243; icon_color=&#8221;#73B3E8&#8243; icon_placement=&#8221;left&#8221; image_icon_width=&#8221;28px&#8221; _builder_version=&#8221;4.23.4&#8243; _module_preset=&#8221;default&#8221; width=&#8221;100%&#8221; custom_margin=&#8221;11px||10px||false|false&#8221; icon_font_size=&#8221;28px&#8221; global_colors_info=&#8221;{}&#8221;]<\/p>\n<p>A las 20 h<\/p>\n<p>[\/et_pb_blurb][et_pb_blurb use_icon=&#8221;on&#8221; font_icon=&#8221;&#xe081;||divi||400&#8243; icon_color=&#8221;#73B3E8&#8243; icon_placement=&#8221;left&#8221; image_icon_width=&#8221;28px&#8221; _builder_version=&#8221;4.16&#8243; _module_preset=&#8221;default&#8221; width=&#8221;100%&#8221; custom_margin=&#8221;11px||10px||false|false&#8221; icon_font_size=&#8221;28px&#8221; global_colors_info=&#8221;{}&#8221;]<\/p>\n<p><a href=\"https:\/\/maps.app.goo.gl\/8o1JL2HgEyf6g4CV6\" target=\"_blank\" rel=\"noopener\"><\/a><a href=\"https:\/\/maps.app.goo.gl\/7scoWrqd52bDzY7K8\" target=\"_blank\" rel=\"noopener\">B\u00fanquer de les Madrigueres<\/a><\/p>\n<p>[\/et_pb_blurb][et_pb_blurb use_icon=&#8221;on&#8221; font_icon=&#8221;&#xe090;||divi||400&#8243; icon_color=&#8221;#73B3E8&#8243; icon_placement=&#8221;left&#8221; image_icon_width=&#8221;28px&#8221; _builder_version=&#8221;4.23.4&#8243; _module_preset=&#8221;default&#8221; width=&#8221;100%&#8221; custom_margin=&#8221;||10px||false|false&#8221; icon_font_size=&#8221;28px&#8221; global_colors_info=&#8221;{}&#8221;]<\/p>\n<p>618 571 478<\/p>\n<p>[\/et_pb_blurb][et_pb_blurb image=&#8221;https:\/\/elvendrellturisme.dms3labs.cat\/wp-content\/uploads\/copia-de-copia-de-el-vendrell-web.jpg&#8221; alt=&#8221;whatsapp marcha n\u00f3rdica en el vendrell&#8221; icon_placement=&#8221;left&#8221; _builder_version=&#8221;4.16&#8243; _module_preset=&#8221;default&#8221; width=&#8221;100%&#8221; custom_margin=&#8221;||10px||false|false&#8221; global_colors_info=&#8221;{}&#8221;]<\/p>\n<p><a href=\"https:\/\/wa.me\/+34670019171\" data-mce-href=\"https:\/\/wa.me\/+34670019171\" data-mce- target=\"_blank\" rel=\"noopener\">670 019 171<\/a><br data-mce-bogus=\"1\"><\/p>\n<p>[\/et_pb_blurb][et_pb_blurb use_icon=&#8221;on&#8221; font_icon=&#8221;&#xe076;||divi||400&#8243; icon_color=&#8221;#73B3E8&#8243; icon_placement=&#8221;left&#8221; image_icon_width=&#8221;28px&#8221; _builder_version=&#8221;4.23.4&#8243; _module_preset=&#8221;default&#8221; width=&#8221;100%&#8221; custom_margin=&#8221;||10px||false|false&#8221; icon_font_size=&#8221;28px&#8221; global_colors_info=&#8221;{}&#8221;]<\/p>\n<p><a href=\"mailto:informacio@elvendrellturistic.com\">informacio@elvendrellturisme.dms3labs.cat<\/a><\/p>\n<p>[\/et_pb_blurb][et_pb_blurb use_icon=&#8221;on&#8221; font_icon=&#8221;&#xe0e3;||divi||400&#8243; icon_color=&#8221;#73B3E8&#8243; icon_placement=&#8221;left&#8221; image_icon_width=&#8221;28px&#8221; disabled_on=&#8221;on|on|on&#8221; _builder_version=&#8221;4.16&#8243; _module_preset=&#8221;default&#8221; width=&#8221;100%&#8221; icon_font_size=&#8221;28px&#8221; disabled=&#8221;on&#8221; global_colors_info=&#8221;{}&#8221;]<\/p>\n<p><a href=\"https:\/\/museusdelvendrell.koobin.com\/casa-nadiua-pau-casals-el-vendrell\" data-mce-href=\"https:\/\/museusdelvendrell.koobin.com\/casa-nadiua-pau-casals-el-vendrell\" data-mce- target=\"_blank\" rel=\"noopener\">Comprar entradas<\/a><br data-mce-bogus=\"1\"><\/p>\n<p>[\/et_pb_blurb][\/et_pb_column][et_pb_column type=&#8221;3_5&#8243; _builder_version=&#8221;4.16&#8243; _module_preset=&#8221;default&#8221; background_enable_image=&#8221;off&#8221; background_size=&#8221;contain&#8221; global_colors_info=&#8221;{}&#8221;][et_pb_image src=&#8221;https:\/\/elvendrellturisme.dms3labs.cat\/wp-content\/uploads\/nit-de-ratpenats-cat-3.jpg&#8221; title_text=&#8221;ruta-guimera&#8221; _builder_version=&#8221;4.23.4&#8243; _module_preset=&#8221;default&#8221; custom_padding=&#8221;|10px|||false|false&#8221; custom_css_main_element=&#8221;margin-bottom: 10px!important;&#8221; global_colors_info=&#8221;{}&#8221;][\/et_pb_image][\/et_pb_column][\/et_pb_row][et_pb_row column_structure=&#8221;2_5,3_5&#8243; make_equal=&#8221;on&#8221; custom_padding_last_edited=&#8221;on|phone&#8221; _builder_version=&#8221;4.16&#8243; _module_preset=&#8221;default&#8221; custom_margin=&#8221;|auto|38px|auto||&#8221; custom_padding=&#8221;|||0px|false|false&#8221; custom_padding_tablet=&#8221;0px||||false|false&#8221; custom_padding_phone=&#8221;&#8221; locked=&#8221;off&#8221; global_colors_info=&#8221;{}&#8221;][et_pb_column type=&#8221;2_5&#8243; _builder_version=&#8221;4.16&#8243; _module_preset=&#8221;default&#8221; background_color=&#8221;#FFFFFF&#8221; custom_padding=&#8221;25px|25px|25px|25px|false|false&#8221; border_width_all=&#8221;1px&#8221; border_color_all=&#8221;#2A7BBF&#8221; box_shadow_style=&#8221;preset1&#8243; global_colors_info=&#8221;{}&#8221;][et_pb_text _builder_version=&#8221;4.16&#8243; _module_preset=&#8221;18e5c8b2-7d4a-4c62-92e3-d6b6ddee313e&#8221; border_color_all=&#8221;#535C60&#8243; global_colors_info=&#8221;{}&#8221;]<\/p>\n<h3>Informaci\u00f3n y reservas<\/h3>\n<p>[\/et_pb_text][et_pb_blurb title=&#8221;RUTA GUIADA POR LA PLAYA DE COMA-RUGA&#8221; use_icon=&#8221;on&#8221; font_icon=&#8221;&#xe023;||divi||400&#8243; icon_color=&#8221;#73B3E8&#8243; icon_placement=&#8221;left&#8221; image_icon_width=&#8221;28px&#8221; _builder_version=&#8221;4.23.4&#8243; _module_preset=&#8221;default&#8221; width=&#8221;100%&#8221; custom_margin=&#8221;||10px||false|false&#8221; icon_font_size=&#8221;28px&#8221; global_colors_info=&#8221;{}&#8221;]<\/p>\n<ul>\n<li>22\/06\/2024<\/li>\n<\/ul>\n<p>[\/et_pb_blurb][et_pb_button button_url=&#8221;#agenda&#8221; button_text=&#8221;Ver agenda&#8221; button_alignment=&#8221;center&#8221; _builder_version=&#8221;4.16&#8243; _module_preset=&#8221;default&#8221; custom_button=&#8221;on&#8221; button_text_size=&#8221;13px&#8221; button_border_width=&#8221;0px&#8221; button_font=&#8221;|||on|||||&#8221; button_icon=&#8221;&#x4c;||divi||400&#8243; button_icon_placement=&#8221;left&#8221; button_on_hover=&#8221;off&#8221; custom_margin=&#8221;-5px||2px||false|false&#8221; custom_padding=&#8221;6px|||||&#8221; locked=&#8221;off&#8221; global_colors_info=&#8221;{}&#8221; button_bg_color__hover_enabled=&#8221;on|hover&#8221; button_bg_color__hover=&#8221;RGBA(0,0,0,0)&#8221; button_bg_enable_color__hover=&#8221;on&#8221;][\/et_pb_button][et_pb_blurb use_icon=&#8221;on&#8221; font_icon=&#8221;&#x70;||divi||400&#8243; icon_color=&#8221;#73B3E8&#8243; icon_placement=&#8221;left&#8221; image_icon_width=&#8221;28px&#8221; _builder_version=&#8221;4.16&#8243; _module_preset=&#8221;default&#8221; width=&#8221;100%&#8221; custom_margin=&#8221;||10px||false|false&#8221; icon_font_size=&#8221;28px&#8221; global_colors_info=&#8221;{}&#8221;]<\/p>\n<ul>\n<li>Actividad familiar.<\/li>\n<li>Es necesario realizar reserva previa.<\/li>\n<li>Plazas limitadas.<\/li>\n<\/ul>\n<p>[\/et_pb_blurb][et_pb_blurb use_icon=&#8221;on&#8221; font_icon=&#8221;&#xe0ed;||divi||400&#8243; icon_color=&#8221;#73B3E8&#8243; icon_placement=&#8221;left&#8221; image_icon_width=&#8221;28px&#8221; _builder_version=&#8221;4.16&#8243; _module_preset=&#8221;default&#8221; width=&#8221;100%&#8221; custom_margin=&#8221;11px||10px||false|false&#8221; icon_font_size=&#8221;28px&#8221; global_colors_info=&#8221;{}&#8221;]<\/p>\n<p>Gratuita<\/p>\n<p>[\/et_pb_blurb][et_pb_blurb use_icon=&#8221;on&#8221; font_icon=&#8221;&#xe06b;||divi||400&#8243; icon_color=&#8221;#73B3E8&#8243; icon_placement=&#8221;left&#8221; image_icon_width=&#8221;28px&#8221; _builder_version=&#8221;4.23.4&#8243; _module_preset=&#8221;default&#8221; width=&#8221;100%&#8221; custom_margin=&#8221;11px||10px||false|false&#8221; icon_font_size=&#8221;28px&#8221; global_colors_info=&#8221;{}&#8221;]<\/p>\n<p>De 9 a 10 h<\/p>\n<p>[\/et_pb_blurb][et_pb_blurb use_icon=&#8221;on&#8221; font_icon=&#8221;&#xe081;||divi||400&#8243; icon_color=&#8221;#73B3E8&#8243; icon_placement=&#8221;left&#8221; image_icon_width=&#8221;28px&#8221; _builder_version=&#8221;4.23.4&#8243; _module_preset=&#8221;default&#8221; width=&#8221;100%&#8221; custom_margin=&#8221;11px||10px||false|false&#8221; icon_font_size=&#8221;28px&#8221; global_colors_info=&#8221;{}&#8221;]<\/p>\n<p>Oficina de Turismo del Tabaris, avinguda del Balneari, 3<\/p>\n<p>[\/et_pb_blurb][et_pb_blurb use_icon=&#8221;on&#8221; font_icon=&#8221;&#xe090;||divi||400&#8243; icon_color=&#8221;#73B3E8&#8243; icon_placement=&#8221;left&#8221; image_icon_width=&#8221;28px&#8221; _builder_version=&#8221;4.23.4&#8243; _module_preset=&#8221;default&#8221; width=&#8221;100%&#8221; custom_margin=&#8221;||10px||false|false&#8221; icon_font_size=&#8221;28px&#8221; global_colors_info=&#8221;{}&#8221;]<\/p>\n<p>618 571 478<\/p>\n<p>[\/et_pb_blurb][et_pb_blurb image=&#8221;https:\/\/elvendrellturisme.dms3labs.cat\/wp-content\/uploads\/copia-de-copia-de-el-vendrell-web.jpg&#8221; alt=&#8221;whatsapp marcha n\u00f3rdica en el vendrell&#8221; icon_placement=&#8221;left&#8221; _builder_version=&#8221;4.16&#8243; _module_preset=&#8221;default&#8221; width=&#8221;100%&#8221; custom_margin=&#8221;||10px||false|false&#8221; global_colors_info=&#8221;{}&#8221;]<\/p>\n<p><a href=\"https:\/\/wa.me\/+34670019171\" data-mce-href=\"https:\/\/wa.me\/+34670019171\" data-mce- target=\"_blank\" rel=\"noopener\">670 019 171<\/a><br data-mce-bogus=\"1\"><\/p>\n<p>[\/et_pb_blurb][et_pb_blurb use_icon=&#8221;on&#8221; font_icon=&#8221;&#xe076;||divi||400&#8243; icon_color=&#8221;#73B3E8&#8243; icon_placement=&#8221;left&#8221; image_icon_width=&#8221;28px&#8221; _builder_version=&#8221;4.23.4&#8243; _module_preset=&#8221;default&#8221; width=&#8221;100%&#8221; custom_margin=&#8221;||10px||false|false&#8221; icon_font_size=&#8221;28px&#8221; global_colors_info=&#8221;{}&#8221;]<\/p>\n<p><a href=\"mailto:informacio@elvendrellturistic.com\">informacio@elvendrellturisme.dms3labs.cat<\/a><\/p>\n<p>[\/et_pb_blurb][et_pb_blurb use_icon=&#8221;on&#8221; font_icon=&#8221;&#xe0e3;||divi||400&#8243; icon_color=&#8221;#73B3E8&#8243; icon_placement=&#8221;left&#8221; image_icon_width=&#8221;28px&#8221; disabled_on=&#8221;on|on|on&#8221; _builder_version=&#8221;4.16&#8243; _module_preset=&#8221;default&#8221; width=&#8221;100%&#8221; icon_font_size=&#8221;28px&#8221; disabled=&#8221;on&#8221; global_colors_info=&#8221;{}&#8221;]<\/p>\n<p><a href=\"https:\/\/museusdelvendrell.koobin.com\/casa-nadiua-pau-casals-el-vendrell\" data-mce-href=\"https:\/\/museusdelvendrell.koobin.com\/casa-nadiua-pau-casals-el-vendrell\" data-mce- target=\"_blank\" rel=\"noopener\">Comprar entradas<\/a><br data-mce-bogus=\"1\"><\/p>\n<p>[\/et_pb_blurb][\/et_pb_column][et_pb_column type=&#8221;3_5&#8243; _builder_version=&#8221;4.16&#8243; _module_preset=&#8221;default&#8221; background_enable_image=&#8221;off&#8221; background_size=&#8221;contain&#8221; global_colors_info=&#8221;{}&#8221;][et_pb_image src=&#8221;https:\/\/elvendrellturisme.dms3labs.cat\/wp-content\/uploads\/activitat-turismar-cat.jpg&#8221; title_text=&#8221;ruta-guimera&#8221; _builder_version=&#8221;4.23.4&#8243; _module_preset=&#8221;default&#8221; custom_padding=&#8221;|10px|||false|false&#8221; custom_css_main_element=&#8221;margin-bottom: 10px!important;&#8221; global_colors_info=&#8221;{}&#8221;][\/et_pb_image][\/et_pb_column][\/et_pb_row][et_pb_row column_structure=&#8221;2_5,3_5&#8243; make_equal=&#8221;on&#8221; custom_padding_last_edited=&#8221;on|phone&#8221; _builder_version=&#8221;4.16&#8243; _module_preset=&#8221;default&#8221; custom_margin=&#8221;|auto|38px|auto||&#8221; custom_padding=&#8221;|||0px|false|false&#8221; custom_padding_tablet=&#8221;0px||||false|false&#8221; custom_padding_phone=&#8221;&#8221; locked=&#8221;off&#8221; global_colors_info=&#8221;{}&#8221;][et_pb_column type=&#8221;2_5&#8243; _builder_version=&#8221;4.16&#8243; _module_preset=&#8221;default&#8221; background_color=&#8221;#FFFFFF&#8221; custom_padding=&#8221;25px|25px|25px|25px|false|false&#8221; border_width_all=&#8221;1px&#8221; border_color_all=&#8221;#2A7BBF&#8221; box_shadow_style=&#8221;preset1&#8243; global_colors_info=&#8221;{}&#8221;][et_pb_text _builder_version=&#8221;4.16&#8243; _module_preset=&#8221;18e5c8b2-7d4a-4c62-92e3-d6b6ddee313e&#8221; border_color_all=&#8221;#535C60&#8243; global_colors_info=&#8221;{}&#8221;]<\/p>\n<h3>Informaci\u00f3n y reservas<\/h3>\n<p>[\/et_pb_text][et_pb_blurb title=&#8221;DESCONECTA CON LA MEJOR PUESTA DE SOL&#8221; use_icon=&#8221;on&#8221; font_icon=&#8221;&#xe023;||divi||400&#8243; icon_color=&#8221;#73B3E8&#8243; icon_placement=&#8221;left&#8221; image_icon_width=&#8221;28px&#8221; _builder_version=&#8221;4.16&#8243; _module_preset=&#8221;default&#8221; width=&#8221;100%&#8221; custom_margin=&#8221;||10px||false|false&#8221; icon_font_size=&#8221;28px&#8221; global_colors_info=&#8221;{}&#8221;]<\/p>\n<p>D\u00edas 5, 7, 12, 14, 19, 21 y 28 de diciembre<\/p>\n<p>[\/et_pb_blurb][et_pb_button button_url=&#8221;#agenda&#8221; button_text=&#8221;Ver agenda&#8221; button_alignment=&#8221;center&#8221; _builder_version=&#8221;4.16&#8243; _module_preset=&#8221;default&#8221; custom_button=&#8221;on&#8221; button_text_size=&#8221;13px&#8221; button_border_width=&#8221;0px&#8221; button_font=&#8221;|||on|||||&#8221; button_icon=&#8221;&#x4c;||divi||400&#8243; button_icon_placement=&#8221;left&#8221; button_on_hover=&#8221;off&#8221; custom_margin=&#8221;-5px||2px||false|false&#8221; custom_padding=&#8221;6px|||||&#8221; locked=&#8221;off&#8221; global_colors_info=&#8221;{}&#8221; button_bg_color__hover_enabled=&#8221;on|hover&#8221; button_bg_color__hover=&#8221;RGBA(0,0,0,0)&#8221; button_bg_enable_color__hover=&#8221;on&#8221;][\/et_pb_button][et_pb_blurb use_icon=&#8221;on&#8221; font_icon=&#8221;&#x70;||divi||400&#8243; icon_color=&#8221;#73B3E8&#8243; icon_placement=&#8221;left&#8221; image_icon_width=&#8221;28px&#8221; _builder_version=&#8221;4.16&#8243; _module_preset=&#8221;default&#8221; width=&#8221;100%&#8221; custom_margin=&#8221;||10px||false|false&#8221; icon_font_size=&#8221;28px&#8221; global_colors_info=&#8221;{}&#8221;]<\/p>\n<ul>\n<li>Es necesaria reserva previa.<\/li>\n<\/ul>\n<p>[\/et_pb_blurb][et_pb_blurb use_icon=&#8221;on&#8221; font_icon=&#8221;&#xe0ed;||divi||400&#8243; icon_color=&#8221;#73B3E8&#8243; icon_placement=&#8221;left&#8221; image_icon_width=&#8221;28px&#8221; _builder_version=&#8221;4.16&#8243; _module_preset=&#8221;default&#8221; width=&#8221;100%&#8221; custom_margin=&#8221;11px||10px||false|false&#8221; icon_font_size=&#8221;28px&#8221; global_colors_info=&#8221;{}&#8221;]<\/p>\n<p>Gratuita<\/p>\n<p>[\/et_pb_blurb][et_pb_blurb use_icon=&#8221;on&#8221; font_icon=&#8221;&#xe06b;||divi||400&#8243; icon_color=&#8221;#73B3E8&#8243; icon_placement=&#8221;left&#8221; image_icon_width=&#8221;28px&#8221; _builder_version=&#8221;4.16&#8243; _module_preset=&#8221;default&#8221; width=&#8221;100%&#8221; custom_margin=&#8221;11px||10px||false|false&#8221; icon_font_size=&#8221;28px&#8221; global_colors_info=&#8221;{}&#8221;]<\/p>\n<p>De 17 a 18 h<\/p>\n<p>[\/et_pb_blurb][et_pb_blurb use_icon=&#8221;on&#8221; font_icon=&#8221;&#xe081;||divi||400&#8243; icon_color=&#8221;#73B3E8&#8243; icon_placement=&#8221;left&#8221; image_icon_width=&#8221;28px&#8221; _builder_version=&#8221;4.16&#8243; _module_preset=&#8221;default&#8221; width=&#8221;100%&#8221; custom_margin=&#8221;11px||10px||false|false&#8221; icon_font_size=&#8221;28px&#8221; global_colors_info=&#8221;{}&#8221;]<\/p>\n<p><a href=\"https:\/\/maps.app.goo.gl\/XUawK9MdRrey16i96\" target=\"_blank\" rel=\"noopener\">Pl. dels Germans Trillas (Coma-ruga)<\/a><\/p>\n<p>[\/et_pb_blurb][et_pb_blurb use_icon=&#8221;on&#8221; font_icon=&#8221;&#xe090;||divi||400&#8243; icon_color=&#8221;#73B3E8&#8243; icon_placement=&#8221;left&#8221; image_icon_width=&#8221;28px&#8221; _builder_version=&#8221;4.16&#8243; _module_preset=&#8221;default&#8221; width=&#8221;100%&#8221; custom_margin=&#8221;||10px||false|false&#8221; icon_font_size=&#8221;28px&#8221; global_colors_info=&#8221;{}&#8221;]<\/p>\n<p><a href=\"tel:977680010\" data-mce-href=\"tel:977680010\">977 680 010<\/a><br data-mce-bogus=\"1\"><\/p>\n<p>[\/et_pb_blurb][et_pb_blurb image=&#8221;https:\/\/elvendrellturisme.dms3labs.cat\/wp-content\/uploads\/copia-de-copia-de-el-vendrell-web.jpg&#8221; alt=&#8221;whatsapp marcha n\u00f3rdica en el vendrell&#8221; icon_placement=&#8221;left&#8221; _builder_version=&#8221;4.16&#8243; _module_preset=&#8221;default&#8221; width=&#8221;100%&#8221; custom_margin=&#8221;||10px||false|false&#8221; global_colors_info=&#8221;{}&#8221;]<\/p>\n<p><a href=\"https:\/\/wa.me\/+34670019171\" data-mce-href=\"https:\/\/wa.me\/+34670019171\" data-mce- target=\"_blank\" rel=\"noopener\">670 019 171<\/a><br data-mce-bogus=\"1\"><\/p>\n<p>[\/et_pb_blurb][et_pb_blurb use_icon=&#8221;on&#8221; font_icon=&#8221;&#xe076;||divi||400&#8243; icon_color=&#8221;#73B3E8&#8243; icon_placement=&#8221;left&#8221; image_icon_width=&#8221;28px&#8221; _builder_version=&#8221;4.16&#8243; _module_preset=&#8221;default&#8221; width=&#8221;100%&#8221; custom_margin=&#8221;||10px||false|false&#8221; icon_font_size=&#8221;28px&#8221; global_colors_info=&#8221;{}&#8221;]<\/p>\n<p><a href=\"mailto:informacio@elvendrellturistic.com\" data-mce-href=\"mailto:informacio@elvendrellturistic.com\">informacio@elvendrellturistic.com<\/a><br data-mce-bogus=\"1\"><\/p>\n<p>[\/et_pb_blurb][et_pb_blurb use_icon=&#8221;on&#8221; font_icon=&#8221;&#xe0e3;||divi||400&#8243; icon_color=&#8221;#73B3E8&#8243; icon_placement=&#8221;left&#8221; image_icon_width=&#8221;28px&#8221; disabled_on=&#8221;on|on|on&#8221; _builder_version=&#8221;4.16&#8243; _module_preset=&#8221;default&#8221; width=&#8221;100%&#8221; icon_font_size=&#8221;28px&#8221; disabled=&#8221;on&#8221; global_colors_info=&#8221;{}&#8221;]<\/p>\n<p><a href=\"https:\/\/museusdelvendrell.koobin.com\/casa-nadiua-pau-casals-el-vendrell\" data-mce-href=\"https:\/\/museusdelvendrell.koobin.com\/casa-nadiua-pau-casals-el-vendrell\" data-mce- target=\"_blank\" rel=\"noopener\">Comprar entradas<\/a><br data-mce-bogus=\"1\"><\/p>\n<p>[\/et_pb_blurb][\/et_pb_column][et_pb_column type=&#8221;3_5&#8243; _builder_version=&#8221;4.16&#8243; _module_preset=&#8221;default&#8221; background_enable_image=&#8221;off&#8221; background_size=&#8221;contain&#8221; global_colors_info=&#8221;{}&#8221;][et_pb_image src=&#8221;https:\/\/elvendrellturisme.dms3labs.cat\/wp-content\/uploads\/activitat-posta-de-sol-cat.jpg&#8221; title_text=&#8221;ruta-guimera&#8221; _builder_version=&#8221;4.16&#8243; _module_preset=&#8221;default&#8221; custom_padding=&#8221;|10px|||false|false&#8221; custom_css_main_element=&#8221;margin-bottom: 10px!important;&#8221; global_colors_info=&#8221;{}&#8221;][\/et_pb_image][\/et_pb_column][\/et_pb_row][et_pb_row column_structure=&#8221;2_5,3_5&#8243; make_equal=&#8221;on&#8221; custom_padding_last_edited=&#8221;on|phone&#8221; _builder_version=&#8221;4.16&#8243; _module_preset=&#8221;default&#8221; custom_margin=&#8221;|auto|38px|auto||&#8221; custom_padding=&#8221;|||0px|false|false&#8221; custom_padding_tablet=&#8221;0px||||false|false&#8221; custom_padding_phone=&#8221;&#8221; locked=&#8221;off&#8221; global_colors_info=&#8221;{}&#8221;][et_pb_column type=&#8221;2_5&#8243; _builder_version=&#8221;4.16&#8243; _module_preset=&#8221;default&#8221; background_color=&#8221;#FFFFFF&#8221; custom_padding=&#8221;25px|25px|25px|25px|false|false&#8221; border_width_all=&#8221;1px&#8221; border_color_all=&#8221;#2A7BBF&#8221; box_shadow_style=&#8221;preset1&#8243; global_colors_info=&#8221;{}&#8221;][et_pb_text _builder_version=&#8221;4.16&#8243; _module_preset=&#8221;18e5c8b2-7d4a-4c62-92e3-d6b6ddee313e&#8221; border_color_all=&#8221;#535C60&#8243; global_colors_info=&#8221;{}&#8221;]<\/p>\n<h3>Informaci\u00f3n y reservas<\/h3>\n<p>[\/et_pb_text][et_pb_blurb title=&#8221;CINEMA DE VERANO&#8221; use_icon=&#8221;on&#8221; font_icon=&#8221;&#xe023;||divi||400&#8243; icon_color=&#8221;#73B3E8&#8243; icon_placement=&#8221;left&#8221; image_icon_width=&#8221;28px&#8221; _builder_version=&#8221;4.16&#8243; _module_preset=&#8221;default&#8221; width=&#8221;100%&#8221; custom_margin=&#8221;||10px||false|false&#8221; icon_font_size=&#8221;28px&#8221; global_colors_info=&#8221;{}&#8221;]<\/p>\n<ul>\n<li>01\/07\/2023<\/li>\n<li>22\/07\/2023<\/li>\n<li>12\/08\/2023<\/li>\n<\/ul>\n<p>[\/et_pb_blurb][et_pb_button button_url=&#8221;#agenda&#8221; button_text=&#8221;Ver agenda&#8221; button_alignment=&#8221;center&#8221; _builder_version=&#8221;4.16&#8243; _module_preset=&#8221;default&#8221; custom_button=&#8221;on&#8221; button_text_size=&#8221;13px&#8221; button_border_width=&#8221;0px&#8221; button_font=&#8221;|||on|||||&#8221; button_icon=&#8221;&#x4c;||divi||400&#8243; button_icon_placement=&#8221;left&#8221; button_on_hover=&#8221;off&#8221; custom_margin=&#8221;-5px||2px||false|false&#8221; custom_padding=&#8221;6px|||||&#8221; locked=&#8221;off&#8221; global_colors_info=&#8221;{}&#8221; button_bg_color__hover_enabled=&#8221;on|hover&#8221; button_bg_color__hover=&#8221;RGBA(0,0,0,0)&#8221; button_bg_enable_color__hover=&#8221;on&#8221;][\/et_pb_button][et_pb_blurb use_icon=&#8221;on&#8221; font_icon=&#8221;&#x70;||divi||400&#8243; icon_color=&#8221;#73B3E8&#8243; icon_placement=&#8221;left&#8221; image_icon_width=&#8221;28px&#8221; _builder_version=&#8221;4.16&#8243; _module_preset=&#8221;default&#8221; width=&#8221;100%&#8221; custom_margin=&#8221;||10px||false|false&#8221; icon_font_size=&#8221;28px&#8221; global_colors_info=&#8221;{}&#8221;]<\/p>\n<ul>\n<li>Actividad familiar gratuita.<\/li>\n<li>Trae tu silla o toalla.<\/li>\n<\/ul>\n<p>[\/et_pb_blurb][et_pb_blurb use_icon=&#8221;on&#8221; font_icon=&#8221;&#xe06b;||divi||400&#8243; icon_color=&#8221;#73B3E8&#8243; icon_placement=&#8221;left&#8221; image_icon_width=&#8221;28px&#8221; _builder_version=&#8221;4.16&#8243; _module_preset=&#8221;default&#8221; width=&#8221;100%&#8221; custom_margin=&#8221;11px||10px||false|false&#8221; icon_font_size=&#8221;28px&#8221; global_colors_info=&#8221;{}&#8221;]<\/p>\n<p>A las 22 h<\/p>\n<p>[\/et_pb_blurb][et_pb_blurb use_icon=&#8221;on&#8221; font_icon=&#8221;&#xe090;||divi||400&#8243; icon_color=&#8221;#73B3E8&#8243; icon_placement=&#8221;left&#8221; image_icon_width=&#8221;28px&#8221; _builder_version=&#8221;4.16&#8243; _module_preset=&#8221;default&#8221; width=&#8221;100%&#8221; custom_margin=&#8221;||10px||false|false&#8221; icon_font_size=&#8221;28px&#8221; global_colors_info=&#8221;{}&#8221;]<\/p>\n<p><a href=\"tel:977680010\" data-mce-href=\"tel:977680010\">977 680 010<\/a><br data-mce-bogus=\"1\"><\/p>\n<p>[\/et_pb_blurb][et_pb_blurb image=&#8221;https:\/\/elvendrellturisme.dms3labs.cat\/wp-content\/uploads\/copia-de-copia-de-el-vendrell-web.jpg&#8221; alt=&#8221;whatsapp marcha n\u00f3rdica en el vendrell&#8221; icon_placement=&#8221;left&#8221; _builder_version=&#8221;4.16&#8243; _module_preset=&#8221;default&#8221; width=&#8221;100%&#8221; custom_margin=&#8221;||10px||false|false&#8221; global_colors_info=&#8221;{}&#8221;]<\/p>\n<p><a href=\"https:\/\/wa.me\/+34670019171\" data-mce-href=\"https:\/\/wa.me\/+34670019171\" data-mce- target=\"_blank\" rel=\"noopener\">670 019 171<\/a><br data-mce-bogus=\"1\"><\/p>\n<p>[\/et_pb_blurb][et_pb_blurb use_icon=&#8221;on&#8221; font_icon=&#8221;&#xe076;||divi||400&#8243; icon_color=&#8221;#73B3E8&#8243; icon_placement=&#8221;left&#8221; image_icon_width=&#8221;28px&#8221; _builder_version=&#8221;4.16&#8243; _module_preset=&#8221;default&#8221; width=&#8221;100%&#8221; custom_margin=&#8221;||10px||false|false&#8221; icon_font_size=&#8221;28px&#8221; global_colors_info=&#8221;{}&#8221;]<\/p>\n<p><a href=\"mailto:informacio@elvendrellturistic.com\" data-mce-href=\"mailto:informacio@elvendrellturistic.com\">informacio@elvendrellturistic.com<\/a><br data-mce-bogus=\"1\"><\/p>\n<p>[\/et_pb_blurb][et_pb_blurb use_icon=&#8221;on&#8221; font_icon=&#8221;&#xe0e3;||divi||400&#8243; icon_color=&#8221;#73B3E8&#8243; icon_placement=&#8221;left&#8221; image_icon_width=&#8221;28px&#8221; disabled_on=&#8221;on|on|on&#8221; _builder_version=&#8221;4.16&#8243; _module_preset=&#8221;default&#8221; width=&#8221;100%&#8221; icon_font_size=&#8221;28px&#8221; disabled=&#8221;on&#8221; global_colors_info=&#8221;{}&#8221;]<\/p>\n<p><a href=\"https:\/\/museusdelvendrell.koobin.com\/casa-nadiua-pau-casals-el-vendrell\" data-mce-href=\"https:\/\/museusdelvendrell.koobin.com\/casa-nadiua-pau-casals-el-vendrell\" data-mce- target=\"_blank\" rel=\"noopener\">Comprar entradas<\/a><br data-mce-bogus=\"1\"><\/p>\n<p>[\/et_pb_blurb][\/et_pb_column][et_pb_column type=&#8221;3_5&#8243; _builder_version=&#8221;4.16&#8243; _module_preset=&#8221;default&#8221; background_enable_image=&#8221;off&#8221; background_size=&#8221;contain&#8221; global_colors_info=&#8221;{}&#8221;][et_pb_image src=&#8221;https:\/\/elvendrellturisme.dms3labs.cat\/wp-content\/uploads\/cine-destiu-1.jpg&#8221; title_text=&#8221;ruta-guimera&#8221; _builder_version=&#8221;4.16&#8243; _module_preset=&#8221;default&#8221; custom_padding=&#8221;|10px|||false|false&#8221; custom_css_main_element=&#8221;margin-bottom: 10px!important;&#8221; global_colors_info=&#8221;{}&#8221;][\/et_pb_image][\/et_pb_column][\/et_pb_row][\/et_pb_section][et_pb_section fb_built=&#8221;1&#8243; disabled_on=&#8221;on|on|on&#8221; module_id=&#8221;agenda&#8221; _builder_version=&#8221;4.23.4&#8243; _module_preset=&#8221;default&#8221; background_color=&#8221;rgba(194,227,241,0.2)&#8221; disabled=&#8221;on&#8221; global_colors_info=&#8221;{}&#8221;][et_pb_row column_structure=&#8221;1_3,2_3&#8243; make_equal=&#8221;on&#8221; disabled_on=&#8221;on|on|on&#8221; module_id=&#8221;agenda&#8221; _builder_version=&#8221;4.16&#8243; _module_preset=&#8221;default&#8221; custom_margin=&#8221;75px||||false|false&#8221; custom_padding=&#8221;0px||75px||false|false&#8221; border_width_top=&#8221;1px&#8221; border_color_top=&#8221;#CCCCCC&#8221; disabled=&#8221;on&#8221; global_colors_info=&#8221;{}&#8221;][et_pb_column type=&#8221;1_3&#8243; _builder_version=&#8221;4.16&#8243; _module_preset=&#8221;default&#8221; custom_padding=&#8221;50px||||false|false&#8221; custom_padding_tablet=&#8221;50px||25px||false|false&#8221; custom_padding_phone=&#8221;&#8221; custom_padding_last_edited=&#8221;on|phone&#8221; global_colors_info=&#8221;{}&#8221;][et_pb_text _builder_version=&#8221;4.16&#8243; _module_preset=&#8221;default&#8221; header_2_font_size=&#8221;35px&#8221; custom_margin=&#8221;||10px||false|false&#8221; custom_padding=&#8221;||0px||false|false&#8221; global_colors_info=&#8221;{}&#8221;]<\/p>\n<h2>Actividades saludables<\/h2>\n<p>[\/et_pb_text][et_pb_text _builder_version=&#8221;4.16&#8243; _module_preset=&#8221;default&#8221; custom_margin=&#8221;||15px||false|false&#8221; global_colors_info=&#8221;{}&#8221;]<\/p>\n<p>Estos son las actividades saludables destacadas que encontrar\u00e1s pr\u00f3ximamente en el Vendrell. Si quieres ver m\u00e1s clica el enlace y filtra para actividades de playa:<\/p>\n<p>[\/et_pb_text][et_pb_button button_url=&#8221;https:\/\/elvendrellturisme.dms3labs.cat\/es\/mec-category\/actividades-saludables-es\/&#8221; button_text=&#8221;Ver todas las actividades &#8221; button_alignment=&#8221;left&#8221; _builder_version=&#8221;4.16&#8243; _module_preset=&#8221;default&#8221; custom_button=&#8221;on&#8221; button_text_size=&#8221;13px&#8221; button_border_width=&#8221;0px&#8221; button_font=&#8221;|||on|||||&#8221; button_icon=&#8221;&#x4c;||divi||400&#8243; button_icon_placement=&#8221;left&#8221; button_on_hover=&#8221;off&#8221; custom_margin=&#8221;||2px||false|false&#8221; global_colors_info=&#8221;{}&#8221; button_bg_color__hover_enabled=&#8221;on|hover&#8221; button_bg_color__hover=&#8221;RGBA(0,0,0,0)&#8221; button_bg_enable_color__hover=&#8221;on&#8221;][\/et_pb_button][\/et_pb_column][et_pb_column type=&#8221;2_3&#8243; _builder_version=&#8221;4.16&#8243; _module_preset=&#8221;default&#8221; global_colors_info=&#8221;{}&#8221;]<\/p>\n<p>[mecdivi_MECShortcodes shortcode_id=&#8221;26047&#8243; module_class=&#8221;home&#8221; _builder_version=&#8221;4.8.2&#8243; _module_preset=&#8221;default&#8221;][\/mecdivi_MECShortcodes]<\/p>\n<p>[\/et_pb_column][\/et_pb_row][\/et_pb_section]<\/p>\n","protected":false},"excerpt":{"rendered":"<p>actividades saludables en el VendrellActividades en curso<div class=\"et_pb_module none divienhancer-hover-effect toolset_divi_view toolset_divi_view_0\">\n\t\t\t\t\n\t\t\t\t\n\t\t\t\t\n\t\t\t\t\n\t\t\t\t\n\t\t\t\t\n\t\t\t\t<div class=\"et_pb_module_inner\">\n\t\t\t\t\t\n\n\n<div id=\"wpv-view-layout-44871\" class=\"js-wpv-view-layout js-wpv-layout-responsive js-wpv-view-layout-44871\" data-viewnumber=\"44871\" data-pagination=\"{&quot;id&quot;:44871,&quot;query&quot;:&quot;normal&quot;,&quot;type&quot;:&quot;disabled&quot;,&quot;effect&quot;:&quot;fade&quot;,&quot;duration&quot;:500,&quot;speed&quot;:5,&quot;pause_on_hover&quot;:&quot;enabled&quot;,&quot;stop_rollover&quot;:&quot;false&quot;,&quot;cache_pages&quot;:&quot;enabled&quot;,&quot;preload_images&quot;:&quot;enabled&quot;,&quot;preload_pages&quot;:&quot;enabled&quot;,&quot;preload_reach&quot;:1,&quot;spinner&quot;:&quot;builtin&quot;,&quot;spinner_image&quot;:&quot;https:\/\/elvendrellturisme.dms3labs.cat\/wp-content\/plugins\/toolset-blocks\/embedded\/res\/img\/ajax-loader.gif&quot;,&quot;callback_next&quot;:&quot;&quot;,&quot;manage_history&quot;:&quot;enabled&quot;,&quot;has_controls_in_form&quot;:&quot;disabled&quot;,&quot;infinite_tolerance&quot;:&quot;0&quot;,&quot;max_pages&quot;:0,&quot;page&quot;:1,&quot;base_permalink&quot;:&quot;\/es\/wp-json\/wp\/v2\/pages\/26741?wpv_view_count=44871&amp;wpv_paged=WPV_PAGE_NUM&quot;,&quot;loop&quot;:{&quot;type&quot;:&quot;&quot;,&quot;name&quot;:&quot;&quot;,&quot;data&quot;:[],&quot;id&quot;:0}}\" data-permalink=\"\/es\/wp-json\/wp\/v2\/pages\/26741?wpv_view_count=44871\">\n\n\t\n\t\n\t\n\t\t<div class=\"activities-container\">\n  <img decoding=\"async\" width=\"750\" height=\"909\" src=\"https:\/\/elvendrellturisme.dms3labs.cat\/wp-content\/uploads\/festes-estiu-francas-santsalvador-coma-ruga-1.jpg\" class=\"attachment-large\" alt=\"\" title=\"\" style=\"\" srcset=\"https:\/\/elvendrellturisme.dms3labs.cat\/wp-content\/uploads\/festes-estiu-francas-santsalvador-coma-ruga-1.jpg 750w, https:\/\/elvendrellturisme.dms3labs.cat\/wp-content\/uploads\/festes-estiu-francas-santsalvador-coma-ruga-1-480x582.jpg 480w\" sizes=\"(min-width: 0px) and (max-width: 480px) 480px, (min-width: 481px) 750px, 100vw\">\n  <div class=\"activities-content\">\n    <h2>Fiestas de verano El Franc\u00e0s, Sant Salvador y Coma-ruga<\/h2>\n    <p>Consulta el programa de las fiestas de verano de El Franc\u00e0s, Sant Salvador y Coma-ruga<\/p>\n    <a href=\"https:\/\/elvendrellturisme.dms3labs.cat\/wp-content\/uploads\/PROGRAMAFESTESestiuCAT2025compressed11753170104.pdf\" target=\"_blank\" rel=\"noopener noreferrer\">M\u00e1s informaci\u00f3n<\/a>\n  <\/div>\n<\/div>\n\t\n\t\n\t\n\t\n<\/div>\n\t\t\t\t<\/div>\n\t\t\t<\/div>Actividades en curso<div class=\"et_pb_module none divienhancer-hover-effect toolset_divi_view toolset_divi_view_1\">\n\t\t\t\t\n\t\t\t\t\n\t\t\t\t\n\t\t\t\t\n\t\t\t\t\n\t\t\t\t\n\t\t\t\t<div class=\"et_pb_module_inner\">\n\t\t\t\t\t\n\n\n<div id=\"wpv-view-layout-44871\" class=\"js-wpv-view-layout js-wpv-layout-responsive js-wpv-view-layout-44871\" data-viewnumber=\"44871\" data-pagination=\"{&quot;id&quot;:44871,&quot;query&quot;:&quot;normal&quot;,&quot;type&quot;:&quot;disabled&quot;,&quot;effect&quot;:&quot;fade&quot;,&quot;duration&quot;:500,&quot;speed&quot;:5,&quot;pause_on_hover&quot;:&quot;enabled&quot;,&quot;stop_rollover&quot;:&quot;false&quot;,&quot;cache_pages&quot;:&quot;enabled&quot;,&quot;preload_images&quot;:&quot;enabled&quot;,&quot;preload_pages&quot;:&quot;enabled&quot;,&quot;preload_reach&quot;:1,&quot;spinner&quot;:&quot;builtin&quot;,&quot;spinner_image&quot;:&quot;https:\/\/elvendrellturisme.dms3labs.cat\/wp-content\/plugins\/toolset-blocks\/embedded\/res\/img\/ajax-loader.gif&quot;,&quot;callback_next&quot;:&quot;&quot;,&quot;manage_history&quot;:&quot;enabled&quot;,&quot;has_controls_in_form&quot;:&quot;disabled&quot;,&quot;infinite_tolerance&quot;:&quot;0&quot;,&quot;max_pages&quot;:0,&quot;page&quot;:1,&quot;base_permalink&quot;:&quot;\/es\/wp-json\/wp\/v2\/pages\/26741?wpv_view_count=44871&amp;wpv_paged=WPV_PAGE_NUM&quot;,&quot;loop&quot;:{&quot;type&quot;:&quot;&quot;,&quot;name&quot;:&quot;&quot;,&quot;data&quot;:[],&quot;id&quot;:0}}\" data-permalink=\"\/es\/wp-json\/wp\/v2\/pages\/26741?wpv_view_count=44871\">\n\n\t\n\t\n\t\n\t\t<div class=\"activities-container\">\n  <img decoding=\"async\" width=\"750\" height=\"909\" src=\"https:\/\/elvendrellturisme.dms3labs.cat\/wp-content\/uploads\/festes-estiu-francas-santsalvador-coma-ruga-1.jpg\" class=\"attachment-large\" alt=\"\" title=\"\" style=\"\" srcset=\"https:\/\/elvendrellturisme.dms3labs.cat\/wp-content\/uploads\/festes-estiu-francas-santsalvador-coma-ruga-1.jpg 750w, https:\/\/elvendrellturisme.dms3labs.cat\/wp-content\/uploads\/festes-estiu-francas-santsalvador-coma-ruga-1-480x582.jpg 480w\" sizes=\"(min-width: 0px) and (max-width: 480px) 480px, (min-width: 481px) 750px, 100vw\">\n  <div class=\"activities-content\">\n    <h2>Fiestas de verano El Franc\u00e0s, Sant Salvador y Coma-ruga<\/h2>\n    <p>Consulta el programa de las fiestas de verano de El Franc\u00e0s, Sant Salvador y Coma-ruga<\/p>\n    <a href=\"https:\/\/elvendrellturisme.dms3labs.cat\/wp-content\/uploads\/PROGRAMAFESTESestiuCAT2025compressed11753170104.pdf\" target=\"_blank\" rel=\"noopener noreferrer\">M\u00e1s informaci\u00f3n<\/a>\n  <\/div>\n<\/div>\n\t\n\t\n\t\n\t\n<\/div>\n\t\t\t\t<\/div>\n\t\t\t<\/div>Actividades pasadas<div class=\"et_pb_module none divienhancer-hover-effect toolset_divi_view toolset_divi_view_2\">\n\t\t\t\t\n\t\t\t\t\n\t\t\t\t\n\t\t\t\t\n\t\t\t\t\n\t\t\t\t\n\t\t\t\t<div class=\"et_pb_module_inner\">\n\t\t\t\t\t\n\n\n<div id=\"wpv-view-layout-44875\" class=\"js-wpv-view-layout js-wpv-layout-responsive js-wpv-view-layout-44875\" data-viewnumber=\"44875\" data-pagination=\"{&quot;id&quot;:44875,&quot;query&quot;:&quot;normal&quot;,&quot;type&quot;:&quot;disabled&quot;,&quot;effect&quot;:&quot;fade&quot;,&quot;duration&quot;:500,&quot;speed&quot;:5,&quot;pause_on_hover&quot;:&quot;enabled&quot;,&quot;stop_rollover&quot;:&quot;false&quot;,&quot;cache_pages&quot;:&quot;enabled&quot;,&quot;preload_images&quot;:&quot;enabled&quot;,&quot;preload_pages&quot;:&quot;enabled&quot;,&quot;preload_reach&quot;:1,&quot;spinner&quot;:&quot;builtin&quot;,&quot;spinner_image&quot;:&quot;https:\/\/elvendrellturisme.dms3labs.cat\/wp-content\/plugins\/toolset-blocks\/embedded\/res\/img\/ajax-loader.gif&quot;,&quot;callback_next&quot;:&quot;&quot;,&quot;manage_history&quot;:&quot;enabled&quot;,&quot;has_controls_in_form&quot;:&quot;disabled&quot;,&quot;infinite_tolerance&quot;:&quot;0&quot;,&quot;max_pages&quot;:0,&quot;page&quot;:1,&quot;base_permalink&quot;:&quot;\/es\/wp-json\/wp\/v2\/pages\/26741?wpv_view_count=44875&amp;wpv_paged=WPV_PAGE_NUM&quot;,&quot;loop&quot;:{&quot;type&quot;:&quot;&quot;,&quot;name&quot;:&quot;&quot;,&quot;data&quot;:[],&quot;id&quot;:0}}\" data-permalink=\"\/es\/wp-json\/wp\/v2\/pages\/26741?wpv_view_count=44875\">\n\n\t\n\t\n\t\n\t\t<div class=\"activities-container\">\n  <img decoding=\"async\" src=\"https:\/\/elvendrellturisme.dms3labs.cat\/wp-content\/uploads\/firastateresa.jpg\" alt=\"\" title=\"\">\n  <div class=\"activities-content\">\n    <h2>Feria Santa Teresa<\/h2>\n    <p>\u00a1Descarga el programa y descubre las diferentes actividades, actuaciones y la d\u00edada castellera de Santa Teresa!<\/p>\n    <a href=\"https:\/\/elvendrellturisme.dms3labs.cat\/wp-content\/uploads\/programa-fira-santa-teresa-el-vendrell.pdf\" target=\"_blank\" rel=\"noopener noreferrer\">M\u00e1s informaci\u00f3n<\/a>\n  <\/div>\n<\/div>\n\t\n\t\t<div class=\"activities-container\">\n  <img decoding=\"async\" src=\"https:\/\/elvendrellturisme.dms3labs.cat\/wp-content\/uploads\/activitats-vendrell.jpg\" alt=\"\" title=\"\">\n  <div class=\"activities-content\">\n    <h2>Actividades<\/h2>\n    <p>Descarga nuestro PDF y destapa todas las actividades que realizamos en El Vendrell. \u00a1Ven a disfrutar de la naturaleza!<\/p>\n    <a href=\"https:\/\/elvendrellturisme.dms3labs.cat\/wp-content\/uploads\/vendrell-activitats-2.jpg\" target=\"_blank\" rel=\"noopener noreferrer\">M\u00e1s informaci\u00f3n<\/a>\n  <\/div>\n<\/div>\n\t\n\t\t<div class=\"activities-container\">\n  <img decoding=\"async\" src=\"https:\/\/elvendrellturisme.dms3labs.cat\/wp-content\/uploads\/tallers-familiars-aula-aquatica.jpg\" alt=\"\" title=\"\">\n  <div class=\"activities-content\">\n    <h2>Talleres familiares en el Aula Acu\u00e1tica<\/h2>\n    <p>Cada s\u00e1bado a las 18:00 h, el Aula Acu\u00e1tica organiza talleres familiares. \u00a1Ven a descubrir las curiosidades m\u00e1s escondidas de nuestro mar mientras aprendemos a cuidarlo!<\/p>\n    <a href=\"https:\/\/elvendrellturisme.dms3labs.cat\/wp-content\/uploads\/TALLERS-FAMILIARS.pdf\" target=\"_blank\" rel=\"noopener noreferrer\">M\u00e1s informaci\u00f3n<\/a>\n  <\/div>\n<\/div>\n\t\n\t\t<div class=\"activities-container\">\n  <img decoding=\"async\" src=\"https:\/\/elvendrellturisme.dms3labs.cat\/wp-content\/uploads\/dilluns-al-mag-vendrell.jpg\" alt=\"\" title=\"\">\n  <div class=\"activities-content\">\n    <h2>Los lunes en el M\u00e0g<\/h2>\n    <p>Diferentes espect\u00e1culos los lunes en el Museo \u00c0ngel Guimer\u00e0. \u00a1No te lo pierdas y reserva ahora tu entrada!<\/p>\n    <a href=\"https:\/\/museusdelvendrell.koobin.com\/?id_tipo_evento=3\" target=\"_blank\" rel=\"noopener noreferrer\">M\u00e1s informaci\u00f3n<\/a>\n  <\/div>\n<\/div>\n\t\n\t\t<div class=\"activities-container\">\n  <img decoding=\"async\" src=\"https:\/\/elvendrellturisme.dms3labs.cat\/wp-content\/uploads\/rutes-culturals-vendrell.jpg\" alt=\"\" title=\"\">\n  <div class=\"activities-content\">\n    <h2>Rutas culturales<\/h2>\n    <p>Conoce El Vendrell de una manera especial con las rutas culturales en El Vendrell. \u00a1No te pierdas ninguna y consigue ahora tu invitaci\u00f3n!<\/p>\n    <a href=\"https:\/\/museusdelvendrell.koobin.com\/?id_tipo_evento=1\" target=\"_blank\" rel=\"noopener noreferrer\">M\u00e1s informaci\u00f3n<\/a>\n  <\/div>\n<\/div>\n\t\n\t\t<div class=\"activities-container\">\n  <img decoding=\"async\" src=\"https:\/\/elvendrellturisme.dms3labs.cat\/wp-content\/uploads\/festes-destiu-vendrell.jpg\" alt=\"\" title=\"\">\n  <div class=\"activities-content\">\n    <h2>Fiestas de verano<\/h2>\n    <p>Descubre las fiestas de verano en El Vendrell descargando nuestro programa. \u00a1No te puedes perder ninguna!<\/p>\n    <a href=\"https:\/\/elvendrellturisme.dms3labs.cat\/wp-content\/uploads\/programa-festes-estiu-2024.pdf\" target=\"_blank\" rel=\"noopener noreferrer\">M\u00e1s informaci\u00f3n<\/a>\n  <\/div>\n<\/div>\n\t\n\t\t<div class=\"activities-container\">\n  <img decoding=\"async\" src=\"https:\/\/elvendrellturisme.dms3labs.cat\/wp-content\/uploads\/503001535-1279786664153719-5485938151355378938-n-687x1024.jpg\" alt=\"\" title=\"\">\n  <div class=\"activities-content\">\n    <h2>Turismar<\/h2>\n    <p>Descarga el programa y descubre todas las actividades de la feria para dar la bienvenida al verano en Coma-ruga del 20 al 23 de junio.<\/p>\n    <a href=\"https:\/\/elvendrellturisme.dms3labs.cat\/wp-content\/uploads\/TURSIMARPROGRAMAACTESCATALA25.pdf\" target=\"_blank\" rel=\"noopener noreferrer\">M\u00e1s informaci\u00f3n<\/a>\n  <\/div>\n<\/div>\n\t\n\t\n\t\n\t<!--[wpv-no-items-found]\n\t\t<strong>[wpml-string context=\"wpv-views\"]Actualment no hi ha activitats en curs.[\/wpml-string]<\/strong>\n\t[\/wpv-no-items-found]-->\n<\/div>\n\n\t\t\t\t<\/div>\n\t\t\t<\/div>Los lunes en el Museo \u00c0ngel Guimer\u00e0Rutas culturales Ven a disfrutar de la culturaAgendaEstos son los actos destacados que encontrar\u00e1s pr\u00f3ximamente en El Vendrell. Si quieres ver m\u00e1s clica el enlace:<div class=\"et_pb_module none divienhancer-hover-effect mecdivi_MECShortcodes mecdivi_MECShortcodes_0\">\n\t\t\t\t\n\t\t\t\t\n\t\t\t\t\n\t\t\t\t\n\t\t\t\t\n\t\t\t\t\n\t\t\t\t<div class=\"et_pb_module_inner\">\n\t\t\t\t\t<div class=\"mec-wrap mec-skin-list-container  \" id=\"mec_skin_&#8221;12430&#8243;\">\r\n    \r\n    \r\n            <div class=\"mec-skin-list-events-container\" id=\"mec_skin_events_&#8221;12430&#8243;\">\r\n        <div class=\"mec-wrap colorskin-custom\">\r\n\t<div class=\"mec-event-list-modern\">\r\n\t\t\r\n                        <div class=\"mec-month-divider\" data-toggle-divider=\"mec-toggle-202605-&#8221;12430&#8243;\"><span>mayo 2026<\/span><i class=\"mec-sl-arrow-down\"><\/i><\/div>\r\n            \r\n                    <script type=\"application\/ld+json\">\r\n        {\r\n            \"@context\": \"http:\/\/schema.org\",\r\n            \"@type\": \"Event\",\r\n            \"eventStatus\": \"https:\/\/schema.org\/EventScheduled\",\r\n            \"startDate\": \"2026-05-01\",\r\n            \"endDate\": \"2026-05-01\",\r\n            \"eventAttendanceMode\": \"https:\/\/schema.org\/OfflineEventAttendanceMode\",\r\n            \"location\":\r\n            {\r\n                \"@type\": \"Place\",\r\n                                \"name\": \"\",\r\n                \"image\": \"\",\r\n                \"address\": \"\"\r\n                            },\r\n            \"organizer\":\r\n            {\r\n                \"@type\": \"Person\",\r\n                \"name\": \"\",\r\n                \"url\": \"\"\r\n            },\r\n            \"offers\":\r\n            {\r\n                \"url\": \"https:\/\/elvendrellturisme.dms3labs.cat\/es\/events\/visita-guiada-por-el-espacio-natural-de-les-madrigueres-2\/\",\r\n                \"price\": \"\",\r\n                \"priceCurrency\": \"\u20ac\",\r\n                \"availability\": \"https:\/\/schema.org\/InStock\",\r\n                \"validFrom\": \"2026-05-01T00:00\"\r\n            },\r\n            \"performer\": \"\",\r\n            \"description\": \"&lt;img class=&quot;alignnone wp-image-47163 size-full&quot; src=&quot;https:\/\/elvendrellturisme.dms3labs.cat\/wp-content\/uploads\/visita-madrigueres-cat1.jpg&quot; alt=&quot;&quot; width=&quot;1080&quot; height=&quot;1080&quot; \/&gt; &lt;img class=&quot;alignnone wp-image-47158 size-full&quot; src=&quot;https:\/\/elvendrellturisme.dms3labs.cat\/wp-content\/uploads\/visita-madrigueres-cast2.jpg&quot; alt=&quot;&quot; width=&quot;1080&quot; height=&quot;1080&quot; \/&gt;\",\r\n            \"image\": \"https:\/\/elvendrellturisme.dms3labs.cat\/wp-content\/uploads\/visites-guiades2.jpg\",\r\n            \"name\": \"VISITA GUIADA POR EL ESPACIO NATURAL DE LES MADRIGUERES\",\r\n            \"url\": \"https:\/\/elvendrellturisme.dms3labs.cat\/es\/events\/visita-guiada-por-el-espacio-natural-de-les-madrigueres-2\/\"\r\n        }\r\n        <\/script>\r\n                    <article class=\"mec-event-article mec-clear  mec-divider-toggle mec-toggle-202605-&#8221;12430&#8243;\" itemscope>\r\n                                    <div class=\"col-md-2 col-sm-2\">\r\n\r\n                                                <div class=\"mec-event-date\">\r\n                            <div class=\"event-d mec-color\">01<\/div>\r\n                            <div class=\"event-f\">mayo<\/div>\r\n                            <div class=\"event-da\">viernes<\/div>\r\n                        <\/div>\r\n                                            <\/div>\r\n                    <div class=\"col-md-6 col-sm-6\">\r\n                                                                        <h4 class=\"mec-event-title\"><a class=\"mec-color-hover\"  data-event-id=\"47171\" href=\"https:\/\/elvendrellturisme.dms3labs.cat\/es\/events\/visita-guiada-por-el-espacio-natural-de-les-madrigueres-2\/\" target=\"_self\" rel=\"noopener\">VISITA GUIADA POR EL ESPACIO NATURAL DE LES MADRIGUERES<\/a><span class=\"event-color\" style=\"background: #\"><\/span><\/h4>\r\n                                                <div class=\"mec-event-detail\">\r\n                            <div class=\"mec-event-loc-place\"><\/div>\r\n                                                                                                            <\/div>\r\n                        <ul class=\"mec-event-sharing\"><li class=\"mec-event-social-icon\"><a class=\"facebook\" href=\"https:\/\/www.facebook.com\/sharer\/sharer.php?u=https%3A%2F%2Felvendrellturisme.dms3labs.cat%2Fes%2Fevents%2Fvisita-guiada-por-el-espacio-natural-de-les-madrigueres-2%2F\" onclick=\"javascript:window.open(this.href, '', 'menubar=no,toolbar=no,resizable=yes,scrollbars=yes,height=500,width=600'); return false;\" title=\"Compartir en Facebook\"><i class=\"mec-fa-facebook\"><\/i><\/a><\/li><li class=\"mec-event-social-icon\"><a class=\"twitter\" href=\"https:\/\/twitter.com\/share?url=https%3A%2F%2Felvendrellturisme.dms3labs.cat%2Fes%2Fevents%2Fvisita-guiada-por-el-espacio-natural-de-les-madrigueres-2%2F\" onclick=\"javascript:window.open(this.href, '', 'menubar=no,toolbar=no,resizable=yes,scrollbars=yes,height=600,width=500'); return false;\" target=\"_blank\" title=\"Tweet\"><i class=\"mec-fa-twitter\"><\/i><\/a><\/li><li class=\"mec-event-social-icon\"><a class=\"linkedin\" href=\"https:\/\/www.linkedin.com\/shareArticle?mini=true&url=https%3A%2F%2Felvendrellturisme.dms3labs.cat%2Fes%2Fevents%2Fvisita-guiada-por-el-espacio-natural-de-les-madrigueres-2%2F\" onclick=\"javascript:window.open(this.href, '', 'menubar=no,toolbar=no,resizable=yes,scrollbars=yes,height=600,width=500'); return false;\" target=\"_blank\" title=\"LinkedIn\"><i class=\"mec-fa-linkedin\"><\/i><\/a><\/li><li class=\"mec-event-social-icon\"><a class=\"email\" href=\"mailto:?subject=VISITA GUIADA POR EL ESPACIO NATURAL DE LES MADRIGUERES&body=https%3A%2F%2Felvendrellturisme.dms3labs.cat%2Fes%2Fevents%2Fvisita-guiada-por-el-espacio-natural-de-les-madrigueres-2%2F\" title=\"Correo electr\u00f3nico\"><i class=\"mec-fa-envelope\"><\/i><\/a><\/li><\/ul>\r\n                    <\/div>\r\n                    <div class=\"col-md-4 col-sm-4 mec-btn-wrapper\">\r\n                                                <a class=\"mec-booking-button\"  data-event-id=\"47171\" href=\"https:\/\/elvendrellturisme.dms3labs.cat\/es\/events\/visita-guiada-por-el-espacio-natural-de-les-madrigueres-2\/\" target=\"_self\" rel=\"noopener\">Ver detalle<\/a>                                            <\/div>\r\n                            <\/article>\r\n                    <script type=\"application\/ld+json\">\r\n        {\r\n            \"@context\": \"http:\/\/schema.org\",\r\n            \"@type\": \"Event\",\r\n            \"eventStatus\": \"https:\/\/schema.org\/EventScheduled\",\r\n            \"startDate\": \"2026-05-01\",\r\n            \"endDate\": \"2026-05-01\",\r\n            \"eventAttendanceMode\": \"https:\/\/schema.org\/OfflineEventAttendanceMode\",\r\n            \"location\":\r\n            {\r\n                \"@type\": \"Place\",\r\n                                \"name\": \"Museo Pau Casals\",\r\n                \"image\": \"\",\r\n                \"address\": \"\"\r\n                            },\r\n            \"organizer\":\r\n            {\r\n                \"@type\": \"Person\",\r\n                \"name\": \"\",\r\n                \"url\": \"\"\r\n            },\r\n            \"offers\":\r\n            {\r\n                \"url\": \"https:\/\/elvendrellturisme.dms3labs.cat\/es\/events\/visita-guiada-al-museo-pau-casals-2\/\",\r\n                \"price\": \"\",\r\n                \"priceCurrency\": \"\u20ac\",\r\n                \"availability\": \"https:\/\/schema.org\/InStock\",\r\n                \"validFrom\": \"2026-05-01T00:00\"\r\n            },\r\n            \"performer\": \"\",\r\n            \"description\": \"&lt;img class=&quot;alignnone wp-image-47360 size-full&quot; src=&quot;https:\/\/elvendrellturisme.dms3labs.cat\/wp-content\/uploads\/whatsapp-image-2026-04-10-at-131657.jpeg&quot; alt=&quot;&quot; width=&quot;980&quot; height=&quot;601&quot; \/&gt;\",\r\n            \"image\": \"https:\/\/elvendrellturisme.dms3labs.cat\/wp-content\/uploads\/visites-guiades2.jpg\",\r\n            \"name\": \"Visita guiada al Museo Pau Casals\",\r\n            \"url\": \"https:\/\/elvendrellturisme.dms3labs.cat\/es\/events\/visita-guiada-al-museo-pau-casals-2\/\"\r\n        }\r\n        <\/script>\r\n                    <article class=\"mec-event-article mec-clear  mec-divider-toggle mec-toggle-202605-&#8221;12430&#8243;\" itemscope>\r\n                                    <div class=\"col-md-2 col-sm-2\">\r\n\r\n                                                <div class=\"mec-event-date\">\r\n                            <div class=\"event-d mec-color\">01<\/div>\r\n                            <div class=\"event-f\">mayo<\/div>\r\n                            <div class=\"event-da\">viernes<\/div>\r\n                        <\/div>\r\n                                            <\/div>\r\n                    <div class=\"col-md-6 col-sm-6\">\r\n                                                                        <h4 class=\"mec-event-title\"><a class=\"mec-color-hover\"  data-event-id=\"47365\" href=\"https:\/\/elvendrellturisme.dms3labs.cat\/es\/events\/visita-guiada-al-museo-pau-casals-2\/\" target=\"_self\" rel=\"noopener\">Visita guiada al Museo Pau Casals<\/a><span class=\"event-color\" style=\"background: #\"><\/span><\/h4>\r\n                                                <div class=\"mec-event-detail\">\r\n                            <div class=\"mec-event-loc-place\">Museo Pau Casals<\/div>\r\n                                                                                                            <\/div>\r\n                        <ul class=\"mec-event-sharing\"><li class=\"mec-event-social-icon\"><a class=\"facebook\" href=\"https:\/\/www.facebook.com\/sharer\/sharer.php?u=https%3A%2F%2Felvendrellturisme.dms3labs.cat%2Fes%2Fevents%2Fvisita-guiada-al-museo-pau-casals-2%2F\" onclick=\"javascript:window.open(this.href, '', 'menubar=no,toolbar=no,resizable=yes,scrollbars=yes,height=500,width=600'); return false;\" title=\"Compartir en Facebook\"><i class=\"mec-fa-facebook\"><\/i><\/a><\/li><li class=\"mec-event-social-icon\"><a class=\"twitter\" href=\"https:\/\/twitter.com\/share?url=https%3A%2F%2Felvendrellturisme.dms3labs.cat%2Fes%2Fevents%2Fvisita-guiada-al-museo-pau-casals-2%2F\" onclick=\"javascript:window.open(this.href, '', 'menubar=no,toolbar=no,resizable=yes,scrollbars=yes,height=600,width=500'); return false;\" target=\"_blank\" title=\"Tweet\"><i class=\"mec-fa-twitter\"><\/i><\/a><\/li><li class=\"mec-event-social-icon\"><a class=\"linkedin\" href=\"https:\/\/www.linkedin.com\/shareArticle?mini=true&url=https%3A%2F%2Felvendrellturisme.dms3labs.cat%2Fes%2Fevents%2Fvisita-guiada-al-museo-pau-casals-2%2F\" onclick=\"javascript:window.open(this.href, '', 'menubar=no,toolbar=no,resizable=yes,scrollbars=yes,height=600,width=500'); return false;\" target=\"_blank\" title=\"LinkedIn\"><i class=\"mec-fa-linkedin\"><\/i><\/a><\/li><li class=\"mec-event-social-icon\"><a class=\"email\" href=\"mailto:?subject=Visita guiada al Museo Pau Casals&body=https%3A%2F%2Felvendrellturisme.dms3labs.cat%2Fes%2Fevents%2Fvisita-guiada-al-museo-pau-casals-2%2F\" title=\"Correo electr\u00f3nico\"><i class=\"mec-fa-envelope\"><\/i><\/a><\/li><\/ul>\r\n                    <\/div>\r\n                    <div class=\"col-md-4 col-sm-4 mec-btn-wrapper\">\r\n                                                <a class=\"mec-booking-button\"  data-event-id=\"47365\" href=\"https:\/\/elvendrellturisme.dms3labs.cat\/es\/events\/visita-guiada-al-museo-pau-casals-2\/\" target=\"_self\" rel=\"noopener\">Ver detalle<\/a>                                            <\/div>\r\n                            <\/article>\r\n            \t\t\r\n            \r\n                    <script type=\"application\/ld+json\">\r\n        {\r\n            \"@context\": \"http:\/\/schema.org\",\r\n            \"@type\": \"Event\",\r\n            \"eventStatus\": \"https:\/\/schema.org\/EventScheduled\",\r\n            \"startDate\": \"2026-05-02\",\r\n            \"endDate\": \"2026-05-02\",\r\n            \"eventAttendanceMode\": \"https:\/\/schema.org\/OfflineEventAttendanceMode\",\r\n            \"location\":\r\n            {\r\n                \"@type\": \"Place\",\r\n                                \"name\": \"\",\r\n                \"image\": \"\",\r\n                \"address\": \"\"\r\n                            },\r\n            \"organizer\":\r\n            {\r\n                \"@type\": \"Person\",\r\n                \"name\": \"\",\r\n                \"url\": \"\"\r\n            },\r\n            \"offers\":\r\n            {\r\n                \"url\": \"https:\/\/elvendrellturisme.dms3labs.cat\/es\/events\/deporte-y-salud-en-la-playa-zumba-5\/\",\r\n                \"price\": \"\",\r\n                \"priceCurrency\": \"\u20ac\",\r\n                \"availability\": \"https:\/\/schema.org\/InStock\",\r\n                \"validFrom\": \"2026-05-02T00:00\"\r\n            },\r\n            \"performer\": \"\",\r\n            \"description\": \"&lt;img class=&quot;alignnone wp-image-46426 size-full&quot; src=&quot;https:\/\/elvendrellturisme.dms3labs.cat\/wp-content\/uploads\/zumba-pilatez.jpg&quot; alt=&quot;&quot; width=&quot;1080&quot; height=&quot;1080&quot; \/&gt;\",\r\n            \"image\": \"https:\/\/elvendrellturisme.dms3labs.cat\/wp-content\/uploads\/esport-i-salut-3.jpg\",\r\n            \"name\": \"DEPORTE Y SALUD EN LA PLAYA &#8211; ZUMBA\",\r\n            \"url\": \"https:\/\/elvendrellturisme.dms3labs.cat\/es\/events\/deporte-y-salud-en-la-playa-zumba-5\/\"\r\n        }\r\n        <\/script>\r\n                    <article class=\"mec-past-event mec-event-article mec-clear  mec-divider-toggle mec-toggle-202605-&#8221;12430&#8243;\" itemscope>\r\n                                    <div class=\"col-md-2 col-sm-2\">\r\n\r\n                                                <div class=\"mec-event-date\">\r\n                            <div class=\"event-d mec-color\">02<\/div>\r\n                            <div class=\"event-f\">mayo<\/div>\r\n                            <div class=\"event-da\">s\u00e1bado<\/div>\r\n                        <\/div>\r\n                                            <\/div>\r\n                    <div class=\"col-md-6 col-sm-6\">\r\n                                                                        <h4 class=\"mec-event-title\"><a class=\"mec-color-hover\"  data-event-id=\"46431\" href=\"https:\/\/elvendrellturisme.dms3labs.cat\/es\/events\/deporte-y-salud-en-la-playa-zumba-5\/\" target=\"_self\" rel=\"noopener\">DEPORTE Y SALUD EN LA PLAYA &#8211; ZUMBA<\/a><span class=\"event-color\" style=\"background: #\"><\/span><\/h4>\r\n                                                <div class=\"mec-event-detail\">\r\n                            <div class=\"mec-event-loc-place\"><\/div>\r\n                                                                                                            <\/div>\r\n                        <ul class=\"mec-event-sharing\"><li class=\"mec-event-social-icon\"><a class=\"facebook\" href=\"https:\/\/www.facebook.com\/sharer\/sharer.php?u=https%3A%2F%2Felvendrellturisme.dms3labs.cat%2Fes%2Fevents%2Fdeporte-y-salud-en-la-playa-zumba-5%2F\" onclick=\"javascript:window.open(this.href, '', 'menubar=no,toolbar=no,resizable=yes,scrollbars=yes,height=500,width=600'); return false;\" title=\"Compartir en Facebook\"><i class=\"mec-fa-facebook\"><\/i><\/a><\/li><li class=\"mec-event-social-icon\"><a class=\"twitter\" href=\"https:\/\/twitter.com\/share?url=https%3A%2F%2Felvendrellturisme.dms3labs.cat%2Fes%2Fevents%2Fdeporte-y-salud-en-la-playa-zumba-5%2F\" onclick=\"javascript:window.open(this.href, '', 'menubar=no,toolbar=no,resizable=yes,scrollbars=yes,height=600,width=500'); return false;\" target=\"_blank\" title=\"Tweet\"><i class=\"mec-fa-twitter\"><\/i><\/a><\/li><li class=\"mec-event-social-icon\"><a class=\"linkedin\" href=\"https:\/\/www.linkedin.com\/shareArticle?mini=true&url=https%3A%2F%2Felvendrellturisme.dms3labs.cat%2Fes%2Fevents%2Fdeporte-y-salud-en-la-playa-zumba-5%2F\" onclick=\"javascript:window.open(this.href, '', 'menubar=no,toolbar=no,resizable=yes,scrollbars=yes,height=600,width=500'); return false;\" target=\"_blank\" title=\"LinkedIn\"><i class=\"mec-fa-linkedin\"><\/i><\/a><\/li><li class=\"mec-event-social-icon\"><a class=\"email\" href=\"mailto:?subject=DEPORTE Y SALUD EN LA PLAYA - ZUMBA&body=https%3A%2F%2Felvendrellturisme.dms3labs.cat%2Fes%2Fevents%2Fdeporte-y-salud-en-la-playa-zumba-5%2F\" title=\"Correo electr\u00f3nico\"><i class=\"mec-fa-envelope\"><\/i><\/a><\/li><\/ul>\r\n                    <\/div>\r\n                    <div class=\"col-md-4 col-sm-4 mec-btn-wrapper\">\r\n                                                <a class=\"mec-booking-button\"  data-event-id=\"46431\" href=\"https:\/\/elvendrellturisme.dms3labs.cat\/es\/events\/deporte-y-salud-en-la-playa-zumba-5\/\" target=\"_self\" rel=\"noopener\">Ver detalle<\/a>                                            <\/div>\r\n                            <\/article>\r\n                    <script type=\"application\/ld+json\">\r\n        {\r\n            \"@context\": \"http:\/\/schema.org\",\r\n            \"@type\": \"Event\",\r\n            \"eventStatus\": \"https:\/\/schema.org\/EventScheduled\",\r\n            \"startDate\": \"2026-05-02\",\r\n            \"endDate\": \"2026-05-02\",\r\n            \"eventAttendanceMode\": \"https:\/\/schema.org\/OfflineEventAttendanceMode\",\r\n            \"location\":\r\n            {\r\n                \"@type\": \"Place\",\r\n                                \"name\": \"\",\r\n                \"image\": \"\",\r\n                \"address\": \"\"\r\n                            },\r\n            \"organizer\":\r\n            {\r\n                \"@type\": \"Person\",\r\n                \"name\": \"\",\r\n                \"url\": \"\"\r\n            },\r\n            \"offers\":\r\n            {\r\n                \"url\": \"https:\/\/elvendrellturisme.dms3labs.cat\/es\/events\/deporte-y-salud-en-la-playa-6\/\",\r\n                \"price\": \"\",\r\n                \"priceCurrency\": \"\u20ac\",\r\n                \"availability\": \"https:\/\/schema.org\/InStock\",\r\n                \"validFrom\": \"2026-05-02T00:00\"\r\n            },\r\n            \"performer\": \"\",\r\n            \"description\": \"&lt;img class=&quot;alignnone wp-image-46768 size-full&quot; src=&quot;https:\/\/elvendrellturisme.dms3labs.cat\/wp-content\/uploads\/zumba-pilates.jpg&quot; alt=&quot;&quot; width=&quot;1080&quot; height=&quot;1080&quot; \/&gt;&lt;img class=&quot;alignnone wp-image-46763 size-full&quot; src=&quot;https:\/\/elvendrellturisme.dms3labs.cat\/wp-content\/uploads\/guia-doci-202317-1.jpg&quot; alt=&quot;&quot; width=&quot;1080&quot; height=&quot;1080&quot; \/&gt;\",\r\n            \"image\": \"https:\/\/elvendrellturisme.dms3labs.cat\/wp-content\/uploads\/visites-guiades5.jpg\",\r\n            \"name\": \"DEPORTE Y SALUD EN LA PLAYA\",\r\n            \"url\": \"https:\/\/elvendrellturisme.dms3labs.cat\/es\/events\/deporte-y-salud-en-la-playa-6\/\"\r\n        }\r\n        <\/script>\r\n                    <article class=\"mec-past-event mec-event-article mec-clear  mec-divider-toggle mec-toggle-202605-&#8221;12430&#8243;\" itemscope>\r\n                                    <div class=\"col-md-2 col-sm-2\">\r\n\r\n                                                <div class=\"mec-event-date\">\r\n                            <div class=\"event-d mec-color\">02<\/div>\r\n                            <div class=\"event-f\">mayo<\/div>\r\n                            <div class=\"event-da\">s\u00e1bado<\/div>\r\n                        <\/div>\r\n                                            <\/div>\r\n                    <div class=\"col-md-6 col-sm-6\">\r\n                                                                        <h4 class=\"mec-event-title\"><a class=\"mec-color-hover\"  data-event-id=\"46773\" href=\"https:\/\/elvendrellturisme.dms3labs.cat\/es\/events\/deporte-y-salud-en-la-playa-6\/\" target=\"_self\" rel=\"noopener\">DEPORTE Y SALUD EN LA PLAYA<\/a><span class=\"event-color\" style=\"background: #\"><\/span><\/h4>\r\n                                                <div class=\"mec-event-detail\">\r\n                            <div class=\"mec-event-loc-place\"><\/div>\r\n                                                                                                            <\/div>\r\n                        <ul class=\"mec-event-sharing\"><li class=\"mec-event-social-icon\"><a class=\"facebook\" href=\"https:\/\/www.facebook.com\/sharer\/sharer.php?u=https%3A%2F%2Felvendrellturisme.dms3labs.cat%2Fes%2Fevents%2Fdeporte-y-salud-en-la-playa-6%2F\" onclick=\"javascript:window.open(this.href, '', 'menubar=no,toolbar=no,resizable=yes,scrollbars=yes,height=500,width=600'); return false;\" title=\"Compartir en Facebook\"><i class=\"mec-fa-facebook\"><\/i><\/a><\/li><li class=\"mec-event-social-icon\"><a class=\"twitter\" href=\"https:\/\/twitter.com\/share?url=https%3A%2F%2Felvendrellturisme.dms3labs.cat%2Fes%2Fevents%2Fdeporte-y-salud-en-la-playa-6%2F\" onclick=\"javascript:window.open(this.href, '', 'menubar=no,toolbar=no,resizable=yes,scrollbars=yes,height=600,width=500'); return false;\" target=\"_blank\" title=\"Tweet\"><i class=\"mec-fa-twitter\"><\/i><\/a><\/li><li class=\"mec-event-social-icon\"><a class=\"linkedin\" href=\"https:\/\/www.linkedin.com\/shareArticle?mini=true&url=https%3A%2F%2Felvendrellturisme.dms3labs.cat%2Fes%2Fevents%2Fdeporte-y-salud-en-la-playa-6%2F\" onclick=\"javascript:window.open(this.href, '', 'menubar=no,toolbar=no,resizable=yes,scrollbars=yes,height=600,width=500'); return false;\" target=\"_blank\" title=\"LinkedIn\"><i class=\"mec-fa-linkedin\"><\/i><\/a><\/li><li class=\"mec-event-social-icon\"><a class=\"email\" href=\"mailto:?subject=DEPORTE Y SALUD EN LA PLAYA&body=https%3A%2F%2Felvendrellturisme.dms3labs.cat%2Fes%2Fevents%2Fdeporte-y-salud-en-la-playa-6%2F\" title=\"Correo electr\u00f3nico\"><i class=\"mec-fa-envelope\"><\/i><\/a><\/li><\/ul>\r\n                    <\/div>\r\n                    <div class=\"col-md-4 col-sm-4 mec-btn-wrapper\">\r\n                                                <a class=\"mec-booking-button\"  data-event-id=\"46773\" href=\"https:\/\/elvendrellturisme.dms3labs.cat\/es\/events\/deporte-y-salud-en-la-playa-6\/\" target=\"_self\" rel=\"noopener\">Ver detalle<\/a>                                            <\/div>\r\n                            <\/article>\r\n                    <script type=\"application\/ld+json\">\r\n        {\r\n            \"@context\": \"http:\/\/schema.org\",\r\n            \"@type\": \"Event\",\r\n            \"eventStatus\": \"https:\/\/schema.org\/EventScheduled\",\r\n            \"startDate\": \"2026-05-02\",\r\n            \"endDate\": \"2026-05-02\",\r\n            \"eventAttendanceMode\": \"https:\/\/schema.org\/OfflineEventAttendanceMode\",\r\n            \"location\":\r\n            {\r\n                \"@type\": \"Place\",\r\n                                \"name\": \"\",\r\n                \"image\": \"\",\r\n                \"address\": \"\"\r\n                            },\r\n            \"organizer\":\r\n            {\r\n                \"@type\": \"Person\",\r\n                \"name\": \"\",\r\n                \"url\": \"\"\r\n            },\r\n            \"offers\":\r\n            {\r\n                \"url\": \"https:\/\/elvendrellturisme.dms3labs.cat\/es\/events\/se-musico-por-un-dia\/\",\r\n                \"price\": \"\",\r\n                \"priceCurrency\": \"\u20ac\",\r\n                \"availability\": \"https:\/\/schema.org\/InStock\",\r\n                \"validFrom\": \"2026-05-02T00:00\"\r\n            },\r\n            \"performer\": \"\",\r\n            \"description\": \"&lt;img class=&quot;alignnone wp-image-47371 size-full&quot; src=&quot;https:\/\/elvendrellturisme.dms3labs.cat\/wp-content\/uploads\/whatsapp-image-2026-04-13-at-123311.jpeg&quot; alt=&quot;&quot; width=&quot;980&quot; height=&quot;599&quot; \/&gt;\",\r\n            \"image\": \"https:\/\/elvendrellturisme.dms3labs.cat\/wp-content\/uploads\/visites-guiades1.jpg\",\r\n            \"name\": \"S\u00c9 M\u00daSICO POR UN D\u00cdA\",\r\n            \"url\": \"https:\/\/elvendrellturisme.dms3labs.cat\/es\/events\/se-musico-por-un-dia\/\"\r\n        }\r\n        <\/script>\r\n                    <article class=\"mec-event-article mec-clear  mec-divider-toggle mec-toggle-202605-&#8221;12430&#8243;\" itemscope>\r\n                                    <div class=\"col-md-2 col-sm-2\">\r\n\r\n                                                <div class=\"mec-event-date\">\r\n                            <div class=\"event-d mec-color\">02<\/div>\r\n                            <div class=\"event-f\">mayo<\/div>\r\n                            <div class=\"event-da\">s\u00e1bado<\/div>\r\n                        <\/div>\r\n                                            <\/div>\r\n                    <div class=\"col-md-6 col-sm-6\">\r\n                                                                        <h4 class=\"mec-event-title\"><a class=\"mec-color-hover\"  data-event-id=\"47376\" href=\"https:\/\/elvendrellturisme.dms3labs.cat\/es\/events\/se-musico-por-un-dia\/\" target=\"_self\" rel=\"noopener\">S\u00c9 M\u00daSICO POR UN D\u00cdA<\/a><span class=\"event-color\" style=\"background: #\"><\/span><\/h4>\r\n                                                <div class=\"mec-event-detail\">\r\n                            <div class=\"mec-event-loc-place\"><\/div>\r\n                                                                                                            <\/div>\r\n                        <ul class=\"mec-event-sharing\"><li class=\"mec-event-social-icon\"><a class=\"facebook\" href=\"https:\/\/www.facebook.com\/sharer\/sharer.php?u=https%3A%2F%2Felvendrellturisme.dms3labs.cat%2Fes%2Fevents%2Fse-musico-por-un-dia%2F\" onclick=\"javascript:window.open(this.href, '', 'menubar=no,toolbar=no,resizable=yes,scrollbars=yes,height=500,width=600'); return false;\" title=\"Compartir en Facebook\"><i class=\"mec-fa-facebook\"><\/i><\/a><\/li><li class=\"mec-event-social-icon\"><a class=\"twitter\" href=\"https:\/\/twitter.com\/share?url=https%3A%2F%2Felvendrellturisme.dms3labs.cat%2Fes%2Fevents%2Fse-musico-por-un-dia%2F\" onclick=\"javascript:window.open(this.href, '', 'menubar=no,toolbar=no,resizable=yes,scrollbars=yes,height=600,width=500'); return false;\" target=\"_blank\" title=\"Tweet\"><i class=\"mec-fa-twitter\"><\/i><\/a><\/li><li class=\"mec-event-social-icon\"><a class=\"linkedin\" href=\"https:\/\/www.linkedin.com\/shareArticle?mini=true&url=https%3A%2F%2Felvendrellturisme.dms3labs.cat%2Fes%2Fevents%2Fse-musico-por-un-dia%2F\" onclick=\"javascript:window.open(this.href, '', 'menubar=no,toolbar=no,resizable=yes,scrollbars=yes,height=600,width=500'); return false;\" target=\"_blank\" title=\"LinkedIn\"><i class=\"mec-fa-linkedin\"><\/i><\/a><\/li><li class=\"mec-event-social-icon\"><a class=\"email\" href=\"mailto:?subject=S\u00c9 M\u00daSICO POR UN D\u00cdA&body=https%3A%2F%2Felvendrellturisme.dms3labs.cat%2Fes%2Fevents%2Fse-musico-por-un-dia%2F\" title=\"Correo electr\u00f3nico\"><i class=\"mec-fa-envelope\"><\/i><\/a><\/li><\/ul>\r\n                    <\/div>\r\n                    <div class=\"col-md-4 col-sm-4 mec-btn-wrapper\">\r\n                                                <a class=\"mec-booking-button\"  data-event-id=\"47376\" href=\"https:\/\/elvendrellturisme.dms3labs.cat\/es\/events\/se-musico-por-un-dia\/\" target=\"_self\" rel=\"noopener\">Ver detalle<\/a>                                            <\/div>\r\n                            <\/article>\r\n            \t\t\r\n            \r\n                    <script type=\"application\/ld+json\">\r\n        {\r\n            \"@context\": \"http:\/\/schema.org\",\r\n            \"@type\": \"Event\",\r\n            \"eventStatus\": \"https:\/\/schema.org\/EventScheduled\",\r\n            \"startDate\": \"2026-05-03\",\r\n            \"endDate\": \"2026-05-03\",\r\n            \"eventAttendanceMode\": \"https:\/\/schema.org\/OfflineEventAttendanceMode\",\r\n            \"location\":\r\n            {\r\n                \"@type\": \"Place\",\r\n                                \"name\": \"\",\r\n                \"image\": \"\",\r\n                \"address\": \"\"\r\n                            },\r\n            \"organizer\":\r\n            {\r\n                \"@type\": \"Person\",\r\n                \"name\": \"\",\r\n                \"url\": \"\"\r\n            },\r\n            \"offers\":\r\n            {\r\n                \"url\": \"https:\/\/elvendrellturisme.dms3labs.cat\/es\/events\/visita-a-la-colonia-ferroviaria-2\/\",\r\n                \"price\": \"\",\r\n                \"priceCurrency\": \"\u20ac\",\r\n                \"availability\": \"https:\/\/schema.org\/InStock\",\r\n                \"validFrom\": \"2026-05-03T00:00\"\r\n            },\r\n            \"performer\": \"\",\r\n            \"description\": \"&lt;img class=&quot;alignnone wp-image-47173 size-full&quot; src=&quot;https:\/\/elvendrellturisme.dms3labs.cat\/wp-content\/uploads\/whatsapp-image-2026-03-23-at-195831.jpeg&quot; alt=&quot;&quot; width=&quot;1600&quot; height=&quot;1131&quot; \/&gt;\",\r\n            \"image\": \"https:\/\/elvendrellturisme.dms3labs.cat\/wp-content\/uploads\/visites-guiades2.jpg\",\r\n            \"name\": \"VISITA A LA COLONIA FERROVIARIA\",\r\n            \"url\": \"https:\/\/elvendrellturisme.dms3labs.cat\/es\/events\/visita-a-la-colonia-ferroviaria-2\/\"\r\n        }\r\n        <\/script>\r\n                    <article class=\"mec-event-article mec-clear  mec-divider-toggle mec-toggle-202605-&#8221;12430&#8243;\" itemscope>\r\n                                    <div class=\"col-md-2 col-sm-2\">\r\n\r\n                                                <div class=\"mec-event-date\">\r\n                            <div class=\"event-d mec-color\">03<\/div>\r\n                            <div class=\"event-f\">mayo<\/div>\r\n                            <div class=\"event-da\">domingo<\/div>\r\n                        <\/div>\r\n                                            <\/div>\r\n                    <div class=\"col-md-6 col-sm-6\">\r\n                                                                        <h4 class=\"mec-event-title\"><a class=\"mec-color-hover\"  data-event-id=\"47180\" href=\"https:\/\/elvendrellturisme.dms3labs.cat\/es\/events\/visita-a-la-colonia-ferroviaria-2\/\" target=\"_self\" rel=\"noopener\">VISITA A LA COLONIA FERROVIARIA<\/a><span class=\"event-color\" style=\"background: #\"><\/span><\/h4>\r\n                                                <div class=\"mec-event-detail\">\r\n                            <div class=\"mec-event-loc-place\"><\/div>\r\n                                                                                                            <\/div>\r\n                        <ul class=\"mec-event-sharing\"><li class=\"mec-event-social-icon\"><a class=\"facebook\" href=\"https:\/\/www.facebook.com\/sharer\/sharer.php?u=https%3A%2F%2Felvendrellturisme.dms3labs.cat%2Fes%2Fevents%2Fvisita-a-la-colonia-ferroviaria-2%2F\" onclick=\"javascript:window.open(this.href, '', 'menubar=no,toolbar=no,resizable=yes,scrollbars=yes,height=500,width=600'); return false;\" title=\"Compartir en Facebook\"><i class=\"mec-fa-facebook\"><\/i><\/a><\/li><li class=\"mec-event-social-icon\"><a class=\"twitter\" href=\"https:\/\/twitter.com\/share?url=https%3A%2F%2Felvendrellturisme.dms3labs.cat%2Fes%2Fevents%2Fvisita-a-la-colonia-ferroviaria-2%2F\" onclick=\"javascript:window.open(this.href, '', 'menubar=no,toolbar=no,resizable=yes,scrollbars=yes,height=600,width=500'); return false;\" target=\"_blank\" title=\"Tweet\"><i class=\"mec-fa-twitter\"><\/i><\/a><\/li><li class=\"mec-event-social-icon\"><a class=\"linkedin\" href=\"https:\/\/www.linkedin.com\/shareArticle?mini=true&url=https%3A%2F%2Felvendrellturisme.dms3labs.cat%2Fes%2Fevents%2Fvisita-a-la-colonia-ferroviaria-2%2F\" onclick=\"javascript:window.open(this.href, '', 'menubar=no,toolbar=no,resizable=yes,scrollbars=yes,height=600,width=500'); return false;\" target=\"_blank\" title=\"LinkedIn\"><i class=\"mec-fa-linkedin\"><\/i><\/a><\/li><li class=\"mec-event-social-icon\"><a class=\"email\" href=\"mailto:?subject=VISITA A LA COLONIA FERROVIARIA&body=https%3A%2F%2Felvendrellturisme.dms3labs.cat%2Fes%2Fevents%2Fvisita-a-la-colonia-ferroviaria-2%2F\" title=\"Correo electr\u00f3nico\"><i class=\"mec-fa-envelope\"><\/i><\/a><\/li><\/ul>\r\n                    <\/div>\r\n                    <div class=\"col-md-4 col-sm-4 mec-btn-wrapper\">\r\n                                                <a class=\"mec-booking-button\"  data-event-id=\"47180\" href=\"https:\/\/elvendrellturisme.dms3labs.cat\/es\/events\/visita-a-la-colonia-ferroviaria-2\/\" target=\"_self\" rel=\"noopener\">Ver detalle<\/a>                                            <\/div>\r\n                            <\/article>\r\n                    <script type=\"application\/ld+json\">\r\n        {\r\n            \"@context\": \"http:\/\/schema.org\",\r\n            \"@type\": \"Event\",\r\n            \"eventStatus\": \"https:\/\/schema.org\/EventScheduled\",\r\n            \"startDate\": \"2026-05-03\",\r\n            \"endDate\": \"2026-05-03\",\r\n            \"eventAttendanceMode\": \"https:\/\/schema.org\/OfflineEventAttendanceMode\",\r\n            \"location\":\r\n            {\r\n                \"@type\": \"Place\",\r\n                                \"name\": \"\",\r\n                \"image\": \"\",\r\n                \"address\": \"\"\r\n                            },\r\n            \"organizer\":\r\n            {\r\n                \"@type\": \"Person\",\r\n                \"name\": \"\",\r\n                \"url\": \"\"\r\n            },\r\n            \"offers\":\r\n            {\r\n                \"url\": \"https:\/\/elvendrellturisme.dms3labs.cat\/es\/events\/visita-teatralizada-en-el-museo-paz-casals\/\",\r\n                \"price\": \"\",\r\n                \"priceCurrency\": \"\u20ac\",\r\n                \"availability\": \"https:\/\/schema.org\/InStock\",\r\n                \"validFrom\": \"2026-05-03T00:00\"\r\n            },\r\n            \"performer\": \"\",\r\n            \"description\": \"&lt;img class=&quot;alignnone wp-image-47378 size-full&quot; src=&quot;https:\/\/elvendrellturisme.dms3labs.cat\/wp-content\/uploads\/imagen.jpg&quot; alt=&quot;&quot; width=&quot;980&quot; height=&quot;602&quot; \/&gt;\",\r\n            \"image\": \"https:\/\/elvendrellturisme.dms3labs.cat\/wp-content\/uploads\/visites-guiades2.jpg\",\r\n            \"name\": \"VISITA TEATRALIZADA EN EL MUSEO PAZ CASALS\",\r\n            \"url\": \"https:\/\/elvendrellturisme.dms3labs.cat\/es\/events\/visita-teatralizada-en-el-museo-paz-casals\/\"\r\n        }\r\n        <\/script>\r\n                    <article class=\"mec-event-article mec-clear  mec-divider-toggle mec-toggle-202605-&#8221;12430&#8243;\" itemscope>\r\n                                    <div class=\"col-md-2 col-sm-2\">\r\n\r\n                                                <div class=\"mec-event-date\">\r\n                            <div class=\"event-d mec-color\">03<\/div>\r\n                            <div class=\"event-f\">mayo<\/div>\r\n                            <div class=\"event-da\">domingo<\/div>\r\n                        <\/div>\r\n                                            <\/div>\r\n                    <div class=\"col-md-6 col-sm-6\">\r\n                                                                        <h4 class=\"mec-event-title\"><a class=\"mec-color-hover\"  data-event-id=\"47383\" href=\"https:\/\/elvendrellturisme.dms3labs.cat\/es\/events\/visita-teatralizada-en-el-museo-paz-casals\/\" target=\"_self\" rel=\"noopener\">VISITA TEATRALIZADA EN EL MUSEO PAZ CASALS<\/a><span class=\"event-color\" style=\"background: #\"><\/span><\/h4>\r\n                                                <div class=\"mec-event-detail\">\r\n                            <div class=\"mec-event-loc-place\"><\/div>\r\n                                                                                                            <\/div>\r\n                        <ul class=\"mec-event-sharing\"><li class=\"mec-event-social-icon\"><a class=\"facebook\" href=\"https:\/\/www.facebook.com\/sharer\/sharer.php?u=https%3A%2F%2Felvendrellturisme.dms3labs.cat%2Fes%2Fevents%2Fvisita-teatralizada-en-el-museo-paz-casals%2F\" onclick=\"javascript:window.open(this.href, '', 'menubar=no,toolbar=no,resizable=yes,scrollbars=yes,height=500,width=600'); return false;\" title=\"Compartir en Facebook\"><i class=\"mec-fa-facebook\"><\/i><\/a><\/li><li class=\"mec-event-social-icon\"><a class=\"twitter\" href=\"https:\/\/twitter.com\/share?url=https%3A%2F%2Felvendrellturisme.dms3labs.cat%2Fes%2Fevents%2Fvisita-teatralizada-en-el-museo-paz-casals%2F\" onclick=\"javascript:window.open(this.href, '', 'menubar=no,toolbar=no,resizable=yes,scrollbars=yes,height=600,width=500'); return false;\" target=\"_blank\" title=\"Tweet\"><i class=\"mec-fa-twitter\"><\/i><\/a><\/li><li class=\"mec-event-social-icon\"><a class=\"linkedin\" href=\"https:\/\/www.linkedin.com\/shareArticle?mini=true&url=https%3A%2F%2Felvendrellturisme.dms3labs.cat%2Fes%2Fevents%2Fvisita-teatralizada-en-el-museo-paz-casals%2F\" onclick=\"javascript:window.open(this.href, '', 'menubar=no,toolbar=no,resizable=yes,scrollbars=yes,height=600,width=500'); return false;\" target=\"_blank\" title=\"LinkedIn\"><i class=\"mec-fa-linkedin\"><\/i><\/a><\/li><li class=\"mec-event-social-icon\"><a class=\"email\" href=\"mailto:?subject=VISITA TEATRALIZADA EN EL MUSEO PAZ CASALS&body=https%3A%2F%2Felvendrellturisme.dms3labs.cat%2Fes%2Fevents%2Fvisita-teatralizada-en-el-museo-paz-casals%2F\" title=\"Correo electr\u00f3nico\"><i class=\"mec-fa-envelope\"><\/i><\/a><\/li><\/ul>\r\n                    <\/div>\r\n                    <div class=\"col-md-4 col-sm-4 mec-btn-wrapper\">\r\n                                                <a class=\"mec-booking-button\"  data-event-id=\"47383\" href=\"https:\/\/elvendrellturisme.dms3labs.cat\/es\/events\/visita-teatralizada-en-el-museo-paz-casals\/\" target=\"_self\" rel=\"noopener\">Ver detalle<\/a>                                            <\/div>\r\n                            <\/article>\r\n            \t\t\r\n            \r\n                    <script type=\"application\/ld+json\">\r\n        {\r\n            \"@context\": \"http:\/\/schema.org\",\r\n            \"@type\": \"Event\",\r\n            \"eventStatus\": \"https:\/\/schema.org\/EventScheduled\",\r\n            \"startDate\": \"2026-05-08\",\r\n            \"endDate\": \"2026-05-08\",\r\n            \"eventAttendanceMode\": \"https:\/\/schema.org\/OfflineEventAttendanceMode\",\r\n            \"location\":\r\n            {\r\n                \"@type\": \"Place\",\r\n                                \"name\": \"\",\r\n                \"image\": \"\",\r\n                \"address\": \"\"\r\n                            },\r\n            \"organizer\":\r\n            {\r\n                \"@type\": \"Person\",\r\n                \"name\": \"\",\r\n                \"url\": \"\"\r\n            },\r\n            \"offers\":\r\n            {\r\n                \"url\": \"https:\/\/elvendrellturisme.dms3labs.cat\/es\/events\/el-vendrell-sent-la-musica-3\/\",\r\n                \"price\": \"\",\r\n                \"priceCurrency\": \"\u20ac\",\r\n                \"availability\": \"https:\/\/schema.org\/InStock\",\r\n                \"validFrom\": \"2026-05-08T00:00\"\r\n            },\r\n            \"performer\": \"\",\r\n            \"description\": \"&lt;img class=&quot;alignnone wp-image-47118 size-full&quot; src=&quot;https:\/\/elvendrellturisme.dms3labs.cat\/wp-content\/uploads\/641887131-18396816292151290-6229514477282550706-n.jpg&quot; alt=&quot;&quot; width=&quot;1080&quot; height=&quot;1350&quot; \/&gt;\",\r\n            \"image\": \"https:\/\/elvendrellturisme.dms3labs.cat\/wp-content\/uploads\/visites-guiades7.jpg\",\r\n            \"name\": \"EL VENDRELL SENT LA M\u00daSICA\",\r\n            \"url\": \"https:\/\/elvendrellturisme.dms3labs.cat\/es\/events\/el-vendrell-sent-la-musica-3\/\"\r\n        }\r\n        <\/script>\r\n                    <article class=\"mec-event-article mec-clear  mec-divider-toggle mec-toggle-202605-&#8221;12430&#8243;\" itemscope>\r\n                                    <div class=\"col-md-2 col-sm-2\">\r\n\r\n                                                <div class=\"mec-event-date\">\r\n                            <div class=\"event-d mec-color\">08<\/div>\r\n                            <div class=\"event-f\">mayo<\/div>\r\n                            <div class=\"event-da\">viernes<\/div>\r\n                        <\/div>\r\n                                            <\/div>\r\n                    <div class=\"col-md-6 col-sm-6\">\r\n                                                                        <h4 class=\"mec-event-title\"><a class=\"mec-color-hover\"  data-event-id=\"47123\" href=\"https:\/\/elvendrellturisme.dms3labs.cat\/es\/events\/el-vendrell-sent-la-musica-3\/\" target=\"_self\" rel=\"noopener\">EL VENDRELL SENT LA M\u00daSICA<\/a><span class=\"event-color\" style=\"background: #\"><\/span><\/h4>\r\n                                                <div class=\"mec-event-detail\">\r\n                            <div class=\"mec-event-loc-place\"><\/div>\r\n                                                                                                            <\/div>\r\n                        <ul class=\"mec-event-sharing\"><li class=\"mec-event-social-icon\"><a class=\"facebook\" href=\"https:\/\/www.facebook.com\/sharer\/sharer.php?u=https%3A%2F%2Felvendrellturisme.dms3labs.cat%2Fes%2Fevents%2Fel-vendrell-sent-la-musica-3%2F\" onclick=\"javascript:window.open(this.href, '', 'menubar=no,toolbar=no,resizable=yes,scrollbars=yes,height=500,width=600'); return false;\" title=\"Compartir en Facebook\"><i class=\"mec-fa-facebook\"><\/i><\/a><\/li><li class=\"mec-event-social-icon\"><a class=\"twitter\" href=\"https:\/\/twitter.com\/share?url=https%3A%2F%2Felvendrellturisme.dms3labs.cat%2Fes%2Fevents%2Fel-vendrell-sent-la-musica-3%2F\" onclick=\"javascript:window.open(this.href, '', 'menubar=no,toolbar=no,resizable=yes,scrollbars=yes,height=600,width=500'); return false;\" target=\"_blank\" title=\"Tweet\"><i class=\"mec-fa-twitter\"><\/i><\/a><\/li><li class=\"mec-event-social-icon\"><a class=\"linkedin\" href=\"https:\/\/www.linkedin.com\/shareArticle?mini=true&url=https%3A%2F%2Felvendrellturisme.dms3labs.cat%2Fes%2Fevents%2Fel-vendrell-sent-la-musica-3%2F\" onclick=\"javascript:window.open(this.href, '', 'menubar=no,toolbar=no,resizable=yes,scrollbars=yes,height=600,width=500'); return false;\" target=\"_blank\" title=\"LinkedIn\"><i class=\"mec-fa-linkedin\"><\/i><\/a><\/li><li class=\"mec-event-social-icon\"><a class=\"email\" href=\"mailto:?subject=EL VENDRELL SENT LA M\u00daSICA&body=https%3A%2F%2Felvendrellturisme.dms3labs.cat%2Fes%2Fevents%2Fel-vendrell-sent-la-musica-3%2F\" title=\"Correo electr\u00f3nico\"><i class=\"mec-fa-envelope\"><\/i><\/a><\/li><\/ul>\r\n                    <\/div>\r\n                    <div class=\"col-md-4 col-sm-4 mec-btn-wrapper\">\r\n                                                <a class=\"mec-booking-button\"  data-event-id=\"47123\" href=\"https:\/\/elvendrellturisme.dms3labs.cat\/es\/events\/el-vendrell-sent-la-musica-3\/\" target=\"_self\" rel=\"noopener\">Ver detalle<\/a>                                            <\/div>\r\n                            <\/article>\r\n            \t\t\r\n            \r\n                    <script type=\"application\/ld+json\">\r\n        {\r\n            \"@context\": \"http:\/\/schema.org\",\r\n            \"@type\": \"Event\",\r\n            \"eventStatus\": \"https:\/\/schema.org\/EventScheduled\",\r\n            \"startDate\": \"2026-05-09\",\r\n            \"endDate\": \"2026-05-09\",\r\n            \"eventAttendanceMode\": \"https:\/\/schema.org\/OfflineEventAttendanceMode\",\r\n            \"location\":\r\n            {\r\n                \"@type\": \"Place\",\r\n                                \"name\": \"\",\r\n                \"image\": \"\",\r\n                \"address\": \"\"\r\n                            },\r\n            \"organizer\":\r\n            {\r\n                \"@type\": \"Person\",\r\n                \"name\": \"\",\r\n                \"url\": \"\"\r\n            },\r\n            \"offers\":\r\n            {\r\n                \"url\": \"https:\/\/elvendrellturisme.dms3labs.cat\/es\/events\/dia-del-diable\/\",\r\n                \"price\": \"\",\r\n                \"priceCurrency\": \"\u20ac\",\r\n                \"availability\": \"https:\/\/schema.org\/InStock\",\r\n                \"validFrom\": \"2026-05-09T00:00\"\r\n            },\r\n            \"performer\": \"\",\r\n            \"description\": \"&lt;img class=&quot;alignnone wp-image-47507 size-full&quot; src=&quot;https:\/\/elvendrellturisme.dms3labs.cat\/wp-content\/uploads\/670878615-18454555903129368-7529311605551623546-n.jpg&quot; alt=&quot;&quot; width=&quot;1440&quot; height=&quot;1802&quot; \/&gt;\",\r\n            \"image\": \"https:\/\/elvendrellturisme.dms3labs.cat\/wp-content\/uploads\/platges7.png\",\r\n            \"name\": \"DIA DEL DIABLE\",\r\n            \"url\": \"https:\/\/elvendrellturisme.dms3labs.cat\/es\/events\/dia-del-diable\/\"\r\n        }\r\n        <\/script>\r\n                    <article class=\"mec-event-article mec-clear  mec-divider-toggle mec-toggle-202605-&#8221;12430&#8243;\" itemscope>\r\n                                    <div class=\"col-md-2 col-sm-2\">\r\n\r\n                                                <div class=\"mec-event-date\">\r\n                            <div class=\"event-d mec-color\">09<\/div>\r\n                            <div class=\"event-f\">mayo<\/div>\r\n                            <div class=\"event-da\">s\u00e1bado<\/div>\r\n                        <\/div>\r\n                                            <\/div>\r\n                    <div class=\"col-md-6 col-sm-6\">\r\n                                                                        <h4 class=\"mec-event-title\"><a class=\"mec-color-hover\"  data-event-id=\"47517\" href=\"https:\/\/elvendrellturisme.dms3labs.cat\/es\/events\/dia-del-diable\/\" target=\"_self\" rel=\"noopener\">DIA DEL DIABLE<\/a><span class=\"event-color\" style=\"background: #\"><\/span><\/h4>\r\n                                                <div class=\"mec-event-detail\">\r\n                            <div class=\"mec-event-loc-place\"><\/div>\r\n                                                                                                            <\/div>\r\n                        <ul class=\"mec-event-sharing\"><li class=\"mec-event-social-icon\"><a class=\"facebook\" href=\"https:\/\/www.facebook.com\/sharer\/sharer.php?u=https%3A%2F%2Felvendrellturisme.dms3labs.cat%2Fes%2Fevents%2Fdia-del-diable%2F\" onclick=\"javascript:window.open(this.href, '', 'menubar=no,toolbar=no,resizable=yes,scrollbars=yes,height=500,width=600'); return false;\" title=\"Compartir en Facebook\"><i class=\"mec-fa-facebook\"><\/i><\/a><\/li><li class=\"mec-event-social-icon\"><a class=\"twitter\" href=\"https:\/\/twitter.com\/share?url=https%3A%2F%2Felvendrellturisme.dms3labs.cat%2Fes%2Fevents%2Fdia-del-diable%2F\" onclick=\"javascript:window.open(this.href, '', 'menubar=no,toolbar=no,resizable=yes,scrollbars=yes,height=600,width=500'); return false;\" target=\"_blank\" title=\"Tweet\"><i class=\"mec-fa-twitter\"><\/i><\/a><\/li><li class=\"mec-event-social-icon\"><a class=\"linkedin\" href=\"https:\/\/www.linkedin.com\/shareArticle?mini=true&url=https%3A%2F%2Felvendrellturisme.dms3labs.cat%2Fes%2Fevents%2Fdia-del-diable%2F\" onclick=\"javascript:window.open(this.href, '', 'menubar=no,toolbar=no,resizable=yes,scrollbars=yes,height=600,width=500'); return false;\" target=\"_blank\" title=\"LinkedIn\"><i class=\"mec-fa-linkedin\"><\/i><\/a><\/li><li class=\"mec-event-social-icon\"><a class=\"email\" href=\"mailto:?subject=DIA DEL DIABLE&body=https%3A%2F%2Felvendrellturisme.dms3labs.cat%2Fes%2Fevents%2Fdia-del-diable%2F\" title=\"Correo electr\u00f3nico\"><i class=\"mec-fa-envelope\"><\/i><\/a><\/li><\/ul>\r\n                    <\/div>\r\n                    <div class=\"col-md-4 col-sm-4 mec-btn-wrapper\">\r\n                                                <a class=\"mec-booking-button\"  data-event-id=\"47517\" href=\"https:\/\/elvendrellturisme.dms3labs.cat\/es\/events\/dia-del-diable\/\" target=\"_self\" rel=\"noopener\">Ver detalle<\/a>                                            <\/div>\r\n                            <\/article>\r\n                    <script type=\"application\/ld+json\">\r\n        {\r\n            \"@context\": \"http:\/\/schema.org\",\r\n            \"@type\": \"Event\",\r\n            \"eventStatus\": \"https:\/\/schema.org\/EventScheduled\",\r\n            \"startDate\": \"2026-05-09\",\r\n            \"endDate\": \"2026-05-09\",\r\n            \"eventAttendanceMode\": \"https:\/\/schema.org\/OfflineEventAttendanceMode\",\r\n            \"location\":\r\n            {\r\n                \"@type\": \"Place\",\r\n                                \"name\": \"\",\r\n                \"image\": \"\",\r\n                \"address\": \"\"\r\n                            },\r\n            \"organizer\":\r\n            {\r\n                \"@type\": \"Person\",\r\n                \"name\": \"\",\r\n                \"url\": \"\"\r\n            },\r\n            \"offers\":\r\n            {\r\n                \"url\": \"https:\/\/elvendrellturisme.dms3labs.cat\/es\/events\/deporte-y-salud-en-la-playa-zumba-5\/\",\r\n                \"price\": \"\",\r\n                \"priceCurrency\": \"\u20ac\",\r\n                \"availability\": \"https:\/\/schema.org\/InStock\",\r\n                \"validFrom\": \"2026-05-09T00:00\"\r\n            },\r\n            \"performer\": \"\",\r\n            \"description\": \"&lt;img class=&quot;alignnone wp-image-46426 size-full&quot; src=&quot;https:\/\/elvendrellturisme.dms3labs.cat\/wp-content\/uploads\/zumba-pilatez.jpg&quot; alt=&quot;&quot; width=&quot;1080&quot; height=&quot;1080&quot; \/&gt;\",\r\n            \"image\": \"https:\/\/elvendrellturisme.dms3labs.cat\/wp-content\/uploads\/esport-i-salut-3.jpg\",\r\n            \"name\": \"DEPORTE Y SALUD EN LA PLAYA &#8211; ZUMBA\",\r\n            \"url\": \"https:\/\/elvendrellturisme.dms3labs.cat\/es\/events\/deporte-y-salud-en-la-playa-zumba-5\/\"\r\n        }\r\n        <\/script>\r\n                    <article class=\"mec-past-event mec-event-article mec-clear  mec-divider-toggle mec-toggle-202605-&#8221;12430&#8243;\" itemscope>\r\n                                    <div class=\"col-md-2 col-sm-2\">\r\n\r\n                                                <div class=\"mec-event-date\">\r\n                            <div class=\"event-d mec-color\">09<\/div>\r\n                            <div class=\"event-f\">mayo<\/div>\r\n                            <div class=\"event-da\">s\u00e1bado<\/div>\r\n                        <\/div>\r\n                                            <\/div>\r\n                    <div class=\"col-md-6 col-sm-6\">\r\n                                                                        <h4 class=\"mec-event-title\"><a class=\"mec-color-hover\"  data-event-id=\"46431\" href=\"https:\/\/elvendrellturisme.dms3labs.cat\/es\/events\/deporte-y-salud-en-la-playa-zumba-5\/\" target=\"_self\" rel=\"noopener\">DEPORTE Y SALUD EN LA PLAYA &#8211; ZUMBA<\/a><span class=\"event-color\" style=\"background: #\"><\/span><\/h4>\r\n                                                <div class=\"mec-event-detail\">\r\n                            <div class=\"mec-event-loc-place\"><\/div>\r\n                                                                                                            <\/div>\r\n                        <ul class=\"mec-event-sharing\"><li class=\"mec-event-social-icon\"><a class=\"facebook\" href=\"https:\/\/www.facebook.com\/sharer\/sharer.php?u=https%3A%2F%2Felvendrellturisme.dms3labs.cat%2Fes%2Fevents%2Fdeporte-y-salud-en-la-playa-zumba-5%2F\" onclick=\"javascript:window.open(this.href, '', 'menubar=no,toolbar=no,resizable=yes,scrollbars=yes,height=500,width=600'); return false;\" title=\"Compartir en Facebook\"><i class=\"mec-fa-facebook\"><\/i><\/a><\/li><li class=\"mec-event-social-icon\"><a class=\"twitter\" href=\"https:\/\/twitter.com\/share?url=https%3A%2F%2Felvendrellturisme.dms3labs.cat%2Fes%2Fevents%2Fdeporte-y-salud-en-la-playa-zumba-5%2F\" onclick=\"javascript:window.open(this.href, '', 'menubar=no,toolbar=no,resizable=yes,scrollbars=yes,height=600,width=500'); return false;\" target=\"_blank\" title=\"Tweet\"><i class=\"mec-fa-twitter\"><\/i><\/a><\/li><li class=\"mec-event-social-icon\"><a class=\"linkedin\" href=\"https:\/\/www.linkedin.com\/shareArticle?mini=true&url=https%3A%2F%2Felvendrellturisme.dms3labs.cat%2Fes%2Fevents%2Fdeporte-y-salud-en-la-playa-zumba-5%2F\" onclick=\"javascript:window.open(this.href, '', 'menubar=no,toolbar=no,resizable=yes,scrollbars=yes,height=600,width=500'); return false;\" target=\"_blank\" title=\"LinkedIn\"><i class=\"mec-fa-linkedin\"><\/i><\/a><\/li><li class=\"mec-event-social-icon\"><a class=\"email\" href=\"mailto:?subject=DEPORTE Y SALUD EN LA PLAYA - ZUMBA&body=https%3A%2F%2Felvendrellturisme.dms3labs.cat%2Fes%2Fevents%2Fdeporte-y-salud-en-la-playa-zumba-5%2F\" title=\"Correo electr\u00f3nico\"><i class=\"mec-fa-envelope\"><\/i><\/a><\/li><\/ul>\r\n                    <\/div>\r\n                    <div class=\"col-md-4 col-sm-4 mec-btn-wrapper\">\r\n                                                <a class=\"mec-booking-button\"  data-event-id=\"46431\" href=\"https:\/\/elvendrellturisme.dms3labs.cat\/es\/events\/deporte-y-salud-en-la-playa-zumba-5\/\" target=\"_self\" rel=\"noopener\">Ver detalle<\/a>                                            <\/div>\r\n                            <\/article>\r\n                    <script type=\"application\/ld+json\">\r\n        {\r\n            \"@context\": \"http:\/\/schema.org\",\r\n            \"@type\": \"Event\",\r\n            \"eventStatus\": \"https:\/\/schema.org\/EventScheduled\",\r\n            \"startDate\": \"2026-05-09\",\r\n            \"endDate\": \"2026-05-09\",\r\n            \"eventAttendanceMode\": \"https:\/\/schema.org\/OfflineEventAttendanceMode\",\r\n            \"location\":\r\n            {\r\n                \"@type\": \"Place\",\r\n                                \"name\": \"\",\r\n                \"image\": \"\",\r\n                \"address\": \"\"\r\n                            },\r\n            \"organizer\":\r\n            {\r\n                \"@type\": \"Person\",\r\n                \"name\": \"\",\r\n                \"url\": \"\"\r\n            },\r\n            \"offers\":\r\n            {\r\n                \"url\": \"https:\/\/elvendrellturisme.dms3labs.cat\/es\/events\/deporte-y-salud-en-la-playa-6\/\",\r\n                \"price\": \"\",\r\n                \"priceCurrency\": \"\u20ac\",\r\n                \"availability\": \"https:\/\/schema.org\/InStock\",\r\n                \"validFrom\": \"2026-05-09T00:00\"\r\n            },\r\n            \"performer\": \"\",\r\n            \"description\": \"&lt;img class=&quot;alignnone wp-image-46768 size-full&quot; src=&quot;https:\/\/elvendrellturisme.dms3labs.cat\/wp-content\/uploads\/zumba-pilates.jpg&quot; alt=&quot;&quot; width=&quot;1080&quot; height=&quot;1080&quot; \/&gt;&lt;img class=&quot;alignnone wp-image-46763 size-full&quot; src=&quot;https:\/\/elvendrellturisme.dms3labs.cat\/wp-content\/uploads\/guia-doci-202317-1.jpg&quot; alt=&quot;&quot; width=&quot;1080&quot; height=&quot;1080&quot; \/&gt;\",\r\n            \"image\": \"https:\/\/elvendrellturisme.dms3labs.cat\/wp-content\/uploads\/visites-guiades5.jpg\",\r\n            \"name\": \"DEPORTE Y SALUD EN LA PLAYA\",\r\n            \"url\": \"https:\/\/elvendrellturisme.dms3labs.cat\/es\/events\/deporte-y-salud-en-la-playa-6\/\"\r\n        }\r\n        <\/script>\r\n                    <article class=\"mec-past-event mec-event-article mec-clear  mec-divider-toggle mec-toggle-202605-&#8221;12430&#8243;\" itemscope>\r\n                                    <div class=\"col-md-2 col-sm-2\">\r\n\r\n                                                <div class=\"mec-event-date\">\r\n                            <div class=\"event-d mec-color\">09<\/div>\r\n                            <div class=\"event-f\">mayo<\/div>\r\n                            <div class=\"event-da\">s\u00e1bado<\/div>\r\n                        <\/div>\r\n                                            <\/div>\r\n                    <div class=\"col-md-6 col-sm-6\">\r\n                                                                        <h4 class=\"mec-event-title\"><a class=\"mec-color-hover\"  data-event-id=\"46773\" href=\"https:\/\/elvendrellturisme.dms3labs.cat\/es\/events\/deporte-y-salud-en-la-playa-6\/\" target=\"_self\" rel=\"noopener\">DEPORTE Y SALUD EN LA PLAYA<\/a><span class=\"event-color\" style=\"background: #\"><\/span><\/h4>\r\n                                                <div class=\"mec-event-detail\">\r\n                            <div class=\"mec-event-loc-place\"><\/div>\r\n                                                                                                            <\/div>\r\n                        <ul class=\"mec-event-sharing\"><li class=\"mec-event-social-icon\"><a class=\"facebook\" href=\"https:\/\/www.facebook.com\/sharer\/sharer.php?u=https%3A%2F%2Felvendrellturisme.dms3labs.cat%2Fes%2Fevents%2Fdeporte-y-salud-en-la-playa-6%2F\" onclick=\"javascript:window.open(this.href, '', 'menubar=no,toolbar=no,resizable=yes,scrollbars=yes,height=500,width=600'); return false;\" title=\"Compartir en Facebook\"><i class=\"mec-fa-facebook\"><\/i><\/a><\/li><li class=\"mec-event-social-icon\"><a class=\"twitter\" href=\"https:\/\/twitter.com\/share?url=https%3A%2F%2Felvendrellturisme.dms3labs.cat%2Fes%2Fevents%2Fdeporte-y-salud-en-la-playa-6%2F\" onclick=\"javascript:window.open(this.href, '', 'menubar=no,toolbar=no,resizable=yes,scrollbars=yes,height=600,width=500'); return false;\" target=\"_blank\" title=\"Tweet\"><i class=\"mec-fa-twitter\"><\/i><\/a><\/li><li class=\"mec-event-social-icon\"><a class=\"linkedin\" href=\"https:\/\/www.linkedin.com\/shareArticle?mini=true&url=https%3A%2F%2Felvendrellturisme.dms3labs.cat%2Fes%2Fevents%2Fdeporte-y-salud-en-la-playa-6%2F\" onclick=\"javascript:window.open(this.href, '', 'menubar=no,toolbar=no,resizable=yes,scrollbars=yes,height=600,width=500'); return false;\" target=\"_blank\" title=\"LinkedIn\"><i class=\"mec-fa-linkedin\"><\/i><\/a><\/li><li class=\"mec-event-social-icon\"><a class=\"email\" href=\"mailto:?subject=DEPORTE Y SALUD EN LA PLAYA&body=https%3A%2F%2Felvendrellturisme.dms3labs.cat%2Fes%2Fevents%2Fdeporte-y-salud-en-la-playa-6%2F\" title=\"Correo electr\u00f3nico\"><i class=\"mec-fa-envelope\"><\/i><\/a><\/li><\/ul>\r\n                    <\/div>\r\n                    <div class=\"col-md-4 col-sm-4 mec-btn-wrapper\">\r\n                                                <a class=\"mec-booking-button\"  data-event-id=\"46773\" href=\"https:\/\/elvendrellturisme.dms3labs.cat\/es\/events\/deporte-y-salud-en-la-playa-6\/\" target=\"_self\" rel=\"noopener\">Ver detalle<\/a>                                            <\/div>\r\n                            <\/article>\r\n                    <script type=\"application\/ld+json\">\r\n        {\r\n            \"@context\": \"http:\/\/schema.org\",\r\n            \"@type\": \"Event\",\r\n            \"eventStatus\": \"https:\/\/schema.org\/EventScheduled\",\r\n            \"startDate\": \"2026-05-09\",\r\n            \"endDate\": \"2026-05-09\",\r\n            \"eventAttendanceMode\": \"https:\/\/schema.org\/OfflineEventAttendanceMode\",\r\n            \"location\":\r\n            {\r\n                \"@type\": \"Place\",\r\n                                \"name\": \"Museo Pau Casals\",\r\n                \"image\": \"\",\r\n                \"address\": \"\"\r\n                            },\r\n            \"organizer\":\r\n            {\r\n                \"@type\": \"Person\",\r\n                \"name\": \"\",\r\n                \"url\": \"\"\r\n            },\r\n            \"offers\":\r\n            {\r\n                \"url\": \"https:\/\/elvendrellturisme.dms3labs.cat\/es\/events\/dia-de-europa-2026-conversacion-abierta-al-publico\/\",\r\n                \"price\": \"\",\r\n                \"priceCurrency\": \"\u20ac\",\r\n                \"availability\": \"https:\/\/schema.org\/InStock\",\r\n                \"validFrom\": \"2026-05-09T00:00\"\r\n            },\r\n            \"performer\": \"\",\r\n            \"description\": \"&lt;img class=&quot;alignnone wp-image-47488 size-full&quot; src=&quot;https:\/\/elvendrellturisme.dms3labs.cat\/wp-content\/uploads\/pau-casals-629483-2048x1363-1.jpg&quot; alt=&quot;&quot; width=&quot;2048&quot; height=&quot;1363&quot; \/&gt;\",\r\n            \"image\": \"https:\/\/elvendrellturisme.dms3labs.cat\/wp-content\/uploads\/visites-guiades3.png\",\r\n            \"name\": \"D\u00eda de Europa 2026: conversaci\u00f3n abierta al p\u00fablico\",\r\n            \"url\": \"https:\/\/elvendrellturisme.dms3labs.cat\/es\/events\/dia-de-europa-2026-conversacion-abierta-al-publico\/\"\r\n        }\r\n        <\/script>\r\n                    <article class=\"mec-event-article mec-clear  mec-divider-toggle mec-toggle-202605-&#8221;12430&#8243;\" itemscope>\r\n                                    <div class=\"col-md-2 col-sm-2\">\r\n\r\n                                                <div class=\"mec-event-date\">\r\n                            <div class=\"event-d mec-color\">09<\/div>\r\n                            <div class=\"event-f\">mayo<\/div>\r\n                            <div class=\"event-da\">s\u00e1bado<\/div>\r\n                        <\/div>\r\n                                            <\/div>\r\n                    <div class=\"col-md-6 col-sm-6\">\r\n                                                                        <h4 class=\"mec-event-title\"><a class=\"mec-color-hover\"  data-event-id=\"47498\" href=\"https:\/\/elvendrellturisme.dms3labs.cat\/es\/events\/dia-de-europa-2026-conversacion-abierta-al-publico\/\" target=\"_self\" rel=\"noopener\">D\u00eda de Europa 2026: conversaci\u00f3n abierta al p\u00fablico<\/a><span class=\"event-color\" style=\"background: #\"><\/span><\/h4>\r\n                                                <div class=\"mec-event-detail\">\r\n                            <div class=\"mec-event-loc-place\">Museo Pau Casals<\/div>\r\n                                                                                                            <\/div>\r\n                        <ul class=\"mec-event-sharing\"><li class=\"mec-event-social-icon\"><a class=\"facebook\" href=\"https:\/\/www.facebook.com\/sharer\/sharer.php?u=https%3A%2F%2Felvendrellturisme.dms3labs.cat%2Fes%2Fevents%2Fdia-de-europa-2026-conversacion-abierta-al-publico%2F\" onclick=\"javascript:window.open(this.href, '', 'menubar=no,toolbar=no,resizable=yes,scrollbars=yes,height=500,width=600'); return false;\" title=\"Compartir en Facebook\"><i class=\"mec-fa-facebook\"><\/i><\/a><\/li><li class=\"mec-event-social-icon\"><a class=\"twitter\" href=\"https:\/\/twitter.com\/share?url=https%3A%2F%2Felvendrellturisme.dms3labs.cat%2Fes%2Fevents%2Fdia-de-europa-2026-conversacion-abierta-al-publico%2F\" onclick=\"javascript:window.open(this.href, '', 'menubar=no,toolbar=no,resizable=yes,scrollbars=yes,height=600,width=500'); return false;\" target=\"_blank\" title=\"Tweet\"><i class=\"mec-fa-twitter\"><\/i><\/a><\/li><li class=\"mec-event-social-icon\"><a class=\"linkedin\" href=\"https:\/\/www.linkedin.com\/shareArticle?mini=true&url=https%3A%2F%2Felvendrellturisme.dms3labs.cat%2Fes%2Fevents%2Fdia-de-europa-2026-conversacion-abierta-al-publico%2F\" onclick=\"javascript:window.open(this.href, '', 'menubar=no,toolbar=no,resizable=yes,scrollbars=yes,height=600,width=500'); return false;\" target=\"_blank\" title=\"LinkedIn\"><i class=\"mec-fa-linkedin\"><\/i><\/a><\/li><li class=\"mec-event-social-icon\"><a class=\"email\" href=\"mailto:?subject=D\u00eda de Europa 2026: conversaci\u00f3n abierta al p\u00fablico&body=https%3A%2F%2Felvendrellturisme.dms3labs.cat%2Fes%2Fevents%2Fdia-de-europa-2026-conversacion-abierta-al-publico%2F\" title=\"Correo electr\u00f3nico\"><i class=\"mec-fa-envelope\"><\/i><\/a><\/li><\/ul>\r\n                    <\/div>\r\n                    <div class=\"col-md-4 col-sm-4 mec-btn-wrapper\">\r\n                                                <a class=\"mec-booking-button\"  data-event-id=\"47498\" href=\"https:\/\/elvendrellturisme.dms3labs.cat\/es\/events\/dia-de-europa-2026-conversacion-abierta-al-publico\/\" target=\"_self\" rel=\"noopener\">Ver detalle<\/a>                                            <\/div>\r\n                            <\/article>\r\n            \t\t\t<\/div>\r\n<\/div>\r\n\r\n    <\/div>\r\n    <div class=\"mec-skin-list-no-events-container mec-util-hidden\" id=\"mec_skin_no_events_&#8221;12430&#8243;\">\r\n        \u00a1No hay eventos!    <\/div>\r\n        \r\n        <div class=\"mec-load-more-wrap\"><div class=\"mec-load-more-button \">Cargar m\u00e1s<\/div><\/div>\r\n        \r\n<\/div>\n\t\t\t\t<\/div>\n\t\t\t<\/div><\/p>\n","protected":false},"author":1,"featured_media":26025,"parent":0,"menu_order":0,"comment_status":"closed","ping_status":"closed","template":"","meta":{"_acf_changed":false,"_et_pb_use_builder":"on","_et_pb_old_content":"","_et_gb_content_width":"","content-type":"","footnotes":""},"dipi_cpt_category":[],"class_list":["post-26741","page","type-page","status-publish","has-post-thumbnail","hentry"],"acf":[],"rankMath":{"parentDomain":"dms3labs.cat","noFollowDomains":[],"noFollowExcludeDomains":[],"noFollowExternalLinks":false,"featuredImageNotice":"La imagen destacada debe tener al menos 200 por 200 p\u00edxeles para que Facebook y otros sitios de redes sociales puedan escogerla.","pluginReviewed":false,"postSettings":{"linkSuggestions":true,"useFocusKeyword":false},"frontEndScore":false,"postName":"actividades-saludables","permalinkFormat":"https:\/\/elvendrellturisme.dms3labs.cat\/es\/%pagename%\/","showLockModifiedDate":true,"assessor":{"focusKeywordLink":"https:\/\/elvendrellturisme.dms3labs.cat\/wp-admin\/edit.php?focus_keyword=%focus_keyword%&post_type=%post_type%","hasTOCPlugin":false,"primaryTaxonomy":false,"serpData":{"title":"","description":"Todo el entorno natural del Vendrell, las playas, la reserva marina y los senderos hacen posible actividades que promueven una vida saludable. ","focusKeywords":"saludable","pillarContent":false,"canonicalUrl":"","breadcrumbTitle":"","advancedRobots":{"max-snippet":"-1","max-video-preview":"-1","max-image-preview":"large"},"facebookTitle":"","facebookDescription":"","facebookImage":"","facebookImageID":"","facebookHasOverlay":false,"facebookImageOverlay":"","facebookAuthor":"","twitterCardType":"","twitterUseFacebook":true,"twitterTitle":"","twitterDescription":"","twitterImage":"","twitterImageID":"","twitterHasOverlay":false,"twitterImageOverlay":"","twitterPlayerUrl":"","twitterPlayerSize":"","twitterPlayerStream":"","twitterPlayerStreamCtype":"","twitterAppDescription":"","twitterAppIphoneName":"","twitterAppIphoneID":"","twitterAppIphoneUrl":"","twitterAppIpadName":"","twitterAppIpadID":"","twitterAppIpadUrl":"","twitterAppGoogleplayName":"","twitterAppGoogleplayID":"","twitterAppGoogleplayUrl":"","twitterAppCountry":"","robots":{"index":true},"twitterAuthor":"nombre de usuario","primaryTerm":0,"authorName":"admin","titleTemplate":"%title% %sep% %sitename%","descriptionTemplate":"%excerpt%","showScoreFrontend":true,"lockModifiedDate":false},"powerWords":["incre\u00edble","asombroso","maravilloso","\u00fanico","hermoso","felicidad","brillante","cautivador","carism\u00e1tico","impactante","claro","completamente","confidencial","confianza","significativo","creativo","definitivamente","delicioso","demostrar","apres\u00farate","decidido","digno","din\u00e1mico","impresionante","esencial","inspirador","innovador","intenso","eficaz","m\u00e1gico","magn\u00edfico","hist\u00f3rico","importante","incre\u00edble","indispensable","inolvidable","irresistible","legendario","luminoso","lujo","m\u00e1gico","magn\u00edfico","majestuoso","memorable","maravilloso","milagroso","motivador","necesario","nuevo","oficial","perfecto","apasionado","persuasivo","fenomenal","placer","popular","poder","prestigioso","prodigioso","profundo","pr\u00f3spero","poderoso","calidad","radiante","r\u00e1pido","exitoso","revolucionario","satisfecho","seguridad","sensacional","sereno","suntuoso","espl\u00e9ndido","sublime","sorprendente","talentoso","terror\u00edfico","\u00fanico","valor","vibrante","victorioso","vivo","verdaderamente","celoso","aut\u00e9ntico","aventurero","espectacular","exclusivo","garantizado","extraordinario","fabuloso","fascinante","formidable","genial","grandioso","gratuito","h\u00e1bil","ilimitado","impecable","infalible","infinitamente","influyente","ingenioso","inolvidable","irremplazable","l\u00edder","maestro","notable","novedoso","pionero","poderoso","reconocido","revolucionario","sorprendente","superior","triunfante","ultra","valiente","valioso","vanguardista","vigoroso","visionario","voluntad","vital","triunfo","glorioso","imparable","inigualable","inteligente","invencible","libertad","orgullo","paz","progreso","renovado","sabidur\u00eda","satisfacci\u00f3n","seguro","serenidad","superaci\u00f3n","talento","transcendente","transformador","valent\u00eda","victoria"],"diacritics":{"A":"[\\u0041\\u24B6\\uFF21\\u00C0\\u00C1\\u00C2\\u1EA6\\u1EA4\\u1EAA\\u1EA8\\u00C3\\u0100\\u0102\\u1EB0\\u1EAE\\u1EB4\\u1EB2\\u0226\\u01E0\\u00C4\\u01DE\\u1EA2\\u00C5\\u01FA\\u01CD\\u0200\\u0202\\u1EA0\\u1EAC\\u1EB6\\u1E00\\u0104\\u023A\\u2C6F]","AA":"[\\uA732]","AE":"[\\u00C6\\u01FC\\u01E2]","AO":"[\\uA734]","AU":"[\\uA736]","AV":"[\\uA738\\uA73A]","AY":"[\\uA73C]","B":"[\\u0042\\u24B7\\uFF22\\u1E02\\u1E04\\u1E06\\u0243\\u0182\\u0181]","C":"[\\u0043\\u24B8\\uFF23\\u0106\\u0108\\u010A\\u010C\\u00C7\\u1E08\\u0187\\u023B\\uA73E]","D":"[\\u0044\\u24B9\\uFF24\\u1E0A\\u010E\\u1E0C\\u1E10\\u1E12\\u1E0E\\u0110\\u018B\\u018A\\u0189\\uA779]","DZ":"[\\u01F1\\u01C4]","Dz":"[\\u01F2\\u01C5]","E":"[\\u0045\\u24BA\\uFF25\\u00C8\\u00C9\\u00CA\\u1EC0\\u1EBE\\u1EC4\\u1EC2\\u1EBC\\u0112\\u1E14\\u1E16\\u0114\\u0116\\u00CB\\u1EBA\\u011A\\u0204\\u0206\\u1EB8\\u1EC6\\u0228\\u1E1C\\u0118\\u1E18\\u1E1A\\u0190\\u018E]","F":"[\\u0046\\u24BB\\uFF26\\u1E1E\\u0191\\uA77B]","G":"[\\u0047\\u24BC\\uFF27\\u01F4\\u011C\\u1E20\\u011E\\u0120\\u01E6\\u0122\\u01E4\\u0193\\uA7A0\\uA77D\\uA77E]","H":"[\\u0048\\u24BD\\uFF28\\u0124\\u1E22\\u1E26\\u021E\\u1E24\\u1E28\\u1E2A\\u0126\\u2C67\\u2C75\\uA78D]","I":"[\\u0049\\u24BE\\uFF29\\u00CC\\u00CD\\u00CE\\u0128\\u012A\\u012C\\u0130\\u00CF\\u1E2E\\u1EC8\\u01CF\\u0208\\u020A\\u1ECA\\u012E\\u1E2C\\u0197]","J":"[\\u004A\\u24BF\\uFF2A\\u0134\\u0248]","K":"[\\u004B\\u24C0\\uFF2B\\u1E30\\u01E8\\u1E32\\u0136\\u1E34\\u0198\\u2C69\\uA740\\uA742\\uA744\\uA7A2]","L":"[\\u004C\\u24C1\\uFF2C\\u013F\\u0139\\u013D\\u1E36\\u1E38\\u013B\\u1E3C\\u1E3A\\u0141\\u023D\\u2C62\\u2C60\\uA748\\uA746\\uA780]","LJ":"[\\u01C7]","Lj":"[\\u01C8]","M":"[\\u004D\\u24C2\\uFF2D\\u1E3E\\u1E40\\u1E42\\u2C6E\\u019C]","N":"[\\u004E\\u24C3\\uFF2E\\u01F8\\u0143\\u00D1\\u1E44\\u0147\\u1E46\\u0145\\u1E4A\\u1E48\\u0220\\u019D\\uA790\\uA7A4]","NJ":"[\\u01CA]","Nj":"[\\u01CB]","O":"[\\u004F\\u24C4\\uFF2F\\u00D2\\u00D3\\u00D4\\u1ED2\\u1ED0\\u1ED6\\u1ED4\\u00D5\\u1E4C\\u022C\\u1E4E\\u014C\\u1E50\\u1E52\\u014E\\u022E\\u0230\\u00D6\\u022A\\u1ECE\\u0150\\u01D1\\u020C\\u020E\\u01A0\\u1EDC\\u1EDA\\u1EE0\\u1EDE\\u1EE2\\u1ECC\\u1ED8\\u01EA\\u01EC\\u00D8\\u01FE\\u0186\\u019F\\uA74A\\uA74C]","OI":"[\\u01A2]","OO":"[\\uA74E]","OU":"[\\u0222]","P":"[\\u0050\\u24C5\\uFF30\\u1E54\\u1E56\\u01A4\\u2C63\\uA750\\uA752\\uA754]","Q":"[\\u0051\\u24C6\\uFF31\\uA756\\uA758\\u024A]","R":"[\\u0052\\u24C7\\uFF32\\u0154\\u1E58\\u0158\\u0210\\u0212\\u1E5A\\u1E5C\\u0156\\u1E5E\\u024C\\u2C64\\uA75A\\uA7A6\\uA782]","S":"[\\u0053\\u24C8\\uFF33\\u1E9E\\u015A\\u1E64\\u015C\\u1E60\\u0160\\u1E66\\u1E62\\u1E68\\u0218\\u015E\\u2C7E\\uA7A8\\uA784]","T":"[\\u0054\\u24C9\\uFF34\\u1E6A\\u0164\\u1E6C\\u021A\\u0162\\u1E70\\u1E6E\\u0166\\u01AC\\u01AE\\u023E\\uA786]","TZ":"[\\uA728]","U":"[\\u0055\\u24CA\\uFF35\\u00D9\\u00DA\\u00DB\\u0168\\u1E78\\u016A\\u1E7A\\u016C\\u00DC\\u01DB\\u01D7\\u01D5\\u01D9\\u1EE6\\u016E\\u0170\\u01D3\\u0214\\u0216\\u01AF\\u1EEA\\u1EE8\\u1EEE\\u1EEC\\u1EF0\\u1EE4\\u1E72\\u0172\\u1E76\\u1E74\\u0244]","V":"[\\u0056\\u24CB\\uFF36\\u1E7C\\u1E7E\\u01B2\\uA75E\\u0245]","VY":"[\\uA760]","W":"[\\u0057\\u24CC\\uFF37\\u1E80\\u1E82\\u0174\\u1E86\\u1E84\\u1E88\\u2C72]","X":"[\\u0058\\u24CD\\uFF38\\u1E8A\\u1E8C]","Y":"[\\u0059\\u24CE\\uFF39\\u1EF2\\u00DD\\u0176\\u1EF8\\u0232\\u1E8E\\u0178\\u1EF6\\u1EF4\\u01B3\\u024E\\u1EFE]","Z":"[\\u005A\\u24CF\\uFF3A\\u0179\\u1E90\\u017B\\u017D\\u1E92\\u1E94\\u01B5\\u0224\\u2C7F\\u2C6B\\uA762]","a":"[\\u0061\\u24D0\\uFF41\\u1E9A\\u00E0\\u00E1\\u00E2\\u1EA7\\u1EA5\\u1EAB\\u1EA9\\u00E3\\u0101\\u0103\\u1EB1\\u1EAF\\u1EB5\\u1EB3\\u0227\\u01E1\\u00E4\\u01DF\\u1EA3\\u00E5\\u01FB\\u01CE\\u0201\\u0203\\u1EA1\\u1EAD\\u1EB7\\u1E01\\u0105\\u2C65\\u0250]","aa":"[\\uA733]","ae":"[\\u00E6\\u01FD\\u01E3]","ao":"[\\uA735]","au":"[\\uA737]","av":"[\\uA739\\uA73B]","ay":"[\\uA73D]","b":"[\\u0062\\u24D1\\uFF42\\u1E03\\u1E05\\u1E07\\u0180\\u0183\\u0253]","c":"[\\u0063\\u24D2\\uFF43\\u0107\\u0109\\u010B\\u010D\\u00E7\\u1E09\\u0188\\u023C\\uA73F\\u2184]","d":"[\\u0064\\u24D3\\uFF44\\u1E0B\\u010F\\u1E0D\\u1E11\\u1E13\\u1E0F\\u0111\\u018C\\u0256\\u0257\\uA77A]","dz":"[\\u01F3\\u01C6]","e":"[\\u0065\\u24D4\\uFF45\\u00E8\\u00E9\\u00EA\\u1EC1\\u1EBF\\u1EC5\\u1EC3\\u1EBD\\u0113\\u1E15\\u1E17\\u0115\\u0117\\u00EB\\u1EBB\\u011B\\u0205\\u0207\\u1EB9\\u1EC7\\u0229\\u1E1D\\u0119\\u1E19\\u1E1B\\u0247\\u025B\\u01DD]","f":"[\\u0066\\u24D5\\uFF46\\u1E1F\\u0192\\uA77C]","g":"[\\u0067\\u24D6\\uFF47\\u01F5\\u011D\\u1E21\\u011F\\u0121\\u01E7\\u0123\\u01E5\\u0260\\uA7A1\\u1D79\\uA77F]","h":"[\\u0068\\u24D7\\uFF48\\u0125\\u1E23\\u1E27\\u021F\\u1E25\\u1E29\\u1E2B\\u1E96\\u0127\\u2C68\\u2C76\\u0265]","hv":"[\\u0195]","i":"[\\u0069\\u24D8\\uFF49\\u00EC\\u00ED\\u00EE\\u0129\\u012B\\u012D\\u00EF\\u1E2F\\u1EC9\\u01D0\\u0209\\u020B\\u1ECB\\u012F\\u1E2D\\u0268\\u0131]","j":"[\\u006A\\u24D9\\uFF4A\\u0135\\u01F0\\u0249]","k":"[\\u006B\\u24DA\\uFF4B\\u1E31\\u01E9\\u1E33\\u0137\\u1E35\\u0199\\u2C6A\\uA741\\uA743\\uA745\\uA7A3]","l":"[\\u006C\\u24DB\\uFF4C\\u0140\\u013A\\u013E\\u1E37\\u1E39\\u013C\\u1E3D\\u1E3B\\u017F\\u0142\\u019A\\u026B\\u2C61\\uA749\\uA781\\uA747]","lj":"[\\u01C9]","m":"[\\u006D\\u24DC\\uFF4D\\u1E3F\\u1E41\\u1E43\\u0271\\u026F]","n":"[\\u006E\\u24DD\\uFF4E\\u01F9\\u0144\\u00F1\\u1E45\\u0148\\u1E47\\u0146\\u1E4B\\u1E49\\u019E\\u0272\\u0149\\uA791\\uA7A5]","nj":"[\\u01CC]","o":"[\\u006F\\u24DE\\uFF4F\\u00F2\\u00F3\\u00F4\\u1ED3\\u1ED1\\u1ED7\\u1ED5\\u00F5\\u1E4D\\u022D\\u1E4F\\u014D\\u1E51\\u1E53\\u014F\\u022F\\u0231\\u00F6\\u022B\\u1ECF\\u0151\\u01D2\\u020D\\u020F\\u01A1\\u1EDD\\u1EDB\\u1EE1\\u1EDF\\u1EE3\\u1ECD\\u1ED9\\u01EB\\u01ED\\u00F8\\u01FF\\u0254\\uA74B\\uA74D\\u0275]","oi":"[\\u01A3]","ou":"[\\u0223]","oo":"[\\uA74F]","p":"[\\u0070\\u24DF\\uFF50\\u1E55\\u1E57\\u01A5\\u1D7D\\uA751\\uA753\\uA755]","q":"[\\u0071\\u24E0\\uFF51\\u024B\\uA757\\uA759]","r":"[\\u0072\\u24E1\\uFF52\\u0155\\u1E59\\u0159\\u0211\\u0213\\u1E5B\\u1E5D\\u0157\\u1E5F\\u024D\\u027D\\uA75B\\uA7A7\\uA783]","s":"[\\u0073\\u24E2\\uFF53\\u015B\\u1E65\\u015D\\u1E61\\u0161\\u1E67\\u1E63\\u1E69\\u0219\\u015F\\u023F\\uA7A9\\uA785\\u1E9B]","ss":"[\\u00DF]","t":"[\\u0074\\u24E3\\uFF54\\u1E6B\\u1E97\\u0165\\u1E6D\\u021B\\u0163\\u1E71\\u1E6F\\u0167\\u01AD\\u0288\\u2C66\\uA787]","tz":"[\\uA729]","u":"[\\u0075\\u24E4\\uFF55\\u00F9\\u00FA\\u00FB\\u0169\\u1E79\\u016B\\u1E7B\\u016D\\u00FC\\u01DC\\u01D8\\u01D6\\u01DA\\u1EE7\\u016F\\u0171\\u01D4\\u0215\\u0217\\u01B0\\u1EEB\\u1EE9\\u1EEF\\u1EED\\u1EF1\\u1EE5\\u1E73\\u0173\\u1E77\\u1E75\\u0289]","v":"[\\u0076\\u24E5\\uFF56\\u1E7D\\u1E7F\\u028B\\uA75F\\u028C]","vy":"[\\uA761]","w":"[\\u0077\\u24E6\\uFF57\\u1E81\\u1E83\\u0175\\u1E87\\u1E85\\u1E98\\u1E89\\u2C73]","x":"[\\u0078\\u24E7\\uFF58\\u1E8B\\u1E8D]","y":"[\\u0079\\u24E8\\uFF59\\u1EF3\\u00FD\\u0177\\u1EF9\\u0233\\u1E8F\\u00FF\\u1EF7\\u1E99\\u1EF5\\u01B4\\u024F\\u1EFF]","z":"[\\u007A\\u24E9\\uFF5A\\u017A\\u1E91\\u017C\\u017E\\u1E93\\u1E95\\u01B6\\u0225\\u0240\\u2C6C\\uA763]"},"researchesTests":["contentHasTOC","contentHasShortParagraphs","contentHasAssets","keywordInTitle","keywordInMetaDescription","keywordInPermalink","keywordIn10Percent","keywordInContent","keywordInSubheadings","keywordInImageAlt","keywordDensity","keywordNotUsed","lengthContent","lengthPermalink","linksHasInternal","linksHasExternals","linksNotAllExternals","titleStartWithKeyword","titleSentiment","titleHasPowerWords","titleHasNumber","hasContentAI"],"hasRedirection":true,"hasBreadcrumb":false},"homeUrl":"https:\/\/elvendrellturisme.dms3labs.cat\/es\/","objectID":26741,"objectType":"post","locale":"es","localeFull":"es_ES","overlayImages":{"play":{"name":"Icono de reproducci\u00f3n","url":"https:\/\/elvendrellturisme.dms3labs.cat\/wp-content\/plugins\/seo-by-rank-math\/assets\/admin\/img\/icon-play.png","path":"\/var\/www\/vhosts\/dms3labs.cat\/subdominis\/elvendrellturisme.dms3labs.cat\/wp-content\/plugins\/seo-by-rank-math\/assets\/admin\/img\/icon-play.png","position":"middle_center"},"gif":{"name":"Icono GIF","url":"https:\/\/elvendrellturisme.dms3labs.cat\/wp-content\/plugins\/seo-by-rank-math\/assets\/admin\/img\/icon-gif.png","path":"\/var\/www\/vhosts\/dms3labs.cat\/subdominis\/elvendrellturisme.dms3labs.cat\/wp-content\/plugins\/seo-by-rank-math\/assets\/admin\/img\/icon-gif.png","position":"middle_center"}},"defautOgImage":"https:\/\/elvendrellturisme.dms3labs.cat\/wp-content\/uploads\/2021\/03\/tv-el-vendrell.png","customPermalinks":true,"isUserRegistered":true,"autoSuggestKeywords":true,"connectSiteUrl":"https:\/\/rankmath.com\/auth?site=https%3A%2F%2Felvendrellturisme.dms3labs.cat%2Fes%2F&r=https%3A%2F%2Felvendrellturisme.dms3labs.cat%2Fes%2Fwp-json%2Fwp%2Fv2%2Fpages%2F26741%3Fnonce%3D20361aa608","maxTags":5,"trendsIcon":"<svg viewBox=\"0 0 610 610\"><path d=\"M18.85,446,174.32,290.48l58.08,58.08L76.93,504a14.54,14.54,0,0,1-20.55,0L18.83,466.48a14.54,14.54,0,0,1,0-20.55Z\" style=\"fill:#4285f4\"\/><path d=\"M242.65,242.66,377.59,377.6l-47.75,47.75a14.54,14.54,0,0,1-20.55,0L174.37,290.43l47.75-47.75A14.52,14.52,0,0,1,242.65,242.66Z\" style=\"fill:#ea4335\"\/><polygon points=\"319.53 319.53 479.26 159.8 537.34 217.88 377.61 377.62 319.53 319.53\" style=\"fill:#fabb05\"\/><path d=\"M594.26,262.73V118.61h0a16.94,16.94,0,0,0-16.94-16.94H433.2a16.94,16.94,0,0,0-12,28.92L565.34,274.71h0a16.94,16.94,0,0,0,28.92-12Z\" style=\"fill:#34a853\"\/><rect width=\"610\" height=\"610\" style=\"fill:none\"\/><\/svg>","showScore":true,"siteFavIcon":"https:\/\/elvendrellturisme.dms3labs.cat\/wp-content\/uploads\/cropped-logo-en-clau-de-sol-ffavicon-32x32.png","canUser":{"general":false,"advanced":false,"snippet":false,"social":false,"analysis":false,"analytics":false,"content_ai":false},"isPro":false,"is_front_page":false,"trendsUpgradeLink":"https:\/\/rankmath.com\/pricing\/?utm_source=Plugin&utm_medium=CE%20General%20Tab%20Trends&utm_campaign=WP","trendsUpgradeLabel":"Actualizar","trendsPreviewImage":"https:\/\/elvendrellturisme.dms3labs.cat\/wp-content\/plugins\/seo-by-rank-math\/assets\/admin\/img\/trends-preview.jpg","currentEditor":false,"homepageData":{"assessor":{"powerWords":["incre\u00edble","asombroso","maravilloso","\u00fanico","hermoso","felicidad","brillante","cautivador","carism\u00e1tico","impactante","claro","completamente","confidencial","confianza","significativo","creativo","definitivamente","delicioso","demostrar","apres\u00farate","decidido","digno","din\u00e1mico","impresionante","esencial","inspirador","innovador","intenso","eficaz","m\u00e1gico","magn\u00edfico","hist\u00f3rico","importante","incre\u00edble","indispensable","inolvidable","irresistible","legendario","luminoso","lujo","m\u00e1gico","magn\u00edfico","majestuoso","memorable","maravilloso","milagroso","motivador","necesario","nuevo","oficial","perfecto","apasionado","persuasivo","fenomenal","placer","popular","poder","prestigioso","prodigioso","profundo","pr\u00f3spero","poderoso","calidad","radiante","r\u00e1pido","exitoso","revolucionario","satisfecho","seguridad","sensacional","sereno","suntuoso","espl\u00e9ndido","sublime","sorprendente","talentoso","terror\u00edfico","\u00fanico","valor","vibrante","victorioso","vivo","verdaderamente","celoso","aut\u00e9ntico","aventurero","espectacular","exclusivo","garantizado","extraordinario","fabuloso","fascinante","formidable","genial","grandioso","gratuito","h\u00e1bil","ilimitado","impecable","infalible","infinitamente","influyente","ingenioso","inolvidable","irremplazable","l\u00edder","maestro","notable","novedoso","pionero","poderoso","reconocido","revolucionario","sorprendente","superior","triunfante","ultra","valiente","valioso","vanguardista","vigoroso","visionario","voluntad","vital","triunfo","glorioso","imparable","inigualable","inteligente","invencible","libertad","orgullo","paz","progreso","renovado","sabidur\u00eda","satisfacci\u00f3n","seguro","serenidad","superaci\u00f3n","talento","transcendente","transformador","valent\u00eda","victoria"],"diacritics":true,"researchesTests":["contentHasTOC","contentHasShortParagraphs","contentHasAssets","keywordInTitle","keywordInMetaDescription","keywordInPermalink","keywordIn10Percent","keywordInContent","keywordInSubheadings","keywordInImageAlt","keywordDensity","keywordNotUsed","lengthContent","lengthPermalink","linksHasInternal","linksHasExternals","linksNotAllExternals","titleStartWithKeyword","titleSentiment","titleHasPowerWords","titleHasNumber","hasContentAI"],"hasBreadcrumb":false,"serpData":{"title":"%sitename% %page% %sep% %sitedesc%","description":"","titleTemplate":"%sitename% %page% %sep% %sitedesc%","descriptionTemplate":"","focusKeywords":"","breadcrumbTitle":"Home","robots":{"index":true},"advancedRobots":{"max-snippet":"-1","max-video-preview":"-1","max-image-preview":"large"},"facebookTitle":"","facebookDescription":"","facebookImage":"","facebookImageID":""}}},"tocTitle":"Table of Contents","tocExcludeHeadings":[],"listStyle":"ul"},"_links":{"self":[{"href":"https:\/\/elvendrellturisme.dms3labs.cat\/es\/wp-json\/wp\/v2\/pages\/26741","targetHints":{"allow":["GET"]}}],"collection":[{"href":"https:\/\/elvendrellturisme.dms3labs.cat\/es\/wp-json\/wp\/v2\/pages"}],"about":[{"href":"https:\/\/elvendrellturisme.dms3labs.cat\/es\/wp-json\/wp\/v2\/types\/page"}],"author":[{"embeddable":true,"href":"https:\/\/elvendrellturisme.dms3labs.cat\/es\/wp-json\/wp\/v2\/users\/1"}],"replies":[{"embeddable":true,"href":"https:\/\/elvendrellturisme.dms3labs.cat\/es\/wp-json\/wp\/v2\/comments?post=26741"}],"version-history":[{"count":509,"href":"https:\/\/elvendrellturisme.dms3labs.cat\/es\/wp-json\/wp\/v2\/pages\/26741\/revisions"}],"predecessor-version":[{"id":47604,"href":"https:\/\/elvendrellturisme.dms3labs.cat\/es\/wp-json\/wp\/v2\/pages\/26741\/revisions\/47604"}],"wp:featuredmedia":[{"embeddable":true,"href":"https:\/\/elvendrellturisme.dms3labs.cat\/es\/wp-json\/wp\/v2\/media\/26025"}],"wp:attachment":[{"href":"https:\/\/elvendrellturisme.dms3labs.cat\/es\/wp-json\/wp\/v2\/media?parent=26741"}],"wp:term":[{"taxonomy":"dipi_cpt_category","embeddable":true,"href":"https:\/\/elvendrellturisme.dms3labs.cat\/es\/wp-json\/wp\/v2\/dipi_cpt_category?post=26741"}],"curies":[{"name":"wp","href":"https:\/\/api.w.org\/{rel}","templated":true}]}}