{"id":26526,"date":"2021-07-07T11:26:16","date_gmt":"2021-07-07T11:26:16","guid":{"rendered":"https:\/\/tv.dms3labs.cat\/productos-tipicos-del-vendrell\/"},"modified":"2022-06-03T10:39:49","modified_gmt":"2022-06-03T08:39:49","slug":"productos-tipicos-del-vendrell","status":"publish","type":"page","link":"https:\/\/elvendrellturisme.dms3labs.cat\/es\/productos-tipicos-del-vendrell\/","title":{"rendered":"Productos t\u00edpicos del Vendrell"},"content":{"rendered":"<p>[et_pb_section fb_built=&#8221;1&#8243; admin_label=&#8221;Hero&#8221; _builder_version=&#8221;4.8.2&#8243; background_enable_color=&#8221;off&#8221; use_background_color_gradient=&#8221;on&#8221; background_color_gradient_start=&#8221;rgba(43,135,218,0)&#8221; background_color_gradient_end=&#8221;rgba(8,10,10,0.75)&#8221; background_color_gradient_start_position=&#8221;50%&#8221; background_color_gradient_overlays_image=&#8221;on&#8221; background_image=&#8221;https:\/\/elvendrellturisme.dms3labs.cat\/wp-content\/uploads\/el-vendrell-bufats.jpg&#8221; min_height=&#8221;75vh&#8221; custom_padding=&#8221;101px|||0px|false|false&#8221; locked=&#8221;off&#8221; global_colors_info=&#8221;{}&#8221;][et_pb_row use_custom_gutter=&#8221;on&#8221; gutter_width=&#8221;1&#8243; make_equal=&#8221;on&#8221; module_class=&#8221; et_pb_row_fullwidth&#8221; _builder_version=&#8221;4.8.2&#8243; positioning=&#8221;absolute&#8221; position_origin_a=&#8221;bottom_center&#8221; width_tablet=&#8221;100%&#8221; width_last_edited=&#8221;off|desktop&#8221; max_width_tablet=&#8221;100%&#8221; max_width_last_edited=&#8221;off|desktop&#8221; custom_margin=&#8221;||||false|false&#8221; custom_padding=&#8221;||74px||false|false&#8221; make_fullwidth=&#8221;on&#8221; global_colors_info=&#8221;{}&#8221; width__hover_enabled=&#8221;off|desktop&#8221; custom_css_before__hover_enabled=&#8221;on|desktop&#8221; custom_css_before_last_edited=&#8221;on|desktop&#8221;][et_pb_column type=&#8221;4_4&#8243; _builder_version=&#8221;4.8.2&#8243; parallax=&#8221;on&#8221; custom_padding=&#8221;||||false|false&#8221; custom_css_main_element=&#8221;\tmargin: auto auto 0;&#8221; global_colors_info=&#8221;{}&#8221; custom_padding__hover=&#8221;|||&#8221;][et_pb_text admin_label=&#8221;Look Inside Title&#8221; _builder_version=&#8221;4.8.2&#8243; _module_preset=&#8221;5975d0da-a31c-4419-aa53-a11ada705cd8&#8243; header_text_color=&#8221;#ffffff&#8221; locked=&#8221;off&#8221; global_colors_info=&#8221;{}&#8221;]<\/p>\n<h1>PRODUCTOS T\u00cdPICOS DEL VENDRELL<\/h1>\n<p>[\/et_pb_text][\/et_pb_column][\/et_pb_row][\/et_pb_section][et_pb_section fb_built=&#8221;1&#8243; custom_padding_last_edited=&#8221;on|phone&#8221; _builder_version=&#8221;4.8.2&#8243; _module_preset=&#8221;default&#8221; custom_padding=&#8221;6px||||false|false&#8221; custom_padding_tablet=&#8221;&#8221; custom_padding_phone=&#8221;4px||||false|false&#8221; global_colors_info=&#8221;{}&#8221;][et_pb_row column_structure=&#8221;1_5,1_5,1_5,1_5,1_5&#8243; _builder_version=&#8221;4.8.2&#8243; _module_preset=&#8221;3d512509-03f4-49c0-8c71-b925738b3ceb&#8221; width=&#8221;100%&#8221; border_width_bottom=&#8221;3px&#8221; locked=&#8221;off&#8221; global_colors_info=&#8221;{}&#8221;][et_pb_column type=&#8221;1_5&#8243; _builder_version=&#8221;4.8.2&#8243; _module_preset=&#8221;e538b53d-81a0-4dcd-bf4e-c24ed5e01d9e&#8221; background_enable_image=&#8221;off&#8221; border_color_bottom=&#8221;#ffffff&#8221; border_width_all_tablet=&#8221;&#8221; border_width_all_phone=&#8221;0px&#8221; border_width_all_last_edited=&#8221;on|phone&#8221; border_width_bottom_tablet=&#8221;&#8221; border_width_bottom_phone=&#8221;4px&#8221; border_width_bottom_last_edited=&#8221;on|phone&#8221; global_colors_info=&#8221;{}&#8221;][et_pb_text _builder_version=&#8221;4.8.2&#8243; _module_preset=&#8221;75670887-6b9a-4e62-853f-184f90d66ac5&#8243; background_image=&#8221;https:\/\/elvendrellturisme.dms3labs.cat\/wp-content\/uploads\/restaurants-el-vendrell-4.jpg&#8221; link_option_url=&#8221;#xato&#8221; global_colors_info=&#8221;{}&#8221; background_image__hover=&#8221;https:\/\/elvendrellturisme.dms3labs.cat\/wp-content\/uploads\/restaurants-el-vendrell-4.jpg&#8221;]<\/p>\n<h2>El Xat\u00f3 del Vendrell<\/h2>\n<p>[\/et_pb_text][\/et_pb_column][et_pb_column type=&#8221;1_5&#8243; _builder_version=&#8221;4.8.2&#8243; _module_preset=&#8221;3948c57f-bd1b-4d4b-8c9a-0d8828761a16&#8243; border_color_bottom=&#8221;#ffffff&#8221; border_width_bottom_tablet=&#8221;&#8221; border_width_bottom_phone=&#8221;4px&#8221; border_width_bottom_last_edited=&#8221;on|phone&#8221; global_colors_info=&#8221;{}&#8221;][et_pb_text _builder_version=&#8221;4.8.2&#8243; _module_preset=&#8221;75670887-6b9a-4e62-853f-184f90d66ac5&#8243; background_image=&#8221;https:\/\/elvendrellturisme.dms3labs.cat\/wp-content\/uploads\/el-vendrell-coca-enramada.jpg&#8221; link_option_url=&#8221;#coca-enramada&#8221; global_colors_info=&#8221;{}&#8221; background_image__hover=&#8221;https:\/\/elvendrellturisme.dms3labs.cat\/wp-content\/uploads\/el-vendrell-coca-enramada.jpg&#8221; background_enable_image__hover=&#8221;on&#8221;]<\/p>\n<h2>La coca enramada<\/h2>\n<p>[\/et_pb_text][\/et_pb_column][et_pb_column type=&#8221;1_5&#8243; _builder_version=&#8221;4.8.2&#8243; _module_preset=&#8221;c01bc4ba-52d4-4a48-a1cb-40de7dfd5c74&#8243; border_width_right=&#8221;2px&#8221; border_color_bottom=&#8221;rgba(0,0,0,0)&#8221; border_width_right_tablet=&#8221;&#8221; border_width_right_phone=&#8221;0px&#8221; border_width_right_last_edited=&#8221;on|phone&#8221; border_width_bottom_tablet=&#8221;&#8221; border_width_bottom_phone=&#8221;4px&#8221; border_width_bottom_last_edited=&#8221;on|phone&#8221; global_colors_info=&#8221;{}&#8221;][et_pb_text _builder_version=&#8221;4.8.2&#8243; _module_preset=&#8221;75670887-6b9a-4e62-853f-184f90d66ac5&#8243; background_image=&#8221;https:\/\/elvendrellturisme.dms3labs.cat\/wp-content\/uploads\/el-vendrell-rostades.jpg&#8221; link_option_url=&#8221;#rostades&#8221; global_colors_info=&#8221;{}&#8221; background_image__hover=&#8221;https:\/\/elvendrellturisme.dms3labs.cat\/wp-content\/uploads\/el-vendrell-rostades.jpg&#8221; background_enable_image__hover=&#8221;on&#8221;]<\/p>\n<h2>Rostada<\/h2>\n<p>[\/et_pb_text][\/et_pb_column][et_pb_column type=&#8221;1_5&#8243; _builder_version=&#8221;4.8.2&#8243; _module_preset=&#8221;c01bc4ba-52d4-4a48-a1cb-40de7dfd5c74&#8243; border_width_right=&#8221;2px&#8221; border_color_bottom=&#8221;#ffffff&#8221; border_width_right_tablet=&#8221;&#8221; border_width_right_phone=&#8221;0px&#8221; border_width_right_last_edited=&#8221;on|phone&#8221; border_width_bottom_tablet=&#8221;&#8221; border_width_bottom_phone=&#8221;4px&#8221; border_width_bottom_last_edited=&#8221;on|phone&#8221; global_colors_info=&#8221;{}&#8221;][et_pb_text _builder_version=&#8221;4.8.2&#8243; _module_preset=&#8221;75670887-6b9a-4e62-853f-184f90d66ac5&#8243; background_image=&#8221;https:\/\/elvendrellturisme.dms3labs.cat\/wp-content\/uploads\/resolis-el-vendrell.jpg&#8221; link_option_url=&#8221;#resolis&#8221; global_colors_info=&#8221;{}&#8221; background_image__hover=&#8221;https:\/\/elvendrellturisme.dms3labs.cat\/wp-content\/uploads\/resolis-el-vendrell.jpg&#8221; background_enable_image__hover=&#8221;on&#8221;]<\/p>\n<h2>Resolis<\/h2>\n<p>[\/et_pb_text][\/et_pb_column][et_pb_column type=&#8221;1_5&#8243; _builder_version=&#8221;4.8.2&#8243; _module_preset=&#8221;c01bc4ba-52d4-4a48-a1cb-40de7dfd5c74&#8243; border_color_bottom=&#8221;#ffffff&#8221; border_width_right_tablet=&#8221;&#8221; border_width_right_phone=&#8221;0px&#8221; border_width_right_last_edited=&#8221;on|phone&#8221; border_width_bottom_tablet=&#8221;&#8221; border_width_bottom_phone=&#8221;4px&#8221; border_width_bottom_last_edited=&#8221;on|phone&#8221; global_colors_info=&#8221;{}&#8221;][et_pb_text _builder_version=&#8221;4.8.2&#8243; _module_preset=&#8221;75670887-6b9a-4e62-853f-184f90d66ac5&#8243; background_image=&#8221;https:\/\/elvendrellturisme.dms3labs.cat\/wp-content\/uploads\/el-vendrell-pastis-de-garrofa.jpg&#8221; link_option_url=&#8221;#dol\u00e7os&#8221; global_colors_info=&#8221;{}&#8221; background_image__hover=&#8221;https:\/\/elvendrellturisme.dms3labs.cat\/wp-content\/uploads\/el-vendrell-pastis-de-garrofa.jpg&#8221; background_enable_image__hover=&#8221;on&#8221;]<\/p>\n<h2>Dulces<\/h2>\n<p>[\/et_pb_text][\/et_pb_column][\/et_pb_row][\/et_pb_section][et_pb_section fb_built=&#8221;1&#8243; module_id=&#8221;xato&#8221; _builder_version=&#8221;4.8.2&#8243; _module_preset=&#8221;default&#8221; background_enable_color=&#8221;off&#8221; locked=&#8221;off&#8221; global_colors_info=&#8221;{}&#8221;][et_pb_row column_structure=&#8221;1_2,1_2&#8243; make_equal=&#8221;on&#8221; _builder_version=&#8221;4.8.2&#8243; _module_preset=&#8221;default&#8221; global_colors_info=&#8221;{}&#8221;][et_pb_column type=&#8221;1_2&#8243; _builder_version=&#8221;4.8.2&#8243; _module_preset=&#8221;default&#8221; global_colors_info=&#8221;{}&#8221;][et_pb_text _builder_version=&#8221;4.8.2&#8243; _module_preset=&#8221;68ea58d1-0a0d-4ff7-85ee-f9cbe626b1ec&#8221; global_colors_info=&#8221;{}&#8221;]<\/p>\n<h2>El Xat\u00f3 del Vendrell<\/h2>\n<p>[\/et_pb_text][et_pb_text _builder_version=&#8221;4.10.6&#8243; _module_preset=&#8221;default&#8221; global_colors_info=&#8221;{}&#8221;]<\/p>\n<p style=\"text-align: justify;\">Es un plato popular hecho a base de escarola, sala arromescada y otros ingredientes. Los restaurantes en la Ruta del Xat\u00f3 lo ofrecen durante el invierno.<\/p>\n<p style=\"text-align: justify;\">El primer domingo de marzo se celebra, en la Rambla del Vendrell, la Xatonada Popular, una diada gastron\u00f3mica que ofrece la posibilidad de degustar \u00e9ste plato popular.<\/p>\n<p>[\/et_pb_text][\/et_pb_column][et_pb_column type=&#8221;1_2&#8243; _builder_version=&#8221;4.8.2&#8243; _module_preset=&#8221;default&#8221; background_image=&#8221;https:\/\/elvendrellturisme.dms3labs.cat\/wp-content\/uploads\/restaurants-el-vendrell-4.jpg&#8221; global_colors_info=&#8221;{}&#8221;][et_pb_divider show_divider=&#8221;off&#8221; _builder_version=&#8221;4.8.2&#8243; _module_preset=&#8221;default&#8221; min_height=&#8221;30vh&#8221; box_shadow_style=&#8221;preset2&#8243; global_colors_info=&#8221;{}&#8221;][\/et_pb_divider][\/et_pb_column][\/et_pb_row][et_pb_row column_structure=&#8221;1_3,1_3,1_3&#8243; make_equal=&#8221;on&#8221; _builder_version=&#8221;4.8.2&#8243; _module_preset=&#8221;default&#8221; global_colors_info=&#8221;{}&#8221;][et_pb_column type=&#8221;1_3&#8243; _builder_version=&#8221;4.8.2&#8243; _module_preset=&#8221;default&#8221; global_colors_info=&#8221;{}&#8221;][et_pb_text _builder_version=&#8221;4.8.2&#8243; _module_preset=&#8221;18e5c8b2-7d4a-4c62-92e3-d6b6ddee313e&#8221; header_3_font_size=&#8221;25px&#8221; locked=&#8221;off&#8221; global_colors_info=&#8221;{}&#8221;]<\/p>\n<h3>Receta (para 4 personas)<\/h3>\n<p>[\/et_pb_text][\/et_pb_column][et_pb_column type=&#8221;1_3&#8243; _builder_version=&#8221;4.8.2&#8243; _module_preset=&#8221;default&#8221; global_colors_info=&#8221;{}&#8221;][\/et_pb_column][et_pb_column type=&#8221;1_3&#8243; _builder_version=&#8221;4.8.2&#8243; _module_preset=&#8221;default&#8221; global_colors_info=&#8221;{}&#8221;][\/et_pb_column][\/et_pb_row][et_pb_row column_structure=&#8221;1_4,1_4,1_2&#8243; make_equal=&#8221;on&#8221; _builder_version=&#8221;4.8.2&#8243; _module_preset=&#8221;default&#8221; custom_padding=&#8221;0px|||||&#8221; global_colors_info=&#8221;{}&#8221;][et_pb_column type=&#8221;1_4&#8243; _builder_version=&#8221;4.8.2&#8243; _module_preset=&#8221;default&#8221; global_colors_info=&#8221;{}&#8221;][et_pb_text _builder_version=&#8221;4.8.2&#8243; _module_preset=&#8221;default&#8221; header_4_font_size=&#8221;20px&#8221; custom_margin=&#8221;||18px|||&#8221; global_colors_info=&#8221;{}&#8221;]<\/p>\n<h4><strong>Ingredientes para la salsa:<\/strong><\/h4>\n<p>[\/et_pb_text][et_pb_text _builder_version=&#8221;4.8.2&#8243; _module_preset=&#8221;default&#8221; global_colors_info=&#8221;{}&#8221;]<\/p>\n<ul>\n<li>100 gramos de almendras<\/li>\n<li>80 gramos de avellanas<\/li>\n<li>1 \u00f1ora escaldada<\/li>\n<li>1 rodaja de pan frito<\/li>\n<li>medio grano de cayena (opcional)<\/li>\n<li>media cebolla asada<\/li>\n<li>1 cabeza de ajaos asada<\/li>\n<li>3 tomates de colgar asados<\/li>\n<li>aceite<\/li>\n<li>vinagre<\/li>\n<li>sal<\/li>\n<li>pimiento rojo<\/li>\n<\/ul>\n<p>[\/et_pb_text][\/et_pb_column][et_pb_column type=&#8221;1_4&#8243; _builder_version=&#8221;4.8.2&#8243; _module_preset=&#8221;default&#8221; global_colors_info=&#8221;{}&#8221;][et_pb_text _builder_version=&#8221;4.8.2&#8243; _module_preset=&#8221;default&#8221; header_4_font_size=&#8221;20px&#8221; custom_margin=&#8221;||18px|||&#8221; global_colors_info=&#8221;{}&#8221;]<\/p>\n<h4><strong>Ingredientes para el plato:<\/strong><\/h4>\n<p>[\/et_pb_text][et_pb_text _builder_version=&#8221;4.8.2&#8243; _module_preset=&#8221;default&#8221; global_colors_info=&#8221;{}&#8221;]<\/p>\n<ul>\n<li>2 escarolas<\/li>\n<li>120 gramos de bacalao desmigado<\/li>\n<li>120 gramos de at\u00fan<\/li>\n<li>4 filetes de anchoa<\/li>\n<li>80 gramos de aceitunas arbequinas<\/li>\n<\/ul>\n<p>[\/et_pb_text][\/et_pb_column][et_pb_column type=&#8221;1_2&#8243; _builder_version=&#8221;4.8.2&#8243; _module_preset=&#8221;default&#8221; global_colors_info=&#8221;{}&#8221;][et_pb_text _builder_version=&#8221;4.8.2&#8243; _module_preset=&#8221;default&#8221; header_4_font_size=&#8221;20px&#8221; custom_margin=&#8221;||18px|||&#8221; global_colors_info=&#8221;{}&#8221;]<\/p>\n<h4><strong>Elaboraci\u00f3n:<\/strong><\/h4>\n<p>[\/et_pb_text][et_pb_text _builder_version=&#8221;4.10.6&#8243; _module_preset=&#8221;b4219797-207e-4572-b78e-d2a68cbb8e6e&#8221; text_text_color=&#8221;#535C60&#8243; global_colors_info=&#8221;{}&#8221;]<\/p>\n<p style=\"text-align: justify;\">Se pone sal en un mortero y se van majando de uno en uno los siguientes ingredientes en este orden: las almendras y las avellanas hasta conseguir una pasta bien fina, la cebolla, la \u00f1ora sin piel, la cayena (optativa), la pimienta roja y el pan frito. Por \u00faltimo, se agregan los ajos, los tomates de colgar, el aceite y el vinagre.<\/p>\n<p style=\"text-align: justify;\">Una vez hecha la salsa, se mezcla con la escarola bien limpia y escurrida, y se deja reposar unas horas. En el momento de servir el plato, se a\u00f1aden el bacalao, el at\u00fan, los filetes de anchoa y las arbequinas. Este plato se acostumbra a comer con una tortilla de alubias.<\/p>\n<p>[\/et_pb_text][\/et_pb_column][\/et_pb_row][\/et_pb_section][et_pb_section fb_built=&#8221;1&#8243; module_id=&#8221;coca-enramada&#8221; _builder_version=&#8221;4.8.2&#8243; _module_preset=&#8221;default&#8221; background_color=&#8221;rgba(194,227,241,0.2)&#8221; global_colors_info=&#8221;{}&#8221;][et_pb_row column_structure=&#8221;1_2,1_2&#8243; _builder_version=&#8221;4.8.2&#8243; _module_preset=&#8221;default&#8221; global_colors_info=&#8221;{}&#8221;][et_pb_column type=&#8221;1_2&#8243; disabled_on=&#8221;on|off|off&#8221; _builder_version=&#8221;4.8.2&#8243; _module_preset=&#8221;default&#8221; global_colors_info=&#8221;{}&#8221;][et_pb_text _builder_version=&#8221;4.8.2&#8243; _module_preset=&#8221;68ea58d1-0a0d-4ff7-85ee-f9cbe626b1ec&#8221; header_text_align=&#8221;left&#8221; header_2_text_align=&#8221;right&#8221; global_colors_info=&#8221;{}&#8221;]<\/p>\n<h2 style=\"text-align: left;\">La coca enramada<\/h2>\n<p>[\/et_pb_text][et_pb_text _builder_version=&#8221;4.10.6&#8243; _module_preset=&#8221;default&#8221; global_colors_info=&#8221;{}&#8221;]<\/p>\n<p style=\"text-align: justify;\">La coca enramada es otra comida t\u00edpica y exclusiva de El Vendrell. Est\u00e1 hecha con una base de harina y levadura. Se le ponen espinacas, alubias, cebolla y pimiento rojo cocido al horno, y se acompa\u00f1a de salchicha o arengada. Tiene un origen muy antiguo, como todas las tortas de base de pan, que posiblemente se remonta a la Edad Media.<\/p>\n<p>[\/et_pb_text][\/et_pb_column][et_pb_column type=&#8221;1_2&#8243; _builder_version=&#8221;4.8.2&#8243; _module_preset=&#8221;default&#8221; background_image=&#8221;https:\/\/elvendrellturisme.dms3labs.cat\/wp-content\/uploads\/coca-enramada-el-vendrell-1.jpg&#8221; box_shadow_style=&#8221;preset2&#8243; global_colors_info=&#8221;{}&#8221;][et_pb_divider show_divider=&#8221;off&#8221; _builder_version=&#8221;4.10.6&#8243; _module_preset=&#8221;default&#8221; background_image=&#8221;https:\/\/elvendrellturisme.dms3labs.cat\/wp-content\/uploads\/coca-enramada-1.jpg&#8221; min_height=&#8221;40vh&#8221; global_colors_info=&#8221;{}&#8221;][\/et_pb_divider][\/et_pb_column][\/et_pb_row][\/et_pb_section][et_pb_section fb_built=&#8221;1&#8243; module_id=&#8221;rostades&#8221; _builder_version=&#8221;4.8.2&#8243; _module_preset=&#8221;default&#8221; background_color=&#8221;RGBA(0,0,0,0)&#8221; global_colors_info=&#8221;{}&#8221;][et_pb_row column_structure=&#8221;1_2,1_2&#8243; _builder_version=&#8221;4.8.2&#8243; _module_preset=&#8221;default&#8221; global_colors_info=&#8221;{}&#8221;][et_pb_column type=&#8221;1_2&#8243; _builder_version=&#8221;4.8.2&#8243; _module_preset=&#8221;default&#8221; global_colors_info=&#8221;{}&#8221;][et_pb_text _builder_version=&#8221;4.8.2&#8243; _module_preset=&#8221;68ea58d1-0a0d-4ff7-85ee-f9cbe626b1ec&#8221; custom_padding=&#8221;|0px||||&#8221; global_colors_info=&#8221;{}&#8221;]<\/p>\n<h2>Rostada<\/h2>\n<p>[\/et_pb_text][et_pb_text _builder_version=&#8221;4.10.6&#8243; _module_preset=&#8221;default&#8221; global_colors_info=&#8221;{}&#8221;]<\/p>\n<p style=\"text-align: justify;\">\u201cFer la rosta\u201d (\u2018hacer la rosta\u2019) era una costumbre de los agricultores cuando iban a llevar las olivas al molino, momento en el que aprovechaban para tostar una rebanada de pan y mojarla en el aceite acabado de prensar.<\/p>\n<p style=\"text-align: justify;\">El Baix Pened\u00e8s ha recuperado esta costumbre y la mayor\u00eda de pueblos de la comarca celebran cada a\u00f1o una rostada popular. En esta fiesta todo el mundo puede disfrutar del aceite extra virgen de la variedad arbequina, que se considera una de las mejores del mundo por su calidad. Hay que tener en cuenta que forma parte de la D.O. Siurana.<\/p>\n<p style=\"text-align: justify;\">Junto a este primer aceite, se puede degustar el vino nuevo, que goza de la calidad de los vinos de la D. O. Pened\u00e8s. Hay que destacar que estos dos productos son los m\u00e1s representativos de la agricultura comarcal.<\/p>\n<p style=\"text-align: justify;\">A finales de oto\u00f1o, se celebra en El Vendrell la Festa del Vi i l\u2019Oli (\u2018fiesta del vino y del aceite\u2019), en la que todos pueden comerse la rosta acompa\u00f1ada de salchicha, tocino o arenques.<\/p>\n<p>[\/et_pb_text][\/et_pb_column][et_pb_column type=&#8221;1_2&#8243; _builder_version=&#8221;4.8.2&#8243; _module_preset=&#8221;default&#8221; background_image=&#8221;https:\/\/elvendrellturisme.dms3labs.cat\/wp-content\/uploads\/rostades-el-vendrell.jpg&#8221; box_shadow_style=&#8221;preset2&#8243; global_colors_info=&#8221;{}&#8221;][et_pb_divider show_divider=&#8221;off&#8221; _builder_version=&#8221;4.8.2&#8243; _module_preset=&#8221;default&#8221; min_height=&#8221;40vh&#8221; global_colors_info=&#8221;{}&#8221;][\/et_pb_divider][\/et_pb_column][\/et_pb_row][\/et_pb_section][et_pb_section fb_built=&#8221;1&#8243; module_id=&#8221;resolis&#8221; _builder_version=&#8221;4.8.2&#8243; _module_preset=&#8221;default&#8221; background_color=&#8221;rgba(194,227,241,0.2)&#8221; global_colors_info=&#8221;{}&#8221;][et_pb_row column_structure=&#8221;1_2,1_2&#8243; _builder_version=&#8221;4.8.2&#8243; _module_preset=&#8221;default&#8221; global_colors_info=&#8221;{}&#8221;][et_pb_column type=&#8221;1_2&#8243; _builder_version=&#8221;4.8.2&#8243; _module_preset=&#8221;default&#8221; global_colors_info=&#8221;{}&#8221;][et_pb_text _builder_version=&#8221;4.8.2&#8243; _module_preset=&#8221;68ea58d1-0a0d-4ff7-85ee-f9cbe626b1ec&#8221; header_2_text_align=&#8221;left&#8221; global_colors_info=&#8221;{}&#8221;]<\/p>\n<h2>Resolis<\/h2>\n<p>[\/et_pb_text][et_pb_text _builder_version=&#8221;4.10.6&#8243; _module_preset=&#8221;default&#8221; global_colors_info=&#8221;{}&#8221;]<\/p>\n<p style=\"text-align: justify;\">Es un licor de aguardiente aromatizado con an\u00eds y canela. Tiene un origen italiano y se elabora artesanalmente en algunas de las bodegas vendrellenses.<\/p>\n<p style=\"text-align: justify;\">Son muy buenos para acompa\u00f1ar los bufats.<\/p>\n<p>[\/et_pb_text][\/et_pb_column][et_pb_column type=&#8221;1_2&#8243; _builder_version=&#8221;4.8.2&#8243; _module_preset=&#8221;default&#8221; background_image=&#8221;https:\/\/elvendrellturisme.dms3labs.cat\/wp-content\/uploads\/bufats-el-vendrell.jpg&#8221; global_colors_info=&#8221;{}&#8221;][et_pb_divider show_divider=&#8221;off&#8221; _builder_version=&#8221;4.8.2&#8243; _module_preset=&#8221;default&#8221; min_height=&#8221;30vh&#8221; global_colors_info=&#8221;{}&#8221;][\/et_pb_divider][\/et_pb_column][\/et_pb_row][\/et_pb_section][et_pb_section fb_built=&#8221;1&#8243; module_id=&#8221;dol\u00e7os&#8221; _builder_version=&#8221;4.8.2&#8243; _module_preset=&#8221;default&#8221; background_color=&#8221;RGBA(0,0,0,0)&#8221; global_colors_info=&#8221;{}&#8221;][et_pb_row column_structure=&#8221;1_3,1_3,1_3&#8243; _builder_version=&#8221;4.8.2&#8243; _module_preset=&#8221;default&#8221; global_colors_info=&#8221;{}&#8221;][et_pb_column type=&#8221;1_3&#8243; _builder_version=&#8221;4.8.2&#8243; _module_preset=&#8221;default&#8221; global_colors_info=&#8221;{}&#8221;][et_pb_text _builder_version=&#8221;4.8.2&#8243; _module_preset=&#8221;68ea58d1-0a0d-4ff7-85ee-f9cbe626b1ec&#8221; custom_padding=&#8221;|0px||||&#8221; global_colors_info=&#8221;{}&#8221;]<\/p>\n<h2>Bufats<\/h2>\n<p>[\/et_pb_text][et_pb_text _builder_version=&#8221;4.10.6&#8243; _module_preset=&#8221;default&#8221; global_colors_info=&#8221;{}&#8221;]<\/p>\n<p style=\"text-align: justify;\">Los bufats son un dulce exquisito elaborado con avellanas, az\u00facar y clara de huevo, que se pueden encontrar durante todo el a\u00f1o.<\/p>\n<p style=\"text-align: justify;\">Su origen data del siglo pasado, cuando un pastelero del pueblo los empez\u00f3 a hacer. A pesar de la corta historia de este postre, ya se ha convertido en algo propio de El Vendrell.<\/p>\n<p style=\"text-align: justify;\">Se pueden encontrar en las pasteler\u00edas y en las panader\u00edas.<\/p>\n<p>[\/et_pb_text][\/et_pb_column][et_pb_column type=&#8221;1_3&#8243; _builder_version=&#8221;4.8.2&#8243; _module_preset=&#8221;default&#8221; global_colors_info=&#8221;{}&#8221;][et_pb_text _builder_version=&#8221;4.8.2&#8243; _module_preset=&#8221;68ea58d1-0a0d-4ff7-85ee-f9cbe626b1ec&#8221; custom_padding=&#8221;|0px||||&#8221; global_colors_info=&#8221;{}&#8221;]<\/p>\n<h2>Orelletes<\/h2>\n<p>[\/et_pb_text][et_pb_text _builder_version=&#8221;4.10.6&#8243; _module_preset=&#8221;default&#8221; global_colors_info=&#8221;{}&#8221;]<\/p>\n<p style=\"text-align: justify;\">Es un postre t\u00edpico que se come en Carnaval y Cuaresma. Es una pasta muy fina hecha de harina, huevos, leche, lim\u00f3n, sal y levadura, que se fr\u00ede y se azucara.<\/p>\n<p style=\"text-align: justify;\">Se puede encontrar en las pasteler\u00edas y en las panader\u00edas.<\/p>\n<p>[\/et_pb_text][\/et_pb_column][et_pb_column type=&#8221;1_3&#8243; _builder_version=&#8221;4.8.2&#8243; _module_preset=&#8221;default&#8221; global_colors_info=&#8221;{}&#8221;][et_pb_text _builder_version=&#8221;4.8.2&#8243; _module_preset=&#8221;68ea58d1-0a0d-4ff7-85ee-f9cbe626b1ec&#8221; custom_padding=&#8221;|0px||||&#8221; global_colors_info=&#8221;{}&#8221;]<\/p>\n<h2>Pastel de algarroba<\/h2>\n<p>[\/et_pb_text][et_pb_text _builder_version=&#8221;4.10.6&#8243; _module_preset=&#8221;default&#8221; global_colors_info=&#8221;{}&#8221;]<\/p>\n<p style=\"text-align: justify;\">Gracias a un grupo de profesionales, se consigui\u00f3 un postre excelente a base del fruto de un \u00e1rbol de secano muy presente en nuestras tierras, la algarroba, que sorprende por su sabor.<\/p>\n<p>[\/et_pb_text][\/et_pb_column][\/et_pb_row][\/et_pb_section]<\/p>\n","protected":false},"excerpt":{"rendered":"<p>PRODUCTOS T\u00cdPICOS DEL VENDRELLEl Xat\u00f3 del VendrellLa coca enramadaRostadaResolisDulcesEl Xat\u00f3 del VendrellEs un plato popular hecho a base de escarola, sala arromescada y otros ingredientes. Los restaurantes en la Ruta del Xat\u00f3 lo ofrecen durante el invierno. El primer domingo de marzo se celebra, en la Rambla del Vendrell, la Xatonada Popular, una diada gastron\u00f3mica [&hellip;]<\/p>\n","protected":false},"author":1,"featured_media":26025,"parent":0,"menu_order":0,"comment_status":"closed","ping_status":"closed","template":"","meta":{"_acf_changed":false,"_et_pb_use_builder":"on","_et_pb_old_content":"","_et_gb_content_width":"","content-type":"","footnotes":""},"dipi_cpt_category":[],"class_list":["post-26526","page","type-page","status-publish","has-post-thumbnail","hentry"],"acf":[],"rankMath":{"parentDomain":"dms3labs.cat","noFollowDomains":[],"noFollowExcludeDomains":[],"noFollowExternalLinks":false,"featuredImageNotice":"La imagen destacada debe tener al menos 200 por 200 p\u00edxeles para que Facebook y otros sitios de redes sociales puedan escogerla.","pluginReviewed":false,"postSettings":{"linkSuggestions":true,"useFocusKeyword":false},"frontEndScore":false,"postName":"productos-tipicos-del-vendrell","permalinkFormat":"https:\/\/elvendrellturisme.dms3labs.cat\/es\/%pagename%\/","showLockModifiedDate":true,"assessor":{"focusKeywordLink":"https:\/\/elvendrellturisme.dms3labs.cat\/wp-admin\/edit.php?focus_keyword=%focus_keyword%&post_type=%post_type%","hasTOCPlugin":false,"primaryTaxonomy":false,"serpData":{"title":"","description":"","focusKeywords":"","pillarContent":false,"canonicalUrl":"","breadcrumbTitle":"","advancedRobots":{"max-snippet":"-1","max-video-preview":"-1","max-image-preview":"large"},"facebookTitle":"","facebookDescription":"","facebookImage":"","facebookImageID":"","facebookHasOverlay":false,"facebookImageOverlay":"","facebookAuthor":"","twitterCardType":"","twitterUseFacebook":true,"twitterTitle":"","twitterDescription":"","twitterImage":"","twitterImageID":"","twitterHasOverlay":false,"twitterImageOverlay":"","twitterPlayerUrl":"","twitterPlayerSize":"","twitterPlayerStream":"","twitterPlayerStreamCtype":"","twitterAppDescription":"","twitterAppIphoneName":"","twitterAppIphoneID":"","twitterAppIphoneUrl":"","twitterAppIpadName":"","twitterAppIpadID":"","twitterAppIpadUrl":"","twitterAppGoogleplayName":"","twitterAppGoogleplayID":"","twitterAppGoogleplayUrl":"","twitterAppCountry":"","robots":{"index":true},"twitterAuthor":"nombre de usuario","primaryTerm":0,"authorName":"admin","titleTemplate":"%title% %sep% %sitename%","descriptionTemplate":"%excerpt%","showScoreFrontend":true,"lockModifiedDate":false},"powerWords":["incre\u00edble","asombroso","maravilloso","\u00fanico","hermoso","felicidad","brillante","cautivador","carism\u00e1tico","impactante","claro","completamente","confidencial","confianza","significativo","creativo","definitivamente","delicioso","demostrar","apres\u00farate","decidido","digno","din\u00e1mico","impresionante","esencial","inspirador","innovador","intenso","eficaz","m\u00e1gico","magn\u00edfico","hist\u00f3rico","importante","incre\u00edble","indispensable","inolvidable","irresistible","legendario","luminoso","lujo","m\u00e1gico","magn\u00edfico","majestuoso","memorable","maravilloso","milagroso","motivador","necesario","nuevo","oficial","perfecto","apasionado","persuasivo","fenomenal","placer","popular","poder","prestigioso","prodigioso","profundo","pr\u00f3spero","poderoso","calidad","radiante","r\u00e1pido","exitoso","revolucionario","satisfecho","seguridad","sensacional","sereno","suntuoso","espl\u00e9ndido","sublime","sorprendente","talentoso","terror\u00edfico","\u00fanico","valor","vibrante","victorioso","vivo","verdaderamente","celoso","aut\u00e9ntico","aventurero","espectacular","exclusivo","garantizado","extraordinario","fabuloso","fascinante","formidable","genial","grandioso","gratuito","h\u00e1bil","ilimitado","impecable","infalible","infinitamente","influyente","ingenioso","inolvidable","irremplazable","l\u00edder","maestro","notable","novedoso","pionero","poderoso","reconocido","revolucionario","sorprendente","superior","triunfante","ultra","valiente","valioso","vanguardista","vigoroso","visionario","voluntad","vital","triunfo","glorioso","imparable","inigualable","inteligente","invencible","libertad","orgullo","paz","progreso","renovado","sabidur\u00eda","satisfacci\u00f3n","seguro","serenidad","superaci\u00f3n","talento","transcendente","transformador","valent\u00eda","victoria"],"diacritics":{"A":"[\\u0041\\u24B6\\uFF21\\u00C0\\u00C1\\u00C2\\u1EA6\\u1EA4\\u1EAA\\u1EA8\\u00C3\\u0100\\u0102\\u1EB0\\u1EAE\\u1EB4\\u1EB2\\u0226\\u01E0\\u00C4\\u01DE\\u1EA2\\u00C5\\u01FA\\u01CD\\u0200\\u0202\\u1EA0\\u1EAC\\u1EB6\\u1E00\\u0104\\u023A\\u2C6F]","AA":"[\\uA732]","AE":"[\\u00C6\\u01FC\\u01E2]","AO":"[\\uA734]","AU":"[\\uA736]","AV":"[\\uA738\\uA73A]","AY":"[\\uA73C]","B":"[\\u0042\\u24B7\\uFF22\\u1E02\\u1E04\\u1E06\\u0243\\u0182\\u0181]","C":"[\\u0043\\u24B8\\uFF23\\u0106\\u0108\\u010A\\u010C\\u00C7\\u1E08\\u0187\\u023B\\uA73E]","D":"[\\u0044\\u24B9\\uFF24\\u1E0A\\u010E\\u1E0C\\u1E10\\u1E12\\u1E0E\\u0110\\u018B\\u018A\\u0189\\uA779]","DZ":"[\\u01F1\\u01C4]","Dz":"[\\u01F2\\u01C5]","E":"[\\u0045\\u24BA\\uFF25\\u00C8\\u00C9\\u00CA\\u1EC0\\u1EBE\\u1EC4\\u1EC2\\u1EBC\\u0112\\u1E14\\u1E16\\u0114\\u0116\\u00CB\\u1EBA\\u011A\\u0204\\u0206\\u1EB8\\u1EC6\\u0228\\u1E1C\\u0118\\u1E18\\u1E1A\\u0190\\u018E]","F":"[\\u0046\\u24BB\\uFF26\\u1E1E\\u0191\\uA77B]","G":"[\\u0047\\u24BC\\uFF27\\u01F4\\u011C\\u1E20\\u011E\\u0120\\u01E6\\u0122\\u01E4\\u0193\\uA7A0\\uA77D\\uA77E]","H":"[\\u0048\\u24BD\\uFF28\\u0124\\u1E22\\u1E26\\u021E\\u1E24\\u1E28\\u1E2A\\u0126\\u2C67\\u2C75\\uA78D]","I":"[\\u0049\\u24BE\\uFF29\\u00CC\\u00CD\\u00CE\\u0128\\u012A\\u012C\\u0130\\u00CF\\u1E2E\\u1EC8\\u01CF\\u0208\\u020A\\u1ECA\\u012E\\u1E2C\\u0197]","J":"[\\u004A\\u24BF\\uFF2A\\u0134\\u0248]","K":"[\\u004B\\u24C0\\uFF2B\\u1E30\\u01E8\\u1E32\\u0136\\u1E34\\u0198\\u2C69\\uA740\\uA742\\uA744\\uA7A2]","L":"[\\u004C\\u24C1\\uFF2C\\u013F\\u0139\\u013D\\u1E36\\u1E38\\u013B\\u1E3C\\u1E3A\\u0141\\u023D\\u2C62\\u2C60\\uA748\\uA746\\uA780]","LJ":"[\\u01C7]","Lj":"[\\u01C8]","M":"[\\u004D\\u24C2\\uFF2D\\u1E3E\\u1E40\\u1E42\\u2C6E\\u019C]","N":"[\\u004E\\u24C3\\uFF2E\\u01F8\\u0143\\u00D1\\u1E44\\u0147\\u1E46\\u0145\\u1E4A\\u1E48\\u0220\\u019D\\uA790\\uA7A4]","NJ":"[\\u01CA]","Nj":"[\\u01CB]","O":"[\\u004F\\u24C4\\uFF2F\\u00D2\\u00D3\\u00D4\\u1ED2\\u1ED0\\u1ED6\\u1ED4\\u00D5\\u1E4C\\u022C\\u1E4E\\u014C\\u1E50\\u1E52\\u014E\\u022E\\u0230\\u00D6\\u022A\\u1ECE\\u0150\\u01D1\\u020C\\u020E\\u01A0\\u1EDC\\u1EDA\\u1EE0\\u1EDE\\u1EE2\\u1ECC\\u1ED8\\u01EA\\u01EC\\u00D8\\u01FE\\u0186\\u019F\\uA74A\\uA74C]","OI":"[\\u01A2]","OO":"[\\uA74E]","OU":"[\\u0222]","P":"[\\u0050\\u24C5\\uFF30\\u1E54\\u1E56\\u01A4\\u2C63\\uA750\\uA752\\uA754]","Q":"[\\u0051\\u24C6\\uFF31\\uA756\\uA758\\u024A]","R":"[\\u0052\\u24C7\\uFF32\\u0154\\u1E58\\u0158\\u0210\\u0212\\u1E5A\\u1E5C\\u0156\\u1E5E\\u024C\\u2C64\\uA75A\\uA7A6\\uA782]","S":"[\\u0053\\u24C8\\uFF33\\u1E9E\\u015A\\u1E64\\u015C\\u1E60\\u0160\\u1E66\\u1E62\\u1E68\\u0218\\u015E\\u2C7E\\uA7A8\\uA784]","T":"[\\u0054\\u24C9\\uFF34\\u1E6A\\u0164\\u1E6C\\u021A\\u0162\\u1E70\\u1E6E\\u0166\\u01AC\\u01AE\\u023E\\uA786]","TZ":"[\\uA728]","U":"[\\u0055\\u24CA\\uFF35\\u00D9\\u00DA\\u00DB\\u0168\\u1E78\\u016A\\u1E7A\\u016C\\u00DC\\u01DB\\u01D7\\u01D5\\u01D9\\u1EE6\\u016E\\u0170\\u01D3\\u0214\\u0216\\u01AF\\u1EEA\\u1EE8\\u1EEE\\u1EEC\\u1EF0\\u1EE4\\u1E72\\u0172\\u1E76\\u1E74\\u0244]","V":"[\\u0056\\u24CB\\uFF36\\u1E7C\\u1E7E\\u01B2\\uA75E\\u0245]","VY":"[\\uA760]","W":"[\\u0057\\u24CC\\uFF37\\u1E80\\u1E82\\u0174\\u1E86\\u1E84\\u1E88\\u2C72]","X":"[\\u0058\\u24CD\\uFF38\\u1E8A\\u1E8C]","Y":"[\\u0059\\u24CE\\uFF39\\u1EF2\\u00DD\\u0176\\u1EF8\\u0232\\u1E8E\\u0178\\u1EF6\\u1EF4\\u01B3\\u024E\\u1EFE]","Z":"[\\u005A\\u24CF\\uFF3A\\u0179\\u1E90\\u017B\\u017D\\u1E92\\u1E94\\u01B5\\u0224\\u2C7F\\u2C6B\\uA762]","a":"[\\u0061\\u24D0\\uFF41\\u1E9A\\u00E0\\u00E1\\u00E2\\u1EA7\\u1EA5\\u1EAB\\u1EA9\\u00E3\\u0101\\u0103\\u1EB1\\u1EAF\\u1EB5\\u1EB3\\u0227\\u01E1\\u00E4\\u01DF\\u1EA3\\u00E5\\u01FB\\u01CE\\u0201\\u0203\\u1EA1\\u1EAD\\u1EB7\\u1E01\\u0105\\u2C65\\u0250]","aa":"[\\uA733]","ae":"[\\u00E6\\u01FD\\u01E3]","ao":"[\\uA735]","au":"[\\uA737]","av":"[\\uA739\\uA73B]","ay":"[\\uA73D]","b":"[\\u0062\\u24D1\\uFF42\\u1E03\\u1E05\\u1E07\\u0180\\u0183\\u0253]","c":"[\\u0063\\u24D2\\uFF43\\u0107\\u0109\\u010B\\u010D\\u00E7\\u1E09\\u0188\\u023C\\uA73F\\u2184]","d":"[\\u0064\\u24D3\\uFF44\\u1E0B\\u010F\\u1E0D\\u1E11\\u1E13\\u1E0F\\u0111\\u018C\\u0256\\u0257\\uA77A]","dz":"[\\u01F3\\u01C6]","e":"[\\u0065\\u24D4\\uFF45\\u00E8\\u00E9\\u00EA\\u1EC1\\u1EBF\\u1EC5\\u1EC3\\u1EBD\\u0113\\u1E15\\u1E17\\u0115\\u0117\\u00EB\\u1EBB\\u011B\\u0205\\u0207\\u1EB9\\u1EC7\\u0229\\u1E1D\\u0119\\u1E19\\u1E1B\\u0247\\u025B\\u01DD]","f":"[\\u0066\\u24D5\\uFF46\\u1E1F\\u0192\\uA77C]","g":"[\\u0067\\u24D6\\uFF47\\u01F5\\u011D\\u1E21\\u011F\\u0121\\u01E7\\u0123\\u01E5\\u0260\\uA7A1\\u1D79\\uA77F]","h":"[\\u0068\\u24D7\\uFF48\\u0125\\u1E23\\u1E27\\u021F\\u1E25\\u1E29\\u1E2B\\u1E96\\u0127\\u2C68\\u2C76\\u0265]","hv":"[\\u0195]","i":"[\\u0069\\u24D8\\uFF49\\u00EC\\u00ED\\u00EE\\u0129\\u012B\\u012D\\u00EF\\u1E2F\\u1EC9\\u01D0\\u0209\\u020B\\u1ECB\\u012F\\u1E2D\\u0268\\u0131]","j":"[\\u006A\\u24D9\\uFF4A\\u0135\\u01F0\\u0249]","k":"[\\u006B\\u24DA\\uFF4B\\u1E31\\u01E9\\u1E33\\u0137\\u1E35\\u0199\\u2C6A\\uA741\\uA743\\uA745\\uA7A3]","l":"[\\u006C\\u24DB\\uFF4C\\u0140\\u013A\\u013E\\u1E37\\u1E39\\u013C\\u1E3D\\u1E3B\\u017F\\u0142\\u019A\\u026B\\u2C61\\uA749\\uA781\\uA747]","lj":"[\\u01C9]","m":"[\\u006D\\u24DC\\uFF4D\\u1E3F\\u1E41\\u1E43\\u0271\\u026F]","n":"[\\u006E\\u24DD\\uFF4E\\u01F9\\u0144\\u00F1\\u1E45\\u0148\\u1E47\\u0146\\u1E4B\\u1E49\\u019E\\u0272\\u0149\\uA791\\uA7A5]","nj":"[\\u01CC]","o":"[\\u006F\\u24DE\\uFF4F\\u00F2\\u00F3\\u00F4\\u1ED3\\u1ED1\\u1ED7\\u1ED5\\u00F5\\u1E4D\\u022D\\u1E4F\\u014D\\u1E51\\u1E53\\u014F\\u022F\\u0231\\u00F6\\u022B\\u1ECF\\u0151\\u01D2\\u020D\\u020F\\u01A1\\u1EDD\\u1EDB\\u1EE1\\u1EDF\\u1EE3\\u1ECD\\u1ED9\\u01EB\\u01ED\\u00F8\\u01FF\\u0254\\uA74B\\uA74D\\u0275]","oi":"[\\u01A3]","ou":"[\\u0223]","oo":"[\\uA74F]","p":"[\\u0070\\u24DF\\uFF50\\u1E55\\u1E57\\u01A5\\u1D7D\\uA751\\uA753\\uA755]","q":"[\\u0071\\u24E0\\uFF51\\u024B\\uA757\\uA759]","r":"[\\u0072\\u24E1\\uFF52\\u0155\\u1E59\\u0159\\u0211\\u0213\\u1E5B\\u1E5D\\u0157\\u1E5F\\u024D\\u027D\\uA75B\\uA7A7\\uA783]","s":"[\\u0073\\u24E2\\uFF53\\u015B\\u1E65\\u015D\\u1E61\\u0161\\u1E67\\u1E63\\u1E69\\u0219\\u015F\\u023F\\uA7A9\\uA785\\u1E9B]","ss":"[\\u00DF]","t":"[\\u0074\\u24E3\\uFF54\\u1E6B\\u1E97\\u0165\\u1E6D\\u021B\\u0163\\u1E71\\u1E6F\\u0167\\u01AD\\u0288\\u2C66\\uA787]","tz":"[\\uA729]","u":"[\\u0075\\u24E4\\uFF55\\u00F9\\u00FA\\u00FB\\u0169\\u1E79\\u016B\\u1E7B\\u016D\\u00FC\\u01DC\\u01D8\\u01D6\\u01DA\\u1EE7\\u016F\\u0171\\u01D4\\u0215\\u0217\\u01B0\\u1EEB\\u1EE9\\u1EEF\\u1EED\\u1EF1\\u1EE5\\u1E73\\u0173\\u1E77\\u1E75\\u0289]","v":"[\\u0076\\u24E5\\uFF56\\u1E7D\\u1E7F\\u028B\\uA75F\\u028C]","vy":"[\\uA761]","w":"[\\u0077\\u24E6\\uFF57\\u1E81\\u1E83\\u0175\\u1E87\\u1E85\\u1E98\\u1E89\\u2C73]","x":"[\\u0078\\u24E7\\uFF58\\u1E8B\\u1E8D]","y":"[\\u0079\\u24E8\\uFF59\\u1EF3\\u00FD\\u0177\\u1EF9\\u0233\\u1E8F\\u00FF\\u1EF7\\u1E99\\u1EF5\\u01B4\\u024F\\u1EFF]","z":"[\\u007A\\u24E9\\uFF5A\\u017A\\u1E91\\u017C\\u017E\\u1E93\\u1E95\\u01B6\\u0225\\u0240\\u2C6C\\uA763]"},"researchesTests":["contentHasTOC","contentHasShortParagraphs","contentHasAssets","keywordInTitle","keywordInMetaDescription","keywordInPermalink","keywordIn10Percent","keywordInContent","keywordInSubheadings","keywordInImageAlt","keywordDensity","keywordNotUsed","lengthContent","lengthPermalink","linksHasInternal","linksHasExternals","linksNotAllExternals","titleStartWithKeyword","titleSentiment","titleHasPowerWords","titleHasNumber","hasContentAI"],"hasRedirection":true,"hasBreadcrumb":false},"homeUrl":"https:\/\/elvendrellturisme.dms3labs.cat\/es\/","objectID":26526,"objectType":"post","locale":"es","localeFull":"es_ES","overlayImages":{"play":{"name":"Icono de reproducci\u00f3n","url":"https:\/\/elvendrellturisme.dms3labs.cat\/wp-content\/plugins\/seo-by-rank-math\/assets\/admin\/img\/icon-play.png","path":"\/var\/www\/vhosts\/dms3labs.cat\/subdominis\/elvendrellturisme.dms3labs.cat\/wp-content\/plugins\/seo-by-rank-math\/assets\/admin\/img\/icon-play.png","position":"middle_center"},"gif":{"name":"Icono GIF","url":"https:\/\/elvendrellturisme.dms3labs.cat\/wp-content\/plugins\/seo-by-rank-math\/assets\/admin\/img\/icon-gif.png","path":"\/var\/www\/vhosts\/dms3labs.cat\/subdominis\/elvendrellturisme.dms3labs.cat\/wp-content\/plugins\/seo-by-rank-math\/assets\/admin\/img\/icon-gif.png","position":"middle_center"}},"defautOgImage":"https:\/\/elvendrellturisme.dms3labs.cat\/wp-content\/uploads\/2021\/03\/tv-el-vendrell.png","customPermalinks":true,"isUserRegistered":true,"autoSuggestKeywords":true,"connectSiteUrl":"https:\/\/rankmath.com\/auth?site=https%3A%2F%2Felvendrellturisme.dms3labs.cat%2Fes%2F&r=https%3A%2F%2Felvendrellturisme.dms3labs.cat%2Fes%2Fwp-json%2Fwp%2Fv2%2Fpages%2F26526%3Fnonce%3D20361aa608","maxTags":5,"trendsIcon":"<svg viewBox=\"0 0 610 610\"><path d=\"M18.85,446,174.32,290.48l58.08,58.08L76.93,504a14.54,14.54,0,0,1-20.55,0L18.83,466.48a14.54,14.54,0,0,1,0-20.55Z\" style=\"fill:#4285f4\"\/><path d=\"M242.65,242.66,377.59,377.6l-47.75,47.75a14.54,14.54,0,0,1-20.55,0L174.37,290.43l47.75-47.75A14.52,14.52,0,0,1,242.65,242.66Z\" style=\"fill:#ea4335\"\/><polygon points=\"319.53 319.53 479.26 159.8 537.34 217.88 377.61 377.62 319.53 319.53\" style=\"fill:#fabb05\"\/><path d=\"M594.26,262.73V118.61h0a16.94,16.94,0,0,0-16.94-16.94H433.2a16.94,16.94,0,0,0-12,28.92L565.34,274.71h0a16.94,16.94,0,0,0,28.92-12Z\" style=\"fill:#34a853\"\/><rect width=\"610\" height=\"610\" style=\"fill:none\"\/><\/svg>","showScore":true,"siteFavIcon":"https:\/\/elvendrellturisme.dms3labs.cat\/wp-content\/uploads\/cropped-logo-en-clau-de-sol-ffavicon-32x32.png","canUser":{"general":false,"advanced":false,"snippet":false,"social":false,"analysis":false,"analytics":false,"content_ai":false},"isPro":false,"is_front_page":false,"trendsUpgradeLink":"https:\/\/rankmath.com\/pricing\/?utm_source=Plugin&utm_medium=CE%20General%20Tab%20Trends&utm_campaign=WP","trendsUpgradeLabel":"Actualizar","trendsPreviewImage":"https:\/\/elvendrellturisme.dms3labs.cat\/wp-content\/plugins\/seo-by-rank-math\/assets\/admin\/img\/trends-preview.jpg","currentEditor":false,"homepageData":{"assessor":{"powerWords":["incre\u00edble","asombroso","maravilloso","\u00fanico","hermoso","felicidad","brillante","cautivador","carism\u00e1tico","impactante","claro","completamente","confidencial","confianza","significativo","creativo","definitivamente","delicioso","demostrar","apres\u00farate","decidido","digno","din\u00e1mico","impresionante","esencial","inspirador","innovador","intenso","eficaz","m\u00e1gico","magn\u00edfico","hist\u00f3rico","importante","incre\u00edble","indispensable","inolvidable","irresistible","legendario","luminoso","lujo","m\u00e1gico","magn\u00edfico","majestuoso","memorable","maravilloso","milagroso","motivador","necesario","nuevo","oficial","perfecto","apasionado","persuasivo","fenomenal","placer","popular","poder","prestigioso","prodigioso","profundo","pr\u00f3spero","poderoso","calidad","radiante","r\u00e1pido","exitoso","revolucionario","satisfecho","seguridad","sensacional","sereno","suntuoso","espl\u00e9ndido","sublime","sorprendente","talentoso","terror\u00edfico","\u00fanico","valor","vibrante","victorioso","vivo","verdaderamente","celoso","aut\u00e9ntico","aventurero","espectacular","exclusivo","garantizado","extraordinario","fabuloso","fascinante","formidable","genial","grandioso","gratuito","h\u00e1bil","ilimitado","impecable","infalible","infinitamente","influyente","ingenioso","inolvidable","irremplazable","l\u00edder","maestro","notable","novedoso","pionero","poderoso","reconocido","revolucionario","sorprendente","superior","triunfante","ultra","valiente","valioso","vanguardista","vigoroso","visionario","voluntad","vital","triunfo","glorioso","imparable","inigualable","inteligente","invencible","libertad","orgullo","paz","progreso","renovado","sabidur\u00eda","satisfacci\u00f3n","seguro","serenidad","superaci\u00f3n","talento","transcendente","transformador","valent\u00eda","victoria"],"diacritics":true,"researchesTests":["contentHasTOC","contentHasShortParagraphs","contentHasAssets","keywordInTitle","keywordInMetaDescription","keywordInPermalink","keywordIn10Percent","keywordInContent","keywordInSubheadings","keywordInImageAlt","keywordDensity","keywordNotUsed","lengthContent","lengthPermalink","linksHasInternal","linksHasExternals","linksNotAllExternals","titleStartWithKeyword","titleSentiment","titleHasPowerWords","titleHasNumber","hasContentAI"],"hasBreadcrumb":false,"serpData":{"title":"%sitename% %page% %sep% %sitedesc%","description":"","titleTemplate":"%sitename% %page% %sep% %sitedesc%","descriptionTemplate":"","focusKeywords":"","breadcrumbTitle":"Home","robots":{"index":true},"advancedRobots":{"max-snippet":"-1","max-video-preview":"-1","max-image-preview":"large"},"facebookTitle":"","facebookDescription":"","facebookImage":"","facebookImageID":""}}},"tocTitle":"Table of Contents","tocExcludeHeadings":[],"listStyle":"ul"},"_links":{"self":[{"href":"https:\/\/elvendrellturisme.dms3labs.cat\/es\/wp-json\/wp\/v2\/pages\/26526","targetHints":{"allow":["GET"]}}],"collection":[{"href":"https:\/\/elvendrellturisme.dms3labs.cat\/es\/wp-json\/wp\/v2\/pages"}],"about":[{"href":"https:\/\/elvendrellturisme.dms3labs.cat\/es\/wp-json\/wp\/v2\/types\/page"}],"author":[{"embeddable":true,"href":"https:\/\/elvendrellturisme.dms3labs.cat\/es\/wp-json\/wp\/v2\/users\/1"}],"replies":[{"embeddable":true,"href":"https:\/\/elvendrellturisme.dms3labs.cat\/es\/wp-json\/wp\/v2\/comments?post=26526"}],"version-history":[{"count":13,"href":"https:\/\/elvendrellturisme.dms3labs.cat\/es\/wp-json\/wp\/v2\/pages\/26526\/revisions"}],"predecessor-version":[{"id":38516,"href":"https:\/\/elvendrellturisme.dms3labs.cat\/es\/wp-json\/wp\/v2\/pages\/26526\/revisions\/38516"}],"wp:featuredmedia":[{"embeddable":true,"href":"https:\/\/elvendrellturisme.dms3labs.cat\/es\/wp-json\/wp\/v2\/media\/26025"}],"wp:attachment":[{"href":"https:\/\/elvendrellturisme.dms3labs.cat\/es\/wp-json\/wp\/v2\/media?parent=26526"}],"wp:term":[{"taxonomy":"dipi_cpt_category","embeddable":true,"href":"https:\/\/elvendrellturisme.dms3labs.cat\/es\/wp-json\/wp\/v2\/dipi_cpt_category?post=26526"}],"curies":[{"name":"wp","href":"https:\/\/api.w.org\/{rel}","templated":true}]}}