{"id":26215,"date":"2021-07-06T09:09:15","date_gmt":"2021-07-06T09:09:15","guid":{"rendered":"https:\/\/tv.dms3labs.cat\/mapa\/"},"modified":"2021-08-11T13:27:32","modified_gmt":"2021-08-11T13:27:32","slug":"mapa","status":"publish","type":"page","link":"https:\/\/elvendrellturisme.dms3labs.cat\/es\/mapa\/","title":{"rendered":"Mapa"},"content":{"rendered":"\n[et_pb_section fb_built=&#8221;1&#8243; _builder_version=&#8221;4.8.2&#8243; _module_preset=&#8221;default&#8221; custom_margin=&#8221;50px||||false|false&#8221; hover_enabled=&#8221;0&#8243; sticky_enabled=&#8221;0&#8243;][et_pb_row _builder_version=&#8221;4.8.2&#8243; _module_preset=&#8221;default&#8221;][et_pb_column type=&#8221;4_4&#8243; _builder_version=&#8221;4.8.2&#8243; _module_preset=&#8221;default&#8221;][et_pb_text _builder_version=&#8221;4.8.2&#8243; _module_preset=&#8221;5975d0da-a31c-4419-aa53-a11ada705cd8&#8243; text_text_color=&#8221;#535C60&#8243; header_text_align=&#8221;center&#8221; header_text_color=&#8221;#535C60&#8243; header_2_font=&#8221;|||on|||||&#8221; header_2_text_align=&#8221;center&#8221; header_2_text_color=&#8221;#535C60&#8243; header_3_text_color=&#8221;#F7655A&#8221; header_3_font_size=&#8221;20px&#8221; background_color=&#8221;RGBA(0,0,0,0)&#8221; custom_margin=&#8221;||||false|false&#8221; custom_padding=&#8221;||||false|false&#8221;]<h1>Directorio de servicios<\/h1>\r\n<p>Este directorio ofrece una relaci\u00f3n de los establecimientos, productos de proximidad y servicios tur\u00edsticos del Vendrell organizados por categor\u00edas. Se puede filtrar por cada categor\u00eda y se ver\u00e1n ubicados en el mapa. Cada recurso tur\u00edstico tiene la ficha correspondiente con informaci\u00f3n y se puede acceder haciendo clic encima.<\/p>[\/et_pb_text][et_pb_text _builder_version=&#8221;4.8.2&#8243; _module_preset=&#8221;default&#8221; header_text_align=&#8221;center&#8221; header_2_font=&#8221;||||||||&#8221; header_2_text_align=&#8221;center&#8221; header_2_text_color=&#8221;#535C60&#8243; header_3_text_color=&#8221;#F7655A&#8221; header_3_font_size=&#8221;20px&#8221; background_color=&#8221;rgba(219,212,181,0.55)&#8221; custom_margin=&#8221;||||false|false&#8221; custom_padding=&#8221;|25px|25px|25px|false|false&#8221;]<form autocomplete=\"off\" action=\"\/es\/wp-json\/wp\/v2\/pages\/26215\" method=\"get\" class=\"wpv-filter-form js-wpv-filter-form js-wpv-filter-form-13177 js-wpv-form-only js-wpv-dps-enabled js-wpv-ajax-results-enabled\" data-viewnumber=\"13177\" data-targetid=\"self\" data-viewid=\"13177\" data-viewhash=\"eyJuYW1lIjoidmlldy1nZW5lcmFsIiwidGFyZ2V0X2lkIjoic2VsZiJ9\" data-viewwidgetid=\"0\" data-orderby=\"\" data-order=\"\" data-orderbyas=\"\" data-orderbysecond=\"\" data-ordersecond=\"\" data-parametric=\"{&quot;query&quot;:&quot;normal&quot;,&quot;id&quot;:&quot;13177&quot;,&quot;view_id&quot;:&quot;13177&quot;,&quot;widget_id&quot;:0,&quot;view_hash&quot;:&quot;13177&quot;,&quot;action&quot;:&quot;\/es\/wp-json\/wp\/v2\/pages\/26215&quot;,&quot;sort&quot;:{&quot;orderby&quot;:&quot;&quot;,&quot;order&quot;:&quot;&quot;,&quot;orderby_as&quot;:&quot;&quot;,&quot;orderby_second&quot;:&quot;&quot;,&quot;order_second&quot;:&quot;&quot;},&quot;orderby&quot;:&quot;&quot;,&quot;order&quot;:&quot;&quot;,&quot;orderby_as&quot;:&quot;&quot;,&quot;orderby_second&quot;:&quot;&quot;,&quot;order_second&quot;:&quot;&quot;,&quot;ajax_form&quot;:&quot;&quot;,&quot;ajax_results&quot;:&quot;&quot;,&quot;effect&quot;:&quot;fade&quot;,&quot;prebefore&quot;:&quot;&quot;,&quot;before&quot;:&quot;&quot;,&quot;after&quot;:&quot;&quot;,&quot;attributes&quot;:[],&quot;environment&quot;:{&quot;current_post_id&quot;:0,&quot;parent_post_id&quot;:0,&quot;parent_term_id&quot;:0,&quot;parent_user_id&quot;:0,&quot;archive&quot;:{&quot;type&quot;:&quot;&quot;,&quot;name&quot;:&quot;&quot;,&quot;data&quot;:[]}},&quot;loop&quot;:{&quot;type&quot;:&quot;&quot;,&quot;name&quot;:&quot;&quot;,&quot;data&quot;:[],&quot;id&quot;:0}}\" data-attributes=\"[]\" data-environment=\"{&quot;current_post_id&quot;:0,&quot;parent_post_id&quot;:0,&quot;parent_term_id&quot;:0,&quot;parent_user_id&quot;:0,&quot;archive&quot;:{&quot;type&quot;:&quot;&quot;,&quot;name&quot;:&quot;&quot;,&quot;data&quot;:[]}}\"><input type=\"hidden\" class=\"js-wpv-dps-filter-data js-wpv-filter-data-for-this-form\" data-action=\"\/es\/wp-json\/wp\/v2\/pages\/26215\" data-page=\"1\" data-ajax=\"disable\" data-effect=\"fade\" data-ajaxprebefore=\"\" data-ajaxbefore=\"\" data-ajaxafter=\"\" \/><input class=\"wpv_view_count wpv_view_count-13177\" type=\"hidden\" name=\"wpv_view_count\" value=\"13177\" \/>\n\n<div class=\"row\">\n\t<div class=\"col-md-4 col-cerca-mapa\">\n<div class=\"form-group\">\n    <label for=\"wpv-tipus-de-recurs\"><h3>Tipo de recurso<\/h3><\/label>\n\t<div class=\"form-check\"><input type=\"checkbox\" id=\"tipus-de-recurs-allotjaments\" class=\"js-wpv-filter-trigger form-check-input\" name=\"wpv-tipus-de-recurs[]\" value=\"allotjaments\" \/><label for=\"tipus-de-recurs-allotjaments\" class=\"form-check-label\">Alojamentos<\/label><\/div><div class=\"form-check\"><input type=\"checkbox\" id=\"tipus-de-recurs-teatres\" class=\"js-wpv-filter-trigger form-check-input\" name=\"wpv-tipus-de-recurs[]\" value=\"teatres\" \/><label for=\"tipus-de-recurs-teatres\" class=\"form-check-label\">Auditorios y teatros<\/label><\/div><div class=\"form-check\"><input type=\"checkbox\" id=\"tipus-de-recurs-cellers\" class=\"js-wpv-filter-trigger form-check-input\" name=\"wpv-tipus-de-recurs[]\" value=\"cellers\" \/><label for=\"tipus-de-recurs-cellers\" class=\"form-check-label\">Bodegas<\/label><\/div><div class=\"form-check\"><input type=\"checkbox\" id=\"tipus-de-recurs-museus\" class=\"js-wpv-filter-trigger form-check-input\" name=\"wpv-tipus-de-recurs[]\" value=\"museus\" \/><label for=\"tipus-de-recurs-museus\" class=\"form-check-label\">Museos<\/label><\/div><div class=\"form-check\"><input type=\"checkbox\" id=\"tipus-de-recurs-restaurants\" class=\"js-wpv-filter-trigger form-check-input\" name=\"wpv-tipus-de-recurs[]\" value=\"restaurants\" \/><label for=\"tipus-de-recurs-restaurants\" class=\"form-check-label\">Restaurantes<\/label><\/div><div class=\"form-check\"><input type=\"checkbox\" id=\"tipus-de-recurs-serveis-municipals\" class=\"js-wpv-filter-trigger form-check-input\" name=\"wpv-tipus-de-recurs[]\" value=\"serveis-municipals\" \/><label for=\"tipus-de-recurs-serveis-municipals\" class=\"form-check-label\">Servicios municipales<\/label><\/div><div class=\"form-check\"><input type=\"checkbox\" id=\"tipus-de-recurs-turisme-oci\" class=\"js-wpv-filter-trigger form-check-input\" name=\"wpv-tipus-de-recurs[]\" value=\"turisme-oci\" \/><label for=\"tipus-de-recurs-turisme-oci\" class=\"form-check-label\">Turismo y ocio<\/label><\/div>\n<\/div>\n  <\/div>\n\t<div class=\"col-md-4 col-cerca-mapa\">\n <div class=\"form-group\">\n\t<label for=\"wpv-wpcf-municipi\"><h3>Poblaci\u00f3n<\/h3><\/label>\n\t<div class=\"form-check\"><input type=\"checkbox\" class=\"js-wpv-filter-trigger form-check-input\" name=\"wpv-wpcf-municipi[]\" value=\"43700 El Vendrell\" id=\"form-9912688c756b242746f144f1d37589e2-1\" \/><label class=\"form-check-label\" for=\"form-9912688c756b242746f144f1d37589e2-1\">43700 El Vendrell<\/label><\/div><div class=\"form-check\"><input type=\"checkbox\" class=\"js-wpv-filter-trigger form-check-input\" name=\"wpv-wpcf-municipi[]\" value=\"43880 Coma-ruga (EL VENDRELL)\" id=\"form-8bb4876fedb14db5ad7b67b94abf30a5-2\" \/><label class=\"form-check-label\" for=\"form-8bb4876fedb14db5ad7b67b94abf30a5-2\">43880 Coma-ruga (EL VENDRELL)<\/label><\/div><div class=\"form-check\"><input type=\"checkbox\" class=\"js-wpv-filter-trigger form-check-input\" name=\"wpv-wpcf-municipi[]\" value=\"43880 Sant Vicen\u00e7 de Calders\" id=\"form-35cbde6d4d9a59b44fcc924a4139c80e-3\" \/><label class=\"form-check-label\" for=\"form-35cbde6d4d9a59b44fcc924a4139c80e-3\">43880 Sant Vicen\u00e7 de Calders<\/label><\/div><div class=\"form-check\"><input type=\"checkbox\" class=\"js-wpv-filter-trigger form-check-input\" name=\"wpv-wpcf-municipi[]\" value=\"Coma-ruga\" id=\"form-a16fd47ada80ec2b2082e4b376d71971-4\" \/><label class=\"form-check-label\" for=\"form-a16fd47ada80ec2b2082e4b376d71971-4\">Coma-ruga<\/label><\/div><div class=\"form-check\"><input type=\"checkbox\" class=\"js-wpv-filter-trigger form-check-input\" name=\"wpv-wpcf-municipi[]\" value=\"Coma-ruga (El Vendrell)\" id=\"form-34484131f31e4f3e95a900707f96b51b-5\" \/><label class=\"form-check-label\" for=\"form-34484131f31e4f3e95a900707f96b51b-5\">Coma-ruga (El Vendrell)<\/label><\/div><div class=\"form-check\"><input type=\"checkbox\" class=\"js-wpv-filter-trigger form-check-input\" name=\"wpv-wpcf-municipi[]\" value=\"El Franc\u00e0s\" id=\"form-5c9a497c6aa86b01abcff33a5d6acf28-6\" \/><label class=\"form-check-label\" for=\"form-5c9a497c6aa86b01abcff33a5d6acf28-6\">El Franc\u00e0s<\/label><\/div><div class=\"form-check\"><input type=\"checkbox\" class=\"js-wpv-filter-trigger form-check-input\" name=\"wpv-wpcf-municipi[]\" value=\"El Vendrell\" id=\"form-60be38106a241ebc2c352e8ed8c1e1b1-7\" \/><label class=\"form-check-label\" for=\"form-60be38106a241ebc2c352e8ed8c1e1b1-7\">El Vendrell<\/label><\/div><div class=\"form-check\"><input type=\"checkbox\" class=\"js-wpv-filter-trigger form-check-input\" name=\"wpv-wpcf-municipi[]\" value=\"Sant Salvador\" id=\"form-d51095758135f7f9449fcc8f1e0de5fb-8\" \/><label class=\"form-check-label\" for=\"form-d51095758135f7f9449fcc8f1e0de5fb-8\">Sant Salvador<\/label><\/div><div class=\"form-check\"><input type=\"checkbox\" class=\"js-wpv-filter-trigger form-check-input\" name=\"wpv-wpcf-municipi[]\" value=\"Sant Vicen\u00e7 de Calders (el Vendrell)\" id=\"form-6436e8d2f193d585760bfa7447b078f8-9\" \/><label class=\"form-check-label\" for=\"form-6436e8d2f193d585760bfa7447b078f8-9\">Sant Vicen\u00e7 de Calders (el Vendrell)<\/label><\/div><div class=\"form-check\"><input type=\"checkbox\" class=\"js-wpv-filter-trigger form-check-input\" name=\"wpv-wpcf-municipi[]\" value=\"Santa Oliva\" id=\"form-a217da78ad2717dd07dcc2bcf34bde2a-10\" \/><label class=\"form-check-label\" for=\"form-a217da78ad2717dd07dcc2bcf34bde2a-10\">Santa Oliva<\/label><\/div><div class=\"form-check\"><input type=\"checkbox\" class=\"js-wpv-filter-trigger form-check-input\" name=\"wpv-wpcf-municipi[]\" value=\"Vila-rodona\" id=\"form-781f11460593efb1fe87ac58c4cd30bf-11\" \/><label class=\"form-check-label\" for=\"form-781f11460593efb1fe87ac58c4cd30bf-11\">Vila-rodona<\/label><\/div>\n<\/div>   \n  <\/div>\n\t<div class=\"col-md-4 col-cerca-mapa\">   \n    <div class=\"form-group\">\n      <label for=\"wpcf-segell-de-turisme-familiar\"><h3>Turismo familiar<\/h3><\/label>\n\t<div class=\"form-check\"><input type=\"checkbox\" id=\"wpv_control_checkbox_wpcf-segell-de-turisme-familiar\" class=\"js-wpv-filter-trigger form-check-input\" name=\"wpv-wpcf-segell-de-turisme-familiar\" value=\"1\" \/><label for=\"wpv_control_checkbox_wpcf-segell-de-turisme-familiar\" class=\"form-check-label\">Segell de turisme familiar<\/label><\/div>\n<\/div>\n         <div class=\"form-group\">\n    <h3>B\u00fasqueda<\/h3>\n\t<input type=\"text\" name=\"wpv_post_search\"  class=\"js-wpv-filter-trigger-delayed form-control\" \/>\n    <input type=\"button\" class=\"buto-mapa wpv-reset-trigger js-wpv-reset-trigger btn\" name=\"wpv_filter_reset\" value=\"Restablecer\" \/>\n<\/div>\n  \n  <\/div>\n<\/div>\n\n<\/form>[\/et_pb_text][et_pb_text module_id=&#8221;recursos&#8221; _builder_version=&#8221;4.8.2&#8243; _module_preset=&#8221;default&#8221;]<form style=\"display:none;\" autocomplete=\"off\" name=\"wpv-filter-13177\" action=\"\/es\/wp-json\/wp\/v2\/pages\/26215?wpv_view_count=13177\" method=\"get\" class=\"wpv-filter-form js-wpv-filter-form js-wpv-filter-form-13177 js-wpv-form-full js-wpv-dps-enabled js-wpv-ajax-results-enabled\" data-viewnumber=\"13177\" data-viewid=\"13177\" data-viewhash=\"eyJuYW1lIjoidmlldy1nZW5lcmFsIiwidmlld19kaXNwbGF5IjoibGF5b3V0In0=\" data-viewwidgetid=\"0\" data-orderby=\"\" data-order=\"\" data-orderbyas=\"\" data-orderbysecond=\"\" data-ordersecond=\"\" data-parametric=\"{&quot;query&quot;:&quot;normal&quot;,&quot;id&quot;:13177,&quot;view_id&quot;:13177,&quot;widget_id&quot;:0,&quot;view_hash&quot;:&quot;13177&quot;,&quot;action&quot;:&quot;\\\/es\\\/wp-json\\\/wp\\\/v2\\\/pages\\\/26215?wpv_view_count=13177&quot;,&quot;sort&quot;:{&quot;orderby&quot;:&quot;&quot;,&quot;order&quot;:&quot;&quot;,&quot;orderby_as&quot;:&quot;&quot;,&quot;orderby_second&quot;:&quot;&quot;,&quot;order_second&quot;:&quot;&quot;},&quot;orderby&quot;:&quot;&quot;,&quot;order&quot;:&quot;&quot;,&quot;orderby_as&quot;:&quot;&quot;,&quot;orderby_second&quot;:&quot;&quot;,&quot;order_second&quot;:&quot;&quot;,&quot;ajax_form&quot;:&quot;&quot;,&quot;ajax_results&quot;:&quot;&quot;,&quot;effect&quot;:&quot;fade&quot;,&quot;prebefore&quot;:&quot;&quot;,&quot;before&quot;:&quot;&quot;,&quot;after&quot;:&quot;&quot;,&quot;attributes&quot;:{&quot;view_display&quot;:&quot;layout&quot;},&quot;environment&quot;:{&quot;current_post_id&quot;:26215,&quot;parent_post_id&quot;:26215,&quot;parent_term_id&quot;:0,&quot;parent_user_id&quot;:0,&quot;archive&quot;:{&quot;type&quot;:&quot;&quot;,&quot;name&quot;:&quot;&quot;,&quot;data&quot;:[]}},&quot;loop&quot;:{&quot;type&quot;:&quot;&quot;,&quot;name&quot;:&quot;&quot;,&quot;data&quot;:[],&quot;id&quot;:0}}\" data-attributes=\"{&quot;view_display&quot;:&quot;layout&quot;}\" data-environment=\"{&quot;current_post_id&quot;:26215,&quot;parent_post_id&quot;:26215,&quot;parent_term_id&quot;:0,&quot;parent_user_id&quot;:0,&quot;archive&quot;:{&quot;type&quot;:&quot;&quot;,&quot;name&quot;:&quot;&quot;,&quot;data&quot;:[]}}\"><input type=\"hidden\" class=\"js-wpv-dps-filter-data js-wpv-filter-data-for-this-form\" data-action=\"\/es\/wp-json\/wp\/v2\/pages\/26215?wpv_view_count=13177\" data-page=\"1\" data-ajax=\"enable\" data-effect=\"fade\" data-maxpages=\"0\" data-ajaxprebefore=\"\" data-ajaxbefore=\"\" data-ajaxafter=\"\" \/><input class=\"wpv_view_count wpv_view_count-13177\" type=\"hidden\" name=\"wpv_view_count\" value=\"13177\" \/>\n\n<div class=\"row\">\n\t<div class=\"col-md-4 col-cerca-mapa\">\n<div class=\"form-group\">\n    <label for=\"wpv-tipus-de-recurs\"><h3>Tipo de recurso<\/h3><\/label>\n\t<div class=\"form-check\"><input type=\"checkbox\" id=\"tipus-de-recurs-allotjaments\" class=\"js-wpv-filter-trigger form-check-input\" name=\"wpv-tipus-de-recurs[]\" value=\"allotjaments\" \/><label for=\"tipus-de-recurs-allotjaments\" class=\"form-check-label\">Alojamentos<\/label><\/div><div class=\"form-check\"><input type=\"checkbox\" id=\"tipus-de-recurs-teatres\" class=\"js-wpv-filter-trigger form-check-input\" name=\"wpv-tipus-de-recurs[]\" value=\"teatres\" \/><label for=\"tipus-de-recurs-teatres\" class=\"form-check-label\">Auditorios y teatros<\/label><\/div><div class=\"form-check\"><input type=\"checkbox\" id=\"tipus-de-recurs-cellers\" class=\"js-wpv-filter-trigger form-check-input\" name=\"wpv-tipus-de-recurs[]\" value=\"cellers\" \/><label for=\"tipus-de-recurs-cellers\" class=\"form-check-label\">Bodegas<\/label><\/div><div class=\"form-check\"><input type=\"checkbox\" id=\"tipus-de-recurs-museus\" class=\"js-wpv-filter-trigger form-check-input\" name=\"wpv-tipus-de-recurs[]\" value=\"museus\" \/><label for=\"tipus-de-recurs-museus\" class=\"form-check-label\">Museos<\/label><\/div><div class=\"form-check\"><input type=\"checkbox\" id=\"tipus-de-recurs-restaurants\" class=\"js-wpv-filter-trigger form-check-input\" name=\"wpv-tipus-de-recurs[]\" value=\"restaurants\" \/><label for=\"tipus-de-recurs-restaurants\" class=\"form-check-label\">Restaurantes<\/label><\/div><div class=\"form-check\"><input type=\"checkbox\" id=\"tipus-de-recurs-serveis-municipals\" class=\"js-wpv-filter-trigger form-check-input\" name=\"wpv-tipus-de-recurs[]\" value=\"serveis-municipals\" \/><label for=\"tipus-de-recurs-serveis-municipals\" class=\"form-check-label\">Servicios municipales<\/label><\/div><div class=\"form-check\"><input type=\"checkbox\" id=\"tipus-de-recurs-turisme-oci\" class=\"js-wpv-filter-trigger form-check-input\" name=\"wpv-tipus-de-recurs[]\" value=\"turisme-oci\" \/><label for=\"tipus-de-recurs-turisme-oci\" class=\"form-check-label\">Turismo y ocio<\/label><\/div>\n<\/div>\n  <\/div>\n\t<div class=\"col-md-4 col-cerca-mapa\">\n <div class=\"form-group\">\n\t<label for=\"wpv-wpcf-municipi\"><h3>Poblaci\u00f3n<\/h3><\/label>\n\t<div class=\"form-check\"><input type=\"checkbox\" class=\"js-wpv-filter-trigger form-check-input\" name=\"wpv-wpcf-municipi[]\" value=\"43700 El Vendrell\" id=\"form-9912688c756b242746f144f1d37589e2-12\" \/><label class=\"form-check-label\" for=\"form-9912688c756b242746f144f1d37589e2-12\">43700 El Vendrell<\/label><\/div><div class=\"form-check\"><input type=\"checkbox\" class=\"js-wpv-filter-trigger form-check-input\" name=\"wpv-wpcf-municipi[]\" value=\"43880 Coma-ruga (EL VENDRELL)\" id=\"form-8bb4876fedb14db5ad7b67b94abf30a5-13\" \/><label class=\"form-check-label\" for=\"form-8bb4876fedb14db5ad7b67b94abf30a5-13\">43880 Coma-ruga (EL VENDRELL)<\/label><\/div><div class=\"form-check\"><input type=\"checkbox\" class=\"js-wpv-filter-trigger form-check-input\" name=\"wpv-wpcf-municipi[]\" value=\"43880 Sant Vicen\u00e7 de Calders\" id=\"form-35cbde6d4d9a59b44fcc924a4139c80e-14\" \/><label class=\"form-check-label\" for=\"form-35cbde6d4d9a59b44fcc924a4139c80e-14\">43880 Sant Vicen\u00e7 de Calders<\/label><\/div><div class=\"form-check\"><input type=\"checkbox\" class=\"js-wpv-filter-trigger form-check-input\" name=\"wpv-wpcf-municipi[]\" value=\"Coma-ruga\" id=\"form-a16fd47ada80ec2b2082e4b376d71971-15\" \/><label class=\"form-check-label\" for=\"form-a16fd47ada80ec2b2082e4b376d71971-15\">Coma-ruga<\/label><\/div><div class=\"form-check\"><input type=\"checkbox\" class=\"js-wpv-filter-trigger form-check-input\" name=\"wpv-wpcf-municipi[]\" value=\"Coma-ruga (El Vendrell)\" id=\"form-34484131f31e4f3e95a900707f96b51b-16\" \/><label class=\"form-check-label\" for=\"form-34484131f31e4f3e95a900707f96b51b-16\">Coma-ruga (El Vendrell)<\/label><\/div><div class=\"form-check\"><input type=\"checkbox\" class=\"js-wpv-filter-trigger form-check-input\" name=\"wpv-wpcf-municipi[]\" value=\"El Franc\u00e0s\" id=\"form-5c9a497c6aa86b01abcff33a5d6acf28-17\" \/><label class=\"form-check-label\" for=\"form-5c9a497c6aa86b01abcff33a5d6acf28-17\">El Franc\u00e0s<\/label><\/div><div class=\"form-check\"><input type=\"checkbox\" class=\"js-wpv-filter-trigger form-check-input\" name=\"wpv-wpcf-municipi[]\" value=\"El Vendrell\" id=\"form-60be38106a241ebc2c352e8ed8c1e1b1-18\" \/><label class=\"form-check-label\" for=\"form-60be38106a241ebc2c352e8ed8c1e1b1-18\">El Vendrell<\/label><\/div><div class=\"form-check\"><input type=\"checkbox\" class=\"js-wpv-filter-trigger form-check-input\" name=\"wpv-wpcf-municipi[]\" value=\"Sant Salvador\" id=\"form-d51095758135f7f9449fcc8f1e0de5fb-19\" \/><label class=\"form-check-label\" for=\"form-d51095758135f7f9449fcc8f1e0de5fb-19\">Sant Salvador<\/label><\/div><div class=\"form-check\"><input type=\"checkbox\" class=\"js-wpv-filter-trigger form-check-input\" name=\"wpv-wpcf-municipi[]\" value=\"Sant Vicen\u00e7 de Calders (el Vendrell)\" id=\"form-6436e8d2f193d585760bfa7447b078f8-20\" \/><label class=\"form-check-label\" for=\"form-6436e8d2f193d585760bfa7447b078f8-20\">Sant Vicen\u00e7 de Calders (el Vendrell)<\/label><\/div><div class=\"form-check\"><input type=\"checkbox\" class=\"js-wpv-filter-trigger form-check-input\" name=\"wpv-wpcf-municipi[]\" value=\"Santa Oliva\" id=\"form-a217da78ad2717dd07dcc2bcf34bde2a-21\" \/><label class=\"form-check-label\" for=\"form-a217da78ad2717dd07dcc2bcf34bde2a-21\">Santa Oliva<\/label><\/div><div class=\"form-check\"><input type=\"checkbox\" class=\"js-wpv-filter-trigger form-check-input\" name=\"wpv-wpcf-municipi[]\" value=\"Vila-rodona\" id=\"form-781f11460593efb1fe87ac58c4cd30bf-22\" \/><label class=\"form-check-label\" for=\"form-781f11460593efb1fe87ac58c4cd30bf-22\">Vila-rodona<\/label><\/div>\n<\/div>   \n  <\/div>\n\t<div class=\"col-md-4 col-cerca-mapa\">   \n    <div class=\"form-group\">\n      <label for=\"wpcf-segell-de-turisme-familiar\"><h3>Turismo familiar<\/h3><\/label>\n\t<div class=\"form-check\"><input type=\"checkbox\" id=\"wpv_control_checkbox_wpcf-segell-de-turisme-familiar\" class=\"js-wpv-filter-trigger form-check-input\" name=\"wpv-wpcf-segell-de-turisme-familiar\" value=\"1\" \/><label for=\"wpv_control_checkbox_wpcf-segell-de-turisme-familiar\" class=\"form-check-label\">Segell de turisme familiar<\/label><\/div>\n<\/div>\n         <div class=\"form-group\">\n    <h3>B\u00fasqueda<\/h3>\n\t<input type=\"text\" name=\"wpv_post_search\"  class=\"js-wpv-filter-trigger-delayed form-control\" \/>\n    <input type=\"button\" class=\"buto-mapa wpv-reset-trigger js-wpv-reset-trigger btn\" name=\"wpv_filter_reset\" value=\"Restablecer\" \/>\n<\/div>\n  \n  <\/div>\n<\/div>\n\n<\/form>\n<div id=\"js-wpv-addon-maps-render-recursos\" style=\"width:100%; height:500px;\" class=\"wpv-addon-maps-render js-wpv-addon-maps-render js-wpv-addon-maps-render-recursos \" data-map=\"recursos\" data-generalzoom=\"5\" data-generalcenterlat=\"0\" data-generalcenterlon=\"0\" data-fitbounds=\"on\" data-singlezoom=\"14\" data-singlecenter=\"on\" data-maptype=\"roadmap\" data-showlayerinterests=\"false\" data-markericon=\"\" data-markericonhover=\"\" data-draggable=\"on\" data-scrollwheel=\"on\" data-doubleclickzoom=\"on\" data-maptypecontrol=\"on\" data-fullscreencontrol=\"on\" data-zoomcontrol=\"on\" data-streetviewcontrol=\"on\" data-backgroundcolor=\"\" data-cluster=\"on\" data-clustergridsize=\"60\" data-clustermaxzoom=\"\" data-clusterclickzoom=\"on\" data-clusterminsize=\"2\" data-stylejson=\"\/\/www.elvendrellturistic.com\/wp-content\/plugins\/toolset-maps\/resources\/json\/Silver.json\" data-spiderfy=\"on\" data-streetview=\"off\" data-markerid=\"\" data-location=\"\" data-lat=\"0\" data-long=\"0\" data-heading=\"\" data-pitch=\"\">Cargando...<\/div>\n\n<div id=\"wpv-view-layout-13177\" class=\"js-wpv-view-layout js-wpv-layout-responsive js-wpv-view-layout-13177\" data-viewnumber=\"13177\" data-pagination=\"{&quot;id&quot;:13177,&quot;query&quot;:&quot;normal&quot;,&quot;type&quot;:&quot;disabled&quot;,&quot;effect&quot;:&quot;fade&quot;,&quot;duration&quot;:500,&quot;speed&quot;:5,&quot;pause_on_hover&quot;:&quot;disabled&quot;,&quot;stop_rollover&quot;:&quot;false&quot;,&quot;cache_pages&quot;:&quot;enabled&quot;,&quot;preload_images&quot;:&quot;enabled&quot;,&quot;preload_pages&quot;:&quot;enabled&quot;,&quot;preload_reach&quot;:1,&quot;spinner&quot;:&quot;builtin&quot;,&quot;spinner_image&quot;:&quot;https:\/\/elvendrellturisme.dms3labs.cat\/wp-content\/plugins\/toolset-blocks\/embedded\/res\/img\/ajax-loader.gif&quot;,&quot;callback_next&quot;:&quot;&quot;,&quot;manage_history&quot;:&quot;enabled&quot;,&quot;has_controls_in_form&quot;:&quot;disabled&quot;,&quot;infinite_tolerance&quot;:&quot;0&quot;,&quot;max_pages&quot;:0,&quot;page&quot;:1,&quot;base_permalink&quot;:&quot;\/es\/wp-json\/wp\/v2\/pages\/26215?wpv_view_count=13177&amp;wpv_paged=WPV_PAGE_NUM&quot;,&quot;loop&quot;:{&quot;type&quot;:&quot;&quot;,&quot;name&quot;:&quot;&quot;,&quot;data&quot;:[],&quot;id&quot;:0}}\" data-permalink=\"\/es\/wp-json\/wp\/v2\/pages\/26215?wpv_view_count=13177\">\n \n\t\n\t\n\t<div class=\"container wpv-loop js-wpv-loop llistat-recursos\">\n\t\n\t\t\n\t\t<div class=\"row \">\n\t\t\t<div class=\"col-md-4\"> <div style=\"display:none\" class=\"wpv-addon-maps-marker js-wpv-addon-maps-marker js-wpv-addon-maps-marker-marker-25756 js-wpv-addon-maps-markerfor-recursos\" data-marker=\"marker-25756\" data-markertitle=\"4R Gran Europe &#8211; HT-000260\" data-markerfor=\"recursos\" data-markerlat=\"41.182757\" data-markerlon=\"1.532986\" data-markericon=\"\/wp-content\/uploads\/marker-allotjaments.png\" data-markericonhover=\"\" data-streetview=\"no\" data-fromview=\"\">\n\n\t<div class=\"mapa-tipus-allotjament-petit\">Alojamentos<\/div>\n\t<div class=\"titol-link-mapa-petit\"><a href=\"\/mapa\/#25756\">4R Gran Europe &#8211; HT-000260<\/a><\/div>\n\t<div class=\"mapa-tipus-allotjament-petit\"><a href=\"\/mapa\/#25756\">+ info<\/a><\/div>\n\n<\/div>\n\n<div class=\"map-marker-general\"  id=\"25756\">\n  <div class=\"imatge-mapa\"><img decoding=\"async\" width=\"510\" height=\"382\" src=\"https:\/\/elvendrellturisme.dms3labs.cat\/wp-content\/uploads\/geuropa187219b-510x382.jpg\" class=\"attachment-et-pb-portfolio-module-image size-et-pb-portfolio-module-image wp-post-image\" alt=\"\" title=\"\"><\/div>\n  \n\t<div class=\"map-marker-content\">\n      <div class=\"mapa-tipus-allotjament\">Alojamentos<\/div>\n      <h3 class=\"titol-link-mapa\"><a href=\"https:\/\/elvendrellturisme.dms3labs.cat\/es\/recursos-turisticos\/gran-hotel-europe-ht-000260\/\">4R Gran Europe &#8211; HT-000260<\/a><\/h3>\n      <div class=\"mapa-adreca\">Av. Palfuriana, 125-127<br\/>\n        43880 Coma-ruga\n      <\/div> \n      <div class=\"mapa-contacte\">\n        <a href=\"tel:977684200\">977 684 200<\/a><br\/>\n        <a href=\"mailto:graneurope@4rhotels.com\" title=\"graneurope@4rhotels.com\">graneurope@4rhotels.com<\/a><br\/>\n       <a href=\"https:\/\/www.4rhotels.com\/es\/Hotel-4r-Gran-Europe\/\" title=\"Visita la web\" target=\"_blank\" rel=\"noopener\">Visita la web<\/a>\n        \n      <\/div>\n      \n  <\/div>\n  <\/div><\/div>\n\t\t\n\t\t\n\t\t\t<div class=\"col-md-4\"> <div style=\"display:none\" class=\"wpv-addon-maps-marker js-wpv-addon-maps-marker js-wpv-addon-maps-marker-marker-37584 js-wpv-addon-maps-markerfor-recursos\" data-marker=\"marker-37584\" data-markertitle=\"Agro-Tast\" data-markerfor=\"recursos\" data-markerlat=\"41.223594\" data-markerlon=\"1.53685\" data-markericon=\"\/wp-content\/uploads\/marker-restaurants.png\" data-markericonhover=\"\" data-streetview=\"no\" data-fromview=\"\">\n\n\t<div class=\"mapa-tipus-allotjament-petit\">Restaurantes<\/div>\n\t<div class=\"titol-link-mapa-petit\"><a href=\"\/mapa\/#37584\">Agro-Tast<\/a><\/div>\n\t<div class=\"mapa-tipus-allotjament-petit\"><a href=\"\/mapa\/#37584\">+ info<\/a><\/div>\n\n<\/div>\n\n<div class=\"map-marker-general\"  id=\"37584\">\n  <div class=\"imatge-mapa\"><img decoding=\"async\" width=\"510\" height=\"382\" src=\"https:\/\/elvendrellturisme.dms3labs.cat\/wp-content\/uploads\/disseny-sense-titol35-510x382.jpg\" class=\"attachment-et-pb-portfolio-module-image size-et-pb-portfolio-module-image wp-post-image\" alt=\"\" srcset=\"https:\/\/elvendrellturisme.dms3labs.cat\/wp-content\/uploads\/disseny-sense-titol35-510x382.jpg 510w, https:\/\/elvendrellturisme.dms3labs.cat\/wp-content\/uploads\/disseny-sense-titol35-480x480.jpg 480w\" sizes=\"(min-width: 0px) and (max-width: 480px) 480px, (min-width: 481px) 510px, 100vw\" title=\"\"><\/div>\n  \n\t<div class=\"map-marker-content\">\n      <div class=\"mapa-tipus-allotjament\">Restaurantes<\/div>\n      <h3 class=\"titol-link-mapa\"><a href=\"https:\/\/elvendrellturisme.dms3labs.cat\/es\/recursos-turisticos\/agro-tast\/\">Agro-Tast<\/a><\/h3>\n      <div class=\"mapa-adreca\">Ctra. de Valls, 15<br\/>\n        43700 El Vendrell\n      <\/div> \n      <div class=\"mapa-contacte\">\n        <a href=\"tel:685509787\">685 509 787<\/a><br\/>\n         N\/A<br\/>\n       <a href=\"https:\/\/www.agrotast.cat\/\" title=\"Visita la web\" target=\"_blank\" rel=\"noopener\">Visita la web<\/a>\n        \n      <\/div>\n      \n  <\/div>\n  <\/div><\/div>\n\t\t\n\t\t\n\t\t\t<div class=\"col-md-4\"> <div style=\"display:none\" class=\"wpv-addon-maps-marker js-wpv-addon-maps-marker js-wpv-addon-maps-marker-marker-25768 js-wpv-addon-maps-markerfor-recursos\" data-marker=\"marker-25768\" data-markertitle=\"Alberg Coma-ruga Xanascat\" data-markerfor=\"recursos\" data-markerlat=\"41.183151\" data-markerlon=\"1.534944\" data-markericon=\"\/wp-content\/uploads\/marker-allotjaments.png\" data-markericonhover=\"\" data-streetview=\"no\" data-fromview=\"\">\n\n\t<div class=\"mapa-tipus-allotjament-petit\">Alojamentos<\/div>\n\t<div class=\"titol-link-mapa-petit\"><a href=\"\/mapa\/#25768\">Alberg Coma-ruga Xanascat<\/a><\/div>\n\t<div class=\"mapa-tipus-allotjament-petit\"><a href=\"\/mapa\/#25768\">+ info<\/a><\/div>\n\n<\/div>\n\n<div class=\"map-marker-general\"  id=\"25768\">\n  <div class=\"imatge-mapa\"><img decoding=\"async\" width=\"510\" height=\"382\" src=\"https:\/\/elvendrellturisme.dms3labs.cat\/wp-content\/uploads\/disseny-sense-titol3-2-510x382.jpg\" class=\"attachment-et-pb-portfolio-module-image size-et-pb-portfolio-module-image wp-post-image\" alt=\"\" srcset=\"https:\/\/elvendrellturisme.dms3labs.cat\/wp-content\/uploads\/disseny-sense-titol3-2-510x382.jpg 510w, https:\/\/elvendrellturisme.dms3labs.cat\/wp-content\/uploads\/disseny-sense-titol3-2-480x480.jpg 480w\" sizes=\"(min-width: 0px) and (max-width: 480px) 480px, (min-width: 481px) 510px, 100vw\" title=\"\"><\/div>\n  \n\t<div class=\"map-marker-content\">\n      <div class=\"mapa-tipus-allotjament\">Alojamentos<\/div>\n      <h3 class=\"titol-link-mapa\"><a href=\"https:\/\/elvendrellturisme.dms3labs.cat\/es\/recursos-turisticos\/alberg-santa-maria-del-mar-de-coma-ruga-no-registro-3\/\">Alberg Coma-ruga Xanascat<\/a><\/h3>\n      <div class=\"mapa-adreca\">Avinguda Palfuriana, 104<br\/>\n        43880 Coma-ruga\n      <\/div> \n      <div class=\"mapa-contacte\">\n        <a href=\"tel:977680008\">977 680 008<\/a><br\/>\n        <a href=\"mailto:alberg.comaruga@gencat.cat\" title=\"alberg.comaruga@gencat.cat\">alberg.comaruga@gencat.cat<\/a><br\/>\n       <a href=\"https:\/\/xanascat.gencat.cat\/ca\" title=\"Visita la web\" target=\"_blank\" rel=\"noopener\">Visita la web<\/a>\n        \n      <\/div>\n      <img decoding=\"async\" src=\"\/wp-content\/uploads\/turisme-familiar.png\" alt=\"\" title=\"\">\n  <\/div>\n  <\/div><\/div>\n\t\t<\/div>\n\t\t\n\t\t\n\t\t<div class=\"row \">\n\t\t\t<div class=\"col-md-4\"> <div style=\"display:none\" class=\"wpv-addon-maps-marker js-wpv-addon-maps-marker js-wpv-addon-maps-marker-marker-25779 js-wpv-addon-maps-markerfor-recursos\" data-marker=\"marker-25779\" data-markertitle=\"Apartamentos Pierre &#038; Vacances\" data-markerfor=\"recursos\" data-markerlat=\"41.181769\" data-markerlon=\"1.529449\" data-markericon=\"\/wp-content\/uploads\/marker-allotjaments.png\" data-markericonhover=\"\" data-streetview=\"no\" data-fromview=\"\">\n\n\t<div class=\"mapa-tipus-allotjament-petit\">Alojamentos<\/div>\n\t<div class=\"titol-link-mapa-petit\"><a href=\"\/mapa\/#25779\">Apartamentos Pierre &#038; Vacances<\/a><\/div>\n\t<div class=\"mapa-tipus-allotjament-petit\"><a href=\"\/mapa\/#25779\">+ info<\/a><\/div>\n\n<\/div>\n\n<div class=\"map-marker-general\"  id=\"25779\">\n  <div class=\"imatge-mapa\"><img decoding=\"async\" width=\"510\" height=\"382\" src=\"https:\/\/elvendrellturisme.dms3labs.cat\/wp-content\/uploads\/2021\/02\/COM-Piscine-Vue-Terrasse-510x382.jpg\" class=\"attachment-et-pb-portfolio-module-image size-et-pb-portfolio-module-image wp-post-image\" alt=\"\" title=\"\"><\/div>\n  \n\t<div class=\"map-marker-content\">\n      <div class=\"mapa-tipus-allotjament\">Alojamentos<\/div>\n      <h3 class=\"titol-link-mapa\"><a href=\"https:\/\/elvendrellturisme.dms3labs.cat\/es\/recursos-turisticos\/apartamentos-pierre-vacances-att-000043\/\">Apartamentos Pierre &#038; Vacances<\/a><\/h3>\n      <div class=\"mapa-adreca\">Av. Palfuriana, 133<br\/>\n        43880 Coma-ruga\n      <\/div> \n      <div class=\"mapa-contacte\">\n        <a href=\"tel:977680358\">977 680 358<\/a><br\/>\n        <a href=\"mailto:recepcion.comarruga@groupepvcp.com\" title=\"recepcion.comarruga@groupepvcp.com\">recepcion.comarruga@groupepvcp.com<\/a><br\/>\n       <a href=\"https:\/\/www.pierreetvacances.com\/\" title=\"Visita la web\" target=\"_blank\" rel=\"noopener\">Visita la web<\/a>\n        \n      <\/div>\n      \n  <\/div>\n  <\/div><\/div>\n\t\t\n\t\t\n\t\t\t<div class=\"col-md-4\"> <div style=\"display:none\" class=\"wpv-addon-maps-marker js-wpv-addon-maps-marker js-wpv-addon-maps-marker-marker-37692 js-wpv-addon-maps-markerfor-recursos\" data-marker=\"marker-37692\" data-markertitle=\"Arusha\" data-markerfor=\"recursos\" data-markerlat=\"41.216101\" data-markerlon=\"1.531019\" data-markericon=\"\/wp-content\/uploads\/marker-restaurants.png\" data-markericonhover=\"\" data-streetview=\"no\" data-fromview=\"\">\n\n\t<div class=\"mapa-tipus-allotjament-petit\">Restaurantes<\/div>\n\t<div class=\"titol-link-mapa-petit\"><a href=\"\/mapa\/#37692\">Arusha<\/a><\/div>\n\t<div class=\"mapa-tipus-allotjament-petit\"><a href=\"\/mapa\/#37692\">+ info<\/a><\/div>\n\n<\/div>\n\n<div class=\"map-marker-general\"  id=\"37692\">\n  <div class=\"imatge-mapa\"><img decoding=\"async\" width=\"510\" height=\"382\" src=\"https:\/\/elvendrellturisme.dms3labs.cat\/wp-content\/uploads\/disseny-sense-titol-3-510x382.jpg\" class=\"attachment-et-pb-portfolio-module-image size-et-pb-portfolio-module-image default-featured-img\" alt=\"\" srcset=\"https:\/\/elvendrellturisme.dms3labs.cat\/wp-content\/uploads\/disseny-sense-titol-3-510x382.jpg 510w, https:\/\/elvendrellturisme.dms3labs.cat\/wp-content\/uploads\/disseny-sense-titol-3-480x480.jpg 480w\" sizes=\"(min-width: 0px) and (max-width: 480px) 480px, (min-width: 481px) 510px, 100vw\" title=\"\"><\/div>\n  \n\t<div class=\"map-marker-content\">\n      <div class=\"mapa-tipus-allotjament\">Restaurantes<\/div>\n      <h3 class=\"titol-link-mapa\"><a href=\"https:\/\/elvendrellturisme.dms3labs.cat\/es\/recursos-turisticos\/arusha\/\">Arusha<\/a><\/h3>\n      <div class=\"mapa-adreca\">Crtra. Sant Vicen\u00e7, 2<br\/>\n        43700 El Vendrell\n      <\/div> \n      <div class=\"mapa-contacte\">\n        <a href=\"tel:877660184\">877 660 184<\/a><br\/>\n         N\/A<br\/>\n       <a href=\"https:\/\/www.instagram.com\/arusha.bar\/?hl=es\" title=\"Visita la web\" target=\"_blank\" rel=\"noopener\">Visita la web<\/a>\n        \n      <\/div>\n      \n  <\/div>\n  <\/div><\/div>\n\t\t\n\t\t\n\t\t\t<div class=\"col-md-4\"> <div style=\"display:none\" class=\"wpv-addon-maps-marker js-wpv-addon-maps-marker js-wpv-addon-maps-marker-marker-29903 js-wpv-addon-maps-markerfor-recursos\" data-marker=\"marker-29903\" data-markertitle=\"Auditorio del T\u00edvoli\" data-markerfor=\"recursos\" data-markerlat=\"41.221938\" data-markerlon=\"1.535891\" data-markericon=\"\/wp-content\/uploads\/marker-teatres.png\" data-markericonhover=\"\" data-streetview=\"no\" data-fromview=\"\">\n\n\t<div class=\"mapa-tipus-allotjament-petit\">Auditorios y teatros<\/div>\n\t<div class=\"titol-link-mapa-petit\"><a href=\"\/mapa\/#29903\">Auditorio del T\u00edvoli<\/a><\/div>\n\t<div class=\"mapa-tipus-allotjament-petit\"><a href=\"\/mapa\/#29903\">+ info<\/a><\/div>\n\n<\/div>\n\n<div class=\"map-marker-general\"  id=\"29903\">\n  <div class=\"imatge-mapa\"><img decoding=\"async\" width=\"510\" height=\"382\" src=\"https:\/\/elvendrellturisme.dms3labs.cat\/wp-content\/uploads\/disseny-sense-titol15-510x382.jpg\" class=\"attachment-et-pb-portfolio-module-image size-et-pb-portfolio-module-image wp-post-image\" alt=\"\" srcset=\"https:\/\/elvendrellturisme.dms3labs.cat\/wp-content\/uploads\/disseny-sense-titol15-510x382.jpg 510w, https:\/\/elvendrellturisme.dms3labs.cat\/wp-content\/uploads\/disseny-sense-titol15-480x480.jpg 480w\" sizes=\"(min-width: 0px) and (max-width: 480px) 480px, (min-width: 481px) 510px, 100vw\" title=\"\"><\/div>\n  \n\t<div class=\"map-marker-content\">\n      <div class=\"mapa-tipus-allotjament\">Auditorios y teatros<\/div>\n      <h3 class=\"titol-link-mapa\"><a href=\"https:\/\/elvendrellturisme.dms3labs.cat\/es\/recursos-turisticos\/auditorio-del-tivoli\/\">Auditorio del T\u00edvoli<\/a><\/h3>\n      <div class=\"mapa-adreca\">Pla\u00e7a del T\u00edvoli, 3, 7<br\/>\n        43700 El Vendrell\n      <\/div> \n      <div class=\"mapa-contacte\">\n        <a href=\"tel:977154203\">977 15 42 03<\/a><br\/>\n        <a href=\"mailto:info@auditorideltivoli.cat\" title=\"info@auditorideltivoli.cat\">info@auditorideltivoli.cat<\/a><br\/>\n       <a href=\"https:\/\/auditorideltivoli.cat\/\" title=\"Visita la web\" target=\"_blank\" rel=\"noopener\">Visita la web<\/a>\n        \n      <\/div>\n      \n  <\/div>\n  <\/div><\/div>\n\t\t<\/div>\n\t\t\n\t\t\n\t\t<div class=\"row \">\n\t\t\t<div class=\"col-md-4\"> <div style=\"display:none\" class=\"wpv-addon-maps-marker js-wpv-addon-maps-marker js-wpv-addon-maps-marker-marker-28798 js-wpv-addon-maps-markerfor-recursos\" data-marker=\"marker-28798\" data-markertitle=\"Auditorio Pau Casals\" data-markerfor=\"recursos\" data-markerlat=\"41.183896\" data-markerlon=\"1.541021\" data-markericon=\"\/wp-content\/uploads\/marker-teatres.png\" data-markericonhover=\"\" data-streetview=\"no\" data-fromview=\"\">\n\n\t<div class=\"mapa-tipus-allotjament-petit\">Auditorios y teatros<\/div>\n\t<div class=\"titol-link-mapa-petit\"><a href=\"\/mapa\/#28798\">Auditorio Pau Casals<\/a><\/div>\n\t<div class=\"mapa-tipus-allotjament-petit\"><a href=\"\/mapa\/#28798\">+ info<\/a><\/div>\n\n<\/div>\n\n<div class=\"map-marker-general\"  id=\"28798\">\n  <div class=\"imatge-mapa\"><img decoding=\"async\" width=\"510\" height=\"382\" src=\"https:\/\/elvendrellturisme.dms3labs.cat\/wp-content\/uploads\/39-fimpc-510x382.jpg\" class=\"attachment-et-pb-portfolio-module-image size-et-pb-portfolio-module-image wp-post-image\" alt=\"\" title=\"\"><\/div>\n  \n\t<div class=\"map-marker-content\">\n      <div class=\"mapa-tipus-allotjament\">Auditorios y teatros<\/div>\n      <h3 class=\"titol-link-mapa\"><a href=\"https:\/\/elvendrellturisme.dms3labs.cat\/es\/recursos-turisticos\/auditorio-pau-casals\/\">Auditorio Pau Casals<\/a><\/h3>\n      <div class=\"mapa-adreca\">Avinguda Palfuriana, 34<br\/>\n        43880 Sant Salvador\n      <\/div> \n      <div class=\"mapa-contacte\">\n        <a href=\"tel:977683468\/689269767\">977 683 468 \/ 689 269 767<\/a><br\/>\n        <a href=\"mailto:info@auditoripaucasals.cat\" title=\"info@auditoripaucasals.cat\">info@auditoripaucasals.cat<\/a><br\/>\n       <a href=\"https:\/\/auditoripaucasals.cat\/\" title=\"Visita la web\" target=\"_blank\" rel=\"noopener\">Visita la web<\/a>\n        \n      <\/div>\n      <img decoding=\"async\" src=\"\/wp-content\/uploads\/turisme-familiar.png\" alt=\"\" title=\"\">\n  <\/div>\n  <\/div><\/div>\n\t\t\n\t\t\n\t\t\t<div class=\"col-md-4\"> <div style=\"display:none\" class=\"wpv-addon-maps-marker js-wpv-addon-maps-marker js-wpv-addon-maps-marker-marker-28744 js-wpv-addon-maps-markerfor-recursos\" data-marker=\"marker-28744\" data-markertitle=\"Aula Acu\u00e1tica de Masia Blanca\" data-markerfor=\"recursos\" data-markerlat=\"41.176964\" data-markerlon=\"1.52617\" data-markericon=\"\/wp-content\/uploads\/marker-turisme-oci.png\" data-markericonhover=\"\" data-streetview=\"no\" data-fromview=\"\">\n\n\t<div class=\"mapa-tipus-allotjament-petit\">Turismo y ocio<\/div>\n\t<div class=\"titol-link-mapa-petit\"><a href=\"\/mapa\/#28744\">Aula Acu\u00e1tica de Masia Blanca<\/a><\/div>\n\t<div class=\"mapa-tipus-allotjament-petit\"><a href=\"\/mapa\/#28744\">+ info<\/a><\/div>\n\n<\/div>\n\n<div class=\"map-marker-general\"  id=\"28744\">\n  <div class=\"imatge-mapa\"><img decoding=\"async\" width=\"510\" height=\"382\" src=\"https:\/\/elvendrellturisme.dms3labs.cat\/wp-content\/uploads\/logoaulaaquatica-1-510x382.png\" class=\"attachment-et-pb-portfolio-module-image size-et-pb-portfolio-module-image wp-post-image\" alt=\"\" title=\"\"><\/div>\n  \n\t<div class=\"map-marker-content\">\n      <div class=\"mapa-tipus-allotjament\">Turismo y ocio<\/div>\n      <h3 class=\"titol-link-mapa\"><a href=\"https:\/\/elvendrellturisme.dms3labs.cat\/es\/recursos-turisticos\/aula-acuatica-de-masia-blanca\/\">Aula Acu\u00e1tica de Masia Blanca<\/a><\/h3>\n      <div class=\"mapa-adreca\">Passeig Mar\u00edtim, s\/n<br\/>\n        43880 Coma-ruga\n      <\/div> \n      <div class=\"mapa-contacte\">\n        <a href=\"tel:977680010\">977 680 010<\/a><br\/>\n        <a href=\"mailto:informacio@elvendrellturistic.com\" title=\"informacio@elvendrellturistic.com\">informacio@elvendrellturistic.com<\/a><br\/>\n       <a href=\"https:\/\/elvendrellturisme.dms3labs.cat\/activitats-saludables\/#aula-aquatica\" title=\"Visita la web\">Visita la web<\/a>\n        \n      <\/div>\n      <img decoding=\"async\" src=\"\/wp-content\/uploads\/turisme-familiar.png\" alt=\"\" title=\"\">\n  <\/div>\n  <\/div><\/div>\n\t\t\n\t\t\n\t\t\t<div class=\"col-md-4\"> <div style=\"display:none\" class=\"wpv-addon-maps-marker js-wpv-addon-maps-marker js-wpv-addon-maps-marker-marker-28788 js-wpv-addon-maps-markerfor-recursos\" data-marker=\"marker-28788\" data-markertitle=\"Biblioteca P\u00fablica Terra Baixa\" data-markerfor=\"recursos\" data-markerlat=\"41.220025\" data-markerlon=\"1.534094\" data-markericon=\"\/wp-content\/uploads\/marker-serveis-municipals.png\" data-markericonhover=\"\" data-streetview=\"no\" data-fromview=\"\">\n\n\t<div class=\"mapa-tipus-allotjament-petit\">Servicios municipales<\/div>\n\t<div class=\"titol-link-mapa-petit\"><a href=\"\/mapa\/#28788\">Biblioteca P\u00fablica Terra Baixa<\/a><\/div>\n\t<div class=\"mapa-tipus-allotjament-petit\"><a href=\"\/mapa\/#28788\">+ info<\/a><\/div>\n\n<\/div>\n\n<div class=\"map-marker-general\"  id=\"28788\">\n  <div class=\"imatge-mapa\"><img decoding=\"async\" width=\"510\" height=\"382\" src=\"https:\/\/elvendrellturisme.dms3labs.cat\/wp-content\/uploads\/foto-bona-biblioteca-510x382.jpg\" class=\"attachment-et-pb-portfolio-module-image size-et-pb-portfolio-module-image wp-post-image\" alt=\"\" title=\"\"><\/div>\n  \n\t<div class=\"map-marker-content\">\n      <div class=\"mapa-tipus-allotjament\">Servicios municipales<\/div>\n      <h3 class=\"titol-link-mapa\"><a href=\"https:\/\/elvendrellturisme.dms3labs.cat\/es\/recursos-turisticos\/biblioteca-publica-terra-baixa\/\">Biblioteca P\u00fablica Terra Baixa<\/a><\/h3>\n      <div class=\"mapa-adreca\">Carrer Major, 18<br\/>\n        43700 El Vendrell\n      <\/div> \n      <div class=\"mapa-contacte\">\n        <a href=\"tel:977662118\">977 662 118<\/a><br\/>\n        <a href=\"mailto:biblioteca@elvendrell.net\" title=\"biblioteca@elvendrell.net\">biblioteca@elvendrell.net<\/a><br\/>\n       <a href=\"https:\/\/bibliotecaelvendrell.cat\/\" title=\"Visita la web\" target=\"_blank\" rel=\"noopener\">Visita la web<\/a>\n        \n      <\/div>\n      <img decoding=\"async\" src=\"\/wp-content\/uploads\/turisme-familiar.png\" alt=\"\" title=\"\">\n  <\/div>\n  <\/div><\/div>\n\t\t<\/div>\n\t\t\n\t\t\n\t\t<div class=\"row \">\n\t\t\t<div class=\"col-md-4\"> <div style=\"display:none\" class=\"wpv-addon-maps-marker js-wpv-addon-maps-marker js-wpv-addon-maps-marker-marker-25974 js-wpv-addon-maps-markerfor-recursos\" data-marker=\"marker-25974\" data-markertitle=\"Bingo Santven\" data-markerfor=\"recursos\" data-markerlat=\"41.19976\" data-markerlon=\"1.528208\" data-markericon=\"\/wp-content\/uploads\/marker-restaurants.png\" data-markericonhover=\"\" data-streetview=\"no\" data-fromview=\"\">\n\n\t<div class=\"mapa-tipus-allotjament-petit\">Restaurantes<\/div>\n\t<div class=\"titol-link-mapa-petit\"><a href=\"\/mapa\/#25974\">Bingo Santven<\/a><\/div>\n\t<div class=\"mapa-tipus-allotjament-petit\"><a href=\"\/mapa\/#25974\">+ info<\/a><\/div>\n\n<\/div>\n\n<div class=\"map-marker-general\"  id=\"25974\">\n  <div class=\"imatge-mapa\"><img decoding=\"async\" width=\"510\" height=\"382\" src=\"https:\/\/elvendrellturisme.dms3labs.cat\/wp-content\/uploads\/bingo-santven-510x382.jpg\" class=\"attachment-et-pb-portfolio-module-image size-et-pb-portfolio-module-image wp-post-image\" alt=\"\" title=\"\"><\/div>\n  \n\t<div class=\"map-marker-content\">\n      <div class=\"mapa-tipus-allotjament\">Restaurantes<\/div>\n      <h3 class=\"titol-link-mapa\"><a href=\"https:\/\/elvendrellturisme.dms3labs.cat\/es\/recursos-turisticos\/bingo-santven\/\">Bingo Santven<\/a><\/h3>\n      <div class=\"mapa-adreca\">Ctra. N-340, km 1.189<br\/>\n        43700 El Vendrell\n      <\/div> \n      <div class=\"mapa-contacte\">\n        <a href=\"tel:977663105\">977 663 105<\/a><br\/>\n        <a href=\"mailto:bingosantven@bingosantven.com\" title=\"bingosantven@bingosantven.com\">bingosantven@bingosantven.com<\/a><br\/>\n       \n         N\/A\n      <\/div>\n      \n  <\/div>\n  <\/div><\/div>\n\t\t\n\t\t\n\t\t\t<div class=\"col-md-4\"> <div style=\"display:none\" class=\"wpv-addon-maps-marker js-wpv-addon-maps-marker js-wpv-addon-maps-marker-marker-25981 js-wpv-addon-maps-markerfor-recursos\" data-marker=\"marker-25981\" data-markertitle=\"Bodega Avgvstvs Forvm\" data-markerfor=\"recursos\" data-markerlat=\"41.206913\" data-markerlon=\"1.525184\" data-markericon=\"\/wp-content\/uploads\/marker-cellers.png\" data-markericonhover=\"\" data-streetview=\"no\" data-fromview=\"\">\n\n\t<div class=\"mapa-tipus-allotjament-petit\">Bodegas<\/div>\n\t<div class=\"titol-link-mapa-petit\"><a href=\"\/mapa\/#25981\">Bodega Avgvstvs Forvm<\/a><\/div>\n\t<div class=\"mapa-tipus-allotjament-petit\"><a href=\"\/mapa\/#25981\">+ info<\/a><\/div>\n\n<\/div>\n\n<div class=\"map-marker-general\"  id=\"25981\">\n  <div class=\"imatge-mapa\"><img decoding=\"async\" width=\"510\" height=\"382\" src=\"https:\/\/elvendrellturisme.dms3labs.cat\/wp-content\/uploads\/Avgvstvs-Forvm-16-510x382.jpg\" class=\"attachment-et-pb-portfolio-module-image size-et-pb-portfolio-module-image wp-post-image\" alt=\"\" title=\"\"><\/div>\n  \n\t<div class=\"map-marker-content\">\n      <div class=\"mapa-tipus-allotjament\">Bodegas<\/div>\n      <h3 class=\"titol-link-mapa\"><a href=\"https:\/\/elvendrellturisme.dms3labs.cat\/es\/recursos-turisticos\/celler-avgvstvs-forvm\/\">Bodega Avgvstvs Forvm<\/a><\/h3>\n      <div class=\"mapa-adreca\">Carretera de Sant Vicen\u00e7, s\/n<br\/>\n        43700 El Vendrell\n      <\/div> \n      <div class=\"mapa-contacte\">\n        <a href=\"tel:977666910\">977 66 69 10<\/a><br\/>\n        <a href=\"mailto:avgvstvs@avgvstvsforvm.com\" title=\"avgvstvs@avgvstvsforvm.com\">avgvstvs@avgvstvsforvm.com<\/a><br\/>\n       <a href=\"https:\/\/www.avgvstvsforvm.com\/ca\/\" title=\"Visita la web\" target=\"_blank\" rel=\"noopener\">Visita la web<\/a>\n        \n      <\/div>\n      \n  <\/div>\n  <\/div><\/div>\n\t\t\n\t\t\n\t\t\t<div class=\"col-md-4\"> <div style=\"display:none\" class=\"wpv-addon-maps-marker js-wpv-addon-maps-marker js-wpv-addon-maps-marker-marker-25967 js-wpv-addon-maps-markerfor-recursos\" data-marker=\"marker-25967\" data-markertitle=\"Bodega Jan\u00e9 Ventura\" data-markerfor=\"recursos\" data-markerlat=\"41.222482\" data-markerlon=\"1.540104\" data-markericon=\"\/wp-content\/uploads\/marker-cellers.png\" data-markericonhover=\"\" data-streetview=\"no\" data-fromview=\"\">\n\n\t<div class=\"mapa-tipus-allotjament-petit\">Bodegas<\/div>\n\t<div class=\"titol-link-mapa-petit\"><a href=\"\/mapa\/#25967\">Bodega Jan\u00e9 Ventura<\/a><\/div>\n\t<div class=\"mapa-tipus-allotjament-petit\"><a href=\"\/mapa\/#25967\">+ info<\/a><\/div>\n\n<\/div>\n\n<div class=\"map-marker-general\"  id=\"25967\">\n  <div class=\"imatge-mapa\"><img decoding=\"async\" width=\"510\" height=\"382\" src=\"https:\/\/elvendrellturisme.dms3labs.cat\/wp-content\/uploads\/IMG-20180723-WA0001-510x382.jpg\" class=\"attachment-et-pb-portfolio-module-image size-et-pb-portfolio-module-image wp-post-image\" alt=\"\" title=\"\"><\/div>\n  \n\t<div class=\"map-marker-content\">\n      <div class=\"mapa-tipus-allotjament\">Bodegas<\/div>\n      <h3 class=\"titol-link-mapa\"><a href=\"https:\/\/elvendrellturisme.dms3labs.cat\/es\/recursos-turisticos\/cellers-jane-ventura\/\">Bodega Jan\u00e9 Ventura<\/a><\/h3>\n      <div class=\"mapa-adreca\">Carretera de Calafell, 2<br\/>\n        43700 El Vendrell\n      <\/div> \n      <div class=\"mapa-contacte\">\n        <a href=\"tel:977660118\">977 66 01 18<\/a><br\/>\n        <a href=\"mailto:janeventura@janeventura.com\" title=\"janeventura@janeventura.com\">janeventura@janeventura.com<\/a><br\/>\n       <a href=\"https:\/\/janeventura.com\/\" title=\"Visita la web\" target=\"_blank\" rel=\"noopener\">Visita la web<\/a>\n        \n      <\/div>\n      \n  <\/div>\n  <\/div><\/div>\n\t\t<\/div>\n\t\t\n\t\t\n\t\t<div class=\"row \">\n\t\t\t<div class=\"col-md-4\"> <div style=\"display:none\" class=\"wpv-addon-maps-marker js-wpv-addon-maps-marker js-wpv-addon-maps-marker-marker-26313 js-wpv-addon-maps-markerfor-recursos\" data-marker=\"marker-26313\" data-markertitle=\"Brisasol\" data-markerfor=\"recursos\" data-markerlat=\"41.217424\" data-markerlon=\"1.534474\" data-markericon=\"\/wp-content\/uploads\/marker-allotjaments.png\" data-markericonhover=\"\" data-streetview=\"no\" data-fromview=\"\">\n\n\t<div class=\"mapa-tipus-allotjament-petit\">Alojamentos<\/div>\n\t<div class=\"titol-link-mapa-petit\"><a href=\"\/mapa\/#26313\">Brisasol<\/a><\/div>\n\t<div class=\"mapa-tipus-allotjament-petit\"><a href=\"\/mapa\/#26313\">+ info<\/a><\/div>\n\n<\/div>\n\n<div class=\"map-marker-general\"  id=\"26313\">\n  <div class=\"imatge-mapa\"><img decoding=\"async\" width=\"510\" height=\"382\" src=\"https:\/\/elvendrellturisme.dms3labs.cat\/wp-content\/uploads\/2021\/02\/Oficina-Brisasol-510x382.jpg\" class=\"attachment-et-pb-portfolio-module-image size-et-pb-portfolio-module-image wp-post-image\" alt=\"\" title=\"\"><\/div>\n  \n\t<div class=\"map-marker-content\">\n      <div class=\"mapa-tipus-allotjament\">Alojamentos<\/div>\n      <h3 class=\"titol-link-mapa\"><a href=\"https:\/\/elvendrellturisme.dms3labs.cat\/es\/recursos-turisticos\/brisasol\/\">Brisasol<\/a><\/h3>\n      <div class=\"mapa-adreca\">Carrer Nou, 71<br\/>\n        43700 El Vendrell\n      <\/div> \n      <div class=\"mapa-contacte\">\n        <a href=\"tel:977660931\">977 660 931<\/a><br\/>\n        <a href=\"mailto:comvendrell@brisasol.com\" title=\"comvendrell@brisasol.com\">comvendrell@brisasol.com<\/a><br\/>\n       <a href=\"https:\/\/www.brisasol.com\/oficina\/el-vendrell\/\" title=\"Visita la web\" target=\"_blank\" rel=\"noopener\">Visita la web<\/a>\n        \n      <\/div>\n      \n  <\/div>\n  <\/div><\/div>\n\t\t\n\t\t\n\t\t\t<div class=\"col-md-4\"> <div style=\"display:none\" class=\"wpv-addon-maps-marker js-wpv-addon-maps-marker js-wpv-addon-maps-marker-marker-37645 js-wpv-addon-maps-markerfor-recursos\" data-marker=\"marker-37645\" data-markertitle=\"Buona Pizza\" data-markerfor=\"recursos\" data-markerlat=\"41.21704\" data-markerlon=\"1.527813\" data-markericon=\"\/wp-content\/uploads\/marker-restaurants.png\" data-markericonhover=\"\" data-streetview=\"no\" data-fromview=\"\">\n\n\t<div class=\"mapa-tipus-allotjament-petit\">Restaurantes<\/div>\n\t<div class=\"titol-link-mapa-petit\"><a href=\"\/mapa\/#37645\">Buona Pizza<\/a><\/div>\n\t<div class=\"mapa-tipus-allotjament-petit\"><a href=\"\/mapa\/#37645\">+ info<\/a><\/div>\n\n<\/div>\n\n<div class=\"map-marker-general\"  id=\"37645\">\n  <div class=\"imatge-mapa\"><img decoding=\"async\" width=\"510\" height=\"382\" src=\"https:\/\/elvendrellturisme.dms3labs.cat\/wp-content\/uploads\/buonapizza-510x382.jpg\" class=\"attachment-et-pb-portfolio-module-image size-et-pb-portfolio-module-image wp-post-image\" alt=\"\" srcset=\"https:\/\/elvendrellturisme.dms3labs.cat\/wp-content\/uploads\/buonapizza-510x382.jpg 510w, https:\/\/elvendrellturisme.dms3labs.cat\/wp-content\/uploads\/buonapizza-480x404.jpg 480w\" sizes=\"(min-width: 0px) and (max-width: 480px) 480px, (min-width: 481px) 510px, 100vw\" title=\"\"><\/div>\n  \n\t<div class=\"map-marker-content\">\n      <div class=\"mapa-tipus-allotjament\">Restaurantes<\/div>\n      <h3 class=\"titol-link-mapa\"><a href=\"https:\/\/elvendrellturisme.dms3labs.cat\/es\/recursos-turisticos\/buona-pizza\/\">Buona Pizza<\/a><\/h3>\n      <div class=\"mapa-adreca\">Carrer de les Flors, 20-38<br\/>\n        43700 El Vendrell\n      <\/div> \n      <div class=\"mapa-contacte\">\n        <a href=\"tel:877050171\">877 050 171<\/a><br\/>\n         N\/A<br\/>\n       <a href=\"https:\/\/www.labuonapizza.es\/\" title=\"Visita la web\" target=\"_blank\" rel=\"noopener\">Visita la web<\/a>\n        \n      <\/div>\n      \n  <\/div>\n  <\/div><\/div>\n\t\t\n\t\t\n\t\t\t<div class=\"col-md-4\"> <div style=\"display:none\" class=\"wpv-addon-maps-marker js-wpv-addon-maps-marker js-wpv-addon-maps-marker-marker-37221 js-wpv-addon-maps-markerfor-recursos\" data-marker=\"marker-37221\" data-markertitle=\"Cafeteria Caracas\" data-markerfor=\"recursos\" data-markerlat=\"41.216183\" data-markerlon=\"1.531106\" data-markericon=\"\/wp-content\/uploads\/marker-restaurants.png\" data-markericonhover=\"\" data-streetview=\"no\" data-fromview=\"\">\n\n\t<div class=\"mapa-tipus-allotjament-petit\">Restaurantes<\/div>\n\t<div class=\"titol-link-mapa-petit\"><a href=\"\/mapa\/#37221\">Cafeteria Caracas<\/a><\/div>\n\t<div class=\"mapa-tipus-allotjament-petit\"><a href=\"\/mapa\/#37221\">+ info<\/a><\/div>\n\n<\/div>\n\n<div class=\"map-marker-general\"  id=\"37221\">\n  <div class=\"imatge-mapa\"><img decoding=\"async\" width=\"510\" height=\"382\" src=\"https:\/\/elvendrellturisme.dms3labs.cat\/wp-content\/uploads\/disseny-sense-titol-3-510x382.jpg\" class=\"attachment-et-pb-portfolio-module-image size-et-pb-portfolio-module-image default-featured-img\" alt=\"\" srcset=\"https:\/\/elvendrellturisme.dms3labs.cat\/wp-content\/uploads\/disseny-sense-titol-3-510x382.jpg 510w, https:\/\/elvendrellturisme.dms3labs.cat\/wp-content\/uploads\/disseny-sense-titol-3-480x480.jpg 480w\" sizes=\"(min-width: 0px) and (max-width: 480px) 480px, (min-width: 481px) 510px, 100vw\" title=\"\"><\/div>\n  \n\t<div class=\"map-marker-content\">\n      <div class=\"mapa-tipus-allotjament\">Restaurantes<\/div>\n      <h3 class=\"titol-link-mapa\"><a href=\"https:\/\/elvendrellturisme.dms3labs.cat\/es\/recursos-turisticos\/cafeteria-caracas\/\">Cafeteria Caracas<\/a><\/h3>\n      <div class=\"mapa-adreca\">Carretera de Sant Vicen\u00e7, 2<br\/>\n        43700 El Vendrell\n      <\/div> \n      <div class=\"mapa-contacte\">\n        <a href=\"tel:977665566\">977 66 55 66<\/a><br\/>\n         N\/A<br\/>\n       <a href=\"https:\/\/www.instagram.com\/cafeteriacaracasvendrell\/?hl=es\" title=\"Visita la web\" target=\"_blank\" rel=\"noopener\">Visita la web<\/a>\n        \n      <\/div>\n      \n  <\/div>\n  <\/div><\/div>\n\t\t<\/div>\n\t\t\n\t\t\n\t\t<div class=\"row \">\n\t\t\t<div class=\"col-md-4\"> <div style=\"display:none\" class=\"wpv-addon-maps-marker js-wpv-addon-maps-marker js-wpv-addon-maps-marker-marker-36520 js-wpv-addon-maps-markerfor-recursos\" data-marker=\"marker-36520\" data-markertitle=\"Cafetto\" data-markerfor=\"recursos\" data-markerlat=\"41.184887\" data-markerlon=\"1.521509\" data-markericon=\"\/wp-content\/uploads\/marker-restaurants.png\" data-markericonhover=\"\" data-streetview=\"no\" data-fromview=\"\">\n\n\t<div class=\"mapa-tipus-allotjament-petit\">Restaurantes<\/div>\n\t<div class=\"titol-link-mapa-petit\"><a href=\"\/mapa\/#36520\">Cafetto<\/a><\/div>\n\t<div class=\"mapa-tipus-allotjament-petit\"><a href=\"\/mapa\/#36520\">+ info<\/a><\/div>\n\n<\/div>\n\n<div class=\"map-marker-general\"  id=\"36520\">\n  <div class=\"imatge-mapa\"><img decoding=\"async\" width=\"510\" height=\"382\" src=\"https:\/\/elvendrellturisme.dms3labs.cat\/wp-content\/uploads\/disseny-sense-titol-3-510x382.jpg\" class=\"attachment-et-pb-portfolio-module-image size-et-pb-portfolio-module-image default-featured-img\" alt=\"\" srcset=\"https:\/\/elvendrellturisme.dms3labs.cat\/wp-content\/uploads\/disseny-sense-titol-3-510x382.jpg 510w, https:\/\/elvendrellturisme.dms3labs.cat\/wp-content\/uploads\/disseny-sense-titol-3-480x480.jpg 480w\" sizes=\"(min-width: 0px) and (max-width: 480px) 480px, (min-width: 481px) 510px, 100vw\" title=\"\"><\/div>\n  \n\t<div class=\"map-marker-content\">\n      <div class=\"mapa-tipus-allotjament\">Restaurantes<\/div>\n      <h3 class=\"titol-link-mapa\"><a href=\"https:\/\/elvendrellturisme.dms3labs.cat\/es\/recursos-turisticos\/cafetto\/\">Cafetto<\/a><\/h3>\n      <div class=\"mapa-adreca\">Avinguda de la Generalitat, 34<br\/>\n        43880 Coma-ruga (El Vendrell)\n      <\/div> \n      <div class=\"mapa-contacte\">\n        <a href=\"tel:877068064\">877 06 80 64<\/a><br\/>\n         N\/A<br\/>\n       <a href=\"https:\/\/www.instagram.com\/cafettobar\/?hl=es\" title=\"Visita la web\" target=\"_blank\" rel=\"noopener\">Visita la web<\/a>\n        \n      <\/div>\n      \n  <\/div>\n  <\/div><\/div>\n\t\t\n\t\t\n\t\t\t<div class=\"col-md-4\"> <div style=\"display:none\" class=\"wpv-addon-maps-marker js-wpv-addon-maps-marker js-wpv-addon-maps-marker-marker-29790 js-wpv-addon-maps-markerfor-recursos\" data-marker=\"marker-29790\" data-markertitle=\"Cal Badejo\" data-markerfor=\"recursos\" data-markerlat=\"41.220291\" data-markerlon=\"1.535237\" data-markericon=\"\/wp-content\/uploads\/marker-restaurants.png\" data-markericonhover=\"\" data-streetview=\"no\" data-fromview=\"\">\n\n\t<div class=\"mapa-tipus-allotjament-petit\">Restaurantes<\/div>\n\t<div class=\"titol-link-mapa-petit\"><a href=\"\/mapa\/#29790\">Cal Badejo<\/a><\/div>\n\t<div class=\"mapa-tipus-allotjament-petit\"><a href=\"\/mapa\/#29790\">+ info<\/a><\/div>\n\n<\/div>\n\n<div class=\"map-marker-general\"  id=\"29790\">\n  <div class=\"imatge-mapa\"><img decoding=\"async\" width=\"510\" height=\"382\" src=\"https:\/\/elvendrellturisme.dms3labs.cat\/wp-content\/uploads\/calbadejo-510x382.jpg\" class=\"attachment-et-pb-portfolio-module-image size-et-pb-portfolio-module-image wp-post-image\" alt=\"\" srcset=\"https:\/\/elvendrellturisme.dms3labs.cat\/wp-content\/uploads\/calbadejo-510x382.jpg 510w, https:\/\/elvendrellturisme.dms3labs.cat\/wp-content\/uploads\/calbadejo-480x360.jpg 480w\" sizes=\"(min-width: 0px) and (max-width: 480px) 480px, (min-width: 481px) 510px, 100vw\" title=\"\"><\/div>\n  \n\t<div class=\"map-marker-content\">\n      <div class=\"mapa-tipus-allotjament\">Restaurantes<\/div>\n      <h3 class=\"titol-link-mapa\"><a href=\"https:\/\/elvendrellturisme.dms3labs.cat\/es\/recursos-turisticos\/cal-badejo\/\">Cal Badejo<\/a><\/h3>\n      <div class=\"mapa-adreca\">Carrer del Peix, 5<br\/>\n        43700 El Vendrell\n      <\/div> \n      <div class=\"mapa-contacte\">\n        <a href=\"tel:977660671\">977 66 06 71<\/a><br\/>\n         N\/A<br\/>\n       <a href=\"https:\/\/www.calbadejo.com\" title=\"Visita la web\" target=\"_blank\" rel=\"noopener\">Visita la web<\/a>\n        \n      <\/div>\n      \n  <\/div>\n  <\/div><\/div>\n\t\t\n\t\t\n\t\t\t<div class=\"col-md-4\"> \n\n<div class=\"map-marker-general\"  id=\"25787\">\n  <div class=\"imatge-mapa\"><img decoding=\"async\" width=\"510\" height=\"382\" src=\"https:\/\/elvendrellturisme.dms3labs.cat\/wp-content\/uploads\/disseny-sense-titol-3-510x382.jpg\" class=\"attachment-et-pb-portfolio-module-image size-et-pb-portfolio-module-image default-featured-img\" alt=\"\" srcset=\"https:\/\/elvendrellturisme.dms3labs.cat\/wp-content\/uploads\/disseny-sense-titol-3-510x382.jpg 510w, https:\/\/elvendrellturisme.dms3labs.cat\/wp-content\/uploads\/disseny-sense-titol-3-480x480.jpg 480w\" sizes=\"(min-width: 0px) and (max-width: 480px) 480px, (min-width: 481px) 510px, 100vw\" title=\"\"><\/div>\n  \n\t<div class=\"map-marker-content\">\n      <div class=\"mapa-tipus-allotjament\">Alojamentos<\/div>\n      <h3 class=\"titol-link-mapa\"><a href=\"https:\/\/elvendrellturisme.dms3labs.cat\/es\/recursos-turisticos\/cal-ganso-encantat\/\">Cal Ganso Encantat<\/a><\/h3>\n      <div class=\"mapa-adreca\"><br\/>\n         \n      <\/div> \n      <div class=\"mapa-contacte\">\n        <a href=\"tel:\"><\/a> N\/A<br\/>\n        <a href=\"mailto:info@calgansoencantat.com\" title=\"info@calgansoencantat.com\">info@calgansoencantat.com<\/a><br\/>\n       \n         N\/A\n      <\/div>\n      \n  <\/div>\n  <\/div><\/div>\n\t\t<\/div>\n\t\t\n\t\t\n\t\t<div class=\"row \">\n\t\t\t<div class=\"col-md-4\"> \n\n<div class=\"map-marker-general\"  id=\"25770\">\n  <div class=\"imatge-mapa\"><img decoding=\"async\" width=\"510\" height=\"382\" src=\"https:\/\/elvendrellturisme.dms3labs.cat\/wp-content\/uploads\/disseny-sense-titol-3-510x382.jpg\" class=\"attachment-et-pb-portfolio-module-image size-et-pb-portfolio-module-image default-featured-img\" alt=\"\" srcset=\"https:\/\/elvendrellturisme.dms3labs.cat\/wp-content\/uploads\/disseny-sense-titol-3-510x382.jpg 510w, https:\/\/elvendrellturisme.dms3labs.cat\/wp-content\/uploads\/disseny-sense-titol-3-480x480.jpg 480w\" sizes=\"(min-width: 0px) and (max-width: 480px) 480px, (min-width: 481px) 510px, 100vw\" title=\"\"><\/div>\n  \n\t<div class=\"map-marker-content\">\n      <div class=\"mapa-tipus-allotjament\">Alojamentos<\/div>\n      <h3 class=\"titol-link-mapa\"><a href=\"https:\/\/elvendrellturisme.dms3labs.cat\/es\/recursos-turisticos\/cal-polinari\/\">Cal Polinari<\/a><\/h3>\n      <div class=\"mapa-adreca\"><br\/>\n         \n      <\/div> \n      <div class=\"mapa-contacte\">\n        <a href=\"tel:\"><\/a> N\/A<br\/>\n        <a href=\"mailto:info@calpolinari.com\" title=\"info@calpolinari.com\">info@calpolinari.com<\/a><br\/>\n       \n         N\/A\n      <\/div>\n      \n  <\/div>\n  <\/div><\/div>\n\t\t\n\t\t\n\t\t\t<div class=\"col-md-4\"> <div style=\"display:none\" class=\"wpv-addon-maps-marker js-wpv-addon-maps-marker js-wpv-addon-maps-marker-marker-25765 js-wpv-addon-maps-markerfor-recursos\" data-marker=\"marker-25765\" data-markertitle=\"C\u00e1mping Estival Vendrell Platja\" data-markerfor=\"recursos\" data-markerlat=\"41.185775\" data-markerlon=\"1.55581\" data-markericon=\"\/wp-content\/uploads\/marker-allotjaments.png\" data-markericonhover=\"\" data-streetview=\"no\" data-fromview=\"\">\n\n\t<div class=\"mapa-tipus-allotjament-petit\">Alojamentos<\/div>\n\t<div class=\"titol-link-mapa-petit\"><a href=\"\/mapa\/#25765\">C\u00e1mping Estival Vendrell Platja<\/a><\/div>\n\t<div class=\"mapa-tipus-allotjament-petit\"><a href=\"\/mapa\/#25765\">+ info<\/a><\/div>\n\n<\/div>\n\n<div class=\"map-marker-general\"  id=\"25765\">\n  <div class=\"imatge-mapa\"><img decoding=\"async\" width=\"510\" height=\"382\" src=\"https:\/\/elvendrellturisme.dms3labs.cat\/wp-content\/uploads\/general-view-510x382.jpg\" class=\"attachment-et-pb-portfolio-module-image size-et-pb-portfolio-module-image wp-post-image\" alt=\"\" title=\"\"><\/div>\n  \n\t<div class=\"map-marker-content\">\n      <div class=\"mapa-tipus-allotjament\">Alojamentos<\/div>\n      <h3 class=\"titol-link-mapa\"><a href=\"https:\/\/elvendrellturisme.dms3labs.cat\/es\/recursos-turisticos\/vendrell-platja-bungalows-camping-kt-000111\/\">C\u00e1mping Estival Vendrell Platja<\/a><\/h3>\n      <div class=\"mapa-adreca\">Avinguda del Sanatori, s\/n<br\/>\n        43880 Sant Salvador\n      <\/div> \n      <div class=\"mapa-contacte\">\n        <a href=\"tel:977694009\">977 694 009<\/a><br\/>\n        <a href=\"mailto:recepcion@vendrellplatja.es\" title=\"recepcion@vendrellplatja.es\">recepcion@vendrellplatja.es<\/a><br\/>\n       <a href=\"https:\/\/www.vendrellplatja.es\/\" title=\"Visita la web\" target=\"_blank\" rel=\"noopener\">Visita la web<\/a>\n        \n      <\/div>\n      <img decoding=\"async\" src=\"\/wp-content\/uploads\/turisme-familiar.png\" alt=\"\" title=\"\">\n  <\/div>\n  <\/div><\/div>\n\t\t\n\t\t\n\t\t\t<div class=\"col-md-4\"> <div style=\"display:none\" class=\"wpv-addon-maps-marker js-wpv-addon-maps-marker js-wpv-addon-maps-marker-marker-25766 js-wpv-addon-maps-markerfor-recursos\" data-marker=\"marker-25766\" data-markertitle=\"Camping Franc\u00e0s\" data-markerfor=\"recursos\" data-markerlat=\"41.175892\" data-markerlon=\"1.496252\" data-markericon=\"\/wp-content\/uploads\/marker-allotjaments.png\" data-markericonhover=\"\" data-streetview=\"no\" data-fromview=\"\">\n\n\t<div class=\"mapa-tipus-allotjament-petit\">Alojamentos<\/div>\n\t<div class=\"titol-link-mapa-petit\"><a href=\"\/mapa\/#25766\">Camping Franc\u00e0s<\/a><\/div>\n\t<div class=\"mapa-tipus-allotjament-petit\"><a href=\"\/mapa\/#25766\">+ info<\/a><\/div>\n\n<\/div>\n\n<div class=\"map-marker-general\"  id=\"25766\">\n  <div class=\"imatge-mapa\"><img decoding=\"async\" width=\"510\" height=\"382\" src=\"https:\/\/elvendrellturisme.dms3labs.cat\/wp-content\/uploads\/2021\/02\/la-foto-3-510x382.jpg\" class=\"attachment-et-pb-portfolio-module-image size-et-pb-portfolio-module-image wp-post-image\" alt=\"\" title=\"\"><\/div>\n  \n\t<div class=\"map-marker-content\">\n      <div class=\"mapa-tipus-allotjament\">Alojamentos<\/div>\n      <h3 class=\"titol-link-mapa\"><a href=\"https:\/\/elvendrellturisme.dms3labs.cat\/es\/recursos-turisticos\/camping-francas-kt-000018\/\">Camping Franc\u00e0s<\/a><\/h3>\n      <div class=\"mapa-adreca\">Av. Comunicaci\u00f3 Social, 27-31<br\/>\n        43883 El Franc\u00e0s\n      <\/div> \n      <div class=\"mapa-contacte\">\n        <a href=\"tel:977680725\">977 680 725<\/a><br\/>\n        <a href=\"mailto:info@campingfrancas.net\" title=\"info@campingfrancas.net\">info@campingfrancas.net<\/a><br\/>\n       <a href=\"https:\/\/www.campingfrancas.net\/\" title=\"Visita la web\" target=\"_blank\" rel=\"noopener\">Visita la web<\/a>\n        \n      <\/div>\n      \n  <\/div>\n  <\/div><\/div>\n\t\t<\/div>\n\t\t\n\t\t\n\t\t<div class=\"row \">\n\t\t\t<div class=\"col-md-4\"> <div style=\"display:none\" class=\"wpv-addon-maps-marker js-wpv-addon-maps-marker js-wpv-addon-maps-marker-marker-25767 js-wpv-addon-maps-markerfor-recursos\" data-marker=\"marker-25767\" data-markertitle=\"Camping Sant Salvador\" data-markerfor=\"recursos\" data-markerlat=\"41.18303\" data-markerlon=\"1.535964\" data-markericon=\"\/wp-content\/uploads\/marker-allotjaments.png\" data-markericonhover=\"\" data-streetview=\"no\" data-fromview=\"\">\n\n\t<div class=\"mapa-tipus-allotjament-petit\">Alojamentos<\/div>\n\t<div class=\"titol-link-mapa-petit\"><a href=\"\/mapa\/#25767\">Camping Sant Salvador<\/a><\/div>\n\t<div class=\"mapa-tipus-allotjament-petit\"><a href=\"\/mapa\/#25767\">+ info<\/a><\/div>\n\n<\/div>\n\n<div class=\"map-marker-general\"  id=\"25767\">\n  <div class=\"imatge-mapa\"><img decoding=\"async\" width=\"510\" height=\"382\" src=\"https:\/\/elvendrellturisme.dms3labs.cat\/wp-content\/uploads\/disseny-sense-titol4-1-510x382.jpg\" class=\"attachment-et-pb-portfolio-module-image size-et-pb-portfolio-module-image wp-post-image\" alt=\"\" srcset=\"https:\/\/elvendrellturisme.dms3labs.cat\/wp-content\/uploads\/disseny-sense-titol4-1-510x382.jpg 510w, https:\/\/elvendrellturisme.dms3labs.cat\/wp-content\/uploads\/disseny-sense-titol4-1-480x480.jpg 480w\" sizes=\"(min-width: 0px) and (max-width: 480px) 480px, (min-width: 481px) 510px, 100vw\" title=\"\"><\/div>\n  \n\t<div class=\"map-marker-content\">\n      <div class=\"mapa-tipus-allotjament\">Alojamentos<\/div>\n      <h3 class=\"titol-link-mapa\"><a href=\"https:\/\/elvendrellturisme.dms3labs.cat\/es\/recursos-turisticos\/camping-sant-salvador-kt-000039\/\">Camping Sant Salvador<\/a><\/h3>\n      <div class=\"mapa-adreca\">Av. Palfuriana, 88-92<br\/>\n        43880 Sant Salvador\n      <\/div> \n      <div class=\"mapa-contacte\">\n        <a href=\"tel:977680804\">977 680 804<\/a><br\/>\n        <a href=\"mailto:info@campingsantsalvador.com\" title=\"info@campingsantsalvador.com\">info@campingsantsalvador.com<\/a><br\/>\n       <a href=\"https:\/\/www.campingsantsalvador.com\/\" title=\"Visita la web\" target=\"_blank\" rel=\"noopener\">Visita la web<\/a>\n        \n      <\/div>\n      \n  <\/div>\n  <\/div><\/div>\n\t\t\n\t\t\n\t\t\t<div class=\"col-md-4\"> <div style=\"display:none\" class=\"wpv-addon-maps-marker js-wpv-addon-maps-marker js-wpv-addon-maps-marker-marker-29827 js-wpv-addon-maps-markerfor-recursos\" data-marker=\"marker-29827\" data-markertitle=\"Casa Gallega Coma-ruga\" data-markerfor=\"recursos\" data-markerlat=\"41.182516\" data-markerlon=\"1.523967\" data-markericon=\"\/wp-content\/uploads\/marker-restaurants.png\" data-markericonhover=\"\" data-streetview=\"no\" data-fromview=\"\">\n\n\t<div class=\"mapa-tipus-allotjament-petit\">Restaurantes<\/div>\n\t<div class=\"titol-link-mapa-petit\"><a href=\"\/mapa\/#29827\">Casa Gallega Coma-ruga<\/a><\/div>\n\t<div class=\"mapa-tipus-allotjament-petit\"><a href=\"\/mapa\/#29827\">+ info<\/a><\/div>\n\n<\/div>\n\n<div class=\"map-marker-general\"  id=\"29827\">\n  <div class=\"imatge-mapa\"><img decoding=\"async\" width=\"510\" height=\"382\" src=\"https:\/\/elvendrellturisme.dms3labs.cat\/wp-content\/uploads\/casa-gallega-510x382.jpg\" class=\"attachment-et-pb-portfolio-module-image size-et-pb-portfolio-module-image wp-post-image\" alt=\"\" srcset=\"https:\/\/elvendrellturisme.dms3labs.cat\/wp-content\/uploads\/casa-gallega-510x382.jpg 510w, https:\/\/elvendrellturisme.dms3labs.cat\/wp-content\/uploads\/casa-gallega-480x429.jpg 480w\" sizes=\"(min-width: 0px) and (max-width: 480px) 480px, (min-width: 481px) 510px, 100vw\" title=\"\"><\/div>\n  \n\t<div class=\"map-marker-content\">\n      <div class=\"mapa-tipus-allotjament\">Restaurantes<\/div>\n      <h3 class=\"titol-link-mapa\"><a href=\"https:\/\/elvendrellturisme.dms3labs.cat\/es\/recursos-turisticos\/casa-gallega-coma-ruga\/\">Casa Gallega Coma-ruga<\/a><\/h3>\n      <div class=\"mapa-adreca\">Carrer de Santiago Rusi\u00f1ol, 3<br\/>\n        43880 Coma-ruga\n      <\/div> \n      <div class=\"mapa-contacte\">\n        <a href=\"tel:680172007\">680 172 007<\/a><br\/>\n         N\/A<br\/>\n       \n         N\/A\n      <\/div>\n      \n  <\/div>\n  <\/div><\/div>\n\t\t\n\t\t\n\t\t\t<div class=\"col-md-4\"> <div style=\"display:none\" class=\"wpv-addon-maps-marker js-wpv-addon-maps-marker js-wpv-addon-maps-marker-marker-25966 js-wpv-addon-maps-markerfor-recursos\" data-marker=\"marker-25966\" data-markertitle=\"Casa Jorge\" data-markerfor=\"recursos\" data-markerlat=\"41.219836\" data-markerlon=\"1.535873\" data-markericon=\"\/wp-content\/uploads\/marker-restaurants.png\" data-markericonhover=\"\" data-streetview=\"no\" data-fromview=\"\">\n\n\t<div class=\"mapa-tipus-allotjament-petit\">Restaurantes<\/div>\n\t<div class=\"titol-link-mapa-petit\"><a href=\"\/mapa\/#25966\">Casa Jorge<\/a><\/div>\n\t<div class=\"mapa-tipus-allotjament-petit\"><a href=\"\/mapa\/#25966\">+ info<\/a><\/div>\n\n<\/div>\n\n<div class=\"map-marker-general\"  id=\"25966\">\n  <div class=\"imatge-mapa\"><img decoding=\"async\" width=\"510\" height=\"382\" src=\"https:\/\/elvendrellturisme.dms3labs.cat\/wp-content\/uploads\/disseny-sense-titol13-1-510x382.jpg\" class=\"attachment-et-pb-portfolio-module-image size-et-pb-portfolio-module-image wp-post-image\" alt=\"\" srcset=\"https:\/\/elvendrellturisme.dms3labs.cat\/wp-content\/uploads\/disseny-sense-titol13-1-510x382.jpg 510w, https:\/\/elvendrellturisme.dms3labs.cat\/wp-content\/uploads\/disseny-sense-titol13-1-480x480.jpg 480w\" sizes=\"(min-width: 0px) and (max-width: 480px) 480px, (min-width: 481px) 510px, 100vw\" title=\"\"><\/div>\n  \n\t<div class=\"map-marker-content\">\n      <div class=\"mapa-tipus-allotjament\">Restaurantes<\/div>\n      <h3 class=\"titol-link-mapa\"><a href=\"https:\/\/elvendrellturisme.dms3labs.cat\/es\/recursos-turisticos\/restaurant-bar-casa-jorge\/\">Casa Jorge<\/a><\/h3>\n      <div class=\"mapa-adreca\">Pla\u00e7a de Francesc Maci\u00e0, 5<br\/>\n        43700 El Vendrell\n      <\/div> \n      <div class=\"mapa-contacte\">\n        <a href=\"tel:977664212\">977 66 42 12<\/a><br\/>\n        <a href=\"mailto:casajorge_2006@hotmail.com\" title=\"casajorge_2006@hotmail.com\">casajorge_2006@hotmail.com<\/a><br\/>\n       <a href=\"https:\/\/www.instagram.com\/casa_jorge_elvendrell\/?hl=es\" title=\"Visita la web\" target=\"_blank\" rel=\"noopener\">Visita la web<\/a>\n        \n      <\/div>\n      \n  <\/div>\n  <\/div><\/div>\n\t\t<\/div>\n\t\t\n\t\t\n\t\t<div class=\"row \">\n\t\t\t<div class=\"col-md-4\"> <div style=\"display:none\" class=\"wpv-addon-maps-marker js-wpv-addon-maps-marker js-wpv-addon-maps-marker-marker-25920 js-wpv-addon-maps-markerfor-recursos\" data-marker=\"marker-25920\" data-markertitle=\"Casa Museo \u00c0ngel Guimer\u00e0\" data-markerfor=\"recursos\" data-markerlat=\"41.222004\" data-markerlon=\"1.5345\" data-markericon=\"\/wp-content\/uploads\/marker-museus.png\" data-markericonhover=\"\" data-streetview=\"no\" data-fromview=\"\">\n\n\t<div class=\"mapa-tipus-allotjament-petit\">Museos<\/div>\n\t<div class=\"titol-link-mapa-petit\"><a href=\"\/mapa\/#25920\">Casa Museo \u00c0ngel Guimer\u00e0<\/a><\/div>\n\t<div class=\"mapa-tipus-allotjament-petit\"><a href=\"\/mapa\/#25920\">+ info<\/a><\/div>\n\n<\/div>\n\n<div class=\"map-marker-general\"  id=\"25920\">\n  <div class=\"imatge-mapa\"><img decoding=\"async\" width=\"510\" height=\"382\" src=\"https:\/\/elvendrellturisme.dms3labs.cat\/wp-content\/uploads\/IMG_3270-510x382.jpg\" class=\"attachment-et-pb-portfolio-module-image size-et-pb-portfolio-module-image wp-post-image\" alt=\"\" title=\"\"><\/div>\n  \n\t<div class=\"map-marker-content\">\n      <div class=\"mapa-tipus-allotjament\">Museos<\/div>\n      <h3 class=\"titol-link-mapa\"><a href=\"https:\/\/elvendrellturisme.dms3labs.cat\/es\/recursos-turisticos\/casa-museo-angel-guimera\/\">Casa Museo \u00c0ngel Guimer\u00e0<\/a><\/h3>\n      <div class=\"mapa-adreca\">Carrer de Santa Anna, 10<br\/>\n        43700 El Vendrell\n      <\/div> \n      <div class=\"mapa-contacte\">\n        <a href=\"tel:+34977661006\">+34 977 66 10 06<\/a><br\/>\n        <a href=\"mailto:museuguimera@elvendrell.net\" title=\"museuguimera@elvendrell.net\">museuguimera@elvendrell.net<\/a><br\/>\n       <a href=\"https:\/\/museus.elvendrell.net\/casa-museu-angel-guimera\/\" title=\"Visita la web\" target=\"_blank\" rel=\"noopener\">Visita la web<\/a>\n        \n      <\/div>\n      \n  <\/div>\n  <\/div><\/div>\n\t\t\n\t\t\n\t\t\t<div class=\"col-md-4\"> <div style=\"display:none\" class=\"wpv-addon-maps-marker js-wpv-addon-maps-marker js-wpv-addon-maps-marker-marker-25919 js-wpv-addon-maps-markerfor-recursos\" data-marker=\"marker-25919\" data-markertitle=\"Casa nativa de Pau Casals\" data-markerfor=\"recursos\" data-markerlat=\"41.221837\" data-markerlon=\"1.534491\" data-markericon=\"\/wp-content\/uploads\/marker-museus.png\" data-markericonhover=\"\" data-streetview=\"no\" data-fromview=\"\">\n\n\t<div class=\"mapa-tipus-allotjament-petit\">Museos<\/div>\n\t<div class=\"titol-link-mapa-petit\"><a href=\"\/mapa\/#25919\">Casa nativa de Pau Casals<\/a><\/div>\n\t<div class=\"mapa-tipus-allotjament-petit\"><a href=\"\/mapa\/#25919\">+ info<\/a><\/div>\n\n<\/div>\n\n<div class=\"map-marker-general\"  id=\"25919\">\n  <div class=\"imatge-mapa\"><img decoding=\"async\" width=\"510\" height=\"382\" src=\"https:\/\/elvendrellturisme.dms3labs.cat\/wp-content\/uploads\/IMG_3250-510x382.jpg\" class=\"attachment-et-pb-portfolio-module-image size-et-pb-portfolio-module-image wp-post-image\" alt=\"\" title=\"\"><\/div>\n  \n\t<div class=\"map-marker-content\">\n      <div class=\"mapa-tipus-allotjament\">Museos<\/div>\n      <h3 class=\"titol-link-mapa\"><a href=\"https:\/\/elvendrellturisme.dms3labs.cat\/es\/recursos-turisticos\/casa-nativa-de-pau-casals\/\">Casa nativa de Pau Casals<\/a><\/h3>\n      <div class=\"mapa-adreca\">Carrer de Santa Anna, 4<br\/>\n        43700 El Vendrell\n      <\/div> \n      <div class=\"mapa-contacte\">\n        <a href=\"tel:+34977181819\">+34 977 18 18 19<\/a><br\/>\n        <a href=\"mailto:visitesmuseus@elvendrell.net\" title=\"visitesmuseus@elvendrell.net\">visitesmuseus@elvendrell.net<\/a><br\/>\n       <a href=\"https:\/\/museus.elvendrell.net\/casa-nadiua-de-pau-casals\/\" title=\"Visita la web\" target=\"_blank\" rel=\"noopener\">Visita la web<\/a>\n        \n      <\/div>\n      \n  <\/div>\n  <\/div><\/div>\n\t\t\n\t\t\n\t\t\t<div class=\"col-md-4\"> <div style=\"display:none\" class=\"wpv-addon-maps-marker js-wpv-addon-maps-marker js-wpv-addon-maps-marker-marker-26732 js-wpv-addon-maps-markerfor-recursos\" data-marker=\"marker-26732\" data-markertitle=\"Casa Pepe Comarruga\" data-markerfor=\"recursos\" data-markerlat=\"41.18125\" data-markerlon=\"1.525807\" data-markericon=\"\/wp-content\/uploads\/marker-restaurants.png\" data-markericonhover=\"\" data-streetview=\"no\" data-fromview=\"\">\n\n\t<div class=\"mapa-tipus-allotjament-petit\">Restaurantes<\/div>\n\t<div class=\"titol-link-mapa-petit\"><a href=\"\/mapa\/#26732\">Casa Pepe Comarruga<\/a><\/div>\n\t<div class=\"mapa-tipus-allotjament-petit\"><a href=\"\/mapa\/#26732\">+ info<\/a><\/div>\n\n<\/div>\n\n<div class=\"map-marker-general\"  id=\"26732\">\n  <div class=\"imatge-mapa\"><img decoding=\"async\" width=\"510\" height=\"382\" src=\"https:\/\/elvendrellturisme.dms3labs.cat\/wp-content\/uploads\/disseny-sense-titol9-510x382.jpg\" class=\"attachment-et-pb-portfolio-module-image size-et-pb-portfolio-module-image wp-post-image\" alt=\"\" srcset=\"https:\/\/elvendrellturisme.dms3labs.cat\/wp-content\/uploads\/disseny-sense-titol9-510x382.jpg 510w, https:\/\/elvendrellturisme.dms3labs.cat\/wp-content\/uploads\/disseny-sense-titol9-480x480.jpg 480w\" sizes=\"(min-width: 0px) and (max-width: 480px) 480px, (min-width: 481px) 510px, 100vw\" title=\"\"><\/div>\n  \n\t<div class=\"map-marker-content\">\n      <div class=\"mapa-tipus-allotjament\">Restaurantes<\/div>\n      <h3 class=\"titol-link-mapa\"><a href=\"https:\/\/elvendrellturisme.dms3labs.cat\/es\/recursos-turisticos\/casa-pepe-comarruga\/\">Casa Pepe Comarruga<\/a><\/h3>\n      <div class=\"mapa-adreca\">Passeig Mar\u00edtim de Coma-ruga, 26<br\/>\n        43880 Coma-ruga\n      <\/div> \n      <div class=\"mapa-contacte\">\n        <a href=\"tel:977683674\">977683674<\/a><br\/>\n         N\/A<br\/>\n       <a href=\"https:\/\/www.grupocasapepe.com\" title=\"Visita la web\" target=\"_blank\" rel=\"noopener\">Visita la web<\/a>\n        \n      <\/div>\n      <img decoding=\"async\" src=\"\/wp-content\/uploads\/turisme-familiar.png\" alt=\"\" title=\"\">\n  <\/div>\n  <\/div><\/div>\n\t\t<\/div>\n\t\t\n\t\t\n\t\t<div class=\"row \">\n\t\t\t<div class=\"col-md-4\"> <div style=\"display:none\" class=\"wpv-addon-maps-marker js-wpv-addon-maps-marker js-wpv-addon-maps-marker-marker-25968 js-wpv-addon-maps-markerfor-recursos\" data-marker=\"marker-25968\" data-markertitle=\"Casinet\" data-markerfor=\"recursos\" data-markerlat=\"41.183882\" data-markerlon=\"1.546145\" data-markericon=\"\/wp-content\/uploads\/marker-restaurants.png\" data-markericonhover=\"\" data-streetview=\"no\" data-fromview=\"\">\n\n\t<div class=\"mapa-tipus-allotjament-petit\">Restaurantes<\/div>\n\t<div class=\"titol-link-mapa-petit\"><a href=\"\/mapa\/#25968\">Casinet<\/a><\/div>\n\t<div class=\"mapa-tipus-allotjament-petit\"><a href=\"\/mapa\/#25968\">+ info<\/a><\/div>\n\n<\/div>\n\n<div class=\"map-marker-general\"  id=\"25968\">\n  <div class=\"imatge-mapa\"><img decoding=\"async\" width=\"510\" height=\"382\" src=\"https:\/\/elvendrellturisme.dms3labs.cat\/wp-content\/uploads\/disseny-sense-titol10-510x382.jpg\" class=\"attachment-et-pb-portfolio-module-image size-et-pb-portfolio-module-image wp-post-image\" alt=\"\" srcset=\"https:\/\/elvendrellturisme.dms3labs.cat\/wp-content\/uploads\/disseny-sense-titol10-510x382.jpg 510w, https:\/\/elvendrellturisme.dms3labs.cat\/wp-content\/uploads\/disseny-sense-titol10-480x480.jpg 480w\" sizes=\"(min-width: 0px) and (max-width: 480px) 480px, (min-width: 481px) 510px, 100vw\" title=\"\"><\/div>\n  \n\t<div class=\"map-marker-content\">\n      <div class=\"mapa-tipus-allotjament\">Restaurantes<\/div>\n      <h3 class=\"titol-link-mapa\"><a href=\"https:\/\/elvendrellturisme.dms3labs.cat\/es\/recursos-turisticos\/restaurant-casinet\/\">Casinet<\/a><\/h3>\n      <div class=\"mapa-adreca\">Pg. Maritim Joan Revent\u00f3s, 11<br\/>\n        43880 Sant Salvador\n      <\/div> \n      <div class=\"mapa-contacte\">\n        <a href=\"tel:977680047\">977 68 00 47<\/a><br\/>\n         N\/A<br\/>\n       <a href=\"https:\/\/www.casinet.net\/\" title=\"Visita la web\" target=\"_blank\" rel=\"noopener\">Visita la web<\/a>\n        \n      <\/div>\n      \n  <\/div>\n  <\/div><\/div>\n\t\t\n\t\t\n\t\t\t<div class=\"col-md-4\"> <div style=\"display:none\" class=\"wpv-addon-maps-marker js-wpv-addon-maps-marker js-wpv-addon-maps-marker-marker-40256 js-wpv-addon-maps-markerfor-recursos\" data-marker=\"marker-40256\" data-markertitle=\"Cau del vi\" data-markerfor=\"recursos\" data-markerlat=\"41.221355\" data-markerlon=\"1.534595\" data-markericon=\"\/wp-content\/uploads\/marker-restaurants.png\" data-markericonhover=\"\" data-streetview=\"no\" data-fromview=\"\">\n\n\t<div class=\"mapa-tipus-allotjament-petit\">Restaurantes<\/div>\n\t<div class=\"titol-link-mapa-petit\"><a href=\"\/mapa\/#40256\">Cau del vi<\/a><\/div>\n\t<div class=\"mapa-tipus-allotjament-petit\"><a href=\"\/mapa\/#40256\">+ info<\/a><\/div>\n\n<\/div>\n\n<div class=\"map-marker-general\"  id=\"40256\">\n  <div class=\"imatge-mapa\"><img decoding=\"async\" width=\"510\" height=\"382\" src=\"https:\/\/elvendrellturisme.dms3labs.cat\/wp-content\/uploads\/disseny-sense-titol2-9-510x382.jpg\" class=\"attachment-et-pb-portfolio-module-image size-et-pb-portfolio-module-image wp-post-image\" alt=\"\" srcset=\"https:\/\/elvendrellturisme.dms3labs.cat\/wp-content\/uploads\/disseny-sense-titol2-9-510x382.jpg 510w, https:\/\/elvendrellturisme.dms3labs.cat\/wp-content\/uploads\/disseny-sense-titol2-9-480x480.jpg 480w\" sizes=\"(min-width: 0px) and (max-width: 480px) 480px, (min-width: 481px) 510px, 100vw\" title=\"\"><\/div>\n  \n\t<div class=\"map-marker-content\">\n      <div class=\"mapa-tipus-allotjament\">Restaurantes<\/div>\n      <h3 class=\"titol-link-mapa\"><a href=\"https:\/\/elvendrellturisme.dms3labs.cat\/es\/recursos-turisticos\/cau-del-vi\/\">Cau del vi<\/a><\/h3>\n      <div class=\"mapa-adreca\">Pla\u00e7a Nova, 3<br\/>\n        43700 El Vendrell\n      <\/div> \n      <div class=\"mapa-contacte\">\n        <a href=\"tel:877017563\">877 017 563<\/a><br\/>\n         N\/A<br\/>\n       <a href=\"https:\/\/www.instagram.com\/caudelvi_gastrobar\/\" title=\"Visita la web\" target=\"_blank\" rel=\"noopener\">Visita la web<\/a>\n        \n      <\/div>\n      \n  <\/div>\n  <\/div><\/div>\n\t\t\n\t\t\n\t\t\t<div class=\"col-md-4\"> <div style=\"display:none\" class=\"wpv-addon-maps-marker js-wpv-addon-maps-marker js-wpv-addon-maps-marker-marker-28626 js-wpv-addon-maps-markerfor-recursos\" data-marker=\"marker-28626\" data-markertitle=\"Club N\u00e1utico Coma-ruga\" data-markerfor=\"recursos\" data-markerlat=\"41.176964\" data-markerlon=\"1.52617\" data-markericon=\"\/wp-content\/uploads\/marker-turisme-oci.png\" data-markericonhover=\"\" data-streetview=\"no\" data-fromview=\"\">\n\n\t<div class=\"mapa-tipus-allotjament-petit\">Turismo y ocio<\/div>\n\t<div class=\"titol-link-mapa-petit\"><a href=\"\/mapa\/#28626\">Club N\u00e1utico Coma-ruga<\/a><\/div>\n\t<div class=\"mapa-tipus-allotjament-petit\"><a href=\"\/mapa\/#28626\">+ info<\/a><\/div>\n\n<\/div>\n\n<div class=\"map-marker-general\"  id=\"28626\">\n  <div class=\"imatge-mapa\"><img decoding=\"async\" width=\"510\" height=\"382\" src=\"https:\/\/elvendrellturisme.dms3labs.cat\/wp-content\/uploads\/10-velers-escola-club-nautic-510x382.jpg\" class=\"attachment-et-pb-portfolio-module-image size-et-pb-portfolio-module-image wp-post-image\" alt=\"\" title=\"\"><\/div>\n  \n\t<div class=\"map-marker-content\">\n      <div class=\"mapa-tipus-allotjament\">Turismo y ocio<\/div>\n      <h3 class=\"titol-link-mapa\"><a href=\"https:\/\/elvendrellturisme.dms3labs.cat\/es\/recursos-turisticos\/club-nautico-coma-ruga\/\">Club N\u00e1utico Coma-ruga<\/a><\/h3>\n      <div class=\"mapa-adreca\">Passeig Mar\u00edtim, s\/n<br\/>\n        43880 Coma-ruga\n      <\/div> \n      <div class=\"mapa-contacte\">\n        <a href=\"tel:977680120\">977 680 120<\/a><br\/>\n        <a href=\"mailto:cnco@clubnautic.com\" title=\"cnco@clubnautic.com\">cnco@clubnautic.com<\/a><br\/>\n       <a href=\"https:\/\/www.clubnautic.com\/espanyol\/\" title=\"Visita la web\" target=\"_blank\" rel=\"noopener\">Visita la web<\/a>\n        \n      <\/div>\n      <img decoding=\"async\" src=\"\/wp-content\/uploads\/turisme-familiar.png\" alt=\"\" title=\"\">\n  <\/div>\n  <\/div><\/div>\n\t\t<\/div>\n\t\t\n\t\t\n\t\t<div class=\"row \">\n\t\t\t<div class=\"col-md-4\"> <div style=\"display:none\" class=\"wpv-addon-maps-marker js-wpv-addon-maps-marker js-wpv-addon-maps-marker-marker-28477 js-wpv-addon-maps-markerfor-recursos\" data-marker=\"marker-28477\" data-markertitle=\"Diver Parc L\u00fadic\" data-markerfor=\"recursos\" data-markerlat=\"41.182142\" data-markerlon=\"1.531991\" data-markericon=\"\/wp-content\/uploads\/marker-turisme-oci.png\" data-markericonhover=\"\" data-streetview=\"no\" data-fromview=\"\">\n\n\t<div class=\"mapa-tipus-allotjament-petit\">Turismo y ocio<\/div>\n\t<div class=\"titol-link-mapa-petit\"><a href=\"\/mapa\/#28477\">Diver Parc L\u00fadic<\/a><\/div>\n\t<div class=\"mapa-tipus-allotjament-petit\"><a href=\"\/mapa\/#28477\">+ info<\/a><\/div>\n\n<\/div>\n\n<div class=\"map-marker-general\"  id=\"28477\">\n  <div class=\"imatge-mapa\"><img decoding=\"async\" width=\"510\" height=\"382\" src=\"https:\/\/elvendrellturisme.dms3labs.cat\/wp-content\/uploads\/20180422-165000-510x382.jpg\" class=\"attachment-et-pb-portfolio-module-image size-et-pb-portfolio-module-image wp-post-image\" alt=\"\" title=\"\"><\/div>\n  \n\t<div class=\"map-marker-content\">\n      <div class=\"mapa-tipus-allotjament\">Turismo y ocio<\/div>\n      <h3 class=\"titol-link-mapa\"><a href=\"https:\/\/elvendrellturisme.dms3labs.cat\/es\/recursos-turisticos\/diver-parc-ludic\/\">Diver Parc L\u00fadic<\/a><\/h3>\n      <div class=\"mapa-adreca\">Avinguda Palfuriana, 104<br\/>\n        43880 Coma-ruga\n      <\/div> \n      <div class=\"mapa-contacte\">\n        <a href=\"tel:677428625\">677 42 86 25<\/a><br\/>\n        <a href=\"mailto:info@diver.cat\" title=\"info@diver.cat\">info@diver.cat<\/a><br\/>\n       <a href=\"https:\/\/www.fundaciosantateresa.org\/diver\/\" title=\"Visita la web\" target=\"_blank\" rel=\"noopener\">Visita la web<\/a>\n        \n      <\/div>\n      <img decoding=\"async\" src=\"\/wp-content\/uploads\/turisme-familiar.png\" alt=\"\" title=\"\">\n  <\/div>\n  <\/div><\/div>\n\t\t\n\t\t\n\t\t\t<div class=\"col-md-4\"> <div style=\"display:none\" class=\"wpv-addon-maps-marker js-wpv-addon-maps-marker js-wpv-addon-maps-marker-marker-37211 js-wpv-addon-maps-markerfor-recursos\" data-marker=\"marker-37211\" data-markertitle=\"El Cubo Tapas &#038; Bar Comarruga\" data-markerfor=\"recursos\" data-markerlat=\"41.188333\" data-markerlon=\"1.519722\" data-markericon=\"\/wp-content\/uploads\/marker-restaurants.png\" data-markericonhover=\"\" data-streetview=\"no\" data-fromview=\"\">\n\n\t<div class=\"mapa-tipus-allotjament-petit\">Restaurantes<\/div>\n\t<div class=\"titol-link-mapa-petit\"><a href=\"\/mapa\/#37211\">El Cubo Tapas &#038; Bar Comarruga<\/a><\/div>\n\t<div class=\"mapa-tipus-allotjament-petit\"><a href=\"\/mapa\/#37211\">+ info<\/a><\/div>\n\n<\/div>\n\n<div class=\"map-marker-general\"  id=\"37211\">\n  <div class=\"imatge-mapa\"><img decoding=\"async\" width=\"510\" height=\"382\" src=\"https:\/\/elvendrellturisme.dms3labs.cat\/wp-content\/uploads\/disseny-sense-titol-3-510x382.jpg\" class=\"attachment-et-pb-portfolio-module-image size-et-pb-portfolio-module-image default-featured-img\" alt=\"\" srcset=\"https:\/\/elvendrellturisme.dms3labs.cat\/wp-content\/uploads\/disseny-sense-titol-3-510x382.jpg 510w, https:\/\/elvendrellturisme.dms3labs.cat\/wp-content\/uploads\/disseny-sense-titol-3-480x480.jpg 480w\" sizes=\"(min-width: 0px) and (max-width: 480px) 480px, (min-width: 481px) 510px, 100vw\" title=\"\"><\/div>\n  \n\t<div class=\"map-marker-content\">\n      <div class=\"mapa-tipus-allotjament\">Restaurantes<\/div>\n      <h3 class=\"titol-link-mapa\"><a href=\"https:\/\/elvendrellturisme.dms3labs.cat\/es\/recursos-turisticos\/el-cubo-tapas-bar-comarruga\/\">El Cubo Tapas &#038; Bar Comarruga<\/a><\/h3>\n      <div class=\"mapa-adreca\">Avinguda de la Generalitat, 65<br\/>\n        43880 Coma-ruga\n      <\/div> \n      <div class=\"mapa-contacte\">\n        <a href=\"tel:977699216\">977 69 92 16<\/a><br\/>\n         N\/A<br\/>\n       <a href=\"https:\/\/www.facebook.com\/elcubotapasbarcomarruga\/\" title=\"Visita la web\" target=\"_blank\" rel=\"noopener\">Visita la web<\/a>\n        \n      <\/div>\n      \n  <\/div>\n  <\/div><\/div>\n\t\t\n\t\t\n\t\t\t<div class=\"col-md-4\"> <div style=\"display:none\" class=\"wpv-addon-maps-marker js-wpv-addon-maps-marker js-wpv-addon-maps-marker-marker-25978 js-wpv-addon-maps-markerfor-recursos\" data-marker=\"marker-25978\" data-markertitle=\"El Niu 1976\" data-markerfor=\"recursos\" data-markerlat=\"41.219378\" data-markerlon=\"1.536305\" data-markericon=\"\/wp-content\/uploads\/marker-restaurants.png\" data-markericonhover=\"\" data-streetview=\"no\" data-fromview=\"\">\n\n\t<div class=\"mapa-tipus-allotjament-petit\">Restaurantes<\/div>\n\t<div class=\"titol-link-mapa-petit\"><a href=\"\/mapa\/#25978\">El Niu 1976<\/a><\/div>\n\t<div class=\"mapa-tipus-allotjament-petit\"><a href=\"\/mapa\/#25978\">+ info<\/a><\/div>\n\n<\/div>\n\n<div class=\"map-marker-general\"  id=\"25978\">\n  <div class=\"imatge-mapa\"><img decoding=\"async\" width=\"510\" height=\"382\" src=\"https:\/\/elvendrellturisme.dms3labs.cat\/wp-content\/uploads\/2021\/02\/elniu-510x382.jpg\" class=\"attachment-et-pb-portfolio-module-image size-et-pb-portfolio-module-image wp-post-image\" alt=\"\" title=\"\"><\/div>\n  \n\t<div class=\"map-marker-content\">\n      <div class=\"mapa-tipus-allotjament\">Restaurantes<\/div>\n      <h3 class=\"titol-link-mapa\"><a href=\"https:\/\/elvendrellturisme.dms3labs.cat\/es\/recursos-turisticos\/el-niu-1976\/\">El Niu 1976<\/a><\/h3>\n      <div class=\"mapa-adreca\">Carrer del Born, 2<br\/>\n        43700 El Vendrell\n      <\/div> \n      <div class=\"mapa-contacte\">\n        <a href=\"tel:657588312\">657 58 83 12<\/a><br\/>\n        <a href=\"mailto:info@elniu1976.com\" title=\"info@elniu1976.com\">info@elniu1976.com<\/a><br\/>\n       <a href=\"https:\/\/www.facebook.com\/elniu1976\/\" title=\"Visita la web\" target=\"_blank\" rel=\"noopener\">Visita la web<\/a>\n        \n      <\/div>\n      \n  <\/div>\n  <\/div><\/div>\n\t\t<\/div>\n\t\t\n\t\t\n\t\t<div class=\"row \">\n\t\t\t<div class=\"col-md-4\"> <div style=\"display:none\" class=\"wpv-addon-maps-marker js-wpv-addon-maps-marker js-wpv-addon-maps-marker-marker-37574 js-wpv-addon-maps-markerfor-recursos\" data-marker=\"marker-37574\" data-markertitle=\"El Nou Caf\u00e8 de la Vila\" data-markerfor=\"recursos\" data-markerlat=\"41.220627\" data-markerlon=\"1.534951\" data-markericon=\"\/wp-content\/uploads\/marker-restaurants.png\" data-markericonhover=\"\" data-streetview=\"no\" data-fromview=\"\">\n\n\t<div class=\"mapa-tipus-allotjament-petit\">Restaurantes<\/div>\n\t<div class=\"titol-link-mapa-petit\"><a href=\"\/mapa\/#37574\">El Nou Caf\u00e8 de la Vila<\/a><\/div>\n\t<div class=\"mapa-tipus-allotjament-petit\"><a href=\"\/mapa\/#37574\">+ info<\/a><\/div>\n\n<\/div>\n\n<div class=\"map-marker-general\"  id=\"37574\">\n  <div class=\"imatge-mapa\"><img decoding=\"async\" width=\"510\" height=\"382\" src=\"https:\/\/elvendrellturisme.dms3labs.cat\/wp-content\/uploads\/disseny-sense-titol-3-510x382.jpg\" class=\"attachment-et-pb-portfolio-module-image size-et-pb-portfolio-module-image default-featured-img\" alt=\"\" srcset=\"https:\/\/elvendrellturisme.dms3labs.cat\/wp-content\/uploads\/disseny-sense-titol-3-510x382.jpg 510w, https:\/\/elvendrellturisme.dms3labs.cat\/wp-content\/uploads\/disseny-sense-titol-3-480x480.jpg 480w\" sizes=\"(min-width: 0px) and (max-width: 480px) 480px, (min-width: 481px) 510px, 100vw\" title=\"\"><\/div>\n  \n\t<div class=\"map-marker-content\">\n      <div class=\"mapa-tipus-allotjament\">Restaurantes<\/div>\n      <h3 class=\"titol-link-mapa\"><a href=\"https:\/\/elvendrellturisme.dms3labs.cat\/es\/recursos-turisticos\/el-nou-cafe-de-la-vila\/\">El Nou Caf\u00e8 de la Vila<\/a><\/h3>\n      <div class=\"mapa-adreca\">Carrer Cr\u00e8dit, 1<br\/>\n        43700 El Vendrell\n      <\/div> \n      <div class=\"mapa-contacte\">\n        <a href=\"tel:697320586\">697 320 586<\/a><br\/>\n         N\/A<br\/>\n       <a href=\"https:\/\/www.instagram.com\/el_nou_cafe_de_la_vila\/\" title=\"Visita la web\" target=\"_blank\" rel=\"noopener\">Visita la web<\/a>\n        \n      <\/div>\n      \n  <\/div>\n  <\/div><\/div>\n\t\t\n\t\t\n\t\t\t<div class=\"col-md-4\"> <div style=\"display:none\" class=\"wpv-addon-maps-marker js-wpv-addon-maps-marker js-wpv-addon-maps-marker-marker-37453 js-wpv-addon-maps-markerfor-recursos\" data-marker=\"marker-37453\" data-markertitle=\"El Ping\u00fcino\" data-markerfor=\"recursos\" data-markerlat=\"41.181085\" data-markerlon=\"1.525854\" data-markericon=\"\/wp-content\/uploads\/marker-restaurants.png\" data-markericonhover=\"\" data-streetview=\"no\" data-fromview=\"\">\n\n\t<div class=\"mapa-tipus-allotjament-petit\">Restaurantes<\/div>\n\t<div class=\"titol-link-mapa-petit\"><a href=\"\/mapa\/#37453\">El Ping\u00fcino<\/a><\/div>\n\t<div class=\"mapa-tipus-allotjament-petit\"><a href=\"\/mapa\/#37453\">+ info<\/a><\/div>\n\n<\/div>\n\n<div class=\"map-marker-general\"  id=\"37453\">\n  <div class=\"imatge-mapa\"><img decoding=\"async\" width=\"510\" height=\"382\" src=\"https:\/\/elvendrellturisme.dms3labs.cat\/wp-content\/uploads\/disseny-sense-titol31-510x382.jpg\" class=\"attachment-et-pb-portfolio-module-image size-et-pb-portfolio-module-image wp-post-image\" alt=\"\" srcset=\"https:\/\/elvendrellturisme.dms3labs.cat\/wp-content\/uploads\/disseny-sense-titol31-510x382.jpg 510w, https:\/\/elvendrellturisme.dms3labs.cat\/wp-content\/uploads\/disseny-sense-titol31-480x480.jpg 480w\" sizes=\"(min-width: 0px) and (max-width: 480px) 480px, (min-width: 481px) 510px, 100vw\" title=\"\"><\/div>\n  \n\t<div class=\"map-marker-content\">\n      <div class=\"mapa-tipus-allotjament\">Restaurantes<\/div>\n      <h3 class=\"titol-link-mapa\"><a href=\"https:\/\/elvendrellturisme.dms3labs.cat\/es\/recursos-turisticos\/el-pinguino\/\">El Ping\u00fcino<\/a><\/h3>\n      <div class=\"mapa-adreca\">Passeig Mar\u00edtim, 25<br\/>\n        43880 Coma-ruga\n      <\/div> \n      <div class=\"mapa-contacte\">\n        <a href=\"tel:977682571\">977 68 25 71<\/a><br\/>\n         N\/A<br\/>\n       <a href=\"https:\/\/www.facebook.com\/ElPinguinodeComarruga\/?ref=page_internal\" title=\"Visita la web\" target=\"_blank\" rel=\"noopener\">Visita la web<\/a>\n        \n      <\/div>\n      \n  <\/div>\n  <\/div><\/div>\n\t\t\n\t\t\n\t\t\t<div class=\"col-md-4\"> <div style=\"display:none\" class=\"wpv-addon-maps-marker js-wpv-addon-maps-marker js-wpv-addon-maps-marker-marker-37519 js-wpv-addon-maps-markerfor-recursos\" data-marker=\"marker-37519\" data-markertitle=\"El Puppet\" data-markerfor=\"recursos\" data-markerlat=\"41.181111\" data-markerlon=\"1.525278\" data-markericon=\"\/wp-content\/uploads\/marker-restaurants.png\" data-markericonhover=\"\" data-streetview=\"no\" data-fromview=\"\">\n\n\t<div class=\"mapa-tipus-allotjament-petit\">Restaurantes<\/div>\n\t<div class=\"titol-link-mapa-petit\"><a href=\"\/mapa\/#37519\">El Puppet<\/a><\/div>\n\t<div class=\"mapa-tipus-allotjament-petit\"><a href=\"\/mapa\/#37519\">+ info<\/a><\/div>\n\n<\/div>\n\n<div class=\"map-marker-general\"  id=\"37519\">\n  <div class=\"imatge-mapa\"><img decoding=\"async\" width=\"510\" height=\"382\" src=\"https:\/\/elvendrellturisme.dms3labs.cat\/wp-content\/uploads\/disseny-sense-titol-3-510x382.jpg\" class=\"attachment-et-pb-portfolio-module-image size-et-pb-portfolio-module-image default-featured-img\" alt=\"\" srcset=\"https:\/\/elvendrellturisme.dms3labs.cat\/wp-content\/uploads\/disseny-sense-titol-3-510x382.jpg 510w, https:\/\/elvendrellturisme.dms3labs.cat\/wp-content\/uploads\/disseny-sense-titol-3-480x480.jpg 480w\" sizes=\"(min-width: 0px) and (max-width: 480px) 480px, (min-width: 481px) 510px, 100vw\" title=\"\"><\/div>\n  \n\t<div class=\"map-marker-content\">\n      <div class=\"mapa-tipus-allotjament\">Restaurantes<\/div>\n      <h3 class=\"titol-link-mapa\"><a href=\"https:\/\/elvendrellturisme.dms3labs.cat\/es\/recursos-turisticos\/el-puppet\/\">El Puppet<\/a><\/h3>\n      <div class=\"mapa-adreca\">Passeig Mar\u00edtim de Coma-ruga, 29<br\/>\n        43880 Coma-ruga\n      <\/div> \n      <div class=\"mapa-contacte\">\n        <a href=\"tel:977682300\">977 682 300<\/a><br\/>\n         N\/A<br\/>\n       <a href=\"https:\/\/www.facebook.com\/restaurant.elpuppet\/\" title=\"Visita la web\" target=\"_blank\" rel=\"noopener\">Visita la web<\/a>\n        \n      <\/div>\n      \n  <\/div>\n  <\/div><\/div>\n\t\t<\/div>\n\t\t\n\t\t\n\t\t<div class=\"row \">\n\t\t\t<div class=\"col-md-4\"> <div style=\"display:none\" class=\"wpv-addon-maps-marker js-wpv-addon-maps-marker js-wpv-addon-maps-marker-marker-25784 js-wpv-addon-maps-markerfor-recursos\" data-marker=\"marker-25784\" data-markertitle=\"Els Cups\" data-markerfor=\"recursos\" data-markerlat=\"41.202591\" data-markerlon=\"1.516775\" data-markericon=\"\/wp-content\/uploads\/marker-allotjaments.png\" data-markericonhover=\"\" data-streetview=\"no\" data-fromview=\"\">\n\n\t<div class=\"mapa-tipus-allotjament-petit\">Alojamentos<\/div>\n\t<div class=\"titol-link-mapa-petit\"><a href=\"\/mapa\/#25784\">Els Cups<\/a><\/div>\n\t<div class=\"mapa-tipus-allotjament-petit\"><a href=\"\/mapa\/#25784\">+ info<\/a><\/div>\n\n<\/div>\n\n<div class=\"map-marker-general\"  id=\"25784\">\n  <div class=\"imatge-mapa\"><img decoding=\"async\" width=\"510\" height=\"382\" src=\"https:\/\/elvendrellturisme.dms3labs.cat\/wp-content\/uploads\/disseny-sense-titol8-510x382.jpg\" class=\"attachment-et-pb-portfolio-module-image size-et-pb-portfolio-module-image wp-post-image\" alt=\"\" srcset=\"https:\/\/elvendrellturisme.dms3labs.cat\/wp-content\/uploads\/disseny-sense-titol8-510x382.jpg 510w, https:\/\/elvendrellturisme.dms3labs.cat\/wp-content\/uploads\/disseny-sense-titol8-480x480.jpg 480w\" sizes=\"(min-width: 0px) and (max-width: 480px) 480px, (min-width: 481px) 510px, 100vw\" title=\"\"><\/div>\n  \n\t<div class=\"map-marker-content\">\n      <div class=\"mapa-tipus-allotjament\">Alojamentos<\/div>\n      <h3 class=\"titol-link-mapa\"><a href=\"https:\/\/elvendrellturisme.dms3labs.cat\/es\/recursos-turisticos\/els-cups-pt-000320\/\">Els Cups<\/a><\/h3>\n      <div class=\"mapa-adreca\">Carrer del Pou, 33-35<br\/>\n        43880 Sant Vicen\u00e7 de Calders (el Vendrell)\n      <\/div> \n      <div class=\"mapa-contacte\">\n        <a href=\"tel:977678144\/650959794\">977 678 144\/ 650 959 794<\/a><br\/>\n        <a href=\"mailto:elscups@gmail.com\" title=\"elscups@gmail.com\">elscups@gmail.com<\/a><br\/>\n       <a href=\"https:\/\/www.elscups.cat\/es\" title=\"Visita la web\" target=\"_blank\" rel=\"noopener\">Visita la web<\/a>\n        \n      <\/div>\n      <img decoding=\"async\" src=\"\/wp-content\/uploads\/turisme-familiar.png\" alt=\"\" title=\"\">\n  <\/div>\n  <\/div><\/div>\n\t\t\n\t\t\n\t\t\t<div class=\"col-md-4\"> <div style=\"display:none\" class=\"wpv-addon-maps-marker js-wpv-addon-maps-marker js-wpv-addon-maps-marker-marker-36728 js-wpv-addon-maps-markerfor-recursos\" data-marker=\"marker-36728\" data-markertitle=\"Escola de Turisme del Baix Pened\u00e8s\" data-markerfor=\"recursos\" data-markerlat=\"41.184057\" data-markerlon=\"1.530848\" data-markericon=\"\/wp-content\/uploads\/marker-restaurants.png\" data-markericonhover=\"\" data-streetview=\"no\" data-fromview=\"\">\n\n\t<div class=\"mapa-tipus-allotjament-petit\">Restaurantes<\/div>\n\t<div class=\"titol-link-mapa-petit\"><a href=\"\/mapa\/#36728\">Escola de Turisme del Baix Pened\u00e8s<\/a><\/div>\n\t<div class=\"mapa-tipus-allotjament-petit\"><a href=\"\/mapa\/#36728\">+ info<\/a><\/div>\n\n<\/div>\n\n<div class=\"map-marker-general\"  id=\"36728\">\n  <div class=\"imatge-mapa\"><img decoding=\"async\" width=\"510\" height=\"382\" src=\"https:\/\/elvendrellturisme.dms3labs.cat\/wp-content\/uploads\/16113067-1531117276917730-869685856190086645-o-510x382.jpg\" class=\"attachment-et-pb-portfolio-module-image size-et-pb-portfolio-module-image wp-post-image\" alt=\"\" title=\"\"><\/div>\n  \n\t<div class=\"map-marker-content\">\n      <div class=\"mapa-tipus-allotjament\">Restaurantes<\/div>\n      <h3 class=\"titol-link-mapa\"><a href=\"https:\/\/elvendrellturisme.dms3labs.cat\/es\/recursos-turisticos\/escola-de-turisme-del-baix-penedes\/\">Escola de Turisme del Baix Pened\u00e8s<\/a><\/h3>\n      <div class=\"mapa-adreca\">Avinguda Palfuriana, 104<br\/>\n        43880 Coma-ruga\n      <\/div> \n      <div class=\"mapa-contacte\">\n        <a href=\"tel:977682938\">977 682 938<\/a><br\/>\n         N\/A<br\/>\n       <a href=\"https:\/\/www.fundaciosantateresa.org\/escolaturismebp\/\" title=\"Visita la web\" target=\"_blank\" rel=\"noopener\">Visita la web<\/a>\n        \n      <\/div>\n      \n  <\/div>\n  <\/div><\/div>\n\t\t\n\t\t\n\t\t\t<div class=\"col-md-4\"> <div style=\"display:none\" class=\"wpv-addon-maps-marker js-wpv-addon-maps-marker js-wpv-addon-maps-marker-marker-37509 js-wpv-addon-maps-markerfor-recursos\" data-marker=\"marker-37509\" data-markertitle=\"Esencia\" data-markerfor=\"recursos\" data-markerlat=\"41.222071\" data-markerlon=\"1.53537\" data-markericon=\"\/wp-content\/uploads\/marker-restaurants.png\" data-markericonhover=\"\" data-streetview=\"no\" data-fromview=\"\">\n\n\t<div class=\"mapa-tipus-allotjament-petit\">Restaurantes<\/div>\n\t<div class=\"titol-link-mapa-petit\"><a href=\"\/mapa\/#37509\">Esencia<\/a><\/div>\n\t<div class=\"mapa-tipus-allotjament-petit\"><a href=\"\/mapa\/#37509\">+ info<\/a><\/div>\n\n<\/div>\n\n<div class=\"map-marker-general\"  id=\"37509\">\n  <div class=\"imatge-mapa\"><img decoding=\"async\" width=\"510\" height=\"382\" src=\"https:\/\/elvendrellturisme.dms3labs.cat\/wp-content\/uploads\/disseny-sense-titol29-510x382.jpg\" class=\"attachment-et-pb-portfolio-module-image size-et-pb-portfolio-module-image wp-post-image\" alt=\"\" srcset=\"https:\/\/elvendrellturisme.dms3labs.cat\/wp-content\/uploads\/disseny-sense-titol29-510x382.jpg 510w, https:\/\/elvendrellturisme.dms3labs.cat\/wp-content\/uploads\/disseny-sense-titol29-480x480.jpg 480w\" sizes=\"(min-width: 0px) and (max-width: 480px) 480px, (min-width: 481px) 510px, 100vw\" title=\"\"><\/div>\n  \n\t<div class=\"map-marker-content\">\n      <div class=\"mapa-tipus-allotjament\">Restaurantes<\/div>\n      <h3 class=\"titol-link-mapa\"><a href=\"https:\/\/elvendrellturisme.dms3labs.cat\/es\/recursos-turisticos\/esencia\/\">Esencia<\/a><\/h3>\n      <div class=\"mapa-adreca\">Carrer de Montserrat, 15<br\/>\n        43700 El Vendrell\n      <\/div> \n      <div class=\"mapa-contacte\">\n        <a href=\"tel:877640349\">877 640 349<\/a><br\/>\n         N\/A<br\/>\n       <a href=\"https:\/\/www.instagram.com\/esenciaelvendrell\/\" title=\"Visita la web\" target=\"_blank\" rel=\"noopener\">Visita la web<\/a>\n        \n      <\/div>\n      \n  <\/div>\n  <\/div><\/div>\n\t\t<\/div>\n\t\t\n\t\t\n\t\t<div class=\"row \">\n\t\t\t<div class=\"col-md-4\"> <div style=\"display:none\" class=\"wpv-addon-maps-marker js-wpv-addon-maps-marker js-wpv-addon-maps-marker-marker-37198 js-wpv-addon-maps-markerfor-recursos\" data-marker=\"marker-37198\" data-markertitle=\"Europizza\" data-markerfor=\"recursos\" data-markerlat=\"41.215103\" data-markerlon=\"1.531421\" data-markericon=\"\/wp-content\/uploads\/marker-restaurants.png\" data-markericonhover=\"\" data-streetview=\"no\" data-fromview=\"\">\n\n\t<div class=\"mapa-tipus-allotjament-petit\">Restaurantes<\/div>\n\t<div class=\"titol-link-mapa-petit\"><a href=\"\/mapa\/#37198\">Europizza<\/a><\/div>\n\t<div class=\"mapa-tipus-allotjament-petit\"><a href=\"\/mapa\/#37198\">+ info<\/a><\/div>\n\n<\/div>\n\n<div class=\"map-marker-general\"  id=\"37198\">\n  <div class=\"imatge-mapa\"><img decoding=\"async\" width=\"510\" height=\"382\" src=\"https:\/\/elvendrellturisme.dms3labs.cat\/wp-content\/uploads\/disseny-sense-titol-3-510x382.jpg\" class=\"attachment-et-pb-portfolio-module-image size-et-pb-portfolio-module-image default-featured-img\" alt=\"\" srcset=\"https:\/\/elvendrellturisme.dms3labs.cat\/wp-content\/uploads\/disseny-sense-titol-3-510x382.jpg 510w, https:\/\/elvendrellturisme.dms3labs.cat\/wp-content\/uploads\/disseny-sense-titol-3-480x480.jpg 480w\" sizes=\"(min-width: 0px) and (max-width: 480px) 480px, (min-width: 481px) 510px, 100vw\" title=\"\"><\/div>\n  \n\t<div class=\"map-marker-content\">\n      <div class=\"mapa-tipus-allotjament\">Restaurantes<\/div>\n      <h3 class=\"titol-link-mapa\"><a href=\"https:\/\/elvendrellturisme.dms3labs.cat\/es\/recursos-turisticos\/europizza\/\">Europizza<\/a><\/h3>\n      <div class=\"mapa-adreca\">Cam\u00ed Reial, 11<br\/>\n        43700 El Vendrell\n      <\/div> \n      <div class=\"mapa-contacte\">\n        <a href=\"tel:664469558\">664 46 95 58<\/a><br\/>\n         N\/A<br\/>\n       <a href=\"https:\/\/www.facebook.com\/Europizza-140256686071434\/\" title=\"Visita la web\" target=\"_blank\" rel=\"noopener\">Visita la web<\/a>\n        \n      <\/div>\n      \n  <\/div>\n  <\/div><\/div>\n\t\t\n\t\t\n\t\t\t<div class=\"col-md-4\"> <div style=\"display:none\" class=\"wpv-addon-maps-marker js-wpv-addon-maps-marker js-wpv-addon-maps-marker-marker-37483 js-wpv-addon-maps-markerfor-recursos\" data-marker=\"marker-37483\" data-markertitle=\"Farg\u00f3\" data-markerfor=\"recursos\" data-markerlat=\"41.221139\" data-markerlon=\"1.534713\" data-markericon=\"\/wp-content\/uploads\/marker-restaurants.png\" data-markericonhover=\"\" data-streetview=\"no\" data-fromview=\"\">\n\n\t<div class=\"mapa-tipus-allotjament-petit\">Restaurantes<\/div>\n\t<div class=\"titol-link-mapa-petit\"><a href=\"\/mapa\/#37483\">Farg\u00f3<\/a><\/div>\n\t<div class=\"mapa-tipus-allotjament-petit\"><a href=\"\/mapa\/#37483\">+ info<\/a><\/div>\n\n<\/div>\n\n<div class=\"map-marker-general\"  id=\"37483\">\n  <div class=\"imatge-mapa\"><img decoding=\"async\" width=\"510\" height=\"382\" src=\"https:\/\/elvendrellturisme.dms3labs.cat\/wp-content\/uploads\/disseny-sense-titol-3-510x382.jpg\" class=\"attachment-et-pb-portfolio-module-image size-et-pb-portfolio-module-image default-featured-img\" alt=\"\" srcset=\"https:\/\/elvendrellturisme.dms3labs.cat\/wp-content\/uploads\/disseny-sense-titol-3-510x382.jpg 510w, https:\/\/elvendrellturisme.dms3labs.cat\/wp-content\/uploads\/disseny-sense-titol-3-480x480.jpg 480w\" sizes=\"(min-width: 0px) and (max-width: 480px) 480px, (min-width: 481px) 510px, 100vw\" title=\"\"><\/div>\n  \n\t<div class=\"map-marker-content\">\n      <div class=\"mapa-tipus-allotjament\">Restaurantes<\/div>\n      <h3 class=\"titol-link-mapa\"><a href=\"https:\/\/elvendrellturisme.dms3labs.cat\/es\/recursos-turisticos\/fargo\/\">Farg\u00f3<\/a><\/h3>\n      <div class=\"mapa-adreca\">Carrer de les Garrofes, 11<br\/>\n        43700 El Vendrell\n      <\/div> \n      <div class=\"mapa-contacte\">\n        <a href=\"tel:877669271\">877 669 271<\/a><br\/>\n         N\/A<br\/>\n       <a href=\"https:\/\/www.instagram.com\/fargobycesc\/?hl=es\" title=\"Visita la web\" target=\"_blank\" rel=\"noopener\">Visita la web<\/a>\n        \n      <\/div>\n      \n  <\/div>\n  <\/div><\/div>\n\t\t\n\t\t\n\t\t\t<div class=\"col-md-4\"> <div style=\"display:none\" class=\"wpv-addon-maps-marker js-wpv-addon-maps-marker js-wpv-addon-maps-marker-marker-26446 js-wpv-addon-maps-markerfor-recursos\" data-marker=\"marker-26446\" data-markertitle=\"Finques Segarra\" data-markerfor=\"recursos\" data-markerlat=\"41.182875\" data-markerlon=\"1.521898\" data-markericon=\"\/wp-content\/uploads\/marker-allotjaments.png\" data-markericonhover=\"\" data-streetview=\"no\" data-fromview=\"\">\n\n\t<div class=\"mapa-tipus-allotjament-petit\">Alojamentos<\/div>\n\t<div class=\"titol-link-mapa-petit\"><a href=\"\/mapa\/#26446\">Finques Segarra<\/a><\/div>\n\t<div class=\"mapa-tipus-allotjament-petit\"><a href=\"\/mapa\/#26446\">+ info<\/a><\/div>\n\n<\/div>\n\n<div class=\"map-marker-general\"  id=\"26446\">\n  <div class=\"imatge-mapa\"><img decoding=\"async\" width=\"510\" height=\"382\" src=\"https:\/\/elvendrellturisme.dms3labs.cat\/wp-content\/uploads\/2021\/02\/DSC_4608-510x382.jpg\" class=\"attachment-et-pb-portfolio-module-image size-et-pb-portfolio-module-image wp-post-image\" alt=\"\" title=\"\"><\/div>\n  \n\t<div class=\"map-marker-content\">\n      <div class=\"mapa-tipus-allotjament\">Alojamentos<\/div>\n      <h3 class=\"titol-link-mapa\"><a href=\"https:\/\/elvendrellturisme.dms3labs.cat\/es\/recursos-turisticos\/finques-segarra\/\">Finques Segarra<\/a><\/h3>\n      <div class=\"mapa-adreca\">Av. Brisamar, 2<br\/>\n        43880 Coma-ruga\n      <\/div> \n      <div class=\"mapa-contacte\">\n        <a href=\"tel:977680001\">977 680 001<\/a><br\/>\n        <a href=\"mailto:info@finquessegarra.com\" title=\"info@finquessegarra.com\">info@finquessegarra.com<\/a><br\/>\n       <a href=\"https:\/\/www.finquessegarra.com\/es\/\" title=\"Visita la web\" target=\"_blank\" rel=\"noopener\">Visita la web<\/a>\n        \n      <\/div>\n      \n  <\/div>\n  <\/div><\/div>\n\t\t<\/div>\n\t\t\n\t\t\n\t\t<div class=\"row \">\n\t\t\t<div class=\"col-md-4\"> <div style=\"display:none\" class=\"wpv-addon-maps-marker js-wpv-addon-maps-marker js-wpv-addon-maps-marker-marker-26461 js-wpv-addon-maps-markerfor-recursos\" data-marker=\"marker-26461\" data-markertitle=\"GetsHouse\" data-markerfor=\"recursos\" data-markerlat=\"41.224773\" data-markerlon=\"1.537669\" data-markericon=\"\/wp-content\/uploads\/marker-allotjaments.png\" data-markericonhover=\"\" data-streetview=\"no\" data-fromview=\"\">\n\n\t<div class=\"mapa-tipus-allotjament-petit\">Alojamentos<\/div>\n\t<div class=\"titol-link-mapa-petit\"><a href=\"\/mapa\/#26461\">GetsHouse<\/a><\/div>\n\t<div class=\"mapa-tipus-allotjament-petit\"><a href=\"\/mapa\/#26461\">+ info<\/a><\/div>\n\n<\/div>\n\n<div class=\"map-marker-general\"  id=\"26461\">\n  <div class=\"imatge-mapa\"><img decoding=\"async\" width=\"510\" height=\"382\" src=\"https:\/\/elvendrellturisme.dms3labs.cat\/wp-content\/uploads\/disseny-sense-titol4-510x382.jpg\" class=\"attachment-et-pb-portfolio-module-image size-et-pb-portfolio-module-image wp-post-image\" alt=\"\" srcset=\"https:\/\/elvendrellturisme.dms3labs.cat\/wp-content\/uploads\/disseny-sense-titol4-510x382.jpg 510w, https:\/\/elvendrellturisme.dms3labs.cat\/wp-content\/uploads\/disseny-sense-titol4-480x480.jpg 480w\" sizes=\"(min-width: 0px) and (max-width: 480px) 480px, (min-width: 481px) 510px, 100vw\" title=\"\"><\/div>\n  \n\t<div class=\"map-marker-content\">\n      <div class=\"mapa-tipus-allotjament\">Alojamentos<\/div>\n      <h3 class=\"titol-link-mapa\"><a href=\"https:\/\/elvendrellturisme.dms3labs.cat\/es\/recursos-turisticos\/getshouse\/\">GetsHouse<\/a><\/h3>\n      <div class=\"mapa-adreca\">Carrer Apel.les Fenosa 4 Local<br\/>\n        43700 El Vendrell\n      <\/div> \n      <div class=\"mapa-contacte\">\n        <a href=\"tel:977911044\/674968224\">977 911 044 \/ 674 968 224<\/a><br\/>\n        <a href=\"mailto:info@getshouse.com\" title=\"info@getshouse.com\">info@getshouse.com<\/a><br\/>\n       <a href=\"https:\/\/www.getshouse.com\/\" title=\"Visita la web\" target=\"_blank\" rel=\"noopener\">Visita la web<\/a>\n        \n      <\/div>\n      \n  <\/div>\n  <\/div><\/div>\n\t\t\n\t\t\n\t\t\t<div class=\"col-md-4\"> \n\n<div class=\"map-marker-general\"  id=\"29837\">\n  <div class=\"imatge-mapa\"><img decoding=\"async\" width=\"510\" height=\"382\" src=\"https:\/\/elvendrellturisme.dms3labs.cat\/wp-content\/uploads\/ginza-1-510x382.jpg\" class=\"attachment-et-pb-portfolio-module-image size-et-pb-portfolio-module-image wp-post-image\" alt=\"\" title=\"\"><\/div>\n  \n\t<div class=\"map-marker-content\">\n      <div class=\"mapa-tipus-allotjament\">Restaurantes<\/div>\n      <h3 class=\"titol-link-mapa\"><a href=\"https:\/\/elvendrellturisme.dms3labs.cat\/es\/recursos-turisticos\/ginza-restaurant-japones\/\">Ginza Restaurant Japon\u00e8s<\/a><\/h3>\n      <div class=\"mapa-adreca\">Avinguda d'En Jaume Carner, 20<br\/>\n        43700 El Vendrell\n      <\/div> \n      <div class=\"mapa-contacte\">\n        <a href=\"tel:977209732\">977 209 732<\/a><br\/>\n         N\/A<br\/>\n       \n         N\/A\n      <\/div>\n      \n  <\/div>\n  <\/div><\/div>\n\t\t\n\t\t\n\t\t\t<div class=\"col-md-4\"> <div style=\"display:none\" class=\"wpv-addon-maps-marker js-wpv-addon-maps-marker js-wpv-addon-maps-marker-marker-25764 js-wpv-addon-maps-markerfor-recursos\" data-marker=\"marker-25764\" data-markertitle=\"Hostal Iren-Mar\" data-markerfor=\"recursos\" data-markerlat=\"41.18256\" data-markerlon=\"1.523254\" data-markericon=\"\/wp-content\/uploads\/marker-allotjaments.png\" data-markericonhover=\"\" data-streetview=\"no\" data-fromview=\"\">\n\n\t<div class=\"mapa-tipus-allotjament-petit\">Alojamentos<\/div>\n\t<div class=\"titol-link-mapa-petit\"><a href=\"\/mapa\/#25764\">Hostal Iren-Mar<\/a><\/div>\n\t<div class=\"mapa-tipus-allotjament-petit\"><a href=\"\/mapa\/#25764\">+ info<\/a><\/div>\n\n<\/div>\n\n<div class=\"map-marker-general\"  id=\"25764\">\n  <div class=\"imatge-mapa\"><img decoding=\"async\" width=\"510\" height=\"382\" src=\"https:\/\/elvendrellturisme.dms3labs.cat\/wp-content\/uploads\/2021\/02\/20200606_122005-510x382.jpg\" class=\"attachment-et-pb-portfolio-module-image size-et-pb-portfolio-module-image wp-post-image\" alt=\"\" title=\"\"><\/div>\n  \n\t<div class=\"map-marker-content\">\n      <div class=\"mapa-tipus-allotjament\">Alojamentos<\/div>\n      <h3 class=\"titol-link-mapa\"><a href=\"https:\/\/elvendrellturisme.dms3labs.cat\/es\/recursos-turisticos\/hostal-iren-mar-ht-000696\/\">Hostal Iren-Mar<\/a><\/h3>\n      <div class=\"mapa-adreca\">Carrer de V\u00edctor Catal\u00e0, 3<br\/>\n        43880 Coma-ruga\n      <\/div> \n      <div class=\"mapa-contacte\">\n        <a href=\"tel:977680310\">977 680 310<\/a><br\/>\n        <a href=\"mailto:irenmarcomarrugah@gmail.com\" title=\"irenmarcomarrugah@gmail.com\">irenmarcomarrugah@gmail.com<\/a><br\/>\n       <a href=\"https:\/\/irenmarcomarruga.wordpress.com\/\" title=\"Visita la web\" target=\"_blank\" rel=\"noopener\">Visita la web<\/a>\n        \n      <\/div>\n      \n  <\/div>\n  <\/div><\/div>\n\t\t<\/div>\n\t\t\n\t\t\n\t\t<div class=\"row \">\n\t\t\t<div class=\"col-md-4\"> <div style=\"display:none\" class=\"wpv-addon-maps-marker js-wpv-addon-maps-marker js-wpv-addon-maps-marker-marker-25754 js-wpv-addon-maps-markerfor-recursos\" data-marker=\"marker-25754\" data-markertitle=\"Hotel Balneario Playa de Coma-ruga\" data-markerfor=\"recursos\" data-markerlat=\"41.181841\" data-markerlon=\"1.524315\" data-markericon=\"\/wp-content\/uploads\/marker-allotjaments.png\" data-markericonhover=\"\" data-streetview=\"no\" data-fromview=\"\">\n\n\t<div class=\"mapa-tipus-allotjament-petit\">Alojamentos<\/div>\n\t<div class=\"titol-link-mapa-petit\"><a href=\"\/mapa\/#25754\">Hotel Balneario Playa de Coma-ruga<\/a><\/div>\n\t<div class=\"mapa-tipus-allotjament-petit\"><a href=\"\/mapa\/#25754\">+ info<\/a><\/div>\n\n<\/div>\n\n<div class=\"map-marker-general\"  id=\"25754\">\n  <div class=\"imatge-mapa\"><img decoding=\"async\" width=\"510\" height=\"382\" src=\"https:\/\/elvendrellturisme.dms3labs.cat\/wp-content\/uploads\/disseny-sense-titol2-1-510x382.jpg\" class=\"attachment-et-pb-portfolio-module-image size-et-pb-portfolio-module-image wp-post-image\" alt=\"\" srcset=\"https:\/\/elvendrellturisme.dms3labs.cat\/wp-content\/uploads\/disseny-sense-titol2-1-510x382.jpg 510w, https:\/\/elvendrellturisme.dms3labs.cat\/wp-content\/uploads\/disseny-sense-titol2-1-480x480.jpg 480w\" sizes=\"(min-width: 0px) and (max-width: 480px) 480px, (min-width: 481px) 510px, 100vw\" title=\"\"><\/div>\n  \n\t<div class=\"map-marker-content\">\n      <div class=\"mapa-tipus-allotjament\">Alojamentos<\/div>\n      <h3 class=\"titol-link-mapa\"><a href=\"https:\/\/elvendrellturisme.dms3labs.cat\/es\/recursos-turisticos\/hotel-balneari-platja-de-coma-ruga-ht-000816\/\">Hotel Balneario Playa de Coma-ruga<\/a><\/h3>\n      <div class=\"mapa-adreca\">Av. del Balneari, 4-6<br\/>\n        43880 Coma-ruga\n      <\/div> \n      <div class=\"mapa-contacte\">\n        <a href=\"tel:977684808\">977 684 808<\/a><br\/>\n        <a href=\"mailto:reservas@hotelbalnearioplayadecomarruga.com\" title=\"reservas@hotelbalnearioplayadecomarruga.com\">reservas@hotelbalnearioplayadecomarruga.com<\/a><br\/>\n       <a href=\"https:\/\/www.hotelbalnearioplayadecomarruga.com\/\" title=\"Visita la web\" target=\"_blank\" rel=\"noopener\">Visita la web<\/a>\n        \n      <\/div>\n      \n  <\/div>\n  <\/div><\/div>\n\t\t\n\t\t\n\t\t\t<div class=\"col-md-4\"> <div style=\"display:none\" class=\"wpv-addon-maps-marker js-wpv-addon-maps-marker js-wpv-addon-maps-marker-marker-25758 js-wpv-addon-maps-markerfor-recursos\" data-marker=\"marker-25758\" data-markertitle=\"Hotel Brisamar Suites\" data-markerfor=\"recursos\" data-markerlat=\"41.180787\" data-markerlon=\"1.52351\" data-markericon=\"\/wp-content\/uploads\/marker-allotjaments.png\" data-markericonhover=\"\" data-streetview=\"no\" data-fromview=\"\">\n\n\t<div class=\"mapa-tipus-allotjament-petit\">Alojamentos<\/div>\n\t<div class=\"titol-link-mapa-petit\"><a href=\"\/mapa\/#25758\">Hotel Brisamar Suites<\/a><\/div>\n\t<div class=\"mapa-tipus-allotjament-petit\"><a href=\"\/mapa\/#25758\">+ info<\/a><\/div>\n\n<\/div>\n\n<div class=\"map-marker-general\"  id=\"25758\">\n  <div class=\"imatge-mapa\"><img decoding=\"async\" width=\"510\" height=\"382\" src=\"https:\/\/elvendrellturisme.dms3labs.cat\/wp-content\/uploads\/img-8167-510x382.jpg\" class=\"attachment-et-pb-portfolio-module-image size-et-pb-portfolio-module-image wp-post-image\" alt=\"\" title=\"\"><\/div>\n  \n\t<div class=\"map-marker-content\">\n      <div class=\"mapa-tipus-allotjament\">Alojamentos<\/div>\n      <h3 class=\"titol-link-mapa\"><a href=\"https:\/\/elvendrellturisme.dms3labs.cat\/es\/recursos-turisticos\/hotel-brisamar-suites-reformado-2014-ht-000037\/\">Hotel Brisamar Suites<\/a><\/h3>\n      <div class=\"mapa-adreca\">Av. Generalitat, 2<br\/>\n        43880 Coma-ruga\n      <\/div> \n      <div class=\"mapa-contacte\">\n        <a href=\"tel:977680011\">977 680 011<\/a><br\/>\n        <a href=\"mailto:reservas@hotelbrisamarsuites.com\" title=\"reservas@hotelbrisamarsuites.com\">reservas@hotelbrisamarsuites.com<\/a><br\/>\n       <a href=\"https:\/\/www.hotelbrisamarsuites.com\/\" title=\"Visita la web\" target=\"_blank\" rel=\"noopener\">Visita la web<\/a>\n        \n      <\/div>\n      \n  <\/div>\n  <\/div><\/div>\n\t\t\n\t\t\n\t\t\t<div class=\"col-md-4\"> <div style=\"display:none\" class=\"wpv-addon-maps-marker js-wpv-addon-maps-marker js-wpv-addon-maps-marker-marker-25761 js-wpv-addon-maps-markerfor-recursos\" data-marker=\"marker-25761\" data-markertitle=\"Hotel Coma-ruga Platja\" data-markerfor=\"recursos\" data-markerlat=\"41.182894\" data-markerlon=\"1.534884\" data-markericon=\"\/wp-content\/uploads\/marker-allotjaments.png\" data-markericonhover=\"\" data-streetview=\"no\" data-fromview=\"\">\n\n\t<div class=\"mapa-tipus-allotjament-petit\">Alojamentos<\/div>\n\t<div class=\"titol-link-mapa-petit\"><a href=\"\/mapa\/#25761\">Hotel Coma-ruga Platja<\/a><\/div>\n\t<div class=\"mapa-tipus-allotjament-petit\"><a href=\"\/mapa\/#25761\">+ info<\/a><\/div>\n\n<\/div>\n\n<div class=\"map-marker-general\"  id=\"25761\">\n  <div class=\"imatge-mapa\"><img decoding=\"async\" width=\"510\" height=\"382\" src=\"https:\/\/elvendrellturisme.dms3labs.cat\/wp-content\/uploads\/2021\/02\/Hotel-Coma-ruga-Platja-510x382.jpg\" class=\"attachment-et-pb-portfolio-module-image size-et-pb-portfolio-module-image wp-post-image\" alt=\"\" title=\"\"><\/div>\n  \n\t<div class=\"map-marker-content\">\n      <div class=\"mapa-tipus-allotjament\">Alojamentos<\/div>\n      <h3 class=\"titol-link-mapa\"><a href=\"https:\/\/elvendrellturisme.dms3labs.cat\/es\/recursos-turisticos\/hotel-coma-ruga-platja-ht-000068\/\">Hotel Coma-ruga Platja<\/a><\/h3>\n      <div class=\"mapa-adreca\">Av. Palfuriana, 115<br\/>\n        43880 Coma-ruga\n      <\/div> \n      <div class=\"mapa-contacte\">\n        <a href=\"tel:977684714\">977 684 714<\/a><br\/>\n        <a href=\"mailto:reservas@hotelcomarrugaplatja.com\" title=\"reservas@hotelcomarrugaplatja.com\">reservas@hotelcomarrugaplatja.com<\/a><br\/>\n       <a href=\"https:\/\/www.hotelcomarrugaplatja.com\/\" title=\"Visita la web\" target=\"_blank\" rel=\"noopener\">Visita la web<\/a>\n        \n      <\/div>\n      \n  <\/div>\n  <\/div><\/div>\n\t\t<\/div>\n\t\t\n\t\t\n\t\t<div class=\"row \">\n\t\t\t<div class=\"col-md-4\"> <div style=\"display:none\" class=\"wpv-addon-maps-marker js-wpv-addon-maps-marker js-wpv-addon-maps-marker-marker-25759 js-wpv-addon-maps-markerfor-recursos\" data-marker=\"marker-25759\" data-markertitle=\"Hotel Natura Park\" data-markerfor=\"recursos\" data-markerlat=\"41.182119\" data-markerlon=\"1.526517\" data-markericon=\"\/wp-content\/uploads\/marker-allotjaments.png\" data-markericonhover=\"\" data-streetview=\"no\" data-fromview=\"\">\n\n\t<div class=\"mapa-tipus-allotjament-petit\">Alojamentos<\/div>\n\t<div class=\"titol-link-mapa-petit\"><a href=\"\/mapa\/#25759\">Hotel Natura Park<\/a><\/div>\n\t<div class=\"mapa-tipus-allotjament-petit\"><a href=\"\/mapa\/#25759\">+ info<\/a><\/div>\n\n<\/div>\n\n<div class=\"map-marker-general\"  id=\"25759\">\n  <div class=\"imatge-mapa\"><img decoding=\"async\" width=\"510\" height=\"382\" src=\"https:\/\/elvendrellturisme.dms3labs.cat\/wp-content\/uploads\/2021\/02\/Hotel-Natura-Park-510x382.jpg\" class=\"attachment-et-pb-portfolio-module-image size-et-pb-portfolio-module-image wp-post-image\" alt=\"\" srcset=\"https:\/\/elvendrellturisme.dms3labs.cat\/wp-content\/uploads\/2021\/02\/Hotel-Natura-Park-510x382.jpg 510w, https:\/\/elvendrellturisme.dms3labs.cat\/wp-content\/uploads\/2021\/02\/Hotel-Natura-Park-300x225.jpg 300w, https:\/\/elvendrellturisme.dms3labs.cat\/wp-content\/uploads\/2021\/02\/Hotel-Natura-Park-1024x768.jpg 1024w, https:\/\/elvendrellturisme.dms3labs.cat\/wp-content\/uploads\/2021\/02\/Hotel-Natura-Park-768x576.jpg 768w, https:\/\/elvendrellturisme.dms3labs.cat\/wp-content\/uploads\/2021\/02\/Hotel-Natura-Park-1536x1152.jpg 1536w, https:\/\/elvendrellturisme.dms3labs.cat\/wp-content\/uploads\/2021\/02\/Hotel-Natura-Park-2048x1536.jpg 2048w, https:\/\/elvendrellturisme.dms3labs.cat\/wp-content\/uploads\/2021\/02\/Hotel-Natura-Park-1080x810.jpg 1080w, https:\/\/elvendrellturisme.dms3labs.cat\/wp-content\/uploads\/2021\/02\/Hotel-Natura-Park-1280x960.jpg 1280w, https:\/\/elvendrellturisme.dms3labs.cat\/wp-content\/uploads\/2021\/02\/Hotel-Natura-Park-980x735.jpg 980w, https:\/\/elvendrellturisme.dms3labs.cat\/wp-content\/uploads\/2021\/02\/Hotel-Natura-Park-480x360.jpg 480w\" sizes=\"(max-width: 510px) 100vw, 510px\" title=\"\"><\/div>\n  \n\t<div class=\"map-marker-content\">\n      <div class=\"mapa-tipus-allotjament\">Alojamentos<\/div>\n      <h3 class=\"titol-link-mapa\"><a href=\"https:\/\/elvendrellturisme.dms3labs.cat\/es\/recursos-turisticos\/hotel-natura-park-ht-000070\/\">Hotel Natura Park<\/a><\/h3>\n      <div class=\"mapa-adreca\">C\/ Vilafranca, 10-14<br\/>\n        43880 Coma-ruga\n      <\/div> \n      <div class=\"mapa-contacte\">\n        <a href=\"tel:977680111\">977 680 111<\/a><br\/>\n        <a href=\"mailto:naturapark@medsur-hoteles.com\" title=\"naturapark@medsur-hoteles.com\">naturapark@medsur-hoteles.com<\/a><br\/>\n       <a href=\"https:\/\/www.medsur-hoteles.com\/\" title=\"Visita la web\" target=\"_blank\" rel=\"noopener\">Visita la web<\/a>\n        \n      <\/div>\n      \n  <\/div>\n  <\/div><\/div>\n\t\t\n\t\t\n\t\t\t<div class=\"col-md-4\"> <div style=\"display:none\" class=\"wpv-addon-maps-marker js-wpv-addon-maps-marker js-wpv-addon-maps-marker-marker-25760 js-wpv-addon-maps-markerfor-recursos\" data-marker=\"marker-25760\" data-markertitle=\"Hotel Ohtels Sant Salvador\" data-markerfor=\"recursos\" data-markerlat=\"41.184319\" data-markerlon=\"1.540052\" data-markericon=\"\/wp-content\/uploads\/marker-allotjaments.png\" data-markericonhover=\"\" data-streetview=\"no\" data-fromview=\"\">\n\n\t<div class=\"mapa-tipus-allotjament-petit\">Alojamentos<\/div>\n\t<div class=\"titol-link-mapa-petit\"><a href=\"\/mapa\/#25760\">Hotel Ohtels Sant Salvador<\/a><\/div>\n\t<div class=\"mapa-tipus-allotjament-petit\"><a href=\"\/mapa\/#25760\">+ info<\/a><\/div>\n\n<\/div>\n\n<div class=\"map-marker-general\"  id=\"25760\">\n  <div class=\"imatge-mapa\"><img decoding=\"async\" width=\"510\" height=\"382\" src=\"https:\/\/elvendrellturisme.dms3labs.cat\/wp-content\/uploads\/07-mg-5393-510x382.jpg\" class=\"attachment-et-pb-portfolio-module-image size-et-pb-portfolio-module-image wp-post-image\" alt=\"\" title=\"\"><\/div>\n  \n\t<div class=\"map-marker-content\">\n      <div class=\"mapa-tipus-allotjament\">Alojamentos<\/div>\n      <h3 class=\"titol-link-mapa\"><a href=\"https:\/\/elvendrellturisme.dms3labs.cat\/es\/recursos-turisticos\/hotel-europe-sant-salvador-ht-000457\/\">Hotel Ohtels Sant Salvador<\/a><\/h3>\n      <div class=\"mapa-adreca\">C\/ Llobregat, 17<br\/>\n        43880 Sant Salvador\n      <\/div> \n      <div class=\"mapa-contacte\">\n        <a href=\"tel:977684041\">977 684 041<\/a><br\/>\n        <a href=\"mailto:recepcion@hotelplayadorada.es\" title=\"recepcion@hotelplayadorada.es\">recepcion@hotelplayadorada.es<\/a><br\/>\n       <a href=\"https:\/\/www.ohtelssansalvador.es\/\" title=\"Visita la web\" target=\"_blank\" rel=\"noopener\">Visita la web<\/a>\n        \n      <\/div>\n      \n  <\/div>\n  <\/div><\/div>\n\t\t\n\t\t\n\t\t\t<div class=\"col-md-4\"> <div style=\"display:none\" class=\"wpv-addon-maps-marker js-wpv-addon-maps-marker js-wpv-addon-maps-marker-marker-39698 js-wpv-addon-maps-markerfor-recursos\" data-marker=\"marker-39698\" data-markertitle=\"Hotel Ramblas Vendrell\" data-markerfor=\"recursos\" data-markerlat=\"41.217778\" data-markerlon=\"1.533889\" data-markericon=\"\/wp-content\/uploads\/marker-allotjaments.png\" data-markericonhover=\"\" data-streetview=\"no\" data-fromview=\"\">\n\n\t<div class=\"mapa-tipus-allotjament-petit\">Alojamentos<\/div>\n\t<div class=\"titol-link-mapa-petit\"><a href=\"\/mapa\/#39698\">Hotel Ramblas Vendrell<\/a><\/div>\n\t<div class=\"mapa-tipus-allotjament-petit\"><a href=\"\/mapa\/#39698\">+ info<\/a><\/div>\n\n<\/div>\n\n<div class=\"map-marker-general\"  id=\"39698\">\n  <div class=\"imatge-mapa\"><img decoding=\"async\" width=\"510\" height=\"382\" src=\"https:\/\/elvendrellturisme.dms3labs.cat\/wp-content\/uploads\/disseny-sense-titol2-3-510x382.jpg\" class=\"attachment-et-pb-portfolio-module-image size-et-pb-portfolio-module-image wp-post-image\" alt=\"\" srcset=\"https:\/\/elvendrellturisme.dms3labs.cat\/wp-content\/uploads\/disseny-sense-titol2-3-510x382.jpg 510w, https:\/\/elvendrellturisme.dms3labs.cat\/wp-content\/uploads\/disseny-sense-titol2-3-480x480.jpg 480w\" sizes=\"(min-width: 0px) and (max-width: 480px) 480px, (min-width: 481px) 510px, 100vw\" title=\"\"><\/div>\n  \n\t<div class=\"map-marker-content\">\n      <div class=\"mapa-tipus-allotjament\">Alojamentos<\/div>\n      <h3 class=\"titol-link-mapa\"><a href=\"https:\/\/elvendrellturisme.dms3labs.cat\/es\/recursos-turisticos\/hotel-ramblas-vendrell-2\/\">Hotel Ramblas Vendrell<\/a><\/h3>\n      <div class=\"mapa-adreca\">Av. Riera de la Bisbal, 46, 50<br\/>\n        43700 El Vendrell\n      <\/div> \n      <div class=\"mapa-contacte\">\n        <a href=\"tel:977661096\">977 661 096<\/a><br\/>\n        <a href=\"mailto:vendrell@ramblashoteles.com\" title=\"vendrell@ramblashoteles.com\">vendrell@ramblashoteles.com<\/a><br\/>\n       <a href=\"https:\/\/www.hotelramblasvendrell.com\/\" title=\"Visita la web\" target=\"_blank\" rel=\"noopener\">Visita la web<\/a>\n        \n      <\/div>\n      \n  <\/div>\n  <\/div><\/div>\n\t\t<\/div>\n\t\t\n\t\t\n\t\t<div class=\"row \">\n\t\t\t<div class=\"col-md-4\"> \n\n<div class=\"map-marker-general\"  id=\"25757\">\n  <div class=\"imatge-mapa\"><img decoding=\"async\" width=\"510\" height=\"382\" src=\"https:\/\/elvendrellturisme.dms3labs.cat\/wp-content\/uploads\/disseny-sense-titol-3-510x382.jpg\" class=\"attachment-et-pb-portfolio-module-image size-et-pb-portfolio-module-image default-featured-img\" alt=\"\" srcset=\"https:\/\/elvendrellturisme.dms3labs.cat\/wp-content\/uploads\/disseny-sense-titol-3-510x382.jpg 510w, https:\/\/elvendrellturisme.dms3labs.cat\/wp-content\/uploads\/disseny-sense-titol-3-480x480.jpg 480w\" sizes=\"(min-width: 0px) and (max-width: 480px) 480px, (min-width: 481px) 510px, 100vw\" title=\"\"><\/div>\n  \n\t<div class=\"map-marker-content\">\n      <div class=\"mapa-tipus-allotjament\">Alojamentos<\/div>\n      <h3 class=\"titol-link-mapa\"><a href=\"https:\/\/elvendrellturisme.dms3labs.cat\/es\/recursos-turisticos\/hotel-ramblas-vendrell\/\">Hotel Ramblas Vendrell<\/a><\/h3>\n      <div class=\"mapa-adreca\">Av. Riera de la Bisbal, 46-50<br\/>\n         43700 El Vendrell\n      <\/div> \n      <div class=\"mapa-contacte\">\n        <a href=\"tel:977661096\">977 661 096<\/a><br\/>\n        <a href=\"mailto:vendrell@ramblashoteles.com\" title=\"vendrell@ramblashoteles.com\">vendrell@ramblashoteles.com<\/a><br\/>\n       <a href=\"https:\/\/www.ramblashoteles.com\" title=\"Visita la web\" target=\"_blank\" rel=\"noopener\">Visita la web<\/a>\n        \n      <\/div>\n      \n  <\/div>\n  <\/div><\/div>\n\t\t\n\t\t\n\t\t\t<div class=\"col-md-4\"> <div style=\"display:none\" class=\"wpv-addon-maps-marker js-wpv-addon-maps-marker js-wpv-addon-maps-marker-marker-25781 js-wpv-addon-maps-markerfor-recursos\" data-marker=\"marker-25781\" data-markertitle=\"Inmobiliaria Coma-ruga Confort\" data-markerfor=\"recursos\" data-markerlat=\"41.180984\" data-markerlon=\"1.524121\" data-markericon=\"\/wp-content\/uploads\/marker-allotjaments.png\" data-markericonhover=\"\" data-streetview=\"no\" data-fromview=\"\">\n\n\t<div class=\"mapa-tipus-allotjament-petit\">Alojamentos<\/div>\n\t<div class=\"titol-link-mapa-petit\"><a href=\"\/mapa\/#25781\">Inmobiliaria Coma-ruga Confort<\/a><\/div>\n\t<div class=\"mapa-tipus-allotjament-petit\"><a href=\"\/mapa\/#25781\">+ info<\/a><\/div>\n\n<\/div>\n\n<div class=\"map-marker-general\"  id=\"25781\">\n  <div class=\"imatge-mapa\"><img decoding=\"async\" width=\"510\" height=\"377\" src=\"https:\/\/elvendrellturisme.dms3labs.cat\/wp-content\/uploads\/2021\/02\/33-510x377.jpg\" class=\"attachment-et-pb-portfolio-module-image size-et-pb-portfolio-module-image wp-post-image\" alt=\"\" srcset=\"https:\/\/elvendrellturisme.dms3labs.cat\/wp-content\/uploads\/2021\/02\/33-510x377.jpg 510w, https:\/\/elvendrellturisme.dms3labs.cat\/wp-content\/uploads\/2021\/02\/33-480x312.jpg 480w\" sizes=\"(min-width: 0px) and (max-width: 480px) 480px, (min-width: 481px) 510px, 100vw\" title=\"\"><\/div>\n  \n\t<div class=\"map-marker-content\">\n      <div class=\"mapa-tipus-allotjament\">Alojamentos<\/div>\n      <h3 class=\"titol-link-mapa\"><a href=\"https:\/\/elvendrellturisme.dms3labs.cat\/es\/recursos-turisticos\/coma-ruga-confort\/\">Inmobiliaria Coma-ruga Confort<\/a><\/h3>\n      <div class=\"mapa-adreca\">Pl. Germans Trillas, 3<br\/>\n        43880 Coma-ruga\n      <\/div> \n      <div class=\"mapa-contacte\">\n        <a href=\"tel:977680118\">977 680 118<\/a><br\/>\n        <a href=\"mailto:immobiliaria@comarrugaconfort.com\" title=\"immobiliaria@comarrugaconfort.com\">immobiliaria@comarrugaconfort.com<\/a><br\/>\n       <a href=\"https:\/\/comarrugaconfort.com\/\" title=\"Visita la web\" target=\"_blank\" rel=\"noopener\">Visita la web<\/a>\n        \n      <\/div>\n      \n  <\/div>\n  <\/div><\/div>\n\t\t\n\t\t\n\t\t\t<div class=\"col-md-4\"> <div style=\"display:none\" class=\"wpv-addon-maps-marker js-wpv-addon-maps-marker js-wpv-addon-maps-marker-marker-28761 js-wpv-addon-maps-markerfor-recursos\" data-marker=\"marker-28761\" data-markertitle=\"Karting El Vendrell\" data-markerfor=\"recursos\" data-markerlat=\"41.198486\" data-markerlon=\"1.528288\" data-markericon=\"\/wp-content\/uploads\/marker-turisme-oci.png\" data-markericonhover=\"\" data-streetview=\"no\" data-fromview=\"\">\n\n\t<div class=\"mapa-tipus-allotjament-petit\">Turismo y ocio<\/div>\n\t<div class=\"titol-link-mapa-petit\"><a href=\"\/mapa\/#28761\">Karting El Vendrell<\/a><\/div>\n\t<div class=\"mapa-tipus-allotjament-petit\"><a href=\"\/mapa\/#28761\">+ info<\/a><\/div>\n\n<\/div>\n\n<div class=\"map-marker-general\"  id=\"28761\">\n  <div class=\"imatge-mapa\"><img decoding=\"async\" width=\"510\" height=\"382\" src=\"https:\/\/elvendrellturisme.dms3labs.cat\/wp-content\/uploads\/disseny-sense-titol13-510x382.jpg\" class=\"attachment-et-pb-portfolio-module-image size-et-pb-portfolio-module-image wp-post-image\" alt=\"\" srcset=\"https:\/\/elvendrellturisme.dms3labs.cat\/wp-content\/uploads\/disseny-sense-titol13-510x382.jpg 510w, https:\/\/elvendrellturisme.dms3labs.cat\/wp-content\/uploads\/disseny-sense-titol13-480x480.jpg 480w\" sizes=\"(min-width: 0px) and (max-width: 480px) 480px, (min-width: 481px) 510px, 100vw\" title=\"\"><\/div>\n  \n\t<div class=\"map-marker-content\">\n      <div class=\"mapa-tipus-allotjament\">Turismo y ocio<\/div>\n      <h3 class=\"titol-link-mapa\"><a href=\"https:\/\/elvendrellturisme.dms3labs.cat\/es\/recursos-turisticos\/karting-el-vendrell\/\">Karting El Vendrell<\/a><\/h3>\n      <div class=\"mapa-adreca\">Ctra. N-340, km 1.189<br\/>\n        43700 El Vendrell\n      <\/div> \n      <div class=\"mapa-contacte\">\n        <a href=\"tel:977663776\">977 663 776<\/a><br\/>\n        <a href=\"mailto:karting@kartingvendrell.com\" title=\"karting@kartingvendrell.com\">karting@kartingvendrell.com<\/a><br\/>\n       <a href=\"https:\/\/kartingvendrell.com\/\" title=\"Visita la web\" target=\"_blank\" rel=\"noopener\">Visita la web<\/a>\n        \n      <\/div>\n      <img decoding=\"async\" src=\"\/wp-content\/uploads\/turisme-familiar.png\" alt=\"\" title=\"\">\n  <\/div>\n  <\/div><\/div>\n\t\t<\/div>\n\t\t\n\t\t\n\t\t<div class=\"row \">\n\t\t\t<div class=\"col-md-4\"> <div style=\"display:none\" class=\"wpv-addon-maps-marker js-wpv-addon-maps-marker js-wpv-addon-maps-marker-marker-37677 js-wpv-addon-maps-markerfor-recursos\" data-marker=\"marker-37677\" data-markertitle=\"KM1187 Wine Food&#038;Tapas\" data-markerfor=\"recursos\" data-markerlat=\"41.187011\" data-markerlon=\"1.514847\" data-markericon=\"\/wp-content\/uploads\/marker-restaurants.png\" data-markericonhover=\"\" data-streetview=\"no\" data-fromview=\"\">\n\n\t<div class=\"mapa-tipus-allotjament-petit\">Restaurantes<\/div>\n\t<div class=\"titol-link-mapa-petit\"><a href=\"\/mapa\/#37677\">KM1187 Wine Food&#038;Tapas<\/a><\/div>\n\t<div class=\"mapa-tipus-allotjament-petit\"><a href=\"\/mapa\/#37677\">+ info<\/a><\/div>\n\n<\/div>\n\n<div class=\"map-marker-general\"  id=\"37677\">\n  <div class=\"imatge-mapa\"><img decoding=\"async\" width=\"510\" height=\"382\" src=\"https:\/\/elvendrellturisme.dms3labs.cat\/wp-content\/uploads\/disseny-sense-titol21-1-510x382.jpg\" class=\"attachment-et-pb-portfolio-module-image size-et-pb-portfolio-module-image wp-post-image\" alt=\"\" srcset=\"https:\/\/elvendrellturisme.dms3labs.cat\/wp-content\/uploads\/disseny-sense-titol21-1-510x382.jpg 510w, https:\/\/elvendrellturisme.dms3labs.cat\/wp-content\/uploads\/disseny-sense-titol21-1-480x480.jpg 480w\" sizes=\"(min-width: 0px) and (max-width: 480px) 480px, (min-width: 481px) 510px, 100vw\" title=\"\"><\/div>\n  \n\t<div class=\"map-marker-content\">\n      <div class=\"mapa-tipus-allotjament\">Restaurantes<\/div>\n      <h3 class=\"titol-link-mapa\"><a href=\"https:\/\/elvendrellturisme.dms3labs.cat\/es\/recursos-turisticos\/km1187-wine-foodtapas\/\">KM1187 Wine Food&#038;Tapas<\/a><\/h3>\n      <div class=\"mapa-adreca\">Carretera N-340, Km 1187<br\/>\n        43880 Coma-ruga\n      <\/div> \n      <div class=\"mapa-contacte\">\n        <a href=\"tel:693235725\">693 235 725<\/a><br\/>\n        <a href=\"mailto:reserves@km1187.com\" title=\"reserves@km1187.com\">reserves@km1187.com<\/a><br\/>\n       <a href=\"https:\/\/janegrup.com\/jane-grup\/km-1187\/\" title=\"Visita la web\" target=\"_blank\" rel=\"noopener\">Visita la web<\/a>\n        \n      <\/div>\n      \n  <\/div>\n  <\/div><\/div>\n\t\t\n\t\t\n\t\t\t<div class=\"col-md-4\"> <div style=\"display:none\" class=\"wpv-addon-maps-marker js-wpv-addon-maps-marker js-wpv-addon-maps-marker-marker-37564 js-wpv-addon-maps-markerfor-recursos\" data-marker=\"marker-37564\" data-markertitle=\"L&#8217;alquimista\" data-markerfor=\"recursos\" data-markerlat=\"41.22043\" data-markerlon=\"1.534884\" data-markericon=\"\/wp-content\/uploads\/marker-restaurants.png\" data-markericonhover=\"\" data-streetview=\"no\" data-fromview=\"\">\n\n\t<div class=\"mapa-tipus-allotjament-petit\">Restaurantes<\/div>\n\t<div class=\"titol-link-mapa-petit\"><a href=\"\/mapa\/#37564\">L&#8217;alquimista<\/a><\/div>\n\t<div class=\"mapa-tipus-allotjament-petit\"><a href=\"\/mapa\/#37564\">+ info<\/a><\/div>\n\n<\/div>\n\n<div class=\"map-marker-general\"  id=\"37564\">\n  <div class=\"imatge-mapa\"><img decoding=\"async\" width=\"510\" height=\"382\" src=\"https:\/\/elvendrellturisme.dms3labs.cat\/wp-content\/uploads\/disseny-sense-titol33-510x382.jpg\" class=\"attachment-et-pb-portfolio-module-image size-et-pb-portfolio-module-image wp-post-image\" alt=\"\" srcset=\"https:\/\/elvendrellturisme.dms3labs.cat\/wp-content\/uploads\/disseny-sense-titol33-510x382.jpg 510w, https:\/\/elvendrellturisme.dms3labs.cat\/wp-content\/uploads\/disseny-sense-titol33-480x480.jpg 480w\" sizes=\"(min-width: 0px) and (max-width: 480px) 480px, (min-width: 481px) 510px, 100vw\" title=\"\"><\/div>\n  \n\t<div class=\"map-marker-content\">\n      <div class=\"mapa-tipus-allotjament\">Restaurantes<\/div>\n      <h3 class=\"titol-link-mapa\"><a href=\"https:\/\/elvendrellturisme.dms3labs.cat\/es\/recursos-turisticos\/lalquimista\/\">L&#8217;alquimista<\/a><\/h3>\n      <div class=\"mapa-adreca\">Pla\u00e7a Vella, 4<br\/>\n        43700 El Vendrell\n      <\/div> \n      <div class=\"mapa-contacte\">\n        <a href=\"tel:655743030\">655 743 030<\/a><br\/>\n         N\/A<br\/>\n       <a href=\"https:\/\/www.instagram.com\/lalquimista_elvendrell\/?hl=es\" title=\"Visita la web\" target=\"_blank\" rel=\"noopener\">Visita la web<\/a>\n        \n      <\/div>\n      \n  <\/div>\n  <\/div><\/div>\n\t\t\n\t\t\n\t\t\t<div class=\"col-md-4\"> <div style=\"display:none\" class=\"wpv-addon-maps-marker js-wpv-addon-maps-marker js-wpv-addon-maps-marker-marker-37554 js-wpv-addon-maps-markerfor-recursos\" data-marker=\"marker-37554\" data-markertitle=\"L&#8217;Obrador D\u2019Oriol Rossell\" data-markerfor=\"recursos\" data-markerlat=\"41.22126\" data-markerlon=\"1.535984\" data-markericon=\"\/wp-content\/uploads\/marker-restaurants.png\" data-markericonhover=\"\" data-streetview=\"no\" data-fromview=\"\">\n\n\t<div class=\"mapa-tipus-allotjament-petit\">Restaurantes<\/div>\n\t<div class=\"titol-link-mapa-petit\"><a href=\"\/mapa\/#37554\">L&#8217;Obrador D\u2019Oriol Rossell<\/a><\/div>\n\t<div class=\"mapa-tipus-allotjament-petit\"><a href=\"\/mapa\/#37554\">+ info<\/a><\/div>\n\n<\/div>\n\n<div class=\"map-marker-general\"  id=\"37554\">\n  <div class=\"imatge-mapa\"><img decoding=\"async\" width=\"510\" height=\"382\" src=\"https:\/\/elvendrellturisme.dms3labs.cat\/wp-content\/uploads\/disseny-sense-titol-3-510x382.jpg\" class=\"attachment-et-pb-portfolio-module-image size-et-pb-portfolio-module-image default-featured-img\" alt=\"\" srcset=\"https:\/\/elvendrellturisme.dms3labs.cat\/wp-content\/uploads\/disseny-sense-titol-3-510x382.jpg 510w, https:\/\/elvendrellturisme.dms3labs.cat\/wp-content\/uploads\/disseny-sense-titol-3-480x480.jpg 480w\" sizes=\"(min-width: 0px) and (max-width: 480px) 480px, (min-width: 481px) 510px, 100vw\" title=\"\"><\/div>\n  \n\t<div class=\"map-marker-content\">\n      <div class=\"mapa-tipus-allotjament\">Restaurantes<\/div>\n      <h3 class=\"titol-link-mapa\"><a href=\"https:\/\/elvendrellturisme.dms3labs.cat\/es\/recursos-turisticos\/lobrador-doriol-rossell\/\">L&#8217;Obrador D\u2019Oriol Rossell<\/a><\/h3>\n      <div class=\"mapa-adreca\">Carrer del Nord, 3<br\/>\n        43700 El Vendrell\n      <\/div> \n      <div class=\"mapa-contacte\">\n        <a href=\"tel:977664804\">977 664 804<\/a><br\/>\n         N\/A<br\/>\n       <a href=\"https:\/\/l-obrador.com\/\" title=\"Visita la web\" target=\"_blank\" rel=\"noopener\">Visita la web<\/a>\n        \n      <\/div>\n      \n  <\/div>\n  <\/div><\/div>\n\t\t<\/div>\n\t\t\n\t\t\n\t\t<div class=\"row \">\n\t\t\t<div class=\"col-md-4\"> <div style=\"display:none\" class=\"wpv-addon-maps-marker js-wpv-addon-maps-marker js-wpv-addon-maps-marker-marker-25979 js-wpv-addon-maps-markerfor-recursos\" data-marker=\"marker-25979\" data-markertitle=\"La Barretina\" data-markerfor=\"recursos\" data-markerlat=\"41.217447\" data-markerlon=\"1.527523\" data-markericon=\"\/wp-content\/uploads\/marker-restaurants.png\" data-markericonhover=\"\" data-streetview=\"no\" data-fromview=\"\">\n\n\t<div class=\"mapa-tipus-allotjament-petit\">Restaurantes<\/div>\n\t<div class=\"titol-link-mapa-petit\"><a href=\"\/mapa\/#25979\">La Barretina<\/a><\/div>\n\t<div class=\"mapa-tipus-allotjament-petit\"><a href=\"\/mapa\/#25979\">+ info<\/a><\/div>\n\n<\/div>\n\n<div class=\"map-marker-general\"  id=\"25979\">\n  <div class=\"imatge-mapa\"><img decoding=\"async\" width=\"510\" height=\"382\" src=\"https:\/\/elvendrellturisme.dms3labs.cat\/wp-content\/uploads\/2021\/02\/barretina-510x382.jpg\" class=\"attachment-et-pb-portfolio-module-image size-et-pb-portfolio-module-image wp-post-image\" alt=\"\" srcset=\"https:\/\/elvendrellturisme.dms3labs.cat\/wp-content\/uploads\/2021\/02\/barretina-510x382.jpg 510w, https:\/\/elvendrellturisme.dms3labs.cat\/wp-content\/uploads\/2021\/02\/barretina-480x292.jpg 480w\" sizes=\"(min-width: 0px) and (max-width: 480px) 480px, (min-width: 481px) 510px, 100vw\" title=\"\"><\/div>\n  \n\t<div class=\"map-marker-content\">\n      <div class=\"mapa-tipus-allotjament\">Restaurantes<\/div>\n      <h3 class=\"titol-link-mapa\"><a href=\"https:\/\/elvendrellturisme.dms3labs.cat\/es\/recursos-turisticos\/bar-la-barretina\/\">La Barretina<\/a><\/h3>\n      <div class=\"mapa-adreca\">Carrer de les Flors, 40-52<br\/>\n        43700 El Vendrell\n      <\/div> \n      <div class=\"mapa-contacte\">\n        <a href=\"tel:977663768\">977 66 37 68<\/a><br\/>\n        <a href=\"mailto:barlabarretina@hotmail.com\" title=\"barlabarretina@hotmail.com\">barlabarretina@hotmail.com<\/a><br\/>\n       <a href=\"https:\/\/www.barlabarretina.com\/\" title=\"Visita la web\" target=\"_blank\" rel=\"noopener\">Visita la web<\/a>\n        \n      <\/div>\n      \n  <\/div>\n  <\/div><\/div>\n\t\t\n\t\t\n\t\t\t<div class=\"col-md-4\"> \n\n<div class=\"map-marker-general\"  id=\"25774\">\n  <div class=\"imatge-mapa\"><img decoding=\"async\" width=\"510\" height=\"382\" src=\"https:\/\/elvendrellturisme.dms3labs.cat\/wp-content\/uploads\/disseny-sense-titol-3-510x382.jpg\" class=\"attachment-et-pb-portfolio-module-image size-et-pb-portfolio-module-image default-featured-img\" alt=\"\" srcset=\"https:\/\/elvendrellturisme.dms3labs.cat\/wp-content\/uploads\/disseny-sense-titol-3-510x382.jpg 510w, https:\/\/elvendrellturisme.dms3labs.cat\/wp-content\/uploads\/disseny-sense-titol-3-480x480.jpg 480w\" sizes=\"(min-width: 0px) and (max-width: 480px) 480px, (min-width: 481px) 510px, 100vw\" title=\"\"><\/div>\n  \n\t<div class=\"map-marker-content\">\n      <div class=\"mapa-tipus-allotjament\">Alojamentos<\/div>\n      <h3 class=\"titol-link-mapa\"><a href=\"https:\/\/elvendrellturisme.dms3labs.cat\/es\/recursos-turisticos\/la-bassa\/\">La Bassa<\/a><\/h3>\n      <div class=\"mapa-adreca\"><br\/>\n         \n      <\/div> \n      <div class=\"mapa-contacte\">\n        <a href=\"tel:\"><\/a> N\/A<br\/>\n        <a href=\"mailto:info@casitasdelarcoiris.com\" title=\"info@casitasdelarcoiris.com\">info@casitasdelarcoiris.com<\/a><br\/>\n       \n         N\/A\n      <\/div>\n      \n  <\/div>\n  <\/div><\/div>\n\t\t\n\t\t\n\t\t\t<div class=\"col-md-4\"> <div style=\"display:none\" class=\"wpv-addon-maps-marker js-wpv-addon-maps-marker js-wpv-addon-maps-marker-marker-37177 js-wpv-addon-maps-markerfor-recursos\" data-marker=\"marker-37177\" data-markertitle=\"La Calma Salada\" data-markerfor=\"recursos\" data-markerlat=\"41.176605\" data-markerlon=\"1.52557\" data-markericon=\"\/wp-content\/uploads\/marker-restaurants.png\" data-markericonhover=\"\" data-streetview=\"no\" data-fromview=\"\">\n\n\t<div class=\"mapa-tipus-allotjament-petit\">Restaurantes<\/div>\n\t<div class=\"titol-link-mapa-petit\"><a href=\"\/mapa\/#37177\">La Calma Salada<\/a><\/div>\n\t<div class=\"mapa-tipus-allotjament-petit\"><a href=\"\/mapa\/#37177\">+ info<\/a><\/div>\n\n<\/div>\n\n<div class=\"map-marker-general\"  id=\"37177\">\n  <div class=\"imatge-mapa\"><img decoding=\"async\" width=\"510\" height=\"382\" src=\"https:\/\/elvendrellturisme.dms3labs.cat\/wp-content\/uploads\/calmasalada-510x382.jpg\" class=\"attachment-et-pb-portfolio-module-image size-et-pb-portfolio-module-image wp-post-image\" alt=\"\" srcset=\"https:\/\/elvendrellturisme.dms3labs.cat\/wp-content\/uploads\/calmasalada-510x382.jpg 510w, https:\/\/elvendrellturisme.dms3labs.cat\/wp-content\/uploads\/calmasalada-480x492.jpg 480w\" sizes=\"(min-width: 0px) and (max-width: 480px) 480px, (min-width: 481px) 510px, 100vw\" title=\"\"><\/div>\n  \n\t<div class=\"map-marker-content\">\n      <div class=\"mapa-tipus-allotjament\">Restaurantes<\/div>\n      <h3 class=\"titol-link-mapa\"><a href=\"https:\/\/elvendrellturisme.dms3labs.cat\/es\/recursos-turisticos\/la-calma-salada\/\">La Calma Salada<\/a><\/h3>\n      <div class=\"mapa-adreca\">Port de Coma-ruga<br\/>\n        43880 Coma-ruga\n      <\/div> \n      <div class=\"mapa-contacte\">\n        <a href=\"tel:660263560\">660 26 35 60<\/a><br\/>\n         N\/A<br\/>\n       <a href=\"https:\/\/www.instagram.com\/lacalmasalada\/\" title=\"Visita la web\" target=\"_blank\" rel=\"noopener\">Visita la web<\/a>\n        \n      <\/div>\n      \n  <\/div>\n  <\/div><\/div>\n\t\t<\/div>\n\t\t\n\t\t\n\t\t<div class=\"row \">\n\t\t\t<div class=\"col-md-4\"> \n\n<div class=\"map-marker-general\"  id=\"25785\">\n  <div class=\"imatge-mapa\"><img decoding=\"async\" width=\"510\" height=\"382\" src=\"https:\/\/elvendrellturisme.dms3labs.cat\/wp-content\/uploads\/disseny-sense-titol-3-510x382.jpg\" class=\"attachment-et-pb-portfolio-module-image size-et-pb-portfolio-module-image default-featured-img\" alt=\"\" srcset=\"https:\/\/elvendrellturisme.dms3labs.cat\/wp-content\/uploads\/disseny-sense-titol-3-510x382.jpg 510w, https:\/\/elvendrellturisme.dms3labs.cat\/wp-content\/uploads\/disseny-sense-titol-3-480x480.jpg 480w\" sizes=\"(min-width: 0px) and (max-width: 480px) 480px, (min-width: 481px) 510px, 100vw\" title=\"\"><\/div>\n  \n\t<div class=\"map-marker-content\">\n      <div class=\"mapa-tipus-allotjament\">Alojamentos<\/div>\n      <h3 class=\"titol-link-mapa\"><a href=\"https:\/\/elvendrellturisme.dms3labs.cat\/es\/recursos-turisticos\/la-casa-de-juanjo-hutt-007302\/\">La Casa de Juanjo &#8211; HUTT-007302<\/a><\/h3>\n      <div class=\"mapa-adreca\">C\/ del Pou, 63<br\/>\n         43880 Sant Vicen\u00e7 de Calders\n      <\/div> \n      <div class=\"mapa-contacte\">\n        <a href=\"tel:+34977666163\">+34 977666163<\/a><br\/>\n        <a href=\"mailto:info@lacasadejuanjo.es\" title=\"info@lacasadejuanjo.es\">info@lacasadejuanjo.es<\/a><br\/>\n       <a href=\"https:\/\/www.lacasadejuanjo.es\" title=\"Visita la web\" target=\"_blank\" rel=\"noopener\">Visita la web<\/a>\n        \n      <\/div>\n      \n  <\/div>\n  <\/div><\/div>\n\t\t\n\t\t\n\t\t\t<div class=\"col-md-4\"> \n\n<div class=\"map-marker-general\"  id=\"25788\">\n  <div class=\"imatge-mapa\"><img decoding=\"async\" width=\"510\" height=\"382\" src=\"https:\/\/elvendrellturisme.dms3labs.cat\/wp-content\/uploads\/disseny-sense-titol-3-510x382.jpg\" class=\"attachment-et-pb-portfolio-module-image size-et-pb-portfolio-module-image default-featured-img\" alt=\"\" srcset=\"https:\/\/elvendrellturisme.dms3labs.cat\/wp-content\/uploads\/disseny-sense-titol-3-510x382.jpg 510w, https:\/\/elvendrellturisme.dms3labs.cat\/wp-content\/uploads\/disseny-sense-titol-3-480x480.jpg 480w\" sizes=\"(min-width: 0px) and (max-width: 480px) 480px, (min-width: 481px) 510px, 100vw\" title=\"\"><\/div>\n  \n\t<div class=\"map-marker-content\">\n      <div class=\"mapa-tipus-allotjament\">Alojamentos<\/div>\n      <h3 class=\"titol-link-mapa\"><a href=\"https:\/\/elvendrellturisme.dms3labs.cat\/es\/recursos-turisticos\/la-casita-del-jardin\/\">La Casita del Jard\u00edn<\/a><\/h3>\n      <div class=\"mapa-adreca\"><br\/>\n         \n      <\/div> \n      <div class=\"mapa-contacte\">\n        <a href=\"tel:\"><\/a> N\/A<br\/>\n        <a href=\"mailto:info@casitasdelarcoiris.com\" title=\"info@casitasdelarcoiris.com\">info@casitasdelarcoiris.com<\/a><br\/>\n       \n         N\/A\n      <\/div>\n      \n  <\/div>\n  <\/div><\/div>\n\t\t\n\t\t\n\t\t\t<div class=\"col-md-4\"> <div style=\"display:none\" class=\"wpv-addon-maps-marker js-wpv-addon-maps-marker js-wpv-addon-maps-marker-marker-26704 js-wpv-addon-maps-markerfor-recursos\" data-marker=\"marker-26704\" data-markertitle=\"La Cuina de la Marga\" data-markerfor=\"recursos\" data-markerlat=\"41.182891\" data-markerlon=\"1.538046\" data-markericon=\"\/wp-content\/uploads\/marker-restaurants.png\" data-markericonhover=\"\" data-streetview=\"no\" data-fromview=\"\">\n\n\t<div class=\"mapa-tipus-allotjament-petit\">Restaurantes<\/div>\n\t<div class=\"titol-link-mapa-petit\"><a href=\"\/mapa\/#26704\">La Cuina de la Marga<\/a><\/div>\n\t<div class=\"mapa-tipus-allotjament-petit\"><a href=\"\/mapa\/#26704\">+ info<\/a><\/div>\n\n<\/div>\n\n<div class=\"map-marker-general\"  id=\"26704\">\n  <div class=\"imatge-mapa\"><img decoding=\"async\" width=\"510\" height=\"382\" src=\"https:\/\/elvendrellturisme.dms3labs.cat\/wp-content\/uploads\/33163143-1174802786003099-755021573798232064-n-510x382.jpg\" class=\"attachment-et-pb-portfolio-module-image size-et-pb-portfolio-module-image wp-post-image\" alt=\"\" title=\"\"><\/div>\n  \n\t<div class=\"map-marker-content\">\n      <div class=\"mapa-tipus-allotjament\">Restaurantes<\/div>\n      <h3 class=\"titol-link-mapa\"><a href=\"https:\/\/elvendrellturisme.dms3labs.cat\/es\/recursos-turisticos\/la-cuina-de-la-marga\/\">La Cuina de la Marga<\/a><\/h3>\n      <div class=\"mapa-adreca\">Passeig Mar\u00edtim de Joan Revent\u00f3s, 50<br\/>\n        43880 Sant Salvador\n      <\/div> \n      <div class=\"mapa-contacte\">\n        <a href=\"tel:977681579\/640692909\">977 68 15 79 \/ 640 69 29 09<\/a><br\/>\n        <a href=\"mailto:morpi@xtec.cat\" title=\"morpi@xtec.cat\">morpi@xtec.cat<\/a><br\/>\n       <a href=\"https:\/\/morpi4.wixsite.com\/la-cuina-de-la-marga\" title=\"Visita la web\" target=\"_blank\" rel=\"noopener\">Visita la web<\/a>\n        \n      <\/div>\n      <img decoding=\"async\" src=\"\/wp-content\/uploads\/turisme-familiar.png\" alt=\"\" title=\"\">\n  <\/div>\n  <\/div><\/div>\n\t\t<\/div>\n\t\t\n\t\t\n\t\t<div class=\"row \">\n\t\t\t<div class=\"col-md-4\"> <div style=\"display:none\" class=\"wpv-addon-maps-marker js-wpv-addon-maps-marker js-wpv-addon-maps-marker-marker-37463 js-wpv-addon-maps-markerfor-recursos\" data-marker=\"marker-37463\" data-markertitle=\"La F\u00e0brica del pernil\" data-markerfor=\"recursos\" data-markerlat=\"41.220357\" data-markerlon=\"1.536591\" data-markericon=\"\/wp-content\/uploads\/marker-restaurants.png\" data-markericonhover=\"\" data-streetview=\"no\" data-fromview=\"\">\n\n\t<div class=\"mapa-tipus-allotjament-petit\">Restaurantes<\/div>\n\t<div class=\"titol-link-mapa-petit\"><a href=\"\/mapa\/#37463\">La F\u00e0brica del pernil<\/a><\/div>\n\t<div class=\"mapa-tipus-allotjament-petit\"><a href=\"\/mapa\/#37463\">+ info<\/a><\/div>\n\n<\/div>\n\n<div class=\"map-marker-general\"  id=\"37463\">\n  <div class=\"imatge-mapa\"><img decoding=\"async\" width=\"510\" height=\"382\" src=\"https:\/\/elvendrellturisme.dms3labs.cat\/wp-content\/uploads\/disseny-sense-titol-3-510x382.jpg\" class=\"attachment-et-pb-portfolio-module-image size-et-pb-portfolio-module-image default-featured-img\" alt=\"\" srcset=\"https:\/\/elvendrellturisme.dms3labs.cat\/wp-content\/uploads\/disseny-sense-titol-3-510x382.jpg 510w, https:\/\/elvendrellturisme.dms3labs.cat\/wp-content\/uploads\/disseny-sense-titol-3-480x480.jpg 480w\" sizes=\"(min-width: 0px) and (max-width: 480px) 480px, (min-width: 481px) 510px, 100vw\" title=\"\"><\/div>\n  \n\t<div class=\"map-marker-content\">\n      <div class=\"mapa-tipus-allotjament\">Restaurantes<\/div>\n      <h3 class=\"titol-link-mapa\"><a href=\"https:\/\/elvendrellturisme.dms3labs.cat\/es\/recursos-turisticos\/la-fabrica-del-pernil\/\">La F\u00e0brica del pernil<\/a><\/h3>\n      <div class=\"mapa-adreca\">La Rambla, 14<br\/>\n        43700 El Vendrell\n      <\/div> \n      <div class=\"mapa-contacte\">\n        <a href=\"tel:????????????????????????????????????\">???????????? ???????????? ????????????<\/a><br\/>\n         N\/A<br\/>\n       <a href=\"https:\/\/www.instagram.com\/lafabrica_gastrobar\/?hl=es\" title=\"Visita la web\" target=\"_blank\" rel=\"noopener\">Visita la web<\/a>\n        \n      <\/div>\n      \n  <\/div>\n  <\/div><\/div>\n\t\t\n\t\t\n\t\t\t<div class=\"col-md-4\"> <div style=\"display:none\" class=\"wpv-addon-maps-marker js-wpv-addon-maps-marker js-wpv-addon-maps-marker-marker-25972 js-wpv-addon-maps-markerfor-recursos\" data-marker=\"marker-25972\" data-markertitle=\"La Jijonenca de Coma-ruga\" data-markerfor=\"recursos\" data-markerlat=\"41.181297\" data-markerlon=\"1.526434\" data-markericon=\"\/wp-content\/uploads\/marker-restaurants.png\" data-markericonhover=\"\" data-streetview=\"no\" data-fromview=\"\">\n\n\t<div class=\"mapa-tipus-allotjament-petit\">Restaurantes<\/div>\n\t<div class=\"titol-link-mapa-petit\"><a href=\"\/mapa\/#25972\">La Jijonenca de Coma-ruga<\/a><\/div>\n\t<div class=\"mapa-tipus-allotjament-petit\"><a href=\"\/mapa\/#25972\">+ info<\/a><\/div>\n\n<\/div>\n\n<div class=\"map-marker-general\"  id=\"25972\">\n  <div class=\"imatge-mapa\"><img decoding=\"async\" width=\"510\" height=\"382\" src=\"https:\/\/elvendrellturisme.dms3labs.cat\/wp-content\/uploads\/disseny-sense-titol14-510x382.jpg\" class=\"attachment-et-pb-portfolio-module-image size-et-pb-portfolio-module-image wp-post-image\" alt=\"\" srcset=\"https:\/\/elvendrellturisme.dms3labs.cat\/wp-content\/uploads\/disseny-sense-titol14-510x382.jpg 510w, https:\/\/elvendrellturisme.dms3labs.cat\/wp-content\/uploads\/disseny-sense-titol14-480x480.jpg 480w\" sizes=\"(min-width: 0px) and (max-width: 480px) 480px, (min-width: 481px) 510px, 100vw\" title=\"\"><\/div>\n  \n\t<div class=\"map-marker-content\">\n      <div class=\"mapa-tipus-allotjament\">Restaurantes<\/div>\n      <h3 class=\"titol-link-mapa\"><a href=\"https:\/\/elvendrellturisme.dms3labs.cat\/es\/recursos-turisticos\/heladeria-la-jijonenca\/\">La Jijonenca de Coma-ruga<\/a><\/h3>\n      <div class=\"mapa-adreca\">Passeig Mar\u00edtim, 20-22<br\/>\n        43880 Coma-ruga\n      <\/div> \n      <div class=\"mapa-contacte\">\n        <a href=\"tel:977680526\">977 68 05 26<\/a><br\/>\n         N\/A<br\/>\n       <a href=\"https:\/\/www.instagram.com\/lajijodelpasseig\/?hl=es\" title=\"Visita la web\" target=\"_blank\" rel=\"noopener\">Visita la web<\/a>\n        \n      <\/div>\n      \n  <\/div>\n  <\/div><\/div>\n\t\t\n\t\t\n\t\t\t<div class=\"col-md-4\"> <div style=\"display:none\" class=\"wpv-addon-maps-marker js-wpv-addon-maps-marker js-wpv-addon-maps-marker-marker-29304 js-wpv-addon-maps-markerfor-recursos\" data-marker=\"marker-29304\" data-markertitle=\"La Jijonenca del Llac\" data-markerfor=\"recursos\" data-markerlat=\"41.181424\" data-markerlon=\"1.524508\" data-markericon=\"\/wp-content\/uploads\/marker-restaurants.png\" data-markericonhover=\"\" data-streetview=\"no\" data-fromview=\"\">\n\n\t<div class=\"mapa-tipus-allotjament-petit\">Restaurantes<\/div>\n\t<div class=\"titol-link-mapa-petit\"><a href=\"\/mapa\/#29304\">La Jijonenca del Llac<\/a><\/div>\n\t<div class=\"mapa-tipus-allotjament-petit\"><a href=\"\/mapa\/#29304\">+ info<\/a><\/div>\n\n<\/div>\n\n<div class=\"map-marker-general\"  id=\"29304\">\n  <div class=\"imatge-mapa\"><img decoding=\"async\" width=\"510\" height=\"382\" src=\"https:\/\/elvendrellturisme.dms3labs.cat\/wp-content\/uploads\/la-jijo-del-llac-510x382.jpg\" class=\"attachment-et-pb-portfolio-module-image size-et-pb-portfolio-module-image wp-post-image\" alt=\"\" srcset=\"https:\/\/elvendrellturisme.dms3labs.cat\/wp-content\/uploads\/la-jijo-del-llac-510x382.jpg 510w, https:\/\/elvendrellturisme.dms3labs.cat\/wp-content\/uploads\/la-jijo-del-llac-480x477.jpg 480w\" sizes=\"(min-width: 0px) and (max-width: 480px) 480px, (min-width: 481px) 510px, 100vw\" title=\"\"><\/div>\n  \n\t<div class=\"map-marker-content\">\n      <div class=\"mapa-tipus-allotjament\">Restaurantes<\/div>\n      <h3 class=\"titol-link-mapa\"><a href=\"https:\/\/elvendrellturisme.dms3labs.cat\/es\/recursos-turisticos\/la-jijonenca-del-llac\/\">La Jijonenca del Llac<\/a><\/h3>\n      <div class=\"mapa-adreca\">Avinguda del Balneari, 2<br\/>\n        43880 Coma-ruga\n      <\/div> \n      <div class=\"mapa-contacte\">\n        <a href=\"tel:654312007\">654 31 20 07<\/a><br\/>\n         N\/A<br\/>\n       <a href=\"https:\/\/www.instagram.com\/lajijodelllac\/?hl=es\" title=\"Visita la web\" target=\"_blank\" rel=\"noopener\">Visita la web<\/a>\n        \n      <\/div>\n      \n  <\/div>\n  <\/div><\/div>\n\t\t<\/div>\n\t\t\n\t\t\n\t\t<div class=\"row \">\n\t\t\t<div class=\"col-md-4\"> \n\n<div class=\"map-marker-general\"  id=\"25789\">\n  <div class=\"imatge-mapa\"><img decoding=\"async\" width=\"510\" height=\"382\" src=\"https:\/\/elvendrellturisme.dms3labs.cat\/wp-content\/uploads\/disseny-sense-titol-3-510x382.jpg\" class=\"attachment-et-pb-portfolio-module-image size-et-pb-portfolio-module-image default-featured-img\" alt=\"\" srcset=\"https:\/\/elvendrellturisme.dms3labs.cat\/wp-content\/uploads\/disseny-sense-titol-3-510x382.jpg 510w, https:\/\/elvendrellturisme.dms3labs.cat\/wp-content\/uploads\/disseny-sense-titol-3-480x480.jpg 480w\" sizes=\"(min-width: 0px) and (max-width: 480px) 480px, (min-width: 481px) 510px, 100vw\" title=\"\"><\/div>\n  \n\t<div class=\"map-marker-content\">\n      <div class=\"mapa-tipus-allotjament\">Alojamentos<\/div>\n      <h3 class=\"titol-link-mapa\"><a href=\"https:\/\/elvendrellturisme.dms3labs.cat\/es\/recursos-turisticos\/la-vaqueria\/\">La Vaqueria<\/a><\/h3>\n      <div class=\"mapa-adreca\"><br\/>\n         \n      <\/div> \n      <div class=\"mapa-contacte\">\n        <a href=\"tel:\"><\/a> N\/A<br\/>\n        <a href=\"mailto:info@casitasdelarcoiris.com\" title=\"info@casitasdelarcoiris.com\">info@casitasdelarcoiris.com<\/a><br\/>\n       \n         N\/A\n      <\/div>\n      \n  <\/div>\n  <\/div><\/div>\n\t\t\n\t\t\n\t\t\t<div class=\"col-md-4\"> <div style=\"display:none\" class=\"wpv-addon-maps-marker js-wpv-addon-maps-marker js-wpv-addon-maps-marker-marker-36738 js-wpv-addon-maps-markerfor-recursos\" data-marker=\"marker-36738\" data-markertitle=\"La Verema\" data-markerfor=\"recursos\" data-markerlat=\"41.181217\" data-markerlon=\"1.526816\" data-markericon=\"\/wp-content\/uploads\/marker-restaurants.png\" data-markericonhover=\"\" data-streetview=\"no\" data-fromview=\"\">\n\n\t<div class=\"mapa-tipus-allotjament-petit\">Restaurantes<\/div>\n\t<div class=\"titol-link-mapa-petit\"><a href=\"\/mapa\/#36738\">La Verema<\/a><\/div>\n\t<div class=\"mapa-tipus-allotjament-petit\"><a href=\"\/mapa\/#36738\">+ info<\/a><\/div>\n\n<\/div>\n\n<div class=\"map-marker-general\"  id=\"36738\">\n  <div class=\"imatge-mapa\"><img decoding=\"async\" width=\"510\" height=\"382\" src=\"https:\/\/elvendrellturisme.dms3labs.cat\/wp-content\/uploads\/105978867-2817829055117080-8558857611971545200-n-510x382.jpg\" class=\"attachment-et-pb-portfolio-module-image size-et-pb-portfolio-module-image wp-post-image\" alt=\"\" title=\"\"><\/div>\n  \n\t<div class=\"map-marker-content\">\n      <div class=\"mapa-tipus-allotjament\">Restaurantes<\/div>\n      <h3 class=\"titol-link-mapa\"><a href=\"https:\/\/elvendrellturisme.dms3labs.cat\/es\/recursos-turisticos\/la-verema\/\">La Verema<\/a><\/h3>\n      <div class=\"mapa-adreca\">Passeig Mar\u00edtim de Coma-ruga, 17<br\/>\n        43880 Coma-ruga\n      <\/div> \n      <div class=\"mapa-contacte\">\n        <a href=\"tel:977680004\/661217544\">977 680 004 \/ 661 217 544<\/a><br\/>\n         N\/A<br\/>\n       <a href=\"https:\/\/www.facebook.com\/laveremarest\/?ref=page_internal\" title=\"Visita la web\" target=\"_blank\" rel=\"noopener\">Visita la web<\/a>\n        \n      <\/div>\n      \n  <\/div>\n  <\/div><\/div>\n\t\t\n\t\t\n\t\t\t<div class=\"col-md-4\"> <div style=\"display:none\" class=\"wpv-addon-maps-marker js-wpv-addon-maps-marker js-wpv-addon-maps-marker-marker-25753 js-wpv-addon-maps-markerfor-recursos\" data-marker=\"marker-25753\" data-markertitle=\"Le Meridien Ra Beach Hotel &#038; Spa\" data-markerfor=\"recursos\" data-markerlat=\"41.186466\" data-markerlon=\"1.562943\" data-markericon=\"\/wp-content\/uploads\/marker-allotjaments.png\" data-markericonhover=\"\" data-streetview=\"no\" data-fromview=\"\">\n\n\t<div class=\"mapa-tipus-allotjament-petit\">Alojamentos<\/div>\n\t<div class=\"titol-link-mapa-petit\"><a href=\"\/mapa\/#25753\">Le Meridien Ra Beach Hotel &#038; Spa<\/a><\/div>\n\t<div class=\"mapa-tipus-allotjament-petit\"><a href=\"\/mapa\/#25753\">+ info<\/a><\/div>\n\n<\/div>\n\n<div class=\"map-marker-general\"  id=\"25753\">\n  <div class=\"imatge-mapa\"><img decoding=\"async\" width=\"510\" height=\"382\" src=\"https:\/\/elvendrellturisme.dms3labs.cat\/wp-content\/uploads\/2021\/02\/Hotel-Le-Meridien-Ra-510x382.jpg\" class=\"attachment-et-pb-portfolio-module-image size-et-pb-portfolio-module-image wp-post-image\" alt=\"\" title=\"\"><\/div>\n  \n\t<div class=\"map-marker-content\">\n      <div class=\"mapa-tipus-allotjament\">Alojamentos<\/div>\n      <h3 class=\"titol-link-mapa\"><a href=\"https:\/\/elvendrellturisme.dms3labs.cat\/es\/recursos-turisticos\/le-meridien-ra-beach-hotel-spa-ht-000781\/\">Le Meridien Ra Beach Hotel &#038; Spa<\/a><\/h3>\n      <div class=\"mapa-adreca\">Avinguda del Sanatori, 1<br\/>\n        43880 Sant Salvador\n      <\/div> \n      <div class=\"mapa-contacte\">\n        <a href=\"tel:977694200\">977 694 200<\/a><br\/>\n        <a href=\"mailto:ra@lemeridien.com\" title=\"ra@lemeridien.com\">ra@lemeridien.com<\/a><br\/>\n       <a href=\"https:\/\/www.lemeridienra.cat\/\" title=\"Visita la web\" target=\"_blank\" rel=\"noopener\">Visita la web<\/a>\n        \n      <\/div>\n      \n  <\/div>\n  <\/div><\/div>\n\t\t<\/div>\n\t\t\n\t\t\n\t\t<div class=\"row \">\n\t\t\t<div class=\"col-md-4\"> <div style=\"display:none\" class=\"wpv-addon-maps-marker js-wpv-addon-maps-marker js-wpv-addon-maps-marker-marker-25783 js-wpv-addon-maps-markerfor-recursos\" data-marker=\"marker-25783\" data-markertitle=\"Masia Puig-Adoll\" data-markerfor=\"recursos\" data-markerlat=\"41.334855\" data-markerlon=\"1.431256\" data-markericon=\"\/wp-content\/uploads\/marker-allotjaments.png\" data-markericonhover=\"\" data-streetview=\"no\" data-fromview=\"\">\n\n\t<div class=\"mapa-tipus-allotjament-petit\">Alojamentos<\/div>\n\t<div class=\"titol-link-mapa-petit\"><a href=\"\/mapa\/#25783\">Masia Puig-Adoll<\/a><\/div>\n\t<div class=\"mapa-tipus-allotjament-petit\"><a href=\"\/mapa\/#25783\">+ info<\/a><\/div>\n\n<\/div>\n\n<div class=\"map-marker-general\"  id=\"25783\">\n  <div class=\"imatge-mapa\"><img decoding=\"async\" width=\"510\" height=\"382\" src=\"https:\/\/elvendrellturisme.dms3labs.cat\/wp-content\/uploads\/disseny-sense-titol5-510x382.jpg\" class=\"attachment-et-pb-portfolio-module-image size-et-pb-portfolio-module-image wp-post-image\" alt=\"\" srcset=\"https:\/\/elvendrellturisme.dms3labs.cat\/wp-content\/uploads\/disseny-sense-titol5-510x382.jpg 510w, https:\/\/elvendrellturisme.dms3labs.cat\/wp-content\/uploads\/disseny-sense-titol5-480x480.jpg 480w\" sizes=\"(min-width: 0px) and (max-width: 480px) 480px, (min-width: 481px) 510px, 100vw\" title=\"\"><\/div>\n  \n\t<div class=\"map-marker-content\">\n      <div class=\"mapa-tipus-allotjament\">Alojamentos<\/div>\n      <h3 class=\"titol-link-mapa\"><a href=\"https:\/\/elvendrellturisme.dms3labs.cat\/es\/recursos-turisticos\/masia-puig-adoll\/\">Masia Puig-Adoll<\/a><\/h3>\n      <div class=\"mapa-adreca\">Crta. d'Aigua Viva TV 2443 Km. 9, a 15 min sortida 11<br\/>\n        43812 Vila-rodona\n      <\/div> \n      <div class=\"mapa-contacte\">\n        <a href=\"tel:639331924\">639331924<\/a><br\/>\n        <a href=\"mailto:info@masiapuigadoll.com\" title=\"info@masiapuigadoll.com\">info@masiapuigadoll.com<\/a><br\/>\n       <a href=\"https:\/\/masiapuigadoll.com\" title=\"Visita la web\" target=\"_blank\" rel=\"noopener\">Visita la web<\/a>\n        \n      <\/div>\n      \n  <\/div>\n  <\/div><\/div>\n\t\t\n\t\t\n\t\t\t<div class=\"col-md-4\"> <div style=\"display:none\" class=\"wpv-addon-maps-marker js-wpv-addon-maps-marker js-wpv-addon-maps-marker-marker-28680 js-wpv-addon-maps-markerfor-recursos\" data-marker=\"marker-28680\" data-markertitle=\"M\u00f3n La Bassa\" data-markerfor=\"recursos\" data-markerlat=\"41.199916\" data-markerlon=\"1.53913\" data-markericon=\"\/wp-content\/uploads\/marker-turisme-oci.png\" data-markericonhover=\"\" data-streetview=\"no\" data-fromview=\"\">\n\n\t<div class=\"mapa-tipus-allotjament-petit\">Turismo y ocio<\/div>\n\t<div class=\"titol-link-mapa-petit\"><a href=\"\/mapa\/#28680\">M\u00f3n La Bassa<\/a><\/div>\n\t<div class=\"mapa-tipus-allotjament-petit\"><a href=\"\/mapa\/#28680\">+ info<\/a><\/div>\n\n<\/div>\n\n<div class=\"map-marker-general\"  id=\"28680\">\n  <div class=\"imatge-mapa\"><img decoding=\"async\" width=\"510\" height=\"382\" src=\"https:\/\/elvendrellturisme.dms3labs.cat\/wp-content\/uploads\/201579059-358569682432275-5376832409474834339-n-510x382.jpg\" class=\"attachment-et-pb-portfolio-module-image size-et-pb-portfolio-module-image wp-post-image\" alt=\"\" srcset=\"https:\/\/elvendrellturisme.dms3labs.cat\/wp-content\/uploads\/201579059-358569682432275-5376832409474834339-n-510x382.jpg 510w, https:\/\/elvendrellturisme.dms3labs.cat\/wp-content\/uploads\/201579059-358569682432275-5376832409474834339-n-480x360.jpg 480w\" sizes=\"(min-width: 0px) and (max-width: 480px) 480px, (min-width: 481px) 510px, 100vw\" title=\"\"><\/div>\n  \n\t<div class=\"map-marker-content\">\n      <div class=\"mapa-tipus-allotjament\">Turismo y ocio<\/div>\n      <h3 class=\"titol-link-mapa\"><a href=\"https:\/\/elvendrellturisme.dms3labs.cat\/es\/recursos-turisticos\/mon-la-bassa\/\">M\u00f3n La Bassa<\/a><\/h3>\n      <div class=\"mapa-adreca\">Cam\u00ed Vell de Sant Salvador<br\/>\n        43700 El Vendrell\n      <\/div> \n      <div class=\"mapa-contacte\">\n        <a href=\"tel:\"><\/a> N\/A<br\/>\n         N\/A<br\/>\n       <a href=\"https:\/\/monlabassa.org\/es\/\" title=\"Visita la web\" target=\"_blank\" rel=\"noopener\">Visita la web<\/a>\n        \n      <\/div>\n      <img decoding=\"async\" src=\"\/wp-content\/uploads\/turisme-familiar.png\" alt=\"\" title=\"\">\n  <\/div>\n  <\/div><\/div>\n\t\t\n\t\t\n\t\t\t<div class=\"col-md-4\"> <div style=\"display:none\" class=\"wpv-addon-maps-marker js-wpv-addon-maps-marker js-wpv-addon-maps-marker-marker-37495 js-wpv-addon-maps-markerfor-recursos\" data-marker=\"marker-37495\" data-markertitle=\"Monet&#8217;s brunch\" data-markerfor=\"recursos\" data-markerlat=\"41.220588\" data-markerlon=\"1.535393\" data-markericon=\"\/wp-content\/uploads\/marker-restaurants.png\" data-markericonhover=\"\" data-streetview=\"no\" data-fromview=\"\">\n\n\t<div class=\"mapa-tipus-allotjament-petit\">Restaurantes<\/div>\n\t<div class=\"titol-link-mapa-petit\"><a href=\"\/mapa\/#37495\">Monet&#8217;s brunch<\/a><\/div>\n\t<div class=\"mapa-tipus-allotjament-petit\"><a href=\"\/mapa\/#37495\">+ info<\/a><\/div>\n\n<\/div>\n\n<div class=\"map-marker-general\"  id=\"37495\">\n  <div class=\"imatge-mapa\"><img decoding=\"async\" width=\"510\" height=\"382\" src=\"https:\/\/elvendrellturisme.dms3labs.cat\/wp-content\/uploads\/disseny-sense-titol30-510x382.jpg\" class=\"attachment-et-pb-portfolio-module-image size-et-pb-portfolio-module-image wp-post-image\" alt=\"\" srcset=\"https:\/\/elvendrellturisme.dms3labs.cat\/wp-content\/uploads\/disseny-sense-titol30-510x382.jpg 510w, https:\/\/elvendrellturisme.dms3labs.cat\/wp-content\/uploads\/disseny-sense-titol30-480x480.jpg 480w\" sizes=\"(min-width: 0px) and (max-width: 480px) 480px, (min-width: 481px) 510px, 100vw\" title=\"\"><\/div>\n  \n\t<div class=\"map-marker-content\">\n      <div class=\"mapa-tipus-allotjament\">Restaurantes<\/div>\n      <h3 class=\"titol-link-mapa\"><a href=\"https:\/\/elvendrellturisme.dms3labs.cat\/es\/recursos-turisticos\/monets-brunch\/\">Monet&#8217;s brunch<\/a><\/h3>\n      <div class=\"mapa-adreca\">Carrer de Jaume I, 9<br\/>\n        43700 El Vendrell\n      <\/div> \n      <div class=\"mapa-contacte\">\n        <a href=\"tel:665407147\">665 407 147<\/a><br\/>\n         N\/A<br\/>\n       <a href=\"https:\/\/www.instagram.com\/monetsbrunch\/\" title=\"Visita la web\" target=\"_blank\" rel=\"noopener\">Visita la web<\/a>\n        \n      <\/div>\n      \n  <\/div>\n  <\/div><\/div>\n\t\t<\/div>\n\t\t\n\t\t\n\t\t<div class=\"row \">\n\t\t\t<div class=\"col-md-4\"> <div style=\"display:none\" class=\"wpv-addon-maps-marker js-wpv-addon-maps-marker js-wpv-addon-maps-marker-marker-25921 js-wpv-addon-maps-markerfor-recursos\" data-marker=\"marker-25921\" data-markertitle=\"Museo Apel\u00b7les Fenosa\" data-markerfor=\"recursos\" data-markerlat=\"41.219951\" data-markerlon=\"1.53405\" data-markericon=\"\/wp-content\/uploads\/marker-museus.png\" data-markericonhover=\"\" data-streetview=\"no\" data-fromview=\"\">\n\n\t<div class=\"mapa-tipus-allotjament-petit\">Museos<\/div>\n\t<div class=\"titol-link-mapa-petit\"><a href=\"\/mapa\/#25921\">Museo Apel\u00b7les Fenosa<\/a><\/div>\n\t<div class=\"mapa-tipus-allotjament-petit\"><a href=\"\/mapa\/#25921\">+ info<\/a><\/div>\n\n<\/div>\n\n<div class=\"map-marker-general\"  id=\"25921\">\n  <div class=\"imatge-mapa\"><img decoding=\"async\" width=\"510\" height=\"382\" src=\"https:\/\/elvendrellturisme.dms3labs.cat\/wp-content\/uploads\/IMG_3201-510x382.jpg\" class=\"attachment-et-pb-portfolio-module-image size-et-pb-portfolio-module-image wp-post-image\" alt=\"\" title=\"\"><\/div>\n  \n\t<div class=\"map-marker-content\">\n      <div class=\"mapa-tipus-allotjament\">Museos<\/div>\n      <h3 class=\"titol-link-mapa\"><a href=\"https:\/\/elvendrellturisme.dms3labs.cat\/es\/recursos-turisticos\/fundacion-apel%c2%b7les-fenosa\/\">Museo Apel\u00b7les Fenosa<\/a><\/h3>\n      <div class=\"mapa-adreca\">Carrer Major, 25<br\/>\n        43700 El Vendrell\n      <\/div> \n      <div class=\"mapa-contacte\">\n        <a href=\"tel:+34977154192\">+34 977 15 41 92<\/a><br\/>\n        <a href=\"mailto:mail@fundaciofenosa.org\" title=\"mail@fundaciofenosa.org\">mail@fundaciofenosa.org<\/a><br\/>\n       <a href=\"https:\/\/www.fundaciofenosa.org\/\" title=\"Visita la web\" target=\"_blank\" rel=\"noopener\">Visita la web<\/a>\n        \n      <\/div>\n      \n  <\/div>\n  <\/div><\/div>\n\t\t\n\t\t\n\t\t\t<div class=\"col-md-4\"> <div style=\"display:none\" class=\"wpv-addon-maps-marker js-wpv-addon-maps-marker js-wpv-addon-maps-marker-marker-25916 js-wpv-addon-maps-markerfor-recursos\" data-marker=\"marker-25916\" data-markertitle=\"Museo de Pau Casals\" data-markerfor=\"recursos\" data-markerlat=\"41.183533\" data-markerlon=\"1.541298\" data-markericon=\"\/wp-content\/uploads\/marker-museus.png\" data-markericonhover=\"\" data-streetview=\"no\" data-fromview=\"\">\n\n\t<div class=\"mapa-tipus-allotjament-petit\">Museos<\/div>\n\t<div class=\"titol-link-mapa-petit\"><a href=\"\/mapa\/#25916\">Museo de Pau Casals<\/a><\/div>\n\t<div class=\"mapa-tipus-allotjament-petit\"><a href=\"\/mapa\/#25916\">+ info<\/a><\/div>\n\n<\/div>\n\n<div class=\"map-marker-general\"  id=\"25916\">\n  <div class=\"imatge-mapa\"><img decoding=\"async\" width=\"510\" height=\"382\" src=\"https:\/\/elvendrellturisme.dms3labs.cat\/wp-content\/uploads\/carles-fortuny-1-510x382.jpg\" class=\"attachment-et-pb-portfolio-module-image size-et-pb-portfolio-module-image wp-post-image\" alt=\"\" title=\"\"><\/div>\n  \n\t<div class=\"map-marker-content\">\n      <div class=\"mapa-tipus-allotjament\">Museos<\/div>\n      <h3 class=\"titol-link-mapa\"><a href=\"https:\/\/elvendrellturisme.dms3labs.cat\/es\/recursos-turisticos\/museo-de-pau-casals\/\">Museo de Pau Casals<\/a><\/h3>\n      <div class=\"mapa-adreca\">Avinguda Palfuriana, 67<br\/>\n        43880 Sant Salvador\n      <\/div> \n      <div class=\"mapa-contacte\">\n        <a href=\"tel:977684276\">977 68 42 76<\/a><br\/>\n        <a href=\"mailto:museu@paucasals.org\" title=\"museu@paucasals.org\">museu@paucasals.org<\/a><br\/>\n       <a href=\"https:\/\/www.paucasals.org\/visita\/\" title=\"Visita la web\" target=\"_blank\" rel=\"noopener\">Visita la web<\/a>\n        \n      <\/div>\n      <img decoding=\"async\" src=\"\/wp-content\/uploads\/turisme-familiar.png\" alt=\"\" title=\"\">\n  <\/div>\n  <\/div><\/div>\n\t\t\n\t\t\n\t\t\t<div class=\"col-md-4\"> <div style=\"display:none\" class=\"wpv-addon-maps-marker js-wpv-addon-maps-marker js-wpv-addon-maps-marker-marker-25917 js-wpv-addon-maps-markerfor-recursos\" data-marker=\"marker-25917\" data-markertitle=\"Museu Deu\" data-markerfor=\"recursos\" data-markerlat=\"41.221539\" data-markerlon=\"1.534339\" data-markericon=\"\/wp-content\/uploads\/marker-museus.png\" data-markericonhover=\"\" data-streetview=\"no\" data-fromview=\"\">\n\n\t<div class=\"mapa-tipus-allotjament-petit\">Museos<\/div>\n\t<div class=\"titol-link-mapa-petit\"><a href=\"\/mapa\/#25917\">Museu Deu<\/a><\/div>\n\t<div class=\"mapa-tipus-allotjament-petit\"><a href=\"\/mapa\/#25917\">+ info<\/a><\/div>\n\n<\/div>\n\n<div class=\"map-marker-general\"  id=\"25917\">\n  <div class=\"imatge-mapa\"><img decoding=\"async\" width=\"510\" height=\"382\" src=\"https:\/\/elvendrellturisme.dms3labs.cat\/wp-content\/uploads\/IMG_1935-510x382.jpg\" class=\"attachment-et-pb-portfolio-module-image size-et-pb-portfolio-module-image wp-post-image\" alt=\"\" title=\"\"><\/div>\n  \n\t<div class=\"map-marker-content\">\n      <div class=\"mapa-tipus-allotjament\">Museos<\/div>\n      <h3 class=\"titol-link-mapa\"><a href=\"https:\/\/elvendrellturisme.dms3labs.cat\/es\/recursos-turisticos\/museu-deu\/\">Museu Deu<\/a><\/h3>\n      <div class=\"mapa-adreca\">Pla\u00e7a Nova, 6<br\/>\n        43700 El Vendrell\n      <\/div> \n      <div class=\"mapa-contacte\">\n        <a href=\"tel:+34977666308\">+34 977 66 63 08<\/a><br\/>\n        <a href=\"mailto:museudeu@elvendrell.net\" title=\"museudeu@elvendrell.net\">museudeu@elvendrell.net<\/a><br\/>\n       <a href=\"https:\/\/museus.elvendrell.net\/museu-deu\/\" title=\"Visita la web\" target=\"_blank\" rel=\"noopener\">Visita la web<\/a>\n        \n      <\/div>\n      <img decoding=\"async\" src=\"\/wp-content\/uploads\/turisme-familiar.png\" alt=\"\" title=\"\">\n  <\/div>\n  <\/div><\/div>\n\t\t<\/div>\n\t\t\n\t\t\n\t\t<div class=\"row \">\n\t\t\t<div class=\"col-md-4\"> <div style=\"display:none\" class=\"wpv-addon-maps-marker js-wpv-addon-maps-marker js-wpv-addon-maps-marker-marker-37157 js-wpv-addon-maps-markerfor-recursos\" data-marker=\"marker-37157\" data-markertitle=\"New Niger\" data-markerfor=\"recursos\" data-markerlat=\"41.183171\" data-markerlon=\"1.522438\" data-markericon=\"\/wp-content\/uploads\/marker-restaurants.png\" data-markericonhover=\"\" data-streetview=\"no\" data-fromview=\"\">\n\n\t<div class=\"mapa-tipus-allotjament-petit\">Restaurantes<\/div>\n\t<div class=\"titol-link-mapa-petit\"><a href=\"\/mapa\/#37157\">New Niger<\/a><\/div>\n\t<div class=\"mapa-tipus-allotjament-petit\"><a href=\"\/mapa\/#37157\">+ info<\/a><\/div>\n\n<\/div>\n\n<div class=\"map-marker-general\"  id=\"37157\">\n  <div class=\"imatge-mapa\"><img decoding=\"async\" width=\"510\" height=\"382\" src=\"https:\/\/elvendrellturisme.dms3labs.cat\/wp-content\/uploads\/disseny-sense-titol16-3-510x382.jpg\" class=\"attachment-et-pb-portfolio-module-image size-et-pb-portfolio-module-image wp-post-image\" alt=\"\" srcset=\"https:\/\/elvendrellturisme.dms3labs.cat\/wp-content\/uploads\/disseny-sense-titol16-3-510x382.jpg 510w, https:\/\/elvendrellturisme.dms3labs.cat\/wp-content\/uploads\/disseny-sense-titol16-3-480x480.jpg 480w\" sizes=\"(min-width: 0px) and (max-width: 480px) 480px, (min-width: 481px) 510px, 100vw\" title=\"\"><\/div>\n  \n\t<div class=\"map-marker-content\">\n      <div class=\"mapa-tipus-allotjament\">Restaurantes<\/div>\n      <h3 class=\"titol-link-mapa\"><a href=\"https:\/\/elvendrellturisme.dms3labs.cat\/es\/recursos-turisticos\/new-niger\/\">New Niger<\/a><\/h3>\n      <div class=\"mapa-adreca\">Carrer dels Arcs, 19<br\/>\n        43880 Coma-ruga\n      <\/div> \n      <div class=\"mapa-contacte\">\n        <a href=\"tel:631660135\">631 660 135<\/a><br\/>\n         N\/A<br\/>\n       \n         N\/A\n      <\/div>\n      \n  <\/div>\n  <\/div><\/div>\n\t\t\n\t\t\n\t\t\t<div class=\"col-md-4\"> \n\n<div class=\"map-marker-general\"  id=\"25755\">\n  <div class=\"imatge-mapa\"><img decoding=\"async\" width=\"510\" height=\"382\" src=\"https:\/\/elvendrellturisme.dms3labs.cat\/wp-content\/uploads\/disseny-sense-titol-3-510x382.jpg\" class=\"attachment-et-pb-portfolio-module-image size-et-pb-portfolio-module-image default-featured-img\" alt=\"\" srcset=\"https:\/\/elvendrellturisme.dms3labs.cat\/wp-content\/uploads\/disseny-sense-titol-3-510x382.jpg 510w, https:\/\/elvendrellturisme.dms3labs.cat\/wp-content\/uploads\/disseny-sense-titol-3-480x480.jpg 480w\" sizes=\"(min-width: 0px) and (max-width: 480px) 480px, (min-width: 481px) 510px, 100vw\" title=\"\"><\/div>\n  \n\t<div class=\"map-marker-content\">\n      <div class=\"mapa-tipus-allotjament\">Alojamentos<\/div>\n      <h3 class=\"titol-link-mapa\"><a href=\"https:\/\/elvendrellturisme.dms3labs.cat\/es\/recursos-turisticos\/nuba-coma-ruga-ht-000841\/\">Nuba Coma-ruga &#8211; HT-000841<\/a><\/h3>\n      <div class=\"mapa-adreca\">Av. Brisamar, 44-50<br\/>\n         43880 Coma-ruga (EL VENDRELL)\n      <\/div> \n      <div class=\"mapa-contacte\">\n        <a href=\"tel:977684800\">977 684 800<\/a><br\/>\n        <a href=\"mailto:reservas.comarruga@nubahotel.com\" title=\"reservas.comarruga@nubahotel.com\">reservas.comarruga@nubahotel.com<\/a><br\/>\n       <a href=\"https:\/\/www.nubahotelcomarruga.com\" title=\"Visita la web\" target=\"_blank\" rel=\"noopener\">Visita la web<\/a>\n        \n      <\/div>\n      \n  <\/div>\n  <\/div><\/div>\n\t\t\n\t\t\n\t\t\t<div class=\"col-md-4\"> <div style=\"display:none\" class=\"wpv-addon-maps-marker js-wpv-addon-maps-marker js-wpv-addon-maps-marker-marker-28815 js-wpv-addon-maps-markerfor-recursos\" data-marker=\"marker-28815\" data-markertitle=\"Oficina de Turismo del Tabaris\" data-markerfor=\"recursos\" data-markerlat=\"41.181512\" data-markerlon=\"1.523956\" data-markericon=\"\/wp-content\/uploads\/marker-serveis-municipals.png\" data-markericonhover=\"\" data-streetview=\"no\" data-fromview=\"\">\n\n\t<div class=\"mapa-tipus-allotjament-petit\">Servicios municipales<\/div>\n\t<div class=\"titol-link-mapa-petit\"><a href=\"\/mapa\/#28815\">Oficina de Turismo del Tabaris<\/a><\/div>\n\t<div class=\"mapa-tipus-allotjament-petit\"><a href=\"\/mapa\/#28815\">+ info<\/a><\/div>\n\n<\/div>\n\n<div class=\"map-marker-general\"  id=\"28815\">\n  <div class=\"imatge-mapa\"><img decoding=\"async\" width=\"510\" height=\"382\" src=\"https:\/\/elvendrellturisme.dms3labs.cat\/wp-content\/uploads\/disseny-sense-titol-3-510x382.jpg\" class=\"attachment-et-pb-portfolio-module-image size-et-pb-portfolio-module-image default-featured-img\" alt=\"\" srcset=\"https:\/\/elvendrellturisme.dms3labs.cat\/wp-content\/uploads\/disseny-sense-titol-3-510x382.jpg 510w, https:\/\/elvendrellturisme.dms3labs.cat\/wp-content\/uploads\/disseny-sense-titol-3-480x480.jpg 480w\" sizes=\"(min-width: 0px) and (max-width: 480px) 480px, (min-width: 481px) 510px, 100vw\" title=\"\"><\/div>\n  \n\t<div class=\"map-marker-content\">\n      <div class=\"mapa-tipus-allotjament\">Servicios municipales<\/div>\n      <h3 class=\"titol-link-mapa\"><a href=\"https:\/\/elvendrellturisme.dms3labs.cat\/es\/recursos-turisticos\/oficina-de-turismo-del-vendrell\/\">Oficina de Turismo del Tabaris<\/a><\/h3>\n      <div class=\"mapa-adreca\">Av. Balneari, 3,<br\/>\n        43880 Coma-ruga\n      <\/div> \n      <div class=\"mapa-contacte\">\n        <a href=\"tel:618571478\">618 571 478<\/a><br\/>\n        <a href=\"mailto:informacio@elvendrellturisme.dms3labs.cat\" title=\"informacio@elvendrellturisme.dms3labs.cat\">informacio@elvendrellturisme.dms3labs.cat<\/a><br\/>\n       <a href=\"https:\/\/elvendrellturisme.dms3labs.cat\/\" title=\"Visita la web\">Visita la web<\/a>\n        \n      <\/div>\n      <img decoding=\"async\" src=\"\/wp-content\/uploads\/turisme-familiar.png\" alt=\"\" title=\"\">\n  <\/div>\n  <\/div><\/div>\n\t\t<\/div>\n\t\t\n\t\t\n\t\t<div class=\"row \">\n\t\t\t<div class=\"col-md-4\"> <div style=\"display:none\" class=\"wpv-addon-maps-marker js-wpv-addon-maps-marker js-wpv-addon-maps-marker-marker-25763 js-wpv-addon-maps-markerfor-recursos\" data-marker=\"marker-25763\" data-markertitle=\"Pensi\u00f3 Rovior\" data-markerfor=\"recursos\" data-markerlat=\"41.187708\" data-markerlon=\"1.566605\" data-markericon=\"\/wp-content\/uploads\/marker-allotjaments.png\" data-markericonhover=\"\" data-streetview=\"no\" data-fromview=\"\">\n\n\t<div class=\"mapa-tipus-allotjament-petit\">Alojamentos<\/div>\n\t<div class=\"titol-link-mapa-petit\"><a href=\"\/mapa\/#25763\">Pensi\u00f3 Rovior<\/a><\/div>\n\t<div class=\"mapa-tipus-allotjament-petit\"><a href=\"\/mapa\/#25763\">+ info<\/a><\/div>\n\n<\/div>\n\n<div class=\"map-marker-general\"  id=\"25763\">\n  <div class=\"imatge-mapa\"><img decoding=\"async\" width=\"510\" height=\"382\" src=\"https:\/\/elvendrellturisme.dms3labs.cat\/wp-content\/uploads\/2021\/02\/Pensio-Rovior-510x382.jpg\" class=\"attachment-et-pb-portfolio-module-image size-et-pb-portfolio-module-image wp-post-image\" alt=\"\" srcset=\"https:\/\/elvendrellturisme.dms3labs.cat\/wp-content\/uploads\/2021\/02\/Pensio-Rovior-510x382.jpg 510w, https:\/\/elvendrellturisme.dms3labs.cat\/wp-content\/uploads\/2021\/02\/Pensio-Rovior-300x225.jpg 300w, https:\/\/elvendrellturisme.dms3labs.cat\/wp-content\/uploads\/2021\/02\/Pensio-Rovior-1024x768.jpg 1024w, https:\/\/elvendrellturisme.dms3labs.cat\/wp-content\/uploads\/2021\/02\/Pensio-Rovior-768x576.jpg 768w, https:\/\/elvendrellturisme.dms3labs.cat\/wp-content\/uploads\/2021\/02\/Pensio-Rovior-1536x1152.jpg 1536w, https:\/\/elvendrellturisme.dms3labs.cat\/wp-content\/uploads\/2021\/02\/Pensio-Rovior-2048x1536.jpg 2048w, https:\/\/elvendrellturisme.dms3labs.cat\/wp-content\/uploads\/2021\/02\/Pensio-Rovior-1080x810.jpg 1080w, https:\/\/elvendrellturisme.dms3labs.cat\/wp-content\/uploads\/2021\/02\/Pensio-Rovior-1280x960.jpg 1280w, https:\/\/elvendrellturisme.dms3labs.cat\/wp-content\/uploads\/2021\/02\/Pensio-Rovior-980x735.jpg 980w, https:\/\/elvendrellturisme.dms3labs.cat\/wp-content\/uploads\/2021\/02\/Pensio-Rovior-480x360.jpg 480w\" sizes=\"(max-width: 510px) 100vw, 510px\" title=\"\"><\/div>\n  \n\t<div class=\"map-marker-content\">\n      <div class=\"mapa-tipus-allotjament\">Alojamentos<\/div>\n      <h3 class=\"titol-link-mapa\"><a href=\"https:\/\/elvendrellturisme.dms3labs.cat\/es\/recursos-turisticos\/pensio-rovior-ht-000752\/\">Pensi\u00f3 Rovior<\/a><\/h3>\n      <div class=\"mapa-adreca\">Carrerada d'en Ralet, 9-11<br\/>\n        43880 Sant Salvador\n      <\/div> \n      <div class=\"mapa-contacte\">\n        <a href=\"tel:977693853\">977 693 853<\/a><br\/>\n        <a href=\"mailto:info@pensionrovior.com\" title=\"info@pensionrovior.com\">info@pensionrovior.com<\/a><br\/>\n       <a href=\"https:\/\/pensionrovior.com\/\" title=\"Visita la web\" target=\"_blank\" rel=\"noopener\">Visita la web<\/a>\n        \n      <\/div>\n      <img decoding=\"async\" src=\"\/wp-content\/uploads\/turisme-familiar.png\" alt=\"\" title=\"\">\n  <\/div>\n  <\/div><\/div>\n\t\t\n\t\t\n\t\t\t<div class=\"col-md-4\"> <div style=\"display:none\" class=\"wpv-addon-maps-marker js-wpv-addon-maps-marker js-wpv-addon-maps-marker-marker-28713 js-wpv-addon-maps-markerfor-recursos\" data-marker=\"marker-28713\" data-markertitle=\"Pitch &#038; Putt El Vendrell\" data-markerfor=\"recursos\" data-markerlat=\"41.206337\" data-markerlon=\"1.549048\" data-markericon=\"\/wp-content\/uploads\/marker-turisme-oci.png\" data-markericonhover=\"\" data-streetview=\"no\" data-fromview=\"\">\n\n\t<div class=\"mapa-tipus-allotjament-petit\">Turismo y ocio<\/div>\n\t<div class=\"titol-link-mapa-petit\"><a href=\"\/mapa\/#28713\">Pitch &#038; Putt El Vendrell<\/a><\/div>\n\t<div class=\"mapa-tipus-allotjament-petit\"><a href=\"\/mapa\/#28713\">+ info<\/a><\/div>\n\n<\/div>\n\n<div class=\"map-marker-general\"  id=\"28713\">\n  <div class=\"imatge-mapa\"><img decoding=\"async\" width=\"510\" height=\"382\" src=\"https:\/\/elvendrellturisme.dms3labs.cat\/wp-content\/uploads\/disseny-sense-titol12-1-510x382.jpg\" class=\"attachment-et-pb-portfolio-module-image size-et-pb-portfolio-module-image wp-post-image\" alt=\"\" srcset=\"https:\/\/elvendrellturisme.dms3labs.cat\/wp-content\/uploads\/disseny-sense-titol12-1-510x382.jpg 510w, https:\/\/elvendrellturisme.dms3labs.cat\/wp-content\/uploads\/disseny-sense-titol12-1-480x480.jpg 480w\" sizes=\"(min-width: 0px) and (max-width: 480px) 480px, (min-width: 481px) 510px, 100vw\" title=\"\"><\/div>\n  \n\t<div class=\"map-marker-content\">\n      <div class=\"mapa-tipus-allotjament\">Turismo y ocio<\/div>\n      <h3 class=\"titol-link-mapa\"><a href=\"https:\/\/elvendrellturisme.dms3labs.cat\/es\/recursos-turisticos\/pitch-putt-el-vendrell\/\">Pitch &#038; Putt El Vendrell<\/a><\/h3>\n      <div class=\"mapa-adreca\">Carrer Schubert, urb. Vendrell Mar, s\/n<br\/>\n        43700 El Vendrell\n      <\/div> \n      <div class=\"mapa-contacte\">\n        <a href=\"tel:977668031\/663812586\">977 668 031 \/ 663 812 586<\/a><br\/>\n        <a href=\"mailto:info@pitchandputtvendrell.es\" title=\"info@pitchandputtvendrell.es\">info@pitchandputtvendrell.es<\/a><br\/>\n       <a href=\"https:\/\/pitchandputtvendrell.com\/\" title=\"Visita la web\" target=\"_blank\" rel=\"noopener\">Visita la web<\/a>\n        \n      <\/div>\n      <img decoding=\"async\" src=\"\/wp-content\/uploads\/turisme-familiar.png\" alt=\"\" title=\"\">\n  <\/div>\n  <\/div><\/div>\n\t\t\n\t\t\n\t\t\t<div class=\"col-md-4\"> <div style=\"display:none\" class=\"wpv-addon-maps-marker js-wpv-addon-maps-marker js-wpv-addon-maps-marker-marker-25977 js-wpv-addon-maps-markerfor-recursos\" data-marker=\"marker-25977\" data-markertitle=\"Pizzeria Trastevere\" data-markerfor=\"recursos\" data-markerlat=\"41.220228\" data-markerlon=\"1.5317\" data-markericon=\"\/wp-content\/uploads\/marker-restaurants.png\" data-markericonhover=\"\" data-streetview=\"no\" data-fromview=\"\">\n\n\t<div class=\"mapa-tipus-allotjament-petit\">Restaurantes<\/div>\n\t<div class=\"titol-link-mapa-petit\"><a href=\"\/mapa\/#25977\">Pizzeria Trastevere<\/a><\/div>\n\t<div class=\"mapa-tipus-allotjament-petit\"><a href=\"\/mapa\/#25977\">+ info<\/a><\/div>\n\n<\/div>\n\n<div class=\"map-marker-general\"  id=\"25977\">\n  <div class=\"imatge-mapa\"><img decoding=\"async\" width=\"510\" height=\"382\" src=\"https:\/\/elvendrellturisme.dms3labs.cat\/wp-content\/uploads\/trastevere-510x382.jpg\" class=\"attachment-et-pb-portfolio-module-image size-et-pb-portfolio-module-image wp-post-image\" alt=\"\" title=\"\"><\/div>\n  \n\t<div class=\"map-marker-content\">\n      <div class=\"mapa-tipus-allotjament\">Restaurantes<\/div>\n      <h3 class=\"titol-link-mapa\"><a href=\"https:\/\/elvendrellturisme.dms3labs.cat\/es\/recursos-turisticos\/pizzeria-el-trastevere\/\">Pizzeria Trastevere<\/a><\/h3>\n      <div class=\"mapa-adreca\">Carrer de Sant Jordi, 14-16<br\/>\n        43700 El Vendrell\n      <\/div> \n      <div class=\"mapa-contacte\">\n        <a href=\"tel:977662714\">977 66 27 14<\/a><br\/>\n         N\/A<br\/>\n       <a href=\"https:\/\/www.trastevere.cat\" title=\"Visita la web\" target=\"_blank\" rel=\"noopener\">Visita la web<\/a>\n        \n      <\/div>\n      \n  <\/div>\n  <\/div><\/div>\n\t\t<\/div>\n\t\t\n\t\t\n\t\t<div class=\"row \">\n\t\t\t<div class=\"col-md-4\"> <div style=\"display:none\" class=\"wpv-addon-maps-marker js-wpv-addon-maps-marker js-wpv-addon-maps-marker-marker-25983 js-wpv-addon-maps-markerfor-recursos\" data-marker=\"marker-25983\" data-markertitle=\"Ran de Mar (antic Ancora 2)\" data-markerfor=\"recursos\" data-markerlat=\"41.186788\" data-markerlon=\"1.561209\" data-markericon=\"\/wp-content\/uploads\/marker-restaurants.png\" data-markericonhover=\"\" data-streetview=\"no\" data-fromview=\"\">\n\n\t<div class=\"mapa-tipus-allotjament-petit\">Restaurantes<\/div>\n\t<div class=\"titol-link-mapa-petit\"><a href=\"\/mapa\/#25983\">Ran de Mar (antic Ancora 2)<\/a><\/div>\n\t<div class=\"mapa-tipus-allotjament-petit\"><a href=\"\/mapa\/#25983\">+ info<\/a><\/div>\n\n<\/div>\n\n<div class=\"map-marker-general\"  id=\"25983\">\n  <div class=\"imatge-mapa\"><img decoding=\"async\" width=\"510\" height=\"382\" src=\"https:\/\/elvendrellturisme.dms3labs.cat\/wp-content\/uploads\/125521328-1074979336296908-3467179787647824825-n-510x382.jpg\" class=\"attachment-et-pb-portfolio-module-image size-et-pb-portfolio-module-image wp-post-image\" alt=\"\" title=\"\"><\/div>\n  \n\t<div class=\"map-marker-content\">\n      <div class=\"mapa-tipus-allotjament\">Restaurantes<\/div>\n      <h3 class=\"titol-link-mapa\"><a href=\"https:\/\/elvendrellturisme.dms3labs.cat\/es\/recursos-turisticos\/restaurant-lancora-2\/\">Ran de Mar (antic Ancora 2)<\/a><\/h3>\n      <div class=\"mapa-adreca\">Avinguda del Sanatori, 5-7<br\/>\n        43880 Sant Salvador\n      <\/div> \n      <div class=\"mapa-contacte\">\n        <a href=\"tel:977695563\">977 69 55 63<\/a><br\/>\n        <a href=\"mailto:restaurantrandemar@gmail.com\" title=\"restaurantrandemar@gmail.com\">restaurantrandemar@gmail.com<\/a><br\/>\n       <a href=\"https:\/\/www.restaurantrandemar.com\/es\/\" title=\"Visita la web\" target=\"_blank\" rel=\"noopener\">Visita la web<\/a>\n        \n      <\/div>\n      <img decoding=\"async\" src=\"\/wp-content\/uploads\/turisme-familiar.png\" alt=\"\" title=\"\">\n  <\/div>\n  <\/div><\/div>\n\t\t\n\t\t\n\t\t\t<div class=\"col-md-4\"> <div style=\"display:none\" class=\"wpv-addon-maps-marker js-wpv-addon-maps-marker js-wpv-addon-maps-marker-marker-25970 js-wpv-addon-maps-markerfor-recursos\" data-marker=\"marker-25970\" data-markertitle=\"RESTAURANT CAL JORDI\" data-markerfor=\"recursos\" data-markerlat=\"41.182844\" data-markerlon=\"1.53225\" data-markericon=\"\/wp-content\/uploads\/marker-restaurants.png\" data-markericonhover=\"\" data-streetview=\"no\" data-fromview=\"\">\n\n\t<div class=\"mapa-tipus-allotjament-petit\">Restaurantes<\/div>\n\t<div class=\"titol-link-mapa-petit\"><a href=\"\/mapa\/#25970\">RESTAURANT CAL JORDI<\/a><\/div>\n\t<div class=\"mapa-tipus-allotjament-petit\"><a href=\"\/mapa\/#25970\">+ info<\/a><\/div>\n\n<\/div>\n\n<div class=\"map-marker-general\"  id=\"25970\">\n  <div class=\"imatge-mapa\"><img decoding=\"async\" width=\"510\" height=\"382\" src=\"https:\/\/elvendrellturisme.dms3labs.cat\/wp-content\/uploads\/disseny-sense-titol-3-510x382.jpg\" class=\"attachment-et-pb-portfolio-module-image size-et-pb-portfolio-module-image default-featured-img\" alt=\"\" srcset=\"https:\/\/elvendrellturisme.dms3labs.cat\/wp-content\/uploads\/disseny-sense-titol-3-510x382.jpg 510w, https:\/\/elvendrellturisme.dms3labs.cat\/wp-content\/uploads\/disseny-sense-titol-3-480x480.jpg 480w\" sizes=\"(min-width: 0px) and (max-width: 480px) 480px, (min-width: 481px) 510px, 100vw\" title=\"\"><\/div>\n  \n\t<div class=\"map-marker-content\">\n      <div class=\"mapa-tipus-allotjament\">Restaurantes<\/div>\n      <h3 class=\"titol-link-mapa\"><a href=\"https:\/\/elvendrellturisme.dms3labs.cat\/es\/recursos-turisticos\/restaurant-cal-jordi\/\">RESTAURANT CAL JORDI<\/a><\/h3>\n      <div class=\"mapa-adreca\">Avinguda Palfuriana, 66<br\/>\n         Sant Salvador\n      <\/div> \n      <div class=\"mapa-contacte\">\n        <a href=\"tel:689514892\">689 51 48 92<\/a><br\/>\n         N\/A<br\/>\n       <a href=\"https:\/\/www.facebook.com\/Cal-Jordi-Sant-Salvador-554584534582632\/?fref=ts\" title=\"Visita la web\" target=\"_blank\" rel=\"noopener\">Visita la web<\/a>\n        \n      <\/div>\n      \n  <\/div>\n  <\/div><\/div>\n\t\t\n\t\t\n\t\t\t<div class=\"col-md-4\"> <div style=\"display:none\" class=\"wpv-addon-maps-marker js-wpv-addon-maps-marker js-wpv-addon-maps-marker-marker-37187 js-wpv-addon-maps-markerfor-recursos\" data-marker=\"marker-37187\" data-markertitle=\"Restaurant Cara al Mar\" data-markerfor=\"recursos\" data-markerlat=\"41.178906\" data-markerlon=\"1.515516\" data-markericon=\"\/wp-content\/uploads\/marker-restaurants.png\" data-markericonhover=\"\" data-streetview=\"no\" data-fromview=\"\">\n\n\t<div class=\"mapa-tipus-allotjament-petit\">Restaurantes<\/div>\n\t<div class=\"titol-link-mapa-petit\"><a href=\"\/mapa\/#37187\">Restaurant Cara al Mar<\/a><\/div>\n\t<div class=\"mapa-tipus-allotjament-petit\"><a href=\"\/mapa\/#37187\">+ info<\/a><\/div>\n\n<\/div>\n\n<div class=\"map-marker-general\"  id=\"37187\">\n  <div class=\"imatge-mapa\"><img decoding=\"async\" width=\"510\" height=\"382\" src=\"https:\/\/elvendrellturisme.dms3labs.cat\/wp-content\/uploads\/disseny-sense-titol-3-510x382.jpg\" class=\"attachment-et-pb-portfolio-module-image size-et-pb-portfolio-module-image default-featured-img\" alt=\"\" srcset=\"https:\/\/elvendrellturisme.dms3labs.cat\/wp-content\/uploads\/disseny-sense-titol-3-510x382.jpg 510w, https:\/\/elvendrellturisme.dms3labs.cat\/wp-content\/uploads\/disseny-sense-titol-3-480x480.jpg 480w\" sizes=\"(min-width: 0px) and (max-width: 480px) 480px, (min-width: 481px) 510px, 100vw\" title=\"\"><\/div>\n  \n\t<div class=\"map-marker-content\">\n      <div class=\"mapa-tipus-allotjament\">Restaurantes<\/div>\n      <h3 class=\"titol-link-mapa\"><a href=\"https:\/\/elvendrellturisme.dms3labs.cat\/es\/recursos-turisticos\/restaurant-cara-al-mar\/\">Restaurant Cara al Mar<\/a><\/h3>\n      <div class=\"mapa-adreca\">Passeig Mar\u00edtim de Masia Blanca, 1<br\/>\n        43880 El Franc\u00e0s\n      <\/div> \n      <div class=\"mapa-contacte\">\n        <a href=\"tel:977681551\">977 68 15 51<\/a><br\/>\n         N\/A<br\/>\n       <a href=\"https:\/\/www.caralmar.es\/\" title=\"Visita la web\" target=\"_blank\" rel=\"noopener\">Visita la web<\/a>\n        \n      <\/div>\n      \n  <\/div>\n  <\/div><\/div>\n\t\t<\/div>\n\t\t\n\t\t\n\t\t<div class=\"row \">\n\t\t\t<div class=\"col-md-4\"> \n\n<div class=\"map-marker-general\"  id=\"25980\">\n  <div class=\"imatge-mapa\"><img decoding=\"async\" width=\"510\" height=\"382\" src=\"https:\/\/elvendrellturisme.dms3labs.cat\/wp-content\/uploads\/disseny-sense-titol-3-510x382.jpg\" class=\"attachment-et-pb-portfolio-module-image size-et-pb-portfolio-module-image default-featured-img\" alt=\"\" srcset=\"https:\/\/elvendrellturisme.dms3labs.cat\/wp-content\/uploads\/disseny-sense-titol-3-510x382.jpg 510w, https:\/\/elvendrellturisme.dms3labs.cat\/wp-content\/uploads\/disseny-sense-titol-3-480x480.jpg 480w\" sizes=\"(min-width: 0px) and (max-width: 480px) 480px, (min-width: 481px) 510px, 100vw\" title=\"\"><\/div>\n  \n\t<div class=\"map-marker-content\">\n      <div class=\"mapa-tipus-allotjament\">Restaurantes<\/div>\n      <h3 class=\"titol-link-mapa\"><a href=\"https:\/\/elvendrellturisme.dms3labs.cat\/es\/recursos-turisticos\/restaurant-la-cuina-ii\/\">RESTAURANT LA CUINA II<\/a><\/h3>\n      <div class=\"mapa-adreca\">Carrer Salvador Palau Rabasso, 10<br\/>\n         El Vendrell\n      <\/div> \n      <div class=\"mapa-contacte\">\n        <a href=\"tel:977665313\">977 66 53 13<\/a><br\/>\n         N\/A<br\/>\n       \n         N\/A\n      <\/div>\n      \n  <\/div>\n  <\/div><\/div>\n\t\t\n\t\t\n\t\t\t<div class=\"col-md-4\"> <div style=\"display:none\" class=\"wpv-addon-maps-marker js-wpv-addon-maps-marker js-wpv-addon-maps-marker-marker-37167 js-wpv-addon-maps-markerfor-recursos\" data-marker=\"marker-37167\" data-markertitle=\"Restaurant Mas\u00eda Franc\u00e0s\" data-markerfor=\"recursos\" data-markerlat=\"41.179367\" data-markerlon=\"1.49852\" data-markericon=\"\/wp-content\/uploads\/marker-restaurants.png\" data-markericonhover=\"\" data-streetview=\"no\" data-fromview=\"\">\n\n\t<div class=\"mapa-tipus-allotjament-petit\">Restaurantes<\/div>\n\t<div class=\"titol-link-mapa-petit\"><a href=\"\/mapa\/#37167\">Restaurant Mas\u00eda Franc\u00e0s<\/a><\/div>\n\t<div class=\"mapa-tipus-allotjament-petit\"><a href=\"\/mapa\/#37167\">+ info<\/a><\/div>\n\n<\/div>\n\n<div class=\"map-marker-general\"  id=\"37167\">\n  <div class=\"imatge-mapa\"><img decoding=\"async\" width=\"510\" height=\"382\" src=\"https:\/\/elvendrellturisme.dms3labs.cat\/wp-content\/uploads\/disseny-sense-titol-3-510x382.jpg\" class=\"attachment-et-pb-portfolio-module-image size-et-pb-portfolio-module-image default-featured-img\" alt=\"\" srcset=\"https:\/\/elvendrellturisme.dms3labs.cat\/wp-content\/uploads\/disseny-sense-titol-3-510x382.jpg 510w, https:\/\/elvendrellturisme.dms3labs.cat\/wp-content\/uploads\/disseny-sense-titol-3-480x480.jpg 480w\" sizes=\"(min-width: 0px) and (max-width: 480px) 480px, (min-width: 481px) 510px, 100vw\" title=\"\"><\/div>\n  \n\t<div class=\"map-marker-content\">\n      <div class=\"mapa-tipus-allotjament\">Restaurantes<\/div>\n      <h3 class=\"titol-link-mapa\"><a href=\"https:\/\/elvendrellturisme.dms3labs.cat\/es\/recursos-turisticos\/restaurant-masia-francas\/\">Restaurant Mas\u00eda Franc\u00e0s<\/a><\/h3>\n      <div class=\"mapa-adreca\">Crta. N-340, km 1.186<br\/>\n        43880 Coma-ruga\n      <\/div> \n      <div class=\"mapa-contacte\">\n        <a href=\"tel:977680009\/935192476\">977 680 009 \/ 935 192 476<\/a><br\/>\n         N\/A<br\/>\n       <a href=\"https:\/\/masiafrancas.com\/\" title=\"Visita la web\" target=\"_blank\" rel=\"noopener\">Visita la web<\/a>\n        \n      <\/div>\n      \n  <\/div>\n  <\/div><\/div>\n\t\t\n\t\t\n\t\t\t<div class=\"col-md-4\"> <div style=\"display:none\" class=\"wpv-addon-maps-marker js-wpv-addon-maps-marker js-wpv-addon-maps-marker-marker-25975 js-wpv-addon-maps-markerfor-recursos\" data-marker=\"marker-25975\" data-markertitle=\"RESTAURANT MOL\u00cd DE CAL TOF\" data-markerfor=\"recursos\" data-markerlat=\"41.225817\" data-markerlon=\"1.538354\" data-markericon=\"\/wp-content\/uploads\/marker-restaurants.png\" data-markericonhover=\"\" data-streetview=\"no\" data-fromview=\"\">\n\n\t<div class=\"mapa-tipus-allotjament-petit\">Restaurantes<\/div>\n\t<div class=\"titol-link-mapa-petit\"><a href=\"\/mapa\/#25975\">RESTAURANT MOL\u00cd DE CAL TOF<\/a><\/div>\n\t<div class=\"mapa-tipus-allotjament-petit\"><a href=\"\/mapa\/#25975\">+ info<\/a><\/div>\n\n<\/div>\n\n<div class=\"map-marker-general\"  id=\"25975\">\n  <div class=\"imatge-mapa\"><img decoding=\"async\" width=\"510\" height=\"382\" src=\"https:\/\/elvendrellturisme.dms3labs.cat\/wp-content\/uploads\/disseny-sense-titol-3-510x382.jpg\" class=\"attachment-et-pb-portfolio-module-image size-et-pb-portfolio-module-image default-featured-img\" alt=\"\" srcset=\"https:\/\/elvendrellturisme.dms3labs.cat\/wp-content\/uploads\/disseny-sense-titol-3-510x382.jpg 510w, https:\/\/elvendrellturisme.dms3labs.cat\/wp-content\/uploads\/disseny-sense-titol-3-480x480.jpg 480w\" sizes=\"(min-width: 0px) and (max-width: 480px) 480px, (min-width: 481px) 510px, 100vw\" title=\"\"><\/div>\n  \n\t<div class=\"map-marker-content\">\n      <div class=\"mapa-tipus-allotjament\">Restaurantes<\/div>\n      <h3 class=\"titol-link-mapa\"><a href=\"https:\/\/elvendrellturisme.dms3labs.cat\/es\/recursos-turisticos\/restaurant-moli-de-cal-tof\/\">RESTAURANT MOL\u00cd DE CAL TOF<\/a><\/h3>\n      <div class=\"mapa-adreca\">Avinguda de Santa Oliva, 26<br\/>\n        43715 Santa Oliva\n      <\/div> \n      <div class=\"mapa-contacte\">\n        <a href=\"tel:977662651\">977 66 26 51<\/a><br\/>\n        <a href=\"mailto:reservas@elmolidecaltof.com\" title=\"reservas@elmolidecaltof.com\">reservas@elmolidecaltof.com<\/a><br\/>\n       <a href=\"https:\/\/www.elmolidecaltof.com\/\" title=\"Visita la web\" target=\"_blank\" rel=\"noopener\">Visita la web<\/a>\n        \n      <\/div>\n      \n  <\/div>\n  <\/div><\/div>\n\t\t<\/div>\n\t\t\n\t\t\n\t\t<div class=\"row \">\n\t\t\t<div class=\"col-md-4\"> <div style=\"display:none\" class=\"wpv-addon-maps-marker js-wpv-addon-maps-marker js-wpv-addon-maps-marker-marker-25976 js-wpv-addon-maps-markerfor-recursos\" data-marker=\"marker-25976\" data-markertitle=\"RESTAURANT-BAR PETER&#8217;S \/ CHURRER\u00cdA\" data-markerfor=\"recursos\" data-markerlat=\"41.220622\" data-markerlon=\"1.536936\" data-markericon=\"\/wp-content\/uploads\/marker-restaurants.png\" data-markericonhover=\"\" data-streetview=\"no\" data-fromview=\"\">\n\n\t<div class=\"mapa-tipus-allotjament-petit\">Restaurantes<\/div>\n\t<div class=\"titol-link-mapa-petit\"><a href=\"\/mapa\/#25976\">RESTAURANT-BAR PETER&#8217;S \/ CHURRER\u00cdA<\/a><\/div>\n\t<div class=\"mapa-tipus-allotjament-petit\"><a href=\"\/mapa\/#25976\">+ info<\/a><\/div>\n\n<\/div>\n\n<div class=\"map-marker-general\"  id=\"25976\">\n  <div class=\"imatge-mapa\"><img decoding=\"async\" width=\"510\" height=\"382\" src=\"https:\/\/elvendrellturisme.dms3labs.cat\/wp-content\/uploads\/disseny-sense-titol-3-510x382.jpg\" class=\"attachment-et-pb-portfolio-module-image size-et-pb-portfolio-module-image default-featured-img\" alt=\"\" srcset=\"https:\/\/elvendrellturisme.dms3labs.cat\/wp-content\/uploads\/disseny-sense-titol-3-510x382.jpg 510w, https:\/\/elvendrellturisme.dms3labs.cat\/wp-content\/uploads\/disseny-sense-titol-3-480x480.jpg 480w\" sizes=\"(min-width: 0px) and (max-width: 480px) 480px, (min-width: 481px) 510px, 100vw\" title=\"\"><\/div>\n  \n\t<div class=\"map-marker-content\">\n      <div class=\"mapa-tipus-allotjament\">Restaurantes<\/div>\n      <h3 class=\"titol-link-mapa\"><a href=\"https:\/\/elvendrellturisme.dms3labs.cat\/es\/recursos-turisticos\/restaurant-bar-peters-churreria\/\">RESTAURANT-BAR PETER&#8217;S \/ CHURRER\u00cdA<\/a><\/h3>\n      <div class=\"mapa-adreca\">La Rambla, 10<br\/>\n        43700 El Vendrell\n      <\/div> \n      <div class=\"mapa-contacte\">\n        <a href=\"tel:977662469\">977 66 24 69<\/a><br\/>\n         N\/A<br\/>\n       \n         N\/A\n      <\/div>\n      \n  <\/div>\n  <\/div><\/div>\n\t\t\n\t\t\n\t\t\t<div class=\"col-md-4\"> <div style=\"display:none\" class=\"wpv-addon-maps-marker js-wpv-addon-maps-marker js-wpv-addon-maps-marker-marker-25780 js-wpv-addon-maps-markerfor-recursos\" data-marker=\"marker-25780\" data-markertitle=\"Rosamar Servicios inmobiliarios\" data-markerfor=\"recursos\" data-markerlat=\"41.188743\" data-markerlon=\"1.519541\" data-markericon=\"\/wp-content\/uploads\/marker-allotjaments.png\" data-markericonhover=\"\" data-streetview=\"no\" data-fromview=\"\">\n\n\t<div class=\"mapa-tipus-allotjament-petit\">Alojamentos<\/div>\n\t<div class=\"titol-link-mapa-petit\"><a href=\"\/mapa\/#25780\">Rosamar Servicios inmobiliarios<\/a><\/div>\n\t<div class=\"mapa-tipus-allotjament-petit\"><a href=\"\/mapa\/#25780\">+ info<\/a><\/div>\n\n<\/div>\n\n<div class=\"map-marker-general\"  id=\"25780\">\n  <div class=\"imatge-mapa\"><img decoding=\"async\" width=\"510\" height=\"382\" src=\"https:\/\/elvendrellturisme.dms3labs.cat\/wp-content\/uploads\/disseny-sense-titol16-1-510x382.jpg\" class=\"attachment-et-pb-portfolio-module-image size-et-pb-portfolio-module-image wp-post-image\" alt=\"\" srcset=\"https:\/\/elvendrellturisme.dms3labs.cat\/wp-content\/uploads\/disseny-sense-titol16-1-510x382.jpg 510w, https:\/\/elvendrellturisme.dms3labs.cat\/wp-content\/uploads\/disseny-sense-titol16-1-480x360.jpg 480w\" sizes=\"(min-width: 0px) and (max-width: 480px) 480px, (min-width: 481px) 510px, 100vw\" title=\"\"><\/div>\n  \n\t<div class=\"map-marker-content\">\n      <div class=\"mapa-tipus-allotjament\">Alojamentos<\/div>\n      <h3 class=\"titol-link-mapa\"><a href=\"https:\/\/elvendrellturisme.dms3labs.cat\/es\/recursos-turisticos\/rosamar-serveis-immobiliaris\/\">Rosamar Servicios inmobiliarios<\/a><\/h3>\n      <div class=\"mapa-adreca\">Av. Generalitat, 67-71, local 2<br\/>\n        43880 Coma-ruga\n      <\/div> \n      <div class=\"mapa-contacte\">\n        <a href=\"tel:977683131\">977 683 131<\/a><br\/>\n        <a href=\"mailto:info@gruprosamar.com\" title=\"info@gruprosamar.com\">info@gruprosamar.com<\/a><br\/>\n       <a href=\"https:\/\/www.gruprosamar.com\/\" title=\"Visita la web\" target=\"_blank\" rel=\"noopener\">Visita la web<\/a>\n        \n      <\/div>\n      \n  <\/div>\n  <\/div><\/div>\n\t\t\n\t\t\n\t\t\t<div class=\"col-md-4\"> <div style=\"display:none\" class=\"wpv-addon-maps-marker js-wpv-addon-maps-marker js-wpv-addon-maps-marker-marker-25973 js-wpv-addon-maps-markerfor-recursos\" data-marker=\"marker-25973\" data-markertitle=\"Rostisseria Ca la Maria\" data-markerfor=\"recursos\" data-markerlat=\"41.21741\" data-markerlon=\"1.527993\" data-markericon=\"\/wp-content\/uploads\/marker-restaurants.png\" data-markericonhover=\"\" data-streetview=\"no\" data-fromview=\"\">\n\n\t<div class=\"mapa-tipus-allotjament-petit\">Restaurantes<\/div>\n\t<div class=\"titol-link-mapa-petit\"><a href=\"\/mapa\/#25973\">Rostisseria Ca la Maria<\/a><\/div>\n\t<div class=\"mapa-tipus-allotjament-petit\"><a href=\"\/mapa\/#25973\">+ info<\/a><\/div>\n\n<\/div>\n\n<div class=\"map-marker-general\"  id=\"25973\">\n  <div class=\"imatge-mapa\"><img decoding=\"async\" width=\"510\" height=\"382\" src=\"https:\/\/elvendrellturisme.dms3labs.cat\/wp-content\/uploads\/disseny-sense-titol-3-510x382.jpg\" class=\"attachment-et-pb-portfolio-module-image size-et-pb-portfolio-module-image default-featured-img\" alt=\"\" srcset=\"https:\/\/elvendrellturisme.dms3labs.cat\/wp-content\/uploads\/disseny-sense-titol-3-510x382.jpg 510w, https:\/\/elvendrellturisme.dms3labs.cat\/wp-content\/uploads\/disseny-sense-titol-3-480x480.jpg 480w\" sizes=\"(min-width: 0px) and (max-width: 480px) 480px, (min-width: 481px) 510px, 100vw\" title=\"\"><\/div>\n  \n\t<div class=\"map-marker-content\">\n      <div class=\"mapa-tipus-allotjament\">Restaurantes<\/div>\n      <h3 class=\"titol-link-mapa\"><a href=\"https:\/\/elvendrellturisme.dms3labs.cat\/es\/recursos-turisticos\/rostisseria-ca-la-maria\/\">Rostisseria Ca la Maria<\/a><\/h3>\n      <div class=\"mapa-adreca\">C\/ Ribera d'Ebre 3<br\/>\n        43820 El Vendrell\n      <\/div> \n      <div class=\"mapa-contacte\">\n        <a href=\"tel:977667563\">977 66 75 63<\/a><br\/>\n         N\/A<br\/>\n       <a href=\"https:\/\/calamariaelvendrell.com\/\" title=\"Visita la web\" target=\"_blank\" rel=\"noopener\">Visita la web<\/a>\n        \n      <\/div>\n      \n  <\/div>\n  <\/div><\/div>\n\t\t<\/div>\n\t\t\n\t\t\n\t\t<div class=\"row \">\n\t\t\t<div class=\"col-md-4\"> <div style=\"display:none\" class=\"wpv-addon-maps-marker js-wpv-addon-maps-marker js-wpv-addon-maps-marker-marker-29937 js-wpv-addon-maps-markerfor-recursos\" data-marker=\"marker-29937\" data-markertitle=\"Sala Portal del Pardo. Espacio de difusi\u00f3n cultural\" data-markerfor=\"recursos\" data-markerlat=\"41.22004\" data-markerlon=\"1.53397\" data-markericon=\"\/wp-content\/uploads\/marker-museus.png\" data-markericonhover=\"\" data-streetview=\"no\" data-fromview=\"\">\n\n\t<div class=\"mapa-tipus-allotjament-petit\">Museos<\/div>\n\t<div class=\"titol-link-mapa-petit\"><a href=\"\/mapa\/#29937\">Sala Portal del Pardo. Espacio de difusi\u00f3n cultural<\/a><\/div>\n\t<div class=\"mapa-tipus-allotjament-petit\"><a href=\"\/mapa\/#29937\">+ info<\/a><\/div>\n\n<\/div>\n\n<div class=\"map-marker-general\"  id=\"29937\">\n  <div class=\"imatge-mapa\"><img decoding=\"async\" width=\"510\" height=\"382\" src=\"https:\/\/elvendrellturisme.dms3labs.cat\/wp-content\/uploads\/disseny-sense-titol15-1-510x382.jpg\" class=\"attachment-et-pb-portfolio-module-image size-et-pb-portfolio-module-image wp-post-image\" alt=\"\" srcset=\"https:\/\/elvendrellturisme.dms3labs.cat\/wp-content\/uploads\/disseny-sense-titol15-1-510x382.jpg 510w, https:\/\/elvendrellturisme.dms3labs.cat\/wp-content\/uploads\/disseny-sense-titol15-1-480x480.jpg 480w\" sizes=\"(min-width: 0px) and (max-width: 480px) 480px, (min-width: 481px) 510px, 100vw\" title=\"\"><\/div>\n  \n\t<div class=\"map-marker-content\">\n      <div class=\"mapa-tipus-allotjament\">Museos<\/div>\n      <h3 class=\"titol-link-mapa\"><a href=\"https:\/\/elvendrellturisme.dms3labs.cat\/es\/recursos-turisticos\/sala-portal-del-pardo-espacio-de-difusion-cultural\/\">Sala Portal del Pardo. Espacio de difusi\u00f3n cultural<\/a><\/h3>\n      <div class=\"mapa-adreca\">Carrer Major, 20<br\/>\n        43700 El Vendrell\n      <\/div> \n      <div class=\"mapa-contacte\">\n        <a href=\"tel:977182135\">977 182 135<\/a><br\/>\n        <a href=\"mailto:espaicultural@elvendrell.net\" title=\"espaicultural@elvendrell.net\">espaicultural@elvendrell.net<\/a><br\/>\n       <a href=\"https:\/\/museus.elvendrell.net\/sala-portal-del-pardo\/\" title=\"Visita la web\" target=\"_blank\" rel=\"noopener\">Visita la web<\/a>\n        \n      <\/div>\n      \n  <\/div>\n  <\/div><\/div>\n\t\t\n\t\t\n\t\t\t<div class=\"col-md-4\"> <div style=\"display:none\" class=\"wpv-addon-maps-marker js-wpv-addon-maps-marker js-wpv-addon-maps-marker-marker-25982 js-wpv-addon-maps-markerfor-recursos\" data-marker=\"marker-25982\" data-markertitle=\"Sam Boulevard\" data-markerfor=\"recursos\" data-markerlat=\"41.225724\" data-markerlon=\"1.545057\" data-markericon=\"\/wp-content\/uploads\/marker-restaurants.png\" data-markericonhover=\"\" data-streetview=\"no\" data-fromview=\"\">\n\n\t<div class=\"mapa-tipus-allotjament-petit\">Restaurantes<\/div>\n\t<div class=\"titol-link-mapa-petit\"><a href=\"\/mapa\/#25982\">Sam Boulevard<\/a><\/div>\n\t<div class=\"mapa-tipus-allotjament-petit\"><a href=\"\/mapa\/#25982\">+ info<\/a><\/div>\n\n<\/div>\n\n<div class=\"map-marker-general\"  id=\"25982\">\n  <div class=\"imatge-mapa\"><img decoding=\"async\" width=\"510\" height=\"382\" src=\"https:\/\/elvendrellturisme.dms3labs.cat\/wp-content\/uploads\/elsam-510x382.jpg\" class=\"attachment-et-pb-portfolio-module-image size-et-pb-portfolio-module-image wp-post-image\" alt=\"\" title=\"\"><\/div>\n  \n\t<div class=\"map-marker-content\">\n      <div class=\"mapa-tipus-allotjament\">Restaurantes<\/div>\n      <h3 class=\"titol-link-mapa\"><a href=\"https:\/\/elvendrellturisme.dms3labs.cat\/es\/recursos-turisticos\/bar-el-sam\/\">Sam Boulevard<\/a><\/h3>\n      <div class=\"mapa-adreca\">Centro Comercial Les Mates, Avinguda Parada Les Mates, s\/n<br\/>\n        43700 El Vendrell\n      <\/div> \n      <div class=\"mapa-contacte\">\n        <a href=\"tel:977665281\">977 66 52 81<\/a><br\/>\n        <a href=\"mailto:info@samboulevard.com\" title=\"info@samboulevard.com\">info@samboulevard.com<\/a><br\/>\n       <a href=\"https:\/\/samboulevard.com\" title=\"Visita la web\" target=\"_blank\" rel=\"noopener\">Visita la web<\/a>\n        \n      <\/div>\n      \n  <\/div>\n  <\/div><\/div>\n\t\t\n\t\t\n\t\t\t<div class=\"col-md-4\"> <div style=\"display:none\" class=\"wpv-addon-maps-marker js-wpv-addon-maps-marker js-wpv-addon-maps-marker-marker-37594 js-wpv-addon-maps-markerfor-recursos\" data-marker=\"marker-37594\" data-markertitle=\"Tama Taberna del Mar\" data-markerfor=\"recursos\" data-markerlat=\"41.183764\" data-markerlon=\"1.544154\" data-markericon=\"\/wp-content\/uploads\/marker-restaurants.png\" data-markericonhover=\"\" data-streetview=\"no\" data-fromview=\"\">\n\n\t<div class=\"mapa-tipus-allotjament-petit\">Restaurantes<\/div>\n\t<div class=\"titol-link-mapa-petit\"><a href=\"\/mapa\/#37594\">Tama Taberna del Mar<\/a><\/div>\n\t<div class=\"mapa-tipus-allotjament-petit\"><a href=\"\/mapa\/#37594\">+ info<\/a><\/div>\n\n<\/div>\n\n<div class=\"map-marker-general\"  id=\"37594\">\n  <div class=\"imatge-mapa\"><img decoding=\"async\" width=\"510\" height=\"382\" src=\"https:\/\/elvendrellturisme.dms3labs.cat\/wp-content\/uploads\/disseny-sense-titol36-510x382.jpg\" class=\"attachment-et-pb-portfolio-module-image size-et-pb-portfolio-module-image wp-post-image\" alt=\"\" srcset=\"https:\/\/elvendrellturisme.dms3labs.cat\/wp-content\/uploads\/disseny-sense-titol36-510x382.jpg 510w, https:\/\/elvendrellturisme.dms3labs.cat\/wp-content\/uploads\/disseny-sense-titol36-480x480.jpg 480w\" sizes=\"(min-width: 0px) and (max-width: 480px) 480px, (min-width: 481px) 510px, 100vw\" title=\"\"><\/div>\n  \n\t<div class=\"map-marker-content\">\n      <div class=\"mapa-tipus-allotjament\">Restaurantes<\/div>\n      <h3 class=\"titol-link-mapa\"><a href=\"https:\/\/elvendrellturisme.dms3labs.cat\/es\/recursos-turisticos\/tama-taberna-del-mar\/\">Tama Taberna del Mar<\/a><\/h3>\n      <div class=\"mapa-adreca\">Carretera de Sant Salvador, 1<br\/>\n        43880 Sant Salvador\n      <\/div> \n      <div class=\"mapa-contacte\">\n        <a href=\"tel:977681537\">977 68 15 37<\/a><br\/>\n         N\/A<br\/>\n       <a href=\"https:\/\/www.instagram.com\/tama_santsalvador\/\" title=\"Visita la web\" target=\"_blank\" rel=\"noopener\">Visita la web<\/a>\n        \n      <\/div>\n      \n  <\/div>\n  <\/div><\/div>\n\t\t<\/div>\n\t\t\n\t\t\n\t\t<div class=\"row \">\n\t\t\t<div class=\"col-md-4\"> <div style=\"display:none\" class=\"wpv-addon-maps-marker js-wpv-addon-maps-marker js-wpv-addon-maps-marker-marker-28754 js-wpv-addon-maps-markerfor-recursos\" data-marker=\"marker-28754\" data-markertitle=\"Teatro \u00c0ngel Guimer\u00e0\" data-markerfor=\"recursos\" data-markerlat=\"41.220228\" data-markerlon=\"1.5317\" data-markericon=\"\/wp-content\/uploads\/marker-teatres.png\" data-markericonhover=\"\" data-streetview=\"no\" data-fromview=\"\">\n\n\t<div class=\"mapa-tipus-allotjament-petit\">Auditorios y teatros<\/div>\n\t<div class=\"titol-link-mapa-petit\"><a href=\"\/mapa\/#28754\">Teatro \u00c0ngel Guimer\u00e0<\/a><\/div>\n\t<div class=\"mapa-tipus-allotjament-petit\"><a href=\"\/mapa\/#28754\">+ info<\/a><\/div>\n\n<\/div>\n\n<div class=\"map-marker-general\"  id=\"28754\">\n  <div class=\"imatge-mapa\"><img decoding=\"async\" width=\"510\" height=\"382\" src=\"https:\/\/elvendrellturisme.dms3labs.cat\/wp-content\/uploads\/el-vendrell-turisme-teatre-510x382.jpeg\" class=\"attachment-et-pb-portfolio-module-image size-et-pb-portfolio-module-image wp-post-image\" alt=\"\" title=\"\"><\/div>\n  \n\t<div class=\"map-marker-content\">\n      <div class=\"mapa-tipus-allotjament\">Auditorios y teatros<\/div>\n      <h3 class=\"titol-link-mapa\"><a href=\"https:\/\/elvendrellturisme.dms3labs.cat\/es\/recursos-turisticos\/teatro-angel-guimera\/\">Teatro \u00c0ngel Guimer\u00e0<\/a><\/h3>\n      <div class=\"mapa-adreca\">Carrer de Sant Jordi, 9<br\/>\n        43700 El Vendrell\n      <\/div> \n      <div class=\"mapa-contacte\">\n        <a href=\"tel:977665684\">977 665 684<\/a><br\/>\n        <a href=\"mailto:info@tagelvendrell.cat\" title=\"info@tagelvendrell.cat\">info@tagelvendrell.cat<\/a><br\/>\n       <a href=\"https:\/\/tagelvendrell.cat\/\" title=\"Visita la web\" target=\"_blank\" rel=\"noopener\">Visita la web<\/a>\n        \n      <\/div>\n      <img decoding=\"async\" src=\"\/wp-content\/uploads\/turisme-familiar.png\" alt=\"\" title=\"\">\n  <\/div>\n  <\/div><\/div>\n\t\t\n\t\t\n\t\t\t<div class=\"col-md-4\"> <div style=\"display:none\" class=\"wpv-addon-maps-marker js-wpv-addon-maps-marker js-wpv-addon-maps-marker-marker-29253 js-wpv-addon-maps-markerfor-recursos\" data-marker=\"marker-29253\" data-markertitle=\"T\u00f3mate Algo\" data-markerfor=\"recursos\" data-markerlat=\"41.217779\" data-markerlon=\"1.529537\" data-markericon=\"\/wp-content\/uploads\/marker-restaurants.png\" data-markericonhover=\"\" data-streetview=\"no\" data-fromview=\"\">\n\n\t<div class=\"mapa-tipus-allotjament-petit\">Restaurantes<\/div>\n\t<div class=\"titol-link-mapa-petit\"><a href=\"\/mapa\/#29253\">T\u00f3mate Algo<\/a><\/div>\n\t<div class=\"mapa-tipus-allotjament-petit\"><a href=\"\/mapa\/#29253\">+ info<\/a><\/div>\n\n<\/div>\n\n<div class=\"map-marker-general\"  id=\"29253\">\n  <div class=\"imatge-mapa\"><img decoding=\"async\" width=\"510\" height=\"382\" src=\"https:\/\/elvendrellturisme.dms3labs.cat\/wp-content\/uploads\/portadanuev-510x382.png\" class=\"attachment-et-pb-portfolio-module-image size-et-pb-portfolio-module-image wp-post-image\" alt=\"\" title=\"\"><\/div>\n  \n\t<div class=\"map-marker-content\">\n      <div class=\"mapa-tipus-allotjament\">Restaurantes<\/div>\n      <h3 class=\"titol-link-mapa\"><a href=\"https:\/\/elvendrellturisme.dms3labs.cat\/es\/recursos-turisticos\/tomate-algo\/\">T\u00f3mate Algo<\/a><\/h3>\n      <div class=\"mapa-adreca\">Via dels Pa\u00efsos Catalans, 31<br\/>\n        43700 El Vendrell\n      <\/div> \n      <div class=\"mapa-contacte\">\n        <a href=\"tel:877012505\">877012505<\/a><br\/>\n         N\/A<br\/>\n       <a href=\"https:\/\/www.tomate-algo.es\/\" title=\"Visita la web\" target=\"_blank\" rel=\"noopener\">Visita la web<\/a>\n        \n      <\/div>\n      \n  <\/div>\n  <\/div><\/div>\n\t\t\n\t\t\n\t\t\t<div class=\"col-md-4\"> <div style=\"display:none\" class=\"wpv-addon-maps-marker js-wpv-addon-maps-marker js-wpv-addon-maps-marker-marker-25984 js-wpv-addon-maps-markerfor-recursos\" data-marker=\"marker-25984\" data-markertitle=\"Vil\u00b7la Casals\" data-markerfor=\"recursos\" data-markerlat=\"41.183271\" data-markerlon=\"1.540573\" data-markericon=\"\/wp-content\/uploads\/marker-restaurants.png\" data-markericonhover=\"\" data-streetview=\"no\" data-fromview=\"\">\n\n\t<div class=\"mapa-tipus-allotjament-petit\">Restaurantes<\/div>\n\t<div class=\"titol-link-mapa-petit\"><a href=\"\/mapa\/#25984\">Vil\u00b7la Casals<\/a><\/div>\n\t<div class=\"mapa-tipus-allotjament-petit\"><a href=\"\/mapa\/#25984\">+ info<\/a><\/div>\n\n<\/div>\n\n<div class=\"map-marker-general\"  id=\"25984\">\n  <div class=\"imatge-mapa\"><img decoding=\"async\" width=\"510\" height=\"382\" src=\"https:\/\/elvendrellturisme.dms3labs.cat\/wp-content\/uploads\/disseny-sense-titol11-510x382.jpg\" class=\"attachment-et-pb-portfolio-module-image size-et-pb-portfolio-module-image wp-post-image\" alt=\"\" srcset=\"https:\/\/elvendrellturisme.dms3labs.cat\/wp-content\/uploads\/disseny-sense-titol11-510x382.jpg 510w, https:\/\/elvendrellturisme.dms3labs.cat\/wp-content\/uploads\/disseny-sense-titol11-480x480.jpg 480w\" sizes=\"(min-width: 0px) and (max-width: 480px) 480px, (min-width: 481px) 510px, 100vw\" title=\"\"><\/div>\n  \n\t<div class=\"map-marker-content\">\n      <div class=\"mapa-tipus-allotjament\">Restaurantes<\/div>\n      <h3 class=\"titol-link-mapa\"><a href=\"https:\/\/elvendrellturisme.dms3labs.cat\/es\/recursos-turisticos\/restaurant-vil%c2%b7la-casals\/\">Vil\u00b7la Casals<\/a><\/h3>\n      <div class=\"mapa-adreca\">Passeig Mar\u00edtim, 41<br\/>\n        43880 Sant Salvador\n      <\/div> \n      <div class=\"mapa-contacte\">\n        <a href=\"tel:977683141\">977 68 31 41<\/a><br\/>\n        <a href=\"mailto:vilacasals@vilacasals.com\" title=\"vilacasals@vilacasals.com\">vilacasals@vilacasals.com<\/a><br\/>\n       <a href=\"https:\/\/www.vilacasals.com\/\" title=\"Visita la web\" target=\"_blank\" rel=\"noopener\">Visita la web<\/a>\n        \n      <\/div>\n      <img decoding=\"async\" src=\"\/wp-content\/uploads\/turisme-familiar.png\" alt=\"\" title=\"\">\n  <\/div>\n  <\/div><\/div>\n\t\t<\/div>\n\t\t\n\t\t\n\t\t<div class=\"row \">\n\t\t\t<div class=\"col-md-4\"> <div style=\"display:none\" class=\"wpv-addon-maps-marker js-wpv-addon-maps-marker js-wpv-addon-maps-marker-marker-25969 js-wpv-addon-maps-markerfor-recursos\" data-marker=\"marker-25969\" data-markertitle=\"Xaloquell\" data-markerfor=\"recursos\" data-markerlat=\"41.184092\" data-markerlon=\"1.537695\" data-markericon=\"\/wp-content\/uploads\/marker-restaurants.png\" data-markericonhover=\"\" data-streetview=\"no\" data-fromview=\"\">\n\n\t<div class=\"mapa-tipus-allotjament-petit\">Restaurantes<\/div>\n\t<div class=\"titol-link-mapa-petit\"><a href=\"\/mapa\/#25969\">Xaloquell<\/a><\/div>\n\t<div class=\"mapa-tipus-allotjament-petit\"><a href=\"\/mapa\/#25969\">+ info<\/a><\/div>\n\n<\/div>\n\n<div class=\"map-marker-general\"  id=\"25969\">\n  <div class=\"imatge-mapa\"><img decoding=\"async\" width=\"510\" height=\"382\" src=\"https:\/\/elvendrellturisme.dms3labs.cat\/wp-content\/uploads\/20210626-203434-510x382.jpg\" class=\"attachment-et-pb-portfolio-module-image size-et-pb-portfolio-module-image wp-post-image\" alt=\"\" srcset=\"https:\/\/elvendrellturisme.dms3labs.cat\/wp-content\/uploads\/20210626-203434-510x382.jpg 510w, https:\/\/elvendrellturisme.dms3labs.cat\/wp-content\/uploads\/20210626-203434-300x225.jpg 300w, https:\/\/elvendrellturisme.dms3labs.cat\/wp-content\/uploads\/20210626-203434-1024x768.jpg 1024w, https:\/\/elvendrellturisme.dms3labs.cat\/wp-content\/uploads\/20210626-203434-768x576.jpg 768w, https:\/\/elvendrellturisme.dms3labs.cat\/wp-content\/uploads\/20210626-203434-1536x1152.jpg 1536w, https:\/\/elvendrellturisme.dms3labs.cat\/wp-content\/uploads\/20210626-203434-2048x1536.jpg 2048w, https:\/\/elvendrellturisme.dms3labs.cat\/wp-content\/uploads\/20210626-203434-1080x810.jpg 1080w, https:\/\/elvendrellturisme.dms3labs.cat\/wp-content\/uploads\/20210626-203434-1280x960.jpg 1280w, https:\/\/elvendrellturisme.dms3labs.cat\/wp-content\/uploads\/20210626-203434-980x735.jpg 980w, https:\/\/elvendrellturisme.dms3labs.cat\/wp-content\/uploads\/20210626-203434-480x360.jpg 480w\" sizes=\"(max-width: 510px) 100vw, 510px\" title=\"\"><\/div>\n  \n\t<div class=\"map-marker-content\">\n      <div class=\"mapa-tipus-allotjament\">Restaurantes<\/div>\n      <h3 class=\"titol-link-mapa\"><a href=\"https:\/\/elvendrellturisme.dms3labs.cat\/es\/recursos-turisticos\/restaurant-xaloquell\/\">Xaloquell<\/a><\/h3>\n      <div class=\"mapa-adreca\">Carrer del Cant\u00e0bric, 10<br\/>\n        43880 Sant Salvador\n      <\/div> \n      <div class=\"mapa-contacte\">\n        <a href=\"tel:977680819\">977 68 08 19<\/a><br\/>\n        <a href=\"mailto:info@restaurantxaloquell.com\" title=\"info@restaurantxaloquell.com\">info@restaurantxaloquell.com<\/a><br\/>\n       <a href=\"https:\/\/restaurantxaloquell.com\/es\/\" title=\"Visita la web\" target=\"_blank\" rel=\"noopener\">Visita la web<\/a>\n        \n      <\/div>\n      <img decoding=\"async\" src=\"\/wp-content\/uploads\/turisme-familiar.png\" alt=\"\" title=\"\">\n  <\/div>\n  <\/div><\/div>\n\t\t\n\t\t\t<div class=\"col-md-4\"><\/div>\n\t\t\n\t\t\t<div class=\"col-md-4\"><\/div>\n\t\t<\/div>\n\t\n\t<\/div>\n\t\n\t\n\t\n<\/div>\n[\/et_pb_text][\/et_pb_column][\/et_pb_row][\/et_pb_section]\n","protected":false},"excerpt":{"rendered":"<p>Directorio de servicios Este directorio ofrece una relaci\u00f3n de los establecimientos, productos de proximidad y servicios tur\u00edsticos del Vendrell organizados por categor\u00edas. Se puede filtrar por cada categor\u00eda y se ver\u00e1n ubicados en el mapa. Cada recurso tur\u00edstico tiene la ficha correspondiente con informaci\u00f3n y se puede acceder haciendo clic encima.<form autocomplete=\"off\" action=\"\/es\/wp-json\/wp\/v2\/pages\/26215\" method=\"get\" class=\"wpv-filter-form js-wpv-filter-form js-wpv-filter-form-13177 js-wpv-form-only js-wpv-dps-enabled js-wpv-ajax-results-enabled\" data-viewnumber=\"13177\" data-targetid=\"self\" data-viewid=\"13177\" data-viewhash=\"eyJuYW1lIjoidmlldy1nZW5lcmFsIiwidGFyZ2V0X2lkIjoic2VsZiJ9\" data-viewwidgetid=\"0\" data-orderby=\"\" data-order=\"\" data-orderbyas=\"\" data-orderbysecond=\"\" data-ordersecond=\"\" data-parametric=\"{&quot;query&quot;:&quot;normal&quot;,&quot;id&quot;:&quot;13177&quot;,&quot;view_id&quot;:&quot;13177&quot;,&quot;widget_id&quot;:0,&quot;view_hash&quot;:&quot;13177&quot;,&quot;action&quot;:&quot;\/es\/wp-json\/wp\/v2\/pages\/26215&quot;,&quot;sort&quot;:{&quot;orderby&quot;:&quot;&quot;,&quot;order&quot;:&quot;&quot;,&quot;orderby_as&quot;:&quot;&quot;,&quot;orderby_second&quot;:&quot;&quot;,&quot;order_second&quot;:&quot;&quot;},&quot;orderby&quot;:&quot;&quot;,&quot;order&quot;:&quot;&quot;,&quot;orderby_as&quot;:&quot;&quot;,&quot;orderby_second&quot;:&quot;&quot;,&quot;order_second&quot;:&quot;&quot;,&quot;ajax_form&quot;:&quot;&quot;,&quot;ajax_results&quot;:&quot;&quot;,&quot;effect&quot;:&quot;fade&quot;,&quot;prebefore&quot;:&quot;&quot;,&quot;before&quot;:&quot;&quot;,&quot;after&quot;:&quot;&quot;,&quot;attributes&quot;:[],&quot;environment&quot;:{&quot;current_post_id&quot;:0,&quot;parent_post_id&quot;:0,&quot;parent_term_id&quot;:0,&quot;parent_user_id&quot;:0,&quot;archive&quot;:{&quot;type&quot;:&quot;&quot;,&quot;name&quot;:&quot;&quot;,&quot;data&quot;:[]}},&quot;loop&quot;:{&quot;type&quot;:&quot;&quot;,&quot;name&quot;:&quot;&quot;,&quot;data&quot;:[],&quot;id&quot;:0}}\" data-attributes=\"[]\" data-environment=\"{&quot;current_post_id&quot;:0,&quot;parent_post_id&quot;:0,&quot;parent_term_id&quot;:0,&quot;parent_user_id&quot;:0,&quot;archive&quot;:{&quot;type&quot;:&quot;&quot;,&quot;name&quot;:&quot;&quot;,&quot;data&quot;:[]}}\"><input type=\"hidden\" class=\"js-wpv-dps-filter-data js-wpv-filter-data-for-this-form\" data-action=\"\/es\/wp-json\/wp\/v2\/pages\/26215\" data-page=\"1\" data-ajax=\"disable\" data-effect=\"fade\" data-ajaxprebefore=\"\" data-ajaxbefore=\"\" data-ajaxafter=\"\" \/><input class=\"wpv_view_count wpv_view_count-13177\" type=\"hidden\" name=\"wpv_view_count\" value=\"13177\" \/>\n\n<div class=\"row\">\n\t<div class=\"col-md-4 col-cerca-mapa\">\n<div class=\"form-group\">\n    <label for=\"wpv-tipus-de-recurs\"><h3>Tipo de recurso<\/h3><\/label>\n\t<div class=\"form-check\"><input type=\"checkbox\" id=\"tipus-de-recurs-allotjaments\" class=\"js-wpv-filter-trigger form-check-input\" name=\"wpv-tipus-de-recurs[]\" value=\"allotjaments\" \/><label for=\"tipus-de-recurs-allotjaments\" class=\"form-check-label\">Alojamentos<\/label><\/div><div class=\"form-check\"><input type=\"checkbox\" id=\"tipus-de-recurs-teatres\" class=\"js-wpv-filter-trigger form-check-input\" name=\"wpv-tipus-de-recurs[]\" value=\"teatres\" \/><label for=\"tipus-de-recurs-teatres\" class=\"form-check-label\">Auditorios y teatros<\/label><\/div><div class=\"form-check\"><input type=\"checkbox\" id=\"tipus-de-recurs-cellers\" class=\"js-wpv-filter-trigger form-check-input\" name=\"wpv-tipus-de-recurs[]\" value=\"cellers\" \/><label for=\"tipus-de-recurs-cellers\" class=\"form-check-label\">Bodegas<\/label><\/div><div class=\"form-check\"><input type=\"checkbox\" id=\"tipus-de-recurs-museus\" class=\"js-wpv-filter-trigger form-check-input\" name=\"wpv-tipus-de-recurs[]\" value=\"museus\" \/><label for=\"tipus-de-recurs-museus\" class=\"form-check-label\">Museos<\/label><\/div><div class=\"form-check\"><input type=\"checkbox\" id=\"tipus-de-recurs-restaurants\" class=\"js-wpv-filter-trigger form-check-input\" name=\"wpv-tipus-de-recurs[]\" value=\"restaurants\" \/><label for=\"tipus-de-recurs-restaurants\" class=\"form-check-label\">Restaurantes<\/label><\/div><div class=\"form-check\"><input type=\"checkbox\" id=\"tipus-de-recurs-serveis-municipals\" class=\"js-wpv-filter-trigger form-check-input\" name=\"wpv-tipus-de-recurs[]\" value=\"serveis-municipals\" \/><label for=\"tipus-de-recurs-serveis-municipals\" class=\"form-check-label\">Servicios municipales<\/label><\/div><div class=\"form-check\"><input type=\"checkbox\" id=\"tipus-de-recurs-turisme-oci\" class=\"js-wpv-filter-trigger form-check-input\" name=\"wpv-tipus-de-recurs[]\" value=\"turisme-oci\" \/><label for=\"tipus-de-recurs-turisme-oci\" class=\"form-check-label\">Turismo y ocio<\/label><\/div>\n<\/div>\n  <\/div>\n\t<div class=\"col-md-4 col-cerca-mapa\">\n <div class=\"form-group\">\n\t<label for=\"wpv-wpcf-municipi\"><h3>Poblaci\u00f3n<\/h3><\/label>\n\t<div class=\"form-check\"><input type=\"checkbox\" class=\"js-wpv-filter-trigger form-check-input\" name=\"wpv-wpcf-municipi[]\" value=\"43700 El Vendrell\" id=\"form-9912688c756b242746f144f1d37589e2-23\" \/><label class=\"form-check-label\" for=\"form-9912688c756b242746f144f1d37589e2-23\">43700 El Vendrell<\/label><\/div><div class=\"form-check\"><input type=\"checkbox\" class=\"js-wpv-filter-trigger form-check-input\" name=\"wpv-wpcf-municipi[]\" value=\"43880 Coma-ruga (EL VENDRELL)\" id=\"form-8bb4876fedb14db5ad7b67b94abf30a5-24\" \/><label class=\"form-check-label\" for=\"form-8bb4876fedb14db5ad7b67b94abf30a5-24\">43880 Coma-ruga (EL VENDRELL)<\/label><\/div><div class=\"form-check\"><input type=\"checkbox\" class=\"js-wpv-filter-trigger form-check-input\" name=\"wpv-wpcf-municipi[]\" value=\"43880 Sant Vicen\u00e7 de Calders\" id=\"form-35cbde6d4d9a59b44fcc924a4139c80e-25\" \/><label class=\"form-check-label\" for=\"form-35cbde6d4d9a59b44fcc924a4139c80e-25\">43880 Sant Vicen\u00e7 de Calders<\/label><\/div><div class=\"form-check\"><input type=\"checkbox\" class=\"js-wpv-filter-trigger form-check-input\" name=\"wpv-wpcf-municipi[]\" value=\"Coma-ruga\" id=\"form-a16fd47ada80ec2b2082e4b376d71971-26\" \/><label class=\"form-check-label\" for=\"form-a16fd47ada80ec2b2082e4b376d71971-26\">Coma-ruga<\/label><\/div><div class=\"form-check\"><input type=\"checkbox\" class=\"js-wpv-filter-trigger form-check-input\" name=\"wpv-wpcf-municipi[]\" value=\"Coma-ruga (El Vendrell)\" id=\"form-34484131f31e4f3e95a900707f96b51b-27\" \/><label class=\"form-check-label\" for=\"form-34484131f31e4f3e95a900707f96b51b-27\">Coma-ruga (El Vendrell)<\/label><\/div><div class=\"form-check\"><input type=\"checkbox\" class=\"js-wpv-filter-trigger form-check-input\" name=\"wpv-wpcf-municipi[]\" value=\"El Franc\u00e0s\" id=\"form-5c9a497c6aa86b01abcff33a5d6acf28-28\" \/><label class=\"form-check-label\" for=\"form-5c9a497c6aa86b01abcff33a5d6acf28-28\">El Franc\u00e0s<\/label><\/div><div class=\"form-check\"><input type=\"checkbox\" class=\"js-wpv-filter-trigger form-check-input\" name=\"wpv-wpcf-municipi[]\" value=\"El Vendrell\" id=\"form-60be38106a241ebc2c352e8ed8c1e1b1-29\" \/><label class=\"form-check-label\" for=\"form-60be38106a241ebc2c352e8ed8c1e1b1-29\">El Vendrell<\/label><\/div><div class=\"form-check\"><input type=\"checkbox\" class=\"js-wpv-filter-trigger form-check-input\" name=\"wpv-wpcf-municipi[]\" value=\"Sant Salvador\" id=\"form-d51095758135f7f9449fcc8f1e0de5fb-30\" \/><label class=\"form-check-label\" for=\"form-d51095758135f7f9449fcc8f1e0de5fb-30\">Sant Salvador<\/label><\/div><div class=\"form-check\"><input type=\"checkbox\" class=\"js-wpv-filter-trigger form-check-input\" name=\"wpv-wpcf-municipi[]\" value=\"Sant Vicen\u00e7 de Calders (el Vendrell)\" id=\"form-6436e8d2f193d585760bfa7447b078f8-31\" \/><label class=\"form-check-label\" for=\"form-6436e8d2f193d585760bfa7447b078f8-31\">Sant Vicen\u00e7 de Calders (el Vendrell)<\/label><\/div><div class=\"form-check\"><input type=\"checkbox\" class=\"js-wpv-filter-trigger form-check-input\" name=\"wpv-wpcf-municipi[]\" value=\"Santa Oliva\" id=\"form-a217da78ad2717dd07dcc2bcf34bde2a-32\" \/><label class=\"form-check-label\" for=\"form-a217da78ad2717dd07dcc2bcf34bde2a-32\">Santa Oliva<\/label><\/div><div class=\"form-check\"><input type=\"checkbox\" class=\"js-wpv-filter-trigger form-check-input\" name=\"wpv-wpcf-municipi[]\" value=\"Vila-rodona\" id=\"form-781f11460593efb1fe87ac58c4cd30bf-33\" \/><label class=\"form-check-label\" for=\"form-781f11460593efb1fe87ac58c4cd30bf-33\">Vila-rodona<\/label><\/div>\n<\/div>   \n  <\/div>\n\t<div class=\"col-md-4 col-cerca-mapa\">   \n    <div class=\"form-group\">\n      <label for=\"wpcf-segell-de-turisme-familiar\"><h3>Turismo familiar<\/h3><\/label>\n\t<div class=\"form-check\"><input type=\"checkbox\" id=\"wpv_control_checkbox_wpcf-segell-de-turisme-familiar\" class=\"js-wpv-filter-trigger form-check-input\" name=\"wpv-wpcf-segell-de-turisme-familiar\" value=\"1\" \/><label for=\"wpv_control_checkbox_wpcf-segell-de-turisme-familiar\" class=\"form-check-label\">Segell de turisme familiar<\/label><\/div>\n<\/div>\n         <div class=\"form-group\">\n    <h3>B\u00fasqueda<\/h3>\n\t<input type=\"text\" name=\"wpv_post_search\"  class=\"js-wpv-filter-trigger-delayed form-control\" \/>\n    <input type=\"button\" class=\"buto-mapa wpv-reset-trigger js-wpv-reset-trigger btn\" name=\"wpv_filter_reset\" value=\"Restablecer\" \/>\n<\/div>\n  \n  <\/div>\n<\/div>\n\n<\/form><form style=\"display:none;\" autocomplete=\"off\" name=\"wpv-filter-13177\" action=\"\/es\/wp-json\/wp\/v2\/pages\/26215?wpv_view_count=13177\" method=\"get\" class=\"wpv-filter-form js-wpv-filter-form js-wpv-filter-form-13177 js-wpv-form-full js-wpv-dps-enabled js-wpv-ajax-results-enabled\" data-viewnumber=\"13177\" data-viewid=\"13177\" data-viewhash=\"eyJuYW1lIjoidmlldy1nZW5lcmFsIiwidmlld19kaXNwbGF5IjoibGF5b3V0In0=\" data-viewwidgetid=\"0\" data-orderby=\"\" data-order=\"\" data-orderbyas=\"\" data-orderbysecond=\"\" data-ordersecond=\"\" data-parametric=\"{&quot;query&quot;:&quot;normal&quot;,&quot;id&quot;:13177,&quot;view_id&quot;:13177,&quot;widget_id&quot;:0,&quot;view_hash&quot;:&quot;13177&quot;,&quot;action&quot;:&quot;\\\/es\\\/wp-json\\\/wp\\\/v2\\\/pages\\\/26215?wpv_view_count=13177&quot;,&quot;sort&quot;:{&quot;orderby&quot;:&quot;&quot;,&quot;order&quot;:&quot;&quot;,&quot;orderby_as&quot;:&quot;&quot;,&quot;orderby_second&quot;:&quot;&quot;,&quot;order_second&quot;:&quot;&quot;},&quot;orderby&quot;:&quot;&quot;,&quot;order&quot;:&quot;&quot;,&quot;orderby_as&quot;:&quot;&quot;,&quot;orderby_second&quot;:&quot;&quot;,&quot;order_second&quot;:&quot;&quot;,&quot;ajax_form&quot;:&quot;&quot;,&quot;ajax_results&quot;:&quot;&quot;,&quot;effect&quot;:&quot;fade&quot;,&quot;prebefore&quot;:&quot;&quot;,&quot;before&quot;:&quot;&quot;,&quot;after&quot;:&quot;&quot;,&quot;attributes&quot;:{&quot;view_display&quot;:&quot;layout&quot;},&quot;environment&quot;:{&quot;current_post_id&quot;:26215,&quot;parent_post_id&quot;:26215,&quot;parent_term_id&quot;:0,&quot;parent_user_id&quot;:0,&quot;archive&quot;:{&quot;type&quot;:&quot;&quot;,&quot;name&quot;:&quot;&quot;,&quot;data&quot;:[]}},&quot;loop&quot;:{&quot;type&quot;:&quot;&quot;,&quot;name&quot;:&quot;&quot;,&quot;data&quot;:[],&quot;id&quot;:0}}\" data-attributes=\"{&quot;view_display&quot;:&quot;layout&quot;}\" data-environment=\"{&quot;current_post_id&quot;:26215,&quot;parent_post_id&quot;:26215,&quot;parent_term_id&quot;:0,&quot;parent_user_id&quot;:0,&quot;archive&quot;:{&quot;type&quot;:&quot;&quot;,&quot;name&quot;:&quot;&quot;,&quot;data&quot;:[]}}\"><input type=\"hidden\" class=\"js-wpv-dps-filter-data js-wpv-filter-data-for-this-form\" data-action=\"\/es\/wp-json\/wp\/v2\/pages\/26215?wpv_view_count=13177\" data-page=\"1\" data-ajax=\"enable\" data-effect=\"fade\" data-maxpages=\"0\" data-ajaxprebefore=\"\" data-ajaxbefore=\"\" data-ajaxafter=\"\" \/><input class=\"wpv_view_count wpv_view_count-13177\" type=\"hidden\" name=\"wpv_view_count\" value=\"13177\" \/>\n\n<div class=\"row\">\n\t<div class=\"col-md-4 col-cerca-mapa\">\n<div class=\"form-group\">\n    <label for=\"wpv-tipus-de-recurs\"><h3>Tipo de recurso<\/h3><\/label>\n\t<div class=\"form-check\"><input type=\"checkbox\" id=\"tipus-de-recurs-allotjaments\" class=\"js-wpv-filter-trigger form-check-input\" name=\"wpv-tipus-de-recurs[]\" value=\"allotjaments\" \/><label for=\"tipus-de-recurs-allotjaments\" class=\"form-check-label\">Alojamentos<\/label><\/div><div class=\"form-check\"><input type=\"checkbox\" id=\"tipus-de-recurs-teatres\" class=\"js-wpv-filter-trigger form-check-input\" name=\"wpv-tipus-de-recurs[]\" value=\"teatres\" \/><label for=\"tipus-de-recurs-teatres\" class=\"form-check-label\">Auditorios y teatros<\/label><\/div><div class=\"form-check\"><input type=\"checkbox\" id=\"tipus-de-recurs-cellers\" class=\"js-wpv-filter-trigger form-check-input\" name=\"wpv-tipus-de-recurs[]\" value=\"cellers\" \/><label for=\"tipus-de-recurs-cellers\" class=\"form-check-label\">Bodegas<\/label><\/div><div class=\"form-check\"><input type=\"checkbox\" id=\"tipus-de-recurs-museus\" class=\"js-wpv-filter-trigger form-check-input\" name=\"wpv-tipus-de-recurs[]\" value=\"museus\" \/><label for=\"tipus-de-recurs-museus\" class=\"form-check-label\">Museos<\/label><\/div><div class=\"form-check\"><input type=\"checkbox\" id=\"tipus-de-recurs-restaurants\" class=\"js-wpv-filter-trigger form-check-input\" name=\"wpv-tipus-de-recurs[]\" value=\"restaurants\" \/><label for=\"tipus-de-recurs-restaurants\" class=\"form-check-label\">Restaurantes<\/label><\/div><div class=\"form-check\"><input type=\"checkbox\" id=\"tipus-de-recurs-serveis-municipals\" class=\"js-wpv-filter-trigger form-check-input\" name=\"wpv-tipus-de-recurs[]\" value=\"serveis-municipals\" \/><label for=\"tipus-de-recurs-serveis-municipals\" class=\"form-check-label\">Servicios municipales<\/label><\/div><div class=\"form-check\"><input type=\"checkbox\" id=\"tipus-de-recurs-turisme-oci\" class=\"js-wpv-filter-trigger form-check-input\" name=\"wpv-tipus-de-recurs[]\" value=\"turisme-oci\" \/><label for=\"tipus-de-recurs-turisme-oci\" class=\"form-check-label\">Turismo y ocio<\/label><\/div>\n<\/div>\n  <\/div>\n\t<div class=\"col-md-4 col-cerca-mapa\">\n <div class=\"form-group\">\n\t<label for=\"wpv-wpcf-municipi\"><h3>Poblaci\u00f3n<\/h3><\/label>\n\t<div class=\"form-check\"><input type=\"checkbox\" class=\"js-wpv-filter-trigger form-check-input\" name=\"wpv-wpcf-municipi[]\" value=\"43700 El Vendrell\" id=\"form-9912688c756b242746f144f1d37589e2-34\" \/><label class=\"form-check-label\" for=\"form-9912688c756b242746f144f1d37589e2-34\">43700 El Vendrell<\/label><\/div><div class=\"form-check\"><input type=\"checkbox\" class=\"js-wpv-filter-trigger form-check-input\" name=\"wpv-wpcf-municipi[]\" value=\"43880 Coma-ruga (EL VENDRELL)\" id=\"form-8bb4876fedb14db5ad7b67b94abf30a5-35\" \/><label class=\"form-check-label\" for=\"form-8bb4876fedb14db5ad7b67b94abf30a5-35\">43880 Coma-ruga (EL VENDRELL)<\/label><\/div><div class=\"form-check\"><input type=\"checkbox\" class=\"js-wpv-filter-trigger form-check-input\" name=\"wpv-wpcf-municipi[]\" value=\"43880 Sant Vicen\u00e7 de Calders\" id=\"form-35cbde6d4d9a59b44fcc924a4139c80e-36\" \/><label class=\"form-check-label\" for=\"form-35cbde6d4d9a59b44fcc924a4139c80e-36\">43880 Sant Vicen\u00e7 de Calders<\/label><\/div><div class=\"form-check\"><input type=\"checkbox\" class=\"js-wpv-filter-trigger form-check-input\" name=\"wpv-wpcf-municipi[]\" value=\"Coma-ruga\" id=\"form-a16fd47ada80ec2b2082e4b376d71971-37\" \/><label class=\"form-check-label\" for=\"form-a16fd47ada80ec2b2082e4b376d71971-37\">Coma-ruga<\/label><\/div><div class=\"form-check\"><input type=\"checkbox\" class=\"js-wpv-filter-trigger form-check-input\" name=\"wpv-wpcf-municipi[]\" value=\"Coma-ruga (El Vendrell)\" id=\"form-34484131f31e4f3e95a900707f96b51b-38\" \/><label class=\"form-check-label\" for=\"form-34484131f31e4f3e95a900707f96b51b-38\">Coma-ruga (El Vendrell)<\/label><\/div><div class=\"form-check\"><input type=\"checkbox\" class=\"js-wpv-filter-trigger form-check-input\" name=\"wpv-wpcf-municipi[]\" value=\"El Franc\u00e0s\" id=\"form-5c9a497c6aa86b01abcff33a5d6acf28-39\" \/><label class=\"form-check-label\" for=\"form-5c9a497c6aa86b01abcff33a5d6acf28-39\">El Franc\u00e0s<\/label><\/div><div class=\"form-check\"><input type=\"checkbox\" class=\"js-wpv-filter-trigger form-check-input\" name=\"wpv-wpcf-municipi[]\" value=\"El Vendrell\" id=\"form-60be38106a241ebc2c352e8ed8c1e1b1-40\" \/><label class=\"form-check-label\" for=\"form-60be38106a241ebc2c352e8ed8c1e1b1-40\">El Vendrell<\/label><\/div><div class=\"form-check\"><input type=\"checkbox\" class=\"js-wpv-filter-trigger form-check-input\" name=\"wpv-wpcf-municipi[]\" value=\"Sant Salvador\" id=\"form-d51095758135f7f9449fcc8f1e0de5fb-41\" \/><label class=\"form-check-label\" for=\"form-d51095758135f7f9449fcc8f1e0de5fb-41\">Sant Salvador<\/label><\/div><div class=\"form-check\"><input type=\"checkbox\" class=\"js-wpv-filter-trigger form-check-input\" name=\"wpv-wpcf-municipi[]\" value=\"Sant Vicen\u00e7 de Calders (el Vendrell)\" id=\"form-6436e8d2f193d585760bfa7447b078f8-42\" \/><label class=\"form-check-label\" for=\"form-6436e8d2f193d585760bfa7447b078f8-42\">Sant Vicen\u00e7 de Calders (el Vendrell)<\/label><\/div><div class=\"form-check\"><input type=\"checkbox\" class=\"js-wpv-filter-trigger form-check-input\" name=\"wpv-wpcf-municipi[]\" value=\"Santa Oliva\" id=\"form-a217da78ad2717dd07dcc2bcf34bde2a-43\" \/><label class=\"form-check-label\" for=\"form-a217da78ad2717dd07dcc2bcf34bde2a-43\">Santa Oliva<\/label><\/div><div class=\"form-check\"><input type=\"checkbox\" class=\"js-wpv-filter-trigger form-check-input\" name=\"wpv-wpcf-municipi[]\" value=\"Vila-rodona\" id=\"form-781f11460593efb1fe87ac58c4cd30bf-44\" \/><label class=\"form-check-label\" for=\"form-781f11460593efb1fe87ac58c4cd30bf-44\">Vila-rodona<\/label><\/div>\n<\/div>   \n  <\/div>\n\t<div class=\"col-md-4 col-cerca-mapa\">   \n    <div class=\"form-group\">\n      <label for=\"wpcf-segell-de-turisme-familiar\"><h3>Turismo familiar<\/h3><\/label>\n\t<div class=\"form-check\"><input type=\"checkbox\" id=\"wpv_control_checkbox_wpcf-segell-de-turisme-familiar\" class=\"js-wpv-filter-trigger form-check-input\" name=\"wpv-wpcf-segell-de-turisme-familiar\" value=\"1\" \/><label for=\"wpv_control_checkbox_wpcf-segell-de-turisme-familiar\" class=\"form-check-label\">Segell de turisme familiar<\/label><\/div>\n<\/div>\n         <div class=\"form-group\">\n    <h3>B\u00fasqueda<\/h3>\n\t<input type=\"text\" name=\"wpv_post_search\"  class=\"js-wpv-filter-trigger-delayed form-control\" \/>\n    <input type=\"button\" class=\"buto-mapa wpv-reset-trigger js-wpv-reset-trigger btn\" name=\"wpv_filter_reset\" value=\"Restablecer\" \/>\n<\/div>\n  \n  <\/div>\n<\/div>\n\n<\/form>\n<div id=\"js-wpv-addon-maps-render-recursos-1\" style=\"width:100%; height:500px;\" class=\"wpv-addon-maps-render js-wpv-addon-maps-render js-wpv-addon-maps-render-recursos-1 \" data-map=\"recursos-1\" data-generalzoom=\"5\" data-generalcenterlat=\"0\" data-generalcenterlon=\"0\" data-fitbounds=\"on\" data-singlezoom=\"14\" data-singlecenter=\"on\" data-maptype=\"roadmap\" data-showlayerinterests=\"false\" data-markericon=\"\" data-markericonhover=\"\" data-draggable=\"on\" data-scrollwheel=\"on\" data-doubleclickzoom=\"on\" data-maptypecontrol=\"on\" data-fullscreencontrol=\"on\" data-zoomcontrol=\"on\" data-streetviewcontrol=\"on\" data-backgroundcolor=\"\" data-cluster=\"on\" data-clustergridsize=\"60\" data-clustermaxzoom=\"\" data-clusterclickzoom=\"on\" data-clusterminsize=\"2\" data-stylejson=\"\/\/www.elvendrellturistic.com\/wp-content\/plugins\/toolset-maps\/resources\/json\/Silver.json\" data-spiderfy=\"on\" data-streetview=\"off\" data-markerid=\"\" data-location=\"\" data-lat=\"0\" data-long=\"0\" data-heading=\"\" data-pitch=\"\">Cargando...<\/div>\n\n<div id=\"wpv-view-layout-13177\" class=\"js-wpv-view-layout js-wpv-layout-responsive js-wpv-view-layout-13177\" data-viewnumber=\"13177\" data-pagination=\"{&quot;id&quot;:13177,&quot;query&quot;:&quot;normal&quot;,&quot;type&quot;:&quot;disabled&quot;,&quot;effect&quot;:&quot;fade&quot;,&quot;duration&quot;:500,&quot;speed&quot;:5,&quot;pause_on_hover&quot;:&quot;disabled&quot;,&quot;stop_rollover&quot;:&quot;false&quot;,&quot;cache_pages&quot;:&quot;enabled&quot;,&quot;preload_images&quot;:&quot;enabled&quot;,&quot;preload_pages&quot;:&quot;enabled&quot;,&quot;preload_reach&quot;:1,&quot;spinner&quot;:&quot;builtin&quot;,&quot;spinner_image&quot;:&quot;https:\/\/elvendrellturisme.dms3labs.cat\/wp-content\/plugins\/toolset-blocks\/embedded\/res\/img\/ajax-loader.gif&quot;,&quot;callback_next&quot;:&quot;&quot;,&quot;manage_history&quot;:&quot;enabled&quot;,&quot;has_controls_in_form&quot;:&quot;disabled&quot;,&quot;infinite_tolerance&quot;:&quot;0&quot;,&quot;max_pages&quot;:0,&quot;page&quot;:1,&quot;base_permalink&quot;:&quot;\/es\/wp-json\/wp\/v2\/pages\/26215?wpv_view_count=13177&amp;wpv_paged=WPV_PAGE_NUM&quot;,&quot;loop&quot;:{&quot;type&quot;:&quot;&quot;,&quot;name&quot;:&quot;&quot;,&quot;data&quot;:[],&quot;id&quot;:0}}\" data-permalink=\"\/es\/wp-json\/wp\/v2\/pages\/26215?wpv_view_count=13177\">\n \n\t\n\t\n\t<div class=\"container wpv-loop js-wpv-loop llistat-recursos\">\n\t\n\t\t\n\t\t<div class=\"row \">\n\t\t\t<div class=\"col-md-4\">\n<div style=\"display:none\" class=\"wpv-addon-maps-marker js-wpv-addon-maps-marker js-wpv-addon-maps-marker-marker-25756-1 js-wpv-addon-maps-markerfor-recursos\" data-marker=\"marker-25756-1\" data-markertitle=\"4R Gran Europe &#8211; HT-000260\" data-markerfor=\"recursos\" data-markerlat=\"41.182757\" data-markerlon=\"1.532986\" data-markericon=\"\/wp-content\/uploads\/marker-allotjaments.png\" data-markericonhover=\"\" data-streetview=\"no\" data-fromview=\"\">\n<div class=\"mapa-tipus-allotjament-petit\">Alojamentos<\/div>\n<div class=\"titol-link-mapa-petit\"><a href=\"\/mapa\/#25756\">4R Gran Europe &#8211; HT-000260<\/a><\/div>\n<div class=\"mapa-tipus-allotjament-petit\"><a href=\"\/mapa\/#25756\">+ info<\/a><\/div>\n<\/div>\n<div class=\"map-marker-general\"  id=\"25756\">\n<div class=\"imatge-mapa\"><img decoding=\"async\" width=\"510\" height=\"382\" src=\"https:\/\/elvendrellturisme.dms3labs.cat\/wp-content\/uploads\/geuropa187219b-510x382.jpg\" class=\"attachment-et-pb-portfolio-module-image size-et-pb-portfolio-module-image wp-post-image\" alt=\"\" title=\"\"><\/div>\n<div class=\"map-marker-content\">\n<div class=\"mapa-tipus-allotjament\">Alojamentos<\/div>\n<h3 class=\"titol-link-mapa\"><a href=\"https:\/\/elvendrellturisme.dms3labs.cat\/es\/recursos-turisticos\/gran-hotel-europe-ht-000260\/\">4R Gran Europe &#8211; HT-000260<\/a><\/h3>\n<div class=\"mapa-adreca\">Av. Palfuriana, 125-127<br \/>\n        43880 Coma-ruga\n      <\/div>\n<div class=\"mapa-contacte\">\n        <a href=\"tel:977684200\">977 684 200<\/a><br \/>\n        <a href=\"mailto:graneurope@4rhotels.com\" title=\"graneurope@4rhotels.com\">graneurope@4rhotels.com<\/a><br \/>\n       <a href=\"https:\/\/www.4rhotels.com\/es\/Hotel-4r-Gran-Europe\/\" title=\"Visita la web\" target=\"_blank\" rel=\"noopener\">Visita la web<\/a><\/p><\/div>\n<\/p><\/div>\n<\/p><\/div>\n<\/div>\n\t\t\n\t\t\n\t\t\t<div class=\"col-md-4\">\n<div style=\"display:none\" class=\"wpv-addon-maps-marker js-wpv-addon-maps-marker js-wpv-addon-maps-marker-marker-37584-1 js-wpv-addon-maps-markerfor-recursos\" data-marker=\"marker-37584-1\" data-markertitle=\"Agro-Tast\" data-markerfor=\"recursos\" data-markerlat=\"41.223594\" data-markerlon=\"1.53685\" data-markericon=\"\/wp-content\/uploads\/marker-restaurants.png\" data-markericonhover=\"\" data-streetview=\"no\" data-fromview=\"\">\n<div class=\"mapa-tipus-allotjament-petit\">Restaurantes<\/div>\n<div class=\"titol-link-mapa-petit\"><a href=\"\/mapa\/#37584\">Agro-Tast<\/a><\/div>\n<div class=\"mapa-tipus-allotjament-petit\"><a href=\"\/mapa\/#37584\">+ info<\/a><\/div>\n<\/div>\n<div class=\"map-marker-general\"  id=\"37584\">\n<div class=\"imatge-mapa\"><img decoding=\"async\" width=\"510\" height=\"382\" src=\"https:\/\/elvendrellturisme.dms3labs.cat\/wp-content\/uploads\/disseny-sense-titol35-510x382.jpg\" class=\"attachment-et-pb-portfolio-module-image size-et-pb-portfolio-module-image wp-post-image\" alt=\"\" srcset=\"https:\/\/elvendrellturisme.dms3labs.cat\/wp-content\/uploads\/disseny-sense-titol35-510x382.jpg 510w, https:\/\/elvendrellturisme.dms3labs.cat\/wp-content\/uploads\/disseny-sense-titol35-480x480.jpg 480w\" sizes=\"(min-width: 0px) and (max-width: 480px) 480px, (min-width: 481px) 510px, 100vw\" title=\"\"><\/div>\n<div class=\"map-marker-content\">\n<div class=\"mapa-tipus-allotjament\">Restaurantes<\/div>\n<h3 class=\"titol-link-mapa\"><a href=\"https:\/\/elvendrellturisme.dms3labs.cat\/es\/recursos-turisticos\/agro-tast\/\">Agro-Tast<\/a><\/h3>\n<div class=\"mapa-adreca\">Ctra. de Valls, 15<br \/>\n        43700 El Vendrell\n      <\/div>\n<div class=\"mapa-contacte\">\n        <a href=\"tel:685509787\">685 509 787<\/a><br \/>\n         N\/A<br \/>\n       <a href=\"https:\/\/www.agrotast.cat\/\" title=\"Visita la web\" target=\"_blank\" rel=\"noopener\">Visita la web<\/a><\/p><\/div>\n<\/p><\/div>\n<\/p><\/div>\n<\/div>\n\t\t\n\t\t\n\t\t\t<div class=\"col-md-4\">\n<div style=\"display:none\" class=\"wpv-addon-maps-marker js-wpv-addon-maps-marker js-wpv-addon-maps-marker-marker-25768-1 js-wpv-addon-maps-markerfor-recursos\" data-marker=\"marker-25768-1\" data-markertitle=\"Alberg Coma-ruga Xanascat\" data-markerfor=\"recursos\" data-markerlat=\"41.183151\" data-markerlon=\"1.534944\" data-markericon=\"\/wp-content\/uploads\/marker-allotjaments.png\" data-markericonhover=\"\" data-streetview=\"no\" data-fromview=\"\">\n<div class=\"mapa-tipus-allotjament-petit\">Alojamentos<\/div>\n<div class=\"titol-link-mapa-petit\"><a href=\"\/mapa\/#25768\">Alberg Coma-ruga Xanascat<\/a><\/div>\n<div class=\"mapa-tipus-allotjament-petit\"><a href=\"\/mapa\/#25768\">+ info<\/a><\/div>\n<\/div>\n<div class=\"map-marker-general\"  id=\"25768\">\n<div class=\"imatge-mapa\"><img decoding=\"async\" width=\"510\" height=\"382\" src=\"https:\/\/elvendrellturisme.dms3labs.cat\/wp-content\/uploads\/disseny-sense-titol3-2-510x382.jpg\" class=\"attachment-et-pb-portfolio-module-image size-et-pb-portfolio-module-image wp-post-image\" alt=\"\" srcset=\"https:\/\/elvendrellturisme.dms3labs.cat\/wp-content\/uploads\/disseny-sense-titol3-2-510x382.jpg 510w, https:\/\/elvendrellturisme.dms3labs.cat\/wp-content\/uploads\/disseny-sense-titol3-2-480x480.jpg 480w\" sizes=\"(min-width: 0px) and (max-width: 480px) 480px, (min-width: 481px) 510px, 100vw\" title=\"\"><\/div>\n<div class=\"map-marker-content\">\n<div class=\"mapa-tipus-allotjament\">Alojamentos<\/div>\n<h3 class=\"titol-link-mapa\"><a href=\"https:\/\/elvendrellturisme.dms3labs.cat\/es\/recursos-turisticos\/alberg-santa-maria-del-mar-de-coma-ruga-no-registro-3\/\">Alberg Coma-ruga Xanascat<\/a><\/h3>\n<div class=\"mapa-adreca\">Avinguda Palfuriana, 104<br \/>\n        43880 Coma-ruga\n      <\/div>\n<div class=\"mapa-contacte\">\n        <a href=\"tel:977680008\">977 680 008<\/a><br \/>\n        <a href=\"mailto:alberg.comaruga@gencat.cat\" title=\"alberg.comaruga@gencat.cat\">alberg.comaruga@gencat.cat<\/a><br \/>\n       <a href=\"https:\/\/xanascat.gencat.cat\/ca\" title=\"Visita la web\" target=\"_blank\" rel=\"noopener\">Visita la web<\/a><\/p><\/div>\n<p>      <img decoding=\"async\" src=\"\/wp-content\/uploads\/turisme-familiar.png\" alt=\"\" title=\"\">\n  <\/div>\n<\/p><\/div>\n<\/div>\n\t\t<\/div>\n\t\t\n\t\t\n\t\t<div class=\"row \">\n\t\t\t<div class=\"col-md-4\">\n<div style=\"display:none\" class=\"wpv-addon-maps-marker js-wpv-addon-maps-marker js-wpv-addon-maps-marker-marker-25779-1 js-wpv-addon-maps-markerfor-recursos\" data-marker=\"marker-25779-1\" data-markertitle=\"Apartamentos Pierre &#038; Vacances\" data-markerfor=\"recursos\" data-markerlat=\"41.181769\" data-markerlon=\"1.529449\" data-markericon=\"\/wp-content\/uploads\/marker-allotjaments.png\" data-markericonhover=\"\" data-streetview=\"no\" data-fromview=\"\">\n<div class=\"mapa-tipus-allotjament-petit\">Alojamentos<\/div>\n<div class=\"titol-link-mapa-petit\"><a href=\"\/mapa\/#25779\">Apartamentos Pierre &#038; Vacances<\/a><\/div>\n<div class=\"mapa-tipus-allotjament-petit\"><a href=\"\/mapa\/#25779\">+ info<\/a><\/div>\n<\/div>\n<div class=\"map-marker-general\"  id=\"25779\">\n<div class=\"imatge-mapa\"><img decoding=\"async\" width=\"510\" height=\"382\" src=\"https:\/\/elvendrellturisme.dms3labs.cat\/wp-content\/uploads\/2021\/02\/COM-Piscine-Vue-Terrasse-510x382.jpg\" class=\"attachment-et-pb-portfolio-module-image size-et-pb-portfolio-module-image wp-post-image\" alt=\"\" title=\"\"><\/div>\n<div class=\"map-marker-content\">\n<div class=\"mapa-tipus-allotjament\">Alojamentos<\/div>\n<h3 class=\"titol-link-mapa\"><a href=\"https:\/\/elvendrellturisme.dms3labs.cat\/es\/recursos-turisticos\/apartamentos-pierre-vacances-att-000043\/\">Apartamentos Pierre &#038; Vacances<\/a><\/h3>\n<div class=\"mapa-adreca\">Av. Palfuriana, 133<br \/>\n        43880 Coma-ruga\n      <\/div>\n<div class=\"mapa-contacte\">\n        <a href=\"tel:977680358\">977 680 358<\/a><br \/>\n        <a href=\"mailto:recepcion.comarruga@groupepvcp.com\" title=\"recepcion.comarruga@groupepvcp.com\">recepcion.comarruga@groupepvcp.com<\/a><br \/>\n       <a href=\"https:\/\/www.pierreetvacances.com\/\" title=\"Visita la web\" target=\"_blank\" rel=\"noopener\">Visita la web<\/a><\/p><\/div>\n<\/p><\/div>\n<\/p><\/div>\n<\/div>\n\t\t\n\t\t\n\t\t\t<div class=\"col-md-4\">\n<div style=\"display:none\" class=\"wpv-addon-maps-marker js-wpv-addon-maps-marker js-wpv-addon-maps-marker-marker-37692-1 js-wpv-addon-maps-markerfor-recursos\" data-marker=\"marker-37692-1\" data-markertitle=\"Arusha\" data-markerfor=\"recursos\" data-markerlat=\"41.216101\" data-markerlon=\"1.531019\" data-markericon=\"\/wp-content\/uploads\/marker-restaurants.png\" data-markericonhover=\"\" data-streetview=\"no\" data-fromview=\"\">\n<div class=\"mapa-tipus-allotjament-petit\">Restaurantes<\/div>\n<div class=\"titol-link-mapa-petit\"><a href=\"\/mapa\/#37692\">Arusha<\/a><\/div>\n<div class=\"mapa-tipus-allotjament-petit\"><a href=\"\/mapa\/#37692\">+ info<\/a><\/div>\n<\/div>\n<div class=\"map-marker-general\"  id=\"37692\">\n<div class=\"imatge-mapa\"><img decoding=\"async\" width=\"510\" height=\"382\" src=\"https:\/\/elvendrellturisme.dms3labs.cat\/wp-content\/uploads\/disseny-sense-titol-3-510x382.jpg\" class=\"attachment-et-pb-portfolio-module-image size-et-pb-portfolio-module-image default-featured-img\" alt=\"\" srcset=\"https:\/\/elvendrellturisme.dms3labs.cat\/wp-content\/uploads\/disseny-sense-titol-3-510x382.jpg 510w, https:\/\/elvendrellturisme.dms3labs.cat\/wp-content\/uploads\/disseny-sense-titol-3-480x480.jpg 480w\" sizes=\"(min-width: 0px) and (max-width: 480px) 480px, (min-width: 481px) 510px, 100vw\" title=\"\"><\/div>\n<div class=\"map-marker-content\">\n<div class=\"mapa-tipus-allotjament\">Restaurantes<\/div>\n<h3 class=\"titol-link-mapa\"><a href=\"https:\/\/elvendrellturisme.dms3labs.cat\/es\/recursos-turisticos\/arusha\/\">Arusha<\/a><\/h3>\n<div class=\"mapa-adreca\">Crtra. Sant Vicen\u00e7, 2<br \/>\n        43700 El Vendrell\n      <\/div>\n<div class=\"mapa-contacte\">\n        <a href=\"tel:877660184\">877 660 184<\/a><br \/>\n         N\/A<br \/>\n       <a href=\"https:\/\/www.instagram.com\/arusha.bar\/?hl=es\" title=\"Visita la web\" target=\"_blank\" rel=\"noopener\">Visita la web<\/a><\/p><\/div>\n<\/p><\/div>\n<\/p><\/div>\n<\/div>\n\t\t\n\t\t\n\t\t\t<div class=\"col-md-4\">\n<div style=\"display:none\" class=\"wpv-addon-maps-marker js-wpv-addon-maps-marker js-wpv-addon-maps-marker-marker-29903-1 js-wpv-addon-maps-markerfor-recursos\" data-marker=\"marker-29903-1\" data-markertitle=\"Auditorio del T\u00edvoli\" data-markerfor=\"recursos\" data-markerlat=\"41.221938\" data-markerlon=\"1.535891\" data-markericon=\"\/wp-content\/uploads\/marker-teatres.png\" data-markericonhover=\"\" data-streetview=\"no\" data-fromview=\"\">\n<div class=\"mapa-tipus-allotjament-petit\">Auditorios y teatros<\/div>\n<div class=\"titol-link-mapa-petit\"><a href=\"\/mapa\/#29903\">Auditorio del T\u00edvoli<\/a><\/div>\n<div class=\"mapa-tipus-allotjament-petit\"><a href=\"\/mapa\/#29903\">+ info<\/a><\/div>\n<\/div>\n<div class=\"map-marker-general\"  id=\"29903\">\n<div class=\"imatge-mapa\"><img decoding=\"async\" width=\"510\" height=\"382\" src=\"https:\/\/elvendrellturisme.dms3labs.cat\/wp-content\/uploads\/disseny-sense-titol15-510x382.jpg\" class=\"attachment-et-pb-portfolio-module-image size-et-pb-portfolio-module-image wp-post-image\" alt=\"\" srcset=\"https:\/\/elvendrellturisme.dms3labs.cat\/wp-content\/uploads\/disseny-sense-titol15-510x382.jpg 510w, https:\/\/elvendrellturisme.dms3labs.cat\/wp-content\/uploads\/disseny-sense-titol15-480x480.jpg 480w\" sizes=\"(min-width: 0px) and (max-width: 480px) 480px, (min-width: 481px) 510px, 100vw\" title=\"\"><\/div>\n<div class=\"map-marker-content\">\n<div class=\"mapa-tipus-allotjament\">Auditorios y teatros<\/div>\n<h3 class=\"titol-link-mapa\"><a href=\"https:\/\/elvendrellturisme.dms3labs.cat\/es\/recursos-turisticos\/auditorio-del-tivoli\/\">Auditorio del T\u00edvoli<\/a><\/h3>\n<div class=\"mapa-adreca\">Pla\u00e7a del T\u00edvoli, 3, 7<br \/>\n        43700 El Vendrell\n      <\/div>\n<div class=\"mapa-contacte\">\n        <a href=\"tel:977154203\">977 15 42 03<\/a><br \/>\n        <a href=\"mailto:info@auditorideltivoli.cat\" title=\"info@auditorideltivoli.cat\">info@auditorideltivoli.cat<\/a><br \/>\n       <a href=\"https:\/\/auditorideltivoli.cat\/\" title=\"Visita la web\" target=\"_blank\" rel=\"noopener\">Visita la web<\/a><\/p><\/div>\n<\/p><\/div>\n<\/p><\/div>\n<\/div>\n\t\t<\/div>\n\t\t\n\t\t\n\t\t<div class=\"row \">\n\t\t\t<div class=\"col-md-4\">\n<div style=\"display:none\" class=\"wpv-addon-maps-marker js-wpv-addon-maps-marker js-wpv-addon-maps-marker-marker-28798-1 js-wpv-addon-maps-markerfor-recursos\" data-marker=\"marker-28798-1\" data-markertitle=\"Auditorio Pau Casals\" data-markerfor=\"recursos\" data-markerlat=\"41.183896\" data-markerlon=\"1.541021\" data-markericon=\"\/wp-content\/uploads\/marker-teatres.png\" data-markericonhover=\"\" data-streetview=\"no\" data-fromview=\"\">\n<div class=\"mapa-tipus-allotjament-petit\">Auditorios y teatros<\/div>\n<div class=\"titol-link-mapa-petit\"><a href=\"\/mapa\/#28798\">Auditorio Pau Casals<\/a><\/div>\n<div class=\"mapa-tipus-allotjament-petit\"><a href=\"\/mapa\/#28798\">+ info<\/a><\/div>\n<\/div>\n<div class=\"map-marker-general\"  id=\"28798\">\n<div class=\"imatge-mapa\"><img decoding=\"async\" width=\"510\" height=\"382\" src=\"https:\/\/elvendrellturisme.dms3labs.cat\/wp-content\/uploads\/39-fimpc-510x382.jpg\" class=\"attachment-et-pb-portfolio-module-image size-et-pb-portfolio-module-image wp-post-image\" alt=\"\" title=\"\"><\/div>\n<div class=\"map-marker-content\">\n<div class=\"mapa-tipus-allotjament\">Auditorios y teatros<\/div>\n<h3 class=\"titol-link-mapa\"><a href=\"https:\/\/elvendrellturisme.dms3labs.cat\/es\/recursos-turisticos\/auditorio-pau-casals\/\">Auditorio Pau Casals<\/a><\/h3>\n<div class=\"mapa-adreca\">Avinguda Palfuriana, 34<br \/>\n        43880 Sant Salvador\n      <\/div>\n<div class=\"mapa-contacte\">\n        <a href=\"tel:977683468\/689269767\">977 683 468 \/ 689 269 767<\/a><br \/>\n        <a href=\"mailto:info@auditoripaucasals.cat\" title=\"info@auditoripaucasals.cat\">info@auditoripaucasals.cat<\/a><br \/>\n       <a href=\"https:\/\/auditoripaucasals.cat\/\" title=\"Visita la web\" target=\"_blank\" rel=\"noopener\">Visita la web<\/a><\/p><\/div>\n<p>      <img decoding=\"async\" src=\"\/wp-content\/uploads\/turisme-familiar.png\" alt=\"\" title=\"\">\n  <\/div>\n<\/p><\/div>\n<\/div>\n\t\t\n\t\t\n\t\t\t<div class=\"col-md-4\">\n<div style=\"display:none\" class=\"wpv-addon-maps-marker js-wpv-addon-maps-marker js-wpv-addon-maps-marker-marker-28744-1 js-wpv-addon-maps-markerfor-recursos\" data-marker=\"marker-28744-1\" data-markertitle=\"Aula Acu\u00e1tica de Masia Blanca\" data-markerfor=\"recursos\" data-markerlat=\"41.176964\" data-markerlon=\"1.52617\" data-markericon=\"\/wp-content\/uploads\/marker-turisme-oci.png\" data-markericonhover=\"\" data-streetview=\"no\" data-fromview=\"\">\n<div class=\"mapa-tipus-allotjament-petit\">Turismo y ocio<\/div>\n<div class=\"titol-link-mapa-petit\"><a href=\"\/mapa\/#28744\">Aula Acu\u00e1tica de Masia Blanca<\/a><\/div>\n<div class=\"mapa-tipus-allotjament-petit\"><a href=\"\/mapa\/#28744\">+ info<\/a><\/div>\n<\/div>\n<div class=\"map-marker-general\"  id=\"28744\">\n<div class=\"imatge-mapa\"><img decoding=\"async\" width=\"510\" height=\"382\" src=\"https:\/\/elvendrellturisme.dms3labs.cat\/wp-content\/uploads\/logoaulaaquatica-1-510x382.png\" class=\"attachment-et-pb-portfolio-module-image size-et-pb-portfolio-module-image wp-post-image\" alt=\"\" title=\"\"><\/div>\n<div class=\"map-marker-content\">\n<div class=\"mapa-tipus-allotjament\">Turismo y ocio<\/div>\n<h3 class=\"titol-link-mapa\"><a href=\"https:\/\/elvendrellturisme.dms3labs.cat\/es\/recursos-turisticos\/aula-acuatica-de-masia-blanca\/\">Aula Acu\u00e1tica de Masia Blanca<\/a><\/h3>\n<div class=\"mapa-adreca\">Passeig Mar\u00edtim, s\/n<br \/>\n        43880 Coma-ruga\n      <\/div>\n<div class=\"mapa-contacte\">\n        <a href=\"tel:977680010\">977 680 010<\/a><br \/>\n        <a href=\"mailto:informacio@elvendrellturistic.com\" title=\"informacio@elvendrellturistic.com\">informacio@elvendrellturistic.com<\/a><br \/>\n       <a href=\"https:\/\/elvendrellturisme.dms3labs.cat\/activitats-saludables\/#aula-aquatica\" title=\"Visita la web\">Visita la web<\/a><\/p><\/div>\n<p>      <img decoding=\"async\" src=\"\/wp-content\/uploads\/turisme-familiar.png\" alt=\"\" title=\"\">\n  <\/div>\n<\/p><\/div>\n<\/div>\n\t\t\n\t\t\n\t\t\t<div class=\"col-md-4\">\n<div style=\"display:none\" class=\"wpv-addon-maps-marker js-wpv-addon-maps-marker js-wpv-addon-maps-marker-marker-28788-1 js-wpv-addon-maps-markerfor-recursos\" data-marker=\"marker-28788-1\" data-markertitle=\"Biblioteca P\u00fablica Terra Baixa\" data-markerfor=\"recursos\" data-markerlat=\"41.220025\" data-markerlon=\"1.534094\" data-markericon=\"\/wp-content\/uploads\/marker-serveis-municipals.png\" data-markericonhover=\"\" data-streetview=\"no\" data-fromview=\"\">\n<div class=\"mapa-tipus-allotjament-petit\">Servicios municipales<\/div>\n<div class=\"titol-link-mapa-petit\"><a href=\"\/mapa\/#28788\">Biblioteca P\u00fablica Terra Baixa<\/a><\/div>\n<div class=\"mapa-tipus-allotjament-petit\"><a href=\"\/mapa\/#28788\">+ info<\/a><\/div>\n<\/div>\n<div class=\"map-marker-general\"  id=\"28788\">\n<div class=\"imatge-mapa\"><img decoding=\"async\" width=\"510\" height=\"382\" src=\"https:\/\/elvendrellturisme.dms3labs.cat\/wp-content\/uploads\/foto-bona-biblioteca-510x382.jpg\" class=\"attachment-et-pb-portfolio-module-image size-et-pb-portfolio-module-image wp-post-image\" alt=\"\" title=\"\"><\/div>\n<div class=\"map-marker-content\">\n<div class=\"mapa-tipus-allotjament\">Servicios municipales<\/div>\n<h3 class=\"titol-link-mapa\"><a href=\"https:\/\/elvendrellturisme.dms3labs.cat\/es\/recursos-turisticos\/biblioteca-publica-terra-baixa\/\">Biblioteca P\u00fablica Terra Baixa<\/a><\/h3>\n<div class=\"mapa-adreca\">Carrer Major, 18<br \/>\n        43700 El Vendrell\n      <\/div>\n<div class=\"mapa-contacte\">\n        <a href=\"tel:977662118\">977 662 118<\/a><br \/>\n        <a href=\"mailto:biblioteca@elvendrell.net\" title=\"biblioteca@elvendrell.net\">biblioteca@elvendrell.net<\/a><br \/>\n       <a href=\"https:\/\/bibliotecaelvendrell.cat\/\" title=\"Visita la web\" target=\"_blank\" rel=\"noopener\">Visita la web<\/a><\/p><\/div>\n<p>      <img decoding=\"async\" src=\"\/wp-content\/uploads\/turisme-familiar.png\" alt=\"\" title=\"\">\n  <\/div>\n<\/p><\/div>\n<\/div>\n\t\t<\/div>\n\t\t\n\t\t\n\t\t<div class=\"row \">\n\t\t\t<div class=\"col-md-4\">\n<div style=\"display:none\" class=\"wpv-addon-maps-marker js-wpv-addon-maps-marker js-wpv-addon-maps-marker-marker-25974-1 js-wpv-addon-maps-markerfor-recursos\" data-marker=\"marker-25974-1\" data-markertitle=\"Bingo Santven\" data-markerfor=\"recursos\" data-markerlat=\"41.19976\" data-markerlon=\"1.528208\" data-markericon=\"\/wp-content\/uploads\/marker-restaurants.png\" data-markericonhover=\"\" data-streetview=\"no\" data-fromview=\"\">\n<div class=\"mapa-tipus-allotjament-petit\">Restaurantes<\/div>\n<div class=\"titol-link-mapa-petit\"><a href=\"\/mapa\/#25974\">Bingo Santven<\/a><\/div>\n<div class=\"mapa-tipus-allotjament-petit\"><a href=\"\/mapa\/#25974\">+ info<\/a><\/div>\n<\/div>\n<div class=\"map-marker-general\"  id=\"25974\">\n<div class=\"imatge-mapa\"><img decoding=\"async\" width=\"510\" height=\"382\" src=\"https:\/\/elvendrellturisme.dms3labs.cat\/wp-content\/uploads\/bingo-santven-510x382.jpg\" class=\"attachment-et-pb-portfolio-module-image size-et-pb-portfolio-module-image wp-post-image\" alt=\"\" title=\"\"><\/div>\n<div class=\"map-marker-content\">\n<div class=\"mapa-tipus-allotjament\">Restaurantes<\/div>\n<h3 class=\"titol-link-mapa\"><a href=\"https:\/\/elvendrellturisme.dms3labs.cat\/es\/recursos-turisticos\/bingo-santven\/\">Bingo Santven<\/a><\/h3>\n<div class=\"mapa-adreca\">Ctra. N-340, km 1.189<br \/>\n        43700 El Vendrell\n      <\/div>\n<div class=\"mapa-contacte\">\n        <a href=\"tel:977663105\">977 663 105<\/a><br \/>\n        <a href=\"mailto:bingosantven@bingosantven.com\" title=\"bingosantven@bingosantven.com\">bingosantven@bingosantven.com<\/a><br \/>\n       <br \/>\n         N\/A\n      <\/div>\n<\/p><\/div>\n<\/p><\/div>\n<\/div>\n\t\t\n\t\t\n\t\t\t<div class=\"col-md-4\">\n<div style=\"display:none\" class=\"wpv-addon-maps-marker js-wpv-addon-maps-marker js-wpv-addon-maps-marker-marker-25981-1 js-wpv-addon-maps-markerfor-recursos\" data-marker=\"marker-25981-1\" data-markertitle=\"Bodega Avgvstvs Forvm\" data-markerfor=\"recursos\" data-markerlat=\"41.206913\" data-markerlon=\"1.525184\" data-markericon=\"\/wp-content\/uploads\/marker-cellers.png\" data-markericonhover=\"\" data-streetview=\"no\" data-fromview=\"\">\n<div class=\"mapa-tipus-allotjament-petit\">Bodegas<\/div>\n<div class=\"titol-link-mapa-petit\"><a href=\"\/mapa\/#25981\">Bodega Avgvstvs Forvm<\/a><\/div>\n<div class=\"mapa-tipus-allotjament-petit\"><a href=\"\/mapa\/#25981\">+ info<\/a><\/div>\n<\/div>\n<div class=\"map-marker-general\"  id=\"25981\">\n<div class=\"imatge-mapa\"><img decoding=\"async\" width=\"510\" height=\"382\" src=\"https:\/\/elvendrellturisme.dms3labs.cat\/wp-content\/uploads\/Avgvstvs-Forvm-16-510x382.jpg\" class=\"attachment-et-pb-portfolio-module-image size-et-pb-portfolio-module-image wp-post-image\" alt=\"\" title=\"\"><\/div>\n<div class=\"map-marker-content\">\n<div class=\"mapa-tipus-allotjament\">Bodegas<\/div>\n<h3 class=\"titol-link-mapa\"><a href=\"https:\/\/elvendrellturisme.dms3labs.cat\/es\/recursos-turisticos\/celler-avgvstvs-forvm\/\">Bodega Avgvstvs Forvm<\/a><\/h3>\n<div class=\"mapa-adreca\">Carretera de Sant Vicen\u00e7, s\/n<br \/>\n        43700 El Vendrell\n      <\/div>\n<div class=\"mapa-contacte\">\n        <a href=\"tel:977666910\">977 66 69 10<\/a><br \/>\n        <a href=\"mailto:avgvstvs@avgvstvsforvm.com\" title=\"avgvstvs@avgvstvsforvm.com\">avgvstvs@avgvstvsforvm.com<\/a><br \/>\n       <a href=\"https:\/\/www.avgvstvsforvm.com\/ca\/\" title=\"Visita la web\" target=\"_blank\" rel=\"noopener\">Visita la web<\/a><\/p><\/div>\n<\/p><\/div>\n<\/p><\/div>\n<\/div>\n\t\t\n\t\t\n\t\t\t<div class=\"col-md-4\">\n<div style=\"display:none\" class=\"wpv-addon-maps-marker js-wpv-addon-maps-marker js-wpv-addon-maps-marker-marker-25967-1 js-wpv-addon-maps-markerfor-recursos\" data-marker=\"marker-25967-1\" data-markertitle=\"Bodega Jan\u00e9 Ventura\" data-markerfor=\"recursos\" data-markerlat=\"41.222482\" data-markerlon=\"1.540104\" data-markericon=\"\/wp-content\/uploads\/marker-cellers.png\" data-markericonhover=\"\" data-streetview=\"no\" data-fromview=\"\">\n<div class=\"mapa-tipus-allotjament-petit\">Bodegas<\/div>\n<div class=\"titol-link-mapa-petit\"><a href=\"\/mapa\/#25967\">Bodega Jan\u00e9 Ventura<\/a><\/div>\n<div class=\"mapa-tipus-allotjament-petit\"><a href=\"\/mapa\/#25967\">+ info<\/a><\/div>\n<\/div>\n<div class=\"map-marker-general\"  id=\"25967\">\n<div class=\"imatge-mapa\"><img decoding=\"async\" width=\"510\" height=\"382\" src=\"https:\/\/elvendrellturisme.dms3labs.cat\/wp-content\/uploads\/IMG-20180723-WA0001-510x382.jpg\" class=\"attachment-et-pb-portfolio-module-image size-et-pb-portfolio-module-image wp-post-image\" alt=\"\" title=\"\"><\/div>\n<div class=\"map-marker-content\">\n<div class=\"mapa-tipus-allotjament\">Bodegas<\/div>\n<h3 class=\"titol-link-mapa\"><a href=\"https:\/\/elvendrellturisme.dms3labs.cat\/es\/recursos-turisticos\/cellers-jane-ventura\/\">Bodega Jan\u00e9 Ventura<\/a><\/h3>\n<div class=\"mapa-adreca\">Carretera de Calafell, 2<br \/>\n        43700 El Vendrell\n      <\/div>\n<div class=\"mapa-contacte\">\n        <a href=\"tel:977660118\">977 66 01 18<\/a><br \/>\n        <a href=\"mailto:janeventura@janeventura.com\" title=\"janeventura@janeventura.com\">janeventura@janeventura.com<\/a><br \/>\n       <a href=\"https:\/\/janeventura.com\/\" title=\"Visita la web\" target=\"_blank\" rel=\"noopener\">Visita la web<\/a><\/p><\/div>\n<\/p><\/div>\n<\/p><\/div>\n<\/div>\n\t\t<\/div>\n\t\t\n\t\t\n\t\t<div class=\"row \">\n\t\t\t<div class=\"col-md-4\">\n<div style=\"display:none\" class=\"wpv-addon-maps-marker js-wpv-addon-maps-marker js-wpv-addon-maps-marker-marker-26313-1 js-wpv-addon-maps-markerfor-recursos\" data-marker=\"marker-26313-1\" data-markertitle=\"Brisasol\" data-markerfor=\"recursos\" data-markerlat=\"41.217424\" data-markerlon=\"1.534474\" data-markericon=\"\/wp-content\/uploads\/marker-allotjaments.png\" data-markericonhover=\"\" data-streetview=\"no\" data-fromview=\"\">\n<div class=\"mapa-tipus-allotjament-petit\">Alojamentos<\/div>\n<div class=\"titol-link-mapa-petit\"><a href=\"\/mapa\/#26313\">Brisasol<\/a><\/div>\n<div class=\"mapa-tipus-allotjament-petit\"><a href=\"\/mapa\/#26313\">+ info<\/a><\/div>\n<\/div>\n<div class=\"map-marker-general\"  id=\"26313\">\n<div class=\"imatge-mapa\"><img decoding=\"async\" width=\"510\" height=\"382\" src=\"https:\/\/elvendrellturisme.dms3labs.cat\/wp-content\/uploads\/2021\/02\/Oficina-Brisasol-510x382.jpg\" class=\"attachment-et-pb-portfolio-module-image size-et-pb-portfolio-module-image wp-post-image\" alt=\"\" title=\"\"><\/div>\n<div class=\"map-marker-content\">\n<div class=\"mapa-tipus-allotjament\">Alojamentos<\/div>\n<h3 class=\"titol-link-mapa\"><a href=\"https:\/\/elvendrellturisme.dms3labs.cat\/es\/recursos-turisticos\/brisasol\/\">Brisasol<\/a><\/h3>\n<div class=\"mapa-adreca\">Carrer Nou, 71<br \/>\n        43700 El Vendrell\n      <\/div>\n<div class=\"mapa-contacte\">\n        <a href=\"tel:977660931\">977 660 931<\/a><br \/>\n        <a href=\"mailto:comvendrell@brisasol.com\" title=\"comvendrell@brisasol.com\">comvendrell@brisasol.com<\/a><br \/>\n       <a href=\"https:\/\/www.brisasol.com\/oficina\/el-vendrell\/\" title=\"Visita la web\" target=\"_blank\" rel=\"noopener\">Visita la web<\/a><\/p><\/div>\n<\/p><\/div>\n<\/p><\/div>\n<\/div>\n\t\t\n\t\t\n\t\t\t<div class=\"col-md-4\">\n<div style=\"display:none\" class=\"wpv-addon-maps-marker js-wpv-addon-maps-marker js-wpv-addon-maps-marker-marker-37645-1 js-wpv-addon-maps-markerfor-recursos\" data-marker=\"marker-37645-1\" data-markertitle=\"Buona Pizza\" data-markerfor=\"recursos\" data-markerlat=\"41.21704\" data-markerlon=\"1.527813\" data-markericon=\"\/wp-content\/uploads\/marker-restaurants.png\" data-markericonhover=\"\" data-streetview=\"no\" data-fromview=\"\">\n<div class=\"mapa-tipus-allotjament-petit\">Restaurantes<\/div>\n<div class=\"titol-link-mapa-petit\"><a href=\"\/mapa\/#37645\">Buona Pizza<\/a><\/div>\n<div class=\"mapa-tipus-allotjament-petit\"><a href=\"\/mapa\/#37645\">+ info<\/a><\/div>\n<\/div>\n<div class=\"map-marker-general\"  id=\"37645\">\n<div class=\"imatge-mapa\"><img decoding=\"async\" width=\"510\" height=\"382\" src=\"https:\/\/elvendrellturisme.dms3labs.cat\/wp-content\/uploads\/buonapizza-510x382.jpg\" class=\"attachment-et-pb-portfolio-module-image size-et-pb-portfolio-module-image wp-post-image\" alt=\"\" srcset=\"https:\/\/elvendrellturisme.dms3labs.cat\/wp-content\/uploads\/buonapizza-510x382.jpg 510w, https:\/\/elvendrellturisme.dms3labs.cat\/wp-content\/uploads\/buonapizza-480x404.jpg 480w\" sizes=\"(min-width: 0px) and (max-width: 480px) 480px, (min-width: 481px) 510px, 100vw\" title=\"\"><\/div>\n<div class=\"map-marker-content\">\n<div class=\"mapa-tipus-allotjament\">Restaurantes<\/div>\n<h3 class=\"titol-link-mapa\"><a href=\"https:\/\/elvendrellturisme.dms3labs.cat\/es\/recursos-turisticos\/buona-pizza\/\">Buona Pizza<\/a><\/h3>\n<div class=\"mapa-adreca\">Carrer de les Flors, 20-38<br \/>\n        43700 El Vendrell\n      <\/div>\n<div class=\"mapa-contacte\">\n        <a href=\"tel:877050171\">877 050 171<\/a><br \/>\n         N\/A<br \/>\n       <a href=\"https:\/\/www.labuonapizza.es\/\" title=\"Visita la web\" target=\"_blank\" rel=\"noopener\">Visita la web<\/a><\/p><\/div>\n<\/p><\/div>\n<\/p><\/div>\n<\/div>\n\t\t\n\t\t\n\t\t\t<div class=\"col-md-4\">\n<div style=\"display:none\" class=\"wpv-addon-maps-marker js-wpv-addon-maps-marker js-wpv-addon-maps-marker-marker-37221-1 js-wpv-addon-maps-markerfor-recursos\" data-marker=\"marker-37221-1\" data-markertitle=\"Cafeteria Caracas\" data-markerfor=\"recursos\" data-markerlat=\"41.216183\" data-markerlon=\"1.531106\" data-markericon=\"\/wp-content\/uploads\/marker-restaurants.png\" data-markericonhover=\"\" data-streetview=\"no\" data-fromview=\"\">\n<div class=\"mapa-tipus-allotjament-petit\">Restaurantes<\/div>\n<div class=\"titol-link-mapa-petit\"><a href=\"\/mapa\/#37221\">Cafeteria Caracas<\/a><\/div>\n<div class=\"mapa-tipus-allotjament-petit\"><a href=\"\/mapa\/#37221\">+ info<\/a><\/div>\n<\/div>\n<div class=\"map-marker-general\"  id=\"37221\">\n<div class=\"imatge-mapa\"><img decoding=\"async\" width=\"510\" height=\"382\" src=\"https:\/\/elvendrellturisme.dms3labs.cat\/wp-content\/uploads\/disseny-sense-titol-3-510x382.jpg\" class=\"attachment-et-pb-portfolio-module-image size-et-pb-portfolio-module-image default-featured-img\" alt=\"\" srcset=\"https:\/\/elvendrellturisme.dms3labs.cat\/wp-content\/uploads\/disseny-sense-titol-3-510x382.jpg 510w, https:\/\/elvendrellturisme.dms3labs.cat\/wp-content\/uploads\/disseny-sense-titol-3-480x480.jpg 480w\" sizes=\"(min-width: 0px) and (max-width: 480px) 480px, (min-width: 481px) 510px, 100vw\" title=\"\"><\/div>\n<div class=\"map-marker-content\">\n<div class=\"mapa-tipus-allotjament\">Restaurantes<\/div>\n<h3 class=\"titol-link-mapa\"><a href=\"https:\/\/elvendrellturisme.dms3labs.cat\/es\/recursos-turisticos\/cafeteria-caracas\/\">Cafeteria Caracas<\/a><\/h3>\n<div class=\"mapa-adreca\">Carretera de Sant Vicen\u00e7, 2<br \/>\n        43700 El Vendrell\n      <\/div>\n<div class=\"mapa-contacte\">\n        <a href=\"tel:977665566\">977 66 55 66<\/a><br \/>\n         N\/A<br \/>\n       <a href=\"https:\/\/www.instagram.com\/cafeteriacaracasvendrell\/?hl=es\" title=\"Visita la web\" target=\"_blank\" rel=\"noopener\">Visita la web<\/a><\/p><\/div>\n<\/p><\/div>\n<\/p><\/div>\n<\/div>\n\t\t<\/div>\n\t\t\n\t\t\n\t\t<div class=\"row \">\n\t\t\t<div class=\"col-md-4\">\n<div style=\"display:none\" class=\"wpv-addon-maps-marker js-wpv-addon-maps-marker js-wpv-addon-maps-marker-marker-36520-1 js-wpv-addon-maps-markerfor-recursos\" data-marker=\"marker-36520-1\" data-markertitle=\"Cafetto\" data-markerfor=\"recursos\" data-markerlat=\"41.184887\" data-markerlon=\"1.521509\" data-markericon=\"\/wp-content\/uploads\/marker-restaurants.png\" data-markericonhover=\"\" data-streetview=\"no\" data-fromview=\"\">\n<div class=\"mapa-tipus-allotjament-petit\">Restaurantes<\/div>\n<div class=\"titol-link-mapa-petit\"><a href=\"\/mapa\/#36520\">Cafetto<\/a><\/div>\n<div class=\"mapa-tipus-allotjament-petit\"><a href=\"\/mapa\/#36520\">+ info<\/a><\/div>\n<\/div>\n<div class=\"map-marker-general\"  id=\"36520\">\n<div class=\"imatge-mapa\"><img decoding=\"async\" width=\"510\" height=\"382\" src=\"https:\/\/elvendrellturisme.dms3labs.cat\/wp-content\/uploads\/disseny-sense-titol-3-510x382.jpg\" class=\"attachment-et-pb-portfolio-module-image size-et-pb-portfolio-module-image default-featured-img\" alt=\"\" srcset=\"https:\/\/elvendrellturisme.dms3labs.cat\/wp-content\/uploads\/disseny-sense-titol-3-510x382.jpg 510w, https:\/\/elvendrellturisme.dms3labs.cat\/wp-content\/uploads\/disseny-sense-titol-3-480x480.jpg 480w\" sizes=\"(min-width: 0px) and (max-width: 480px) 480px, (min-width: 481px) 510px, 100vw\" title=\"\"><\/div>\n<div class=\"map-marker-content\">\n<div class=\"mapa-tipus-allotjament\">Restaurantes<\/div>\n<h3 class=\"titol-link-mapa\"><a href=\"https:\/\/elvendrellturisme.dms3labs.cat\/es\/recursos-turisticos\/cafetto\/\">Cafetto<\/a><\/h3>\n<div class=\"mapa-adreca\">Avinguda de la Generalitat, 34<br \/>\n        43880 Coma-ruga (El Vendrell)\n      <\/div>\n<div class=\"mapa-contacte\">\n        <a href=\"tel:877068064\">877 06 80 64<\/a><br \/>\n         N\/A<br \/>\n       <a href=\"https:\/\/www.instagram.com\/cafettobar\/?hl=es\" title=\"Visita la web\" target=\"_blank\" rel=\"noopener\">Visita la web<\/a><\/p><\/div>\n<\/p><\/div>\n<\/p><\/div>\n<\/div>\n\t\t\n\t\t\n\t\t\t<div class=\"col-md-4\">\n<div style=\"display:none\" class=\"wpv-addon-maps-marker js-wpv-addon-maps-marker js-wpv-addon-maps-marker-marker-29790-1 js-wpv-addon-maps-markerfor-recursos\" data-marker=\"marker-29790-1\" data-markertitle=\"Cal Badejo\" data-markerfor=\"recursos\" data-markerlat=\"41.220291\" data-markerlon=\"1.535237\" data-markericon=\"\/wp-content\/uploads\/marker-restaurants.png\" data-markericonhover=\"\" data-streetview=\"no\" data-fromview=\"\">\n<div class=\"mapa-tipus-allotjament-petit\">Restaurantes<\/div>\n<div class=\"titol-link-mapa-petit\"><a href=\"\/mapa\/#29790\">Cal Badejo<\/a><\/div>\n<div class=\"mapa-tipus-allotjament-petit\"><a href=\"\/mapa\/#29790\">+ info<\/a><\/div>\n<\/div>\n<div class=\"map-marker-general\"  id=\"29790\">\n<div class=\"imatge-mapa\"><img decoding=\"async\" width=\"510\" height=\"382\" src=\"https:\/\/elvendrellturisme.dms3labs.cat\/wp-content\/uploads\/calbadejo-510x382.jpg\" class=\"attachment-et-pb-portfolio-module-image size-et-pb-portfolio-module-image wp-post-image\" alt=\"\" srcset=\"https:\/\/elvendrellturisme.dms3labs.cat\/wp-content\/uploads\/calbadejo-510x382.jpg 510w, https:\/\/elvendrellturisme.dms3labs.cat\/wp-content\/uploads\/calbadejo-480x360.jpg 480w\" sizes=\"(min-width: 0px) and (max-width: 480px) 480px, (min-width: 481px) 510px, 100vw\" title=\"\"><\/div>\n<div class=\"map-marker-content\">\n<div class=\"mapa-tipus-allotjament\">Restaurantes<\/div>\n<h3 class=\"titol-link-mapa\"><a href=\"https:\/\/elvendrellturisme.dms3labs.cat\/es\/recursos-turisticos\/cal-badejo\/\">Cal Badejo<\/a><\/h3>\n<div class=\"mapa-adreca\">Carrer del Peix, 5<br \/>\n        43700 El Vendrell\n      <\/div>\n<div class=\"mapa-contacte\">\n        <a href=\"tel:977660671\">977 66 06 71<\/a><br \/>\n         N\/A<br \/>\n       <a href=\"https:\/\/www.calbadejo.com\" title=\"Visita la web\" target=\"_blank\" rel=\"noopener\">Visita la web<\/a><\/p><\/div>\n<\/p><\/div>\n<\/p><\/div>\n<\/div>\n\t\t\n\t\t\n\t\t\t<div class=\"col-md-4\">\n<div class=\"map-marker-general\"  id=\"25787\">\n<div class=\"imatge-mapa\"><img decoding=\"async\" width=\"510\" height=\"382\" src=\"https:\/\/elvendrellturisme.dms3labs.cat\/wp-content\/uploads\/disseny-sense-titol-3-510x382.jpg\" class=\"attachment-et-pb-portfolio-module-image size-et-pb-portfolio-module-image default-featured-img\" alt=\"\" srcset=\"https:\/\/elvendrellturisme.dms3labs.cat\/wp-content\/uploads\/disseny-sense-titol-3-510x382.jpg 510w, https:\/\/elvendrellturisme.dms3labs.cat\/wp-content\/uploads\/disseny-sense-titol-3-480x480.jpg 480w\" sizes=\"(min-width: 0px) and (max-width: 480px) 480px, (min-width: 481px) 510px, 100vw\" title=\"\"><\/div>\n<div class=\"map-marker-content\">\n<div class=\"mapa-tipus-allotjament\">Alojamentos<\/div>\n<h3 class=\"titol-link-mapa\"><a href=\"https:\/\/elvendrellturisme.dms3labs.cat\/es\/recursos-turisticos\/cal-ganso-encantat\/\">Cal Ganso Encantat<\/a><\/h3>\n<div class=\"mapa-adreca\"><br \/>\n         \n      <\/div>\n<div class=\"mapa-contacte\">\n        <a href=\"tel:\"><\/a> N\/A<br \/>\n        <a href=\"mailto:info@calgansoencantat.com\" title=\"info@calgansoencantat.com\">info@calgansoencantat.com<\/a><br \/>\n       <br \/>\n         N\/A\n      <\/div>\n<\/p><\/div>\n<\/p><\/div>\n<\/div>\n\t\t<\/div>\n\t\t\n\t\t\n\t\t<div class=\"row \">\n\t\t\t<div class=\"col-md-4\">\n<div class=\"map-marker-general\"  id=\"25770\">\n<div class=\"imatge-mapa\"><img decoding=\"async\" width=\"510\" height=\"382\" src=\"https:\/\/elvendrellturisme.dms3labs.cat\/wp-content\/uploads\/disseny-sense-titol-3-510x382.jpg\" class=\"attachment-et-pb-portfolio-module-image size-et-pb-portfolio-module-image default-featured-img\" alt=\"\" srcset=\"https:\/\/elvendrellturisme.dms3labs.cat\/wp-content\/uploads\/disseny-sense-titol-3-510x382.jpg 510w, https:\/\/elvendrellturisme.dms3labs.cat\/wp-content\/uploads\/disseny-sense-titol-3-480x480.jpg 480w\" sizes=\"(min-width: 0px) and (max-width: 480px) 480px, (min-width: 481px) 510px, 100vw\" title=\"\"><\/div>\n<div class=\"map-marker-content\">\n<div class=\"mapa-tipus-allotjament\">Alojamentos<\/div>\n<h3 class=\"titol-link-mapa\"><a href=\"https:\/\/elvendrellturisme.dms3labs.cat\/es\/recursos-turisticos\/cal-polinari\/\">Cal Polinari<\/a><\/h3>\n<div class=\"mapa-adreca\"><br \/>\n         \n      <\/div>\n<div class=\"mapa-contacte\">\n        <a href=\"tel:\"><\/a> N\/A<br \/>\n        <a href=\"mailto:info@calpolinari.com\" title=\"info@calpolinari.com\">info@calpolinari.com<\/a><br \/>\n       <br \/>\n         N\/A\n      <\/div>\n<\/p><\/div>\n<\/p><\/div>\n<\/div>\n\t\t\n\t\t\n\t\t\t<div class=\"col-md-4\">\n<div style=\"display:none\" class=\"wpv-addon-maps-marker js-wpv-addon-maps-marker js-wpv-addon-maps-marker-marker-25765-1 js-wpv-addon-maps-markerfor-recursos\" data-marker=\"marker-25765-1\" data-markertitle=\"C\u00e1mping Estival Vendrell Platja\" data-markerfor=\"recursos\" data-markerlat=\"41.185775\" data-markerlon=\"1.55581\" data-markericon=\"\/wp-content\/uploads\/marker-allotjaments.png\" data-markericonhover=\"\" data-streetview=\"no\" data-fromview=\"\">\n<div class=\"mapa-tipus-allotjament-petit\">Alojamentos<\/div>\n<div class=\"titol-link-mapa-petit\"><a href=\"\/mapa\/#25765\">C\u00e1mping Estival Vendrell Platja<\/a><\/div>\n<div class=\"mapa-tipus-allotjament-petit\"><a href=\"\/mapa\/#25765\">+ info<\/a><\/div>\n<\/div>\n<div class=\"map-marker-general\"  id=\"25765\">\n<div class=\"imatge-mapa\"><img decoding=\"async\" width=\"510\" height=\"382\" src=\"https:\/\/elvendrellturisme.dms3labs.cat\/wp-content\/uploads\/general-view-510x382.jpg\" class=\"attachment-et-pb-portfolio-module-image size-et-pb-portfolio-module-image wp-post-image\" alt=\"\" title=\"\"><\/div>\n<div class=\"map-marker-content\">\n<div class=\"mapa-tipus-allotjament\">Alojamentos<\/div>\n<h3 class=\"titol-link-mapa\"><a href=\"https:\/\/elvendrellturisme.dms3labs.cat\/es\/recursos-turisticos\/vendrell-platja-bungalows-camping-kt-000111\/\">C\u00e1mping Estival Vendrell Platja<\/a><\/h3>\n<div class=\"mapa-adreca\">Avinguda del Sanatori, s\/n<br \/>\n        43880 Sant Salvador\n      <\/div>\n<div class=\"mapa-contacte\">\n        <a href=\"tel:977694009\">977 694 009<\/a><br \/>\n        <a href=\"mailto:recepcion@vendrellplatja.es\" title=\"recepcion@vendrellplatja.es\">recepcion@vendrellplatja.es<\/a><br \/>\n       <a href=\"https:\/\/www.vendrellplatja.es\/\" title=\"Visita la web\" target=\"_blank\" rel=\"noopener\">Visita la web<\/a><\/p><\/div>\n<p>      <img decoding=\"async\" src=\"\/wp-content\/uploads\/turisme-familiar.png\" alt=\"\" title=\"\">\n  <\/div>\n<\/p><\/div>\n<\/div>\n\t\t\n\t\t\n\t\t\t<div class=\"col-md-4\">\n<div style=\"display:none\" class=\"wpv-addon-maps-marker js-wpv-addon-maps-marker js-wpv-addon-maps-marker-marker-25766-1 js-wpv-addon-maps-markerfor-recursos\" data-marker=\"marker-25766-1\" data-markertitle=\"Camping Franc\u00e0s\" data-markerfor=\"recursos\" data-markerlat=\"41.175892\" data-markerlon=\"1.496252\" data-markericon=\"\/wp-content\/uploads\/marker-allotjaments.png\" data-markericonhover=\"\" data-streetview=\"no\" data-fromview=\"\">\n<div class=\"mapa-tipus-allotjament-petit\">Alojamentos<\/div>\n<div class=\"titol-link-mapa-petit\"><a href=\"\/mapa\/#25766\">Camping Franc\u00e0s<\/a><\/div>\n<div class=\"mapa-tipus-allotjament-petit\"><a href=\"\/mapa\/#25766\">+ info<\/a><\/div>\n<\/div>\n<div class=\"map-marker-general\"  id=\"25766\">\n<div class=\"imatge-mapa\"><img decoding=\"async\" width=\"510\" height=\"382\" src=\"https:\/\/elvendrellturisme.dms3labs.cat\/wp-content\/uploads\/2021\/02\/la-foto-3-510x382.jpg\" class=\"attachment-et-pb-portfolio-module-image size-et-pb-portfolio-module-image wp-post-image\" alt=\"\" title=\"\"><\/div>\n<div class=\"map-marker-content\">\n<div class=\"mapa-tipus-allotjament\">Alojamentos<\/div>\n<h3 class=\"titol-link-mapa\"><a href=\"https:\/\/elvendrellturisme.dms3labs.cat\/es\/recursos-turisticos\/camping-francas-kt-000018\/\">Camping Franc\u00e0s<\/a><\/h3>\n<div class=\"mapa-adreca\">Av. Comunicaci\u00f3 Social, 27-31<br \/>\n        43883 El Franc\u00e0s\n      <\/div>\n<div class=\"mapa-contacte\">\n        <a href=\"tel:977680725\">977 680 725<\/a><br \/>\n        <a href=\"mailto:info@campingfrancas.net\" title=\"info@campingfrancas.net\">info@campingfrancas.net<\/a><br \/>\n       <a href=\"https:\/\/www.campingfrancas.net\/\" title=\"Visita la web\" target=\"_blank\" rel=\"noopener\">Visita la web<\/a><\/p><\/div>\n<\/p><\/div>\n<\/p><\/div>\n<\/div>\n\t\t<\/div>\n\t\t\n\t\t\n\t\t<div class=\"row \">\n\t\t\t<div class=\"col-md-4\">\n<div style=\"display:none\" class=\"wpv-addon-maps-marker js-wpv-addon-maps-marker js-wpv-addon-maps-marker-marker-25767-1 js-wpv-addon-maps-markerfor-recursos\" data-marker=\"marker-25767-1\" data-markertitle=\"Camping Sant Salvador\" data-markerfor=\"recursos\" data-markerlat=\"41.18303\" data-markerlon=\"1.535964\" data-markericon=\"\/wp-content\/uploads\/marker-allotjaments.png\" data-markericonhover=\"\" data-streetview=\"no\" data-fromview=\"\">\n<div class=\"mapa-tipus-allotjament-petit\">Alojamentos<\/div>\n<div class=\"titol-link-mapa-petit\"><a href=\"\/mapa\/#25767\">Camping Sant Salvador<\/a><\/div>\n<div class=\"mapa-tipus-allotjament-petit\"><a href=\"\/mapa\/#25767\">+ info<\/a><\/div>\n<\/div>\n<div class=\"map-marker-general\"  id=\"25767\">\n<div class=\"imatge-mapa\"><img decoding=\"async\" width=\"510\" height=\"382\" src=\"https:\/\/elvendrellturisme.dms3labs.cat\/wp-content\/uploads\/disseny-sense-titol4-1-510x382.jpg\" class=\"attachment-et-pb-portfolio-module-image size-et-pb-portfolio-module-image wp-post-image\" alt=\"\" srcset=\"https:\/\/elvendrellturisme.dms3labs.cat\/wp-content\/uploads\/disseny-sense-titol4-1-510x382.jpg 510w, https:\/\/elvendrellturisme.dms3labs.cat\/wp-content\/uploads\/disseny-sense-titol4-1-480x480.jpg 480w\" sizes=\"(min-width: 0px) and (max-width: 480px) 480px, (min-width: 481px) 510px, 100vw\" title=\"\"><\/div>\n<div class=\"map-marker-content\">\n<div class=\"mapa-tipus-allotjament\">Alojamentos<\/div>\n<h3 class=\"titol-link-mapa\"><a href=\"https:\/\/elvendrellturisme.dms3labs.cat\/es\/recursos-turisticos\/camping-sant-salvador-kt-000039\/\">Camping Sant Salvador<\/a><\/h3>\n<div class=\"mapa-adreca\">Av. Palfuriana, 88-92<br \/>\n        43880 Sant Salvador\n      <\/div>\n<div class=\"mapa-contacte\">\n        <a href=\"tel:977680804\">977 680 804<\/a><br \/>\n        <a href=\"mailto:info@campingsantsalvador.com\" title=\"info@campingsantsalvador.com\">info@campingsantsalvador.com<\/a><br \/>\n       <a href=\"https:\/\/www.campingsantsalvador.com\/\" title=\"Visita la web\" target=\"_blank\" rel=\"noopener\">Visita la web<\/a><\/p><\/div>\n<\/p><\/div>\n<\/p><\/div>\n<\/div>\n\t\t\n\t\t\n\t\t\t<div class=\"col-md-4\">\n<div style=\"display:none\" class=\"wpv-addon-maps-marker js-wpv-addon-maps-marker js-wpv-addon-maps-marker-marker-29827-1 js-wpv-addon-maps-markerfor-recursos\" data-marker=\"marker-29827-1\" data-markertitle=\"Casa Gallega Coma-ruga\" data-markerfor=\"recursos\" data-markerlat=\"41.182516\" data-markerlon=\"1.523967\" data-markericon=\"\/wp-content\/uploads\/marker-restaurants.png\" data-markericonhover=\"\" data-streetview=\"no\" data-fromview=\"\">\n<div class=\"mapa-tipus-allotjament-petit\">Restaurantes<\/div>\n<div class=\"titol-link-mapa-petit\"><a href=\"\/mapa\/#29827\">Casa Gallega Coma-ruga<\/a><\/div>\n<div class=\"mapa-tipus-allotjament-petit\"><a href=\"\/mapa\/#29827\">+ info<\/a><\/div>\n<\/div>\n<div class=\"map-marker-general\"  id=\"29827\">\n<div class=\"imatge-mapa\"><img decoding=\"async\" width=\"510\" height=\"382\" src=\"https:\/\/elvendrellturisme.dms3labs.cat\/wp-content\/uploads\/casa-gallega-510x382.jpg\" class=\"attachment-et-pb-portfolio-module-image size-et-pb-portfolio-module-image wp-post-image\" alt=\"\" srcset=\"https:\/\/elvendrellturisme.dms3labs.cat\/wp-content\/uploads\/casa-gallega-510x382.jpg 510w, https:\/\/elvendrellturisme.dms3labs.cat\/wp-content\/uploads\/casa-gallega-480x429.jpg 480w\" sizes=\"(min-width: 0px) and (max-width: 480px) 480px, (min-width: 481px) 510px, 100vw\" title=\"\"><\/div>\n<div class=\"map-marker-content\">\n<div class=\"mapa-tipus-allotjament\">Restaurantes<\/div>\n<h3 class=\"titol-link-mapa\"><a href=\"https:\/\/elvendrellturisme.dms3labs.cat\/es\/recursos-turisticos\/casa-gallega-coma-ruga\/\">Casa Gallega Coma-ruga<\/a><\/h3>\n<div class=\"mapa-adreca\">Carrer de Santiago Rusi\u00f1ol, 3<br \/>\n        43880 Coma-ruga\n      <\/div>\n<div class=\"mapa-contacte\">\n        <a href=\"tel:680172007\">680 172 007<\/a><br \/>\n         N\/A<br \/>\n       <br \/>\n         N\/A\n      <\/div>\n<\/p><\/div>\n<\/p><\/div>\n<\/div>\n\t\t\n\t\t\n\t\t\t<div class=\"col-md-4\">\n<div style=\"display:none\" class=\"wpv-addon-maps-marker js-wpv-addon-maps-marker js-wpv-addon-maps-marker-marker-25966-1 js-wpv-addon-maps-markerfor-recursos\" data-marker=\"marker-25966-1\" data-markertitle=\"Casa Jorge\" data-markerfor=\"recursos\" data-markerlat=\"41.219836\" data-markerlon=\"1.535873\" data-markericon=\"\/wp-content\/uploads\/marker-restaurants.png\" data-markericonhover=\"\" data-streetview=\"no\" data-fromview=\"\">\n<div class=\"mapa-tipus-allotjament-petit\">Restaurantes<\/div>\n<div class=\"titol-link-mapa-petit\"><a href=\"\/mapa\/#25966\">Casa Jorge<\/a><\/div>\n<div class=\"mapa-tipus-allotjament-petit\"><a href=\"\/mapa\/#25966\">+ info<\/a><\/div>\n<\/div>\n<div class=\"map-marker-general\"  id=\"25966\">\n<div class=\"imatge-mapa\"><img decoding=\"async\" width=\"510\" height=\"382\" src=\"https:\/\/elvendrellturisme.dms3labs.cat\/wp-content\/uploads\/disseny-sense-titol13-1-510x382.jpg\" class=\"attachment-et-pb-portfolio-module-image size-et-pb-portfolio-module-image wp-post-image\" alt=\"\" srcset=\"https:\/\/elvendrellturisme.dms3labs.cat\/wp-content\/uploads\/disseny-sense-titol13-1-510x382.jpg 510w, https:\/\/elvendrellturisme.dms3labs.cat\/wp-content\/uploads\/disseny-sense-titol13-1-480x480.jpg 480w\" sizes=\"(min-width: 0px) and (max-width: 480px) 480px, (min-width: 481px) 510px, 100vw\" title=\"\"><\/div>\n<div class=\"map-marker-content\">\n<div class=\"mapa-tipus-allotjament\">Restaurantes<\/div>\n<h3 class=\"titol-link-mapa\"><a href=\"https:\/\/elvendrellturisme.dms3labs.cat\/es\/recursos-turisticos\/restaurant-bar-casa-jorge\/\">Casa Jorge<\/a><\/h3>\n<div class=\"mapa-adreca\">Pla\u00e7a de Francesc Maci\u00e0, 5<br \/>\n        43700 El Vendrell\n      <\/div>\n<div class=\"mapa-contacte\">\n        <a href=\"tel:977664212\">977 66 42 12<\/a><br \/>\n        <a href=\"mailto:casajorge_2006@hotmail.com\" title=\"casajorge_2006@hotmail.com\">casajorge_2006@hotmail.com<\/a><br \/>\n       <a href=\"https:\/\/www.instagram.com\/casa_jorge_elvendrell\/?hl=es\" title=\"Visita la web\" target=\"_blank\" rel=\"noopener\">Visita la web<\/a><\/p><\/div>\n<\/p><\/div>\n<\/p><\/div>\n<\/div>\n\t\t<\/div>\n\t\t\n\t\t\n\t\t<div class=\"row \">\n\t\t\t<div class=\"col-md-4\">\n<div style=\"display:none\" class=\"wpv-addon-maps-marker js-wpv-addon-maps-marker js-wpv-addon-maps-marker-marker-25920-1 js-wpv-addon-maps-markerfor-recursos\" data-marker=\"marker-25920-1\" data-markertitle=\"Casa Museo \u00c0ngel Guimer\u00e0\" data-markerfor=\"recursos\" data-markerlat=\"41.222004\" data-markerlon=\"1.5345\" data-markericon=\"\/wp-content\/uploads\/marker-museus.png\" data-markericonhover=\"\" data-streetview=\"no\" data-fromview=\"\">\n<div class=\"mapa-tipus-allotjament-petit\">Museos<\/div>\n<div class=\"titol-link-mapa-petit\"><a href=\"\/mapa\/#25920\">Casa Museo \u00c0ngel Guimer\u00e0<\/a><\/div>\n<div class=\"mapa-tipus-allotjament-petit\"><a href=\"\/mapa\/#25920\">+ info<\/a><\/div>\n<\/div>\n<div class=\"map-marker-general\"  id=\"25920\">\n<div class=\"imatge-mapa\"><img decoding=\"async\" width=\"510\" height=\"382\" src=\"https:\/\/elvendrellturisme.dms3labs.cat\/wp-content\/uploads\/IMG_3270-510x382.jpg\" class=\"attachment-et-pb-portfolio-module-image size-et-pb-portfolio-module-image wp-post-image\" alt=\"\" title=\"\"><\/div>\n<div class=\"map-marker-content\">\n<div class=\"mapa-tipus-allotjament\">Museos<\/div>\n<h3 class=\"titol-link-mapa\"><a href=\"https:\/\/elvendrellturisme.dms3labs.cat\/es\/recursos-turisticos\/casa-museo-angel-guimera\/\">Casa Museo \u00c0ngel Guimer\u00e0<\/a><\/h3>\n<div class=\"mapa-adreca\">Carrer de Santa Anna, 10<br \/>\n        43700 El Vendrell\n      <\/div>\n<div class=\"mapa-contacte\">\n        <a href=\"tel:+34977661006\">+34 977 66 10 06<\/a><br \/>\n        <a href=\"mailto:museuguimera@elvendrell.net\" title=\"museuguimera@elvendrell.net\">museuguimera@elvendrell.net<\/a><br \/>\n       <a href=\"https:\/\/museus.elvendrell.net\/casa-museu-angel-guimera\/\" title=\"Visita la web\" target=\"_blank\" rel=\"noopener\">Visita la web<\/a><\/p><\/div>\n<\/p><\/div>\n<\/p><\/div>\n<\/div>\n\t\t\n\t\t\n\t\t\t<div class=\"col-md-4\">\n<div style=\"display:none\" class=\"wpv-addon-maps-marker js-wpv-addon-maps-marker js-wpv-addon-maps-marker-marker-25919-1 js-wpv-addon-maps-markerfor-recursos\" data-marker=\"marker-25919-1\" data-markertitle=\"Casa nativa de Pau Casals\" data-markerfor=\"recursos\" data-markerlat=\"41.221837\" data-markerlon=\"1.534491\" data-markericon=\"\/wp-content\/uploads\/marker-museus.png\" data-markericonhover=\"\" data-streetview=\"no\" data-fromview=\"\">\n<div class=\"mapa-tipus-allotjament-petit\">Museos<\/div>\n<div class=\"titol-link-mapa-petit\"><a href=\"\/mapa\/#25919\">Casa nativa de Pau Casals<\/a><\/div>\n<div class=\"mapa-tipus-allotjament-petit\"><a href=\"\/mapa\/#25919\">+ info<\/a><\/div>\n<\/div>\n<div class=\"map-marker-general\"  id=\"25919\">\n<div class=\"imatge-mapa\"><img decoding=\"async\" width=\"510\" height=\"382\" src=\"https:\/\/elvendrellturisme.dms3labs.cat\/wp-content\/uploads\/IMG_3250-510x382.jpg\" class=\"attachment-et-pb-portfolio-module-image size-et-pb-portfolio-module-image wp-post-image\" alt=\"\" title=\"\"><\/div>\n<div class=\"map-marker-content\">\n<div class=\"mapa-tipus-allotjament\">Museos<\/div>\n<h3 class=\"titol-link-mapa\"><a href=\"https:\/\/elvendrellturisme.dms3labs.cat\/es\/recursos-turisticos\/casa-nativa-de-pau-casals\/\">Casa nativa de Pau Casals<\/a><\/h3>\n<div class=\"mapa-adreca\">Carrer de Santa Anna, 4<br \/>\n        43700 El Vendrell\n      <\/div>\n<div class=\"mapa-contacte\">\n        <a href=\"tel:+34977181819\">+34 977 18 18 19<\/a><br \/>\n        <a href=\"mailto:visitesmuseus@elvendrell.net\" title=\"visitesmuseus@elvendrell.net\">visitesmuseus@elvendrell.net<\/a><br \/>\n       <a href=\"https:\/\/museus.elvendrell.net\/casa-nadiua-de-pau-casals\/\" title=\"Visita la web\" target=\"_blank\" rel=\"noopener\">Visita la web<\/a><\/p><\/div>\n<\/p><\/div>\n<\/p><\/div>\n<\/div>\n\t\t\n\t\t\n\t\t\t<div class=\"col-md-4\">\n<div style=\"display:none\" class=\"wpv-addon-maps-marker js-wpv-addon-maps-marker js-wpv-addon-maps-marker-marker-26732-1 js-wpv-addon-maps-markerfor-recursos\" data-marker=\"marker-26732-1\" data-markertitle=\"Casa Pepe Comarruga\" data-markerfor=\"recursos\" data-markerlat=\"41.18125\" data-markerlon=\"1.525807\" data-markericon=\"\/wp-content\/uploads\/marker-restaurants.png\" data-markericonhover=\"\" data-streetview=\"no\" data-fromview=\"\">\n<div class=\"mapa-tipus-allotjament-petit\">Restaurantes<\/div>\n<div class=\"titol-link-mapa-petit\"><a href=\"\/mapa\/#26732\">Casa Pepe Comarruga<\/a><\/div>\n<div class=\"mapa-tipus-allotjament-petit\"><a href=\"\/mapa\/#26732\">+ info<\/a><\/div>\n<\/div>\n<div class=\"map-marker-general\"  id=\"26732\">\n<div class=\"imatge-mapa\"><img decoding=\"async\" width=\"510\" height=\"382\" src=\"https:\/\/elvendrellturisme.dms3labs.cat\/wp-content\/uploads\/disseny-sense-titol9-510x382.jpg\" class=\"attachment-et-pb-portfolio-module-image size-et-pb-portfolio-module-image wp-post-image\" alt=\"\" srcset=\"https:\/\/elvendrellturisme.dms3labs.cat\/wp-content\/uploads\/disseny-sense-titol9-510x382.jpg 510w, https:\/\/elvendrellturisme.dms3labs.cat\/wp-content\/uploads\/disseny-sense-titol9-480x480.jpg 480w\" sizes=\"(min-width: 0px) and (max-width: 480px) 480px, (min-width: 481px) 510px, 100vw\" title=\"\"><\/div>\n<div class=\"map-marker-content\">\n<div class=\"mapa-tipus-allotjament\">Restaurantes<\/div>\n<h3 class=\"titol-link-mapa\"><a href=\"https:\/\/elvendrellturisme.dms3labs.cat\/es\/recursos-turisticos\/casa-pepe-comarruga\/\">Casa Pepe Comarruga<\/a><\/h3>\n<div class=\"mapa-adreca\">Passeig Mar\u00edtim de Coma-ruga, 26<br \/>\n        43880 Coma-ruga\n      <\/div>\n<div class=\"mapa-contacte\">\n        <a href=\"tel:977683674\">977683674<\/a><br \/>\n         N\/A<br \/>\n       <a href=\"https:\/\/www.grupocasapepe.com\" title=\"Visita la web\" target=\"_blank\" rel=\"noopener\">Visita la web<\/a><\/p><\/div>\n<p>      <img decoding=\"async\" src=\"\/wp-content\/uploads\/turisme-familiar.png\" alt=\"\" title=\"\">\n  <\/div>\n<\/p><\/div>\n<\/div>\n\t\t<\/div>\n\t\t\n\t\t\n\t\t<div class=\"row \">\n\t\t\t<div class=\"col-md-4\">\n<div style=\"display:none\" class=\"wpv-addon-maps-marker js-wpv-addon-maps-marker js-wpv-addon-maps-marker-marker-25968-1 js-wpv-addon-maps-markerfor-recursos\" data-marker=\"marker-25968-1\" data-markertitle=\"Casinet\" data-markerfor=\"recursos\" data-markerlat=\"41.183882\" data-markerlon=\"1.546145\" data-markericon=\"\/wp-content\/uploads\/marker-restaurants.png\" data-markericonhover=\"\" data-streetview=\"no\" data-fromview=\"\">\n<div class=\"mapa-tipus-allotjament-petit\">Restaurantes<\/div>\n<div class=\"titol-link-mapa-petit\"><a href=\"\/mapa\/#25968\">Casinet<\/a><\/div>\n<div class=\"mapa-tipus-allotjament-petit\"><a href=\"\/mapa\/#25968\">+ info<\/a><\/div>\n<\/div>\n<div class=\"map-marker-general\"  id=\"25968\">\n<div class=\"imatge-mapa\"><img decoding=\"async\" width=\"510\" height=\"382\" src=\"https:\/\/elvendrellturisme.dms3labs.cat\/wp-content\/uploads\/disseny-sense-titol10-510x382.jpg\" class=\"attachment-et-pb-portfolio-module-image size-et-pb-portfolio-module-image wp-post-image\" alt=\"\" srcset=\"https:\/\/elvendrellturisme.dms3labs.cat\/wp-content\/uploads\/disseny-sense-titol10-510x382.jpg 510w, https:\/\/elvendrellturisme.dms3labs.cat\/wp-content\/uploads\/disseny-sense-titol10-480x480.jpg 480w\" sizes=\"(min-width: 0px) and (max-width: 480px) 480px, (min-width: 481px) 510px, 100vw\" title=\"\"><\/div>\n<div class=\"map-marker-content\">\n<div class=\"mapa-tipus-allotjament\">Restaurantes<\/div>\n<h3 class=\"titol-link-mapa\"><a href=\"https:\/\/elvendrellturisme.dms3labs.cat\/es\/recursos-turisticos\/restaurant-casinet\/\">Casinet<\/a><\/h3>\n<div class=\"mapa-adreca\">Pg. Maritim Joan Revent\u00f3s, 11<br \/>\n        43880 Sant Salvador\n      <\/div>\n<div class=\"mapa-contacte\">\n        <a href=\"tel:977680047\">977 68 00 47<\/a><br \/>\n         N\/A<br \/>\n       <a href=\"https:\/\/www.casinet.net\/\" title=\"Visita la web\" target=\"_blank\" rel=\"noopener\">Visita la web<\/a><\/p><\/div>\n<\/p><\/div>\n<\/p><\/div>\n<\/div>\n\t\t\n\t\t\n\t\t\t<div class=\"col-md-4\">\n<div style=\"display:none\" class=\"wpv-addon-maps-marker js-wpv-addon-maps-marker js-wpv-addon-maps-marker-marker-40256-1 js-wpv-addon-maps-markerfor-recursos\" data-marker=\"marker-40256-1\" data-markertitle=\"Cau del vi\" data-markerfor=\"recursos\" data-markerlat=\"41.221355\" data-markerlon=\"1.534595\" data-markericon=\"\/wp-content\/uploads\/marker-restaurants.png\" data-markericonhover=\"\" data-streetview=\"no\" data-fromview=\"\">\n<div class=\"mapa-tipus-allotjament-petit\">Restaurantes<\/div>\n<div class=\"titol-link-mapa-petit\"><a href=\"\/mapa\/#40256\">Cau del vi<\/a><\/div>\n<div class=\"mapa-tipus-allotjament-petit\"><a href=\"\/mapa\/#40256\">+ info<\/a><\/div>\n<\/div>\n<div class=\"map-marker-general\"  id=\"40256\">\n<div class=\"imatge-mapa\"><img decoding=\"async\" width=\"510\" height=\"382\" src=\"https:\/\/elvendrellturisme.dms3labs.cat\/wp-content\/uploads\/disseny-sense-titol2-9-510x382.jpg\" class=\"attachment-et-pb-portfolio-module-image size-et-pb-portfolio-module-image wp-post-image\" alt=\"\" srcset=\"https:\/\/elvendrellturisme.dms3labs.cat\/wp-content\/uploads\/disseny-sense-titol2-9-510x382.jpg 510w, https:\/\/elvendrellturisme.dms3labs.cat\/wp-content\/uploads\/disseny-sense-titol2-9-480x480.jpg 480w\" sizes=\"(min-width: 0px) and (max-width: 480px) 480px, (min-width: 481px) 510px, 100vw\" title=\"\"><\/div>\n<div class=\"map-marker-content\">\n<div class=\"mapa-tipus-allotjament\">Restaurantes<\/div>\n<h3 class=\"titol-link-mapa\"><a href=\"https:\/\/elvendrellturisme.dms3labs.cat\/es\/recursos-turisticos\/cau-del-vi\/\">Cau del vi<\/a><\/h3>\n<div class=\"mapa-adreca\">Pla\u00e7a Nova, 3<br \/>\n        43700 El Vendrell\n      <\/div>\n<div class=\"mapa-contacte\">\n        <a href=\"tel:877017563\">877 017 563<\/a><br \/>\n         N\/A<br \/>\n       <a href=\"https:\/\/www.instagram.com\/caudelvi_gastrobar\/\" title=\"Visita la web\" target=\"_blank\" rel=\"noopener\">Visita la web<\/a><\/p><\/div>\n<\/p><\/div>\n<\/p><\/div>\n<\/div>\n\t\t\n\t\t\n\t\t\t<div class=\"col-md-4\">\n<div style=\"display:none\" class=\"wpv-addon-maps-marker js-wpv-addon-maps-marker js-wpv-addon-maps-marker-marker-28626-1 js-wpv-addon-maps-markerfor-recursos\" data-marker=\"marker-28626-1\" data-markertitle=\"Club N\u00e1utico Coma-ruga\" data-markerfor=\"recursos\" data-markerlat=\"41.176964\" data-markerlon=\"1.52617\" data-markericon=\"\/wp-content\/uploads\/marker-turisme-oci.png\" data-markericonhover=\"\" data-streetview=\"no\" data-fromview=\"\">\n<div class=\"mapa-tipus-allotjament-petit\">Turismo y ocio<\/div>\n<div class=\"titol-link-mapa-petit\"><a href=\"\/mapa\/#28626\">Club N\u00e1utico Coma-ruga<\/a><\/div>\n<div class=\"mapa-tipus-allotjament-petit\"><a href=\"\/mapa\/#28626\">+ info<\/a><\/div>\n<\/div>\n<div class=\"map-marker-general\"  id=\"28626\">\n<div class=\"imatge-mapa\"><img decoding=\"async\" width=\"510\" height=\"382\" src=\"https:\/\/elvendrellturisme.dms3labs.cat\/wp-content\/uploads\/10-velers-escola-club-nautic-510x382.jpg\" class=\"attachment-et-pb-portfolio-module-image size-et-pb-portfolio-module-image wp-post-image\" alt=\"\" title=\"\"><\/div>\n<div class=\"map-marker-content\">\n<div class=\"mapa-tipus-allotjament\">Turismo y ocio<\/div>\n<h3 class=\"titol-link-mapa\"><a href=\"https:\/\/elvendrellturisme.dms3labs.cat\/es\/recursos-turisticos\/club-nautico-coma-ruga\/\">Club N\u00e1utico Coma-ruga<\/a><\/h3>\n<div class=\"mapa-adreca\">Passeig Mar\u00edtim, s\/n<br \/>\n        43880 Coma-ruga\n      <\/div>\n<div class=\"mapa-contacte\">\n        <a href=\"tel:977680120\">977 680 120<\/a><br \/>\n        <a href=\"mailto:cnco@clubnautic.com\" title=\"cnco@clubnautic.com\">cnco@clubnautic.com<\/a><br \/>\n       <a href=\"https:\/\/www.clubnautic.com\/espanyol\/\" title=\"Visita la web\" target=\"_blank\" rel=\"noopener\">Visita la web<\/a><\/p><\/div>\n<p>      <img decoding=\"async\" src=\"\/wp-content\/uploads\/turisme-familiar.png\" alt=\"\" title=\"\">\n  <\/div>\n<\/p><\/div>\n<\/div>\n\t\t<\/div>\n\t\t\n\t\t\n\t\t<div class=\"row \">\n\t\t\t<div class=\"col-md-4\">\n<div style=\"display:none\" class=\"wpv-addon-maps-marker js-wpv-addon-maps-marker js-wpv-addon-maps-marker-marker-28477-1 js-wpv-addon-maps-markerfor-recursos\" data-marker=\"marker-28477-1\" data-markertitle=\"Diver Parc L\u00fadic\" data-markerfor=\"recursos\" data-markerlat=\"41.182142\" data-markerlon=\"1.531991\" data-markericon=\"\/wp-content\/uploads\/marker-turisme-oci.png\" data-markericonhover=\"\" data-streetview=\"no\" data-fromview=\"\">\n<div class=\"mapa-tipus-allotjament-petit\">Turismo y ocio<\/div>\n<div class=\"titol-link-mapa-petit\"><a href=\"\/mapa\/#28477\">Diver Parc L\u00fadic<\/a><\/div>\n<div class=\"mapa-tipus-allotjament-petit\"><a href=\"\/mapa\/#28477\">+ info<\/a><\/div>\n<\/div>\n<div class=\"map-marker-general\"  id=\"28477\">\n<div class=\"imatge-mapa\"><img decoding=\"async\" width=\"510\" height=\"382\" src=\"https:\/\/elvendrellturisme.dms3labs.cat\/wp-content\/uploads\/20180422-165000-510x382.jpg\" class=\"attachment-et-pb-portfolio-module-image size-et-pb-portfolio-module-image wp-post-image\" alt=\"\" title=\"\"><\/div>\n<div class=\"map-marker-content\">\n<div class=\"mapa-tipus-allotjament\">Turismo y ocio<\/div>\n<h3 class=\"titol-link-mapa\"><a href=\"https:\/\/elvendrellturisme.dms3labs.cat\/es\/recursos-turisticos\/diver-parc-ludic\/\">Diver Parc L\u00fadic<\/a><\/h3>\n<div class=\"mapa-adreca\">Avinguda Palfuriana, 104<br \/>\n        43880 Coma-ruga\n      <\/div>\n<div class=\"mapa-contacte\">\n        <a href=\"tel:677428625\">677 42 86 25<\/a><br \/>\n        <a href=\"mailto:info@diver.cat\" title=\"info@diver.cat\">info@diver.cat<\/a><br \/>\n       <a href=\"https:\/\/www.fundaciosantateresa.org\/diver\/\" title=\"Visita la web\" target=\"_blank\" rel=\"noopener\">Visita la web<\/a><\/p><\/div>\n<p>      <img decoding=\"async\" src=\"\/wp-content\/uploads\/turisme-familiar.png\" alt=\"\" title=\"\">\n  <\/div>\n<\/p><\/div>\n<\/div>\n\t\t\n\t\t\n\t\t\t<div class=\"col-md-4\">\n<div style=\"display:none\" class=\"wpv-addon-maps-marker js-wpv-addon-maps-marker js-wpv-addon-maps-marker-marker-37211-1 js-wpv-addon-maps-markerfor-recursos\" data-marker=\"marker-37211-1\" data-markertitle=\"El Cubo Tapas &#038; Bar Comarruga\" data-markerfor=\"recursos\" data-markerlat=\"41.188333\" data-markerlon=\"1.519722\" data-markericon=\"\/wp-content\/uploads\/marker-restaurants.png\" data-markericonhover=\"\" data-streetview=\"no\" data-fromview=\"\">\n<div class=\"mapa-tipus-allotjament-petit\">Restaurantes<\/div>\n<div class=\"titol-link-mapa-petit\"><a href=\"\/mapa\/#37211\">El Cubo Tapas &#038; Bar Comarruga<\/a><\/div>\n<div class=\"mapa-tipus-allotjament-petit\"><a href=\"\/mapa\/#37211\">+ info<\/a><\/div>\n<\/div>\n<div class=\"map-marker-general\"  id=\"37211\">\n<div class=\"imatge-mapa\"><img decoding=\"async\" width=\"510\" height=\"382\" src=\"https:\/\/elvendrellturisme.dms3labs.cat\/wp-content\/uploads\/disseny-sense-titol-3-510x382.jpg\" class=\"attachment-et-pb-portfolio-module-image size-et-pb-portfolio-module-image default-featured-img\" alt=\"\" srcset=\"https:\/\/elvendrellturisme.dms3labs.cat\/wp-content\/uploads\/disseny-sense-titol-3-510x382.jpg 510w, https:\/\/elvendrellturisme.dms3labs.cat\/wp-content\/uploads\/disseny-sense-titol-3-480x480.jpg 480w\" sizes=\"(min-width: 0px) and (max-width: 480px) 480px, (min-width: 481px) 510px, 100vw\" title=\"\"><\/div>\n<div class=\"map-marker-content\">\n<div class=\"mapa-tipus-allotjament\">Restaurantes<\/div>\n<h3 class=\"titol-link-mapa\"><a href=\"https:\/\/elvendrellturisme.dms3labs.cat\/es\/recursos-turisticos\/el-cubo-tapas-bar-comarruga\/\">El Cubo Tapas &#038; Bar Comarruga<\/a><\/h3>\n<div class=\"mapa-adreca\">Avinguda de la Generalitat, 65<br \/>\n        43880 Coma-ruga\n      <\/div>\n<div class=\"mapa-contacte\">\n        <a href=\"tel:977699216\">977 69 92 16<\/a><br \/>\n         N\/A<br \/>\n       <a href=\"https:\/\/www.facebook.com\/elcubotapasbarcomarruga\/\" title=\"Visita la web\" target=\"_blank\" rel=\"noopener\">Visita la web<\/a><\/p><\/div>\n<\/p><\/div>\n<\/p><\/div>\n<\/div>\n\t\t\n\t\t\n\t\t\t<div class=\"col-md-4\">\n<div style=\"display:none\" class=\"wpv-addon-maps-marker js-wpv-addon-maps-marker js-wpv-addon-maps-marker-marker-25978-1 js-wpv-addon-maps-markerfor-recursos\" data-marker=\"marker-25978-1\" data-markertitle=\"El Niu 1976\" data-markerfor=\"recursos\" data-markerlat=\"41.219378\" data-markerlon=\"1.536305\" data-markericon=\"\/wp-content\/uploads\/marker-restaurants.png\" data-markericonhover=\"\" data-streetview=\"no\" data-fromview=\"\">\n<div class=\"mapa-tipus-allotjament-petit\">Restaurantes<\/div>\n<div class=\"titol-link-mapa-petit\"><a href=\"\/mapa\/#25978\">El Niu 1976<\/a><\/div>\n<div class=\"mapa-tipus-allotjament-petit\"><a href=\"\/mapa\/#25978\">+ info<\/a><\/div>\n<\/div>\n<div class=\"map-marker-general\"  id=\"25978\">\n<div class=\"imatge-mapa\"><img decoding=\"async\" width=\"510\" height=\"382\" src=\"https:\/\/elvendrellturisme.dms3labs.cat\/wp-content\/uploads\/2021\/02\/elniu-510x382.jpg\" class=\"attachment-et-pb-portfolio-module-image size-et-pb-portfolio-module-image wp-post-image\" alt=\"\" title=\"\"><\/div>\n<div class=\"map-marker-content\">\n<div class=\"mapa-tipus-allotjament\">Restaurantes<\/div>\n<h3 class=\"titol-link-mapa\"><a href=\"https:\/\/elvendrellturisme.dms3labs.cat\/es\/recursos-turisticos\/el-niu-1976\/\">El Niu 1976<\/a><\/h3>\n<div class=\"mapa-adreca\">Carrer del Born, 2<br \/>\n        43700 El Vendrell\n      <\/div>\n<div class=\"mapa-contacte\">\n        <a href=\"tel:657588312\">657 58 83 12<\/a><br \/>\n        <a href=\"mailto:info@elniu1976.com\" title=\"info@elniu1976.com\">info@elniu1976.com<\/a><br \/>\n       <a href=\"https:\/\/www.facebook.com\/elniu1976\/\" title=\"Visita la web\" target=\"_blank\" rel=\"noopener\">Visita la web<\/a><\/p><\/div>\n<\/p><\/div>\n<\/p><\/div>\n<\/div>\n\t\t<\/div>\n\t\t\n\t\t\n\t\t<div class=\"row \">\n\t\t\t<div class=\"col-md-4\">\n<div style=\"display:none\" class=\"wpv-addon-maps-marker js-wpv-addon-maps-marker js-wpv-addon-maps-marker-marker-37574-1 js-wpv-addon-maps-markerfor-recursos\" data-marker=\"marker-37574-1\" data-markertitle=\"El Nou Caf\u00e8 de la Vila\" data-markerfor=\"recursos\" data-markerlat=\"41.220627\" data-markerlon=\"1.534951\" data-markericon=\"\/wp-content\/uploads\/marker-restaurants.png\" data-markericonhover=\"\" data-streetview=\"no\" data-fromview=\"\">\n<div class=\"mapa-tipus-allotjament-petit\">Restaurantes<\/div>\n<div class=\"titol-link-mapa-petit\"><a href=\"\/mapa\/#37574\">El Nou Caf\u00e8 de la Vila<\/a><\/div>\n<div class=\"mapa-tipus-allotjament-petit\"><a href=\"\/mapa\/#37574\">+ info<\/a><\/div>\n<\/div>\n<div class=\"map-marker-general\"  id=\"37574\">\n<div class=\"imatge-mapa\"><img decoding=\"async\" width=\"510\" height=\"382\" src=\"https:\/\/elvendrellturisme.dms3labs.cat\/wp-content\/uploads\/disseny-sense-titol-3-510x382.jpg\" class=\"attachment-et-pb-portfolio-module-image size-et-pb-portfolio-module-image default-featured-img\" alt=\"\" srcset=\"https:\/\/elvendrellturisme.dms3labs.cat\/wp-content\/uploads\/disseny-sense-titol-3-510x382.jpg 510w, https:\/\/elvendrellturisme.dms3labs.cat\/wp-content\/uploads\/disseny-sense-titol-3-480x480.jpg 480w\" sizes=\"(min-width: 0px) and (max-width: 480px) 480px, (min-width: 481px) 510px, 100vw\" title=\"\"><\/div>\n<div class=\"map-marker-content\">\n<div class=\"mapa-tipus-allotjament\">Restaurantes<\/div>\n<h3 class=\"titol-link-mapa\"><a href=\"https:\/\/elvendrellturisme.dms3labs.cat\/es\/recursos-turisticos\/el-nou-cafe-de-la-vila\/\">El Nou Caf\u00e8 de la Vila<\/a><\/h3>\n<div class=\"mapa-adreca\">Carrer Cr\u00e8dit, 1<br \/>\n        43700 El Vendrell\n      <\/div>\n<div class=\"mapa-contacte\">\n        <a href=\"tel:697320586\">697 320 586<\/a><br \/>\n         N\/A<br \/>\n       <a href=\"https:\/\/www.instagram.com\/el_nou_cafe_de_la_vila\/\" title=\"Visita la web\" target=\"_blank\" rel=\"noopener\">Visita la web<\/a><\/p><\/div>\n<\/p><\/div>\n<\/p><\/div>\n<\/div>\n\t\t\n\t\t\n\t\t\t<div class=\"col-md-4\">\n<div style=\"display:none\" class=\"wpv-addon-maps-marker js-wpv-addon-maps-marker js-wpv-addon-maps-marker-marker-37453-1 js-wpv-addon-maps-markerfor-recursos\" data-marker=\"marker-37453-1\" data-markertitle=\"El Ping\u00fcino\" data-markerfor=\"recursos\" data-markerlat=\"41.181085\" data-markerlon=\"1.525854\" data-markericon=\"\/wp-content\/uploads\/marker-restaurants.png\" data-markericonhover=\"\" data-streetview=\"no\" data-fromview=\"\">\n<div class=\"mapa-tipus-allotjament-petit\">Restaurantes<\/div>\n<div class=\"titol-link-mapa-petit\"><a href=\"\/mapa\/#37453\">El Ping\u00fcino<\/a><\/div>\n<div class=\"mapa-tipus-allotjament-petit\"><a href=\"\/mapa\/#37453\">+ info<\/a><\/div>\n<\/div>\n<div class=\"map-marker-general\"  id=\"37453\">\n<div class=\"imatge-mapa\"><img decoding=\"async\" width=\"510\" height=\"382\" src=\"https:\/\/elvendrellturisme.dms3labs.cat\/wp-content\/uploads\/disseny-sense-titol31-510x382.jpg\" class=\"attachment-et-pb-portfolio-module-image size-et-pb-portfolio-module-image wp-post-image\" alt=\"\" srcset=\"https:\/\/elvendrellturisme.dms3labs.cat\/wp-content\/uploads\/disseny-sense-titol31-510x382.jpg 510w, https:\/\/elvendrellturisme.dms3labs.cat\/wp-content\/uploads\/disseny-sense-titol31-480x480.jpg 480w\" sizes=\"(min-width: 0px) and (max-width: 480px) 480px, (min-width: 481px) 510px, 100vw\" title=\"\"><\/div>\n<div class=\"map-marker-content\">\n<div class=\"mapa-tipus-allotjament\">Restaurantes<\/div>\n<h3 class=\"titol-link-mapa\"><a href=\"https:\/\/elvendrellturisme.dms3labs.cat\/es\/recursos-turisticos\/el-pinguino\/\">El Ping\u00fcino<\/a><\/h3>\n<div class=\"mapa-adreca\">Passeig Mar\u00edtim, 25<br \/>\n        43880 Coma-ruga\n      <\/div>\n<div class=\"mapa-contacte\">\n        <a href=\"tel:977682571\">977 68 25 71<\/a><br \/>\n         N\/A<br \/>\n       <a href=\"https:\/\/www.facebook.com\/ElPinguinodeComarruga\/?ref=page_internal\" title=\"Visita la web\" target=\"_blank\" rel=\"noopener\">Visita la web<\/a><\/p><\/div>\n<\/p><\/div>\n<\/p><\/div>\n<\/div>\n\t\t\n\t\t\n\t\t\t<div class=\"col-md-4\">\n<div style=\"display:none\" class=\"wpv-addon-maps-marker js-wpv-addon-maps-marker js-wpv-addon-maps-marker-marker-37519-1 js-wpv-addon-maps-markerfor-recursos\" data-marker=\"marker-37519-1\" data-markertitle=\"El Puppet\" data-markerfor=\"recursos\" data-markerlat=\"41.181111\" data-markerlon=\"1.525278\" data-markericon=\"\/wp-content\/uploads\/marker-restaurants.png\" data-markericonhover=\"\" data-streetview=\"no\" data-fromview=\"\">\n<div class=\"mapa-tipus-allotjament-petit\">Restaurantes<\/div>\n<div class=\"titol-link-mapa-petit\"><a href=\"\/mapa\/#37519\">El Puppet<\/a><\/div>\n<div class=\"mapa-tipus-allotjament-petit\"><a href=\"\/mapa\/#37519\">+ info<\/a><\/div>\n<\/div>\n<div class=\"map-marker-general\"  id=\"37519\">\n<div class=\"imatge-mapa\"><img decoding=\"async\" width=\"510\" height=\"382\" src=\"https:\/\/elvendrellturisme.dms3labs.cat\/wp-content\/uploads\/disseny-sense-titol-3-510x382.jpg\" class=\"attachment-et-pb-portfolio-module-image size-et-pb-portfolio-module-image default-featured-img\" alt=\"\" srcset=\"https:\/\/elvendrellturisme.dms3labs.cat\/wp-content\/uploads\/disseny-sense-titol-3-510x382.jpg 510w, https:\/\/elvendrellturisme.dms3labs.cat\/wp-content\/uploads\/disseny-sense-titol-3-480x480.jpg 480w\" sizes=\"(min-width: 0px) and (max-width: 480px) 480px, (min-width: 481px) 510px, 100vw\" title=\"\"><\/div>\n<div class=\"map-marker-content\">\n<div class=\"mapa-tipus-allotjament\">Restaurantes<\/div>\n<h3 class=\"titol-link-mapa\"><a href=\"https:\/\/elvendrellturisme.dms3labs.cat\/es\/recursos-turisticos\/el-puppet\/\">El Puppet<\/a><\/h3>\n<div class=\"mapa-adreca\">Passeig Mar\u00edtim de Coma-ruga, 29<br \/>\n        43880 Coma-ruga\n      <\/div>\n<div class=\"mapa-contacte\">\n        <a href=\"tel:977682300\">977 682 300<\/a><br \/>\n         N\/A<br \/>\n       <a href=\"https:\/\/www.facebook.com\/restaurant.elpuppet\/\" title=\"Visita la web\" target=\"_blank\" rel=\"noopener\">Visita la web<\/a><\/p><\/div>\n<\/p><\/div>\n<\/p><\/div>\n<\/div>\n\t\t<\/div>\n\t\t\n\t\t\n\t\t<div class=\"row \">\n\t\t\t<div class=\"col-md-4\">\n<div style=\"display:none\" class=\"wpv-addon-maps-marker js-wpv-addon-maps-marker js-wpv-addon-maps-marker-marker-25784-1 js-wpv-addon-maps-markerfor-recursos\" data-marker=\"marker-25784-1\" data-markertitle=\"Els Cups\" data-markerfor=\"recursos\" data-markerlat=\"41.202591\" data-markerlon=\"1.516775\" data-markericon=\"\/wp-content\/uploads\/marker-allotjaments.png\" data-markericonhover=\"\" data-streetview=\"no\" data-fromview=\"\">\n<div class=\"mapa-tipus-allotjament-petit\">Alojamentos<\/div>\n<div class=\"titol-link-mapa-petit\"><a href=\"\/mapa\/#25784\">Els Cups<\/a><\/div>\n<div class=\"mapa-tipus-allotjament-petit\"><a href=\"\/mapa\/#25784\">+ info<\/a><\/div>\n<\/div>\n<div class=\"map-marker-general\"  id=\"25784\">\n<div class=\"imatge-mapa\"><img decoding=\"async\" width=\"510\" height=\"382\" src=\"https:\/\/elvendrellturisme.dms3labs.cat\/wp-content\/uploads\/disseny-sense-titol8-510x382.jpg\" class=\"attachment-et-pb-portfolio-module-image size-et-pb-portfolio-module-image wp-post-image\" alt=\"\" srcset=\"https:\/\/elvendrellturisme.dms3labs.cat\/wp-content\/uploads\/disseny-sense-titol8-510x382.jpg 510w, https:\/\/elvendrellturisme.dms3labs.cat\/wp-content\/uploads\/disseny-sense-titol8-480x480.jpg 480w\" sizes=\"(min-width: 0px) and (max-width: 480px) 480px, (min-width: 481px) 510px, 100vw\" title=\"\"><\/div>\n<div class=\"map-marker-content\">\n<div class=\"mapa-tipus-allotjament\">Alojamentos<\/div>\n<h3 class=\"titol-link-mapa\"><a href=\"https:\/\/elvendrellturisme.dms3labs.cat\/es\/recursos-turisticos\/els-cups-pt-000320\/\">Els Cups<\/a><\/h3>\n<div class=\"mapa-adreca\">Carrer del Pou, 33-35<br \/>\n        43880 Sant Vicen\u00e7 de Calders (el Vendrell)\n      <\/div>\n<div class=\"mapa-contacte\">\n        <a href=\"tel:977678144\/650959794\">977 678 144\/ 650 959 794<\/a><br \/>\n        <a href=\"mailto:elscups@gmail.com\" title=\"elscups@gmail.com\">elscups@gmail.com<\/a><br \/>\n       <a href=\"https:\/\/www.elscups.cat\/es\" title=\"Visita la web\" target=\"_blank\" rel=\"noopener\">Visita la web<\/a><\/p><\/div>\n<p>      <img decoding=\"async\" src=\"\/wp-content\/uploads\/turisme-familiar.png\" alt=\"\" title=\"\">\n  <\/div>\n<\/p><\/div>\n<\/div>\n\t\t\n\t\t\n\t\t\t<div class=\"col-md-4\">\n<div style=\"display:none\" class=\"wpv-addon-maps-marker js-wpv-addon-maps-marker js-wpv-addon-maps-marker-marker-36728-1 js-wpv-addon-maps-markerfor-recursos\" data-marker=\"marker-36728-1\" data-markertitle=\"Escola de Turisme del Baix Pened\u00e8s\" data-markerfor=\"recursos\" data-markerlat=\"41.184057\" data-markerlon=\"1.530848\" data-markericon=\"\/wp-content\/uploads\/marker-restaurants.png\" data-markericonhover=\"\" data-streetview=\"no\" data-fromview=\"\">\n<div class=\"mapa-tipus-allotjament-petit\">Restaurantes<\/div>\n<div class=\"titol-link-mapa-petit\"><a href=\"\/mapa\/#36728\">Escola de Turisme del Baix Pened\u00e8s<\/a><\/div>\n<div class=\"mapa-tipus-allotjament-petit\"><a href=\"\/mapa\/#36728\">+ info<\/a><\/div>\n<\/div>\n<div class=\"map-marker-general\"  id=\"36728\">\n<div class=\"imatge-mapa\"><img decoding=\"async\" width=\"510\" height=\"382\" src=\"https:\/\/elvendrellturisme.dms3labs.cat\/wp-content\/uploads\/16113067-1531117276917730-869685856190086645-o-510x382.jpg\" class=\"attachment-et-pb-portfolio-module-image size-et-pb-portfolio-module-image wp-post-image\" alt=\"\" title=\"\"><\/div>\n<div class=\"map-marker-content\">\n<div class=\"mapa-tipus-allotjament\">Restaurantes<\/div>\n<h3 class=\"titol-link-mapa\"><a href=\"https:\/\/elvendrellturisme.dms3labs.cat\/es\/recursos-turisticos\/escola-de-turisme-del-baix-penedes\/\">Escola de Turisme del Baix Pened\u00e8s<\/a><\/h3>\n<div class=\"mapa-adreca\">Avinguda Palfuriana, 104<br \/>\n        43880 Coma-ruga\n      <\/div>\n<div class=\"mapa-contacte\">\n        <a href=\"tel:977682938\">977 682 938<\/a><br \/>\n         N\/A<br \/>\n       <a href=\"https:\/\/www.fundaciosantateresa.org\/escolaturismebp\/\" title=\"Visita la web\" target=\"_blank\" rel=\"noopener\">Visita la web<\/a><\/p><\/div>\n<\/p><\/div>\n<\/p><\/div>\n<\/div>\n\t\t\n\t\t\n\t\t\t<div class=\"col-md-4\">\n<div style=\"display:none\" class=\"wpv-addon-maps-marker js-wpv-addon-maps-marker js-wpv-addon-maps-marker-marker-37509-1 js-wpv-addon-maps-markerfor-recursos\" data-marker=\"marker-37509-1\" data-markertitle=\"Esencia\" data-markerfor=\"recursos\" data-markerlat=\"41.222071\" data-markerlon=\"1.53537\" data-markericon=\"\/wp-content\/uploads\/marker-restaurants.png\" data-markericonhover=\"\" data-streetview=\"no\" data-fromview=\"\">\n<div class=\"mapa-tipus-allotjament-petit\">Restaurantes<\/div>\n<div class=\"titol-link-mapa-petit\"><a href=\"\/mapa\/#37509\">Esencia<\/a><\/div>\n<div class=\"mapa-tipus-allotjament-petit\"><a href=\"\/mapa\/#37509\">+ info<\/a><\/div>\n<\/div>\n<div class=\"map-marker-general\"  id=\"37509\">\n<div class=\"imatge-mapa\"><img decoding=\"async\" width=\"510\" height=\"382\" src=\"https:\/\/elvendrellturisme.dms3labs.cat\/wp-content\/uploads\/disseny-sense-titol29-510x382.jpg\" class=\"attachment-et-pb-portfolio-module-image size-et-pb-portfolio-module-image wp-post-image\" alt=\"\" srcset=\"https:\/\/elvendrellturisme.dms3labs.cat\/wp-content\/uploads\/disseny-sense-titol29-510x382.jpg 510w, https:\/\/elvendrellturisme.dms3labs.cat\/wp-content\/uploads\/disseny-sense-titol29-480x480.jpg 480w\" sizes=\"(min-width: 0px) and (max-width: 480px) 480px, (min-width: 481px) 510px, 100vw\" title=\"\"><\/div>\n<div class=\"map-marker-content\">\n<div class=\"mapa-tipus-allotjament\">Restaurantes<\/div>\n<h3 class=\"titol-link-mapa\"><a href=\"https:\/\/elvendrellturisme.dms3labs.cat\/es\/recursos-turisticos\/esencia\/\">Esencia<\/a><\/h3>\n<div class=\"mapa-adreca\">Carrer de Montserrat, 15<br \/>\n        43700 El Vendrell\n      <\/div>\n<div class=\"mapa-contacte\">\n        <a href=\"tel:877640349\">877 640 349<\/a><br \/>\n         N\/A<br \/>\n       <a href=\"https:\/\/www.instagram.com\/esenciaelvendrell\/\" title=\"Visita la web\" target=\"_blank\" rel=\"noopener\">Visita la web<\/a><\/p><\/div>\n<\/p><\/div>\n<\/p><\/div>\n<\/div>\n\t\t<\/div>\n\t\t\n\t\t\n\t\t<div class=\"row \">\n\t\t\t<div class=\"col-md-4\">\n<div style=\"display:none\" class=\"wpv-addon-maps-marker js-wpv-addon-maps-marker js-wpv-addon-maps-marker-marker-37198-1 js-wpv-addon-maps-markerfor-recursos\" data-marker=\"marker-37198-1\" data-markertitle=\"Europizza\" data-markerfor=\"recursos\" data-markerlat=\"41.215103\" data-markerlon=\"1.531421\" data-markericon=\"\/wp-content\/uploads\/marker-restaurants.png\" data-markericonhover=\"\" data-streetview=\"no\" data-fromview=\"\">\n<div class=\"mapa-tipus-allotjament-petit\">Restaurantes<\/div>\n<div class=\"titol-link-mapa-petit\"><a href=\"\/mapa\/#37198\">Europizza<\/a><\/div>\n<div class=\"mapa-tipus-allotjament-petit\"><a href=\"\/mapa\/#37198\">+ info<\/a><\/div>\n<\/div>\n<div class=\"map-marker-general\"  id=\"37198\">\n<div class=\"imatge-mapa\"><img decoding=\"async\" width=\"510\" height=\"382\" src=\"https:\/\/elvendrellturisme.dms3labs.cat\/wp-content\/uploads\/disseny-sense-titol-3-510x382.jpg\" class=\"attachment-et-pb-portfolio-module-image size-et-pb-portfolio-module-image default-featured-img\" alt=\"\" srcset=\"https:\/\/elvendrellturisme.dms3labs.cat\/wp-content\/uploads\/disseny-sense-titol-3-510x382.jpg 510w, https:\/\/elvendrellturisme.dms3labs.cat\/wp-content\/uploads\/disseny-sense-titol-3-480x480.jpg 480w\" sizes=\"(min-width: 0px) and (max-width: 480px) 480px, (min-width: 481px) 510px, 100vw\" title=\"\"><\/div>\n<div class=\"map-marker-content\">\n<div class=\"mapa-tipus-allotjament\">Restaurantes<\/div>\n<h3 class=\"titol-link-mapa\"><a href=\"https:\/\/elvendrellturisme.dms3labs.cat\/es\/recursos-turisticos\/europizza\/\">Europizza<\/a><\/h3>\n<div class=\"mapa-adreca\">Cam\u00ed Reial, 11<br \/>\n        43700 El Vendrell\n      <\/div>\n<div class=\"mapa-contacte\">\n        <a href=\"tel:664469558\">664 46 95 58<\/a><br \/>\n         N\/A<br \/>\n       <a href=\"https:\/\/www.facebook.com\/Europizza-140256686071434\/\" title=\"Visita la web\" target=\"_blank\" rel=\"noopener\">Visita la web<\/a><\/p><\/div>\n<\/p><\/div>\n<\/p><\/div>\n<\/div>\n\t\t\n\t\t\n\t\t\t<div class=\"col-md-4\">\n<div style=\"display:none\" class=\"wpv-addon-maps-marker js-wpv-addon-maps-marker js-wpv-addon-maps-marker-marker-37483-1 js-wpv-addon-maps-markerfor-recursos\" data-marker=\"marker-37483-1\" data-markertitle=\"Farg\u00f3\" data-markerfor=\"recursos\" data-markerlat=\"41.221139\" data-markerlon=\"1.534713\" data-markericon=\"\/wp-content\/uploads\/marker-restaurants.png\" data-markericonhover=\"\" data-streetview=\"no\" data-fromview=\"\">\n<div class=\"mapa-tipus-allotjament-petit\">Restaurantes<\/div>\n<div class=\"titol-link-mapa-petit\"><a href=\"\/mapa\/#37483\">Farg\u00f3<\/a><\/div>\n<div class=\"mapa-tipus-allotjament-petit\"><a href=\"\/mapa\/#37483\">+ info<\/a><\/div>\n<\/div>\n<div class=\"map-marker-general\"  id=\"37483\">\n<div class=\"imatge-mapa\"><img decoding=\"async\" width=\"510\" height=\"382\" src=\"https:\/\/elvendrellturisme.dms3labs.cat\/wp-content\/uploads\/disseny-sense-titol-3-510x382.jpg\" class=\"attachment-et-pb-portfolio-module-image size-et-pb-portfolio-module-image default-featured-img\" alt=\"\" srcset=\"https:\/\/elvendrellturisme.dms3labs.cat\/wp-content\/uploads\/disseny-sense-titol-3-510x382.jpg 510w, https:\/\/elvendrellturisme.dms3labs.cat\/wp-content\/uploads\/disseny-sense-titol-3-480x480.jpg 480w\" sizes=\"(min-width: 0px) and (max-width: 480px) 480px, (min-width: 481px) 510px, 100vw\" title=\"\"><\/div>\n<div class=\"map-marker-content\">\n<div class=\"mapa-tipus-allotjament\">Restaurantes<\/div>\n<h3 class=\"titol-link-mapa\"><a href=\"https:\/\/elvendrellturisme.dms3labs.cat\/es\/recursos-turisticos\/fargo\/\">Farg\u00f3<\/a><\/h3>\n<div class=\"mapa-adreca\">Carrer de les Garrofes, 11<br \/>\n        43700 El Vendrell\n      <\/div>\n<div class=\"mapa-contacte\">\n        <a href=\"tel:877669271\">877 669 271<\/a><br \/>\n         N\/A<br \/>\n       <a href=\"https:\/\/www.instagram.com\/fargobycesc\/?hl=es\" title=\"Visita la web\" target=\"_blank\" rel=\"noopener\">Visita la web<\/a><\/p><\/div>\n<\/p><\/div>\n<\/p><\/div>\n<\/div>\n\t\t\n\t\t\n\t\t\t<div class=\"col-md-4\">\n<div style=\"display:none\" class=\"wpv-addon-maps-marker js-wpv-addon-maps-marker js-wpv-addon-maps-marker-marker-26446-1 js-wpv-addon-maps-markerfor-recursos\" data-marker=\"marker-26446-1\" data-markertitle=\"Finques Segarra\" data-markerfor=\"recursos\" data-markerlat=\"41.182875\" data-markerlon=\"1.521898\" data-markericon=\"\/wp-content\/uploads\/marker-allotjaments.png\" data-markericonhover=\"\" data-streetview=\"no\" data-fromview=\"\">\n<div class=\"mapa-tipus-allotjament-petit\">Alojamentos<\/div>\n<div class=\"titol-link-mapa-petit\"><a href=\"\/mapa\/#26446\">Finques Segarra<\/a><\/div>\n<div class=\"mapa-tipus-allotjament-petit\"><a href=\"\/mapa\/#26446\">+ info<\/a><\/div>\n<\/div>\n<div class=\"map-marker-general\"  id=\"26446\">\n<div class=\"imatge-mapa\"><img decoding=\"async\" width=\"510\" height=\"382\" src=\"https:\/\/elvendrellturisme.dms3labs.cat\/wp-content\/uploads\/2021\/02\/DSC_4608-510x382.jpg\" class=\"attachment-et-pb-portfolio-module-image size-et-pb-portfolio-module-image wp-post-image\" alt=\"\" title=\"\"><\/div>\n<div class=\"map-marker-content\">\n<div class=\"mapa-tipus-allotjament\">Alojamentos<\/div>\n<h3 class=\"titol-link-mapa\"><a href=\"https:\/\/elvendrellturisme.dms3labs.cat\/es\/recursos-turisticos\/finques-segarra\/\">Finques Segarra<\/a><\/h3>\n<div class=\"mapa-adreca\">Av. Brisamar, 2<br \/>\n        43880 Coma-ruga\n      <\/div>\n<div class=\"mapa-contacte\">\n        <a href=\"tel:977680001\">977 680 001<\/a><br \/>\n        <a href=\"mailto:info@finquessegarra.com\" title=\"info@finquessegarra.com\">info@finquessegarra.com<\/a><br \/>\n       <a href=\"https:\/\/www.finquessegarra.com\/es\/\" title=\"Visita la web\" target=\"_blank\" rel=\"noopener\">Visita la web<\/a><\/p><\/div>\n<\/p><\/div>\n<\/p><\/div>\n<\/div>\n\t\t<\/div>\n\t\t\n\t\t\n\t\t<div class=\"row \">\n\t\t\t<div class=\"col-md-4\">\n<div style=\"display:none\" class=\"wpv-addon-maps-marker js-wpv-addon-maps-marker js-wpv-addon-maps-marker-marker-26461-1 js-wpv-addon-maps-markerfor-recursos\" data-marker=\"marker-26461-1\" data-markertitle=\"GetsHouse\" data-markerfor=\"recursos\" data-markerlat=\"41.224773\" data-markerlon=\"1.537669\" data-markericon=\"\/wp-content\/uploads\/marker-allotjaments.png\" data-markericonhover=\"\" data-streetview=\"no\" data-fromview=\"\">\n<div class=\"mapa-tipus-allotjament-petit\">Alojamentos<\/div>\n<div class=\"titol-link-mapa-petit\"><a href=\"\/mapa\/#26461\">GetsHouse<\/a><\/div>\n<div class=\"mapa-tipus-allotjament-petit\"><a href=\"\/mapa\/#26461\">+ info<\/a><\/div>\n<\/div>\n<div class=\"map-marker-general\"  id=\"26461\">\n<div class=\"imatge-mapa\"><img decoding=\"async\" width=\"510\" height=\"382\" src=\"https:\/\/elvendrellturisme.dms3labs.cat\/wp-content\/uploads\/disseny-sense-titol4-510x382.jpg\" class=\"attachment-et-pb-portfolio-module-image size-et-pb-portfolio-module-image wp-post-image\" alt=\"\" srcset=\"https:\/\/elvendrellturisme.dms3labs.cat\/wp-content\/uploads\/disseny-sense-titol4-510x382.jpg 510w, https:\/\/elvendrellturisme.dms3labs.cat\/wp-content\/uploads\/disseny-sense-titol4-480x480.jpg 480w\" sizes=\"(min-width: 0px) and (max-width: 480px) 480px, (min-width: 481px) 510px, 100vw\" title=\"\"><\/div>\n<div class=\"map-marker-content\">\n<div class=\"mapa-tipus-allotjament\">Alojamentos<\/div>\n<h3 class=\"titol-link-mapa\"><a href=\"https:\/\/elvendrellturisme.dms3labs.cat\/es\/recursos-turisticos\/getshouse\/\">GetsHouse<\/a><\/h3>\n<div class=\"mapa-adreca\">Carrer Apel.les Fenosa 4 Local<br \/>\n        43700 El Vendrell\n      <\/div>\n<div class=\"mapa-contacte\">\n        <a href=\"tel:977911044\/674968224\">977 911 044 \/ 674 968 224<\/a><br \/>\n        <a href=\"mailto:info@getshouse.com\" title=\"info@getshouse.com\">info@getshouse.com<\/a><br \/>\n       <a href=\"https:\/\/www.getshouse.com\/\" title=\"Visita la web\" target=\"_blank\" rel=\"noopener\">Visita la web<\/a><\/p><\/div>\n<\/p><\/div>\n<\/p><\/div>\n<\/div>\n\t\t\n\t\t\n\t\t\t<div class=\"col-md-4\">\n<div class=\"map-marker-general\"  id=\"29837\">\n<div class=\"imatge-mapa\"><img decoding=\"async\" width=\"510\" height=\"382\" src=\"https:\/\/elvendrellturisme.dms3labs.cat\/wp-content\/uploads\/ginza-1-510x382.jpg\" class=\"attachment-et-pb-portfolio-module-image size-et-pb-portfolio-module-image wp-post-image\" alt=\"\" title=\"\"><\/div>\n<div class=\"map-marker-content\">\n<div class=\"mapa-tipus-allotjament\">Restaurantes<\/div>\n<h3 class=\"titol-link-mapa\"><a href=\"https:\/\/elvendrellturisme.dms3labs.cat\/es\/recursos-turisticos\/ginza-restaurant-japones\/\">Ginza Restaurant Japon\u00e8s<\/a><\/h3>\n<div class=\"mapa-adreca\">Avinguda d'En Jaume Carner, 20<br \/>\n        43700 El Vendrell\n      <\/div>\n<div class=\"mapa-contacte\">\n        <a href=\"tel:977209732\">977 209 732<\/a><br \/>\n         N\/A<br \/>\n       <br \/>\n         N\/A\n      <\/div>\n<\/p><\/div>\n<\/p><\/div>\n<\/div>\n\t\t\n\t\t\n\t\t\t<div class=\"col-md-4\">\n<div style=\"display:none\" class=\"wpv-addon-maps-marker js-wpv-addon-maps-marker js-wpv-addon-maps-marker-marker-25764-1 js-wpv-addon-maps-markerfor-recursos\" data-marker=\"marker-25764-1\" data-markertitle=\"Hostal Iren-Mar\" data-markerfor=\"recursos\" data-markerlat=\"41.18256\" data-markerlon=\"1.523254\" data-markericon=\"\/wp-content\/uploads\/marker-allotjaments.png\" data-markericonhover=\"\" data-streetview=\"no\" data-fromview=\"\">\n<div class=\"mapa-tipus-allotjament-petit\">Alojamentos<\/div>\n<div class=\"titol-link-mapa-petit\"><a href=\"\/mapa\/#25764\">Hostal Iren-Mar<\/a><\/div>\n<div class=\"mapa-tipus-allotjament-petit\"><a href=\"\/mapa\/#25764\">+ info<\/a><\/div>\n<\/div>\n<div class=\"map-marker-general\"  id=\"25764\">\n<div class=\"imatge-mapa\"><img decoding=\"async\" width=\"510\" height=\"382\" src=\"https:\/\/elvendrellturisme.dms3labs.cat\/wp-content\/uploads\/2021\/02\/20200606_122005-510x382.jpg\" class=\"attachment-et-pb-portfolio-module-image size-et-pb-portfolio-module-image wp-post-image\" alt=\"\" title=\"\"><\/div>\n<div class=\"map-marker-content\">\n<div class=\"mapa-tipus-allotjament\">Alojamentos<\/div>\n<h3 class=\"titol-link-mapa\"><a href=\"https:\/\/elvendrellturisme.dms3labs.cat\/es\/recursos-turisticos\/hostal-iren-mar-ht-000696\/\">Hostal Iren-Mar<\/a><\/h3>\n<div class=\"mapa-adreca\">Carrer de V\u00edctor Catal\u00e0, 3<br \/>\n        43880 Coma-ruga\n      <\/div>\n<div class=\"mapa-contacte\">\n        <a href=\"tel:977680310\">977 680 310<\/a><br \/>\n        <a href=\"mailto:irenmarcomarrugah@gmail.com\" title=\"irenmarcomarrugah@gmail.com\">irenmarcomarrugah@gmail.com<\/a><br \/>\n       <a href=\"https:\/\/irenmarcomarruga.wordpress.com\/\" title=\"Visita la web\" target=\"_blank\" rel=\"noopener\">Visita la web<\/a><\/p><\/div>\n<\/p><\/div>\n<\/p><\/div>\n<\/div>\n\t\t<\/div>\n\t\t\n\t\t\n\t\t<div class=\"row \">\n\t\t\t<div class=\"col-md-4\">\n<div style=\"display:none\" class=\"wpv-addon-maps-marker js-wpv-addon-maps-marker js-wpv-addon-maps-marker-marker-25754-1 js-wpv-addon-maps-markerfor-recursos\" data-marker=\"marker-25754-1\" data-markertitle=\"Hotel Balneario Playa de Coma-ruga\" data-markerfor=\"recursos\" data-markerlat=\"41.181841\" data-markerlon=\"1.524315\" data-markericon=\"\/wp-content\/uploads\/marker-allotjaments.png\" data-markericonhover=\"\" data-streetview=\"no\" data-fromview=\"\">\n<div class=\"mapa-tipus-allotjament-petit\">Alojamentos<\/div>\n<div class=\"titol-link-mapa-petit\"><a href=\"\/mapa\/#25754\">Hotel Balneario Playa de Coma-ruga<\/a><\/div>\n<div class=\"mapa-tipus-allotjament-petit\"><a href=\"\/mapa\/#25754\">+ info<\/a><\/div>\n<\/div>\n<div class=\"map-marker-general\"  id=\"25754\">\n<div class=\"imatge-mapa\"><img decoding=\"async\" width=\"510\" height=\"382\" src=\"https:\/\/elvendrellturisme.dms3labs.cat\/wp-content\/uploads\/disseny-sense-titol2-1-510x382.jpg\" class=\"attachment-et-pb-portfolio-module-image size-et-pb-portfolio-module-image wp-post-image\" alt=\"\" srcset=\"https:\/\/elvendrellturisme.dms3labs.cat\/wp-content\/uploads\/disseny-sense-titol2-1-510x382.jpg 510w, https:\/\/elvendrellturisme.dms3labs.cat\/wp-content\/uploads\/disseny-sense-titol2-1-480x480.jpg 480w\" sizes=\"(min-width: 0px) and (max-width: 480px) 480px, (min-width: 481px) 510px, 100vw\" title=\"\"><\/div>\n<div class=\"map-marker-content\">\n<div class=\"mapa-tipus-allotjament\">Alojamentos<\/div>\n<h3 class=\"titol-link-mapa\"><a href=\"https:\/\/elvendrellturisme.dms3labs.cat\/es\/recursos-turisticos\/hotel-balneari-platja-de-coma-ruga-ht-000816\/\">Hotel Balneario Playa de Coma-ruga<\/a><\/h3>\n<div class=\"mapa-adreca\">Av. del Balneari, 4-6<br \/>\n        43880 Coma-ruga\n      <\/div>\n<div class=\"mapa-contacte\">\n        <a href=\"tel:977684808\">977 684 808<\/a><br \/>\n        <a href=\"mailto:reservas@hotelbalnearioplayadecomarruga.com\" title=\"reservas@hotelbalnearioplayadecomarruga.com\">reservas@hotelbalnearioplayadecomarruga.com<\/a><br \/>\n       <a href=\"https:\/\/www.hotelbalnearioplayadecomarruga.com\/\" title=\"Visita la web\" target=\"_blank\" rel=\"noopener\">Visita la web<\/a><\/p><\/div>\n<\/p><\/div>\n<\/p><\/div>\n<\/div>\n\t\t\n\t\t\n\t\t\t<div class=\"col-md-4\">\n<div style=\"display:none\" class=\"wpv-addon-maps-marker js-wpv-addon-maps-marker js-wpv-addon-maps-marker-marker-25758-1 js-wpv-addon-maps-markerfor-recursos\" data-marker=\"marker-25758-1\" data-markertitle=\"Hotel Brisamar Suites\" data-markerfor=\"recursos\" data-markerlat=\"41.180787\" data-markerlon=\"1.52351\" data-markericon=\"\/wp-content\/uploads\/marker-allotjaments.png\" data-markericonhover=\"\" data-streetview=\"no\" data-fromview=\"\">\n<div class=\"mapa-tipus-allotjament-petit\">Alojamentos<\/div>\n<div class=\"titol-link-mapa-petit\"><a href=\"\/mapa\/#25758\">Hotel Brisamar Suites<\/a><\/div>\n<div class=\"mapa-tipus-allotjament-petit\"><a href=\"\/mapa\/#25758\">+ info<\/a><\/div>\n<\/div>\n<div class=\"map-marker-general\"  id=\"25758\">\n<div class=\"imatge-mapa\"><img decoding=\"async\" width=\"510\" height=\"382\" src=\"https:\/\/elvendrellturisme.dms3labs.cat\/wp-content\/uploads\/img-8167-510x382.jpg\" class=\"attachment-et-pb-portfolio-module-image size-et-pb-portfolio-module-image wp-post-image\" alt=\"\" title=\"\"><\/div>\n<div class=\"map-marker-content\">\n<div class=\"mapa-tipus-allotjament\">Alojamentos<\/div>\n<h3 class=\"titol-link-mapa\"><a href=\"https:\/\/elvendrellturisme.dms3labs.cat\/es\/recursos-turisticos\/hotel-brisamar-suites-reformado-2014-ht-000037\/\">Hotel Brisamar Suites<\/a><\/h3>\n<div class=\"mapa-adreca\">Av. Generalitat, 2<br \/>\n        43880 Coma-ruga\n      <\/div>\n<div class=\"mapa-contacte\">\n        <a href=\"tel:977680011\">977 680 011<\/a><br \/>\n        <a href=\"mailto:reservas@hotelbrisamarsuites.com\" title=\"reservas@hotelbrisamarsuites.com\">reservas@hotelbrisamarsuites.com<\/a><br \/>\n       <a href=\"https:\/\/www.hotelbrisamarsuites.com\/\" title=\"Visita la web\" target=\"_blank\" rel=\"noopener\">Visita la web<\/a><\/p><\/div>\n<\/p><\/div>\n<\/p><\/div>\n<\/div>\n\t\t\n\t\t\n\t\t\t<div class=\"col-md-4\">\n<div style=\"display:none\" class=\"wpv-addon-maps-marker js-wpv-addon-maps-marker js-wpv-addon-maps-marker-marker-25761-1 js-wpv-addon-maps-markerfor-recursos\" data-marker=\"marker-25761-1\" data-markertitle=\"Hotel Coma-ruga Platja\" data-markerfor=\"recursos\" data-markerlat=\"41.182894\" data-markerlon=\"1.534884\" data-markericon=\"\/wp-content\/uploads\/marker-allotjaments.png\" data-markericonhover=\"\" data-streetview=\"no\" data-fromview=\"\">\n<div class=\"mapa-tipus-allotjament-petit\">Alojamentos<\/div>\n<div class=\"titol-link-mapa-petit\"><a href=\"\/mapa\/#25761\">Hotel Coma-ruga Platja<\/a><\/div>\n<div class=\"mapa-tipus-allotjament-petit\"><a href=\"\/mapa\/#25761\">+ info<\/a><\/div>\n<\/div>\n<div class=\"map-marker-general\"  id=\"25761\">\n<div class=\"imatge-mapa\"><img decoding=\"async\" width=\"510\" height=\"382\" src=\"https:\/\/elvendrellturisme.dms3labs.cat\/wp-content\/uploads\/2021\/02\/Hotel-Coma-ruga-Platja-510x382.jpg\" class=\"attachment-et-pb-portfolio-module-image size-et-pb-portfolio-module-image wp-post-image\" alt=\"\" title=\"\"><\/div>\n<div class=\"map-marker-content\">\n<div class=\"mapa-tipus-allotjament\">Alojamentos<\/div>\n<h3 class=\"titol-link-mapa\"><a href=\"https:\/\/elvendrellturisme.dms3labs.cat\/es\/recursos-turisticos\/hotel-coma-ruga-platja-ht-000068\/\">Hotel Coma-ruga Platja<\/a><\/h3>\n<div class=\"mapa-adreca\">Av. Palfuriana, 115<br \/>\n        43880 Coma-ruga\n      <\/div>\n<div class=\"mapa-contacte\">\n        <a href=\"tel:977684714\">977 684 714<\/a><br \/>\n        <a href=\"mailto:reservas@hotelcomarrugaplatja.com\" title=\"reservas@hotelcomarrugaplatja.com\">reservas@hotelcomarrugaplatja.com<\/a><br \/>\n       <a href=\"https:\/\/www.hotelcomarrugaplatja.com\/\" title=\"Visita la web\" target=\"_blank\" rel=\"noopener\">Visita la web<\/a><\/p><\/div>\n<\/p><\/div>\n<\/p><\/div>\n<\/div>\n\t\t<\/div>\n\t\t\n\t\t\n\t\t<div class=\"row \">\n\t\t\t<div class=\"col-md-4\">\n<div style=\"display:none\" class=\"wpv-addon-maps-marker js-wpv-addon-maps-marker js-wpv-addon-maps-marker-marker-25759-1 js-wpv-addon-maps-markerfor-recursos\" data-marker=\"marker-25759-1\" data-markertitle=\"Hotel Natura Park\" data-markerfor=\"recursos\" data-markerlat=\"41.182119\" data-markerlon=\"1.526517\" data-markericon=\"\/wp-content\/uploads\/marker-allotjaments.png\" data-markericonhover=\"\" data-streetview=\"no\" data-fromview=\"\">\n<div class=\"mapa-tipus-allotjament-petit\">Alojamentos<\/div>\n<div class=\"titol-link-mapa-petit\"><a href=\"\/mapa\/#25759\">Hotel Natura Park<\/a><\/div>\n<div class=\"mapa-tipus-allotjament-petit\"><a href=\"\/mapa\/#25759\">+ info<\/a><\/div>\n<\/div>\n<div class=\"map-marker-general\"  id=\"25759\">\n<div class=\"imatge-mapa\"><img decoding=\"async\" width=\"510\" height=\"382\" src=\"https:\/\/elvendrellturisme.dms3labs.cat\/wp-content\/uploads\/2021\/02\/Hotel-Natura-Park-510x382.jpg\" class=\"attachment-et-pb-portfolio-module-image size-et-pb-portfolio-module-image wp-post-image\" alt=\"\" srcset=\"https:\/\/elvendrellturisme.dms3labs.cat\/wp-content\/uploads\/2021\/02\/Hotel-Natura-Park-510x382.jpg 510w, https:\/\/elvendrellturisme.dms3labs.cat\/wp-content\/uploads\/2021\/02\/Hotel-Natura-Park-300x225.jpg 300w, https:\/\/elvendrellturisme.dms3labs.cat\/wp-content\/uploads\/2021\/02\/Hotel-Natura-Park-1024x768.jpg 1024w, https:\/\/elvendrellturisme.dms3labs.cat\/wp-content\/uploads\/2021\/02\/Hotel-Natura-Park-768x576.jpg 768w, https:\/\/elvendrellturisme.dms3labs.cat\/wp-content\/uploads\/2021\/02\/Hotel-Natura-Park-1536x1152.jpg 1536w, https:\/\/elvendrellturisme.dms3labs.cat\/wp-content\/uploads\/2021\/02\/Hotel-Natura-Park-2048x1536.jpg 2048w, https:\/\/elvendrellturisme.dms3labs.cat\/wp-content\/uploads\/2021\/02\/Hotel-Natura-Park-1080x810.jpg 1080w, https:\/\/elvendrellturisme.dms3labs.cat\/wp-content\/uploads\/2021\/02\/Hotel-Natura-Park-1280x960.jpg 1280w, https:\/\/elvendrellturisme.dms3labs.cat\/wp-content\/uploads\/2021\/02\/Hotel-Natura-Park-980x735.jpg 980w, https:\/\/elvendrellturisme.dms3labs.cat\/wp-content\/uploads\/2021\/02\/Hotel-Natura-Park-480x360.jpg 480w\" sizes=\"(max-width: 510px) 100vw, 510px\" title=\"\"><\/div>\n<div class=\"map-marker-content\">\n<div class=\"mapa-tipus-allotjament\">Alojamentos<\/div>\n<h3 class=\"titol-link-mapa\"><a href=\"https:\/\/elvendrellturisme.dms3labs.cat\/es\/recursos-turisticos\/hotel-natura-park-ht-000070\/\">Hotel Natura Park<\/a><\/h3>\n<div class=\"mapa-adreca\">C\/ Vilafranca, 10-14<br \/>\n        43880 Coma-ruga\n      <\/div>\n<div class=\"mapa-contacte\">\n        <a href=\"tel:977680111\">977 680 111<\/a><br \/>\n        <a href=\"mailto:naturapark@medsur-hoteles.com\" title=\"naturapark@medsur-hoteles.com\">naturapark@medsur-hoteles.com<\/a><br \/>\n       <a href=\"https:\/\/www.medsur-hoteles.com\/\" title=\"Visita la web\" target=\"_blank\" rel=\"noopener\">Visita la web<\/a><\/p><\/div>\n<\/p><\/div>\n<\/p><\/div>\n<\/div>\n\t\t\n\t\t\n\t\t\t<div class=\"col-md-4\">\n<div style=\"display:none\" class=\"wpv-addon-maps-marker js-wpv-addon-maps-marker js-wpv-addon-maps-marker-marker-25760-1 js-wpv-addon-maps-markerfor-recursos\" data-marker=\"marker-25760-1\" data-markertitle=\"Hotel Ohtels Sant Salvador\" data-markerfor=\"recursos\" data-markerlat=\"41.184319\" data-markerlon=\"1.540052\" data-markericon=\"\/wp-content\/uploads\/marker-allotjaments.png\" data-markericonhover=\"\" data-streetview=\"no\" data-fromview=\"\">\n<div class=\"mapa-tipus-allotjament-petit\">Alojamentos<\/div>\n<div class=\"titol-link-mapa-petit\"><a href=\"\/mapa\/#25760\">Hotel Ohtels Sant Salvador<\/a><\/div>\n<div class=\"mapa-tipus-allotjament-petit\"><a href=\"\/mapa\/#25760\">+ info<\/a><\/div>\n<\/div>\n<div class=\"map-marker-general\"  id=\"25760\">\n<div class=\"imatge-mapa\"><img decoding=\"async\" width=\"510\" height=\"382\" src=\"https:\/\/elvendrellturisme.dms3labs.cat\/wp-content\/uploads\/07-mg-5393-510x382.jpg\" class=\"attachment-et-pb-portfolio-module-image size-et-pb-portfolio-module-image wp-post-image\" alt=\"\" title=\"\"><\/div>\n<div class=\"map-marker-content\">\n<div class=\"mapa-tipus-allotjament\">Alojamentos<\/div>\n<h3 class=\"titol-link-mapa\"><a href=\"https:\/\/elvendrellturisme.dms3labs.cat\/es\/recursos-turisticos\/hotel-europe-sant-salvador-ht-000457\/\">Hotel Ohtels Sant Salvador<\/a><\/h3>\n<div class=\"mapa-adreca\">C\/ Llobregat, 17<br \/>\n        43880 Sant Salvador\n      <\/div>\n<div class=\"mapa-contacte\">\n        <a href=\"tel:977684041\">977 684 041<\/a><br \/>\n        <a href=\"mailto:recepcion@hotelplayadorada.es\" title=\"recepcion@hotelplayadorada.es\">recepcion@hotelplayadorada.es<\/a><br \/>\n       <a href=\"https:\/\/www.ohtelssansalvador.es\/\" title=\"Visita la web\" target=\"_blank\" rel=\"noopener\">Visita la web<\/a><\/p><\/div>\n<\/p><\/div>\n<\/p><\/div>\n<\/div>\n\t\t\n\t\t\n\t\t\t<div class=\"col-md-4\">\n<div style=\"display:none\" class=\"wpv-addon-maps-marker js-wpv-addon-maps-marker js-wpv-addon-maps-marker-marker-39698-1 js-wpv-addon-maps-markerfor-recursos\" data-marker=\"marker-39698-1\" data-markertitle=\"Hotel Ramblas Vendrell\" data-markerfor=\"recursos\" data-markerlat=\"41.217778\" data-markerlon=\"1.533889\" data-markericon=\"\/wp-content\/uploads\/marker-allotjaments.png\" data-markericonhover=\"\" data-streetview=\"no\" data-fromview=\"\">\n<div class=\"mapa-tipus-allotjament-petit\">Alojamentos<\/div>\n<div class=\"titol-link-mapa-petit\"><a href=\"\/mapa\/#39698\">Hotel Ramblas Vendrell<\/a><\/div>\n<div class=\"mapa-tipus-allotjament-petit\"><a href=\"\/mapa\/#39698\">+ info<\/a><\/div>\n<\/div>\n<div class=\"map-marker-general\"  id=\"39698\">\n<div class=\"imatge-mapa\"><img decoding=\"async\" width=\"510\" height=\"382\" src=\"https:\/\/elvendrellturisme.dms3labs.cat\/wp-content\/uploads\/disseny-sense-titol2-3-510x382.jpg\" class=\"attachment-et-pb-portfolio-module-image size-et-pb-portfolio-module-image wp-post-image\" alt=\"\" srcset=\"https:\/\/elvendrellturisme.dms3labs.cat\/wp-content\/uploads\/disseny-sense-titol2-3-510x382.jpg 510w, https:\/\/elvendrellturisme.dms3labs.cat\/wp-content\/uploads\/disseny-sense-titol2-3-480x480.jpg 480w\" sizes=\"(min-width: 0px) and (max-width: 480px) 480px, (min-width: 481px) 510px, 100vw\" title=\"\"><\/div>\n<div class=\"map-marker-content\">\n<div class=\"mapa-tipus-allotjament\">Alojamentos<\/div>\n<h3 class=\"titol-link-mapa\"><a href=\"https:\/\/elvendrellturisme.dms3labs.cat\/es\/recursos-turisticos\/hotel-ramblas-vendrell-2\/\">Hotel Ramblas Vendrell<\/a><\/h3>\n<div class=\"mapa-adreca\">Av. Riera de la Bisbal, 46, 50<br \/>\n        43700 El Vendrell\n      <\/div>\n<div class=\"mapa-contacte\">\n        <a href=\"tel:977661096\">977 661 096<\/a><br \/>\n        <a href=\"mailto:vendrell@ramblashoteles.com\" title=\"vendrell@ramblashoteles.com\">vendrell@ramblashoteles.com<\/a><br \/>\n       <a href=\"https:\/\/www.hotelramblasvendrell.com\/\" title=\"Visita la web\" target=\"_blank\" rel=\"noopener\">Visita la web<\/a><\/p><\/div>\n<\/p><\/div>\n<\/p><\/div>\n<\/div>\n\t\t<\/div>\n\t\t\n\t\t\n\t\t<div class=\"row \">\n\t\t\t<div class=\"col-md-4\">\n<div class=\"map-marker-general\"  id=\"25757\">\n<div class=\"imatge-mapa\"><img decoding=\"async\" width=\"510\" height=\"382\" src=\"https:\/\/elvendrellturisme.dms3labs.cat\/wp-content\/uploads\/disseny-sense-titol-3-510x382.jpg\" class=\"attachment-et-pb-portfolio-module-image size-et-pb-portfolio-module-image default-featured-img\" alt=\"\" srcset=\"https:\/\/elvendrellturisme.dms3labs.cat\/wp-content\/uploads\/disseny-sense-titol-3-510x382.jpg 510w, https:\/\/elvendrellturisme.dms3labs.cat\/wp-content\/uploads\/disseny-sense-titol-3-480x480.jpg 480w\" sizes=\"(min-width: 0px) and (max-width: 480px) 480px, (min-width: 481px) 510px, 100vw\" title=\"\"><\/div>\n<div class=\"map-marker-content\">\n<div class=\"mapa-tipus-allotjament\">Alojamentos<\/div>\n<h3 class=\"titol-link-mapa\"><a href=\"https:\/\/elvendrellturisme.dms3labs.cat\/es\/recursos-turisticos\/hotel-ramblas-vendrell\/\">Hotel Ramblas Vendrell<\/a><\/h3>\n<div class=\"mapa-adreca\">Av. Riera de la Bisbal, 46-50<br \/>\n         43700 El Vendrell\n      <\/div>\n<div class=\"mapa-contacte\">\n        <a href=\"tel:977661096\">977 661 096<\/a><br \/>\n        <a href=\"mailto:vendrell@ramblashoteles.com\" title=\"vendrell@ramblashoteles.com\">vendrell@ramblashoteles.com<\/a><br \/>\n       <a href=\"https:\/\/www.ramblashoteles.com\" title=\"Visita la web\" target=\"_blank\" rel=\"noopener\">Visita la web<\/a><\/p><\/div>\n<\/p><\/div>\n<\/p><\/div>\n<\/div>\n\t\t\n\t\t\n\t\t\t<div class=\"col-md-4\">\n<div style=\"display:none\" class=\"wpv-addon-maps-marker js-wpv-addon-maps-marker js-wpv-addon-maps-marker-marker-25781-1 js-wpv-addon-maps-markerfor-recursos\" data-marker=\"marker-25781-1\" data-markertitle=\"Inmobiliaria Coma-ruga Confort\" data-markerfor=\"recursos\" data-markerlat=\"41.180984\" data-markerlon=\"1.524121\" data-markericon=\"\/wp-content\/uploads\/marker-allotjaments.png\" data-markericonhover=\"\" data-streetview=\"no\" data-fromview=\"\">\n<div class=\"mapa-tipus-allotjament-petit\">Alojamentos<\/div>\n<div class=\"titol-link-mapa-petit\"><a href=\"\/mapa\/#25781\">Inmobiliaria Coma-ruga Confort<\/a><\/div>\n<div class=\"mapa-tipus-allotjament-petit\"><a href=\"\/mapa\/#25781\">+ info<\/a><\/div>\n<\/div>\n<div class=\"map-marker-general\"  id=\"25781\">\n<div class=\"imatge-mapa\"><img decoding=\"async\" width=\"510\" height=\"377\" src=\"https:\/\/elvendrellturisme.dms3labs.cat\/wp-content\/uploads\/2021\/02\/33-510x377.jpg\" class=\"attachment-et-pb-portfolio-module-image size-et-pb-portfolio-module-image wp-post-image\" alt=\"\" srcset=\"https:\/\/elvendrellturisme.dms3labs.cat\/wp-content\/uploads\/2021\/02\/33-510x377.jpg 510w, https:\/\/elvendrellturisme.dms3labs.cat\/wp-content\/uploads\/2021\/02\/33-480x312.jpg 480w\" sizes=\"(min-width: 0px) and (max-width: 480px) 480px, (min-width: 481px) 510px, 100vw\" title=\"\"><\/div>\n<div class=\"map-marker-content\">\n<div class=\"mapa-tipus-allotjament\">Alojamentos<\/div>\n<h3 class=\"titol-link-mapa\"><a href=\"https:\/\/elvendrellturisme.dms3labs.cat\/es\/recursos-turisticos\/coma-ruga-confort\/\">Inmobiliaria Coma-ruga Confort<\/a><\/h3>\n<div class=\"mapa-adreca\">Pl. Germans Trillas, 3<br \/>\n        43880 Coma-ruga\n      <\/div>\n<div class=\"mapa-contacte\">\n        <a href=\"tel:977680118\">977 680 118<\/a><br \/>\n        <a href=\"mailto:immobiliaria@comarrugaconfort.com\" title=\"immobiliaria@comarrugaconfort.com\">immobiliaria@comarrugaconfort.com<\/a><br \/>\n       <a href=\"https:\/\/comarrugaconfort.com\/\" title=\"Visita la web\" target=\"_blank\" rel=\"noopener\">Visita la web<\/a><\/p><\/div>\n<\/p><\/div>\n<\/p><\/div>\n<\/div>\n\t\t\n\t\t\n\t\t\t<div class=\"col-md-4\">\n<div style=\"display:none\" class=\"wpv-addon-maps-marker js-wpv-addon-maps-marker js-wpv-addon-maps-marker-marker-28761-1 js-wpv-addon-maps-markerfor-recursos\" data-marker=\"marker-28761-1\" data-markertitle=\"Karting El Vendrell\" data-markerfor=\"recursos\" data-markerlat=\"41.198486\" data-markerlon=\"1.528288\" data-markericon=\"\/wp-content\/uploads\/marker-turisme-oci.png\" data-markericonhover=\"\" data-streetview=\"no\" data-fromview=\"\">\n<div class=\"mapa-tipus-allotjament-petit\">Turismo y ocio<\/div>\n<div class=\"titol-link-mapa-petit\"><a href=\"\/mapa\/#28761\">Karting El Vendrell<\/a><\/div>\n<div class=\"mapa-tipus-allotjament-petit\"><a href=\"\/mapa\/#28761\">+ info<\/a><\/div>\n<\/div>\n<div class=\"map-marker-general\"  id=\"28761\">\n<div class=\"imatge-mapa\"><img decoding=\"async\" width=\"510\" height=\"382\" src=\"https:\/\/elvendrellturisme.dms3labs.cat\/wp-content\/uploads\/disseny-sense-titol13-510x382.jpg\" class=\"attachment-et-pb-portfolio-module-image size-et-pb-portfolio-module-image wp-post-image\" alt=\"\" srcset=\"https:\/\/elvendrellturisme.dms3labs.cat\/wp-content\/uploads\/disseny-sense-titol13-510x382.jpg 510w, https:\/\/elvendrellturisme.dms3labs.cat\/wp-content\/uploads\/disseny-sense-titol13-480x480.jpg 480w\" sizes=\"(min-width: 0px) and (max-width: 480px) 480px, (min-width: 481px) 510px, 100vw\" title=\"\"><\/div>\n<div class=\"map-marker-content\">\n<div class=\"mapa-tipus-allotjament\">Turismo y ocio<\/div>\n<h3 class=\"titol-link-mapa\"><a href=\"https:\/\/elvendrellturisme.dms3labs.cat\/es\/recursos-turisticos\/karting-el-vendrell\/\">Karting El Vendrell<\/a><\/h3>\n<div class=\"mapa-adreca\">Ctra. N-340, km 1.189<br \/>\n        43700 El Vendrell\n      <\/div>\n<div class=\"mapa-contacte\">\n        <a href=\"tel:977663776\">977 663 776<\/a><br \/>\n        <a href=\"mailto:karting@kartingvendrell.com\" title=\"karting@kartingvendrell.com\">karting@kartingvendrell.com<\/a><br \/>\n       <a href=\"https:\/\/kartingvendrell.com\/\" title=\"Visita la web\" target=\"_blank\" rel=\"noopener\">Visita la web<\/a><\/p><\/div>\n<p>      <img decoding=\"async\" src=\"\/wp-content\/uploads\/turisme-familiar.png\" alt=\"\" title=\"\">\n  <\/div>\n<\/p><\/div>\n<\/div>\n\t\t<\/div>\n\t\t\n\t\t\n\t\t<div class=\"row \">\n\t\t\t<div class=\"col-md-4\">\n<div style=\"display:none\" class=\"wpv-addon-maps-marker js-wpv-addon-maps-marker js-wpv-addon-maps-marker-marker-37677-1 js-wpv-addon-maps-markerfor-recursos\" data-marker=\"marker-37677-1\" data-markertitle=\"KM1187 Wine Food&#038;Tapas\" data-markerfor=\"recursos\" data-markerlat=\"41.187011\" data-markerlon=\"1.514847\" data-markericon=\"\/wp-content\/uploads\/marker-restaurants.png\" data-markericonhover=\"\" data-streetview=\"no\" data-fromview=\"\">\n<div class=\"mapa-tipus-allotjament-petit\">Restaurantes<\/div>\n<div class=\"titol-link-mapa-petit\"><a href=\"\/mapa\/#37677\">KM1187 Wine Food&#038;Tapas<\/a><\/div>\n<div class=\"mapa-tipus-allotjament-petit\"><a href=\"\/mapa\/#37677\">+ info<\/a><\/div>\n<\/div>\n<div class=\"map-marker-general\"  id=\"37677\">\n<div class=\"imatge-mapa\"><img decoding=\"async\" width=\"510\" height=\"382\" src=\"https:\/\/elvendrellturisme.dms3labs.cat\/wp-content\/uploads\/disseny-sense-titol21-1-510x382.jpg\" class=\"attachment-et-pb-portfolio-module-image size-et-pb-portfolio-module-image wp-post-image\" alt=\"\" srcset=\"https:\/\/elvendrellturisme.dms3labs.cat\/wp-content\/uploads\/disseny-sense-titol21-1-510x382.jpg 510w, https:\/\/elvendrellturisme.dms3labs.cat\/wp-content\/uploads\/disseny-sense-titol21-1-480x480.jpg 480w\" sizes=\"(min-width: 0px) and (max-width: 480px) 480px, (min-width: 481px) 510px, 100vw\" title=\"\"><\/div>\n<div class=\"map-marker-content\">\n<div class=\"mapa-tipus-allotjament\">Restaurantes<\/div>\n<h3 class=\"titol-link-mapa\"><a href=\"https:\/\/elvendrellturisme.dms3labs.cat\/es\/recursos-turisticos\/km1187-wine-foodtapas\/\">KM1187 Wine Food&#038;Tapas<\/a><\/h3>\n<div class=\"mapa-adreca\">Carretera N-340, Km 1187<br \/>\n        43880 Coma-ruga\n      <\/div>\n<div class=\"mapa-contacte\">\n        <a href=\"tel:693235725\">693 235 725<\/a><br \/>\n        <a href=\"mailto:reserves@km1187.com\" title=\"reserves@km1187.com\">reserves@km1187.com<\/a><br \/>\n       <a href=\"https:\/\/janegrup.com\/jane-grup\/km-1187\/\" title=\"Visita la web\" target=\"_blank\" rel=\"noopener\">Visita la web<\/a><\/p><\/div>\n<\/p><\/div>\n<\/p><\/div>\n<\/div>\n\t\t\n\t\t\n\t\t\t<div class=\"col-md-4\">\n<div style=\"display:none\" class=\"wpv-addon-maps-marker js-wpv-addon-maps-marker js-wpv-addon-maps-marker-marker-37564-1 js-wpv-addon-maps-markerfor-recursos\" data-marker=\"marker-37564-1\" data-markertitle=\"L&#8217;alquimista\" data-markerfor=\"recursos\" data-markerlat=\"41.22043\" data-markerlon=\"1.534884\" data-markericon=\"\/wp-content\/uploads\/marker-restaurants.png\" data-markericonhover=\"\" data-streetview=\"no\" data-fromview=\"\">\n<div class=\"mapa-tipus-allotjament-petit\">Restaurantes<\/div>\n<div class=\"titol-link-mapa-petit\"><a href=\"\/mapa\/#37564\">L&#8217;alquimista<\/a><\/div>\n<div class=\"mapa-tipus-allotjament-petit\"><a href=\"\/mapa\/#37564\">+ info<\/a><\/div>\n<\/div>\n<div class=\"map-marker-general\"  id=\"37564\">\n<div class=\"imatge-mapa\"><img decoding=\"async\" width=\"510\" height=\"382\" src=\"https:\/\/elvendrellturisme.dms3labs.cat\/wp-content\/uploads\/disseny-sense-titol33-510x382.jpg\" class=\"attachment-et-pb-portfolio-module-image size-et-pb-portfolio-module-image wp-post-image\" alt=\"\" srcset=\"https:\/\/elvendrellturisme.dms3labs.cat\/wp-content\/uploads\/disseny-sense-titol33-510x382.jpg 510w, https:\/\/elvendrellturisme.dms3labs.cat\/wp-content\/uploads\/disseny-sense-titol33-480x480.jpg 480w\" sizes=\"(min-width: 0px) and (max-width: 480px) 480px, (min-width: 481px) 510px, 100vw\" title=\"\"><\/div>\n<div class=\"map-marker-content\">\n<div class=\"mapa-tipus-allotjament\">Restaurantes<\/div>\n<h3 class=\"titol-link-mapa\"><a href=\"https:\/\/elvendrellturisme.dms3labs.cat\/es\/recursos-turisticos\/lalquimista\/\">L&#8217;alquimista<\/a><\/h3>\n<div class=\"mapa-adreca\">Pla\u00e7a Vella, 4<br \/>\n        43700 El Vendrell\n      <\/div>\n<div class=\"mapa-contacte\">\n        <a href=\"tel:655743030\">655 743 030<\/a><br \/>\n         N\/A<br \/>\n       <a href=\"https:\/\/www.instagram.com\/lalquimista_elvendrell\/?hl=es\" title=\"Visita la web\" target=\"_blank\" rel=\"noopener\">Visita la web<\/a><\/p><\/div>\n<\/p><\/div>\n<\/p><\/div>\n<\/div>\n\t\t\n\t\t\n\t\t\t<div class=\"col-md-4\">\n<div style=\"display:none\" class=\"wpv-addon-maps-marker js-wpv-addon-maps-marker js-wpv-addon-maps-marker-marker-37554-1 js-wpv-addon-maps-markerfor-recursos\" data-marker=\"marker-37554-1\" data-markertitle=\"L&#8217;Obrador D\u2019Oriol Rossell\" data-markerfor=\"recursos\" data-markerlat=\"41.22126\" data-markerlon=\"1.535984\" data-markericon=\"\/wp-content\/uploads\/marker-restaurants.png\" data-markericonhover=\"\" data-streetview=\"no\" data-fromview=\"\">\n<div class=\"mapa-tipus-allotjament-petit\">Restaurantes<\/div>\n<div class=\"titol-link-mapa-petit\"><a href=\"\/mapa\/#37554\">L&#8217;Obrador D\u2019Oriol Rossell<\/a><\/div>\n<div class=\"mapa-tipus-allotjament-petit\"><a href=\"\/mapa\/#37554\">+ info<\/a><\/div>\n<\/div>\n<div class=\"map-marker-general\"  id=\"37554\">\n<div class=\"imatge-mapa\"><img decoding=\"async\" width=\"510\" height=\"382\" src=\"https:\/\/elvendrellturisme.dms3labs.cat\/wp-content\/uploads\/disseny-sense-titol-3-510x382.jpg\" class=\"attachment-et-pb-portfolio-module-image size-et-pb-portfolio-module-image default-featured-img\" alt=\"\" srcset=\"https:\/\/elvendrellturisme.dms3labs.cat\/wp-content\/uploads\/disseny-sense-titol-3-510x382.jpg 510w, https:\/\/elvendrellturisme.dms3labs.cat\/wp-content\/uploads\/disseny-sense-titol-3-480x480.jpg 480w\" sizes=\"(min-width: 0px) and (max-width: 480px) 480px, (min-width: 481px) 510px, 100vw\" title=\"\"><\/div>\n<div class=\"map-marker-content\">\n<div class=\"mapa-tipus-allotjament\">Restaurantes<\/div>\n<h3 class=\"titol-link-mapa\"><a href=\"https:\/\/elvendrellturisme.dms3labs.cat\/es\/recursos-turisticos\/lobrador-doriol-rossell\/\">L&#8217;Obrador D\u2019Oriol Rossell<\/a><\/h3>\n<div class=\"mapa-adreca\">Carrer del Nord, 3<br \/>\n        43700 El Vendrell\n      <\/div>\n<div class=\"mapa-contacte\">\n        <a href=\"tel:977664804\">977 664 804<\/a><br \/>\n         N\/A<br \/>\n       <a href=\"https:\/\/l-obrador.com\/\" title=\"Visita la web\" target=\"_blank\" rel=\"noopener\">Visita la web<\/a><\/p><\/div>\n<\/p><\/div>\n<\/p><\/div>\n<\/div>\n\t\t<\/div>\n\t\t\n\t\t\n\t\t<div class=\"row \">\n\t\t\t<div class=\"col-md-4\">\n<div style=\"display:none\" class=\"wpv-addon-maps-marker js-wpv-addon-maps-marker js-wpv-addon-maps-marker-marker-25979-1 js-wpv-addon-maps-markerfor-recursos\" data-marker=\"marker-25979-1\" data-markertitle=\"La Barretina\" data-markerfor=\"recursos\" data-markerlat=\"41.217447\" data-markerlon=\"1.527523\" data-markericon=\"\/wp-content\/uploads\/marker-restaurants.png\" data-markericonhover=\"\" data-streetview=\"no\" data-fromview=\"\">\n<div class=\"mapa-tipus-allotjament-petit\">Restaurantes<\/div>\n<div class=\"titol-link-mapa-petit\"><a href=\"\/mapa\/#25979\">La Barretina<\/a><\/div>\n<div class=\"mapa-tipus-allotjament-petit\"><a href=\"\/mapa\/#25979\">+ info<\/a><\/div>\n<\/div>\n<div class=\"map-marker-general\"  id=\"25979\">\n<div class=\"imatge-mapa\"><img decoding=\"async\" width=\"510\" height=\"382\" src=\"https:\/\/elvendrellturisme.dms3labs.cat\/wp-content\/uploads\/2021\/02\/barretina-510x382.jpg\" class=\"attachment-et-pb-portfolio-module-image size-et-pb-portfolio-module-image wp-post-image\" alt=\"\" srcset=\"https:\/\/elvendrellturisme.dms3labs.cat\/wp-content\/uploads\/2021\/02\/barretina-510x382.jpg 510w, https:\/\/elvendrellturisme.dms3labs.cat\/wp-content\/uploads\/2021\/02\/barretina-480x292.jpg 480w\" sizes=\"(min-width: 0px) and (max-width: 480px) 480px, (min-width: 481px) 510px, 100vw\" title=\"\"><\/div>\n<div class=\"map-marker-content\">\n<div class=\"mapa-tipus-allotjament\">Restaurantes<\/div>\n<h3 class=\"titol-link-mapa\"><a href=\"https:\/\/elvendrellturisme.dms3labs.cat\/es\/recursos-turisticos\/bar-la-barretina\/\">La Barretina<\/a><\/h3>\n<div class=\"mapa-adreca\">Carrer de les Flors, 40-52<br \/>\n        43700 El Vendrell\n      <\/div>\n<div class=\"mapa-contacte\">\n        <a href=\"tel:977663768\">977 66 37 68<\/a><br \/>\n        <a href=\"mailto:barlabarretina@hotmail.com\" title=\"barlabarretina@hotmail.com\">barlabarretina@hotmail.com<\/a><br \/>\n       <a href=\"https:\/\/www.barlabarretina.com\/\" title=\"Visita la web\" target=\"_blank\" rel=\"noopener\">Visita la web<\/a><\/p><\/div>\n<\/p><\/div>\n<\/p><\/div>\n<\/div>\n\t\t\n\t\t\n\t\t\t<div class=\"col-md-4\">\n<div class=\"map-marker-general\"  id=\"25774\">\n<div class=\"imatge-mapa\"><img decoding=\"async\" width=\"510\" height=\"382\" src=\"https:\/\/elvendrellturisme.dms3labs.cat\/wp-content\/uploads\/disseny-sense-titol-3-510x382.jpg\" class=\"attachment-et-pb-portfolio-module-image size-et-pb-portfolio-module-image default-featured-img\" alt=\"\" srcset=\"https:\/\/elvendrellturisme.dms3labs.cat\/wp-content\/uploads\/disseny-sense-titol-3-510x382.jpg 510w, https:\/\/elvendrellturisme.dms3labs.cat\/wp-content\/uploads\/disseny-sense-titol-3-480x480.jpg 480w\" sizes=\"(min-width: 0px) and (max-width: 480px) 480px, (min-width: 481px) 510px, 100vw\" title=\"\"><\/div>\n<div class=\"map-marker-content\">\n<div class=\"mapa-tipus-allotjament\">Alojamentos<\/div>\n<h3 class=\"titol-link-mapa\"><a href=\"https:\/\/elvendrellturisme.dms3labs.cat\/es\/recursos-turisticos\/la-bassa\/\">La Bassa<\/a><\/h3>\n<div class=\"mapa-adreca\"><br \/>\n         \n      <\/div>\n<div class=\"mapa-contacte\">\n        <a href=\"tel:\"><\/a> N\/A<br \/>\n        <a href=\"mailto:info@casitasdelarcoiris.com\" title=\"info@casitasdelarcoiris.com\">info@casitasdelarcoiris.com<\/a><br \/>\n       <br \/>\n         N\/A\n      <\/div>\n<\/p><\/div>\n<\/p><\/div>\n<\/div>\n\t\t\n\t\t\n\t\t\t<div class=\"col-md-4\">\n<div style=\"display:none\" class=\"wpv-addon-maps-marker js-wpv-addon-maps-marker js-wpv-addon-maps-marker-marker-37177-1 js-wpv-addon-maps-markerfor-recursos\" data-marker=\"marker-37177-1\" data-markertitle=\"La Calma Salada\" data-markerfor=\"recursos\" data-markerlat=\"41.176605\" data-markerlon=\"1.52557\" data-markericon=\"\/wp-content\/uploads\/marker-restaurants.png\" data-markericonhover=\"\" data-streetview=\"no\" data-fromview=\"\">\n<div class=\"mapa-tipus-allotjament-petit\">Restaurantes<\/div>\n<div class=\"titol-link-mapa-petit\"><a href=\"\/mapa\/#37177\">La Calma Salada<\/a><\/div>\n<div class=\"mapa-tipus-allotjament-petit\"><a href=\"\/mapa\/#37177\">+ info<\/a><\/div>\n<\/div>\n<div class=\"map-marker-general\"  id=\"37177\">\n<div class=\"imatge-mapa\"><img decoding=\"async\" width=\"510\" height=\"382\" src=\"https:\/\/elvendrellturisme.dms3labs.cat\/wp-content\/uploads\/calmasalada-510x382.jpg\" class=\"attachment-et-pb-portfolio-module-image size-et-pb-portfolio-module-image wp-post-image\" alt=\"\" srcset=\"https:\/\/elvendrellturisme.dms3labs.cat\/wp-content\/uploads\/calmasalada-510x382.jpg 510w, https:\/\/elvendrellturisme.dms3labs.cat\/wp-content\/uploads\/calmasalada-480x492.jpg 480w\" sizes=\"(min-width: 0px) and (max-width: 480px) 480px, (min-width: 481px) 510px, 100vw\" title=\"\"><\/div>\n<div class=\"map-marker-content\">\n<div class=\"mapa-tipus-allotjament\">Restaurantes<\/div>\n<h3 class=\"titol-link-mapa\"><a href=\"https:\/\/elvendrellturisme.dms3labs.cat\/es\/recursos-turisticos\/la-calma-salada\/\">La Calma Salada<\/a><\/h3>\n<div class=\"mapa-adreca\">Port de Coma-ruga<br \/>\n        43880 Coma-ruga\n      <\/div>\n<div class=\"mapa-contacte\">\n        <a href=\"tel:660263560\">660 26 35 60<\/a><br \/>\n         N\/A<br \/>\n       <a href=\"https:\/\/www.instagram.com\/lacalmasalada\/\" title=\"Visita la web\" target=\"_blank\" rel=\"noopener\">Visita la web<\/a><\/p><\/div>\n<\/p><\/div>\n<\/p><\/div>\n<\/div>\n\t\t<\/div>\n\t\t\n\t\t\n\t\t<div class=\"row \">\n\t\t\t<div class=\"col-md-4\">\n<div class=\"map-marker-general\"  id=\"25785\">\n<div class=\"imatge-mapa\"><img decoding=\"async\" width=\"510\" height=\"382\" src=\"https:\/\/elvendrellturisme.dms3labs.cat\/wp-content\/uploads\/disseny-sense-titol-3-510x382.jpg\" class=\"attachment-et-pb-portfolio-module-image size-et-pb-portfolio-module-image default-featured-img\" alt=\"\" srcset=\"https:\/\/elvendrellturisme.dms3labs.cat\/wp-content\/uploads\/disseny-sense-titol-3-510x382.jpg 510w, https:\/\/elvendrellturisme.dms3labs.cat\/wp-content\/uploads\/disseny-sense-titol-3-480x480.jpg 480w\" sizes=\"(min-width: 0px) and (max-width: 480px) 480px, (min-width: 481px) 510px, 100vw\" title=\"\"><\/div>\n<div class=\"map-marker-content\">\n<div class=\"mapa-tipus-allotjament\">Alojamentos<\/div>\n<h3 class=\"titol-link-mapa\"><a href=\"https:\/\/elvendrellturisme.dms3labs.cat\/es\/recursos-turisticos\/la-casa-de-juanjo-hutt-007302\/\">La Casa de Juanjo &#8211; HUTT-007302<\/a><\/h3>\n<div class=\"mapa-adreca\">C\/ del Pou, 63<br \/>\n         43880 Sant Vicen\u00e7 de Calders\n      <\/div>\n<div class=\"mapa-contacte\">\n        <a href=\"tel:+34977666163\">+34 977666163<\/a><br \/>\n        <a href=\"mailto:info@lacasadejuanjo.es\" title=\"info@lacasadejuanjo.es\">info@lacasadejuanjo.es<\/a><br \/>\n       <a href=\"https:\/\/www.lacasadejuanjo.es\" title=\"Visita la web\" target=\"_blank\" rel=\"noopener\">Visita la web<\/a><\/p><\/div>\n<\/p><\/div>\n<\/p><\/div>\n<\/div>\n\t\t\n\t\t\n\t\t\t<div class=\"col-md-4\">\n<div class=\"map-marker-general\"  id=\"25788\">\n<div class=\"imatge-mapa\"><img decoding=\"async\" width=\"510\" height=\"382\" src=\"https:\/\/elvendrellturisme.dms3labs.cat\/wp-content\/uploads\/disseny-sense-titol-3-510x382.jpg\" class=\"attachment-et-pb-portfolio-module-image size-et-pb-portfolio-module-image default-featured-img\" alt=\"\" srcset=\"https:\/\/elvendrellturisme.dms3labs.cat\/wp-content\/uploads\/disseny-sense-titol-3-510x382.jpg 510w, https:\/\/elvendrellturisme.dms3labs.cat\/wp-content\/uploads\/disseny-sense-titol-3-480x480.jpg 480w\" sizes=\"(min-width: 0px) and (max-width: 480px) 480px, (min-width: 481px) 510px, 100vw\" title=\"\"><\/div>\n<div class=\"map-marker-content\">\n<div class=\"mapa-tipus-allotjament\">Alojamentos<\/div>\n<h3 class=\"titol-link-mapa\"><a href=\"https:\/\/elvendrellturisme.dms3labs.cat\/es\/recursos-turisticos\/la-casita-del-jardin\/\">La Casita del Jard\u00edn<\/a><\/h3>\n<div class=\"mapa-adreca\"><br \/>\n         \n      <\/div>\n<div class=\"mapa-contacte\">\n        <a href=\"tel:\"><\/a> N\/A<br \/>\n        <a href=\"mailto:info@casitasdelarcoiris.com\" title=\"info@casitasdelarcoiris.com\">info@casitasdelarcoiris.com<\/a><br \/>\n       <br \/>\n         N\/A\n      <\/div>\n<\/p><\/div>\n<\/p><\/div>\n<\/div>\n\t\t\n\t\t\n\t\t\t<div class=\"col-md-4\">\n<div style=\"display:none\" class=\"wpv-addon-maps-marker js-wpv-addon-maps-marker js-wpv-addon-maps-marker-marker-26704-1 js-wpv-addon-maps-markerfor-recursos\" data-marker=\"marker-26704-1\" data-markertitle=\"La Cuina de la Marga\" data-markerfor=\"recursos\" data-markerlat=\"41.182891\" data-markerlon=\"1.538046\" data-markericon=\"\/wp-content\/uploads\/marker-restaurants.png\" data-markericonhover=\"\" data-streetview=\"no\" data-fromview=\"\">\n<div class=\"mapa-tipus-allotjament-petit\">Restaurantes<\/div>\n<div class=\"titol-link-mapa-petit\"><a href=\"\/mapa\/#26704\">La Cuina de la Marga<\/a><\/div>\n<div class=\"mapa-tipus-allotjament-petit\"><a href=\"\/mapa\/#26704\">+ info<\/a><\/div>\n<\/div>\n<div class=\"map-marker-general\"  id=\"26704\">\n<div class=\"imatge-mapa\"><img decoding=\"async\" width=\"510\" height=\"382\" src=\"https:\/\/elvendrellturisme.dms3labs.cat\/wp-content\/uploads\/33163143-1174802786003099-755021573798232064-n-510x382.jpg\" class=\"attachment-et-pb-portfolio-module-image size-et-pb-portfolio-module-image wp-post-image\" alt=\"\" title=\"\"><\/div>\n<div class=\"map-marker-content\">\n<div class=\"mapa-tipus-allotjament\">Restaurantes<\/div>\n<h3 class=\"titol-link-mapa\"><a href=\"https:\/\/elvendrellturisme.dms3labs.cat\/es\/recursos-turisticos\/la-cuina-de-la-marga\/\">La Cuina de la Marga<\/a><\/h3>\n<div class=\"mapa-adreca\">Passeig Mar\u00edtim de Joan Revent\u00f3s, 50<br \/>\n        43880 Sant Salvador\n      <\/div>\n<div class=\"mapa-contacte\">\n        <a href=\"tel:977681579\/640692909\">977 68 15 79 \/ 640 69 29 09<\/a><br \/>\n        <a href=\"mailto:morpi@xtec.cat\" title=\"morpi@xtec.cat\">morpi@xtec.cat<\/a><br \/>\n       <a href=\"https:\/\/morpi4.wixsite.com\/la-cuina-de-la-marga\" title=\"Visita la web\" target=\"_blank\" rel=\"noopener\">Visita la web<\/a><\/p><\/div>\n<p>      <img decoding=\"async\" src=\"\/wp-content\/uploads\/turisme-familiar.png\" alt=\"\" title=\"\">\n  <\/div>\n<\/p><\/div>\n<\/div>\n\t\t<\/div>\n\t\t\n\t\t\n\t\t<div class=\"row \">\n\t\t\t<div class=\"col-md-4\">\n<div style=\"display:none\" class=\"wpv-addon-maps-marker js-wpv-addon-maps-marker js-wpv-addon-maps-marker-marker-37463-1 js-wpv-addon-maps-markerfor-recursos\" data-marker=\"marker-37463-1\" data-markertitle=\"La F\u00e0brica del pernil\" data-markerfor=\"recursos\" data-markerlat=\"41.220357\" data-markerlon=\"1.536591\" data-markericon=\"\/wp-content\/uploads\/marker-restaurants.png\" data-markericonhover=\"\" data-streetview=\"no\" data-fromview=\"\">\n<div class=\"mapa-tipus-allotjament-petit\">Restaurantes<\/div>\n<div class=\"titol-link-mapa-petit\"><a href=\"\/mapa\/#37463\">La F\u00e0brica del pernil<\/a><\/div>\n<div class=\"mapa-tipus-allotjament-petit\"><a href=\"\/mapa\/#37463\">+ info<\/a><\/div>\n<\/div>\n<div class=\"map-marker-general\"  id=\"37463\">\n<div class=\"imatge-mapa\"><img decoding=\"async\" width=\"510\" height=\"382\" src=\"https:\/\/elvendrellturisme.dms3labs.cat\/wp-content\/uploads\/disseny-sense-titol-3-510x382.jpg\" class=\"attachment-et-pb-portfolio-module-image size-et-pb-portfolio-module-image default-featured-img\" alt=\"\" srcset=\"https:\/\/elvendrellturisme.dms3labs.cat\/wp-content\/uploads\/disseny-sense-titol-3-510x382.jpg 510w, https:\/\/elvendrellturisme.dms3labs.cat\/wp-content\/uploads\/disseny-sense-titol-3-480x480.jpg 480w\" sizes=\"(min-width: 0px) and (max-width: 480px) 480px, (min-width: 481px) 510px, 100vw\" title=\"\"><\/div>\n<div class=\"map-marker-content\">\n<div class=\"mapa-tipus-allotjament\">Restaurantes<\/div>\n<h3 class=\"titol-link-mapa\"><a href=\"https:\/\/elvendrellturisme.dms3labs.cat\/es\/recursos-turisticos\/la-fabrica-del-pernil\/\">La F\u00e0brica del pernil<\/a><\/h3>\n<div class=\"mapa-adreca\">La Rambla, 14<br \/>\n        43700 El Vendrell\n      <\/div>\n<div class=\"mapa-contacte\">\n        <a href=\"tel:????????????????????????????????????\">???????????? ???????????? ????????????<\/a><br \/>\n         N\/A<br \/>\n       <a href=\"https:\/\/www.instagram.com\/lafabrica_gastrobar\/?hl=es\" title=\"Visita la web\" target=\"_blank\" rel=\"noopener\">Visita la web<\/a><\/p><\/div>\n<\/p><\/div>\n<\/p><\/div>\n<\/div>\n\t\t\n\t\t\n\t\t\t<div class=\"col-md-4\">\n<div style=\"display:none\" class=\"wpv-addon-maps-marker js-wpv-addon-maps-marker js-wpv-addon-maps-marker-marker-25972-1 js-wpv-addon-maps-markerfor-recursos\" data-marker=\"marker-25972-1\" data-markertitle=\"La Jijonenca de Coma-ruga\" data-markerfor=\"recursos\" data-markerlat=\"41.181297\" data-markerlon=\"1.526434\" data-markericon=\"\/wp-content\/uploads\/marker-restaurants.png\" data-markericonhover=\"\" data-streetview=\"no\" data-fromview=\"\">\n<div class=\"mapa-tipus-allotjament-petit\">Restaurantes<\/div>\n<div class=\"titol-link-mapa-petit\"><a href=\"\/mapa\/#25972\">La Jijonenca de Coma-ruga<\/a><\/div>\n<div class=\"mapa-tipus-allotjament-petit\"><a href=\"\/mapa\/#25972\">+ info<\/a><\/div>\n<\/div>\n<div class=\"map-marker-general\"  id=\"25972\">\n<div class=\"imatge-mapa\"><img decoding=\"async\" width=\"510\" height=\"382\" src=\"https:\/\/elvendrellturisme.dms3labs.cat\/wp-content\/uploads\/disseny-sense-titol14-510x382.jpg\" class=\"attachment-et-pb-portfolio-module-image size-et-pb-portfolio-module-image wp-post-image\" alt=\"\" srcset=\"https:\/\/elvendrellturisme.dms3labs.cat\/wp-content\/uploads\/disseny-sense-titol14-510x382.jpg 510w, https:\/\/elvendrellturisme.dms3labs.cat\/wp-content\/uploads\/disseny-sense-titol14-480x480.jpg 480w\" sizes=\"(min-width: 0px) and (max-width: 480px) 480px, (min-width: 481px) 510px, 100vw\" title=\"\"><\/div>\n<div class=\"map-marker-content\">\n<div class=\"mapa-tipus-allotjament\">Restaurantes<\/div>\n<h3 class=\"titol-link-mapa\"><a href=\"https:\/\/elvendrellturisme.dms3labs.cat\/es\/recursos-turisticos\/heladeria-la-jijonenca\/\">La Jijonenca de Coma-ruga<\/a><\/h3>\n<div class=\"mapa-adreca\">Passeig Mar\u00edtim, 20-22<br \/>\n        43880 Coma-ruga\n      <\/div>\n<div class=\"mapa-contacte\">\n        <a href=\"tel:977680526\">977 68 05 26<\/a><br \/>\n         N\/A<br \/>\n       <a href=\"https:\/\/www.instagram.com\/lajijodelpasseig\/?hl=es\" title=\"Visita la web\" target=\"_blank\" rel=\"noopener\">Visita la web<\/a><\/p><\/div>\n<\/p><\/div>\n<\/p><\/div>\n<\/div>\n\t\t\n\t\t\n\t\t\t<div class=\"col-md-4\">\n<div style=\"display:none\" class=\"wpv-addon-maps-marker js-wpv-addon-maps-marker js-wpv-addon-maps-marker-marker-29304-1 js-wpv-addon-maps-markerfor-recursos\" data-marker=\"marker-29304-1\" data-markertitle=\"La Jijonenca del Llac\" data-markerfor=\"recursos\" data-markerlat=\"41.181424\" data-markerlon=\"1.524508\" data-markericon=\"\/wp-content\/uploads\/marker-restaurants.png\" data-markericonhover=\"\" data-streetview=\"no\" data-fromview=\"\">\n<div class=\"mapa-tipus-allotjament-petit\">Restaurantes<\/div>\n<div class=\"titol-link-mapa-petit\"><a href=\"\/mapa\/#29304\">La Jijonenca del Llac<\/a><\/div>\n<div class=\"mapa-tipus-allotjament-petit\"><a href=\"\/mapa\/#29304\">+ info<\/a><\/div>\n<\/div>\n<div class=\"map-marker-general\"  id=\"29304\">\n<div class=\"imatge-mapa\"><img decoding=\"async\" width=\"510\" height=\"382\" src=\"https:\/\/elvendrellturisme.dms3labs.cat\/wp-content\/uploads\/la-jijo-del-llac-510x382.jpg\" class=\"attachment-et-pb-portfolio-module-image size-et-pb-portfolio-module-image wp-post-image\" alt=\"\" srcset=\"https:\/\/elvendrellturisme.dms3labs.cat\/wp-content\/uploads\/la-jijo-del-llac-510x382.jpg 510w, https:\/\/elvendrellturisme.dms3labs.cat\/wp-content\/uploads\/la-jijo-del-llac-480x477.jpg 480w\" sizes=\"(min-width: 0px) and (max-width: 480px) 480px, (min-width: 481px) 510px, 100vw\" title=\"\"><\/div>\n<div class=\"map-marker-content\">\n<div class=\"mapa-tipus-allotjament\">Restaurantes<\/div>\n<h3 class=\"titol-link-mapa\"><a href=\"https:\/\/elvendrellturisme.dms3labs.cat\/es\/recursos-turisticos\/la-jijonenca-del-llac\/\">La Jijonenca del Llac<\/a><\/h3>\n<div class=\"mapa-adreca\">Avinguda del Balneari, 2<br \/>\n        43880 Coma-ruga\n      <\/div>\n<div class=\"mapa-contacte\">\n        <a href=\"tel:654312007\">654 31 20 07<\/a><br \/>\n         N\/A<br \/>\n       <a href=\"https:\/\/www.instagram.com\/lajijodelllac\/?hl=es\" title=\"Visita la web\" target=\"_blank\" rel=\"noopener\">Visita la web<\/a><\/p><\/div>\n<\/p><\/div>\n<\/p><\/div>\n<\/div>\n\t\t<\/div>\n\t\t\n\t\t\n\t\t<div class=\"row \">\n\t\t\t<div class=\"col-md-4\">\n<div class=\"map-marker-general\"  id=\"25789\">\n<div class=\"imatge-mapa\"><img decoding=\"async\" width=\"510\" height=\"382\" src=\"https:\/\/elvendrellturisme.dms3labs.cat\/wp-content\/uploads\/disseny-sense-titol-3-510x382.jpg\" class=\"attachment-et-pb-portfolio-module-image size-et-pb-portfolio-module-image default-featured-img\" alt=\"\" srcset=\"https:\/\/elvendrellturisme.dms3labs.cat\/wp-content\/uploads\/disseny-sense-titol-3-510x382.jpg 510w, https:\/\/elvendrellturisme.dms3labs.cat\/wp-content\/uploads\/disseny-sense-titol-3-480x480.jpg 480w\" sizes=\"(min-width: 0px) and (max-width: 480px) 480px, (min-width: 481px) 510px, 100vw\" title=\"\"><\/div>\n<div class=\"map-marker-content\">\n<div class=\"mapa-tipus-allotjament\">Alojamentos<\/div>\n<h3 class=\"titol-link-mapa\"><a href=\"https:\/\/elvendrellturisme.dms3labs.cat\/es\/recursos-turisticos\/la-vaqueria\/\">La Vaqueria<\/a><\/h3>\n<div class=\"mapa-adreca\"><br \/>\n         \n      <\/div>\n<div class=\"mapa-contacte\">\n        <a href=\"tel:\"><\/a> N\/A<br \/>\n        <a href=\"mailto:info@casitasdelarcoiris.com\" title=\"info@casitasdelarcoiris.com\">info@casitasdelarcoiris.com<\/a><br \/>\n       <br \/>\n         N\/A\n      <\/div>\n<\/p><\/div>\n<\/p><\/div>\n<\/div>\n\t\t\n\t\t\n\t\t\t<div class=\"col-md-4\">\n<div style=\"display:none\" class=\"wpv-addon-maps-marker js-wpv-addon-maps-marker js-wpv-addon-maps-marker-marker-36738-1 js-wpv-addon-maps-markerfor-recursos\" data-marker=\"marker-36738-1\" data-markertitle=\"La Verema\" data-markerfor=\"recursos\" data-markerlat=\"41.181217\" data-markerlon=\"1.526816\" data-markericon=\"\/wp-content\/uploads\/marker-restaurants.png\" data-markericonhover=\"\" data-streetview=\"no\" data-fromview=\"\">\n<div class=\"mapa-tipus-allotjament-petit\">Restaurantes<\/div>\n<div class=\"titol-link-mapa-petit\"><a href=\"\/mapa\/#36738\">La Verema<\/a><\/div>\n<div class=\"mapa-tipus-allotjament-petit\"><a href=\"\/mapa\/#36738\">+ info<\/a><\/div>\n<\/div>\n<div class=\"map-marker-general\"  id=\"36738\">\n<div class=\"imatge-mapa\"><img decoding=\"async\" width=\"510\" height=\"382\" src=\"https:\/\/elvendrellturisme.dms3labs.cat\/wp-content\/uploads\/105978867-2817829055117080-8558857611971545200-n-510x382.jpg\" class=\"attachment-et-pb-portfolio-module-image size-et-pb-portfolio-module-image wp-post-image\" alt=\"\" title=\"\"><\/div>\n<div class=\"map-marker-content\">\n<div class=\"mapa-tipus-allotjament\">Restaurantes<\/div>\n<h3 class=\"titol-link-mapa\"><a href=\"https:\/\/elvendrellturisme.dms3labs.cat\/es\/recursos-turisticos\/la-verema\/\">La Verema<\/a><\/h3>\n<div class=\"mapa-adreca\">Passeig Mar\u00edtim de Coma-ruga, 17<br \/>\n        43880 Coma-ruga\n      <\/div>\n<div class=\"mapa-contacte\">\n        <a href=\"tel:977680004\/661217544\">977 680 004 \/ 661 217 544<\/a><br \/>\n         N\/A<br \/>\n       <a href=\"https:\/\/www.facebook.com\/laveremarest\/?ref=page_internal\" title=\"Visita la web\" target=\"_blank\" rel=\"noopener\">Visita la web<\/a><\/p><\/div>\n<\/p><\/div>\n<\/p><\/div>\n<\/div>\n\t\t\n\t\t\n\t\t\t<div class=\"col-md-4\">\n<div style=\"display:none\" class=\"wpv-addon-maps-marker js-wpv-addon-maps-marker js-wpv-addon-maps-marker-marker-25753-1 js-wpv-addon-maps-markerfor-recursos\" data-marker=\"marker-25753-1\" data-markertitle=\"Le Meridien Ra Beach Hotel &#038; Spa\" data-markerfor=\"recursos\" data-markerlat=\"41.186466\" data-markerlon=\"1.562943\" data-markericon=\"\/wp-content\/uploads\/marker-allotjaments.png\" data-markericonhover=\"\" data-streetview=\"no\" data-fromview=\"\">\n<div class=\"mapa-tipus-allotjament-petit\">Alojamentos<\/div>\n<div class=\"titol-link-mapa-petit\"><a href=\"\/mapa\/#25753\">Le Meridien Ra Beach Hotel &#038; Spa<\/a><\/div>\n<div class=\"mapa-tipus-allotjament-petit\"><a href=\"\/mapa\/#25753\">+ info<\/a><\/div>\n<\/div>\n<div class=\"map-marker-general\"  id=\"25753\">\n<div class=\"imatge-mapa\"><img decoding=\"async\" width=\"510\" height=\"382\" src=\"https:\/\/elvendrellturisme.dms3labs.cat\/wp-content\/uploads\/2021\/02\/Hotel-Le-Meridien-Ra-510x382.jpg\" class=\"attachment-et-pb-portfolio-module-image size-et-pb-portfolio-module-image wp-post-image\" alt=\"\" title=\"\"><\/div>\n<div class=\"map-marker-content\">\n<div class=\"mapa-tipus-allotjament\">Alojamentos<\/div>\n<h3 class=\"titol-link-mapa\"><a href=\"https:\/\/elvendrellturisme.dms3labs.cat\/es\/recursos-turisticos\/le-meridien-ra-beach-hotel-spa-ht-000781\/\">Le Meridien Ra Beach Hotel &#038; Spa<\/a><\/h3>\n<div class=\"mapa-adreca\">Avinguda del Sanatori, 1<br \/>\n        43880 Sant Salvador\n      <\/div>\n<div class=\"mapa-contacte\">\n        <a href=\"tel:977694200\">977 694 200<\/a><br \/>\n        <a href=\"mailto:ra@lemeridien.com\" title=\"ra@lemeridien.com\">ra@lemeridien.com<\/a><br \/>\n       <a href=\"https:\/\/www.lemeridienra.cat\/\" title=\"Visita la web\" target=\"_blank\" rel=\"noopener\">Visita la web<\/a><\/p><\/div>\n<\/p><\/div>\n<\/p><\/div>\n<\/div>\n\t\t<\/div>\n\t\t\n\t\t\n\t\t<div class=\"row \">\n\t\t\t<div class=\"col-md-4\">\n<div style=\"display:none\" class=\"wpv-addon-maps-marker js-wpv-addon-maps-marker js-wpv-addon-maps-marker-marker-25783-1 js-wpv-addon-maps-markerfor-recursos\" data-marker=\"marker-25783-1\" data-markertitle=\"Masia Puig-Adoll\" data-markerfor=\"recursos\" data-markerlat=\"41.334855\" data-markerlon=\"1.431256\" data-markericon=\"\/wp-content\/uploads\/marker-allotjaments.png\" data-markericonhover=\"\" data-streetview=\"no\" data-fromview=\"\">\n<div class=\"mapa-tipus-allotjament-petit\">Alojamentos<\/div>\n<div class=\"titol-link-mapa-petit\"><a href=\"\/mapa\/#25783\">Masia Puig-Adoll<\/a><\/div>\n<div class=\"mapa-tipus-allotjament-petit\"><a href=\"\/mapa\/#25783\">+ info<\/a><\/div>\n<\/div>\n<div class=\"map-marker-general\"  id=\"25783\">\n<div class=\"imatge-mapa\"><img decoding=\"async\" width=\"510\" height=\"382\" src=\"https:\/\/elvendrellturisme.dms3labs.cat\/wp-content\/uploads\/disseny-sense-titol5-510x382.jpg\" class=\"attachment-et-pb-portfolio-module-image size-et-pb-portfolio-module-image wp-post-image\" alt=\"\" srcset=\"https:\/\/elvendrellturisme.dms3labs.cat\/wp-content\/uploads\/disseny-sense-titol5-510x382.jpg 510w, https:\/\/elvendrellturisme.dms3labs.cat\/wp-content\/uploads\/disseny-sense-titol5-480x480.jpg 480w\" sizes=\"(min-width: 0px) and (max-width: 480px) 480px, (min-width: 481px) 510px, 100vw\" title=\"\"><\/div>\n<div class=\"map-marker-content\">\n<div class=\"mapa-tipus-allotjament\">Alojamentos<\/div>\n<h3 class=\"titol-link-mapa\"><a href=\"https:\/\/elvendrellturisme.dms3labs.cat\/es\/recursos-turisticos\/masia-puig-adoll\/\">Masia Puig-Adoll<\/a><\/h3>\n<div class=\"mapa-adreca\">Crta. d'Aigua Viva TV 2443 Km. 9, a 15 min sortida 11<br \/>\n        43812 Vila-rodona\n      <\/div>\n<div class=\"mapa-contacte\">\n        <a href=\"tel:639331924\">639331924<\/a><br \/>\n        <a href=\"mailto:info@masiapuigadoll.com\" title=\"info@masiapuigadoll.com\">info@masiapuigadoll.com<\/a><br \/>\n       <a href=\"https:\/\/masiapuigadoll.com\" title=\"Visita la web\" target=\"_blank\" rel=\"noopener\">Visita la web<\/a><\/p><\/div>\n<\/p><\/div>\n<\/p><\/div>\n<\/div>\n\t\t\n\t\t\n\t\t\t<div class=\"col-md-4\">\n<div style=\"display:none\" class=\"wpv-addon-maps-marker js-wpv-addon-maps-marker js-wpv-addon-maps-marker-marker-28680-1 js-wpv-addon-maps-markerfor-recursos\" data-marker=\"marker-28680-1\" data-markertitle=\"M\u00f3n La Bassa\" data-markerfor=\"recursos\" data-markerlat=\"41.199916\" data-markerlon=\"1.53913\" data-markericon=\"\/wp-content\/uploads\/marker-turisme-oci.png\" data-markericonhover=\"\" data-streetview=\"no\" data-fromview=\"\">\n<div class=\"mapa-tipus-allotjament-petit\">Turismo y ocio<\/div>\n<div class=\"titol-link-mapa-petit\"><a href=\"\/mapa\/#28680\">M\u00f3n La Bassa<\/a><\/div>\n<div class=\"mapa-tipus-allotjament-petit\"><a href=\"\/mapa\/#28680\">+ info<\/a><\/div>\n<\/div>\n<div class=\"map-marker-general\"  id=\"28680\">\n<div class=\"imatge-mapa\"><img decoding=\"async\" width=\"510\" height=\"382\" src=\"https:\/\/elvendrellturisme.dms3labs.cat\/wp-content\/uploads\/201579059-358569682432275-5376832409474834339-n-510x382.jpg\" class=\"attachment-et-pb-portfolio-module-image size-et-pb-portfolio-module-image wp-post-image\" alt=\"\" srcset=\"https:\/\/elvendrellturisme.dms3labs.cat\/wp-content\/uploads\/201579059-358569682432275-5376832409474834339-n-510x382.jpg 510w, https:\/\/elvendrellturisme.dms3labs.cat\/wp-content\/uploads\/201579059-358569682432275-5376832409474834339-n-480x360.jpg 480w\" sizes=\"(min-width: 0px) and (max-width: 480px) 480px, (min-width: 481px) 510px, 100vw\" title=\"\"><\/div>\n<div class=\"map-marker-content\">\n<div class=\"mapa-tipus-allotjament\">Turismo y ocio<\/div>\n<h3 class=\"titol-link-mapa\"><a href=\"https:\/\/elvendrellturisme.dms3labs.cat\/es\/recursos-turisticos\/mon-la-bassa\/\">M\u00f3n La Bassa<\/a><\/h3>\n<div class=\"mapa-adreca\">Cam\u00ed Vell de Sant Salvador<br \/>\n        43700 El Vendrell\n      <\/div>\n<div class=\"mapa-contacte\">\n        <a href=\"tel:\"><\/a> N\/A<br \/>\n         N\/A<br \/>\n       <a href=\"https:\/\/monlabassa.org\/es\/\" title=\"Visita la web\" target=\"_blank\" rel=\"noopener\">Visita la web<\/a><\/p><\/div>\n<p>      <img decoding=\"async\" src=\"\/wp-content\/uploads\/turisme-familiar.png\" alt=\"\" title=\"\">\n  <\/div>\n<\/p><\/div>\n<\/div>\n\t\t\n\t\t\n\t\t\t<div class=\"col-md-4\">\n<div style=\"display:none\" class=\"wpv-addon-maps-marker js-wpv-addon-maps-marker js-wpv-addon-maps-marker-marker-37495-1 js-wpv-addon-maps-markerfor-recursos\" data-marker=\"marker-37495-1\" data-markertitle=\"Monet&#8217;s brunch\" data-markerfor=\"recursos\" data-markerlat=\"41.220588\" data-markerlon=\"1.535393\" data-markericon=\"\/wp-content\/uploads\/marker-restaurants.png\" data-markericonhover=\"\" data-streetview=\"no\" data-fromview=\"\">\n<div class=\"mapa-tipus-allotjament-petit\">Restaurantes<\/div>\n<div class=\"titol-link-mapa-petit\"><a href=\"\/mapa\/#37495\">Monet&#8217;s brunch<\/a><\/div>\n<div class=\"mapa-tipus-allotjament-petit\"><a href=\"\/mapa\/#37495\">+ info<\/a><\/div>\n<\/div>\n<div class=\"map-marker-general\"  id=\"37495\">\n<div class=\"imatge-mapa\"><img decoding=\"async\" width=\"510\" height=\"382\" src=\"https:\/\/elvendrellturisme.dms3labs.cat\/wp-content\/uploads\/disseny-sense-titol30-510x382.jpg\" class=\"attachment-et-pb-portfolio-module-image size-et-pb-portfolio-module-image wp-post-image\" alt=\"\" srcset=\"https:\/\/elvendrellturisme.dms3labs.cat\/wp-content\/uploads\/disseny-sense-titol30-510x382.jpg 510w, https:\/\/elvendrellturisme.dms3labs.cat\/wp-content\/uploads\/disseny-sense-titol30-480x480.jpg 480w\" sizes=\"(min-width: 0px) and (max-width: 480px) 480px, (min-width: 481px) 510px, 100vw\" title=\"\"><\/div>\n<div class=\"map-marker-content\">\n<div class=\"mapa-tipus-allotjament\">Restaurantes<\/div>\n<h3 class=\"titol-link-mapa\"><a href=\"https:\/\/elvendrellturisme.dms3labs.cat\/es\/recursos-turisticos\/monets-brunch\/\">Monet&#8217;s brunch<\/a><\/h3>\n<div class=\"mapa-adreca\">Carrer de Jaume I, 9<br \/>\n        43700 El Vendrell\n      <\/div>\n<div class=\"mapa-contacte\">\n        <a href=\"tel:665407147\">665 407 147<\/a><br \/>\n         N\/A<br \/>\n       <a href=\"https:\/\/www.instagram.com\/monetsbrunch\/\" title=\"Visita la web\" target=\"_blank\" rel=\"noopener\">Visita la web<\/a><\/p><\/div>\n<\/p><\/div>\n<\/p><\/div>\n<\/div>\n\t\t<\/div>\n\t\t\n\t\t\n\t\t<div class=\"row \">\n\t\t\t<div class=\"col-md-4\">\n<div style=\"display:none\" class=\"wpv-addon-maps-marker js-wpv-addon-maps-marker js-wpv-addon-maps-marker-marker-25921-1 js-wpv-addon-maps-markerfor-recursos\" data-marker=\"marker-25921-1\" data-markertitle=\"Museo Apel\u00b7les Fenosa\" data-markerfor=\"recursos\" data-markerlat=\"41.219951\" data-markerlon=\"1.53405\" data-markericon=\"\/wp-content\/uploads\/marker-museus.png\" data-markericonhover=\"\" data-streetview=\"no\" data-fromview=\"\">\n<div class=\"mapa-tipus-allotjament-petit\">Museos<\/div>\n<div class=\"titol-link-mapa-petit\"><a href=\"\/mapa\/#25921\">Museo Apel\u00b7les Fenosa<\/a><\/div>\n<div class=\"mapa-tipus-allotjament-petit\"><a href=\"\/mapa\/#25921\">+ info<\/a><\/div>\n<\/div>\n<div class=\"map-marker-general\"  id=\"25921\">\n<div class=\"imatge-mapa\"><img decoding=\"async\" width=\"510\" height=\"382\" src=\"https:\/\/elvendrellturisme.dms3labs.cat\/wp-content\/uploads\/IMG_3201-510x382.jpg\" class=\"attachment-et-pb-portfolio-module-image size-et-pb-portfolio-module-image wp-post-image\" alt=\"\" title=\"\"><\/div>\n<div class=\"map-marker-content\">\n<div class=\"mapa-tipus-allotjament\">Museos<\/div>\n<h3 class=\"titol-link-mapa\"><a href=\"https:\/\/elvendrellturisme.dms3labs.cat\/es\/recursos-turisticos\/fundacion-apel%c2%b7les-fenosa\/\">Museo Apel\u00b7les Fenosa<\/a><\/h3>\n<div class=\"mapa-adreca\">Carrer Major, 25<br \/>\n        43700 El Vendrell\n      <\/div>\n<div class=\"mapa-contacte\">\n        <a href=\"tel:+34977154192\">+34 977 15 41 92<\/a><br \/>\n        <a href=\"mailto:mail@fundaciofenosa.org\" title=\"mail@fundaciofenosa.org\">mail@fundaciofenosa.org<\/a><br \/>\n       <a href=\"https:\/\/www.fundaciofenosa.org\/\" title=\"Visita la web\" target=\"_blank\" rel=\"noopener\">Visita la web<\/a><\/p><\/div>\n<\/p><\/div>\n<\/p><\/div>\n<\/div>\n\t\t\n\t\t\n\t\t\t<div class=\"col-md-4\">\n<div style=\"display:none\" class=\"wpv-addon-maps-marker js-wpv-addon-maps-marker js-wpv-addon-maps-marker-marker-25916-1 js-wpv-addon-maps-markerfor-recursos\" data-marker=\"marker-25916-1\" data-markertitle=\"Museo de Pau Casals\" data-markerfor=\"recursos\" data-markerlat=\"41.183533\" data-markerlon=\"1.541298\" data-markericon=\"\/wp-content\/uploads\/marker-museus.png\" data-markericonhover=\"\" data-streetview=\"no\" data-fromview=\"\">\n<div class=\"mapa-tipus-allotjament-petit\">Museos<\/div>\n<div class=\"titol-link-mapa-petit\"><a href=\"\/mapa\/#25916\">Museo de Pau Casals<\/a><\/div>\n<div class=\"mapa-tipus-allotjament-petit\"><a href=\"\/mapa\/#25916\">+ info<\/a><\/div>\n<\/div>\n<div class=\"map-marker-general\"  id=\"25916\">\n<div class=\"imatge-mapa\"><img decoding=\"async\" width=\"510\" height=\"382\" src=\"https:\/\/elvendrellturisme.dms3labs.cat\/wp-content\/uploads\/carles-fortuny-1-510x382.jpg\" class=\"attachment-et-pb-portfolio-module-image size-et-pb-portfolio-module-image wp-post-image\" alt=\"\" title=\"\"><\/div>\n<div class=\"map-marker-content\">\n<div class=\"mapa-tipus-allotjament\">Museos<\/div>\n<h3 class=\"titol-link-mapa\"><a href=\"https:\/\/elvendrellturisme.dms3labs.cat\/es\/recursos-turisticos\/museo-de-pau-casals\/\">Museo de Pau Casals<\/a><\/h3>\n<div class=\"mapa-adreca\">Avinguda Palfuriana, 67<br \/>\n        43880 Sant Salvador\n      <\/div>\n<div class=\"mapa-contacte\">\n        <a href=\"tel:977684276\">977 68 42 76<\/a><br \/>\n        <a href=\"mailto:museu@paucasals.org\" title=\"museu@paucasals.org\">museu@paucasals.org<\/a><br \/>\n       <a href=\"https:\/\/www.paucasals.org\/visita\/\" title=\"Visita la web\" target=\"_blank\" rel=\"noopener\">Visita la web<\/a><\/p><\/div>\n<p>      <img decoding=\"async\" src=\"\/wp-content\/uploads\/turisme-familiar.png\" alt=\"\" title=\"\">\n  <\/div>\n<\/p><\/div>\n<\/div>\n\t\t\n\t\t\n\t\t\t<div class=\"col-md-4\">\n<div style=\"display:none\" class=\"wpv-addon-maps-marker js-wpv-addon-maps-marker js-wpv-addon-maps-marker-marker-25917-1 js-wpv-addon-maps-markerfor-recursos\" data-marker=\"marker-25917-1\" data-markertitle=\"Museu Deu\" data-markerfor=\"recursos\" data-markerlat=\"41.221539\" data-markerlon=\"1.534339\" data-markericon=\"\/wp-content\/uploads\/marker-museus.png\" data-markericonhover=\"\" data-streetview=\"no\" data-fromview=\"\">\n<div class=\"mapa-tipus-allotjament-petit\">Museos<\/div>\n<div class=\"titol-link-mapa-petit\"><a href=\"\/mapa\/#25917\">Museu Deu<\/a><\/div>\n<div class=\"mapa-tipus-allotjament-petit\"><a href=\"\/mapa\/#25917\">+ info<\/a><\/div>\n<\/div>\n<div class=\"map-marker-general\"  id=\"25917\">\n<div class=\"imatge-mapa\"><img decoding=\"async\" width=\"510\" height=\"382\" src=\"https:\/\/elvendrellturisme.dms3labs.cat\/wp-content\/uploads\/IMG_1935-510x382.jpg\" class=\"attachment-et-pb-portfolio-module-image size-et-pb-portfolio-module-image wp-post-image\" alt=\"\" title=\"\"><\/div>\n<div class=\"map-marker-content\">\n<div class=\"mapa-tipus-allotjament\">Museos<\/div>\n<h3 class=\"titol-link-mapa\"><a href=\"https:\/\/elvendrellturisme.dms3labs.cat\/es\/recursos-turisticos\/museu-deu\/\">Museu Deu<\/a><\/h3>\n<div class=\"mapa-adreca\">Pla\u00e7a Nova, 6<br \/>\n        43700 El Vendrell\n      <\/div>\n<div class=\"mapa-contacte\">\n        <a href=\"tel:+34977666308\">+34 977 66 63 08<\/a><br \/>\n        <a href=\"mailto:museudeu@elvendrell.net\" title=\"museudeu@elvendrell.net\">museudeu@elvendrell.net<\/a><br \/>\n       <a href=\"https:\/\/museus.elvendrell.net\/museu-deu\/\" title=\"Visita la web\" target=\"_blank\" rel=\"noopener\">Visita la web<\/a><\/p><\/div>\n<p>      <img decoding=\"async\" src=\"\/wp-content\/uploads\/turisme-familiar.png\" alt=\"\" title=\"\">\n  <\/div>\n<\/p><\/div>\n<\/div>\n\t\t<\/div>\n\t\t\n\t\t\n\t\t<div class=\"row \">\n\t\t\t<div class=\"col-md-4\">\n<div style=\"display:none\" class=\"wpv-addon-maps-marker js-wpv-addon-maps-marker js-wpv-addon-maps-marker-marker-37157-1 js-wpv-addon-maps-markerfor-recursos\" data-marker=\"marker-37157-1\" data-markertitle=\"New Niger\" data-markerfor=\"recursos\" data-markerlat=\"41.183171\" data-markerlon=\"1.522438\" data-markericon=\"\/wp-content\/uploads\/marker-restaurants.png\" data-markericonhover=\"\" data-streetview=\"no\" data-fromview=\"\">\n<div class=\"mapa-tipus-allotjament-petit\">Restaurantes<\/div>\n<div class=\"titol-link-mapa-petit\"><a href=\"\/mapa\/#37157\">New Niger<\/a><\/div>\n<div class=\"mapa-tipus-allotjament-petit\"><a href=\"\/mapa\/#37157\">+ info<\/a><\/div>\n<\/div>\n<div class=\"map-marker-general\"  id=\"37157\">\n<div class=\"imatge-mapa\"><img decoding=\"async\" width=\"510\" height=\"382\" src=\"https:\/\/elvendrellturisme.dms3labs.cat\/wp-content\/uploads\/disseny-sense-titol16-3-510x382.jpg\" class=\"attachment-et-pb-portfolio-module-image size-et-pb-portfolio-module-image wp-post-image\" alt=\"\" srcset=\"https:\/\/elvendrellturisme.dms3labs.cat\/wp-content\/uploads\/disseny-sense-titol16-3-510x382.jpg 510w, https:\/\/elvendrellturisme.dms3labs.cat\/wp-content\/uploads\/disseny-sense-titol16-3-480x480.jpg 480w\" sizes=\"(min-width: 0px) and (max-width: 480px) 480px, (min-width: 481px) 510px, 100vw\" title=\"\"><\/div>\n<div class=\"map-marker-content\">\n<div class=\"mapa-tipus-allotjament\">Restaurantes<\/div>\n<h3 class=\"titol-link-mapa\"><a href=\"https:\/\/elvendrellturisme.dms3labs.cat\/es\/recursos-turisticos\/new-niger\/\">New Niger<\/a><\/h3>\n<div class=\"mapa-adreca\">Carrer dels Arcs, 19<br \/>\n        43880 Coma-ruga\n      <\/div>\n<div class=\"mapa-contacte\">\n        <a href=\"tel:631660135\">631 660 135<\/a><br \/>\n         N\/A<br \/>\n       <br \/>\n         N\/A\n      <\/div>\n<\/p><\/div>\n<\/p><\/div>\n<\/div>\n\t\t\n\t\t\n\t\t\t<div class=\"col-md-4\">\n<div class=\"map-marker-general\"  id=\"25755\">\n<div class=\"imatge-mapa\"><img decoding=\"async\" width=\"510\" height=\"382\" src=\"https:\/\/elvendrellturisme.dms3labs.cat\/wp-content\/uploads\/disseny-sense-titol-3-510x382.jpg\" class=\"attachment-et-pb-portfolio-module-image size-et-pb-portfolio-module-image default-featured-img\" alt=\"\" srcset=\"https:\/\/elvendrellturisme.dms3labs.cat\/wp-content\/uploads\/disseny-sense-titol-3-510x382.jpg 510w, https:\/\/elvendrellturisme.dms3labs.cat\/wp-content\/uploads\/disseny-sense-titol-3-480x480.jpg 480w\" sizes=\"(min-width: 0px) and (max-width: 480px) 480px, (min-width: 481px) 510px, 100vw\" title=\"\"><\/div>\n<div class=\"map-marker-content\">\n<div class=\"mapa-tipus-allotjament\">Alojamentos<\/div>\n<h3 class=\"titol-link-mapa\"><a href=\"https:\/\/elvendrellturisme.dms3labs.cat\/es\/recursos-turisticos\/nuba-coma-ruga-ht-000841\/\">Nuba Coma-ruga &#8211; HT-000841<\/a><\/h3>\n<div class=\"mapa-adreca\">Av. Brisamar, 44-50<br \/>\n         43880 Coma-ruga (EL VENDRELL)\n      <\/div>\n<div class=\"mapa-contacte\">\n        <a href=\"tel:977684800\">977 684 800<\/a><br \/>\n        <a href=\"mailto:reservas.comarruga@nubahotel.com\" title=\"reservas.comarruga@nubahotel.com\">reservas.comarruga@nubahotel.com<\/a><br \/>\n       <a href=\"https:\/\/www.nubahotelcomarruga.com\" title=\"Visita la web\" target=\"_blank\" rel=\"noopener\">Visita la web<\/a><\/p><\/div>\n<\/p><\/div>\n<\/p><\/div>\n<\/div>\n\t\t\n\t\t\n\t\t\t<div class=\"col-md-4\">\n<div style=\"display:none\" class=\"wpv-addon-maps-marker js-wpv-addon-maps-marker js-wpv-addon-maps-marker-marker-28815-1 js-wpv-addon-maps-markerfor-recursos\" data-marker=\"marker-28815-1\" data-markertitle=\"Oficina de Turismo del Tabaris\" data-markerfor=\"recursos\" data-markerlat=\"41.181512\" data-markerlon=\"1.523956\" data-markericon=\"\/wp-content\/uploads\/marker-serveis-municipals.png\" data-markericonhover=\"\" data-streetview=\"no\" data-fromview=\"\">\n<div class=\"mapa-tipus-allotjament-petit\">Servicios municipales<\/div>\n<div class=\"titol-link-mapa-petit\"><a href=\"\/mapa\/#28815\">Oficina de Turismo del Tabaris<\/a><\/div>\n<div class=\"mapa-tipus-allotjament-petit\"><a href=\"\/mapa\/#28815\">+ info<\/a><\/div>\n<\/div>\n<div class=\"map-marker-general\"  id=\"28815\">\n<div class=\"imatge-mapa\"><img decoding=\"async\" width=\"510\" height=\"382\" src=\"https:\/\/elvendrellturisme.dms3labs.cat\/wp-content\/uploads\/disseny-sense-titol-3-510x382.jpg\" class=\"attachment-et-pb-portfolio-module-image size-et-pb-portfolio-module-image default-featured-img\" alt=\"\" srcset=\"https:\/\/elvendrellturisme.dms3labs.cat\/wp-content\/uploads\/disseny-sense-titol-3-510x382.jpg 510w, https:\/\/elvendrellturisme.dms3labs.cat\/wp-content\/uploads\/disseny-sense-titol-3-480x480.jpg 480w\" sizes=\"(min-width: 0px) and (max-width: 480px) 480px, (min-width: 481px) 510px, 100vw\" title=\"\"><\/div>\n<div class=\"map-marker-content\">\n<div class=\"mapa-tipus-allotjament\">Servicios municipales<\/div>\n<h3 class=\"titol-link-mapa\"><a href=\"https:\/\/elvendrellturisme.dms3labs.cat\/es\/recursos-turisticos\/oficina-de-turismo-del-vendrell\/\">Oficina de Turismo del Tabaris<\/a><\/h3>\n<div class=\"mapa-adreca\">Av. Balneari, 3,<br \/>\n        43880 Coma-ruga\n      <\/div>\n<div class=\"mapa-contacte\">\n        <a href=\"tel:618571478\">618 571 478<\/a><br \/>\n        <a href=\"mailto:informacio@elvendrellturisme.dms3labs.cat\" title=\"informacio@elvendrellturisme.dms3labs.cat\">informacio@elvendrellturisme.dms3labs.cat<\/a><br \/>\n       <a href=\"https:\/\/elvendrellturisme.dms3labs.cat\/\" title=\"Visita la web\">Visita la web<\/a><\/p><\/div>\n<p>      <img decoding=\"async\" src=\"\/wp-content\/uploads\/turisme-familiar.png\" alt=\"\" title=\"\">\n  <\/div>\n<\/p><\/div>\n<\/div>\n\t\t<\/div>\n\t\t\n\t\t\n\t\t<div class=\"row \">\n\t\t\t<div class=\"col-md-4\">\n<div style=\"display:none\" class=\"wpv-addon-maps-marker js-wpv-addon-maps-marker js-wpv-addon-maps-marker-marker-25763-1 js-wpv-addon-maps-markerfor-recursos\" data-marker=\"marker-25763-1\" data-markertitle=\"Pensi\u00f3 Rovior\" data-markerfor=\"recursos\" data-markerlat=\"41.187708\" data-markerlon=\"1.566605\" data-markericon=\"\/wp-content\/uploads\/marker-allotjaments.png\" data-markericonhover=\"\" data-streetview=\"no\" data-fromview=\"\">\n<div class=\"mapa-tipus-allotjament-petit\">Alojamentos<\/div>\n<div class=\"titol-link-mapa-petit\"><a href=\"\/mapa\/#25763\">Pensi\u00f3 Rovior<\/a><\/div>\n<div class=\"mapa-tipus-allotjament-petit\"><a href=\"\/mapa\/#25763\">+ info<\/a><\/div>\n<\/div>\n<div class=\"map-marker-general\"  id=\"25763\">\n<div class=\"imatge-mapa\"><img decoding=\"async\" width=\"510\" height=\"382\" src=\"https:\/\/elvendrellturisme.dms3labs.cat\/wp-content\/uploads\/2021\/02\/Pensio-Rovior-510x382.jpg\" class=\"attachment-et-pb-portfolio-module-image size-et-pb-portfolio-module-image wp-post-image\" alt=\"\" srcset=\"https:\/\/elvendrellturisme.dms3labs.cat\/wp-content\/uploads\/2021\/02\/Pensio-Rovior-510x382.jpg 510w, https:\/\/elvendrellturisme.dms3labs.cat\/wp-content\/uploads\/2021\/02\/Pensio-Rovior-300x225.jpg 300w, https:\/\/elvendrellturisme.dms3labs.cat\/wp-content\/uploads\/2021\/02\/Pensio-Rovior-1024x768.jpg 1024w, https:\/\/elvendrellturisme.dms3labs.cat\/wp-content\/uploads\/2021\/02\/Pensio-Rovior-768x576.jpg 768w, https:\/\/elvendrellturisme.dms3labs.cat\/wp-content\/uploads\/2021\/02\/Pensio-Rovior-1536x1152.jpg 1536w, https:\/\/elvendrellturisme.dms3labs.cat\/wp-content\/uploads\/2021\/02\/Pensio-Rovior-2048x1536.jpg 2048w, https:\/\/elvendrellturisme.dms3labs.cat\/wp-content\/uploads\/2021\/02\/Pensio-Rovior-1080x810.jpg 1080w, https:\/\/elvendrellturisme.dms3labs.cat\/wp-content\/uploads\/2021\/02\/Pensio-Rovior-1280x960.jpg 1280w, https:\/\/elvendrellturisme.dms3labs.cat\/wp-content\/uploads\/2021\/02\/Pensio-Rovior-980x735.jpg 980w, https:\/\/elvendrellturisme.dms3labs.cat\/wp-content\/uploads\/2021\/02\/Pensio-Rovior-480x360.jpg 480w\" sizes=\"(max-width: 510px) 100vw, 510px\" title=\"\"><\/div>\n<div class=\"map-marker-content\">\n<div class=\"mapa-tipus-allotjament\">Alojamentos<\/div>\n<h3 class=\"titol-link-mapa\"><a href=\"https:\/\/elvendrellturisme.dms3labs.cat\/es\/recursos-turisticos\/pensio-rovior-ht-000752\/\">Pensi\u00f3 Rovior<\/a><\/h3>\n<div class=\"mapa-adreca\">Carrerada d'en Ralet, 9-11<br \/>\n        43880 Sant Salvador\n      <\/div>\n<div class=\"mapa-contacte\">\n        <a href=\"tel:977693853\">977 693 853<\/a><br \/>\n        <a href=\"mailto:info@pensionrovior.com\" title=\"info@pensionrovior.com\">info@pensionrovior.com<\/a><br \/>\n       <a href=\"https:\/\/pensionrovior.com\/\" title=\"Visita la web\" target=\"_blank\" rel=\"noopener\">Visita la web<\/a><\/p><\/div>\n<p>      <img decoding=\"async\" src=\"\/wp-content\/uploads\/turisme-familiar.png\" alt=\"\" title=\"\">\n  <\/div>\n<\/p><\/div>\n<\/div>\n\t\t\n\t\t\n\t\t\t<div class=\"col-md-4\">\n<div style=\"display:none\" class=\"wpv-addon-maps-marker js-wpv-addon-maps-marker js-wpv-addon-maps-marker-marker-28713-1 js-wpv-addon-maps-markerfor-recursos\" data-marker=\"marker-28713-1\" data-markertitle=\"Pitch &#038; Putt El Vendrell\" data-markerfor=\"recursos\" data-markerlat=\"41.206337\" data-markerlon=\"1.549048\" data-markericon=\"\/wp-content\/uploads\/marker-turisme-oci.png\" data-markericonhover=\"\" data-streetview=\"no\" data-fromview=\"\">\n<div class=\"mapa-tipus-allotjament-petit\">Turismo y ocio<\/div>\n<div class=\"titol-link-mapa-petit\"><a href=\"\/mapa\/#28713\">Pitch &#038; Putt El Vendrell<\/a><\/div>\n<div class=\"mapa-tipus-allotjament-petit\"><a href=\"\/mapa\/#28713\">+ info<\/a><\/div>\n<\/div>\n<div class=\"map-marker-general\"  id=\"28713\">\n<div class=\"imatge-mapa\"><img decoding=\"async\" width=\"510\" height=\"382\" src=\"https:\/\/elvendrellturisme.dms3labs.cat\/wp-content\/uploads\/disseny-sense-titol12-1-510x382.jpg\" class=\"attachment-et-pb-portfolio-module-image size-et-pb-portfolio-module-image wp-post-image\" alt=\"\" srcset=\"https:\/\/elvendrellturisme.dms3labs.cat\/wp-content\/uploads\/disseny-sense-titol12-1-510x382.jpg 510w, https:\/\/elvendrellturisme.dms3labs.cat\/wp-content\/uploads\/disseny-sense-titol12-1-480x480.jpg 480w\" sizes=\"(min-width: 0px) and (max-width: 480px) 480px, (min-width: 481px) 510px, 100vw\" title=\"\"><\/div>\n<div class=\"map-marker-content\">\n<div class=\"mapa-tipus-allotjament\">Turismo y ocio<\/div>\n<h3 class=\"titol-link-mapa\"><a href=\"https:\/\/elvendrellturisme.dms3labs.cat\/es\/recursos-turisticos\/pitch-putt-el-vendrell\/\">Pitch &#038; Putt El Vendrell<\/a><\/h3>\n<div class=\"mapa-adreca\">Carrer Schubert, urb. Vendrell Mar, s\/n<br \/>\n        43700 El Vendrell\n      <\/div>\n<div class=\"mapa-contacte\">\n        <a href=\"tel:977668031\/663812586\">977 668 031 \/ 663 812 586<\/a><br \/>\n        <a href=\"mailto:info@pitchandputtvendrell.es\" title=\"info@pitchandputtvendrell.es\">info@pitchandputtvendrell.es<\/a><br \/>\n       <a href=\"https:\/\/pitchandputtvendrell.com\/\" title=\"Visita la web\" target=\"_blank\" rel=\"noopener\">Visita la web<\/a><\/p><\/div>\n<p>      <img decoding=\"async\" src=\"\/wp-content\/uploads\/turisme-familiar.png\" alt=\"\" title=\"\">\n  <\/div>\n<\/p><\/div>\n<\/div>\n\t\t\n\t\t\n\t\t\t<div class=\"col-md-4\">\n<div style=\"display:none\" class=\"wpv-addon-maps-marker js-wpv-addon-maps-marker js-wpv-addon-maps-marker-marker-25977-1 js-wpv-addon-maps-markerfor-recursos\" data-marker=\"marker-25977-1\" data-markertitle=\"Pizzeria Trastevere\" data-markerfor=\"recursos\" data-markerlat=\"41.220228\" data-markerlon=\"1.5317\" data-markericon=\"\/wp-content\/uploads\/marker-restaurants.png\" data-markericonhover=\"\" data-streetview=\"no\" data-fromview=\"\">\n<div class=\"mapa-tipus-allotjament-petit\">Restaurantes<\/div>\n<div class=\"titol-link-mapa-petit\"><a href=\"\/mapa\/#25977\">Pizzeria Trastevere<\/a><\/div>\n<div class=\"mapa-tipus-allotjament-petit\"><a href=\"\/mapa\/#25977\">+ info<\/a><\/div>\n<\/div>\n<div class=\"map-marker-general\"  id=\"25977\">\n<div class=\"imatge-mapa\"><img decoding=\"async\" width=\"510\" height=\"382\" src=\"https:\/\/elvendrellturisme.dms3labs.cat\/wp-content\/uploads\/trastevere-510x382.jpg\" class=\"attachment-et-pb-portfolio-module-image size-et-pb-portfolio-module-image wp-post-image\" alt=\"\" title=\"\"><\/div>\n<div class=\"map-marker-content\">\n<div class=\"mapa-tipus-allotjament\">Restaurantes<\/div>\n<h3 class=\"titol-link-mapa\"><a href=\"https:\/\/elvendrellturisme.dms3labs.cat\/es\/recursos-turisticos\/pizzeria-el-trastevere\/\">Pizzeria Trastevere<\/a><\/h3>\n<div class=\"mapa-adreca\">Carrer de Sant Jordi, 14-16<br \/>\n        43700 El Vendrell\n      <\/div>\n<div class=\"mapa-contacte\">\n        <a href=\"tel:977662714\">977 66 27 14<\/a><br \/>\n         N\/A<br \/>\n       <a href=\"https:\/\/www.trastevere.cat\" title=\"Visita la web\" target=\"_blank\" rel=\"noopener\">Visita la web<\/a><\/p><\/div>\n<\/p><\/div>\n<\/p><\/div>\n<\/div>\n\t\t<\/div>\n\t\t\n\t\t\n\t\t<div class=\"row \">\n\t\t\t<div class=\"col-md-4\">\n<div style=\"display:none\" class=\"wpv-addon-maps-marker js-wpv-addon-maps-marker js-wpv-addon-maps-marker-marker-25983-1 js-wpv-addon-maps-markerfor-recursos\" data-marker=\"marker-25983-1\" data-markertitle=\"Ran de Mar (antic Ancora 2)\" data-markerfor=\"recursos\" data-markerlat=\"41.186788\" data-markerlon=\"1.561209\" data-markericon=\"\/wp-content\/uploads\/marker-restaurants.png\" data-markericonhover=\"\" data-streetview=\"no\" data-fromview=\"\">\n<div class=\"mapa-tipus-allotjament-petit\">Restaurantes<\/div>\n<div class=\"titol-link-mapa-petit\"><a href=\"\/mapa\/#25983\">Ran de Mar (antic Ancora 2)<\/a><\/div>\n<div class=\"mapa-tipus-allotjament-petit\"><a href=\"\/mapa\/#25983\">+ info<\/a><\/div>\n<\/div>\n<div class=\"map-marker-general\"  id=\"25983\">\n<div class=\"imatge-mapa\"><img decoding=\"async\" width=\"510\" height=\"382\" src=\"https:\/\/elvendrellturisme.dms3labs.cat\/wp-content\/uploads\/125521328-1074979336296908-3467179787647824825-n-510x382.jpg\" class=\"attachment-et-pb-portfolio-module-image size-et-pb-portfolio-module-image wp-post-image\" alt=\"\" title=\"\"><\/div>\n<div class=\"map-marker-content\">\n<div class=\"mapa-tipus-allotjament\">Restaurantes<\/div>\n<h3 class=\"titol-link-mapa\"><a href=\"https:\/\/elvendrellturisme.dms3labs.cat\/es\/recursos-turisticos\/restaurant-lancora-2\/\">Ran de Mar (antic Ancora 2)<\/a><\/h3>\n<div class=\"mapa-adreca\">Avinguda del Sanatori, 5-7<br \/>\n        43880 Sant Salvador\n      <\/div>\n<div class=\"mapa-contacte\">\n        <a href=\"tel:977695563\">977 69 55 63<\/a><br \/>\n        <a href=\"mailto:restaurantrandemar@gmail.com\" title=\"restaurantrandemar@gmail.com\">restaurantrandemar@gmail.com<\/a><br \/>\n       <a href=\"https:\/\/www.restaurantrandemar.com\/es\/\" title=\"Visita la web\" target=\"_blank\" rel=\"noopener\">Visita la web<\/a><\/p><\/div>\n<p>      <img decoding=\"async\" src=\"\/wp-content\/uploads\/turisme-familiar.png\" alt=\"\" title=\"\">\n  <\/div>\n<\/p><\/div>\n<\/div>\n\t\t\n\t\t\n\t\t\t<div class=\"col-md-4\">\n<div style=\"display:none\" class=\"wpv-addon-maps-marker js-wpv-addon-maps-marker js-wpv-addon-maps-marker-marker-25970-1 js-wpv-addon-maps-markerfor-recursos\" data-marker=\"marker-25970-1\" data-markertitle=\"RESTAURANT CAL JORDI\" data-markerfor=\"recursos\" data-markerlat=\"41.182844\" data-markerlon=\"1.53225\" data-markericon=\"\/wp-content\/uploads\/marker-restaurants.png\" data-markericonhover=\"\" data-streetview=\"no\" data-fromview=\"\">\n<div class=\"mapa-tipus-allotjament-petit\">Restaurantes<\/div>\n<div class=\"titol-link-mapa-petit\"><a href=\"\/mapa\/#25970\">RESTAURANT CAL JORDI<\/a><\/div>\n<div class=\"mapa-tipus-allotjament-petit\"><a href=\"\/mapa\/#25970\">+ info<\/a><\/div>\n<\/div>\n<div class=\"map-marker-general\"  id=\"25970\">\n<div class=\"imatge-mapa\"><img decoding=\"async\" width=\"510\" height=\"382\" src=\"https:\/\/elvendrellturisme.dms3labs.cat\/wp-content\/uploads\/disseny-sense-titol-3-510x382.jpg\" class=\"attachment-et-pb-portfolio-module-image size-et-pb-portfolio-module-image default-featured-img\" alt=\"\" srcset=\"https:\/\/elvendrellturisme.dms3labs.cat\/wp-content\/uploads\/disseny-sense-titol-3-510x382.jpg 510w, https:\/\/elvendrellturisme.dms3labs.cat\/wp-content\/uploads\/disseny-sense-titol-3-480x480.jpg 480w\" sizes=\"(min-width: 0px) and (max-width: 480px) 480px, (min-width: 481px) 510px, 100vw\" title=\"\"><\/div>\n<div class=\"map-marker-content\">\n<div class=\"mapa-tipus-allotjament\">Restaurantes<\/div>\n<h3 class=\"titol-link-mapa\"><a href=\"https:\/\/elvendrellturisme.dms3labs.cat\/es\/recursos-turisticos\/restaurant-cal-jordi\/\">RESTAURANT CAL JORDI<\/a><\/h3>\n<div class=\"mapa-adreca\">Avinguda Palfuriana, 66<br \/>\n         Sant Salvador\n      <\/div>\n<div class=\"mapa-contacte\">\n        <a href=\"tel:689514892\">689 51 48 92<\/a><br \/>\n         N\/A<br \/>\n       <a href=\"https:\/\/www.facebook.com\/Cal-Jordi-Sant-Salvador-554584534582632\/?fref=ts\" title=\"Visita la web\" target=\"_blank\" rel=\"noopener\">Visita la web<\/a><\/p><\/div>\n<\/p><\/div>\n<\/p><\/div>\n<\/div>\n\t\t\n\t\t\n\t\t\t<div class=\"col-md-4\">\n<div style=\"display:none\" class=\"wpv-addon-maps-marker js-wpv-addon-maps-marker js-wpv-addon-maps-marker-marker-37187-1 js-wpv-addon-maps-markerfor-recursos\" data-marker=\"marker-37187-1\" data-markertitle=\"Restaurant Cara al Mar\" data-markerfor=\"recursos\" data-markerlat=\"41.178906\" data-markerlon=\"1.515516\" data-markericon=\"\/wp-content\/uploads\/marker-restaurants.png\" data-markericonhover=\"\" data-streetview=\"no\" data-fromview=\"\">\n<div class=\"mapa-tipus-allotjament-petit\">Restaurantes<\/div>\n<div class=\"titol-link-mapa-petit\"><a href=\"\/mapa\/#37187\">Restaurant Cara al Mar<\/a><\/div>\n<div class=\"mapa-tipus-allotjament-petit\"><a href=\"\/mapa\/#37187\">+ info<\/a><\/div>\n<\/div>\n<div class=\"map-marker-general\"  id=\"37187\">\n<div class=\"imatge-mapa\"><img decoding=\"async\" width=\"510\" height=\"382\" src=\"https:\/\/elvendrellturisme.dms3labs.cat\/wp-content\/uploads\/disseny-sense-titol-3-510x382.jpg\" class=\"attachment-et-pb-portfolio-module-image size-et-pb-portfolio-module-image default-featured-img\" alt=\"\" srcset=\"https:\/\/elvendrellturisme.dms3labs.cat\/wp-content\/uploads\/disseny-sense-titol-3-510x382.jpg 510w, https:\/\/elvendrellturisme.dms3labs.cat\/wp-content\/uploads\/disseny-sense-titol-3-480x480.jpg 480w\" sizes=\"(min-width: 0px) and (max-width: 480px) 480px, (min-width: 481px) 510px, 100vw\" title=\"\"><\/div>\n<div class=\"map-marker-content\">\n<div class=\"mapa-tipus-allotjament\">Restaurantes<\/div>\n<h3 class=\"titol-link-mapa\"><a href=\"https:\/\/elvendrellturisme.dms3labs.cat\/es\/recursos-turisticos\/restaurant-cara-al-mar\/\">Restaurant Cara al Mar<\/a><\/h3>\n<div class=\"mapa-adreca\">Passeig Mar\u00edtim de Masia Blanca, 1<br \/>\n        43880 El Franc\u00e0s\n      <\/div>\n<div class=\"mapa-contacte\">\n        <a href=\"tel:977681551\">977 68 15 51<\/a><br \/>\n         N\/A<br \/>\n       <a href=\"https:\/\/www.caralmar.es\/\" title=\"Visita la web\" target=\"_blank\" rel=\"noopener\">Visita la web<\/a><\/p><\/div>\n<\/p><\/div>\n<\/p><\/div>\n<\/div>\n\t\t<\/div>\n\t\t\n\t\t\n\t\t<div class=\"row \">\n\t\t\t<div class=\"col-md-4\">\n<div class=\"map-marker-general\"  id=\"25980\">\n<div class=\"imatge-mapa\"><img decoding=\"async\" width=\"510\" height=\"382\" src=\"https:\/\/elvendrellturisme.dms3labs.cat\/wp-content\/uploads\/disseny-sense-titol-3-510x382.jpg\" class=\"attachment-et-pb-portfolio-module-image size-et-pb-portfolio-module-image default-featured-img\" alt=\"\" srcset=\"https:\/\/elvendrellturisme.dms3labs.cat\/wp-content\/uploads\/disseny-sense-titol-3-510x382.jpg 510w, https:\/\/elvendrellturisme.dms3labs.cat\/wp-content\/uploads\/disseny-sense-titol-3-480x480.jpg 480w\" sizes=\"(min-width: 0px) and (max-width: 480px) 480px, (min-width: 481px) 510px, 100vw\" title=\"\"><\/div>\n<div class=\"map-marker-content\">\n<div class=\"mapa-tipus-allotjament\">Restaurantes<\/div>\n<h3 class=\"titol-link-mapa\"><a href=\"https:\/\/elvendrellturisme.dms3labs.cat\/es\/recursos-turisticos\/restaurant-la-cuina-ii\/\">RESTAURANT LA CUINA II<\/a><\/h3>\n<div class=\"mapa-adreca\">Carrer Salvador Palau Rabasso, 10<br \/>\n         El Vendrell\n      <\/div>\n<div class=\"mapa-contacte\">\n        <a href=\"tel:977665313\">977 66 53 13<\/a><br \/>\n         N\/A<br \/>\n       <br \/>\n         N\/A\n      <\/div>\n<\/p><\/div>\n<\/p><\/div>\n<\/div>\n\t\t\n\t\t\n\t\t\t<div class=\"col-md-4\">\n<div style=\"display:none\" class=\"wpv-addon-maps-marker js-wpv-addon-maps-marker js-wpv-addon-maps-marker-marker-37167-1 js-wpv-addon-maps-markerfor-recursos\" data-marker=\"marker-37167-1\" data-markertitle=\"Restaurant Mas\u00eda Franc\u00e0s\" data-markerfor=\"recursos\" data-markerlat=\"41.179367\" data-markerlon=\"1.49852\" data-markericon=\"\/wp-content\/uploads\/marker-restaurants.png\" data-markericonhover=\"\" data-streetview=\"no\" data-fromview=\"\">\n<div class=\"mapa-tipus-allotjament-petit\">Restaurantes<\/div>\n<div class=\"titol-link-mapa-petit\"><a href=\"\/mapa\/#37167\">Restaurant Mas\u00eda Franc\u00e0s<\/a><\/div>\n<div class=\"mapa-tipus-allotjament-petit\"><a href=\"\/mapa\/#37167\">+ info<\/a><\/div>\n<\/div>\n<div class=\"map-marker-general\"  id=\"37167\">\n<div class=\"imatge-mapa\"><img decoding=\"async\" width=\"510\" height=\"382\" src=\"https:\/\/elvendrellturisme.dms3labs.cat\/wp-content\/uploads\/disseny-sense-titol-3-510x382.jpg\" class=\"attachment-et-pb-portfolio-module-image size-et-pb-portfolio-module-image default-featured-img\" alt=\"\" srcset=\"https:\/\/elvendrellturisme.dms3labs.cat\/wp-content\/uploads\/disseny-sense-titol-3-510x382.jpg 510w, https:\/\/elvendrellturisme.dms3labs.cat\/wp-content\/uploads\/disseny-sense-titol-3-480x480.jpg 480w\" sizes=\"(min-width: 0px) and (max-width: 480px) 480px, (min-width: 481px) 510px, 100vw\" title=\"\"><\/div>\n<div class=\"map-marker-content\">\n<div class=\"mapa-tipus-allotjament\">Restaurantes<\/div>\n<h3 class=\"titol-link-mapa\"><a href=\"https:\/\/elvendrellturisme.dms3labs.cat\/es\/recursos-turisticos\/restaurant-masia-francas\/\">Restaurant Mas\u00eda Franc\u00e0s<\/a><\/h3>\n<div class=\"mapa-adreca\">Crta. N-340, km 1.186<br \/>\n        43880 Coma-ruga\n      <\/div>\n<div class=\"mapa-contacte\">\n        <a href=\"tel:977680009\/935192476\">977 680 009 \/ 935 192 476<\/a><br \/>\n         N\/A<br \/>\n       <a href=\"https:\/\/masiafrancas.com\/\" title=\"Visita la web\" target=\"_blank\" rel=\"noopener\">Visita la web<\/a><\/p><\/div>\n<\/p><\/div>\n<\/p><\/div>\n<\/div>\n\t\t\n\t\t\n\t\t\t<div class=\"col-md-4\">\n<div style=\"display:none\" class=\"wpv-addon-maps-marker js-wpv-addon-maps-marker js-wpv-addon-maps-marker-marker-25975-1 js-wpv-addon-maps-markerfor-recursos\" data-marker=\"marker-25975-1\" data-markertitle=\"RESTAURANT MOL\u00cd DE CAL TOF\" data-markerfor=\"recursos\" data-markerlat=\"41.225817\" data-markerlon=\"1.538354\" data-markericon=\"\/wp-content\/uploads\/marker-restaurants.png\" data-markericonhover=\"\" data-streetview=\"no\" data-fromview=\"\">\n<div class=\"mapa-tipus-allotjament-petit\">Restaurantes<\/div>\n<div class=\"titol-link-mapa-petit\"><a href=\"\/mapa\/#25975\">RESTAURANT MOL\u00cd DE CAL TOF<\/a><\/div>\n<div class=\"mapa-tipus-allotjament-petit\"><a href=\"\/mapa\/#25975\">+ info<\/a><\/div>\n<\/div>\n<div class=\"map-marker-general\"  id=\"25975\">\n<div class=\"imatge-mapa\"><img decoding=\"async\" width=\"510\" height=\"382\" src=\"https:\/\/elvendrellturisme.dms3labs.cat\/wp-content\/uploads\/disseny-sense-titol-3-510x382.jpg\" class=\"attachment-et-pb-portfolio-module-image size-et-pb-portfolio-module-image default-featured-img\" alt=\"\" srcset=\"https:\/\/elvendrellturisme.dms3labs.cat\/wp-content\/uploads\/disseny-sense-titol-3-510x382.jpg 510w, https:\/\/elvendrellturisme.dms3labs.cat\/wp-content\/uploads\/disseny-sense-titol-3-480x480.jpg 480w\" sizes=\"(min-width: 0px) and (max-width: 480px) 480px, (min-width: 481px) 510px, 100vw\" title=\"\"><\/div>\n<div class=\"map-marker-content\">\n<div class=\"mapa-tipus-allotjament\">Restaurantes<\/div>\n<h3 class=\"titol-link-mapa\"><a href=\"https:\/\/elvendrellturisme.dms3labs.cat\/es\/recursos-turisticos\/restaurant-moli-de-cal-tof\/\">RESTAURANT MOL\u00cd DE CAL TOF<\/a><\/h3>\n<div class=\"mapa-adreca\">Avinguda de Santa Oliva, 26<br \/>\n        43715 Santa Oliva\n      <\/div>\n<div class=\"mapa-contacte\">\n        <a href=\"tel:977662651\">977 66 26 51<\/a><br \/>\n        <a href=\"mailto:reservas@elmolidecaltof.com\" title=\"reservas@elmolidecaltof.com\">reservas@elmolidecaltof.com<\/a><br \/>\n       <a href=\"https:\/\/www.elmolidecaltof.com\/\" title=\"Visita la web\" target=\"_blank\" rel=\"noopener\">Visita la web<\/a><\/p><\/div>\n<\/p><\/div>\n<\/p><\/div>\n<\/div>\n\t\t<\/div>\n\t\t\n\t\t\n\t\t<div class=\"row \">\n\t\t\t<div class=\"col-md-4\">\n<div style=\"display:none\" class=\"wpv-addon-maps-marker js-wpv-addon-maps-marker js-wpv-addon-maps-marker-marker-25976-1 js-wpv-addon-maps-markerfor-recursos\" data-marker=\"marker-25976-1\" data-markertitle=\"RESTAURANT-BAR PETER&#8217;S \/ CHURRER\u00cdA\" data-markerfor=\"recursos\" data-markerlat=\"41.220622\" data-markerlon=\"1.536936\" data-markericon=\"\/wp-content\/uploads\/marker-restaurants.png\" data-markericonhover=\"\" data-streetview=\"no\" data-fromview=\"\">\n<div class=\"mapa-tipus-allotjament-petit\">Restaurantes<\/div>\n<div class=\"titol-link-mapa-petit\"><a href=\"\/mapa\/#25976\">RESTAURANT-BAR PETER&#8217;S \/ CHURRER\u00cdA<\/a><\/div>\n<div class=\"mapa-tipus-allotjament-petit\"><a href=\"\/mapa\/#25976\">+ info<\/a><\/div>\n<\/div>\n<div class=\"map-marker-general\"  id=\"25976\">\n<div class=\"imatge-mapa\"><img decoding=\"async\" width=\"510\" height=\"382\" src=\"https:\/\/elvendrellturisme.dms3labs.cat\/wp-content\/uploads\/disseny-sense-titol-3-510x382.jpg\" class=\"attachment-et-pb-portfolio-module-image size-et-pb-portfolio-module-image default-featured-img\" alt=\"\" srcset=\"https:\/\/elvendrellturisme.dms3labs.cat\/wp-content\/uploads\/disseny-sense-titol-3-510x382.jpg 510w, https:\/\/elvendrellturisme.dms3labs.cat\/wp-content\/uploads\/disseny-sense-titol-3-480x480.jpg 480w\" sizes=\"(min-width: 0px) and (max-width: 480px) 480px, (min-width: 481px) 510px, 100vw\" title=\"\"><\/div>\n<div class=\"map-marker-content\">\n<div class=\"mapa-tipus-allotjament\">Restaurantes<\/div>\n<h3 class=\"titol-link-mapa\"><a href=\"https:\/\/elvendrellturisme.dms3labs.cat\/es\/recursos-turisticos\/restaurant-bar-peters-churreria\/\">RESTAURANT-BAR PETER&#8217;S \/ CHURRER\u00cdA<\/a><\/h3>\n<div class=\"mapa-adreca\">La Rambla, 10<br \/>\n        43700 El Vendrell\n      <\/div>\n<div class=\"mapa-contacte\">\n        <a href=\"tel:977662469\">977 66 24 69<\/a><br \/>\n         N\/A<br \/>\n       <br \/>\n         N\/A\n      <\/div>\n<\/p><\/div>\n<\/p><\/div>\n<\/div>\n\t\t\n\t\t\n\t\t\t<div class=\"col-md-4\">\n<div style=\"display:none\" class=\"wpv-addon-maps-marker js-wpv-addon-maps-marker js-wpv-addon-maps-marker-marker-25780-1 js-wpv-addon-maps-markerfor-recursos\" data-marker=\"marker-25780-1\" data-markertitle=\"Rosamar Servicios inmobiliarios\" data-markerfor=\"recursos\" data-markerlat=\"41.188743\" data-markerlon=\"1.519541\" data-markericon=\"\/wp-content\/uploads\/marker-allotjaments.png\" data-markericonhover=\"\" data-streetview=\"no\" data-fromview=\"\">\n<div class=\"mapa-tipus-allotjament-petit\">Alojamentos<\/div>\n<div class=\"titol-link-mapa-petit\"><a href=\"\/mapa\/#25780\">Rosamar Servicios inmobiliarios<\/a><\/div>\n<div class=\"mapa-tipus-allotjament-petit\"><a href=\"\/mapa\/#25780\">+ info<\/a><\/div>\n<\/div>\n<div class=\"map-marker-general\"  id=\"25780\">\n<div class=\"imatge-mapa\"><img decoding=\"async\" width=\"510\" height=\"382\" src=\"https:\/\/elvendrellturisme.dms3labs.cat\/wp-content\/uploads\/disseny-sense-titol16-1-510x382.jpg\" class=\"attachment-et-pb-portfolio-module-image size-et-pb-portfolio-module-image wp-post-image\" alt=\"\" srcset=\"https:\/\/elvendrellturisme.dms3labs.cat\/wp-content\/uploads\/disseny-sense-titol16-1-510x382.jpg 510w, https:\/\/elvendrellturisme.dms3labs.cat\/wp-content\/uploads\/disseny-sense-titol16-1-480x360.jpg 480w\" sizes=\"(min-width: 0px) and (max-width: 480px) 480px, (min-width: 481px) 510px, 100vw\" title=\"\"><\/div>\n<div class=\"map-marker-content\">\n<div class=\"mapa-tipus-allotjament\">Alojamentos<\/div>\n<h3 class=\"titol-link-mapa\"><a href=\"https:\/\/elvendrellturisme.dms3labs.cat\/es\/recursos-turisticos\/rosamar-serveis-immobiliaris\/\">Rosamar Servicios inmobiliarios<\/a><\/h3>\n<div class=\"mapa-adreca\">Av. Generalitat, 67-71, local 2<br \/>\n        43880 Coma-ruga\n      <\/div>\n<div class=\"mapa-contacte\">\n        <a href=\"tel:977683131\">977 683 131<\/a><br \/>\n        <a href=\"mailto:info@gruprosamar.com\" title=\"info@gruprosamar.com\">info@gruprosamar.com<\/a><br \/>\n       <a href=\"https:\/\/www.gruprosamar.com\/\" title=\"Visita la web\" target=\"_blank\" rel=\"noopener\">Visita la web<\/a><\/p><\/div>\n<\/p><\/div>\n<\/p><\/div>\n<\/div>\n\t\t\n\t\t\n\t\t\t<div class=\"col-md-4\">\n<div style=\"display:none\" class=\"wpv-addon-maps-marker js-wpv-addon-maps-marker js-wpv-addon-maps-marker-marker-25973-1 js-wpv-addon-maps-markerfor-recursos\" data-marker=\"marker-25973-1\" data-markertitle=\"Rostisseria Ca la Maria\" data-markerfor=\"recursos\" data-markerlat=\"41.21741\" data-markerlon=\"1.527993\" data-markericon=\"\/wp-content\/uploads\/marker-restaurants.png\" data-markericonhover=\"\" data-streetview=\"no\" data-fromview=\"\">\n<div class=\"mapa-tipus-allotjament-petit\">Restaurantes<\/div>\n<div class=\"titol-link-mapa-petit\"><a href=\"\/mapa\/#25973\">Rostisseria Ca la Maria<\/a><\/div>\n<div class=\"mapa-tipus-allotjament-petit\"><a href=\"\/mapa\/#25973\">+ info<\/a><\/div>\n<\/div>\n<div class=\"map-marker-general\"  id=\"25973\">\n<div class=\"imatge-mapa\"><img decoding=\"async\" width=\"510\" height=\"382\" src=\"https:\/\/elvendrellturisme.dms3labs.cat\/wp-content\/uploads\/disseny-sense-titol-3-510x382.jpg\" class=\"attachment-et-pb-portfolio-module-image size-et-pb-portfolio-module-image default-featured-img\" alt=\"\" srcset=\"https:\/\/elvendrellturisme.dms3labs.cat\/wp-content\/uploads\/disseny-sense-titol-3-510x382.jpg 510w, https:\/\/elvendrellturisme.dms3labs.cat\/wp-content\/uploads\/disseny-sense-titol-3-480x480.jpg 480w\" sizes=\"(min-width: 0px) and (max-width: 480px) 480px, (min-width: 481px) 510px, 100vw\" title=\"\"><\/div>\n<div class=\"map-marker-content\">\n<div class=\"mapa-tipus-allotjament\">Restaurantes<\/div>\n<h3 class=\"titol-link-mapa\"><a href=\"https:\/\/elvendrellturisme.dms3labs.cat\/es\/recursos-turisticos\/rostisseria-ca-la-maria\/\">Rostisseria Ca la Maria<\/a><\/h3>\n<div class=\"mapa-adreca\">C\/ Ribera d'Ebre 3<br \/>\n        43820 El Vendrell\n      <\/div>\n<div class=\"mapa-contacte\">\n        <a href=\"tel:977667563\">977 66 75 63<\/a><br \/>\n         N\/A<br \/>\n       <a href=\"https:\/\/calamariaelvendrell.com\/\" title=\"Visita la web\" target=\"_blank\" rel=\"noopener\">Visita la web<\/a><\/p><\/div>\n<\/p><\/div>\n<\/p><\/div>\n<\/div>\n\t\t<\/div>\n\t\t\n\t\t\n\t\t<div class=\"row \">\n\t\t\t<div class=\"col-md-4\">\n<div style=\"display:none\" class=\"wpv-addon-maps-marker js-wpv-addon-maps-marker js-wpv-addon-maps-marker-marker-29937-1 js-wpv-addon-maps-markerfor-recursos\" data-marker=\"marker-29937-1\" data-markertitle=\"Sala Portal del Pardo. Espacio de difusi\u00f3n cultural\" data-markerfor=\"recursos\" data-markerlat=\"41.22004\" data-markerlon=\"1.53397\" data-markericon=\"\/wp-content\/uploads\/marker-museus.png\" data-markericonhover=\"\" data-streetview=\"no\" data-fromview=\"\">\n<div class=\"mapa-tipus-allotjament-petit\">Museos<\/div>\n<div class=\"titol-link-mapa-petit\"><a href=\"\/mapa\/#29937\">Sala Portal del Pardo. Espacio de difusi\u00f3n cultural<\/a><\/div>\n<div class=\"mapa-tipus-allotjament-petit\"><a href=\"\/mapa\/#29937\">+ info<\/a><\/div>\n<\/div>\n<div class=\"map-marker-general\"  id=\"29937\">\n<div class=\"imatge-mapa\"><img decoding=\"async\" width=\"510\" height=\"382\" src=\"https:\/\/elvendrellturisme.dms3labs.cat\/wp-content\/uploads\/disseny-sense-titol15-1-510x382.jpg\" class=\"attachment-et-pb-portfolio-module-image size-et-pb-portfolio-module-image wp-post-image\" alt=\"\" srcset=\"https:\/\/elvendrellturisme.dms3labs.cat\/wp-content\/uploads\/disseny-sense-titol15-1-510x382.jpg 510w, https:\/\/elvendrellturisme.dms3labs.cat\/wp-content\/uploads\/disseny-sense-titol15-1-480x480.jpg 480w\" sizes=\"(min-width: 0px) and (max-width: 480px) 480px, (min-width: 481px) 510px, 100vw\" title=\"\"><\/div>\n<div class=\"map-marker-content\">\n<div class=\"mapa-tipus-allotjament\">Museos<\/div>\n<h3 class=\"titol-link-mapa\"><a href=\"https:\/\/elvendrellturisme.dms3labs.cat\/es\/recursos-turisticos\/sala-portal-del-pardo-espacio-de-difusion-cultural\/\">Sala Portal del Pardo. Espacio de difusi\u00f3n cultural<\/a><\/h3>\n<div class=\"mapa-adreca\">Carrer Major, 20<br \/>\n        43700 El Vendrell\n      <\/div>\n<div class=\"mapa-contacte\">\n        <a href=\"tel:977182135\">977 182 135<\/a><br \/>\n        <a href=\"mailto:espaicultural@elvendrell.net\" title=\"espaicultural@elvendrell.net\">espaicultural@elvendrell.net<\/a><br \/>\n       <a href=\"https:\/\/museus.elvendrell.net\/sala-portal-del-pardo\/\" title=\"Visita la web\" target=\"_blank\" rel=\"noopener\">Visita la web<\/a><\/p><\/div>\n<\/p><\/div>\n<\/p><\/div>\n<\/div>\n\t\t\n\t\t\n\t\t\t<div class=\"col-md-4\">\n<div style=\"display:none\" class=\"wpv-addon-maps-marker js-wpv-addon-maps-marker js-wpv-addon-maps-marker-marker-25982-1 js-wpv-addon-maps-markerfor-recursos\" data-marker=\"marker-25982-1\" data-markertitle=\"Sam Boulevard\" data-markerfor=\"recursos\" data-markerlat=\"41.225724\" data-markerlon=\"1.545057\" data-markericon=\"\/wp-content\/uploads\/marker-restaurants.png\" data-markericonhover=\"\" data-streetview=\"no\" data-fromview=\"\">\n<div class=\"mapa-tipus-allotjament-petit\">Restaurantes<\/div>\n<div class=\"titol-link-mapa-petit\"><a href=\"\/mapa\/#25982\">Sam Boulevard<\/a><\/div>\n<div class=\"mapa-tipus-allotjament-petit\"><a href=\"\/mapa\/#25982\">+ info<\/a><\/div>\n<\/div>\n<div class=\"map-marker-general\"  id=\"25982\">\n<div class=\"imatge-mapa\"><img decoding=\"async\" width=\"510\" height=\"382\" src=\"https:\/\/elvendrellturisme.dms3labs.cat\/wp-content\/uploads\/elsam-510x382.jpg\" class=\"attachment-et-pb-portfolio-module-image size-et-pb-portfolio-module-image wp-post-image\" alt=\"\" title=\"\"><\/div>\n<div class=\"map-marker-content\">\n<div class=\"mapa-tipus-allotjament\">Restaurantes<\/div>\n<h3 class=\"titol-link-mapa\"><a href=\"https:\/\/elvendrellturisme.dms3labs.cat\/es\/recursos-turisticos\/bar-el-sam\/\">Sam Boulevard<\/a><\/h3>\n<div class=\"mapa-adreca\">Centro Comercial Les Mates, Avinguda Parada Les Mates, s\/n<br \/>\n        43700 El Vendrell\n      <\/div>\n<div class=\"mapa-contacte\">\n        <a href=\"tel:977665281\">977 66 52 81<\/a><br \/>\n        <a href=\"mailto:info@samboulevard.com\" title=\"info@samboulevard.com\">info@samboulevard.com<\/a><br \/>\n       <a href=\"https:\/\/samboulevard.com\" title=\"Visita la web\" target=\"_blank\" rel=\"noopener\">Visita la web<\/a><\/p><\/div>\n<\/p><\/div>\n<\/p><\/div>\n<\/div>\n\t\t\n\t\t\n\t\t\t<div class=\"col-md-4\">\n<div style=\"display:none\" class=\"wpv-addon-maps-marker js-wpv-addon-maps-marker js-wpv-addon-maps-marker-marker-37594-1 js-wpv-addon-maps-markerfor-recursos\" data-marker=\"marker-37594-1\" data-markertitle=\"Tama Taberna del Mar\" data-markerfor=\"recursos\" data-markerlat=\"41.183764\" data-markerlon=\"1.544154\" data-markericon=\"\/wp-content\/uploads\/marker-restaurants.png\" data-markericonhover=\"\" data-streetview=\"no\" data-fromview=\"\">\n<div class=\"mapa-tipus-allotjament-petit\">Restaurantes<\/div>\n<div class=\"titol-link-mapa-petit\"><a href=\"\/mapa\/#37594\">Tama Taberna del Mar<\/a><\/div>\n<div class=\"mapa-tipus-allotjament-petit\"><a href=\"\/mapa\/#37594\">+ info<\/a><\/div>\n<\/div>\n<div class=\"map-marker-general\"  id=\"37594\">\n<div class=\"imatge-mapa\"><img decoding=\"async\" width=\"510\" height=\"382\" src=\"https:\/\/elvendrellturisme.dms3labs.cat\/wp-content\/uploads\/disseny-sense-titol36-510x382.jpg\" class=\"attachment-et-pb-portfolio-module-image size-et-pb-portfolio-module-image wp-post-image\" alt=\"\" srcset=\"https:\/\/elvendrellturisme.dms3labs.cat\/wp-content\/uploads\/disseny-sense-titol36-510x382.jpg 510w, https:\/\/elvendrellturisme.dms3labs.cat\/wp-content\/uploads\/disseny-sense-titol36-480x480.jpg 480w\" sizes=\"(min-width: 0px) and (max-width: 480px) 480px, (min-width: 481px) 510px, 100vw\" title=\"\"><\/div>\n<div class=\"map-marker-content\">\n<div class=\"mapa-tipus-allotjament\">Restaurantes<\/div>\n<h3 class=\"titol-link-mapa\"><a href=\"https:\/\/elvendrellturisme.dms3labs.cat\/es\/recursos-turisticos\/tama-taberna-del-mar\/\">Tama Taberna del Mar<\/a><\/h3>\n<div class=\"mapa-adreca\">Carretera de Sant Salvador, 1<br \/>\n        43880 Sant Salvador\n      <\/div>\n<div class=\"mapa-contacte\">\n        <a href=\"tel:977681537\">977 68 15 37<\/a><br \/>\n         N\/A<br \/>\n       <a href=\"https:\/\/www.instagram.com\/tama_santsalvador\/\" title=\"Visita la web\" target=\"_blank\" rel=\"noopener\">Visita la web<\/a><\/p><\/div>\n<\/p><\/div>\n<\/p><\/div>\n<\/div>\n\t\t<\/div>\n\t\t\n\t\t\n\t\t<div class=\"row \">\n\t\t\t<div class=\"col-md-4\">\n<div style=\"display:none\" class=\"wpv-addon-maps-marker js-wpv-addon-maps-marker js-wpv-addon-maps-marker-marker-28754-1 js-wpv-addon-maps-markerfor-recursos\" data-marker=\"marker-28754-1\" data-markertitle=\"Teatro \u00c0ngel Guimer\u00e0\" data-markerfor=\"recursos\" data-markerlat=\"41.220228\" data-markerlon=\"1.5317\" data-markericon=\"\/wp-content\/uploads\/marker-teatres.png\" data-markericonhover=\"\" data-streetview=\"no\" data-fromview=\"\">\n<div class=\"mapa-tipus-allotjament-petit\">Auditorios y teatros<\/div>\n<div class=\"titol-link-mapa-petit\"><a href=\"\/mapa\/#28754\">Teatro \u00c0ngel Guimer\u00e0<\/a><\/div>\n<div class=\"mapa-tipus-allotjament-petit\"><a href=\"\/mapa\/#28754\">+ info<\/a><\/div>\n<\/div>\n<div class=\"map-marker-general\"  id=\"28754\">\n<div class=\"imatge-mapa\"><img decoding=\"async\" width=\"510\" height=\"382\" src=\"https:\/\/elvendrellturisme.dms3labs.cat\/wp-content\/uploads\/el-vendrell-turisme-teatre-510x382.jpeg\" class=\"attachment-et-pb-portfolio-module-image size-et-pb-portfolio-module-image wp-post-image\" alt=\"\" title=\"\"><\/div>\n<div class=\"map-marker-content\">\n<div class=\"mapa-tipus-allotjament\">Auditorios y teatros<\/div>\n<h3 class=\"titol-link-mapa\"><a href=\"https:\/\/elvendrellturisme.dms3labs.cat\/es\/recursos-turisticos\/teatro-angel-guimera\/\">Teatro \u00c0ngel Guimer\u00e0<\/a><\/h3>\n<div class=\"mapa-adreca\">Carrer de Sant Jordi, 9<br \/>\n        43700 El Vendrell\n      <\/div>\n<div class=\"mapa-contacte\">\n        <a href=\"tel:977665684\">977 665 684<\/a><br \/>\n        <a href=\"mailto:info@tagelvendrell.cat\" title=\"info@tagelvendrell.cat\">info@tagelvendrell.cat<\/a><br \/>\n       <a href=\"https:\/\/tagelvendrell.cat\/\" title=\"Visita la web\" target=\"_blank\" rel=\"noopener\">Visita la web<\/a><\/p><\/div>\n<p>      <img decoding=\"async\" src=\"\/wp-content\/uploads\/turisme-familiar.png\" alt=\"\" title=\"\">\n  <\/div>\n<\/p><\/div>\n<\/div>\n\t\t\n\t\t\n\t\t\t<div class=\"col-md-4\">\n<div style=\"display:none\" class=\"wpv-addon-maps-marker js-wpv-addon-maps-marker js-wpv-addon-maps-marker-marker-29253-1 js-wpv-addon-maps-markerfor-recursos\" data-marker=\"marker-29253-1\" data-markertitle=\"T\u00f3mate Algo\" data-markerfor=\"recursos\" data-markerlat=\"41.217779\" data-markerlon=\"1.529537\" data-markericon=\"\/wp-content\/uploads\/marker-restaurants.png\" data-markericonhover=\"\" data-streetview=\"no\" data-fromview=\"\">\n<div class=\"mapa-tipus-allotjament-petit\">Restaurantes<\/div>\n<div class=\"titol-link-mapa-petit\"><a href=\"\/mapa\/#29253\">T\u00f3mate Algo<\/a><\/div>\n<div class=\"mapa-tipus-allotjament-petit\"><a href=\"\/mapa\/#29253\">+ info<\/a><\/div>\n<\/div>\n<div class=\"map-marker-general\"  id=\"29253\">\n<div class=\"imatge-mapa\"><img decoding=\"async\" width=\"510\" height=\"382\" src=\"https:\/\/elvendrellturisme.dms3labs.cat\/wp-content\/uploads\/portadanuev-510x382.png\" class=\"attachment-et-pb-portfolio-module-image size-et-pb-portfolio-module-image wp-post-image\" alt=\"\" title=\"\"><\/div>\n<div class=\"map-marker-content\">\n<div class=\"mapa-tipus-allotjament\">Restaurantes<\/div>\n<h3 class=\"titol-link-mapa\"><a href=\"https:\/\/elvendrellturisme.dms3labs.cat\/es\/recursos-turisticos\/tomate-algo\/\">T\u00f3mate Algo<\/a><\/h3>\n<div class=\"mapa-adreca\">Via dels Pa\u00efsos Catalans, 31<br \/>\n        43700 El Vendrell\n      <\/div>\n<div class=\"mapa-contacte\">\n        <a href=\"tel:877012505\">877012505<\/a><br \/>\n         N\/A<br \/>\n       <a href=\"https:\/\/www.tomate-algo.es\/\" title=\"Visita la web\" target=\"_blank\" rel=\"noopener\">Visita la web<\/a><\/p><\/div>\n<\/p><\/div>\n<\/p><\/div>\n<\/div>\n\t\t\n\t\t\n\t\t\t<div class=\"col-md-4\">\n<div style=\"display:none\" class=\"wpv-addon-maps-marker js-wpv-addon-maps-marker js-wpv-addon-maps-marker-marker-25984-1 js-wpv-addon-maps-markerfor-recursos\" data-marker=\"marker-25984-1\" data-markertitle=\"Vil\u00b7la Casals\" data-markerfor=\"recursos\" data-markerlat=\"41.183271\" data-markerlon=\"1.540573\" data-markericon=\"\/wp-content\/uploads\/marker-restaurants.png\" data-markericonhover=\"\" data-streetview=\"no\" data-fromview=\"\">\n<div class=\"mapa-tipus-allotjament-petit\">Restaurantes<\/div>\n<div class=\"titol-link-mapa-petit\"><a href=\"\/mapa\/#25984\">Vil\u00b7la Casals<\/a><\/div>\n<div class=\"mapa-tipus-allotjament-petit\"><a href=\"\/mapa\/#25984\">+ info<\/a><\/div>\n<\/div>\n<div class=\"map-marker-general\"  id=\"25984\">\n<div class=\"imatge-mapa\"><img decoding=\"async\" width=\"510\" height=\"382\" src=\"https:\/\/elvendrellturisme.dms3labs.cat\/wp-content\/uploads\/disseny-sense-titol11-510x382.jpg\" class=\"attachment-et-pb-portfolio-module-image size-et-pb-portfolio-module-image wp-post-image\" alt=\"\" srcset=\"https:\/\/elvendrellturisme.dms3labs.cat\/wp-content\/uploads\/disseny-sense-titol11-510x382.jpg 510w, https:\/\/elvendrellturisme.dms3labs.cat\/wp-content\/uploads\/disseny-sense-titol11-480x480.jpg 480w\" sizes=\"(min-width: 0px) and (max-width: 480px) 480px, (min-width: 481px) 510px, 100vw\" title=\"\"><\/div>\n<div class=\"map-marker-content\">\n<div class=\"mapa-tipus-allotjament\">Restaurantes<\/div>\n<h3 class=\"titol-link-mapa\"><a href=\"https:\/\/elvendrellturisme.dms3labs.cat\/es\/recursos-turisticos\/restaurant-vil%c2%b7la-casals\/\">Vil\u00b7la Casals<\/a><\/h3>\n<div class=\"mapa-adreca\">Passeig Mar\u00edtim, 41<br \/>\n        43880 Sant Salvador\n      <\/div>\n<div class=\"mapa-contacte\">\n        <a href=\"tel:977683141\">977 68 31 41<\/a><br \/>\n        <a href=\"mailto:vilacasals@vilacasals.com\" title=\"vilacasals@vilacasals.com\">vilacasals@vilacasals.com<\/a><br \/>\n       <a href=\"https:\/\/www.vilacasals.com\/\" title=\"Visita la web\" target=\"_blank\" rel=\"noopener\">Visita la web<\/a><\/p><\/div>\n<p>      <img decoding=\"async\" src=\"\/wp-content\/uploads\/turisme-familiar.png\" alt=\"\" title=\"\">\n  <\/div>\n<\/p><\/div>\n<\/div>\n\t\t<\/div>\n\t\t\n\t\t\n\t\t<div class=\"row \">\n\t\t\t<div class=\"col-md-4\">\n<div style=\"display:none\" class=\"wpv-addon-maps-marker js-wpv-addon-maps-marker js-wpv-addon-maps-marker-marker-25969-1 js-wpv-addon-maps-markerfor-recursos\" data-marker=\"marker-25969-1\" data-markertitle=\"Xaloquell\" data-markerfor=\"recursos\" data-markerlat=\"41.184092\" data-markerlon=\"1.537695\" data-markericon=\"\/wp-content\/uploads\/marker-restaurants.png\" data-markericonhover=\"\" data-streetview=\"no\" data-fromview=\"\">\n<div class=\"mapa-tipus-allotjament-petit\">Restaurantes<\/div>\n<div class=\"titol-link-mapa-petit\"><a href=\"\/mapa\/#25969\">Xaloquell<\/a><\/div>\n<div class=\"mapa-tipus-allotjament-petit\"><a href=\"\/mapa\/#25969\">+ info<\/a><\/div>\n<\/div>\n<div class=\"map-marker-general\"  id=\"25969\">\n<div class=\"imatge-mapa\"><img decoding=\"async\" width=\"510\" height=\"382\" src=\"https:\/\/elvendrellturisme.dms3labs.cat\/wp-content\/uploads\/20210626-203434-510x382.jpg\" class=\"attachment-et-pb-portfolio-module-image size-et-pb-portfolio-module-image wp-post-image\" alt=\"\" srcset=\"https:\/\/elvendrellturisme.dms3labs.cat\/wp-content\/uploads\/20210626-203434-510x382.jpg 510w, https:\/\/elvendrellturisme.dms3labs.cat\/wp-content\/uploads\/20210626-203434-300x225.jpg 300w, https:\/\/elvendrellturisme.dms3labs.cat\/wp-content\/uploads\/20210626-203434-1024x768.jpg 1024w, https:\/\/elvendrellturisme.dms3labs.cat\/wp-content\/uploads\/20210626-203434-768x576.jpg 768w, https:\/\/elvendrellturisme.dms3labs.cat\/wp-content\/uploads\/20210626-203434-1536x1152.jpg 1536w, https:\/\/elvendrellturisme.dms3labs.cat\/wp-content\/uploads\/20210626-203434-2048x1536.jpg 2048w, https:\/\/elvendrellturisme.dms3labs.cat\/wp-content\/uploads\/20210626-203434-1080x810.jpg 1080w, https:\/\/elvendrellturisme.dms3labs.cat\/wp-content\/uploads\/20210626-203434-1280x960.jpg 1280w, https:\/\/elvendrellturisme.dms3labs.cat\/wp-content\/uploads\/20210626-203434-980x735.jpg 980w, https:\/\/elvendrellturisme.dms3labs.cat\/wp-content\/uploads\/20210626-203434-480x360.jpg 480w\" sizes=\"(max-width: 510px) 100vw, 510px\" title=\"\"><\/div>\n<div class=\"map-marker-content\">\n<div class=\"mapa-tipus-allotjament\">Restaurantes<\/div>\n<h3 class=\"titol-link-mapa\"><a href=\"https:\/\/elvendrellturisme.dms3labs.cat\/es\/recursos-turisticos\/restaurant-xaloquell\/\">Xaloquell<\/a><\/h3>\n<div class=\"mapa-adreca\">Carrer del Cant\u00e0bric, 10<br \/>\n        43880 Sant Salvador\n      <\/div>\n<div class=\"mapa-contacte\">\n        <a href=\"tel:977680819\">977 68 08 19<\/a><br \/>\n        <a href=\"mailto:info@restaurantxaloquell.com\" title=\"info@restaurantxaloquell.com\">info@restaurantxaloquell.com<\/a><br \/>\n       <a href=\"https:\/\/restaurantxaloquell.com\/es\/\" title=\"Visita la web\" target=\"_blank\" rel=\"noopener\">Visita la web<\/a><\/p><\/div>\n<p>      <img decoding=\"async\" src=\"\/wp-content\/uploads\/turisme-familiar.png\" alt=\"\" title=\"\">\n  <\/div>\n<\/p><\/div>\n<\/div>\n\t\t\n\t\t\t<div class=\"col-md-4\"><\/div>\n\t\t\n\t\t\t<div class=\"col-md-4\"><\/div>\n\t\t<\/div>\n\t\n\t<\/div>\n\t\n\t\n\t\n<\/div>\n<\/p>\n","protected":false},"author":1,"featured_media":26025,"parent":0,"menu_order":0,"comment_status":"closed","ping_status":"closed","template":"","meta":{"_acf_changed":false,"_et_pb_use_builder":"on","_et_pb_old_content":"","_et_gb_content_width":"","content-type":"","footnotes":""},"dipi_cpt_category":[],"class_list":["post-26215","page","type-page","status-publish","has-post-thumbnail","hentry"],"acf":[],"rankMath":{"parentDomain":"dms3labs.cat","noFollowDomains":[],"noFollowExcludeDomains":[],"noFollowExternalLinks":false,"featuredImageNotice":"La imagen destacada debe tener al menos 200 por 200 p\u00edxeles para que Facebook y otros sitios de redes sociales puedan escogerla.","pluginReviewed":false,"postSettings":{"linkSuggestions":true,"useFocusKeyword":false},"frontEndScore":false,"postName":"mapa","permalinkFormat":"https:\/\/elvendrellturisme.dms3labs.cat\/es\/%pagename%\/","showLockModifiedDate":true,"assessor":{"focusKeywordLink":"https:\/\/elvendrellturisme.dms3labs.cat\/wp-admin\/edit.php?focus_keyword=%focus_keyword%&post_type=%post_type%","hasTOCPlugin":false,"primaryTaxonomy":false,"serpData":{"title":"","description":"Mapa de servicios de El Vendrell: alojamientos, restaurantes, equipamientos culturales, servicios municipales ... ","focusKeywords":"mapa","pillarContent":false,"canonicalUrl":"","breadcrumbTitle":"","advancedRobots":{"max-snippet":"-1","max-video-preview":"-1","max-image-preview":"large"},"facebookTitle":"","facebookDescription":"","facebookImage":"","facebookImageID":"","facebookHasOverlay":false,"facebookImageOverlay":"","facebookAuthor":"","twitterCardType":"","twitterUseFacebook":true,"twitterTitle":"","twitterDescription":"","twitterImage":"","twitterImageID":"","twitterHasOverlay":false,"twitterImageOverlay":"","twitterPlayerUrl":"","twitterPlayerSize":"","twitterPlayerStream":"","twitterPlayerStreamCtype":"","twitterAppDescription":"","twitterAppIphoneName":"","twitterAppIphoneID":"","twitterAppIphoneUrl":"","twitterAppIpadName":"","twitterAppIpadID":"","twitterAppIpadUrl":"","twitterAppGoogleplayName":"","twitterAppGoogleplayID":"","twitterAppGoogleplayUrl":"","twitterAppCountry":"","robots":{"index":true},"twitterAuthor":"nombre de usuario","primaryTerm":0,"authorName":"admin","titleTemplate":"%title% %sep% %sitename%","descriptionTemplate":"%excerpt%","showScoreFrontend":true,"lockModifiedDate":false},"powerWords":["incre\u00edble","asombroso","maravilloso","\u00fanico","hermoso","felicidad","brillante","cautivador","carism\u00e1tico","impactante","claro","completamente","confidencial","confianza","significativo","creativo","definitivamente","delicioso","demostrar","apres\u00farate","decidido","digno","din\u00e1mico","impresionante","esencial","inspirador","innovador","intenso","eficaz","m\u00e1gico","magn\u00edfico","hist\u00f3rico","importante","incre\u00edble","indispensable","inolvidable","irresistible","legendario","luminoso","lujo","m\u00e1gico","magn\u00edfico","majestuoso","memorable","maravilloso","milagroso","motivador","necesario","nuevo","oficial","perfecto","apasionado","persuasivo","fenomenal","placer","popular","poder","prestigioso","prodigioso","profundo","pr\u00f3spero","poderoso","calidad","radiante","r\u00e1pido","exitoso","revolucionario","satisfecho","seguridad","sensacional","sereno","suntuoso","espl\u00e9ndido","sublime","sorprendente","talentoso","terror\u00edfico","\u00fanico","valor","vibrante","victorioso","vivo","verdaderamente","celoso","aut\u00e9ntico","aventurero","espectacular","exclusivo","garantizado","extraordinario","fabuloso","fascinante","formidable","genial","grandioso","gratuito","h\u00e1bil","ilimitado","impecable","infalible","infinitamente","influyente","ingenioso","inolvidable","irremplazable","l\u00edder","maestro","notable","novedoso","pionero","poderoso","reconocido","revolucionario","sorprendente","superior","triunfante","ultra","valiente","valioso","vanguardista","vigoroso","visionario","voluntad","vital","triunfo","glorioso","imparable","inigualable","inteligente","invencible","libertad","orgullo","paz","progreso","renovado","sabidur\u00eda","satisfacci\u00f3n","seguro","serenidad","superaci\u00f3n","talento","transcendente","transformador","valent\u00eda","victoria"],"diacritics":{"A":"[\\u0041\\u24B6\\uFF21\\u00C0\\u00C1\\u00C2\\u1EA6\\u1EA4\\u1EAA\\u1EA8\\u00C3\\u0100\\u0102\\u1EB0\\u1EAE\\u1EB4\\u1EB2\\u0226\\u01E0\\u00C4\\u01DE\\u1EA2\\u00C5\\u01FA\\u01CD\\u0200\\u0202\\u1EA0\\u1EAC\\u1EB6\\u1E00\\u0104\\u023A\\u2C6F]","AA":"[\\uA732]","AE":"[\\u00C6\\u01FC\\u01E2]","AO":"[\\uA734]","AU":"[\\uA736]","AV":"[\\uA738\\uA73A]","AY":"[\\uA73C]","B":"[\\u0042\\u24B7\\uFF22\\u1E02\\u1E04\\u1E06\\u0243\\u0182\\u0181]","C":"[\\u0043\\u24B8\\uFF23\\u0106\\u0108\\u010A\\u010C\\u00C7\\u1E08\\u0187\\u023B\\uA73E]","D":"[\\u0044\\u24B9\\uFF24\\u1E0A\\u010E\\u1E0C\\u1E10\\u1E12\\u1E0E\\u0110\\u018B\\u018A\\u0189\\uA779]","DZ":"[\\u01F1\\u01C4]","Dz":"[\\u01F2\\u01C5]","E":"[\\u0045\\u24BA\\uFF25\\u00C8\\u00C9\\u00CA\\u1EC0\\u1EBE\\u1EC4\\u1EC2\\u1EBC\\u0112\\u1E14\\u1E16\\u0114\\u0116\\u00CB\\u1EBA\\u011A\\u0204\\u0206\\u1EB8\\u1EC6\\u0228\\u1E1C\\u0118\\u1E18\\u1E1A\\u0190\\u018E]","F":"[\\u0046\\u24BB\\uFF26\\u1E1E\\u0191\\uA77B]","G":"[\\u0047\\u24BC\\uFF27\\u01F4\\u011C\\u1E20\\u011E\\u0120\\u01E6\\u0122\\u01E4\\u0193\\uA7A0\\uA77D\\uA77E]","H":"[\\u0048\\u24BD\\uFF28\\u0124\\u1E22\\u1E26\\u021E\\u1E24\\u1E28\\u1E2A\\u0126\\u2C67\\u2C75\\uA78D]","I":"[\\u0049\\u24BE\\uFF29\\u00CC\\u00CD\\u00CE\\u0128\\u012A\\u012C\\u0130\\u00CF\\u1E2E\\u1EC8\\u01CF\\u0208\\u020A\\u1ECA\\u012E\\u1E2C\\u0197]","J":"[\\u004A\\u24BF\\uFF2A\\u0134\\u0248]","K":"[\\u004B\\u24C0\\uFF2B\\u1E30\\u01E8\\u1E32\\u0136\\u1E34\\u0198\\u2C69\\uA740\\uA742\\uA744\\uA7A2]","L":"[\\u004C\\u24C1\\uFF2C\\u013F\\u0139\\u013D\\u1E36\\u1E38\\u013B\\u1E3C\\u1E3A\\u0141\\u023D\\u2C62\\u2C60\\uA748\\uA746\\uA780]","LJ":"[\\u01C7]","Lj":"[\\u01C8]","M":"[\\u004D\\u24C2\\uFF2D\\u1E3E\\u1E40\\u1E42\\u2C6E\\u019C]","N":"[\\u004E\\u24C3\\uFF2E\\u01F8\\u0143\\u00D1\\u1E44\\u0147\\u1E46\\u0145\\u1E4A\\u1E48\\u0220\\u019D\\uA790\\uA7A4]","NJ":"[\\u01CA]","Nj":"[\\u01CB]","O":"[\\u004F\\u24C4\\uFF2F\\u00D2\\u00D3\\u00D4\\u1ED2\\u1ED0\\u1ED6\\u1ED4\\u00D5\\u1E4C\\u022C\\u1E4E\\u014C\\u1E50\\u1E52\\u014E\\u022E\\u0230\\u00D6\\u022A\\u1ECE\\u0150\\u01D1\\u020C\\u020E\\u01A0\\u1EDC\\u1EDA\\u1EE0\\u1EDE\\u1EE2\\u1ECC\\u1ED8\\u01EA\\u01EC\\u00D8\\u01FE\\u0186\\u019F\\uA74A\\uA74C]","OI":"[\\u01A2]","OO":"[\\uA74E]","OU":"[\\u0222]","P":"[\\u0050\\u24C5\\uFF30\\u1E54\\u1E56\\u01A4\\u2C63\\uA750\\uA752\\uA754]","Q":"[\\u0051\\u24C6\\uFF31\\uA756\\uA758\\u024A]","R":"[\\u0052\\u24C7\\uFF32\\u0154\\u1E58\\u0158\\u0210\\u0212\\u1E5A\\u1E5C\\u0156\\u1E5E\\u024C\\u2C64\\uA75A\\uA7A6\\uA782]","S":"[\\u0053\\u24C8\\uFF33\\u1E9E\\u015A\\u1E64\\u015C\\u1E60\\u0160\\u1E66\\u1E62\\u1E68\\u0218\\u015E\\u2C7E\\uA7A8\\uA784]","T":"[\\u0054\\u24C9\\uFF34\\u1E6A\\u0164\\u1E6C\\u021A\\u0162\\u1E70\\u1E6E\\u0166\\u01AC\\u01AE\\u023E\\uA786]","TZ":"[\\uA728]","U":"[\\u0055\\u24CA\\uFF35\\u00D9\\u00DA\\u00DB\\u0168\\u1E78\\u016A\\u1E7A\\u016C\\u00DC\\u01DB\\u01D7\\u01D5\\u01D9\\u1EE6\\u016E\\u0170\\u01D3\\u0214\\u0216\\u01AF\\u1EEA\\u1EE8\\u1EEE\\u1EEC\\u1EF0\\u1EE4\\u1E72\\u0172\\u1E76\\u1E74\\u0244]","V":"[\\u0056\\u24CB\\uFF36\\u1E7C\\u1E7E\\u01B2\\uA75E\\u0245]","VY":"[\\uA760]","W":"[\\u0057\\u24CC\\uFF37\\u1E80\\u1E82\\u0174\\u1E86\\u1E84\\u1E88\\u2C72]","X":"[\\u0058\\u24CD\\uFF38\\u1E8A\\u1E8C]","Y":"[\\u0059\\u24CE\\uFF39\\u1EF2\\u00DD\\u0176\\u1EF8\\u0232\\u1E8E\\u0178\\u1EF6\\u1EF4\\u01B3\\u024E\\u1EFE]","Z":"[\\u005A\\u24CF\\uFF3A\\u0179\\u1E90\\u017B\\u017D\\u1E92\\u1E94\\u01B5\\u0224\\u2C7F\\u2C6B\\uA762]","a":"[\\u0061\\u24D0\\uFF41\\u1E9A\\u00E0\\u00E1\\u00E2\\u1EA7\\u1EA5\\u1EAB\\u1EA9\\u00E3\\u0101\\u0103\\u1EB1\\u1EAF\\u1EB5\\u1EB3\\u0227\\u01E1\\u00E4\\u01DF\\u1EA3\\u00E5\\u01FB\\u01CE\\u0201\\u0203\\u1EA1\\u1EAD\\u1EB7\\u1E01\\u0105\\u2C65\\u0250]","aa":"[\\uA733]","ae":"[\\u00E6\\u01FD\\u01E3]","ao":"[\\uA735]","au":"[\\uA737]","av":"[\\uA739\\uA73B]","ay":"[\\uA73D]","b":"[\\u0062\\u24D1\\uFF42\\u1E03\\u1E05\\u1E07\\u0180\\u0183\\u0253]","c":"[\\u0063\\u24D2\\uFF43\\u0107\\u0109\\u010B\\u010D\\u00E7\\u1E09\\u0188\\u023C\\uA73F\\u2184]","d":"[\\u0064\\u24D3\\uFF44\\u1E0B\\u010F\\u1E0D\\u1E11\\u1E13\\u1E0F\\u0111\\u018C\\u0256\\u0257\\uA77A]","dz":"[\\u01F3\\u01C6]","e":"[\\u0065\\u24D4\\uFF45\\u00E8\\u00E9\\u00EA\\u1EC1\\u1EBF\\u1EC5\\u1EC3\\u1EBD\\u0113\\u1E15\\u1E17\\u0115\\u0117\\u00EB\\u1EBB\\u011B\\u0205\\u0207\\u1EB9\\u1EC7\\u0229\\u1E1D\\u0119\\u1E19\\u1E1B\\u0247\\u025B\\u01DD]","f":"[\\u0066\\u24D5\\uFF46\\u1E1F\\u0192\\uA77C]","g":"[\\u0067\\u24D6\\uFF47\\u01F5\\u011D\\u1E21\\u011F\\u0121\\u01E7\\u0123\\u01E5\\u0260\\uA7A1\\u1D79\\uA77F]","h":"[\\u0068\\u24D7\\uFF48\\u0125\\u1E23\\u1E27\\u021F\\u1E25\\u1E29\\u1E2B\\u1E96\\u0127\\u2C68\\u2C76\\u0265]","hv":"[\\u0195]","i":"[\\u0069\\u24D8\\uFF49\\u00EC\\u00ED\\u00EE\\u0129\\u012B\\u012D\\u00EF\\u1E2F\\u1EC9\\u01D0\\u0209\\u020B\\u1ECB\\u012F\\u1E2D\\u0268\\u0131]","j":"[\\u006A\\u24D9\\uFF4A\\u0135\\u01F0\\u0249]","k":"[\\u006B\\u24DA\\uFF4B\\u1E31\\u01E9\\u1E33\\u0137\\u1E35\\u0199\\u2C6A\\uA741\\uA743\\uA745\\uA7A3]","l":"[\\u006C\\u24DB\\uFF4C\\u0140\\u013A\\u013E\\u1E37\\u1E39\\u013C\\u1E3D\\u1E3B\\u017F\\u0142\\u019A\\u026B\\u2C61\\uA749\\uA781\\uA747]","lj":"[\\u01C9]","m":"[\\u006D\\u24DC\\uFF4D\\u1E3F\\u1E41\\u1E43\\u0271\\u026F]","n":"[\\u006E\\u24DD\\uFF4E\\u01F9\\u0144\\u00F1\\u1E45\\u0148\\u1E47\\u0146\\u1E4B\\u1E49\\u019E\\u0272\\u0149\\uA791\\uA7A5]","nj":"[\\u01CC]","o":"[\\u006F\\u24DE\\uFF4F\\u00F2\\u00F3\\u00F4\\u1ED3\\u1ED1\\u1ED7\\u1ED5\\u00F5\\u1E4D\\u022D\\u1E4F\\u014D\\u1E51\\u1E53\\u014F\\u022F\\u0231\\u00F6\\u022B\\u1ECF\\u0151\\u01D2\\u020D\\u020F\\u01A1\\u1EDD\\u1EDB\\u1EE1\\u1EDF\\u1EE3\\u1ECD\\u1ED9\\u01EB\\u01ED\\u00F8\\u01FF\\u0254\\uA74B\\uA74D\\u0275]","oi":"[\\u01A3]","ou":"[\\u0223]","oo":"[\\uA74F]","p":"[\\u0070\\u24DF\\uFF50\\u1E55\\u1E57\\u01A5\\u1D7D\\uA751\\uA753\\uA755]","q":"[\\u0071\\u24E0\\uFF51\\u024B\\uA757\\uA759]","r":"[\\u0072\\u24E1\\uFF52\\u0155\\u1E59\\u0159\\u0211\\u0213\\u1E5B\\u1E5D\\u0157\\u1E5F\\u024D\\u027D\\uA75B\\uA7A7\\uA783]","s":"[\\u0073\\u24E2\\uFF53\\u015B\\u1E65\\u015D\\u1E61\\u0161\\u1E67\\u1E63\\u1E69\\u0219\\u015F\\u023F\\uA7A9\\uA785\\u1E9B]","ss":"[\\u00DF]","t":"[\\u0074\\u24E3\\uFF54\\u1E6B\\u1E97\\u0165\\u1E6D\\u021B\\u0163\\u1E71\\u1E6F\\u0167\\u01AD\\u0288\\u2C66\\uA787]","tz":"[\\uA729]","u":"[\\u0075\\u24E4\\uFF55\\u00F9\\u00FA\\u00FB\\u0169\\u1E79\\u016B\\u1E7B\\u016D\\u00FC\\u01DC\\u01D8\\u01D6\\u01DA\\u1EE7\\u016F\\u0171\\u01D4\\u0215\\u0217\\u01B0\\u1EEB\\u1EE9\\u1EEF\\u1EED\\u1EF1\\u1EE5\\u1E73\\u0173\\u1E77\\u1E75\\u0289]","v":"[\\u0076\\u24E5\\uFF56\\u1E7D\\u1E7F\\u028B\\uA75F\\u028C]","vy":"[\\uA761]","w":"[\\u0077\\u24E6\\uFF57\\u1E81\\u1E83\\u0175\\u1E87\\u1E85\\u1E98\\u1E89\\u2C73]","x":"[\\u0078\\u24E7\\uFF58\\u1E8B\\u1E8D]","y":"[\\u0079\\u24E8\\uFF59\\u1EF3\\u00FD\\u0177\\u1EF9\\u0233\\u1E8F\\u00FF\\u1EF7\\u1E99\\u1EF5\\u01B4\\u024F\\u1EFF]","z":"[\\u007A\\u24E9\\uFF5A\\u017A\\u1E91\\u017C\\u017E\\u1E93\\u1E95\\u01B6\\u0225\\u0240\\u2C6C\\uA763]"},"researchesTests":["contentHasTOC","contentHasShortParagraphs","contentHasAssets","keywordInTitle","keywordInMetaDescription","keywordInPermalink","keywordIn10Percent","keywordInContent","keywordInSubheadings","keywordInImageAlt","keywordDensity","keywordNotUsed","lengthContent","lengthPermalink","linksHasInternal","linksHasExternals","linksNotAllExternals","titleStartWithKeyword","titleSentiment","titleHasPowerWords","titleHasNumber","hasContentAI"],"hasRedirection":true,"hasBreadcrumb":false},"homeUrl":"https:\/\/elvendrellturisme.dms3labs.cat\/es\/","objectID":26215,"objectType":"post","locale":"es","localeFull":"es_ES","overlayImages":{"play":{"name":"Icono de reproducci\u00f3n","url":"https:\/\/elvendrellturisme.dms3labs.cat\/wp-content\/plugins\/seo-by-rank-math\/assets\/admin\/img\/icon-play.png","path":"\/var\/www\/vhosts\/dms3labs.cat\/subdominis\/elvendrellturisme.dms3labs.cat\/wp-content\/plugins\/seo-by-rank-math\/assets\/admin\/img\/icon-play.png","position":"middle_center"},"gif":{"name":"Icono GIF","url":"https:\/\/elvendrellturisme.dms3labs.cat\/wp-content\/plugins\/seo-by-rank-math\/assets\/admin\/img\/icon-gif.png","path":"\/var\/www\/vhosts\/dms3labs.cat\/subdominis\/elvendrellturisme.dms3labs.cat\/wp-content\/plugins\/seo-by-rank-math\/assets\/admin\/img\/icon-gif.png","position":"middle_center"}},"defautOgImage":"https:\/\/elvendrellturisme.dms3labs.cat\/wp-content\/uploads\/2021\/03\/tv-el-vendrell.png","customPermalinks":true,"isUserRegistered":true,"autoSuggestKeywords":true,"connectSiteUrl":"https:\/\/rankmath.com\/auth?site=https%3A%2F%2Felvendrellturisme.dms3labs.cat%2Fes%2F&r=https%3A%2F%2Felvendrellturisme.dms3labs.cat%2Fes%2Fwp-json%2Fwp%2Fv2%2Fpages%2F26215%3Fnonce%3D20361aa608","maxTags":5,"trendsIcon":"<svg viewBox=\"0 0 610 610\"><path d=\"M18.85,446,174.32,290.48l58.08,58.08L76.93,504a14.54,14.54,0,0,1-20.55,0L18.83,466.48a14.54,14.54,0,0,1,0-20.55Z\" style=\"fill:#4285f4\"\/><path d=\"M242.65,242.66,377.59,377.6l-47.75,47.75a14.54,14.54,0,0,1-20.55,0L174.37,290.43l47.75-47.75A14.52,14.52,0,0,1,242.65,242.66Z\" style=\"fill:#ea4335\"\/><polygon points=\"319.53 319.53 479.26 159.8 537.34 217.88 377.61 377.62 319.53 319.53\" style=\"fill:#fabb05\"\/><path d=\"M594.26,262.73V118.61h0a16.94,16.94,0,0,0-16.94-16.94H433.2a16.94,16.94,0,0,0-12,28.92L565.34,274.71h0a16.94,16.94,0,0,0,28.92-12Z\" style=\"fill:#34a853\"\/><rect width=\"610\" height=\"610\" style=\"fill:none\"\/><\/svg>","showScore":true,"siteFavIcon":"https:\/\/elvendrellturisme.dms3labs.cat\/wp-content\/uploads\/cropped-logo-en-clau-de-sol-ffavicon-32x32.png","canUser":{"general":false,"advanced":false,"snippet":false,"social":false,"analysis":false,"analytics":false,"content_ai":false},"isPro":false,"is_front_page":false,"trendsUpgradeLink":"https:\/\/rankmath.com\/pricing\/?utm_source=Plugin&utm_medium=CE%20General%20Tab%20Trends&utm_campaign=WP","trendsUpgradeLabel":"Actualizar","trendsPreviewImage":"https:\/\/elvendrellturisme.dms3labs.cat\/wp-content\/plugins\/seo-by-rank-math\/assets\/admin\/img\/trends-preview.jpg","currentEditor":false,"homepageData":{"assessor":{"powerWords":["incre\u00edble","asombroso","maravilloso","\u00fanico","hermoso","felicidad","brillante","cautivador","carism\u00e1tico","impactante","claro","completamente","confidencial","confianza","significativo","creativo","definitivamente","delicioso","demostrar","apres\u00farate","decidido","digno","din\u00e1mico","impresionante","esencial","inspirador","innovador","intenso","eficaz","m\u00e1gico","magn\u00edfico","hist\u00f3rico","importante","incre\u00edble","indispensable","inolvidable","irresistible","legendario","luminoso","lujo","m\u00e1gico","magn\u00edfico","majestuoso","memorable","maravilloso","milagroso","motivador","necesario","nuevo","oficial","perfecto","apasionado","persuasivo","fenomenal","placer","popular","poder","prestigioso","prodigioso","profundo","pr\u00f3spero","poderoso","calidad","radiante","r\u00e1pido","exitoso","revolucionario","satisfecho","seguridad","sensacional","sereno","suntuoso","espl\u00e9ndido","sublime","sorprendente","talentoso","terror\u00edfico","\u00fanico","valor","vibrante","victorioso","vivo","verdaderamente","celoso","aut\u00e9ntico","aventurero","espectacular","exclusivo","garantizado","extraordinario","fabuloso","fascinante","formidable","genial","grandioso","gratuito","h\u00e1bil","ilimitado","impecable","infalible","infinitamente","influyente","ingenioso","inolvidable","irremplazable","l\u00edder","maestro","notable","novedoso","pionero","poderoso","reconocido","revolucionario","sorprendente","superior","triunfante","ultra","valiente","valioso","vanguardista","vigoroso","visionario","voluntad","vital","triunfo","glorioso","imparable","inigualable","inteligente","invencible","libertad","orgullo","paz","progreso","renovado","sabidur\u00eda","satisfacci\u00f3n","seguro","serenidad","superaci\u00f3n","talento","transcendente","transformador","valent\u00eda","victoria"],"diacritics":true,"researchesTests":["contentHasTOC","contentHasShortParagraphs","contentHasAssets","keywordInTitle","keywordInMetaDescription","keywordInPermalink","keywordIn10Percent","keywordInContent","keywordInSubheadings","keywordInImageAlt","keywordDensity","keywordNotUsed","lengthContent","lengthPermalink","linksHasInternal","linksHasExternals","linksNotAllExternals","titleStartWithKeyword","titleSentiment","titleHasPowerWords","titleHasNumber","hasContentAI"],"hasBreadcrumb":false,"serpData":{"title":"%sitename% %page% %sep% %sitedesc%","description":"","titleTemplate":"%sitename% %page% %sep% %sitedesc%","descriptionTemplate":"","focusKeywords":"","breadcrumbTitle":"Home","robots":{"index":true},"advancedRobots":{"max-snippet":"-1","max-video-preview":"-1","max-image-preview":"large"},"facebookTitle":"","facebookDescription":"","facebookImage":"","facebookImageID":""}}},"tocTitle":"Table of Contents","tocExcludeHeadings":[],"listStyle":"ul"},"_links":{"self":[{"href":"https:\/\/elvendrellturisme.dms3labs.cat\/es\/wp-json\/wp\/v2\/pages\/26215","targetHints":{"allow":["GET"]}}],"collection":[{"href":"https:\/\/elvendrellturisme.dms3labs.cat\/es\/wp-json\/wp\/v2\/pages"}],"about":[{"href":"https:\/\/elvendrellturisme.dms3labs.cat\/es\/wp-json\/wp\/v2\/types\/page"}],"author":[{"embeddable":true,"href":"https:\/\/elvendrellturisme.dms3labs.cat\/es\/wp-json\/wp\/v2\/users\/1"}],"replies":[{"embeddable":true,"href":"https:\/\/elvendrellturisme.dms3labs.cat\/es\/wp-json\/wp\/v2\/comments?post=26215"}],"version-history":[{"count":3,"href":"https:\/\/elvendrellturisme.dms3labs.cat\/es\/wp-json\/wp\/v2\/pages\/26215\/revisions"}],"predecessor-version":[{"id":27934,"href":"https:\/\/elvendrellturisme.dms3labs.cat\/es\/wp-json\/wp\/v2\/pages\/26215\/revisions\/27934"}],"wp:featuredmedia":[{"embeddable":true,"href":"https:\/\/elvendrellturisme.dms3labs.cat\/es\/wp-json\/wp\/v2\/media\/26025"}],"wp:attachment":[{"href":"https:\/\/elvendrellturisme.dms3labs.cat\/es\/wp-json\/wp\/v2\/media?parent=26215"}],"wp:term":[{"taxonomy":"dipi_cpt_category","embeddable":true,"href":"https:\/\/elvendrellturisme.dms3labs.cat\/es\/wp-json\/wp\/v2\/dipi_cpt_category?post=26215"}],"curies":[{"name":"wp","href":"https:\/\/api.w.org\/{rel}","templated":true}]}}