{"id":27210,"date":"2021-08-06T15:12:45","date_gmt":"2021-08-06T15:12:45","guid":{"rendered":"https:\/\/tv.dms3labs.cat\/culture-and-music\/museums\/"},"modified":"2025-10-20T10:29:28","modified_gmt":"2025-10-20T08:29:28","slug":"museums","status":"publish","type":"page","link":"https:\/\/elvendrellturisme.dms3labs.cat\/en\/culture-and-music\/museums\/","title":{"rendered":"Museums"},"content":{"rendered":"<p>[et_pb_section fb_built=&#8221;1&#8243; admin_label=&#8221;Hero&#8221; _builder_version=&#8221;4.16&#8243; background_enable_color=&#8221;off&#8221; use_background_color_gradient=&#8221;on&#8221; background_color_gradient_stops=&#8221;rgba(43,135,218,0) 50%|rgba(8,10,10,0.75) 100%&#8221; background_color_gradient_overlays_image=&#8221;on&#8221; background_color_gradient_start=&#8221;rgba(43,135,218,0)&#8221; background_color_gradient_start_position=&#8221;50%&#8221; background_color_gradient_end=&#8221;rgba(8,10,10,0.75)&#8221; background_image=&#8221;https:\/\/elvendrellturisme.dms3labs.cat\/wp-content\/uploads\/joan-guixens-2.jpg&#8221; min_height=&#8221;75vh&#8221; custom_padding=&#8221;101px|||0px|false|false&#8221; locked=&#8221;off&#8221; global_colors_info=&#8221;{}&#8221;][et_pb_row use_custom_gutter=&#8221;on&#8221; gutter_width=&#8221;1&#8243; make_equal=&#8221;on&#8221; module_class=&#8221; et_pb_row_fullwidth&#8221; _builder_version=&#8221;4.16&#8243; positioning=&#8221;absolute&#8221; position_origin_a=&#8221;bottom_center&#8221; width=&#8221;100%&#8221; width_tablet=&#8221;90%&#8221; width_phone=&#8221;80%&#8221; width_last_edited=&#8221;on|phone&#8221; max_width_tablet=&#8221;100%&#8221; max_width_last_edited=&#8221;off|desktop&#8221; custom_margin=&#8221;||||false|false&#8221; custom_padding=&#8221;||74px||false|false&#8221; make_fullwidth=&#8221;on&#8221; global_colors_info=&#8221;{}&#8221; width__hover_enabled=&#8221;off|desktop&#8221; custom_css_before__hover_enabled=&#8221;on|desktop&#8221; custom_css_before_last_edited=&#8221;on|desktop&#8221;][et_pb_column type=&#8221;4_4&#8243; _builder_version=&#8221;4.16&#8243; parallax=&#8221;on&#8221; custom_padding=&#8221;||||false|false&#8221; custom_css_main_element=&#8221;\tmargin: auto auto 0;&#8221; global_colors_info=&#8221;{}&#8221; custom_padding__hover=&#8221;|||&#8221;][et_pb_text admin_label=&#8221;Look Inside Title&#8221; _builder_version=&#8221;4.16&#8243; _module_preset=&#8221;5975d0da-a31c-4419-aa53-a11ada705cd8&#8243; header_text_color=&#8221;#ffffff&#8221; locked=&#8221;off&#8221; global_colors_info=&#8221;{}&#8221;]<\/p>\n<h1>vendrell museums<\/h1>\n<p>[\/et_pb_text][\/et_pb_column][\/et_pb_row][\/et_pb_section][et_pb_section fb_built=&#8221;1&#8243; custom_padding_last_edited=&#8221;on|phone&#8221; _builder_version=&#8221;4.16&#8243; _module_preset=&#8221;default&#8221; custom_padding=&#8221;6px||||false|false&#8221; custom_padding_tablet=&#8221;&#8221; custom_padding_phone=&#8221;4px||||false|false&#8221; global_colors_info=&#8221;{}&#8221;][et_pb_row column_structure=&#8221;1_6,1_6,1_6,1_6,1_6,1_6&#8243; _builder_version=&#8221;4.23.4&#8243; _module_preset=&#8221;3d512509-03f4-49c0-8c71-b925738b3ceb&#8221; width=&#8221;100%&#8221; border_width_bottom=&#8221;3px&#8221; locked=&#8221;off&#8221; global_colors_info=&#8221;{}&#8221;][et_pb_column type=&#8221;1_6&#8243; _builder_version=&#8221;4.16&#8243; _module_preset=&#8221;e538b53d-81a0-4dcd-bf4e-c24ed5e01d9e&#8221; background_enable_image=&#8221;off&#8221; link_option_url=&#8221;#museu-pau-casals&#8221; border_color_bottom=&#8221;#ffffff&#8221; border_width_all_tablet=&#8221;&#8221; border_width_all_phone=&#8221;0px&#8221; border_width_all_last_edited=&#8221;on|phone&#8221; border_width_bottom_tablet=&#8221;&#8221; border_width_bottom_phone=&#8221;4px&#8221; border_width_bottom_last_edited=&#8221;on|phone&#8221; global_colors_info=&#8221;{}&#8221;][et_pb_text _builder_version=&#8221;4.23.4&#8243; _module_preset=&#8221;75670887-6b9a-4e62-853f-184f90d66ac5&#8243; background_image=&#8221;https:\/\/elvendrellturisme.dms3labs.cat\/wp-content\/uploads\/museu-pau-casals-el-vendrell-turisme.jpg&#8221; global_colors_info=&#8221;{}&#8221; background_image__hover=&#8221;https:\/\/elvendrellturisme.dms3labs.cat\/wp-content\/uploads\/museu-pau-casals-el-vendrell-turisme.jpg&#8221;]<\/p>\n<h2>Vil\u00b7la Casals Museum<\/h2>\n<p>[\/et_pb_text][\/et_pb_column][et_pb_column type=&#8221;1_6&#8243; _builder_version=&#8221;4.16&#8243; _module_preset=&#8221;3948c57f-bd1b-4d4b-8c9a-0d8828761a16&#8243; link_option_url=&#8221;#museu-deu&#8221; border_color_bottom=&#8221;#ffffff&#8221; border_width_bottom_tablet=&#8221;&#8221; border_width_bottom_phone=&#8221;4px&#8221; border_width_bottom_last_edited=&#8221;on|phone&#8221; global_colors_info=&#8221;{}&#8221;][et_pb_text _builder_version=&#8221;4.27.4&#8243; _module_preset=&#8221;75670887-6b9a-4e62-853f-184f90d66ac5&#8243; background_image=&#8221;https:\/\/elvendrellturisme.dms3labs.cat\/wp-content\/uploads\/mg-1621.jpg&#8221; hover_enabled=&#8221;0&#8243; global_colors_info=&#8221;{}&#8221; background_image__hover=&#8221;https:\/\/elvendrellturisme.dms3labs.cat\/wp-content\/uploads\/mg-1621.jpg&#8221; title_text=&#8221;_MG_1621&#8243; sticky_enabled=&#8221;0&#8243;]<\/p>\n<h2>Deu Museum<\/h2>\n<p>[\/et_pb_text][\/et_pb_column][et_pb_column type=&#8221;1_6&#8243; _builder_version=&#8221;4.16&#8243; _module_preset=&#8221;c01bc4ba-52d4-4a48-a1cb-40de7dfd5c74&#8243; link_option_url=&#8221;#casa-nadiua-pc&#8221; border_width_right=&#8221;2px&#8221; border_color_bottom=&#8221;rgba(0,0,0,0)&#8221; border_width_right_tablet=&#8221;&#8221; border_width_right_phone=&#8221;0px&#8221; border_width_right_last_edited=&#8221;on|phone&#8221; border_width_bottom_tablet=&#8221;&#8221; border_width_bottom_phone=&#8221;4px&#8221; border_width_bottom_last_edited=&#8221;on|phone&#8221; global_colors_info=&#8221;{}&#8221;][et_pb_text _builder_version=&#8221;4.16&#8243; _module_preset=&#8221;75670887-6b9a-4e62-853f-184f90d66ac5&#8243; background_image=&#8221;https:\/\/elvendrellturisme.dms3labs.cat\/wp-content\/uploads\/2021\/04\/casa-nadiua-pau-casals.jpg&#8221; global_colors_info=&#8221;{}&#8221; background_image__hover=&#8221;https:\/\/elvendrellturisme.dms3labs.cat\/wp-content\/uploads\/2021\/04\/casa-nadiua-pau-casals.jpg&#8221;]<\/p>\n<h2>House of Pau Casals<\/h2>\n<p>[\/et_pb_text][\/et_pb_column][et_pb_column type=&#8221;1_6&#8243; _builder_version=&#8221;4.16&#8243; _module_preset=&#8221;c01bc4ba-52d4-4a48-a1cb-40de7dfd5c74&#8243; link_option_url=&#8221;#casa-museu-ag&#8221; border_width_right=&#8221;2px&#8221; border_color_bottom=&#8221;#ffffff&#8221; border_width_right_tablet=&#8221;&#8221; border_width_right_phone=&#8221;0px&#8221; border_width_right_last_edited=&#8221;on|phone&#8221; border_width_bottom_tablet=&#8221;&#8221; border_width_bottom_phone=&#8221;4px&#8221; border_width_bottom_last_edited=&#8221;on|phone&#8221; global_colors_info=&#8221;{}&#8221;][et_pb_text _builder_version=&#8221;4.16&#8243; _module_preset=&#8221;75670887-6b9a-4e62-853f-184f90d66ac5&#8243; background_image=&#8221;https:\/\/elvendrellturisme.dms3labs.cat\/wp-content\/uploads\/2021\/04\/casa-museu-angel-guimera.jpg&#8221; global_colors_info=&#8221;{}&#8221; background_image__hover=&#8221;https:\/\/elvendrellturisme.dms3labs.cat\/wp-content\/uploads\/2021\/04\/casa-museu-angel-guimera.jpg&#8221;]<\/p>\n<h2>\u00c0ngel Guimer\u00e0 House Museum<\/h2>\n<p>[\/et_pb_text][\/et_pb_column][et_pb_column type=&#8221;1_6&#8243; _builder_version=&#8221;4.16&#8243; _module_preset=&#8221;c01bc4ba-52d4-4a48-a1cb-40de7dfd5c74&#8243; link_option_url=&#8221;#fundacio-apeles-fenosa&#8221; global_colors_info=&#8221;{}&#8221;][et_pb_text _builder_version=&#8221;4.16&#8243; _module_preset=&#8221;75670887-6b9a-4e62-853f-184f90d66ac5&#8243; background_image=&#8221;https:\/\/elvendrellturisme.dms3labs.cat\/wp-content\/uploads\/2021\/04\/fundacio-apelles-fenosa-1.jpg&#8221; global_colors_info=&#8221;{}&#8221; background_image__hover=&#8221;https:\/\/elvendrellturisme.dms3labs.cat\/wp-content\/uploads\/2021\/04\/fundacio-apelles-fenosa-1.jpg&#8221;]<\/p>\n<h2>Apel\u00b7les Fenosa Museum<\/h2>\n<p>[\/et_pb_text][\/et_pb_column][et_pb_column type=&#8221;1_6&#8243; _builder_version=&#8221;4.23.4&#8243; _module_preset=&#8221;c01bc4ba-52d4-4a48-a1cb-40de7dfd5c74&#8243; link_option_url=&#8221;#fundacio-apeles-fenosa&#8221; global_colors_info=&#8221;{}&#8221;][et_pb_text _builder_version=&#8221;4.23.4&#8243; _module_preset=&#8221;75670887-6b9a-4e62-853f-184f90d66ac5&#8243; background_image=&#8221;https:\/\/elvendrellturisme.dms3labs.cat\/wp-content\/uploads\/museu-tabaris-2-e1720088387423.jpg&#8221; link_option_url=&#8221;#museu-tabaris&#8221; global_colors_info=&#8221;{}&#8221; background_image__hover=&#8221;https:\/\/elvendrellturisme.dms3labs.cat\/wp-content\/uploads\/museu-tabaris-2-e1720088387423.jpg&#8221;]<\/p>\n<h2>Tabaris Museum<\/h2>\n<p>[\/et_pb_text][\/et_pb_column][\/et_pb_row][\/et_pb_section][et_pb_section fb_built=&#8221;1&#8243; module_id=&#8221;museu-pau-casals&#8221; _builder_version=&#8221;4.16&#8243; _module_preset=&#8221;default&#8221; global_colors_info=&#8221;{}&#8221;][et_pb_row column_structure=&#8221;1_2,1_2&#8243; _builder_version=&#8221;4.16&#8243; _module_preset=&#8221;default&#8221; global_colors_info=&#8221;{}&#8221;][et_pb_column type=&#8221;1_2&#8243; _builder_version=&#8221;4.16&#8243; _module_preset=&#8221;default&#8221; global_colors_info=&#8221;{}&#8221;][et_pb_text _builder_version=&#8221;4.16&#8243; _module_preset=&#8221;68ea58d1-0a0d-4ff7-85ee-f9cbe626b1ec&#8221; global_colors_info=&#8221;{}&#8221;]<\/p>\n<h2>Vil\u00b7la Casals Museum<\/h2>\n<p>[\/et_pb_text][\/et_pb_column][et_pb_column type=&#8221;1_2&#8243; disabled_on=&#8221;on|on|off&#8221; _builder_version=&#8221;4.16&#8243; _module_preset=&#8221;default&#8221; global_colors_info=&#8221;{}&#8221;][\/et_pb_column][\/et_pb_row][et_pb_row _builder_version=&#8221;4.16&#8243; _module_preset=&#8221;default&#8221; global_colors_info=&#8221;{}&#8221;][et_pb_column type=&#8221;4_4&#8243; _builder_version=&#8221;4.16&#8243; _module_preset=&#8221;default&#8221; global_colors_info=&#8221;{}&#8221;][et_pb_text _builder_version=&#8221;4.16&#8243; _module_preset=&#8221;default&#8221; global_colors_info=&#8221;{}&#8221;]<\/p>\n<p>The Pau Casals Museum is located in the summerhouse that Pau Casals had built on the beach of Sant Salvador, in the municipality of El Vendrell. Your visit will allow you to discover the life and human legacy of one of the most important musicians of the 20th century and at the same time enjoy a unique heritage space.<\/p>\n<p>Located less than an hour from Barcelona and only twenty minutes from Tarragona, it has a magnificent neoclassical garden with sea views and shop and restaurant services. The museum offers a stable program of activities and exhibitions aimed at all audiences throughout the year.<\/p>\n<p>Declared by the Generalitat de Catalunya a Museum of National Interest due to its importance and the value of the set of goods it preserves, it presents an interactive, dynamic and participatory visit with a story that explains the figure of Pau Casals in all its dimensions as a musician, reinforcing the human and updated aspect of his legacy.<\/p>\n<p>[\/et_pb_text][\/et_pb_column][\/et_pb_row][et_pb_row _builder_version=&#8221;4.16&#8243; _module_preset=&#8221;default&#8221; global_colors_info=&#8221;{}&#8221;][et_pb_column type=&#8221;4_4&#8243; _builder_version=&#8221;4.16&#8243; _module_preset=&#8221;default&#8221; global_colors_info=&#8221;{}&#8221;][et_pb_image src=&#8221;https:\/\/elvendrellturisme.dms3labs.cat\/wp-content\/uploads\/museu-pau-casals-el-vendrell-turisme-3.jpg&#8221; title_text=&#8221;Museu-Pau-Casals-el-Vendrell-Turisme-3&#8243; force_fullwidth=&#8221;on&#8221; _builder_version=&#8221;4.23.4&#8243; _module_preset=&#8221;default&#8221; global_colors_info=&#8221;{}&#8221;][\/et_pb_image][\/et_pb_column][\/et_pb_row][et_pb_row column_structure=&#8221;1_3,1_3,1_3&#8243; make_equal=&#8221;on&#8221; _builder_version=&#8221;4.16&#8243; _module_preset=&#8221;default&#8221; global_colors_info=&#8221;{}&#8221;][et_pb_column type=&#8221;1_3&#8243; _builder_version=&#8221;4.16&#8243; _module_preset=&#8221;default&#8221; background_color=&#8221;#FFFFFF&#8221; custom_padding=&#8221;25px|25px|25px|25px|false|false&#8221; border_width_all=&#8221;1px&#8221; border_color_all=&#8221;#2A7BBF&#8221; box_shadow_style=&#8221;preset1&#8243; global_colors_info=&#8221;{}&#8221;][et_pb_text _builder_version=&#8221;4.16&#8243; _module_preset=&#8221;18e5c8b2-7d4a-4c62-92e3-d6b6ddee313e&#8221; border_color_all=&#8221;#535C60&#8243; global_colors_info=&#8221;{}&#8221;]<\/p>\n<h3>Information and booking<\/h3>\n<p>[\/et_pb_text][et_pb_blurb use_icon=&#8221;on&#8221; font_icon=&#8221;&#xe081;||divi||400&#8243; icon_color=&#8221;#73B3E8&#8243; icon_placement=&#8221;left&#8221; image_icon_width=&#8221;28px&#8221; _builder_version=&#8221;4.16&#8243; _module_preset=&#8221;default&#8221; width=&#8221;100%&#8221; custom_margin=&#8221;||10px||false|false&#8221; icon_font_size=&#8221;28px&#8221; global_colors_info=&#8221;{}&#8221;]<\/p>\n<p><a href=\"https:\/\/goo.gl\/maps\/ytPdCir8ReHNugHG9\" target=\"_blank\" rel=\"noopener\">Av. Palfuriana, 67<\/a><br \/><a href=\"https:\/\/goo.gl\/maps\/ytPdCir8ReHNugHG9\" target=\"_blank\" rel=\"noopener\"> Sant Salvador (El Vendrell)<\/a><\/p>\n<p>[\/et_pb_blurb][et_pb_blurb use_icon=&#8221;on&#8221; font_icon=&#8221;&#xe090;||divi||400&#8243; icon_color=&#8221;#73B3E8&#8243; icon_placement=&#8221;left&#8221; image_icon_width=&#8221;28px&#8221; _builder_version=&#8221;4.16&#8243; _module_preset=&#8221;default&#8221; width=&#8221;100%&#8221; custom_margin=&#8221;||10px||false|false&#8221; icon_font_size=&#8221;28px&#8221; global_colors_info=&#8221;{}&#8221;]<\/p>\n<p><a href=\"tel:977684276\">977 68 42 76<\/a><\/p>\n<p>[\/et_pb_blurb][et_pb_blurb use_icon=&#8221;on&#8221; font_icon=&#8221;&#xe076;||divi||400&#8243; icon_color=&#8221;#73B3E8&#8243; icon_placement=&#8221;left&#8221; image_icon_width=&#8221;28px&#8221; _builder_version=&#8221;4.16&#8243; _module_preset=&#8221;default&#8221; width=&#8221;100%&#8221; custom_margin=&#8221;||10px||false|false&#8221; icon_font_size=&#8221;28px&#8221; global_colors_info=&#8221;{}&#8221;]<\/p>\n<p><a href=\"mailto:museu@paucasals.org\">museu@paucasals.org<\/a><\/p>\n<p>[\/et_pb_blurb][et_pb_blurb use_icon=&#8221;on&#8221; font_icon=&#8221;&#xe0e3;||divi||400&#8243; icon_color=&#8221;#73B3E8&#8243; icon_placement=&#8221;left&#8221; image_icon_width=&#8221;28px&#8221; _builder_version=&#8221;4.16&#8243; _module_preset=&#8221;default&#8221; width=&#8221;100%&#8221; custom_margin=&#8221;||10px||false|false&#8221; icon_font_size=&#8221;28px&#8221; global_colors_info=&#8221;{}&#8221;]<\/p>\n<p><a href=\"https:\/\/www.paucasals.org\/visita\/\" target=\"_blank\" rel=\"noopener\">Visit the website<\/a><\/p>\n<p>[\/et_pb_blurb][et_pb_blurb use_icon=&#8221;on&#8221; font_icon=&#8221;&#xe60c;||divi||400&#8243; icon_color=&#8221;#73B3E8&#8243; icon_placement=&#8221;left&#8221; image_icon_width=&#8221;28px&#8221; _builder_version=&#8221;4.16&#8243; _module_preset=&#8221;default&#8221; width=&#8221;100%&#8221; custom_margin=&#8221;||10px||false|false&#8221; icon_font_size=&#8221;28px&#8221; global_colors_info=&#8221;{}&#8221;]<\/p>\n<p><strong><a href=\"https:\/\/ticketsonline.paucasals.org\" target=\"_blank\" rel=\"noopener\">Buy tickets<\/a><\/strong><\/p>\n<p>[\/et_pb_blurb][et_pb_blurb use_icon=&#8221;on&#8221; font_icon=&#8221;&#xe0f3;||divi||400&#8243; icon_color=&#8221;#73B3E8&#8243; icon_placement=&#8221;left&#8221; image_icon_width=&#8221;28px&#8221; _builder_version=&#8221;4.16&#8243; _module_preset=&#8221;default&#8221; width=&#8221;100%&#8221; custom_margin=&#8221;||10px||false|false&#8221; icon_font_size=&#8221;28px&#8221; global_colors_info=&#8221;{}&#8221;]<\/p>\n<p><strong>Prices<\/strong><\/p>\n<p>General: 8\u20ac<\/p>\n<p>Reduced: 6\u20ac<\/p>\n<p>[\/et_pb_blurb][\/et_pb_column][et_pb_column type=&#8221;1_3&#8243; _builder_version=&#8221;4.16&#8243; _module_preset=&#8221;default&#8221; background_color=&#8221;#FFFFFF&#8221; custom_padding=&#8221;25px|25px|25px|25px|false|false&#8221; border_width_all=&#8221;1px&#8221; border_color_all=&#8221;#2A7BBF&#8221; box_shadow_style=&#8221;preset1&#8243; global_colors_info=&#8221;{}&#8221;][et_pb_text _builder_version=&#8221;4.16&#8243; _module_preset=&#8221;18e5c8b2-7d4a-4c62-92e3-d6b6ddee313e&#8221; global_colors_info=&#8221;{}&#8221;]<\/p>\n<h3>Schedule<\/h3>\n<p>[\/et_pb_text][et_pb_accordion icon_color=&#8221;#2A7BBF&#8221; _builder_version=&#8221;4.16&#8243; _module_preset=&#8221;default&#8221; toggle_level=&#8221;h4&#8243; custom_padding=&#8221;10px||0px||false|false&#8221; border_width_all=&#8221;0px&#8221; locked=&#8221;off&#8221; global_colors_info=&#8221;{}&#8221;][et_pb_accordion_item title=&#8221;Winter (From 12\/09 to 23\/06)&#8221; open=&#8221;on&#8221; closed_toggle_background_color=&#8221;#ffffff&#8221; icon_color=&#8221;#2A7BBF&#8221; open_icon_color=&#8221;#2A7BBF&#8221; _builder_version=&#8221;4.16&#8243; _module_preset=&#8221;default&#8221; body_line_height=&#8221;1.2em&#8221; global_colors_info=&#8221;{}&#8221; toggle_font_size=&#8221;16px&#8221;]<\/p>\n<p><strong>Tuesday to Friday<\/strong><br \/>10 a.m. to 2 p.m. \/ 4 p.m. to 6 p.m.<\/p>\n<p><strong>Saturdays<\/strong><br \/>10 a.m. to 2 p.m. \/ 4 p.m. to 7 p.m.<\/p>\n<p><strong>Sundays and holidays<\/strong><br \/>10 a.m. to 2 p.m.<\/p>\n<p><strong>Closed:<\/strong><\/p>\n<p>Every Monday<\/p>\n<p>1, 5, 6 January \u00b7 25, 26 December<br \/>December 24, 31 (4-6pm)<\/p>\n<p>[\/et_pb_accordion_item][et_pb_accordion_item title=&#8221;Summer (From 24\/06 to 11\/09)&#8221; closed_toggle_background_color=&#8221;#ffffff&#8221; _builder_version=&#8221;4.16&#8243; _module_preset=&#8221;default&#8221; body_line_height=&#8221;1.2em&#8221; global_colors_info=&#8221;{}&#8221; toggle_font_size=&#8221;16px&#8221; open=&#8221;off&#8221;]<\/p>\n<p><strong>Tuesday to Saturdays<\/strong><br \/>10 a.m. to 2 p.m. \/ 4.30 p.m. to 8 p.m.<\/p>\n<p><strong>Sundays and holidays<\/strong><br \/>10 a.m. to 2 p.m.<\/p>\n<p><strong>Closed on Mondays<\/strong><\/p>\n<p>[\/et_pb_accordion_item][\/et_pb_accordion][\/et_pb_column][et_pb_column type=&#8221;1_3&#8243; _builder_version=&#8221;4.16&#8243; _module_preset=&#8221;default&#8221; background_image=&#8221;https:\/\/elvendrellturisme.dms3labs.cat\/wp-content\/uploads\/joan-guixens-3.jpg&#8221; box_shadow_style=&#8221;preset1&#8243; global_colors_info=&#8221;{}&#8221;][et_pb_divider show_divider=&#8221;off&#8221; _builder_version=&#8221;4.16&#8243; _module_preset=&#8221;default&#8221; min_height=&#8221;25vh&#8221; global_colors_info=&#8221;{}&#8221;][\/et_pb_divider][\/et_pb_column][\/et_pb_row][\/et_pb_section][et_pb_section fb_built=&#8221;1&#8243; module_id=&#8221;museu-deu&#8221; _builder_version=&#8221;4.16&#8243; _module_preset=&#8221;default&#8221; background_color=&#8221;rgba(194,227,241,0.2)&#8221; global_colors_info=&#8221;{}&#8221;][et_pb_row column_structure=&#8221;1_2,1_2&#8243; _builder_version=&#8221;4.16&#8243; _module_preset=&#8221;default&#8221; global_colors_info=&#8221;{}&#8221;][et_pb_column type=&#8221;1_2&#8243; disabled_on=&#8221;off|off|off&#8221; _builder_version=&#8221;4.16&#8243; _module_preset=&#8221;default&#8221; global_colors_info=&#8221;{}&#8221;][et_pb_text _builder_version=&#8221;4.16&#8243; _module_preset=&#8221;68ea58d1-0a0d-4ff7-85ee-f9cbe626b1ec&#8221; header_text_align=&#8221;left&#8221; header_2_text_align=&#8221;right&#8221; global_colors_info=&#8221;{}&#8221;]<\/p>\n<h2 style=\"text-align: left;\">Deu Museum<\/h2>\n<p>[\/et_pb_text][\/et_pb_column][et_pb_column type=&#8221;1_2&#8243; disabled_on=&#8221;off|off|off&#8221; _builder_version=&#8221;4.16&#8243; _module_preset=&#8221;default&#8221; global_colors_info=&#8221;{}&#8221;][\/et_pb_column][\/et_pb_row][et_pb_row _builder_version=&#8221;4.16&#8243; _module_preset=&#8221;default&#8221; global_colors_info=&#8221;{}&#8221;][et_pb_column type=&#8221;4_4&#8243; disabled_on=&#8221;off|off|off&#8221; _builder_version=&#8221;4.16&#8243; _module_preset=&#8221;default&#8221; global_colors_info=&#8221;{}&#8221;][et_pb_text _builder_version=&#8221;4.16&#8243; _module_preset=&#8221;default&#8221; global_colors_info=&#8221;{}&#8221;]<\/p>\n<p>The Deu Museum has one of the most important art collections in the country, with pieces dating from the 12th Century to the present day: carvings, rugs, basins, sculptures and paintings, precious metals, glass and ivory. These artistic pieces can be seen wonderfully curated, in which the preservation and arrangement of the works have been meticulously cared for.<\/p>\n<p>[\/et_pb_text][\/et_pb_column][\/et_pb_row][et_pb_row _builder_version=&#8221;4.16&#8243; _module_preset=&#8221;default&#8221; global_colors_info=&#8221;{}&#8221;][et_pb_column type=&#8221;4_4&#8243; disabled_on=&#8221;off|off|off&#8221; _builder_version=&#8221;4.16&#8243; _module_preset=&#8221;default&#8221; global_colors_info=&#8221;{}&#8221;][et_pb_video src=&#8221;https:\/\/www.youtube.com\/watch?v=fKEVw9RsJq8&#8243; _builder_version=&#8221;4.16&#8243; _module_preset=&#8221;default&#8221; global_colors_info=&#8221;{}&#8221;][\/et_pb_video][\/et_pb_column][\/et_pb_row][et_pb_row column_structure=&#8221;1_3,1_3,1_3&#8243; make_equal=&#8221;on&#8221; _builder_version=&#8221;4.16&#8243; _module_preset=&#8221;default&#8221; global_colors_info=&#8221;{}&#8221;][et_pb_column type=&#8221;1_3&#8243; _builder_version=&#8221;4.16&#8243; _module_preset=&#8221;default&#8221; background_image=&#8221;https:\/\/elvendrellturisme.dms3labs.cat\/wp-content\/uploads\/museu-deu-3-1.jpg&#8221; box_shadow_style=&#8221;preset1&#8243; global_colors_info=&#8221;{}&#8221;][et_pb_divider show_divider=&#8221;off&#8221; _builder_version=&#8221;4.16&#8243; _module_preset=&#8221;default&#8221; min_height=&#8221;25vh&#8221; global_colors_info=&#8221;{}&#8221;][\/et_pb_divider][\/et_pb_column][et_pb_column type=&#8221;1_3&#8243; _builder_version=&#8221;4.16&#8243; _module_preset=&#8221;default&#8221; background_color=&#8221;#FFFFFF&#8221; custom_padding=&#8221;25px|25px|25px|25px|false|false&#8221; border_width_all=&#8221;1px&#8221; border_color_all=&#8221;#2A7BBF&#8221; box_shadow_style=&#8221;preset1&#8243; global_colors_info=&#8221;{}&#8221;][et_pb_text _builder_version=&#8221;4.16&#8243; _module_preset=&#8221;18e5c8b2-7d4a-4c62-92e3-d6b6ddee313e&#8221; border_color_all=&#8221;#535C60&#8243; global_colors_info=&#8221;{}&#8221;]<\/p>\n<h3>Information and booking<\/h3>\n<p>[\/et_pb_text][et_pb_blurb use_icon=&#8221;on&#8221; font_icon=&#8221;&#xe081;||divi||400&#8243; icon_color=&#8221;#73B3E8&#8243; icon_placement=&#8221;left&#8221; image_icon_width=&#8221;28px&#8221; _builder_version=&#8221;4.16&#8243; _module_preset=&#8221;default&#8221; width=&#8221;100%&#8221; custom_margin=&#8221;||10px||false|false&#8221; icon_font_size=&#8221;28px&#8221; global_colors_info=&#8221;{}&#8221;]<\/p>\n<p><a href=\"https:\/\/goo.gl\/maps\/qpKYFBi18VQauHYR8\" target=\"_blank\" rel=\"noopener\">Pla\u00e7a Nova, 6<\/a><br \/><a href=\"https:\/\/goo.gl\/maps\/qpKYFBi18VQauHYR8\" target=\"_blank\" rel=\"noopener\"> El Vendrell<\/a><\/p>\n<p>[\/et_pb_blurb][et_pb_blurb use_icon=&#8221;on&#8221; font_icon=&#8221;&#xe090;||divi||400&#8243; icon_color=&#8221;#73B3E8&#8243; icon_placement=&#8221;left&#8221; image_icon_width=&#8221;28px&#8221; _builder_version=&#8221;4.16&#8243; _module_preset=&#8221;default&#8221; width=&#8221;100%&#8221; custom_margin=&#8221;||10px||false|false&#8221; icon_font_size=&#8221;28px&#8221; global_colors_info=&#8221;{}&#8221;]<\/p>\n<p><a href=\"tel:977666308\">977 66 63 08<\/a><\/p>\n<p>[\/et_pb_blurb][et_pb_blurb use_icon=&#8221;on&#8221; font_icon=&#8221;&#xe076;||divi||400&#8243; icon_color=&#8221;#73B3E8&#8243; icon_placement=&#8221;left&#8221; image_icon_width=&#8221;28px&#8221; _builder_version=&#8221;4.16&#8243; _module_preset=&#8221;default&#8221; width=&#8221;100%&#8221; custom_margin=&#8221;||10px||false|false&#8221; icon_font_size=&#8221;28px&#8221; global_colors_info=&#8221;{}&#8221;]<\/p>\n<p><a href=\"mailto:museudeu@elvendrell.net\">museudeu@elvendrell.net<\/a><\/p>\n<p>[\/et_pb_blurb][et_pb_blurb use_icon=&#8221;on&#8221; font_icon=&#8221;&#xe0e3;||divi||400&#8243; icon_color=&#8221;#73B3E8&#8243; icon_placement=&#8221;left&#8221; image_icon_width=&#8221;28px&#8221; _builder_version=&#8221;4.16&#8243; _module_preset=&#8221;default&#8221; width=&#8221;100%&#8221; custom_margin=&#8221;||10px||false|false&#8221; icon_font_size=&#8221;28px&#8221; global_colors_info=&#8221;{}&#8221;]<\/p>\n<p><a href=\"https:\/\/museus.elvendrell.net\/museu-deu\/\" target=\"_blank\" rel=\"noopener\">Visit the website<\/a><\/p>\n<p>[\/et_pb_blurb][et_pb_blurb use_icon=&#8221;on&#8221; font_icon=&#8221;&#xe60c;||divi||400&#8243; icon_color=&#8221;#73B3E8&#8243; icon_placement=&#8221;left&#8221; image_icon_width=&#8221;28px&#8221; _builder_version=&#8221;4.27.4&#8243; _module_preset=&#8221;default&#8221; width=&#8221;100%&#8221; hover_enabled=&#8221;0&#8243; icon_font_size=&#8221;28px&#8221; global_colors_info=&#8221;{}&#8221; sticky_enabled=&#8221;0&#8243;]<\/p>\n<p><strong><a href=\"https:\/\/museusdelvendrell.koobin.com\/?action=PU_evento&amp;Ev_id=9143\" target=\"_blank\" rel=\"noopener\">Buy tickets<\/a><\/strong><\/p>\n<p>[\/et_pb_blurb][et_pb_blurb use_icon=&#8221;on&#8221; font_icon=&#8221;&#xe0f3;||divi||400&#8243; icon_color=&#8221;#73B3E8&#8243; icon_placement=&#8221;left&#8221; image_icon_width=&#8221;28px&#8221; _builder_version=&#8221;4.16&#8243; _module_preset=&#8221;default&#8221; width=&#8221;100%&#8221; custom_margin=&#8221;||10px||false|false&#8221; icon_font_size=&#8221;28px&#8221; global_colors_info=&#8221;{}&#8221;]<\/p>\n<p><strong>Price:<\/strong> 5,00 \u20ac.<br \/><strong>Reduced price<\/strong>: 2,25 \u20ac.<\/p>\n<p>[\/et_pb_blurb][\/et_pb_column][et_pb_column type=&#8221;1_3&#8243; _builder_version=&#8221;4.16&#8243; _module_preset=&#8221;default&#8221; background_color=&#8221;#FFFFFF&#8221; custom_padding=&#8221;25px|25px|25px|25px|false|false&#8221; border_width_all=&#8221;1px&#8221; border_color_all=&#8221;#2A7BBF&#8221; box_shadow_style=&#8221;preset1&#8243; global_colors_info=&#8221;{}&#8221;][et_pb_text _builder_version=&#8221;4.16&#8243; _module_preset=&#8221;18e5c8b2-7d4a-4c62-92e3-d6b6ddee313e&#8221; global_colors_info=&#8221;{}&#8221;]<\/p>\n<h3>Schedule<\/h3>\n<p>[\/et_pb_text][et_pb_accordion icon_color=&#8221;#2A7BBF&#8221; _builder_version=&#8221;4.16&#8243; _module_preset=&#8221;default&#8221; toggle_level=&#8221;h4&#8243; custom_padding=&#8221;10px||0px||false|false&#8221; border_width_all=&#8221;0px&#8221; global_colors_info=&#8221;{}&#8221;][et_pb_accordion_item title=&#8221;Winter (from 1 September to 30 June)&#8221; open=&#8221;on&#8221; closed_toggle_background_color=&#8221;#ffffff&#8221; icon_color=&#8221;#2A7BBF&#8221; open_icon_color=&#8221;#2A7BBF&#8221; _builder_version=&#8221;4.16&#8243; _module_preset=&#8221;default&#8221; body_line_height=&#8221;1.2em&#8221; global_colors_info=&#8221;{}&#8221; toggle_font_size=&#8221;16px&#8221;]<\/p>\n<p><strong>Tuesday to Friday<\/strong><br \/>10 a.m. to 2 p.m. \/ 5 p.m. to 7 p.m.<\/p>\n<p><strong>Saturdays<\/strong><br \/>11 a.m. to 2 p.m. \/ 5 p.m. to 7 p.m.<\/p>\n<p><strong>Sundays and holidays<\/strong><br \/>11 a.m. to 2 p.m.<\/p>\n<p><strong>Closed on Mondays<\/strong><\/p>\n<p>[\/et_pb_accordion_item][et_pb_accordion_item title=&#8221;Summer (from 1 July to 31 August)&#8221; closed_toggle_background_color=&#8221;#ffffff&#8221; _builder_version=&#8221;4.16&#8243; _module_preset=&#8221;default&#8221; body_line_height=&#8221;1.2em&#8221; global_colors_info=&#8221;{}&#8221; toggle_font_size=&#8221;16px&#8221; open=&#8221;off&#8221;]<\/p>\n<p><strong>Tuesday to Friday<\/strong><br \/>10 a.m. to 2 p.m. \/ 6 p.m. to 8 p.m.<\/p>\n<p><strong>Saturdays<\/strong><br \/>11 a.m. to 2 p.m. \/ 6 p.m. to 8 p.m.<\/p>\n<p><strong>Sundays and holidays<\/strong><br \/>11 a.m. to 2 p.m.<\/p>\n<p><strong>Closed on Mondays<\/strong><\/p>\n<p>[\/et_pb_accordion_item][\/et_pb_accordion][\/et_pb_column][\/et_pb_row][\/et_pb_section][et_pb_section fb_built=&#8221;1&#8243; disabled_on=&#8221;off|off|off&#8221; module_id=&#8221;casa-nadiua-pc&#8221; _builder_version=&#8221;4.16&#8243; _module_preset=&#8221;default&#8221; background_color=&#8221;RGBA(0,0,0,0)&#8221; global_colors_info=&#8221;{}&#8221;][et_pb_row column_structure=&#8221;1_2,1_2&#8243; _builder_version=&#8221;4.16&#8243; _module_preset=&#8221;default&#8221; global_colors_info=&#8221;{}&#8221;][et_pb_column type=&#8221;1_2&#8243; _builder_version=&#8221;4.16&#8243; _module_preset=&#8221;default&#8221; global_colors_info=&#8221;{}&#8221;][et_pb_text _builder_version=&#8221;4.16&#8243; _module_preset=&#8221;68ea58d1-0a0d-4ff7-85ee-f9cbe626b1ec&#8221; custom_padding=&#8221;|0px||||&#8221; global_colors_info=&#8221;{}&#8221;]<\/p>\n<h2>House of Pau Casals<\/h2>\n<p>[\/et_pb_text][\/et_pb_column][et_pb_column type=&#8221;1_2&#8243; disabled_on=&#8221;on|on|off&#8221; _builder_version=&#8221;4.16&#8243; _module_preset=&#8221;default&#8221; global_colors_info=&#8221;{}&#8221;][\/et_pb_column][\/et_pb_row][et_pb_row _builder_version=&#8221;4.16&#8243; _module_preset=&#8221;default&#8221; global_colors_info=&#8221;{}&#8221;][et_pb_column type=&#8221;4_4&#8243; _builder_version=&#8221;4.16&#8243; _module_preset=&#8221;default&#8221; global_colors_info=&#8221;{}&#8221;][et_pb_text _builder_version=&#8221;4.16&#8243; _module_preset=&#8221;default&#8221; global_colors_info=&#8221;{}&#8221;]<\/p>\n<p>Pau Casals (1876-1973) was and is one of the greatest cellists of all time. Beyond music, he became a tireless defender of peace and freedom of the people, in an era shaken by wars and oppression. The house where Pau Casals was born preserves the atmosphere of a house of a very humble family from the end of the 19th Century. On the ground floor of the house you can follow Pau Casals\u2019 childhood related to the town through photographs and two very significant musical instruments that marked the beginning of this maestro\u2019s career: the \u201ccarbasseta\u201d (a small cello made from a gourd) and the \u201cgralla\u201d (traditional Catalan double reed instrument). A staircase next to the narrow entrance door leads to the two floors that the Casals family occupied.<\/p>\n<p>Nearby places of interest related to Pau Casals: parish church and baroque organ; El Vendrell cemetery; the Pau Casals School of Music Auditorium; Museum Villa Casals; Pau Casals Auditorium and Sant Salvador hermitage.<\/p>\n<p><strong>Services:<\/strong> guided tours; Pau Casals Route with organ listening; shop.<\/p>\n<p>[\/et_pb_text][et_pb_testimonial quote_icon_color=&#8221;#2A7BBF&#8221; _builder_version=&#8221;4.16&#8243; _module_preset=&#8221;default&#8221; background_color=&#8221;rgba(194,227,241,0.2)&#8221; global_colors_info=&#8221;{}&#8221;]<\/p>\n<p>\u201cFortunately, during my travels to so many foreign countries [&#8230;] I have never forgotten about the child of El Vendrell\u201d<\/p>\n<p>[\/et_pb_testimonial][\/et_pb_column][\/et_pb_row][et_pb_row _builder_version=&#8221;4.16&#8243; _module_preset=&#8221;default&#8221; global_colors_info=&#8221;{}&#8221;][et_pb_column type=&#8221;4_4&#8243; _builder_version=&#8221;4.16&#8243; _module_preset=&#8221;default&#8221; global_colors_info=&#8221;{}&#8221;][et_pb_video src=&#8221;https:\/\/www.youtube.com\/watch?v=y26ho7PF_qo&#8221; _builder_version=&#8221;4.16&#8243; _module_preset=&#8221;default&#8221; global_colors_info=&#8221;{}&#8221;][\/et_pb_video][\/et_pb_column][\/et_pb_row][\/et_pb_section][et_pb_section fb_built=&#8221;1&#8243; _builder_version=&#8221;4.16&#8243; _module_preset=&#8221;default&#8221; background_enable_color=&#8221;off&#8221; locked=&#8221;off&#8221; global_colors_info=&#8221;{}&#8221;][et_pb_row column_structure=&#8221;1_3,1_3,1_3&#8243; make_equal=&#8221;on&#8221; _builder_version=&#8221;4.16&#8243; _module_preset=&#8221;default&#8221; global_colors_info=&#8221;{}&#8221;][et_pb_column type=&#8221;1_3&#8243; _builder_version=&#8221;4.16&#8243; _module_preset=&#8221;default&#8221; background_color=&#8221;#FFFFFF&#8221; custom_padding=&#8221;25px|25px|25px|25px|false|false&#8221; border_width_all=&#8221;1px&#8221; border_color_all=&#8221;#2A7BBF&#8221; box_shadow_style=&#8221;preset1&#8243; global_colors_info=&#8221;{}&#8221;][et_pb_text _builder_version=&#8221;4.16&#8243; _module_preset=&#8221;18e5c8b2-7d4a-4c62-92e3-d6b6ddee313e&#8221; border_color_all=&#8221;#535C60&#8243; global_colors_info=&#8221;{}&#8221;]<\/p>\n<h3>Information and booking<\/h3>\n<p>[\/et_pb_text][et_pb_blurb use_icon=&#8221;on&#8221; font_icon=&#8221;&#xe081;||divi||400&#8243; icon_color=&#8221;#73B3E8&#8243; icon_placement=&#8221;left&#8221; image_icon_width=&#8221;28px&#8221; _builder_version=&#8221;4.16&#8243; _module_preset=&#8221;default&#8221; width=&#8221;100%&#8221; custom_margin=&#8221;||10px||false|false&#8221; icon_font_size=&#8221;28px&#8221; global_colors_info=&#8221;{}&#8221;]<\/p>\n<p><a href=\"https:\/\/goo.gl\/maps\/tnLphyhRPzZdD1pt9\" target=\"_blank\" rel=\"noopener\">C\/ Santa Anna, 4<\/a><br \/><a href=\"https:\/\/goo.gl\/maps\/tnLphyhRPzZdD1pt9\" target=\"_blank\" rel=\"noopener\"> El Vendrell<\/a><\/p>\n<p>[\/et_pb_blurb][et_pb_blurb use_icon=&#8221;on&#8221; font_icon=&#8221;&#xe090;||divi||400&#8243; icon_color=&#8221;#73B3E8&#8243; icon_placement=&#8221;left&#8221; image_icon_width=&#8221;28px&#8221; _builder_version=&#8221;4.16&#8243; _module_preset=&#8221;default&#8221; width=&#8221;100%&#8221; custom_margin=&#8221;||10px||false|false&#8221; icon_font_size=&#8221;28px&#8221; global_colors_info=&#8221;{}&#8221;]<\/p>\n<p><a href=\"tel:977181819\">977 18 18 19<\/a><\/p>\n<p>[\/et_pb_blurb][et_pb_blurb use_icon=&#8221;on&#8221; font_icon=&#8221;&#xe076;||divi||400&#8243; icon_color=&#8221;#73B3E8&#8243; icon_placement=&#8221;left&#8221; image_icon_width=&#8221;28px&#8221; _builder_version=&#8221;4.16&#8243; _module_preset=&#8221;default&#8221; width=&#8221;100%&#8221; custom_margin=&#8221;||10px||false|false&#8221; icon_font_size=&#8221;28px&#8221; global_colors_info=&#8221;{}&#8221;]<\/p>\n<p><a href=\"mailto:visitesmuseus@elvendrell.net\">casapaucasals@elvendrell.net<\/a><\/p>\n<p>[\/et_pb_blurb][et_pb_blurb use_icon=&#8221;on&#8221; font_icon=&#8221;&#xe0e3;||divi||400&#8243; icon_color=&#8221;#73B3E8&#8243; icon_placement=&#8221;left&#8221; image_icon_width=&#8221;28px&#8221; _builder_version=&#8221;4.16&#8243; _module_preset=&#8221;default&#8221; width=&#8221;100%&#8221; custom_margin=&#8221;||10px||false|false&#8221; icon_font_size=&#8221;28px&#8221; global_colors_info=&#8221;{}&#8221;]<\/p>\n<p><a href=\"https:\/\/museus.elvendrell.net\/casa-nadiua-de-pau-casals\/\" target=\"_blank\" rel=\"noopener\">Visit the website<\/a><\/p>\n<p>[\/et_pb_blurb][et_pb_blurb use_icon=&#8221;on&#8221; font_icon=&#8221;&#xe60c;||divi||400&#8243; icon_color=&#8221;#73B3E8&#8243; icon_placement=&#8221;left&#8221; image_icon_width=&#8221;28px&#8221; _builder_version=&#8221;4.16&#8243; _module_preset=&#8221;default&#8221; width=&#8221;100%&#8221; icon_font_size=&#8221;28px&#8221; global_colors_info=&#8221;{}&#8221;]<\/p>\n<p><strong><a href=\"https:\/\/museusdelvendrell.koobin.com\/birthplace-pau-casals-el-vendrell\" target=\"_blank\" rel=\"noopener\">Buy tickets<\/a><\/strong><\/p>\n<p>[\/et_pb_blurb][et_pb_blurb use_icon=&#8221;on&#8221; font_icon=&#8221;&#xe0f3;||divi||400&#8243; icon_color=&#8221;#73B3E8&#8243; icon_placement=&#8221;left&#8221; image_icon_width=&#8221;28px&#8221; _builder_version=&#8221;4.16&#8243; _module_preset=&#8221;default&#8221; width=&#8221;100%&#8221; custom_margin=&#8221;||10px||false|false&#8221; icon_font_size=&#8221;28px&#8221; global_colors_info=&#8221;{}&#8221;]<\/p>\n<p><strong>Preu:<\/strong> 2,20 \u20ac<br \/><strong>Reduced price<\/strong> 1,00 \u20ac<br \/><strong>Price for schools\u00a0<\/strong>1,00 \u20ac<\/p>\n<p>[\/et_pb_blurb][\/et_pb_column][et_pb_column type=&#8221;1_3&#8243; _builder_version=&#8221;4.16&#8243; _module_preset=&#8221;default&#8221; background_color=&#8221;#FFFFFF&#8221; custom_padding=&#8221;25px|25px|25px|25px|false|false&#8221; border_width_all=&#8221;1px&#8221; border_color_all=&#8221;#2A7BBF&#8221; box_shadow_style=&#8221;preset1&#8243; global_colors_info=&#8221;{}&#8221;][et_pb_text _builder_version=&#8221;4.16&#8243; _module_preset=&#8221;18e5c8b2-7d4a-4c62-92e3-d6b6ddee313e&#8221; global_colors_info=&#8221;{}&#8221;]<\/p>\n<h3>Schedule<\/h3>\n<p>[\/et_pb_text][et_pb_accordion icon_color=&#8221;#2A7BBF&#8221; _builder_version=&#8221;4.16&#8243; _module_preset=&#8221;default&#8221; toggle_level=&#8221;h4&#8243; custom_padding=&#8221;10px||0px||false|false&#8221; border_width_all=&#8221;0px&#8221; global_colors_info=&#8221;{}&#8221;][et_pb_accordion_item title=&#8221;Winter (September 1 to June 30)&#8221; open=&#8221;on&#8221; closed_toggle_background_color=&#8221;#ffffff&#8221; icon_color=&#8221;#2A7BBF&#8221; open_icon_color=&#8221;#2A7BBF&#8221; _builder_version=&#8221;4.16&#8243; _module_preset=&#8221;default&#8221; body_line_height=&#8221;1.2em&#8221; global_colors_info=&#8221;{}&#8221; toggle_font_size=&#8221;16px&#8221;]<\/p>\n<p><strong>Tuesday to Friday<\/strong><br \/>10 a.m. to 2 p.m. \/ 5 p.m. to 7 p.m.<\/p>\n<p><strong>Saturdays<\/strong><br \/>11 a.m. to 2 p.m. \/ 5 p.m. to 7 p.m.<\/p>\n<p><strong>Sundays and holidays<\/strong><br \/>11 a.m. to 2 p.m.<\/p>\n<p><strong>Closed on Mondays<\/strong><\/p>\n<p>[\/et_pb_accordion_item][et_pb_accordion_item title=&#8221;Summer (From July 1 to August 31)&#8221; closed_toggle_background_color=&#8221;#ffffff&#8221; _builder_version=&#8221;4.16&#8243; _module_preset=&#8221;default&#8221; body_line_height=&#8221;1.2em&#8221; global_colors_info=&#8221;{}&#8221; toggle_font_size=&#8221;16px&#8221; open=&#8221;off&#8221;]<\/p>\n<p><strong>Tuesday to Friday<\/strong><br \/>10 a.m. to 2 p.m. \/ 6 p.m. to 8 p.m.<\/p>\n<p><strong>Saturdays<\/strong><br \/>11 a.m. to 2 p.m. \/ 6 p.m. to 8 p.m.<\/p>\n<p><strong>Sundays and holidays<\/strong><br \/>11 a.m. to 2 p.m.<\/p>\n<p><strong>Closed on Mondays<\/strong><\/p>\n<p>[\/et_pb_accordion_item][\/et_pb_accordion][\/et_pb_column][et_pb_column type=&#8221;1_3&#8243; _builder_version=&#8221;4.16&#8243; _module_preset=&#8221;default&#8221; background_image=&#8221;https:\/\/elvendrellturisme.dms3labs.cat\/wp-content\/uploads\/pau-casals-casa-nadiua-1.jpg&#8221; box_shadow_style=&#8221;preset1&#8243; global_colors_info=&#8221;{}&#8221;][et_pb_divider show_divider=&#8221;off&#8221; _builder_version=&#8221;4.16&#8243; _module_preset=&#8221;default&#8221; min_height=&#8221;25vh&#8221; global_colors_info=&#8221;{}&#8221;][\/et_pb_divider][\/et_pb_column][\/et_pb_row][\/et_pb_section][et_pb_section fb_built=&#8221;1&#8243; module_id=&#8221;casa-museu-ag&#8221; _builder_version=&#8221;4.16&#8243; _module_preset=&#8221;default&#8221; background_color=&#8221;rgba(194,227,241,0.2)&#8221; global_colors_info=&#8221;{}&#8221;][et_pb_row column_structure=&#8221;1_2,1_2&#8243; disabled_on=&#8221;on|on|off&#8221; _builder_version=&#8221;4.16&#8243; _module_preset=&#8221;default&#8221; global_colors_info=&#8221;{}&#8221;][et_pb_column type=&#8221;1_2&#8243; _builder_version=&#8221;4.16&#8243; _module_preset=&#8221;default&#8221; global_colors_info=&#8221;{}&#8221;][et_pb_text _builder_version=&#8221;4.16&#8243; _module_preset=&#8221;68ea58d1-0a0d-4ff7-85ee-f9cbe626b1ec&#8221; header_2_text_align=&#8221;left&#8221; global_colors_info=&#8221;{}&#8221;]<\/p>\n<h2>\u00c0ngel Guimer\u00e0 House Museum<\/h2>\n<p>[\/et_pb_text][\/et_pb_column][et_pb_column type=&#8221;1_2&#8243; disabled_on=&#8221;on|on|off&#8221; _builder_version=&#8221;4.16&#8243; _module_preset=&#8221;default&#8221; global_colors_info=&#8221;{}&#8221;][\/et_pb_column][\/et_pb_row][et_pb_row _builder_version=&#8221;4.16&#8243; _module_preset=&#8221;default&#8221; global_colors_info=&#8221;{}&#8221;][et_pb_column type=&#8221;4_4&#8243; _builder_version=&#8221;4.16&#8243; _module_preset=&#8221;default&#8221; global_colors_info=&#8221;{}&#8221;][et_pb_text _builder_version=&#8221;4.16&#8243; _module_preset=&#8221;default&#8221; global_colors_info=&#8221;{}&#8221;]<\/p>\n<p>\u00c0ngel Guimer\u00e0 (1845-1924), son of a father from El Vendrell and a Canarian mother, lived in the Guimer\u00e0 manor house in El Vendrell during the 19th Century. In this house he began his poetic activity, first in Spanish and then in Catalan, later becoming a successful playwright. One of his main works was Terra Baixa.<\/p>\n<p>[\/et_pb_text][\/et_pb_column][\/et_pb_row][et_pb_row _builder_version=&#8221;4.16&#8243; _module_preset=&#8221;default&#8221; global_colors_info=&#8221;{}&#8221;][et_pb_column type=&#8221;4_4&#8243; _builder_version=&#8221;4.16&#8243; _module_preset=&#8221;default&#8221; global_colors_info=&#8221;{}&#8221;][et_pb_video src=&#8221;https:\/\/www.youtube.com\/watch?v=4ybBogpC62s&#8221; _builder_version=&#8221;4.16&#8243; _module_preset=&#8221;default&#8221; global_colors_info=&#8221;{}&#8221;][\/et_pb_video][\/et_pb_column][\/et_pb_row][et_pb_row column_structure=&#8221;1_3,1_3,1_3&#8243; make_equal=&#8221;on&#8221; _builder_version=&#8221;4.16&#8243; _module_preset=&#8221;default&#8221; locked=&#8221;off&#8221; global_colors_info=&#8221;{}&#8221;][et_pb_column type=&#8221;1_3&#8243; _builder_version=&#8221;4.16&#8243; _module_preset=&#8221;default&#8221; background_image=&#8221;https:\/\/elvendrellturisme.dms3labs.cat\/wp-content\/uploads\/casa-museu-angel-guimera-el-vendrell.jpg&#8221; background_position=&#8221;top_center&#8221; box_shadow_style=&#8221;preset1&#8243; global_colors_info=&#8221;{}&#8221;][et_pb_divider show_divider=&#8221;off&#8221; _builder_version=&#8221;4.16&#8243; _module_preset=&#8221;default&#8221; min_height=&#8221;25vh&#8221; global_colors_info=&#8221;{}&#8221;][\/et_pb_divider][\/et_pb_column][et_pb_column type=&#8221;1_3&#8243; _builder_version=&#8221;4.16&#8243; _module_preset=&#8221;default&#8221; background_color=&#8221;#FFFFFF&#8221; custom_padding=&#8221;25px|25px|25px|25px|false|false&#8221; border_width_all=&#8221;1px&#8221; border_color_all=&#8221;#2A7BBF&#8221; box_shadow_style=&#8221;preset1&#8243; global_colors_info=&#8221;{}&#8221;][et_pb_text _builder_version=&#8221;4.16&#8243; _module_preset=&#8221;18e5c8b2-7d4a-4c62-92e3-d6b6ddee313e&#8221; border_color_all=&#8221;#535C60&#8243; global_colors_info=&#8221;{}&#8221;]<\/p>\n<h3>Information and booking<\/h3>\n<p>[\/et_pb_text][et_pb_blurb use_icon=&#8221;on&#8221; font_icon=&#8221;&#xe081;||divi||400&#8243; icon_color=&#8221;#73B3E8&#8243; icon_placement=&#8221;left&#8221; image_icon_width=&#8221;28px&#8221; _builder_version=&#8221;4.16&#8243; _module_preset=&#8221;default&#8221; width=&#8221;100%&#8221; custom_margin=&#8221;||10px||false|false&#8221; icon_font_size=&#8221;28px&#8221; global_colors_info=&#8221;{}&#8221;]<\/p>\n<p><a href=\"https:\/\/goo.gl\/maps\/NiSDXWU5tjTL54hY8\" target=\"_blank\" rel=\"noopener\">C\/ Santa Anna, 10<\/a><br \/><a href=\"https:\/\/goo.gl\/maps\/NiSDXWU5tjTL54hY8\" target=\"_blank\" rel=\"noopener\">El Vendrell<\/a><\/p>\n<p>[\/et_pb_blurb][et_pb_blurb use_icon=&#8221;on&#8221; font_icon=&#8221;&#xe090;||divi||400&#8243; icon_color=&#8221;#73B3E8&#8243; icon_placement=&#8221;left&#8221; image_icon_width=&#8221;28px&#8221; _builder_version=&#8221;4.16&#8243; _module_preset=&#8221;default&#8221; width=&#8221;100%&#8221; custom_margin=&#8221;||10px||false|false&#8221; icon_font_size=&#8221;28px&#8221; global_colors_info=&#8221;{}&#8221;]<\/p>\n<p><a href=\"tel:977661006\">977 66 10 06<\/a><\/p>\n<p>[\/et_pb_blurb][et_pb_blurb use_icon=&#8221;on&#8221; font_icon=&#8221;&#xe076;||divi||400&#8243; icon_color=&#8221;#73B3E8&#8243; icon_placement=&#8221;left&#8221; image_icon_width=&#8221;28px&#8221; _builder_version=&#8221;4.16&#8243; _module_preset=&#8221;default&#8221; width=&#8221;100%&#8221; custom_margin=&#8221;||10px||false|false&#8221; icon_font_size=&#8221;28px&#8221; global_colors_info=&#8221;{}&#8221;]<\/p>\n<p><a href=\"mailto:museuguimera@elvendrell.net%20\">museuguimera@elvendrell.net<\/a><\/p>\n<p>[\/et_pb_blurb][et_pb_blurb use_icon=&#8221;on&#8221; font_icon=&#8221;&#xe0e3;||divi||400&#8243; icon_color=&#8221;#73B3E8&#8243; icon_placement=&#8221;left&#8221; image_icon_width=&#8221;28px&#8221; _builder_version=&#8221;4.16&#8243; _module_preset=&#8221;default&#8221; width=&#8221;100%&#8221; custom_margin=&#8221;||10px||false|false&#8221; icon_font_size=&#8221;28px&#8221; global_colors_info=&#8221;{}&#8221;]<\/p>\n<p><a href=\"https:\/\/museus.elvendrell.net\/casa-museu-angel-guimera\/\" target=\"_blank\" rel=\"noopener\">Visit the website<\/a><\/p>\n<p>[\/et_pb_blurb][et_pb_blurb use_icon=&#8221;on&#8221; font_icon=&#8221;&#xe60c;||divi||400&#8243; icon_color=&#8221;#73B3E8&#8243; icon_placement=&#8221;left&#8221; image_icon_width=&#8221;28px&#8221; _builder_version=&#8221;4.16&#8243; _module_preset=&#8221;default&#8221; width=&#8221;100%&#8221; icon_font_size=&#8221;28px&#8221; global_colors_info=&#8221;{}&#8221;]<\/p>\n<p><strong><a href=\"https:\/\/museusdelvendrell.koobin.com\/ticket-angel-guimera-museum-el-vendrell\" target=\"_blank\" rel=\"noopener\">Buy tickets<\/a><\/strong><\/p>\n<p>[\/et_pb_blurb][et_pb_blurb use_icon=&#8221;on&#8221; font_icon=&#8221;&#xe0f3;||divi||400&#8243; icon_color=&#8221;#73B3E8&#8243; icon_placement=&#8221;left&#8221; image_icon_width=&#8221;28px&#8221; _builder_version=&#8221;4.16&#8243; _module_preset=&#8221;default&#8221; width=&#8221;100%&#8221; custom_margin=&#8221;||10px||false|false&#8221; icon_font_size=&#8221;28px&#8221; global_colors_info=&#8221;{}&#8221;]<\/p>\n<p><strong>Price<\/strong>: 2,50 \u20ac.<br \/><strong>Reduced price<\/strong>: 1,00 \u20ac.<\/p>\n<p>[\/et_pb_blurb][\/et_pb_column][et_pb_column type=&#8221;1_3&#8243; _builder_version=&#8221;4.16&#8243; _module_preset=&#8221;default&#8221; background_color=&#8221;#FFFFFF&#8221; custom_padding=&#8221;25px|25px|25px|25px|false|false&#8221; border_width_all=&#8221;1px&#8221; border_color_all=&#8221;#2A7BBF&#8221; box_shadow_style=&#8221;preset1&#8243; global_colors_info=&#8221;{}&#8221;][et_pb_text _builder_version=&#8221;4.16&#8243; _module_preset=&#8221;18e5c8b2-7d4a-4c62-92e3-d6b6ddee313e&#8221; global_colors_info=&#8221;{}&#8221;]<\/p>\n<h3>Schedule<\/h3>\n<p>[\/et_pb_text][et_pb_accordion icon_color=&#8221;#2A7BBF&#8221; _builder_version=&#8221;4.16&#8243; _module_preset=&#8221;default&#8221; toggle_level=&#8221;h4&#8243; custom_padding=&#8221;10px||0px||false|false&#8221; border_width_all=&#8221;0px&#8221; global_colors_info=&#8221;{}&#8221;][et_pb_accordion_item title=&#8221;Winter (from 1 September to 30 June)&#8221; open=&#8221;on&#8221; closed_toggle_background_color=&#8221;#ffffff&#8221; icon_color=&#8221;#2A7BBF&#8221; open_icon_color=&#8221;#2A7BBF&#8221; _builder_version=&#8221;4.16&#8243; _module_preset=&#8221;default&#8221; body_line_height=&#8221;1.2em&#8221; global_colors_info=&#8221;{}&#8221; toggle_font_size=&#8221;16px&#8221;]<\/p>\n<p><strong>Tuesday to Friday<\/strong><br \/>10 a.m. to 2 p.m. \/ 5 p.m. to 7 p.m.<\/p>\n<p><strong>Saturdays<\/strong><br \/>11 a.m. to 2 p.m. \/ 5 p.m. to 7 p.m.<\/p>\n<p><strong>Sundays and holidays<\/strong><br \/>11 a.m. to 2 p.m.<\/p>\n<p><strong>Closed on Mondays<\/strong><\/p>\n<p>[\/et_pb_accordion_item][et_pb_accordion_item title=&#8221;Summer (from 1 July to 31 August)&#8221; closed_toggle_background_color=&#8221;#ffffff&#8221; _builder_version=&#8221;4.16&#8243; _module_preset=&#8221;default&#8221; body_line_height=&#8221;1.2em&#8221; global_colors_info=&#8221;{}&#8221; toggle_font_size=&#8221;16px&#8221; open=&#8221;off&#8221;]<\/p>\n<p><strong>Tuesday to Friday<\/strong><br \/>10 a.m. to 2 p.m. \/ 6 p.m. to 8 p.m.<\/p>\n<p><strong>Saturdays<\/strong><br \/>11 a.m. to 2 p.m. \/ 6 p.m. to 8 p.m.<\/p>\n<p><strong>Sundays and holidays<\/strong><br \/>11 a.m. to 2 p.m.<\/p>\n<p><strong>Closed on Mondays<\/strong><\/p>\n<p>[\/et_pb_accordion_item][\/et_pb_accordion][\/et_pb_column][\/et_pb_row][\/et_pb_section][et_pb_section fb_built=&#8221;1&#8243; module_id=&#8221;fundacio-apeles-fenosa&#8221; _builder_version=&#8221;4.16&#8243; _module_preset=&#8221;default&#8221; background_color=&#8221;RGBA(0,0,0,0)&#8221; global_colors_info=&#8221;{}&#8221;][et_pb_row column_structure=&#8221;1_2,1_2&#8243; _builder_version=&#8221;4.16&#8243; _module_preset=&#8221;default&#8221; global_colors_info=&#8221;{}&#8221;][et_pb_column type=&#8221;1_2&#8243; _builder_version=&#8221;4.16&#8243; _module_preset=&#8221;default&#8221; global_colors_info=&#8221;{}&#8221;][et_pb_text _builder_version=&#8221;4.16&#8243; _module_preset=&#8221;68ea58d1-0a0d-4ff7-85ee-f9cbe626b1ec&#8221; custom_padding=&#8221;|0px||||&#8221; global_colors_info=&#8221;{}&#8221;]<\/p>\n<h2>Apel\u00b7les Fenosa Museum<\/h2>\n<p>[\/et_pb_text][\/et_pb_column][et_pb_column type=&#8221;1_2&#8243; _builder_version=&#8221;4.16&#8243; _module_preset=&#8221;default&#8221; global_colors_info=&#8221;{}&#8221;][\/et_pb_column][\/et_pb_row][et_pb_row _builder_version=&#8221;4.16&#8243; _module_preset=&#8221;default&#8221; global_colors_info=&#8221;{}&#8221;][et_pb_column type=&#8221;4_4&#8243; _builder_version=&#8221;4.16&#8243; _module_preset=&#8221;default&#8221; global_colors_info=&#8221;{}&#8221;][et_pb_text _builder_version=&#8221;4.16&#8243; _module_preset=&#8221;default&#8221; global_colors_info=&#8221;{}&#8221;]<\/p>\n<p>A friend of Picasso, the sculptor Apel\u00b7les Fenosa (1899-1988) left behind an exceptional body of work, which inspired the greatest poets of his time. The Museum is located in the residence and summer studio of the artist, a restored 16th Century building with a beautiful Mediterranean garden. It features an important collection of original terracotta and plaster sculptures, as well as a selection of monumental bronzes.<\/p>\n<p>[\/et_pb_text][\/et_pb_column][\/et_pb_row][et_pb_row _builder_version=&#8221;4.16&#8243; _module_preset=&#8221;default&#8221; global_colors_info=&#8221;{}&#8221;][et_pb_column type=&#8221;4_4&#8243; _builder_version=&#8221;4.16&#8243; _module_preset=&#8221;default&#8221; global_colors_info=&#8221;{}&#8221;][et_pb_video src=&#8221;https:\/\/www.youtube.com\/watch?v=Xugs2D2XwoQ&#8221; _builder_version=&#8221;4.16&#8243; _module_preset=&#8221;default&#8221; global_colors_info=&#8221;{}&#8221;][\/et_pb_video][\/et_pb_column][\/et_pb_row][et_pb_row column_structure=&#8221;1_3,1_3,1_3&#8243; make_equal=&#8221;on&#8221; _builder_version=&#8221;4.16&#8243; _module_preset=&#8221;default&#8221; global_colors_info=&#8221;{}&#8221;][et_pb_column type=&#8221;1_3&#8243; _builder_version=&#8221;4.16&#8243; _module_preset=&#8221;default&#8221; background_color=&#8221;#FFFFFF&#8221; custom_padding=&#8221;25px|25px|25px|25px|false|false&#8221; border_width_all=&#8221;1px&#8221; border_color_all=&#8221;#2A7BBF&#8221; box_shadow_style=&#8221;preset1&#8243; global_colors_info=&#8221;{}&#8221;][et_pb_text _builder_version=&#8221;4.16&#8243; _module_preset=&#8221;18e5c8b2-7d4a-4c62-92e3-d6b6ddee313e&#8221; border_color_all=&#8221;#535C60&#8243; global_colors_info=&#8221;{}&#8221;]<\/p>\n<h3>Information and booking<\/h3>\n<p>[\/et_pb_text][et_pb_blurb use_icon=&#8221;on&#8221; font_icon=&#8221;&#xe081;||divi||400&#8243; icon_color=&#8221;#73B3E8&#8243; icon_placement=&#8221;left&#8221; image_icon_width=&#8221;28px&#8221; _builder_version=&#8221;4.16&#8243; _module_preset=&#8221;default&#8221; width=&#8221;100%&#8221; custom_margin=&#8221;||10px||false|false&#8221; icon_font_size=&#8221;28px&#8221; global_colors_info=&#8221;{}&#8221;]<\/p>\n<p><a href=\"https:\/\/goo.gl\/maps\/LPmSsJpS7NMaqKch8\" target=\"_blank\" rel=\"noopener\">C\/ Santa Major, 25<\/a><br \/><a href=\"https:\/\/goo.gl\/maps\/LPmSsJpS7NMaqKch8\" target=\"_blank\" rel=\"noopener\"> El Vendrell<\/a><\/p>\n<p>[\/et_pb_blurb][et_pb_blurb use_icon=&#8221;on&#8221; font_icon=&#8221;&#xe090;||divi||400&#8243; icon_color=&#8221;#73B3E8&#8243; icon_placement=&#8221;left&#8221; image_icon_width=&#8221;28px&#8221; _builder_version=&#8221;4.16&#8243; _module_preset=&#8221;default&#8221; width=&#8221;100%&#8221; custom_margin=&#8221;||10px||false|false&#8221; icon_font_size=&#8221;28px&#8221; global_colors_info=&#8221;{}&#8221;]<\/p>\n<p><a href=\"tel:977154192\">977 15 41 92<\/a><\/p>\n<p>[\/et_pb_blurb][et_pb_blurb use_icon=&#8221;on&#8221; font_icon=&#8221;&#xe076;||divi||400&#8243; icon_color=&#8221;#73B3E8&#8243; icon_placement=&#8221;left&#8221; image_icon_width=&#8221;28px&#8221; _builder_version=&#8221;4.27.0&#8243; _module_preset=&#8221;default&#8221; width=&#8221;100%&#8221; custom_margin=&#8221;||10px||false|false&#8221; icon_font_size=&#8221;28px&#8221; global_colors_info=&#8221;{}&#8221;]<\/p>\n<p><a href=\"mailto:mail@fundaciofenosa.org\"><\/a><a href=\"mailto:info@museuapellesfenosa.cat\">info@museuapellesfenosa.cat<\/a><a href=\"mailto:mail@fundaciofenosa.org\"><\/a><\/p>\n<p>[\/et_pb_blurb][et_pb_blurb use_icon=&#8221;on&#8221; font_icon=&#8221;&#xe0e3;||divi||400&#8243; icon_color=&#8221;#73B3E8&#8243; icon_placement=&#8221;left&#8221; image_icon_width=&#8221;28px&#8221; _builder_version=&#8221;4.27.0&#8243; _module_preset=&#8221;default&#8221; width=&#8221;100%&#8221; custom_margin=&#8221;||10px||false|false&#8221; icon_font_size=&#8221;28px&#8221; global_colors_info=&#8221;{}&#8221;]<\/p>\n<p><a href=\"https:\/\/www.museuapellesfenosa.cat\/en\/index-espanol-2\/\" target=\"_blank\" rel=\"noopener\">Visita la web<\/a><\/p>\n<p>[\/et_pb_blurb][et_pb_blurb use_icon=&#8221;on&#8221; font_icon=&#8221;&#xe0f3;||divi||400&#8243; icon_color=&#8221;#73B3E8&#8243; icon_placement=&#8221;left&#8221; image_icon_width=&#8221;28px&#8221; _builder_version=&#8221;4.27.0&#8243; _module_preset=&#8221;default&#8221; width=&#8221;100%&#8221; custom_margin=&#8221;||10px||false|false&#8221; icon_font_size=&#8221;28px&#8221; global_colors_info=&#8221;{}&#8221;]<\/p>\n<p><strong>Price:<\/strong> 6,00\u20ac<br \/><strong>Reduced price:<\/strong> 3,00<\/p>\n<p>Vendrellencs\/vendrellenques; Retired and pensioners; Unemployed people; Disabled people; Youth card and student card; Accompanied minors from 9 to 17 years old.<\/p>\n<p><strong>Free:<\/strong><\/p>\n<p>Under 8 years old; Under 12 years old with a large family card: Official guides of Catalonia; Members of ICOM, Associaci\u00f3 d&#8217;Artistes, MAV, Cl\u00e0ssiques i Modernes and IAC; Journalists and art critics. Teachers with accreditation (Dept. of Education of the Generalitat de Catalunya).<\/p>\n<p>[\/et_pb_blurb][\/et_pb_column][et_pb_column type=&#8221;1_3&#8243; _builder_version=&#8221;4.16&#8243; _module_preset=&#8221;default&#8221; background_color=&#8221;#FFFFFF&#8221; custom_padding=&#8221;25px|25px|25px|25px|false|false&#8221; border_width_all=&#8221;1px&#8221; border_color_all=&#8221;#2A7BBF&#8221; box_shadow_style=&#8221;preset1&#8243; global_colors_info=&#8221;{}&#8221;][et_pb_text _builder_version=&#8221;4.16&#8243; _module_preset=&#8221;18e5c8b2-7d4a-4c62-92e3-d6b6ddee313e&#8221; global_colors_info=&#8221;{}&#8221;]<\/p>\n<h3>Schedule<\/h3>\n<p>[\/et_pb_text][et_pb_accordion icon_color=&#8221;#2A7BBF&#8221; _builder_version=&#8221;4.27.0&#8243; _module_preset=&#8221;default&#8221; toggle_level=&#8221;h4&#8243; custom_padding=&#8221;10px||0px||false|false&#8221; border_width_all=&#8221;0px&#8221; locked=&#8221;off&#8221; global_colors_info=&#8221;{}&#8221;][et_pb_accordion_item open=&#8221;on&#8221; closed_toggle_background_color=&#8221;#ffffff&#8221; _builder_version=&#8221;4.27.0&#8243; _module_preset=&#8221;default&#8221; body_line_height=&#8221;1.2em&#8221; global_colors_info=&#8221;{}&#8221; toggle_font_size=&#8221;16px&#8221;]<\/p>\n<p><strong>Thursday to Saturday<\/strong><b><br \/><\/b>11 a.m. to 2 p.m. \/ 6 p.m. to 8 p.m.<\/p>\n<p><strong>Sundays and holidays<br \/><\/strong>11 a.m. to 2 p.m.<\/p>\n<p><strong><\/strong><span class=\"HwtZe\" jsaction=\"mouseup:Sxi9L,BR6jm; mousedown:qjlr0e\" jsname=\"jqKxS\" lang=\"en\"><span jsaction=\"agoMJf:PFBcW;MZfLnc:P7O7bd;nt4Alf:pvnm0e,pfE8Hb,PFBcW;B01qod:dJXsye;H1e5u:iXtTIf;lYIUJf:hij5Wb\" jsname=\"txFAF\" class=\"jCAhz ChMk0b\" jscontroller=\"BiTO4b\"><span class=\"ryNqvb\" jsname=\"W297wb\" jsaction=\"click:PDNqTc,GFf3ac,qlVvte;contextmenu:Nqw7Te,QP7LD; mouseout:Nqw7Te; mouseover:PDNqTc,c2aHje\"><strong>Monday, Tuesday and Wednesday \u00a0 \u00a0 \u00a0 \u00a0 \u00a0 \u00a0 \u00a0 \u00a0 \u00a0\u00a0<\/strong> CLOSED<\/span><\/span><\/span><\/p>\n<p>[\/et_pb_accordion_item][\/et_pb_accordion][et_pb_accordion icon_color=&#8221;#2A7BBF&#8221; _builder_version=&#8221;4.23.4&#8243; _module_preset=&#8221;default&#8221; toggle_level=&#8221;h4&#8243; custom_padding=&#8221;10px||0px||false|false&#8221; border_width_all=&#8221;0px&#8221; locked=&#8221;off&#8221; global_colors_info=&#8221;{}&#8221;][et_pb_accordion_item open=&#8221;on&#8221; closed_toggle_background_color=&#8221;#ffffff&#8221; icon_color=&#8221;#2A7BBF&#8221; open_icon_color=&#8221;#2A7BBF&#8221; _builder_version=&#8221;4.23.4&#8243; _module_preset=&#8221;default&#8221; body_line_height=&#8221;1.2em&#8221; global_colors_info=&#8221;{}&#8221; toggle_font_size=&#8221;16px&#8221;]<\/p>\n<p><strong>School visits and arranged groups on demand<\/strong> and, if applicable, outside these times.<\/p>\n<p>[\/et_pb_accordion_item][\/et_pb_accordion][\/et_pb_column][et_pb_column type=&#8221;1_3&#8243; _builder_version=&#8221;4.16&#8243; _module_preset=&#8221;default&#8221; background_image=&#8221;https:\/\/elvendrellturisme.dms3labs.cat\/wp-content\/uploads\/museu-apelles-fenosa.jpg&#8221; box_shadow_style=&#8221;preset1&#8243; global_colors_info=&#8221;{}&#8221;][et_pb_divider show_divider=&#8221;off&#8221; _builder_version=&#8221;4.16&#8243; _module_preset=&#8221;default&#8221; min_height=&#8221;25vh&#8221; global_colors_info=&#8221;{}&#8221;][\/et_pb_divider][\/et_pb_column][\/et_pb_row][\/et_pb_section][et_pb_section fb_built=&#8221;1&#8243; admin_label=&#8221;Section&#8221; module_id=&#8221;museu-tabaris&#8221; _builder_version=&#8221;4.23.4&#8243; _module_preset=&#8221;default&#8221; global_colors_info=&#8221;{}&#8221;][et_pb_row column_structure=&#8221;1_2,1_2&#8243; _builder_version=&#8221;4.16&#8243; _module_preset=&#8221;default&#8221; global_colors_info=&#8221;{}&#8221;][et_pb_column type=&#8221;1_2&#8243; _builder_version=&#8221;4.16&#8243; _module_preset=&#8221;default&#8221; global_colors_info=&#8221;{}&#8221;][et_pb_text _builder_version=&#8221;4.23.4&#8243; _module_preset=&#8221;68ea58d1-0a0d-4ff7-85ee-f9cbe626b1ec&#8221; global_colors_info=&#8221;{}&#8221;]<\/p>\n<h2>Tabaris Museum<\/h2>\n<p>[\/et_pb_text][\/et_pb_column][et_pb_column type=&#8221;1_2&#8243; disabled_on=&#8221;on|on|off&#8221; _builder_version=&#8221;4.16&#8243; _module_preset=&#8221;default&#8221; global_colors_info=&#8221;{}&#8221;][\/et_pb_column][\/et_pb_row][et_pb_row _builder_version=&#8221;4.16&#8243; _module_preset=&#8221;default&#8221; global_colors_info=&#8221;{}&#8221;][et_pb_column type=&#8221;4_4&#8243; _builder_version=&#8221;4.16&#8243; _module_preset=&#8221;default&#8221; global_colors_info=&#8221;{}&#8221;][et_pb_text _builder_version=&#8221;4.23.4&#8243; _module_preset=&#8221;default&#8221; global_colors_info=&#8221;{}&#8221;]<\/p>\n<p class=\"p1\">The Tabaris Museum invites us to take a walk through the history of Coma-ruga and the municipality of el Vendrell. A museum that does not keep or conserve any collection, but shows a shared reality between Coma-ruga and the other centers of the municipality: Sant Salvador, el Franc\u00e0s, Sant Vicen\u00e7 de Calders and the town of el Vendrell. A feeling of belonging to a municipality open to the sea, with a natural, architectural and historical heritage that unites us, and with a future that we want to share.<\/p>\n<p>[\/et_pb_text][\/et_pb_column][\/et_pb_row][et_pb_row _builder_version=&#8221;4.16&#8243; _module_preset=&#8221;default&#8221; global_colors_info=&#8221;{}&#8221;][et_pb_column type=&#8221;4_4&#8243; _builder_version=&#8221;4.16&#8243; _module_preset=&#8221;default&#8221; global_colors_info=&#8221;{}&#8221;][et_pb_image src=&#8221;https:\/\/elvendrellturisme.dms3labs.cat\/wp-content\/uploads\/whatsapp-image-2025-07-23-at-100319.jpeg&#8221; alt=&#8221;museu-tabaris&#8221; title_text=&#8221;WhatsApp Image 2025-07-23 at 10.03.19&#8243; force_fullwidth=&#8221;on&#8221; _builder_version=&#8221;4.27.4&#8243; _module_preset=&#8221;default&#8221; global_colors_info=&#8221;{}&#8221;][\/et_pb_image][\/et_pb_column][\/et_pb_row][et_pb_row column_structure=&#8221;1_3,1_3,1_3&#8243; make_equal=&#8221;on&#8221; _builder_version=&#8221;4.23.4&#8243; _module_preset=&#8221;default&#8221; global_colors_info=&#8221;{}&#8221;][et_pb_column type=&#8221;1_3&#8243; _builder_version=&#8221;4.16&#8243; _module_preset=&#8221;default&#8221; background_color=&#8221;#FFFFFF&#8221; custom_padding=&#8221;25px|25px|25px|25px|false|false&#8221; border_width_all=&#8221;1px&#8221; border_color_all=&#8221;#2A7BBF&#8221; box_shadow_style=&#8221;preset1&#8243; global_colors_info=&#8221;{}&#8221;][et_pb_text _builder_version=&#8221;4.16&#8243; _module_preset=&#8221;18e5c8b2-7d4a-4c62-92e3-d6b6ddee313e&#8221; border_color_all=&#8221;#535C60&#8243; global_colors_info=&#8221;{}&#8221;]<\/p>\n<h3>Information and booking<\/h3>\n<p>[\/et_pb_text][et_pb_blurb use_icon=&#8221;on&#8221; font_icon=&#8221;&#xe081;||divi||400&#8243; icon_color=&#8221;#73B3E8&#8243; icon_placement=&#8221;left&#8221; image_icon_width=&#8221;28px&#8221; _builder_version=&#8221;4.23.4&#8243; _module_preset=&#8221;default&#8221; width=&#8221;100%&#8221; custom_margin=&#8221;||10px||false|false&#8221; icon_font_size=&#8221;28px&#8221; global_colors_info=&#8221;{}&#8221;]<\/p>\n<p class=\"p1\"><a href=\"https:\/\/maps.app.goo.gl\/G1Kq8dGSK7knYHDq9\" target=\"_blank\" rel=\"noopener\">Av. del Balneari, 3<\/a><br \/><a href=\"https:\/\/maps.app.goo.gl\/G1Kq8dGSK7knYHDq9\" target=\"_blank\" rel=\"noopener\">43880 Coma-ruga (El Vendrell)<\/a><\/p>\n<p>[\/et_pb_blurb][et_pb_blurb use_icon=&#8221;on&#8221; font_icon=&#8221;&#xe090;||divi||400&#8243; icon_color=&#8221;#73B3E8&#8243; icon_placement=&#8221;left&#8221; image_icon_width=&#8221;28px&#8221; _builder_version=&#8221;4.23.4&#8243; _module_preset=&#8221;default&#8221; width=&#8221;100%&#8221; custom_margin=&#8221;||10px||false|false&#8221; icon_font_size=&#8221;28px&#8221; global_colors_info=&#8221;{}&#8221;]<\/p>\n<p class=\"p1\"><a href=\"tel:+34977157129\u00a0\u00a0\">977 15 71 29<\/a><\/p>\n<p>[\/et_pb_blurb][et_pb_blurb use_icon=&#8221;on&#8221; font_icon=&#8221;&#xe076;||divi||400&#8243; icon_color=&#8221;#73B3E8&#8243; icon_placement=&#8221;left&#8221; image_icon_width=&#8221;28px&#8221; _builder_version=&#8221;4.23.4&#8243; _module_preset=&#8221;default&#8221; width=&#8221;100%&#8221; custom_margin=&#8221;||10px||false|false&#8221; icon_font_size=&#8221;28px&#8221; global_colors_info=&#8221;{}&#8221;]<\/p>\n<p class=\"p1\"><span class=\"s1\"><a href=\"mailto:tabaris.museu@elvendrell.net\">tabaris.museu@elvendrell.net<\/a><\/span><\/p>\n<p>[\/et_pb_blurb][et_pb_blurb use_icon=&#8221;on&#8221; font_icon=&#8221;&#xe0f3;||divi||400&#8243; icon_color=&#8221;#73B3E8&#8243; icon_placement=&#8221;left&#8221; image_icon_width=&#8221;28px&#8221; _builder_version=&#8221;4.23.4&#8243; _module_preset=&#8221;default&#8221; width=&#8221;100%&#8221; custom_margin=&#8221;||10px||false|false&#8221; icon_font_size=&#8221;28px&#8221; global_colors_info=&#8221;{}&#8221;]<\/p>\n<p><b>Price:\u00a0<\/b>free<\/p>\n<p>[\/et_pb_blurb][\/et_pb_column][et_pb_column type=&#8221;1_3&#8243; _builder_version=&#8221;4.16&#8243; _module_preset=&#8221;default&#8221; background_color=&#8221;#FFFFFF&#8221; custom_padding=&#8221;25px|25px|25px|25px|false|false&#8221; border_width_all=&#8221;1px&#8221; border_color_all=&#8221;#2A7BBF&#8221; box_shadow_style=&#8221;preset1&#8243; global_colors_info=&#8221;{}&#8221;][et_pb_text _builder_version=&#8221;4.16&#8243; _module_preset=&#8221;18e5c8b2-7d4a-4c62-92e3-d6b6ddee313e&#8221; global_colors_info=&#8221;{}&#8221;]<\/p>\n<h3>Schedule<\/h3>\n<p>[\/et_pb_text][et_pb_accordion icon_color=&#8221;#2A7BBF&#8221; _builder_version=&#8221;4.27.4&#8243; _module_preset=&#8221;default&#8221; toggle_level=&#8221;h4&#8243; custom_padding=&#8221;10px||0px||false|false&#8221; border_width_all=&#8221;0px&#8221; locked=&#8221;off&#8221; global_colors_info=&#8221;{}&#8221;][et_pb_accordion_item open=&#8221;on&#8221; closed_toggle_background_color=&#8221;#ffffff&#8221; icon_color=&#8221;#2A7BBF&#8221; open_icon_color=&#8221;#2A7BBF&#8221; _builder_version=&#8221;4.27.4&#8243; _module_preset=&#8221;default&#8221; body_line_height=&#8221;1.2em&#8221; global_colors_info=&#8221;{}&#8221; toggle_font_size=&#8221;16px&#8221;]<\/p>\n<p><strong>From Tuesday to Saturday<\/strong><br \/>11 h to 13 h \/ 17 h to 19 h<\/p>\n<p><strong>Sundays and holidays<\/strong><br \/>11 h to 13 h<\/p>\n<p><strong>Mondays<\/strong><\/p>\n<p>CLOSED<\/p>\n<p>[\/et_pb_accordion_item][\/et_pb_accordion][\/et_pb_column][et_pb_column type=&#8221;1_3&#8243; _builder_version=&#8221;4.23.4&#8243; _module_preset=&#8221;default&#8221; background_image=&#8221;https:\/\/elvendrellturisme.dms3labs.cat\/wp-content\/uploads\/museu-tabaris-4.jpg&#8221; box_shadow_style=&#8221;preset1&#8243; global_colors_info=&#8221;{}&#8221;][et_pb_divider show_divider=&#8221;off&#8221; _builder_version=&#8221;4.23.4&#8243; _module_preset=&#8221;default&#8221; min_height=&#8221;25vh&#8221; global_colors_info=&#8221;{}&#8221;][\/et_pb_divider][\/et_pb_column][\/et_pb_row][\/et_pb_section][et_pb_section fb_built=&#8221;1&#8243; _builder_version=&#8221;4.16&#8243; _module_preset=&#8221;default&#8221; background_color=&#8221;rgba(194,227,241,0.2)&#8221; locked=&#8221;off&#8221; global_colors_info=&#8221;{}&#8221;][et_pb_row _builder_version=&#8221;4.16&#8243; _module_preset=&#8221;default&#8221; global_colors_info=&#8221;{}&#8221;][et_pb_column type=&#8221;4_4&#8243; _builder_version=&#8221;4.16&#8243; _module_preset=&#8221;default&#8221; global_colors_info=&#8221;{}&#8221;][et_pb_text _builder_version=&#8221;4.16&#8243; _module_preset=&#8221;default&#8221; global_colors_info=&#8221;{}&#8221;]<\/p>\n<form style=\"display:none;\" autocomplete=\"off\" name=\"wpv-filter-14885\" action=\"\/en\/wp-json\/wp\/v2\/pages\/27210?wpv_view_count=14885\" method=\"get\" class=\"wpv-filter-form js-wpv-filter-form js-wpv-filter-form-14885 js-wpv-form-full js-wpv-dps-enabled js-wpv-ajax-results-enabled\" data-viewnumber=\"14885\" data-viewid=\"14885\" data-viewhash=\"eyJuYW1lIjoidmlldy1tdXNldXMiLCJ2aWV3X2Rpc3BsYXkiOiJsYXlvdXQifQ==\" data-viewwidgetid=\"0\" data-orderby=\"\" data-order=\"\" data-orderbyas=\"\" data-orderbysecond=\"\" data-ordersecond=\"\" data-parametric=\"{&quot;query&quot;:&quot;normal&quot;,&quot;id&quot;:14885,&quot;view_id&quot;:14885,&quot;widget_id&quot;:0,&quot;view_hash&quot;:&quot;14885&quot;,&quot;action&quot;:&quot;\\\/en\\\/wp-json\\\/wp\\\/v2\\\/pages\\\/27210?wpv_view_count=14885&quot;,&quot;sort&quot;:{&quot;orderby&quot;:&quot;&quot;,&quot;order&quot;:&quot;&quot;,&quot;orderby_as&quot;:&quot;&quot;,&quot;orderby_second&quot;:&quot;&quot;,&quot;order_second&quot;:&quot;&quot;},&quot;orderby&quot;:&quot;&quot;,&quot;order&quot;:&quot;&quot;,&quot;orderby_as&quot;:&quot;&quot;,&quot;orderby_second&quot;:&quot;&quot;,&quot;order_second&quot;:&quot;&quot;,&quot;ajax_form&quot;:&quot;&quot;,&quot;ajax_results&quot;:&quot;&quot;,&quot;effect&quot;:&quot;fade&quot;,&quot;prebefore&quot;:&quot;&quot;,&quot;before&quot;:&quot;&quot;,&quot;after&quot;:&quot;&quot;,&quot;attributes&quot;:{&quot;view_display&quot;:&quot;layout&quot;},&quot;environment&quot;:{&quot;current_post_id&quot;:27210,&quot;parent_post_id&quot;:27210,&quot;parent_term_id&quot;:0,&quot;parent_user_id&quot;:0,&quot;archive&quot;:{&quot;type&quot;:&quot;&quot;,&quot;name&quot;:&quot;&quot;,&quot;data&quot;:[]}},&quot;loop&quot;:{&quot;type&quot;:&quot;&quot;,&quot;name&quot;:&quot;&quot;,&quot;data&quot;:[],&quot;id&quot;:0}}\" data-attributes=\"{&quot;view_display&quot;:&quot;layout&quot;}\" data-environment=\"{&quot;current_post_id&quot;:27210,&quot;parent_post_id&quot;:27210,&quot;parent_term_id&quot;:0,&quot;parent_user_id&quot;:0,&quot;archive&quot;:{&quot;type&quot;:&quot;&quot;,&quot;name&quot;:&quot;&quot;,&quot;data&quot;:[]}}\"><input type=\"hidden\" class=\"js-wpv-dps-filter-data js-wpv-filter-data-for-this-form\" data-action=\"\/en\/wp-json\/wp\/v2\/pages\/27210?wpv_view_count=14885\" data-page=\"1\" data-ajax=\"enable\" data-effect=\"fade\" data-maxpages=\"0\" data-ajaxprebefore=\"\" data-ajaxbefore=\"\" data-ajaxafter=\"\" \/><input class=\"wpv_view_count wpv_view_count-14885\" type=\"hidden\" name=\"wpv_view_count\" value=\"14885\" \/>\n<div class=\"row\">\n  <div class=\"col-md-4 col-cerca-mapa\">\n    <div class=\"form-group\">\n\t<label for=\"wpv-wpcf-tipus-restaurant\"><h3>Type of restaurant<\/h3><\/label>\n\t\n<\/div>\n  <\/div>\n  <div class=\"col-md-4 col-cerca-mapa\">\n        <div class=\"form-group\">\n      <label for=\"wpv-wpcf-tipus-cuina\"><h3>Type of cuisine<\/h3><\/label>\n\t\n<\/div>\n    <div class=\"form-group\">\n        <label for=\"wpv-wpcf-menu-diari\"><h3>Daily menu<\/h3><\/label>\n\t<div class=\"form-check\"><input type=\"checkbox\" class=\"js-wpv-filter-trigger form-check-input\" name=\"wpv-wpcf-menu-diari[]\" value=\"3\" id=\"form-39524717af8e1c862ef41fefeb50d334-3\" \/><label class=\"form-check-label\" for=\"form-39524717af8e1c862ef41fefeb50d334-3\">Call to confirm<\/label><\/div>\n<\/div>\n  <\/div>\n  <div class=\"col-md-4 col-cerca-mapa\">\n    <div class=\"form-group\">\n      <label for=\"wpv-wpcf-tancat\"><h3>Dia\/es de descans<\/h3><\/label>\n\t\n<\/div>\n    <div class=\"form-group\">\n      <label for=\"wpcf-segell-de-turisme-familiar\"><h3>Family tourism<\/h3><\/label>\n\t<div class=\"form-check\"><input type=\"checkbox\" id=\"wpv_control_checkbox_wpcf-segell-de-turisme-familiar\" class=\"js-wpv-filter-trigger form-check-input\" name=\"wpv-wpcf-segell-de-turisme-familiar\" value=\"1\" \/><label for=\"wpv_control_checkbox_wpcf-segell-de-turisme-familiar\" class=\"form-check-label\">Segell de turisme familiar<\/label><\/div>\n<\/div>\n    <div class=\"form-group\">\n  <label for=\"wpv-post-search\"><h3>Search<\/h3><\/label>\n\t<input type=\"text\" name=\"wpv_post_search\"  class=\"js-wpv-filter-trigger-delayed form-control\" \/>\n      <input type=\"button\" class=\"buto-mapa wpv-reset-trigger js-wpv-reset-trigger btn\" name=\"wpv_filter_reset\" value=\"Restablir\" \/>\n<\/div>\n  <\/div>\n<\/div>\n<\/form>\n<div id=\"js-wpv-addon-maps-render-recursos\" style=\"width:100%; height:500px;\" class=\"wpv-addon-maps-render js-wpv-addon-maps-render js-wpv-addon-maps-render-recursos \" data-map=\"recursos\" data-generalzoom=\"5\" data-generalcenterlat=\"0\" data-generalcenterlon=\"0\" data-fitbounds=\"on\" data-singlezoom=\"14\" data-singlecenter=\"on\" data-maptype=\"roadmap\" data-showlayerinterests=\"false\" data-markericon=\"\" data-markericonhover=\"\" data-draggable=\"on\" data-scrollwheel=\"on\" data-doubleclickzoom=\"on\" data-maptypecontrol=\"on\" data-fullscreencontrol=\"on\" data-zoomcontrol=\"on\" data-streetviewcontrol=\"on\" data-backgroundcolor=\"\" data-cluster=\"on\" data-clustergridsize=\"60\" data-clustermaxzoom=\"\" data-clusterclickzoom=\"on\" data-clusterminsize=\"2\" data-stylejson=\"\/\/www.elvendrellturistic.com\/wp-content\/plugins\/toolset-maps\/resources\/json\/Silver.json\" data-spiderfy=\"on\" data-streetview=\"off\" data-markerid=\"\" data-location=\"\" data-lat=\"0\" data-long=\"0\" data-heading=\"\" data-pitch=\"\">Loading...<\/div>\n\n<div id=\"wpv-view-layout-14885\" class=\"js-wpv-view-layout js-wpv-layout-responsive js-wpv-view-layout-14885\" data-viewnumber=\"14885\" data-pagination=\"{&quot;id&quot;:14885,&quot;query&quot;:&quot;normal&quot;,&quot;type&quot;:&quot;disabled&quot;,&quot;effect&quot;:&quot;fade&quot;,&quot;duration&quot;:500,&quot;speed&quot;:5,&quot;pause_on_hover&quot;:&quot;disabled&quot;,&quot;stop_rollover&quot;:&quot;false&quot;,&quot;cache_pages&quot;:&quot;enabled&quot;,&quot;preload_images&quot;:&quot;enabled&quot;,&quot;preload_pages&quot;:&quot;enabled&quot;,&quot;preload_reach&quot;:1,&quot;spinner&quot;:&quot;builtin&quot;,&quot;spinner_image&quot;:&quot;https:\/\/elvendrellturisme.dms3labs.cat\/wp-content\/plugins\/toolset-blocks\/embedded\/res\/img\/ajax-loader.gif&quot;,&quot;callback_next&quot;:&quot;&quot;,&quot;manage_history&quot;:&quot;enabled&quot;,&quot;has_controls_in_form&quot;:&quot;disabled&quot;,&quot;infinite_tolerance&quot;:&quot;0&quot;,&quot;max_pages&quot;:0,&quot;page&quot;:1,&quot;base_permalink&quot;:&quot;\/en\/wp-json\/wp\/v2\/pages\/27210?wpv_view_count=14885&amp;wpv_paged=WPV_PAGE_NUM&quot;,&quot;loop&quot;:{&quot;type&quot;:&quot;&quot;,&quot;name&quot;:&quot;&quot;,&quot;data&quot;:[],&quot;id&quot;:0}}\" data-permalink=\"\/en\/wp-json\/wp\/v2\/pages\/27210?wpv_view_count=14885\">\n \n\t\n\t\n\t<div class=\"container wpv-loop js-wpv-loop llistat-recursos\">\n\t\n\t\t\n\t\t<div class=\"row \">\n\t\t\t<div class=\"col-md-4\"><div style=\"display:none\" class=\"wpv-addon-maps-marker js-wpv-addon-maps-marker js-wpv-addon-maps-marker-marker-25910 js-wpv-addon-maps-markerfor-recursos\" data-marker=\"marker-25910\" data-markertitle=\"\u00c0ngel Guimer\u00e0 House Museum\" data-markerfor=\"recursos\" data-markerlat=\"41.222004\" data-markerlon=\"1.5345\" data-markericon=\"\/wp-content\/uploads\/marker-museus.png\" data-markericonhover=\"\" data-streetview=\"no\" data-fromview=\"\">\n\n\t<div class=\"mapa-tipus-allotjament-petit\"><\/div>\n\t<div class=\"titol-link-mapa-petit\"><a href=\"#angel-guimera-house-museum\">\u00c0ngel Guimer\u00e0 House Museum<\/a><\/div>\n\t<div class=\"mapa-tipus-allotjament-petit\"><a href=\"#angel-guimera-house-museum\">+ info<\/a><\/div>\n\n<\/div>\n\n<div class=\"map-marker-hidden\">\n\t<div class=\"imatge-mapa\"><img decoding=\"async\" width=\"510\" height=\"382\" src=\"https:\/\/elvendrellturisme.dms3labs.cat\/wp-content\/uploads\/IMG_3270-510x382.jpg\" class=\"attachment-et-pb-portfolio-module-image size-et-pb-portfolio-module-image wp-post-image\" alt=\"\" title=\"\"><\/div>\n  \n\t<div class=\"map-marker-content\">\n            <div class=\"mapa-tipus-allotjament \"> <\/div>\n      <h3 class=\"titol-link-mapa\"><a href=\"https:\/\/elvendrellturisme.dms3labs.cat\/en\/turistic-resources\/angel-guimera-house-museum\/\">\u00c0ngel Guimer\u00e0 House Museum<\/a><\/h3>\n      <div class=\"mapa-adreca\">Carrer de Santa Anna, 10<br\/>\n        43700 El Vendrell\n      <\/div> \n      <div class=\"mapa-contacte\">\n        <a href=\"tel:+34977661006\">+34 977 66 10 06<\/a><br\/>\n        <a href=\"mailto:museuguimera@elvendrell.net\" title=\"museuguimera@elvendrell.net\">museuguimera@elvendrell.net<\/a><br\/>\n       <a href=\"https:\/\/museus.elvendrell.net\/casa-museu-angel-guimera\/\" title=\"Visita la web\" target=\"_blank\" rel=\"noopener\">Visita la web<\/a>\n        \n      <\/div>\n      <strong>Horari: <\/strong><p>Winter (01\/09- 30\/06):<\/p>\n<p>Tuesday to Friday:<br \/>\n10 a.m.-2 p.m. \/ 5 p.m.-7 p.m.<\/p>\n<p>Saturdays:<br \/>\n11 a.m.-2 p.m. \/ 5 p.m.-7 p.m.<\/p>\n<p>Sundays and holidays:<br \/>\n11 a.m.-2 p.m.<\/p>\n<p>Summer (01\/07-31\/08):<\/p>\n<p>Tuesday to Friday:<br \/>\n10 a.m.-2 p.m. \/ 6 p.m. - 8 p.m.<\/p>\n<p>Saturdays:<br \/>\n11 a.m.-2 p.m. \/ 6 p.m.-8 p.m.<\/p>\n<p>Sundays and holidays:<br \/>\n11 a.m.-2 p.m.<\/p>\n<p>Closed:<br \/>\nMonday<\/p>\n<p>January 1 and 6; May 1; June 24, July 26, December 24, 25, 26, 30 and 31<\/p>\n<br>\n      \n      \n      <strong>Price:<\/strong>2,50\u20ac<br>\n      <strong>Reduced price:<\/strong>1,00\u20ac<br>\n      <strong>Price for schools:<\/strong>0.00\u20ac<br>\n      \n  <\/div>\n<\/div><\/div>\n\t\t\n\t\t\n\t\t\t<div class=\"col-md-4\"><div style=\"display:none\" class=\"wpv-addon-maps-marker js-wpv-addon-maps-marker js-wpv-addon-maps-marker-marker-25911 js-wpv-addon-maps-markerfor-recursos\" data-marker=\"marker-25911\" data-markertitle=\"Apel\u00b7les Fenosa Museum\" data-markerfor=\"recursos\" data-markerlat=\"41.219951\" data-markerlon=\"1.53405\" data-markericon=\"\/wp-content\/uploads\/marker-museus.png\" data-markericonhover=\"\" data-streetview=\"no\" data-fromview=\"\">\n\n\t<div class=\"mapa-tipus-allotjament-petit\"><\/div>\n\t<div class=\"titol-link-mapa-petit\"><a href=\"#apel%c2%b7les-fenosa-foundation\">Apel\u00b7les Fenosa Museum<\/a><\/div>\n\t<div class=\"mapa-tipus-allotjament-petit\"><a href=\"#apel%c2%b7les-fenosa-foundation\">+ info<\/a><\/div>\n\n<\/div>\n\n<div class=\"map-marker-hidden\">\n\t<div class=\"imatge-mapa\"><img decoding=\"async\" width=\"510\" height=\"382\" src=\"https:\/\/elvendrellturisme.dms3labs.cat\/wp-content\/uploads\/IMG_3201-510x382.jpg\" class=\"attachment-et-pb-portfolio-module-image size-et-pb-portfolio-module-image wp-post-image\" alt=\"\" title=\"\"><\/div>\n  \n\t<div class=\"map-marker-content\">\n            <div class=\"mapa-tipus-allotjament \"> <\/div>\n      <h3 class=\"titol-link-mapa\"><a href=\"https:\/\/elvendrellturisme.dms3labs.cat\/en\/turistic-resources\/apel%c2%b7les-fenosa-foundation\/\">Apel\u00b7les Fenosa Museum<\/a><\/h3>\n      <div class=\"mapa-adreca\">Carrer Major, 25<br\/>\n        43700 El Vendrell\n      <\/div> \n      <div class=\"mapa-contacte\">\n        <a href=\"tel:+34977154192\">+34 977 15 41 92<\/a><br\/>\n        <a href=\"mailto:mail@fundaciofenosa.org\" title=\"mail@fundaciofenosa.org\">mail@fundaciofenosa.org<\/a><br\/>\n       <a href=\"https:\/\/www.fundaciofenosa.org\/\" title=\"Visita la web\" target=\"_blank\" rel=\"noopener\">Visita la web<\/a>\n        \n      <\/div>\n      <strong>Horari: <\/strong><p>From Tuesday to Saturday:<br \/>\n11 am to 14 pm - 18 pm to 20 pm<\/p>\n<p>Monday closed<\/p>\n<br>\n      \n      \n      <strong>Price:<\/strong>2.00\u20ac<br>\n      <strong>Reduced price:<\/strong>0.00\u20ac<br>\n      <strong>Price for schools:<\/strong>0.00\u20ac<br>\n      \n  <\/div>\n<\/div><\/div>\n\t\t\n\t\t\n\t\t\t<div class=\"col-md-4\"><div style=\"display:none\" class=\"wpv-addon-maps-marker js-wpv-addon-maps-marker js-wpv-addon-maps-marker-marker-25907 js-wpv-addon-maps-markerfor-recursos\" data-marker=\"marker-25907\" data-markertitle=\"Deu Museum\" data-markerfor=\"recursos\" data-markerlat=\"41.221539\" data-markerlon=\"1.534339\" data-markericon=\"\/wp-content\/uploads\/marker-museus.png\" data-markericonhover=\"\" data-streetview=\"no\" data-fromview=\"\">\n\n\t<div class=\"mapa-tipus-allotjament-petit\"><\/div>\n\t<div class=\"titol-link-mapa-petit\"><a href=\"#deu-museum\">Deu Museum<\/a><\/div>\n\t<div class=\"mapa-tipus-allotjament-petit\"><a href=\"#deu-museum\">+ info<\/a><\/div>\n\n<\/div>\n\n<div class=\"map-marker-hidden\">\n\t<div class=\"imatge-mapa\"><img decoding=\"async\" width=\"510\" height=\"382\" src=\"https:\/\/elvendrellturisme.dms3labs.cat\/wp-content\/uploads\/IMG_1935-510x382.jpg\" class=\"attachment-et-pb-portfolio-module-image size-et-pb-portfolio-module-image wp-post-image\" alt=\"\" title=\"\"><\/div>\n  \n\t<div class=\"map-marker-content\">\n            <div class=\"mapa-tipus-allotjament \"> <\/div>\n      <h3 class=\"titol-link-mapa\"><a href=\"https:\/\/elvendrellturisme.dms3labs.cat\/en\/turistic-resources\/deu-museum\/\">Deu Museum<\/a><\/h3>\n      <div class=\"mapa-adreca\">Pla\u00e7a Nova, 6<br\/>\n        43700 El Vendrell\n      <\/div> \n      <div class=\"mapa-contacte\">\n        <a href=\"tel:+34977666308\">+34 977 66 63 08<\/a><br\/>\n        <a href=\"mailto:museudeu@elvendrell.net\" title=\"museudeu@elvendrell.net\">museudeu@elvendrell.net<\/a><br\/>\n       <a href=\"https:\/\/museus.elvendrell.net\/museu-deu\/\" title=\"Visita la web\" target=\"_blank\" rel=\"noopener\">Visita la web<\/a>\n        \n      <\/div>\n      <strong>Horari: <\/strong><p>Winter (01\/09- 30\/06):<\/p>\n<p>Tuesday to Friday:<br \/>\n10 a.m.-2 p.m. \/ 5 p.m.-7 p.m.<\/p>\n<p>Saturdays:<br \/>\n11 a.m.-2 p.m. \/ 5 p.m.-7 p.m.<\/p>\n<p>Sundays and holidays:<br \/>\n11 a.m.-2 p.m.<\/p>\n<p>Summer (01\/07-31\/08):<\/p>\n<p>Tuesday to Friday:<br \/>\n10 a.m.-2 p.m. \/ 6 p.m. - 8 p.m.<\/p>\n<p>Saturdays:<br \/>\n11 a.m.-2 p.m. \/ 6 p.m.-8 p.m.<\/p>\n<p>Sundays and holidays:<br \/>\n11 a.m.-2 p.m.<\/p>\n<p>Closed:<br \/>\nMonday<\/p>\n<p>January 1 and 6; May 1; June 24, July 26, December 24, 25, 26, 30 and 31<\/p>\n<br>\n      \n      \n      <strong>Price:<\/strong>5\u20ac<br>\n      <strong>Reduced price:<\/strong>2,25\u20ac<br>\n      <strong>Price for schools:<\/strong>0\u20ac<br>\n      \n  <\/div>\n<\/div><\/div>\n\t\t<\/div>\n\t\t\n\t\t\n\t\t<div class=\"row \">\n\t\t\t<div class=\"col-md-4\"><div style=\"display:none\" class=\"wpv-addon-maps-marker js-wpv-addon-maps-marker js-wpv-addon-maps-marker-marker-25909 js-wpv-addon-maps-markerfor-recursos\" data-marker=\"marker-25909\" data-markertitle=\"Pau Casals&#8217; Birth House\" data-markerfor=\"recursos\" data-markerlat=\"41.221837\" data-markerlon=\"1.534491\" data-markericon=\"\/wp-content\/uploads\/marker-museus.png\" data-markericonhover=\"\" data-streetview=\"no\" data-fromview=\"\">\n\n\t<div class=\"mapa-tipus-allotjament-petit\"><\/div>\n\t<div class=\"titol-link-mapa-petit\"><a href=\"#pau-casals-birth-house\">Pau Casals&#8217; Birth House<\/a><\/div>\n\t<div class=\"mapa-tipus-allotjament-petit\"><a href=\"#pau-casals-birth-house\">+ info<\/a><\/div>\n\n<\/div>\n\n<div class=\"map-marker-hidden\">\n\t<div class=\"imatge-mapa\"><img decoding=\"async\" width=\"510\" height=\"382\" src=\"https:\/\/elvendrellturisme.dms3labs.cat\/wp-content\/uploads\/IMG_3250-510x382.jpg\" class=\"attachment-et-pb-portfolio-module-image size-et-pb-portfolio-module-image wp-post-image\" alt=\"\" title=\"\"><\/div>\n  \n\t<div class=\"map-marker-content\">\n            <div class=\"mapa-tipus-allotjament \"> <\/div>\n      <h3 class=\"titol-link-mapa\"><a href=\"https:\/\/elvendrellturisme.dms3labs.cat\/en\/turistic-resources\/pau-casals-birth-house\/\">Pau Casals&#8217; Birth House<\/a><\/h3>\n      <div class=\"mapa-adreca\">Carrer de Santa Anna, 4<br\/>\n        43700 El Vendrell\n      <\/div> \n      <div class=\"mapa-contacte\">\n        <a href=\"tel:+34977181819\">+34 977 18 18 19<\/a><br\/>\n        <a href=\"mailto:visitesmuseus@elvendrell.net\" title=\"visitesmuseus@elvendrell.net\">visitesmuseus@elvendrell.net<\/a><br\/>\n       <a href=\"https:\/\/museus.elvendrell.net\/casa-nadiua-de-pau-casals\/\" title=\"Visita la web\" target=\"_blank\" rel=\"noopener\">Visita la web<\/a>\n        \n      <\/div>\n      <strong>Horari: <\/strong><p>Winter (01\/09- 30\/06):<\/p>\n<p>Tuesday to Friday:<br \/>\n10 a.m.-2 p.m. \/ 5 p.m.-7 p.m.<\/p>\n<p>Saturdays:<br \/>\n11 a.m.-2 p.m. \/ 5 p.m.-7 p.m.<\/p>\n<p>Sundays and holidays:<br \/>\n11 a.m.-2 p.m.<\/p>\n<p>Summer (01\/07-31\/08):<\/p>\n<p>Tuesday to Friday:<br \/>\n10 a.m.-2 p.m. \/ 6 p.m. - 8 p.m.<\/p>\n<p>Saturdays:<br \/>\n11 a.m.-2 p.m. \/ 6 p.m.-8 p.m.<\/p>\n<p>Sundays and holidays:<br \/>\n11 a.m.-2 p.m.<\/p>\n<p>Closed:<br \/>\nMonday<\/p>\n<p>January 1 and 6; May 1; June 24, July 26, December 24, 25, 26, 30 and 31<\/p>\n<br>\n      \n      \n      <strong>Price:<\/strong>3.20\u20ac<br>\n      <strong>Reduced price:<\/strong>2.20\u20ac<br>\n      <strong>Price for schools:<\/strong>1.00\u20ac<br>\n      \n  <\/div>\n<\/div><\/div>\n\t\t\n\t\t\n\t\t\t<div class=\"col-md-4\"><div style=\"display:none\" class=\"wpv-addon-maps-marker js-wpv-addon-maps-marker js-wpv-addon-maps-marker-marker-29940 js-wpv-addon-maps-markerfor-recursos\" data-marker=\"marker-29940\" data-markertitle=\"Sala Portal del Pardo\" data-markerfor=\"recursos\" data-markerlat=\"41.22004\" data-markerlon=\"1.53397\" data-markericon=\"\/wp-content\/uploads\/marker-museus.png\" data-markericonhover=\"\" data-streetview=\"no\" data-fromview=\"\">\n\n\t<div class=\"mapa-tipus-allotjament-petit\"><\/div>\n\t<div class=\"titol-link-mapa-petit\"><a href=\"#sala-portal-del-pardo\">Sala Portal del Pardo<\/a><\/div>\n\t<div class=\"mapa-tipus-allotjament-petit\"><a href=\"#sala-portal-del-pardo\">+ info<\/a><\/div>\n\n<\/div>\n\n<div class=\"map-marker-hidden\">\n\t<div class=\"imatge-mapa\"><img decoding=\"async\" width=\"510\" height=\"382\" src=\"https:\/\/elvendrellturisme.dms3labs.cat\/wp-content\/uploads\/disseny-sense-titol15-1-510x382.jpg\" class=\"attachment-et-pb-portfolio-module-image size-et-pb-portfolio-module-image wp-post-image\" alt=\"\" srcset=\"https:\/\/elvendrellturisme.dms3labs.cat\/wp-content\/uploads\/disseny-sense-titol15-1-510x382.jpg 510w, https:\/\/elvendrellturisme.dms3labs.cat\/wp-content\/uploads\/disseny-sense-titol15-1-480x480.jpg 480w\" sizes=\"(min-width: 0px) and (max-width: 480px) 480px, (min-width: 481px) 510px, 100vw\" title=\"\"><\/div>\n  \n\t<div class=\"map-marker-content\">\n            <div class=\"mapa-tipus-allotjament \"> <\/div>\n      <h3 class=\"titol-link-mapa\"><a href=\"https:\/\/elvendrellturisme.dms3labs.cat\/en\/turistic-resources\/sala-portal-del-pardo\/\">Sala Portal del Pardo<\/a><\/h3>\n      <div class=\"mapa-adreca\">Carrer Major, 20<br\/>\n        43700 El Vendrell\n      <\/div> \n      <div class=\"mapa-contacte\">\n        <a href=\"tel:977182135\">977 182 135<\/a><br\/>\n        <a href=\"mailto:espaicultural@elvendrell.net\" title=\"espaicultural@elvendrell.net\">espaicultural@elvendrell.net<\/a><br\/>\n       <a href=\"https:\/\/museus.elvendrell.net\/sala-portal-del-pardo\/\" title=\"Visita la web\" target=\"_blank\" rel=\"noopener\">Visita la web<\/a>\n        \n      <\/div>\n      <strong>Horari: <\/strong> N\/A<br>\n      Price: Free admission\n      \n  <\/div>\n<\/div><\/div>\n\t\t\n\t\t\n\t\t\t<div class=\"col-md-4\"><div style=\"display:none\" class=\"wpv-addon-maps-marker js-wpv-addon-maps-marker js-wpv-addon-maps-marker-marker-25906 js-wpv-addon-maps-markerfor-recursos\" data-marker=\"marker-25906\" data-markertitle=\"The Pau Casals Museum\" data-markerfor=\"recursos\" data-markerlat=\"41.183533\" data-markerlon=\"1.541298\" data-markericon=\"\/wp-content\/uploads\/marker-museus.png\" data-markericonhover=\"\" data-streetview=\"no\" data-fromview=\"\">\n\n\t<div class=\"mapa-tipus-allotjament-petit\"><\/div>\n\t<div class=\"titol-link-mapa-petit\"><a href=\"#the-pau-casals-museum\">The Pau Casals Museum<\/a><\/div>\n\t<div class=\"mapa-tipus-allotjament-petit\"><a href=\"#the-pau-casals-museum\">+ info<\/a><\/div>\n\n<\/div>\n\n<div class=\"map-marker-hidden\">\n\t<div class=\"imatge-mapa\"><img decoding=\"async\" width=\"510\" height=\"382\" src=\"https:\/\/elvendrellturisme.dms3labs.cat\/wp-content\/uploads\/IMG_1486-3-R-510x382.jpg\" class=\"attachment-et-pb-portfolio-module-image size-et-pb-portfolio-module-image wp-post-image\" alt=\"\" title=\"\"><\/div>\n  \n\t<div class=\"map-marker-content\">\n            <div class=\"mapa-tipus-allotjament \"> <\/div>\n      <h3 class=\"titol-link-mapa\"><a href=\"https:\/\/elvendrellturisme.dms3labs.cat\/en\/turistic-resources\/the-pau-casals-museum\/\">The Pau Casals Museum<\/a><\/h3>\n      <div class=\"mapa-adreca\">Avinguda Palfuriana, 67<br\/>\n        43880 Sant Salvador\n      <\/div> \n      <div class=\"mapa-contacte\">\n        <a href=\"tel:977684276\">977 68 42 76<\/a><br\/>\n        <a href=\"mailto:museu@paucasals.org\" title=\"museu@paucasals.org\">museu@paucasals.org<\/a><br\/>\n       <a href=\"https:\/\/www.paucasals.org\/visita\/\" title=\"Visita la web\" target=\"_blank\" rel=\"noopener\">Visita la web<\/a>\n        \n      <\/div>\n      <strong>Horari: <\/strong><p>Winter hours (12\/09 to 23\/06)<\/p>\n<p>Tuesday to Friday: 10 am to 2 pm and 4 pm to 6 pm.<br \/>\nSaturday: 10 am to 2 pm and 4 pm to 7 pm<br \/>\nSunday and public holidays: 10 am to 2 pm<br \/>\nMonday closed<\/p>\n<p>Summer schedule (24\/06 to 11\/09)<\/p>\n<p>Tuesday to Saturday: 10 am to 2 pm and 4.30 pm to 8 pm.<br \/>\nSunday and public holidays: 10 am to 2 pm<br \/>\nMonday closed<\/p>\n<br>\n      \n      \n      <strong>Price:<\/strong>8.00\u20ac<br>\n      <strong>Reduced price:<\/strong>6.00\u20ac<br>\n      <strong>Price for schools:<\/strong>0.00\u20ac<br>\n      \n  <\/div>\n<\/div><\/div>\n\t\t<\/div>\n\t\t\n\t<\/div>\n\t\n\t\n\t\n<\/div>\n\n<p>[\/et_pb_text][\/et_pb_column][\/et_pb_row][\/et_pb_section]<\/p>\n","protected":false},"excerpt":{"rendered":"<p>vendrell museumsVil\u00b7la Casals MuseumDeu MuseumHouse of Pau Casals\u00c0ngel Guimer\u00e0 House MuseumApel\u00b7les Fenosa MuseumTabaris MuseumVil\u00b7la Casals MuseumThe Pau Casals Museum is located in the summerhouse that Pau Casals had built on the beach of Sant Salvador, in the municipality of El Vendrell. Your visit will allow you to discover the life and human legacy of one [&hellip;]<\/p>\n","protected":false},"author":1,"featured_media":26025,"parent":27127,"menu_order":0,"comment_status":"closed","ping_status":"closed","template":"","meta":{"_acf_changed":false,"_et_pb_use_builder":"on","_et_pb_old_content":"","_et_gb_content_width":"","content-type":"","footnotes":""},"dipi_cpt_category":[],"class_list":["post-27210","page","type-page","status-publish","has-post-thumbnail","hentry"],"acf":[],"rankMath":{"parentDomain":"dms3labs.cat","noFollowDomains":[],"noFollowExcludeDomains":[],"noFollowExternalLinks":false,"featuredImageNotice":"The featured image should be at least 200 by 200 pixels to be picked up by Facebook and other social media sites.","pluginReviewed":false,"postSettings":{"linkSuggestions":true,"useFocusKeyword":false},"frontEndScore":false,"postName":"museums","permalinkFormat":"https:\/\/elvendrellturisme.dms3labs.cat\/en\/%pagename%\/","showLockModifiedDate":true,"assessor":{"focusKeywordLink":"https:\/\/elvendrellturisme.dms3labs.cat\/wp-admin\/edit.php?focus_keyword=%focus_keyword%&post_type=%post_type%","hasTOCPlugin":false,"primaryTaxonomy":false,"serpData":{"title":"","description":"Pau Casals, \u00c0ngel Guimer\u00e0, Apel\u00b7les Fenosa, among other personalities, have made El Vendrell a town of culture and museums. Visit them!","focusKeywords":"Museums","pillarContent":false,"canonicalUrl":"","breadcrumbTitle":"","advancedRobots":{"max-snippet":"-1","max-video-preview":"-1","max-image-preview":"large"},"facebookTitle":"","facebookDescription":"","facebookImage":"","facebookImageID":"","facebookHasOverlay":false,"facebookImageOverlay":"","facebookAuthor":"","twitterCardType":"","twitterUseFacebook":true,"twitterTitle":"","twitterDescription":"","twitterImage":"","twitterImageID":"","twitterHasOverlay":false,"twitterImageOverlay":"","twitterPlayerUrl":"","twitterPlayerSize":"","twitterPlayerStream":"","twitterPlayerStreamCtype":"","twitterAppDescription":"","twitterAppIphoneName":"","twitterAppIphoneID":"","twitterAppIphoneUrl":"","twitterAppIpadName":"","twitterAppIpadID":"","twitterAppIpadUrl":"","twitterAppGoogleplayName":"","twitterAppGoogleplayID":"","twitterAppGoogleplayUrl":"","twitterAppCountry":"","robots":{"index":true},"twitterAuthor":"username","primaryTerm":0,"authorName":"admin","titleTemplate":"%title% %sep% %sitename%","descriptionTemplate":"%excerpt%","showScoreFrontend":true,"lockModifiedDate":false},"powerWords":["a cut above","absolute","absolutely","absolutely lowest","absurd","abuse","accurate","accuse","achieve","actionable","adaptable","adequate","admit","adorable","advantage","advice","affordable","aggravate","aggressive","agitated","agonizing","agony","alarmed","alarming","alienated","aligned","alive","all-inclusive","alluring","always","amazing","amp","animated","annihilate","announcing","anonymous","antagonistic","anxious","apocalypse","appalled","approved","approving","argumentative","armageddon","arrogant","ass kicking","assault","assured","astonishing","astounded","astounding","at ease","atrocious","attack","attractive","audacity","authentic","authoritative","authority","avoid","aware","awe-inspiring","awesome","awkward","backbone","backdoor","backed","backlash","backstabbing","badass","balanced","banned","bargain","barrage","basic","battle","beaming","beat down","beating","beautiful","beauty","begging","behind the scenes","belief","belong","best","best-selling","better","beware","big","billion","black market","blacklisted","blast","blessed","blinded","blissful","blood","bloodbath","bloodcurdling","bloody","blunder","blushing","bold","bomb","bona","bona fide","bonanza","bonus","bootleg","bottom line","bountiful","brave","bravery","brazen","break","breaking","breakthrough","breathtaking","bright","brilliant","broke","brutal","budget","buffoon","bullshit","bully","bumbling","buy","cadaver","calm","cancel anytime","capable","captivate","captivating","carefree","case study","cash","cataclysmic","catapult","catastrophe","caution","censored","centered","certain","certainly","certified","challenge","charming","cheap","cheat","cheat-sheet","cheer","cheerful","child-like","clarity","classified","clear","clueless","collapse","colorful","colossal","comfortable","compare","competitive","complete","completely","completeness","comprehensive","compromise","compulsive","concealed","conclusive","condemning","condescending","confess","confession","confessions","confident","confidential","conquer","conscientious","constructive","content","contrary","controlling","controversial","convenient","convert","cool","cooperative","copy","corpse","corrupt","corrupting","courage","courageous","cover-up","covert","coward","cowardly","crammed","crave","crazy","create","creative","cringeworthy","cripple","crisis","critical","crooked","crush","crushing","damaging","danger","dangerous","daring","dazzling","dead","deadline","deadly","death","decadent","deceived","deceptive","deep","defiance","definitely","definitive","defying","dejected","delicious","delight","delighted","delightful","delirious","delivered","demoralizing","deplorable","depraved","desire","desperate","despicable","destiny","destroy","detailed","devastating","devoted","diagnosed","direct","dirty","disadvantages","disastrous","discount","discover","disdainful","disempowered","disgusted","disgusting","dishonest","disillusioned","disoriented","distracted","distraught","distressed","distrustful","divulge","document","dollar","dominate","doomed","double","doubtful","download","dreadful","dreamy","drive","drowning","dumb","dynamic","eager","earnest","easily","easy","economical","ecstatic","edge","effective","efficient","effortless","elated","eliminate","elite","embarrass","embarrassed","embarrassing","emergency","emerging","emphasize","empowered","enchant","encouraged","endorsed","energetic","energy","enormous","enraged","enthusiastic","envy","epic","epidemic","essential","ethical","euphoric","evil","exactly","exasperated","excellent","excited","excitement","exciting","exclusive","exclusivity","excruciating","exhilarated","expensive","expert","explode","exploit","explosive","exposed","exquisite","extra","extraordinary","extremely","exuberant","eye-opening","fail","fail-proof","failure","faith","famous","fantasy","fascinating","fatigued","faux","faux pas","fearless","feast","feeble","festive","fide","fierce","fight","final","fine","fired","first","first ever","flirt","fluid","focus","focused","fool","fooled","foolish","forbidden","force-fed","forever","forgiving","forgotten","formula","fortune","foul","frantic","free","freebie","freedom","frenzied","frenzy","frightening","frisky","frugal","frustrated","fulfill","fulfilled","full","fully","fun","fun-loving","fundamentals","funniest","funny","furious","gambling","gargantuan","genius","genuine","gift","gigantic","giveaway","glamorous","gleeful","glorious","glowing","goddamn","gorgeous","graceful","grateful","gratified","gravity","great","greatest","greatness","greed","greedy","gripping","grit","grounded","growth","guaranteed","guilt","guilt-free","gullible","guts","hack","happiness","happy","harmful","harsh","hate","have you heard","havoc","hazardous","healthy","heart","heartbreaking","heartwarming","heavenly","hell","helpful","helplessness","hero","hesitant","hidden","high tech","highest","highly effective","hilarious","hoak","hoax","honest","honored","hope","hopeful","horribly","horrific","horrifying","horror","hostile","how to","huge","humility","humor","hurricane","hurry","hypnotic","idiot","ignite","illegal","illusive","imagination","immediately","imminently","impatience","impatient","impenetrable","important","impressive","improved","in the zone","incapable","incapacitated","incompetent","inconsiderate","increase","incredible","indecisive","indulgence","indulgent","inexpensive","inferior","informative","infuriated","ingredients","innocent","innovative","insane","insecure","insider","insidious","inspired","inspiring","instant savings","instantly","instructive","insult","intel","intelligent","intense","interesting","intriguing","introducing","invasion","investment","iron-clad","ironclad","irresistible","irs","is here","jackpot","jail","jaw-dropping","jealous","jeopardy","jittery","jovial","joyous","jubilant","judgmental","jumpstart","just arrived","keen","kickass","kickstart","kill","killed","killing","kills","know it all","lame","largest","lascivious","last","last chance","last minute","latest","laugh","laughing","launch","launching","lavishly","lawsuit","lazy","left behind","legendary","legitimate","liberal","liberated","lick","lies","life-changing","lifetime","light","lighthearted","likely","limited","literally","little-known","loathsome","lonely","looming","loser","lost","love","lucrative","lunatic","lurking","lust","luxurious","luxury","lying","magic","magical","magnificent","mainstream","malicious","mammoth","manipulative","marked down","massive","master","masterclass","maul","mediocre","meditative","meltdown","memorability","memorable","menacing","mesmerizing","meticulous","mind-blowing","minimalist","miracle","mired","mischievous","misgiving","missing out","mistake","monetize","money","moneyback","moneygrubbing","monumental","most important","motivated","mouth-watering","murder","mystery","nail","naked","natural","naughty","nazi","nest egg","never","new","nightmare","no good","no obligation","no one talks about","no questions asked","no risk","no strings attached","non-controlling","noted","novelty","now","obnoxious","obsessed","obsession","obvious","odd","off-kilter","off-limits","off-the record","offensive","official","okay","on-demand","open-minded","opportunities","optimistic","ordeal","outlawed","outrageousness","outstanding","overcome","overjoyed","overnight","overwhelmed","packed","painful","painless","painstaking","pale","panic","panicked","paralyzed","pas","passionate","pathetic","pay zero","payback","perfect","peril","perplexed","perspective","pessimistic","pioneering","piranha","pitfall","pitiful","placid","plague","played","playful","pleased","pluck","plummet","plunge","poison","poisonous","polarizing","poor","popular","portfolio","pound","powerful","powerless","practical","preposterous","prestige","price","priceless","pride","prison","privacy","private","privileged","prize","problem","productive","professional","profit","profitable","profound","promiscuous","promising","promote","protect","protected","proven","provocative","provoke","psychological","pummel","punch","punish","pus","quadruple","quality","quarrelsome","quick","quick-start","quickly","quiet","radiant","rare","ravenous","rebellious","recession-proof","reckoning","recognized","recommend","recreate","reduced","reflective","refugee","refund","refundable","reject","relaxed","release","relentless","reliable","remarkable","replicate","report","reprimanding","repulsed","repulsive","research","resentful","resourceful","responsible","responsive","rested","restricted","results","retaliating","reveal","revealing","revenge","revengeful","revisited","revolting","revolutionary","reward","rich","ridiculous","risky","riveting","rookie","rowdy","ruin","rules","ruthless","sabotaging","sacred","sadistic","sadly","sadness","safe","safety","sale","sampler","sarcastic","satisfied","savage","savagery","save","savings","savvy","scam","scandal","scandalous","scarce","scared","scary","scornful","scream","searing","secret","secret agenda","secret plot","secrets","secure","security","seductive","seething","seize","selected","self-hating","self-sufficient","sensational","senseless","sensual","serene","seriously","severe","sex","sexy","shaking","shameful","shameless","shaming","shatter","shellacking","shocking","should","shrewd","sick and tired","signs","silly","simple","simplicity","simplified","simplistic","sincere","sinful","sins","six-figure","sizable","sizzle","sizzled","sizzles","sizzling","sizzlingly","skill","skyrocket","slaughter","slave","sleazy","sleeping","sly","smash","smiling","smug","smuggle","smuggled","sneak-peek","sneaky","sniveling","snob","snooty","snotty","soar","soaring","solid","solution","spank","special","spectacular","speedy","spell-binding","spine","spirit","spirited","spiteful","spoiler","spontaneous","spotlight","spunky","squirming","stable","staggering","startling","steady","steal","stealthy","steamy","step-by-step","still","stoic","stop","strange","strangle","strategy","stressed","strong","strongly suggest","struggle","stuck up","studies","stunning","stupid","stupid-simple","sturdy","sublime","succeed","success","successful","suck","suddenly","suffer","sunny","super","super-human","superb","supercharge","superior","supported","supportive","sure","sure fire","surefire","surge","surging","surprise","surprised","surprising","survival","survive","suspicious","sweaty","swoon","swoon-worthy","tailspin","tank","tantalizing","targeted","tawdry","tease","technology","teetering","tempting","tenacious","tense","terrible","terrific","terrified","terrifying","terror","terrorist","tested","thankful","the truth","threaten","threatened","thrilled","thrilling","thug","ticked off","tickled","timely","today","torture","toxic","track record","trade secret","tragedy","tragic","transform","transparency","trap","trapped","trauma","traumatized","treacherous","treasure","tremendous","trend","tricks","triggers","triple","triumph","truly","trusting","trustworthy","truth","truthful","turbo-charge","turbocharges","tweaks","twitching","ultimate","unadulterated","unassuming","unauthorized","unbelievable","unburdened","uncaring","uncensored","uncertain","uncomfortable","unconditional","uncontrollable","unconventional","uncovered","undeniable","under priced","undercover","underground","underhanded","underused","unexpected","unforgettable","unheard of","unhurried","uninterested","unique","unjustified","unknowingly","unleashed","unlimited","unlock","unparalleled","unpopular","unreliable","unresponsive","unseen","unstable","unstoppable","unsure","unsurpassed","untapped","unusual","up-sell","upbeat","uplifted","uplifting","urge","urgent","useful","useless","validate","valor","valuable","value","vanquish","vaporize","venomous","verify","vibrant","vicious","victim","victory","vigorous","vilified","vindictive","violated","violent","volatile","vulnerable","waiting","wanted","wanton","warning","waste","weak","wealth","weird","what no one tells you","whip","whopping","wicked","wild","willpower","withheld","wonderful","wondrous","woozy","world","worry","worst","worthwhile","wounded","wreaking","youthful","zen","zinger"],"diacritics":{"A":"[\\u0041\\u24B6\\uFF21\\u00C0\\u00C1\\u00C2\\u1EA6\\u1EA4\\u1EAA\\u1EA8\\u00C3\\u0100\\u0102\\u1EB0\\u1EAE\\u1EB4\\u1EB2\\u0226\\u01E0\\u00C4\\u01DE\\u1EA2\\u00C5\\u01FA\\u01CD\\u0200\\u0202\\u1EA0\\u1EAC\\u1EB6\\u1E00\\u0104\\u023A\\u2C6F]","AA":"[\\uA732]","AE":"[\\u00C6\\u01FC\\u01E2]","AO":"[\\uA734]","AU":"[\\uA736]","AV":"[\\uA738\\uA73A]","AY":"[\\uA73C]","B":"[\\u0042\\u24B7\\uFF22\\u1E02\\u1E04\\u1E06\\u0243\\u0182\\u0181]","C":"[\\u0043\\u24B8\\uFF23\\u0106\\u0108\\u010A\\u010C\\u00C7\\u1E08\\u0187\\u023B\\uA73E]","D":"[\\u0044\\u24B9\\uFF24\\u1E0A\\u010E\\u1E0C\\u1E10\\u1E12\\u1E0E\\u0110\\u018B\\u018A\\u0189\\uA779]","DZ":"[\\u01F1\\u01C4]","Dz":"[\\u01F2\\u01C5]","E":"[\\u0045\\u24BA\\uFF25\\u00C8\\u00C9\\u00CA\\u1EC0\\u1EBE\\u1EC4\\u1EC2\\u1EBC\\u0112\\u1E14\\u1E16\\u0114\\u0116\\u00CB\\u1EBA\\u011A\\u0204\\u0206\\u1EB8\\u1EC6\\u0228\\u1E1C\\u0118\\u1E18\\u1E1A\\u0190\\u018E]","F":"[\\u0046\\u24BB\\uFF26\\u1E1E\\u0191\\uA77B]","G":"[\\u0047\\u24BC\\uFF27\\u01F4\\u011C\\u1E20\\u011E\\u0120\\u01E6\\u0122\\u01E4\\u0193\\uA7A0\\uA77D\\uA77E]","H":"[\\u0048\\u24BD\\uFF28\\u0124\\u1E22\\u1E26\\u021E\\u1E24\\u1E28\\u1E2A\\u0126\\u2C67\\u2C75\\uA78D]","I":"[\\u0049\\u24BE\\uFF29\\u00CC\\u00CD\\u00CE\\u0128\\u012A\\u012C\\u0130\\u00CF\\u1E2E\\u1EC8\\u01CF\\u0208\\u020A\\u1ECA\\u012E\\u1E2C\\u0197]","J":"[\\u004A\\u24BF\\uFF2A\\u0134\\u0248]","K":"[\\u004B\\u24C0\\uFF2B\\u1E30\\u01E8\\u1E32\\u0136\\u1E34\\u0198\\u2C69\\uA740\\uA742\\uA744\\uA7A2]","L":"[\\u004C\\u24C1\\uFF2C\\u013F\\u0139\\u013D\\u1E36\\u1E38\\u013B\\u1E3C\\u1E3A\\u0141\\u023D\\u2C62\\u2C60\\uA748\\uA746\\uA780]","LJ":"[\\u01C7]","Lj":"[\\u01C8]","M":"[\\u004D\\u24C2\\uFF2D\\u1E3E\\u1E40\\u1E42\\u2C6E\\u019C]","N":"[\\u004E\\u24C3\\uFF2E\\u01F8\\u0143\\u00D1\\u1E44\\u0147\\u1E46\\u0145\\u1E4A\\u1E48\\u0220\\u019D\\uA790\\uA7A4]","NJ":"[\\u01CA]","Nj":"[\\u01CB]","O":"[\\u004F\\u24C4\\uFF2F\\u00D2\\u00D3\\u00D4\\u1ED2\\u1ED0\\u1ED6\\u1ED4\\u00D5\\u1E4C\\u022C\\u1E4E\\u014C\\u1E50\\u1E52\\u014E\\u022E\\u0230\\u00D6\\u022A\\u1ECE\\u0150\\u01D1\\u020C\\u020E\\u01A0\\u1EDC\\u1EDA\\u1EE0\\u1EDE\\u1EE2\\u1ECC\\u1ED8\\u01EA\\u01EC\\u00D8\\u01FE\\u0186\\u019F\\uA74A\\uA74C]","OI":"[\\u01A2]","OO":"[\\uA74E]","OU":"[\\u0222]","P":"[\\u0050\\u24C5\\uFF30\\u1E54\\u1E56\\u01A4\\u2C63\\uA750\\uA752\\uA754]","Q":"[\\u0051\\u24C6\\uFF31\\uA756\\uA758\\u024A]","R":"[\\u0052\\u24C7\\uFF32\\u0154\\u1E58\\u0158\\u0210\\u0212\\u1E5A\\u1E5C\\u0156\\u1E5E\\u024C\\u2C64\\uA75A\\uA7A6\\uA782]","S":"[\\u0053\\u24C8\\uFF33\\u1E9E\\u015A\\u1E64\\u015C\\u1E60\\u0160\\u1E66\\u1E62\\u1E68\\u0218\\u015E\\u2C7E\\uA7A8\\uA784]","T":"[\\u0054\\u24C9\\uFF34\\u1E6A\\u0164\\u1E6C\\u021A\\u0162\\u1E70\\u1E6E\\u0166\\u01AC\\u01AE\\u023E\\uA786]","TZ":"[\\uA728]","U":"[\\u0055\\u24CA\\uFF35\\u00D9\\u00DA\\u00DB\\u0168\\u1E78\\u016A\\u1E7A\\u016C\\u00DC\\u01DB\\u01D7\\u01D5\\u01D9\\u1EE6\\u016E\\u0170\\u01D3\\u0214\\u0216\\u01AF\\u1EEA\\u1EE8\\u1EEE\\u1EEC\\u1EF0\\u1EE4\\u1E72\\u0172\\u1E76\\u1E74\\u0244]","V":"[\\u0056\\u24CB\\uFF36\\u1E7C\\u1E7E\\u01B2\\uA75E\\u0245]","VY":"[\\uA760]","W":"[\\u0057\\u24CC\\uFF37\\u1E80\\u1E82\\u0174\\u1E86\\u1E84\\u1E88\\u2C72]","X":"[\\u0058\\u24CD\\uFF38\\u1E8A\\u1E8C]","Y":"[\\u0059\\u24CE\\uFF39\\u1EF2\\u00DD\\u0176\\u1EF8\\u0232\\u1E8E\\u0178\\u1EF6\\u1EF4\\u01B3\\u024E\\u1EFE]","Z":"[\\u005A\\u24CF\\uFF3A\\u0179\\u1E90\\u017B\\u017D\\u1E92\\u1E94\\u01B5\\u0224\\u2C7F\\u2C6B\\uA762]","a":"[\\u0061\\u24D0\\uFF41\\u1E9A\\u00E0\\u00E1\\u00E2\\u1EA7\\u1EA5\\u1EAB\\u1EA9\\u00E3\\u0101\\u0103\\u1EB1\\u1EAF\\u1EB5\\u1EB3\\u0227\\u01E1\\u00E4\\u01DF\\u1EA3\\u00E5\\u01FB\\u01CE\\u0201\\u0203\\u1EA1\\u1EAD\\u1EB7\\u1E01\\u0105\\u2C65\\u0250]","aa":"[\\uA733]","ae":"[\\u00E6\\u01FD\\u01E3]","ao":"[\\uA735]","au":"[\\uA737]","av":"[\\uA739\\uA73B]","ay":"[\\uA73D]","b":"[\\u0062\\u24D1\\uFF42\\u1E03\\u1E05\\u1E07\\u0180\\u0183\\u0253]","c":"[\\u0063\\u24D2\\uFF43\\u0107\\u0109\\u010B\\u010D\\u00E7\\u1E09\\u0188\\u023C\\uA73F\\u2184]","d":"[\\u0064\\u24D3\\uFF44\\u1E0B\\u010F\\u1E0D\\u1E11\\u1E13\\u1E0F\\u0111\\u018C\\u0256\\u0257\\uA77A]","dz":"[\\u01F3\\u01C6]","e":"[\\u0065\\u24D4\\uFF45\\u00E8\\u00E9\\u00EA\\u1EC1\\u1EBF\\u1EC5\\u1EC3\\u1EBD\\u0113\\u1E15\\u1E17\\u0115\\u0117\\u00EB\\u1EBB\\u011B\\u0205\\u0207\\u1EB9\\u1EC7\\u0229\\u1E1D\\u0119\\u1E19\\u1E1B\\u0247\\u025B\\u01DD]","f":"[\\u0066\\u24D5\\uFF46\\u1E1F\\u0192\\uA77C]","g":"[\\u0067\\u24D6\\uFF47\\u01F5\\u011D\\u1E21\\u011F\\u0121\\u01E7\\u0123\\u01E5\\u0260\\uA7A1\\u1D79\\uA77F]","h":"[\\u0068\\u24D7\\uFF48\\u0125\\u1E23\\u1E27\\u021F\\u1E25\\u1E29\\u1E2B\\u1E96\\u0127\\u2C68\\u2C76\\u0265]","hv":"[\\u0195]","i":"[\\u0069\\u24D8\\uFF49\\u00EC\\u00ED\\u00EE\\u0129\\u012B\\u012D\\u00EF\\u1E2F\\u1EC9\\u01D0\\u0209\\u020B\\u1ECB\\u012F\\u1E2D\\u0268\\u0131]","j":"[\\u006A\\u24D9\\uFF4A\\u0135\\u01F0\\u0249]","k":"[\\u006B\\u24DA\\uFF4B\\u1E31\\u01E9\\u1E33\\u0137\\u1E35\\u0199\\u2C6A\\uA741\\uA743\\uA745\\uA7A3]","l":"[\\u006C\\u24DB\\uFF4C\\u0140\\u013A\\u013E\\u1E37\\u1E39\\u013C\\u1E3D\\u1E3B\\u017F\\u0142\\u019A\\u026B\\u2C61\\uA749\\uA781\\uA747]","lj":"[\\u01C9]","m":"[\\u006D\\u24DC\\uFF4D\\u1E3F\\u1E41\\u1E43\\u0271\\u026F]","n":"[\\u006E\\u24DD\\uFF4E\\u01F9\\u0144\\u00F1\\u1E45\\u0148\\u1E47\\u0146\\u1E4B\\u1E49\\u019E\\u0272\\u0149\\uA791\\uA7A5]","nj":"[\\u01CC]","o":"[\\u006F\\u24DE\\uFF4F\\u00F2\\u00F3\\u00F4\\u1ED3\\u1ED1\\u1ED7\\u1ED5\\u00F5\\u1E4D\\u022D\\u1E4F\\u014D\\u1E51\\u1E53\\u014F\\u022F\\u0231\\u00F6\\u022B\\u1ECF\\u0151\\u01D2\\u020D\\u020F\\u01A1\\u1EDD\\u1EDB\\u1EE1\\u1EDF\\u1EE3\\u1ECD\\u1ED9\\u01EB\\u01ED\\u00F8\\u01FF\\u0254\\uA74B\\uA74D\\u0275]","oi":"[\\u01A3]","ou":"[\\u0223]","oo":"[\\uA74F]","p":"[\\u0070\\u24DF\\uFF50\\u1E55\\u1E57\\u01A5\\u1D7D\\uA751\\uA753\\uA755]","q":"[\\u0071\\u24E0\\uFF51\\u024B\\uA757\\uA759]","r":"[\\u0072\\u24E1\\uFF52\\u0155\\u1E59\\u0159\\u0211\\u0213\\u1E5B\\u1E5D\\u0157\\u1E5F\\u024D\\u027D\\uA75B\\uA7A7\\uA783]","s":"[\\u0073\\u24E2\\uFF53\\u015B\\u1E65\\u015D\\u1E61\\u0161\\u1E67\\u1E63\\u1E69\\u0219\\u015F\\u023F\\uA7A9\\uA785\\u1E9B]","ss":"[\\u00DF]","t":"[\\u0074\\u24E3\\uFF54\\u1E6B\\u1E97\\u0165\\u1E6D\\u021B\\u0163\\u1E71\\u1E6F\\u0167\\u01AD\\u0288\\u2C66\\uA787]","tz":"[\\uA729]","u":"[\\u0075\\u24E4\\uFF55\\u00F9\\u00FA\\u00FB\\u0169\\u1E79\\u016B\\u1E7B\\u016D\\u00FC\\u01DC\\u01D8\\u01D6\\u01DA\\u1EE7\\u016F\\u0171\\u01D4\\u0215\\u0217\\u01B0\\u1EEB\\u1EE9\\u1EEF\\u1EED\\u1EF1\\u1EE5\\u1E73\\u0173\\u1E77\\u1E75\\u0289]","v":"[\\u0076\\u24E5\\uFF56\\u1E7D\\u1E7F\\u028B\\uA75F\\u028C]","vy":"[\\uA761]","w":"[\\u0077\\u24E6\\uFF57\\u1E81\\u1E83\\u0175\\u1E87\\u1E85\\u1E98\\u1E89\\u2C73]","x":"[\\u0078\\u24E7\\uFF58\\u1E8B\\u1E8D]","y":"[\\u0079\\u24E8\\uFF59\\u1EF3\\u00FD\\u0177\\u1EF9\\u0233\\u1E8F\\u00FF\\u1EF7\\u1E99\\u1EF5\\u01B4\\u024F\\u1EFF]","z":"[\\u007A\\u24E9\\uFF5A\\u017A\\u1E91\\u017C\\u017E\\u1E93\\u1E95\\u01B6\\u0225\\u0240\\u2C6C\\uA763]"},"researchesTests":["contentHasTOC","contentHasShortParagraphs","contentHasAssets","keywordInTitle","keywordInMetaDescription","keywordInPermalink","keywordIn10Percent","keywordInContent","keywordInSubheadings","keywordInImageAlt","keywordDensity","keywordNotUsed","lengthContent","lengthPermalink","linksHasInternal","linksHasExternals","linksNotAllExternals","titleStartWithKeyword","titleSentiment","titleHasPowerWords","titleHasNumber","hasContentAI"],"hasRedirection":true,"hasBreadcrumb":false},"homeUrl":"https:\/\/elvendrellturisme.dms3labs.cat\/en\/","objectID":27210,"objectType":"post","locale":"en","localeFull":"en_US","overlayImages":{"play":{"name":"Play icon","url":"https:\/\/elvendrellturisme.dms3labs.cat\/wp-content\/plugins\/seo-by-rank-math\/assets\/admin\/img\/icon-play.png","path":"\/var\/www\/vhosts\/dms3labs.cat\/subdominis\/elvendrellturisme.dms3labs.cat\/wp-content\/plugins\/seo-by-rank-math\/assets\/admin\/img\/icon-play.png","position":"middle_center"},"gif":{"name":"GIF icon","url":"https:\/\/elvendrellturisme.dms3labs.cat\/wp-content\/plugins\/seo-by-rank-math\/assets\/admin\/img\/icon-gif.png","path":"\/var\/www\/vhosts\/dms3labs.cat\/subdominis\/elvendrellturisme.dms3labs.cat\/wp-content\/plugins\/seo-by-rank-math\/assets\/admin\/img\/icon-gif.png","position":"middle_center"}},"defautOgImage":"https:\/\/elvendrellturisme.dms3labs.cat\/wp-content\/uploads\/2021\/03\/tv-el-vendrell.png","customPermalinks":true,"isUserRegistered":true,"autoSuggestKeywords":true,"connectSiteUrl":"https:\/\/rankmath.com\/auth?site=https%3A%2F%2Felvendrellturisme.dms3labs.cat%2Fen%2F&r=https%3A%2F%2Felvendrellturisme.dms3labs.cat%2Fen%2Fwp-json%2Fwp%2Fv2%2Fpages%2F27210%3Fnonce%3D20361aa608","maxTags":5,"trendsIcon":"<svg viewBox=\"0 0 610 610\"><path d=\"M18.85,446,174.32,290.48l58.08,58.08L76.93,504a14.54,14.54,0,0,1-20.55,0L18.83,466.48a14.54,14.54,0,0,1,0-20.55Z\" style=\"fill:#4285f4\"\/><path d=\"M242.65,242.66,377.59,377.6l-47.75,47.75a14.54,14.54,0,0,1-20.55,0L174.37,290.43l47.75-47.75A14.52,14.52,0,0,1,242.65,242.66Z\" style=\"fill:#ea4335\"\/><polygon points=\"319.53 319.53 479.26 159.8 537.34 217.88 377.61 377.62 319.53 319.53\" style=\"fill:#fabb05\"\/><path d=\"M594.26,262.73V118.61h0a16.94,16.94,0,0,0-16.94-16.94H433.2a16.94,16.94,0,0,0-12,28.92L565.34,274.71h0a16.94,16.94,0,0,0,28.92-12Z\" style=\"fill:#34a853\"\/><rect width=\"610\" height=\"610\" style=\"fill:none\"\/><\/svg>","showScore":true,"siteFavIcon":"https:\/\/elvendrellturisme.dms3labs.cat\/wp-content\/uploads\/cropped-logo-en-clau-de-sol-ffavicon-32x32.png","canUser":{"general":false,"advanced":false,"snippet":false,"social":false,"analysis":false,"analytics":false,"content_ai":false},"isPro":false,"is_front_page":false,"trendsUpgradeLink":"https:\/\/rankmath.com\/pricing\/?utm_source=Plugin&utm_medium=CE%20General%20Tab%20Trends&utm_campaign=WP","trendsUpgradeLabel":"Upgrade","trendsPreviewImage":"https:\/\/elvendrellturisme.dms3labs.cat\/wp-content\/plugins\/seo-by-rank-math\/assets\/admin\/img\/trends-preview.jpg","currentEditor":false,"homepageData":{"assessor":{"powerWords":["a cut above","absolute","absolutely","absolutely lowest","absurd","abuse","accurate","accuse","achieve","actionable","adaptable","adequate","admit","adorable","advantage","advice","affordable","aggravate","aggressive","agitated","agonizing","agony","alarmed","alarming","alienated","aligned","alive","all-inclusive","alluring","always","amazing","amp","animated","annihilate","announcing","anonymous","antagonistic","anxious","apocalypse","appalled","approved","approving","argumentative","armageddon","arrogant","ass kicking","assault","assured","astonishing","astounded","astounding","at ease","atrocious","attack","attractive","audacity","authentic","authoritative","authority","avoid","aware","awe-inspiring","awesome","awkward","backbone","backdoor","backed","backlash","backstabbing","badass","balanced","banned","bargain","barrage","basic","battle","beaming","beat down","beating","beautiful","beauty","begging","behind the scenes","belief","belong","best","best-selling","better","beware","big","billion","black market","blacklisted","blast","blessed","blinded","blissful","blood","bloodbath","bloodcurdling","bloody","blunder","blushing","bold","bomb","bona","bona fide","bonanza","bonus","bootleg","bottom line","bountiful","brave","bravery","brazen","break","breaking","breakthrough","breathtaking","bright","brilliant","broke","brutal","budget","buffoon","bullshit","bully","bumbling","buy","cadaver","calm","cancel anytime","capable","captivate","captivating","carefree","case study","cash","cataclysmic","catapult","catastrophe","caution","censored","centered","certain","certainly","certified","challenge","charming","cheap","cheat","cheat-sheet","cheer","cheerful","child-like","clarity","classified","clear","clueless","collapse","colorful","colossal","comfortable","compare","competitive","complete","completely","completeness","comprehensive","compromise","compulsive","concealed","conclusive","condemning","condescending","confess","confession","confessions","confident","confidential","conquer","conscientious","constructive","content","contrary","controlling","controversial","convenient","convert","cool","cooperative","copy","corpse","corrupt","corrupting","courage","courageous","cover-up","covert","coward","cowardly","crammed","crave","crazy","create","creative","cringeworthy","cripple","crisis","critical","crooked","crush","crushing","damaging","danger","dangerous","daring","dazzling","dead","deadline","deadly","death","decadent","deceived","deceptive","deep","defiance","definitely","definitive","defying","dejected","delicious","delight","delighted","delightful","delirious","delivered","demoralizing","deplorable","depraved","desire","desperate","despicable","destiny","destroy","detailed","devastating","devoted","diagnosed","direct","dirty","disadvantages","disastrous","discount","discover","disdainful","disempowered","disgusted","disgusting","dishonest","disillusioned","disoriented","distracted","distraught","distressed","distrustful","divulge","document","dollar","dominate","doomed","double","doubtful","download","dreadful","dreamy","drive","drowning","dumb","dynamic","eager","earnest","easily","easy","economical","ecstatic","edge","effective","efficient","effortless","elated","eliminate","elite","embarrass","embarrassed","embarrassing","emergency","emerging","emphasize","empowered","enchant","encouraged","endorsed","energetic","energy","enormous","enraged","enthusiastic","envy","epic","epidemic","essential","ethical","euphoric","evil","exactly","exasperated","excellent","excited","excitement","exciting","exclusive","exclusivity","excruciating","exhilarated","expensive","expert","explode","exploit","explosive","exposed","exquisite","extra","extraordinary","extremely","exuberant","eye-opening","fail","fail-proof","failure","faith","famous","fantasy","fascinating","fatigued","faux","faux pas","fearless","feast","feeble","festive","fide","fierce","fight","final","fine","fired","first","first ever","flirt","fluid","focus","focused","fool","fooled","foolish","forbidden","force-fed","forever","forgiving","forgotten","formula","fortune","foul","frantic","free","freebie","freedom","frenzied","frenzy","frightening","frisky","frugal","frustrated","fulfill","fulfilled","full","fully","fun","fun-loving","fundamentals","funniest","funny","furious","gambling","gargantuan","genius","genuine","gift","gigantic","giveaway","glamorous","gleeful","glorious","glowing","goddamn","gorgeous","graceful","grateful","gratified","gravity","great","greatest","greatness","greed","greedy","gripping","grit","grounded","growth","guaranteed","guilt","guilt-free","gullible","guts","hack","happiness","happy","harmful","harsh","hate","have you heard","havoc","hazardous","healthy","heart","heartbreaking","heartwarming","heavenly","hell","helpful","helplessness","hero","hesitant","hidden","high tech","highest","highly effective","hilarious","hoak","hoax","honest","honored","hope","hopeful","horribly","horrific","horrifying","horror","hostile","how to","huge","humility","humor","hurricane","hurry","hypnotic","idiot","ignite","illegal","illusive","imagination","immediately","imminently","impatience","impatient","impenetrable","important","impressive","improved","in the zone","incapable","incapacitated","incompetent","inconsiderate","increase","incredible","indecisive","indulgence","indulgent","inexpensive","inferior","informative","infuriated","ingredients","innocent","innovative","insane","insecure","insider","insidious","inspired","inspiring","instant savings","instantly","instructive","insult","intel","intelligent","intense","interesting","intriguing","introducing","invasion","investment","iron-clad","ironclad","irresistible","irs","is here","jackpot","jail","jaw-dropping","jealous","jeopardy","jittery","jovial","joyous","jubilant","judgmental","jumpstart","just arrived","keen","kickass","kickstart","kill","killed","killing","kills","know it all","lame","largest","lascivious","last","last chance","last minute","latest","laugh","laughing","launch","launching","lavishly","lawsuit","lazy","left behind","legendary","legitimate","liberal","liberated","lick","lies","life-changing","lifetime","light","lighthearted","likely","limited","literally","little-known","loathsome","lonely","looming","loser","lost","love","lucrative","lunatic","lurking","lust","luxurious","luxury","lying","magic","magical","magnificent","mainstream","malicious","mammoth","manipulative","marked down","massive","master","masterclass","maul","mediocre","meditative","meltdown","memorability","memorable","menacing","mesmerizing","meticulous","mind-blowing","minimalist","miracle","mired","mischievous","misgiving","missing out","mistake","monetize","money","moneyback","moneygrubbing","monumental","most important","motivated","mouth-watering","murder","mystery","nail","naked","natural","naughty","nazi","nest egg","never","new","nightmare","no good","no obligation","no one talks about","no questions asked","no risk","no strings attached","non-controlling","noted","novelty","now","obnoxious","obsessed","obsession","obvious","odd","off-kilter","off-limits","off-the record","offensive","official","okay","on-demand","open-minded","opportunities","optimistic","ordeal","outlawed","outrageousness","outstanding","overcome","overjoyed","overnight","overwhelmed","packed","painful","painless","painstaking","pale","panic","panicked","paralyzed","pas","passionate","pathetic","pay zero","payback","perfect","peril","perplexed","perspective","pessimistic","pioneering","piranha","pitfall","pitiful","placid","plague","played","playful","pleased","pluck","plummet","plunge","poison","poisonous","polarizing","poor","popular","portfolio","pound","powerful","powerless","practical","preposterous","prestige","price","priceless","pride","prison","privacy","private","privileged","prize","problem","productive","professional","profit","profitable","profound","promiscuous","promising","promote","protect","protected","proven","provocative","provoke","psychological","pummel","punch","punish","pus","quadruple","quality","quarrelsome","quick","quick-start","quickly","quiet","radiant","rare","ravenous","rebellious","recession-proof","reckoning","recognized","recommend","recreate","reduced","reflective","refugee","refund","refundable","reject","relaxed","release","relentless","reliable","remarkable","replicate","report","reprimanding","repulsed","repulsive","research","resentful","resourceful","responsible","responsive","rested","restricted","results","retaliating","reveal","revealing","revenge","revengeful","revisited","revolting","revolutionary","reward","rich","ridiculous","risky","riveting","rookie","rowdy","ruin","rules","ruthless","sabotaging","sacred","sadistic","sadly","sadness","safe","safety","sale","sampler","sarcastic","satisfied","savage","savagery","save","savings","savvy","scam","scandal","scandalous","scarce","scared","scary","scornful","scream","searing","secret","secret agenda","secret plot","secrets","secure","security","seductive","seething","seize","selected","self-hating","self-sufficient","sensational","senseless","sensual","serene","seriously","severe","sex","sexy","shaking","shameful","shameless","shaming","shatter","shellacking","shocking","should","shrewd","sick and tired","signs","silly","simple","simplicity","simplified","simplistic","sincere","sinful","sins","six-figure","sizable","sizzle","sizzled","sizzles","sizzling","sizzlingly","skill","skyrocket","slaughter","slave","sleazy","sleeping","sly","smash","smiling","smug","smuggle","smuggled","sneak-peek","sneaky","sniveling","snob","snooty","snotty","soar","soaring","solid","solution","spank","special","spectacular","speedy","spell-binding","spine","spirit","spirited","spiteful","spoiler","spontaneous","spotlight","spunky","squirming","stable","staggering","startling","steady","steal","stealthy","steamy","step-by-step","still","stoic","stop","strange","strangle","strategy","stressed","strong","strongly suggest","struggle","stuck up","studies","stunning","stupid","stupid-simple","sturdy","sublime","succeed","success","successful","suck","suddenly","suffer","sunny","super","super-human","superb","supercharge","superior","supported","supportive","sure","sure fire","surefire","surge","surging","surprise","surprised","surprising","survival","survive","suspicious","sweaty","swoon","swoon-worthy","tailspin","tank","tantalizing","targeted","tawdry","tease","technology","teetering","tempting","tenacious","tense","terrible","terrific","terrified","terrifying","terror","terrorist","tested","thankful","the truth","threaten","threatened","thrilled","thrilling","thug","ticked off","tickled","timely","today","torture","toxic","track record","trade secret","tragedy","tragic","transform","transparency","trap","trapped","trauma","traumatized","treacherous","treasure","tremendous","trend","tricks","triggers","triple","triumph","truly","trusting","trustworthy","truth","truthful","turbo-charge","turbocharges","tweaks","twitching","ultimate","unadulterated","unassuming","unauthorized","unbelievable","unburdened","uncaring","uncensored","uncertain","uncomfortable","unconditional","uncontrollable","unconventional","uncovered","undeniable","under priced","undercover","underground","underhanded","underused","unexpected","unforgettable","unheard of","unhurried","uninterested","unique","unjustified","unknowingly","unleashed","unlimited","unlock","unparalleled","unpopular","unreliable","unresponsive","unseen","unstable","unstoppable","unsure","unsurpassed","untapped","unusual","up-sell","upbeat","uplifted","uplifting","urge","urgent","useful","useless","validate","valor","valuable","value","vanquish","vaporize","venomous","verify","vibrant","vicious","victim","victory","vigorous","vilified","vindictive","violated","violent","volatile","vulnerable","waiting","wanted","wanton","warning","waste","weak","wealth","weird","what no one tells you","whip","whopping","wicked","wild","willpower","withheld","wonderful","wondrous","woozy","world","worry","worst","worthwhile","wounded","wreaking","youthful","zen","zinger"],"diacritics":true,"researchesTests":["contentHasTOC","contentHasShortParagraphs","contentHasAssets","keywordInTitle","keywordInMetaDescription","keywordInPermalink","keywordIn10Percent","keywordInContent","keywordInSubheadings","keywordInImageAlt","keywordDensity","keywordNotUsed","lengthContent","lengthPermalink","linksHasInternal","linksHasExternals","linksNotAllExternals","titleStartWithKeyword","titleSentiment","titleHasPowerWords","titleHasNumber","hasContentAI"],"hasBreadcrumb":false,"serpData":{"title":"%sitename% %page% %sep% %sitedesc%","description":"","titleTemplate":"%sitename% %page% %sep% %sitedesc%","descriptionTemplate":"","focusKeywords":"","breadcrumbTitle":"Home","robots":{"index":true},"advancedRobots":{"max-snippet":"-1","max-video-preview":"-1","max-image-preview":"large"},"facebookTitle":"","facebookDescription":"","facebookImage":"","facebookImageID":""}}},"tocTitle":"Table of Contents","tocExcludeHeadings":[],"listStyle":"ul"},"_links":{"self":[{"href":"https:\/\/elvendrellturisme.dms3labs.cat\/en\/wp-json\/wp\/v2\/pages\/27210","targetHints":{"allow":["GET"]}}],"collection":[{"href":"https:\/\/elvendrellturisme.dms3labs.cat\/en\/wp-json\/wp\/v2\/pages"}],"about":[{"href":"https:\/\/elvendrellturisme.dms3labs.cat\/en\/wp-json\/wp\/v2\/types\/page"}],"author":[{"embeddable":true,"href":"https:\/\/elvendrellturisme.dms3labs.cat\/en\/wp-json\/wp\/v2\/users\/1"}],"replies":[{"embeddable":true,"href":"https:\/\/elvendrellturisme.dms3labs.cat\/en\/wp-json\/wp\/v2\/comments?post=27210"}],"version-history":[{"count":53,"href":"https:\/\/elvendrellturisme.dms3labs.cat\/en\/wp-json\/wp\/v2\/pages\/27210\/revisions"}],"predecessor-version":[{"id":46565,"href":"https:\/\/elvendrellturisme.dms3labs.cat\/en\/wp-json\/wp\/v2\/pages\/27210\/revisions\/46565"}],"up":[{"embeddable":true,"href":"https:\/\/elvendrellturisme.dms3labs.cat\/en\/wp-json\/wp\/v2\/pages\/27127"}],"wp:featuredmedia":[{"embeddable":true,"href":"https:\/\/elvendrellturisme.dms3labs.cat\/en\/wp-json\/wp\/v2\/media\/26025"}],"wp:attachment":[{"href":"https:\/\/elvendrellturisme.dms3labs.cat\/en\/wp-json\/wp\/v2\/media?parent=27210"}],"wp:term":[{"taxonomy":"dipi_cpt_category","embeddable":true,"href":"https:\/\/elvendrellturisme.dms3labs.cat\/en\/wp-json\/wp\/v2\/dipi_cpt_category?post=27210"}],"curies":[{"name":"wp","href":"https:\/\/api.w.org\/{rel}","templated":true}]}}