{"id":27549,"date":"2021-08-06T15:13:48","date_gmt":"2021-08-06T15:13:48","guid":{"rendered":"https:\/\/tv.dms3labs.cat\/familientourismus\/"},"modified":"2021-12-09T13:58:19","modified_gmt":"2021-12-09T11:58:19","slug":"familientourismus","status":"publish","type":"page","link":"https:\/\/elvendrellturisme.dms3labs.cat\/de\/familientourismus\/","title":{"rendered":"Familientourismus"},"content":{"rendered":"<p>[et_pb_section fb_built=&#8221;1&#8243; admin_label=&#8221;Hero&#8221; _builder_version=&#8221;4.8.2&#8243; background_enable_color=&#8221;off&#8221; use_background_color_gradient=&#8221;on&#8221; background_color_gradient_start=&#8221;rgba(43,135,218,0)&#8221; background_color_gradient_end=&#8221;rgba(8,10,10,0.75)&#8221; background_color_gradient_start_position=&#8221;50%&#8221; background_color_gradient_overlays_image=&#8221;on&#8221; background_image=&#8221;https:\/\/elvendrellturisme.dms3labs.cat\/wp-content\/uploads\/turisme-familiar-el-vendrell.jpeg&#8221; min_height=&#8221;75vh&#8221; custom_padding=&#8221;101px|||0px|false|false&#8221; locked=&#8221;off&#8221; global_colors_info=&#8221;{}&#8221;][et_pb_row use_custom_gutter=&#8221;on&#8221; gutter_width=&#8221;1&#8243; make_equal=&#8221;on&#8221; module_class=&#8221; et_pb_row_fullwidth&#8221; _builder_version=&#8221;4.8.2&#8243; positioning=&#8221;absolute&#8221; position_origin_a=&#8221;bottom_center&#8221; width_tablet=&#8221;100%&#8221; width_last_edited=&#8221;off|desktop&#8221; max_width_tablet=&#8221;100%&#8221; max_width_last_edited=&#8221;off|desktop&#8221; custom_margin=&#8221;||||false|false&#8221; custom_padding=&#8221;||74px||false|false&#8221; make_fullwidth=&#8221;on&#8221; global_colors_info=&#8221;{}&#8221; width__hover_enabled=&#8221;off|desktop&#8221; custom_css_before__hover_enabled=&#8221;on|desktop&#8221; custom_css_before_last_edited=&#8221;on|desktop&#8221;][et_pb_column type=&#8221;4_4&#8243; _builder_version=&#8221;4.8.2&#8243; parallax=&#8221;on&#8221; custom_padding=&#8221;||||false|false&#8221; custom_css_main_element=&#8221;\tmargin: auto auto 0;&#8221; global_colors_info=&#8221;{}&#8221; custom_padding__hover=&#8221;|||&#8221;][et_pb_text admin_label=&#8221;Look Inside Title&#8221; _builder_version=&#8221;4.8.2&#8243; _module_preset=&#8221;5975d0da-a31c-4419-aa53-a11ada705cd8&#8243; header_text_color=&#8221;#ffffff&#8221; locked=&#8221;off&#8221; global_colors_info=&#8221;{}&#8221;]<\/p>\n<h1>Familientourismus<\/h1>\n<p>[\/et_pb_text][\/et_pb_column][\/et_pb_row][\/et_pb_section][et_pb_section fb_built=&#8221;1&#8243; _builder_version=&#8221;4.8.2&#8243; _module_preset=&#8221;default&#8221; locked=&#8221;off&#8221; global_colors_info=&#8221;{}&#8221;][et_pb_row column_structure=&#8221;2_3,1_3&#8243; make_equal=&#8221;on&#8221; _builder_version=&#8221;4.8.2&#8243; _module_preset=&#8221;default&#8221; global_colors_info=&#8221;{}&#8221;][et_pb_column type=&#8221;2_3&#8243; _builder_version=&#8221;4.8.2&#8243; _module_preset=&#8221;default&#8221; global_colors_info=&#8221;{}&#8221;][et_pb_text _builder_version=&#8221;4.8.2&#8243; _module_preset=&#8221;68ea58d1-0a0d-4ff7-85ee-f9cbe626b1ec&#8221; global_colors_info=&#8221;{}&#8221;]<\/p>\n<h2>Was sind die \u201eFamilientourismus\u201d-Siegel?<\/h2>\n<p>[\/et_pb_text][et_pb_text _builder_version=&#8221;4.10.6&#8243; _module_preset=&#8221;default&#8221; global_colors_info=&#8221;{}&#8221;]<\/p>\n<p>Mit dem Siegel \u201eFamilientourismus\u201d zeichnet die katalanische Tourismusagentur (ACT) Gemeinden aus, die besonderen Wert auf diese Zielgruppe legen und Einrichtungen und Dienstleistungen anbieten, die auf die Bed\u00fcrfnisse von <strong>Familien mit Kindern<\/strong> zugeschnitten sind.<\/p>\n<p>Diese Gemeinden verf\u00fcgen \u00fcber ein <strong>zertifiziertes Angebot<\/strong> an Unterk\u00fcnften sowie Gastronomie-, Freizeit- und Unterhaltungseinrichtungen f\u00fcr Kinder. Nach Pr\u00fcfung durch das Fachpersonal der ACT werden sie mit dem Siegel \u201eStrand f\u00fcr Familien\u201d oder \u201eNatur und Berge f\u00fcr Familien\u201d ausgezeichnet.<\/p>\n<p>[\/et_pb_text][\/et_pb_column][et_pb_column type=&#8221;1_3&#8243; _builder_version=&#8221;4.8.2&#8243; _module_preset=&#8221;default&#8221; global_colors_info=&#8221;{}&#8221;][et_pb_image src=&#8221;https:\/\/elvendrellturisme.dms3labs.cat\/wp-content\/uploads\/el-vendrell-turisme-familiar.jpg&#8221; alt=&#8221;Familientourismus in El Vendrell&#8221; title_text=&#8221;el-vendrell-familientourismus&#8221; _builder_version=&#8221;4.8.2&#8243; _module_preset=&#8221;default&#8221; global_colors_info=&#8221;{}&#8221;][\/et_pb_image][\/et_pb_column][\/et_pb_row][et_pb_row _builder_version=&#8221;4.8.2&#8243; _module_preset=&#8221;default&#8221; global_colors_info=&#8221;{}&#8221;][et_pb_column type=&#8221;4_4&#8243; _builder_version=&#8221;4.8.2&#8243; _module_preset=&#8221;default&#8221; global_colors_info=&#8221;{}&#8221;][et_pb_text _builder_version=&#8221;4.8.2&#8243; _module_preset=&#8221;default&#8221; header_text_align=&#8221;center&#8221; header_2_font=&#8221;||||||||&#8221; header_2_text_align=&#8221;center&#8221; header_2_text_color=&#8221;#535C60&#8243; header_3_text_color=&#8221;#F7655A&#8221; header_3_font_size=&#8221;20px&#8221; background_color=&#8221;rgba(219,212,181,0.55)&#8221; custom_margin=&#8221;||||false|false&#8221; custom_padding=&#8221;25px|25px|25px|25px|false|false&#8221; global_colors_info=&#8221;{}&#8221;]<\/p>\n<h2>Suchen Sie nach dem Reiseziel f\u00fcr Ihren Familienurlaub<\/h2>\n<form autocomplete=\"off\" action=\"\/de\/wp-json\/wp\/v2\/pages\/27549\" method=\"get\" class=\"wpv-filter-form js-wpv-filter-form js-wpv-filter-form-14957 js-wpv-form-only js-wpv-dps-enabled js-wpv-ajax-results-enabled\" data-viewnumber=\"14957\" data-targetid=\"self\" data-viewid=\"14957\" data-viewhash=\"eyJuYW1lIjoidmlldy1tYXBhLXR1cmlzbWUtZmFtaWxpYXIiLCJ0YXJnZXRfaWQiOiJzZWxmIn0=\" data-viewwidgetid=\"0\" data-orderby=\"\" data-order=\"\" data-orderbyas=\"\" data-orderbysecond=\"\" data-ordersecond=\"\" data-parametric=\"{&quot;query&quot;:&quot;normal&quot;,&quot;id&quot;:&quot;14957&quot;,&quot;view_id&quot;:&quot;14957&quot;,&quot;widget_id&quot;:0,&quot;view_hash&quot;:&quot;14957&quot;,&quot;action&quot;:&quot;\/de\/wp-json\/wp\/v2\/pages\/27549&quot;,&quot;sort&quot;:{&quot;orderby&quot;:&quot;&quot;,&quot;order&quot;:&quot;&quot;,&quot;orderby_as&quot;:&quot;&quot;,&quot;orderby_second&quot;:&quot;&quot;,&quot;order_second&quot;:&quot;&quot;},&quot;orderby&quot;:&quot;&quot;,&quot;order&quot;:&quot;&quot;,&quot;orderby_as&quot;:&quot;&quot;,&quot;orderby_second&quot;:&quot;&quot;,&quot;order_second&quot;:&quot;&quot;,&quot;ajax_form&quot;:&quot;&quot;,&quot;ajax_results&quot;:&quot;&quot;,&quot;effect&quot;:&quot;fade&quot;,&quot;prebefore&quot;:&quot;&quot;,&quot;before&quot;:&quot;&quot;,&quot;after&quot;:&quot;&quot;,&quot;attributes&quot;:[],&quot;environment&quot;:{&quot;current_post_id&quot;:0,&quot;parent_post_id&quot;:0,&quot;parent_term_id&quot;:0,&quot;parent_user_id&quot;:0,&quot;archive&quot;:{&quot;type&quot;:&quot;&quot;,&quot;name&quot;:&quot;&quot;,&quot;data&quot;:[]}},&quot;loop&quot;:{&quot;type&quot;:&quot;&quot;,&quot;name&quot;:&quot;&quot;,&quot;data&quot;:[],&quot;id&quot;:0}}\" data-attributes=\"[]\" data-environment=\"{&quot;current_post_id&quot;:0,&quot;parent_post_id&quot;:0,&quot;parent_term_id&quot;:0,&quot;parent_user_id&quot;:0,&quot;archive&quot;:{&quot;type&quot;:&quot;&quot;,&quot;name&quot;:&quot;&quot;,&quot;data&quot;:[]}}\"><input type=\"hidden\" class=\"js-wpv-dps-filter-data js-wpv-filter-data-for-this-form\" data-action=\"\/de\/wp-json\/wp\/v2\/pages\/27549\" data-page=\"1\" data-ajax=\"disable\" data-effect=\"fade\" data-ajaxprebefore=\"\" data-ajaxbefore=\"\" data-ajaxafter=\"\" \/><input class=\"wpv_view_count wpv_view_count-14957\" type=\"hidden\" name=\"wpv_view_count\" value=\"14957\" \/>\n<div class=\"row\">\n\t<div class=\"col-md-4 col-cerca-mapa\">\n<div class=\"form-group\">\n    <label for=\"wpv-tipus-de-recurs\"><h3>Art des Reiseziels<\/h3><\/label>\n\t<div class=\"form-check\"><input type=\"checkbox\" id=\"tipus-de-recurs-teatres\" class=\"js-wpv-filter-trigger form-check-input\" name=\"wpv-tipus-de-recurs[]\" value=\"teatres\" \/><label for=\"tipus-de-recurs-teatres\" class=\"form-check-label\">Auditorien und Theater<\/label><\/div><div class=\"form-check\"><input type=\"checkbox\" id=\"tipus-de-recurs-serveis-municipals\" class=\"js-wpv-filter-trigger form-check-input\" name=\"wpv-tipus-de-recurs[]\" value=\"serveis-municipals\" \/><label for=\"tipus-de-recurs-serveis-municipals\" class=\"form-check-label\">Kommunale Dienste<\/label><\/div><div class=\"form-check\"><input type=\"checkbox\" id=\"tipus-de-recurs-museus\" class=\"js-wpv-filter-trigger form-check-input\" name=\"wpv-tipus-de-recurs[]\" value=\"museus\" \/><label for=\"tipus-de-recurs-museus\" class=\"form-check-label\">Museen<\/label><\/div><div class=\"form-check\"><input type=\"checkbox\" id=\"tipus-de-recurs-restaurants\" class=\"js-wpv-filter-trigger form-check-input\" name=\"wpv-tipus-de-recurs[]\" value=\"restaurants\" \/><label for=\"tipus-de-recurs-restaurants\" class=\"form-check-label\">Restaurants<\/label><\/div><div class=\"form-check\"><input type=\"checkbox\" id=\"tipus-de-recurs-turisme-oci\" class=\"js-wpv-filter-trigger form-check-input\" name=\"wpv-tipus-de-recurs[]\" value=\"turisme-oci\" \/><label for=\"tipus-de-recurs-turisme-oci\" class=\"form-check-label\">Tourismus und Freizeit<\/label><\/div><div class=\"form-check\"><input type=\"checkbox\" id=\"tipus-de-recurs-allotjaments\" class=\"js-wpv-filter-trigger form-check-input\" name=\"wpv-tipus-de-recurs[]\" value=\"allotjaments\" \/><label for=\"tipus-de-recurs-allotjaments\" class=\"form-check-label\">Unterk\u00fcnfte<\/label><\/div>\n<\/div>\n  <\/div>\n\t<div class=\"col-md-4 col-cerca-mapa\">\n <div class=\"form-group\">\n\t<label for=\"wpv-wpcf-municipi\"><h3>der Ortschaft<\/h3><\/label>\n\t<div class=\"form-check\"><input type=\"checkbox\" class=\"js-wpv-filter-trigger form-check-input\" name=\"wpv-wpcf-municipi[]\" value=\"Coma-ruga\" id=\"form-a16fd47ada80ec2b2082e4b376d71971-4\" \/><label class=\"form-check-label\" for=\"form-a16fd47ada80ec2b2082e4b376d71971-4\">Coma-ruga<\/label><\/div><div class=\"form-check\"><input type=\"checkbox\" class=\"js-wpv-filter-trigger form-check-input\" name=\"wpv-wpcf-municipi[]\" value=\"El Vendrell\" id=\"form-60be38106a241ebc2c352e8ed8c1e1b1-7\" \/><label class=\"form-check-label\" for=\"form-60be38106a241ebc2c352e8ed8c1e1b1-7\">El Vendrell<\/label><\/div><div class=\"form-check\"><input type=\"checkbox\" class=\"js-wpv-filter-trigger form-check-input\" name=\"wpv-wpcf-municipi[]\" value=\"Sant Salvador\" id=\"form-d51095758135f7f9449fcc8f1e0de5fb-8\" \/><label class=\"form-check-label\" for=\"form-d51095758135f7f9449fcc8f1e0de5fb-8\">Sant Salvador<\/label><\/div><div class=\"form-check\"><input type=\"checkbox\" class=\"js-wpv-filter-trigger form-check-input\" name=\"wpv-wpcf-municipi[]\" value=\"Sant Vicen\u00e7 de Calders (el Vendrell)\" id=\"form-6436e8d2f193d585760bfa7447b078f8-9\" \/><label class=\"form-check-label\" for=\"form-6436e8d2f193d585760bfa7447b078f8-9\">Sant Vicen\u00e7 de Calders (el Vendrell)<\/label><\/div>\n<\/div>   \n  <\/div>\n\t<div class=\"col-md-4 col-cerca-mapa\">   \n         <div class=\"form-group\">\n    <h3>Suche<\/h3>\n\t<input type=\"text\" name=\"wpv_post_search\"  class=\"js-wpv-filter-trigger-delayed form-control\" \/>\n    <input type=\"button\" class=\"buto-mapa wpv-reset-trigger js-wpv-reset-trigger btn\" name=\"wpv_filter_reset\" value=\"Zur\u00fccksetzen\" \/>\n<\/div>\n  <\/div>\n<\/div>\n<\/form>\n<p>[\/et_pb_text][et_pb_text module_id=&#8221;recursos&#8221; _builder_version=&#8221;4.8.2&#8243; _module_preset=&#8221;default&#8221; global_colors_info=&#8221;{}&#8221;]<\/p>\n<form style=\"display:none;\" autocomplete=\"off\" name=\"wpv-filter-14957\" action=\"\/de\/wp-json\/wp\/v2\/pages\/27549?wpv_view_count=14957\" method=\"get\" class=\"wpv-filter-form js-wpv-filter-form js-wpv-filter-form-14957 js-wpv-form-full js-wpv-dps-enabled js-wpv-ajax-results-enabled\" data-viewnumber=\"14957\" data-viewid=\"14957\" data-viewhash=\"eyJuYW1lIjoidmlldy1tYXBhLXR1cmlzbWUtZmFtaWxpYXIiLCJ2aWV3X2Rpc3BsYXkiOiJsYXlvdXQifQ==\" data-viewwidgetid=\"0\" data-orderby=\"\" data-order=\"\" data-orderbyas=\"\" data-orderbysecond=\"\" data-ordersecond=\"\" data-parametric=\"{&quot;query&quot;:&quot;normal&quot;,&quot;id&quot;:14957,&quot;view_id&quot;:14957,&quot;widget_id&quot;:0,&quot;view_hash&quot;:&quot;14957&quot;,&quot;action&quot;:&quot;\\\/de\\\/wp-json\\\/wp\\\/v2\\\/pages\\\/27549?wpv_view_count=14957&quot;,&quot;sort&quot;:{&quot;orderby&quot;:&quot;&quot;,&quot;order&quot;:&quot;&quot;,&quot;orderby_as&quot;:&quot;&quot;,&quot;orderby_second&quot;:&quot;&quot;,&quot;order_second&quot;:&quot;&quot;},&quot;orderby&quot;:&quot;&quot;,&quot;order&quot;:&quot;&quot;,&quot;orderby_as&quot;:&quot;&quot;,&quot;orderby_second&quot;:&quot;&quot;,&quot;order_second&quot;:&quot;&quot;,&quot;ajax_form&quot;:&quot;&quot;,&quot;ajax_results&quot;:&quot;&quot;,&quot;effect&quot;:&quot;fade&quot;,&quot;prebefore&quot;:&quot;&quot;,&quot;before&quot;:&quot;&quot;,&quot;after&quot;:&quot;&quot;,&quot;attributes&quot;:{&quot;view_display&quot;:&quot;layout&quot;},&quot;environment&quot;:{&quot;current_post_id&quot;:27549,&quot;parent_post_id&quot;:27549,&quot;parent_term_id&quot;:0,&quot;parent_user_id&quot;:0,&quot;archive&quot;:{&quot;type&quot;:&quot;&quot;,&quot;name&quot;:&quot;&quot;,&quot;data&quot;:[]}},&quot;loop&quot;:{&quot;type&quot;:&quot;&quot;,&quot;name&quot;:&quot;&quot;,&quot;data&quot;:[],&quot;id&quot;:0}}\" data-attributes=\"{&quot;view_display&quot;:&quot;layout&quot;}\" data-environment=\"{&quot;current_post_id&quot;:27549,&quot;parent_post_id&quot;:27549,&quot;parent_term_id&quot;:0,&quot;parent_user_id&quot;:0,&quot;archive&quot;:{&quot;type&quot;:&quot;&quot;,&quot;name&quot;:&quot;&quot;,&quot;data&quot;:[]}}\"><input type=\"hidden\" class=\"js-wpv-dps-filter-data js-wpv-filter-data-for-this-form\" data-action=\"\/de\/wp-json\/wp\/v2\/pages\/27549?wpv_view_count=14957\" data-page=\"1\" data-ajax=\"enable\" data-effect=\"fade\" data-maxpages=\"0\" data-ajaxprebefore=\"\" data-ajaxbefore=\"\" data-ajaxafter=\"\" \/><input class=\"wpv_view_count wpv_view_count-14957\" type=\"hidden\" name=\"wpv_view_count\" value=\"14957\" \/>\n<div class=\"row\">\n\t<div class=\"col-md-4 col-cerca-mapa\">\n<div class=\"form-group\">\n    <label for=\"wpv-tipus-de-recurs\"><h3>Art des Reiseziels<\/h3><\/label>\n\t<div class=\"form-check\"><input type=\"checkbox\" id=\"tipus-de-recurs-teatres\" class=\"js-wpv-filter-trigger form-check-input\" name=\"wpv-tipus-de-recurs[]\" value=\"teatres\" \/><label for=\"tipus-de-recurs-teatres\" class=\"form-check-label\">Auditorien und Theater<\/label><\/div><div class=\"form-check\"><input type=\"checkbox\" id=\"tipus-de-recurs-serveis-municipals\" class=\"js-wpv-filter-trigger form-check-input\" name=\"wpv-tipus-de-recurs[]\" value=\"serveis-municipals\" \/><label for=\"tipus-de-recurs-serveis-municipals\" class=\"form-check-label\">Kommunale Dienste<\/label><\/div><div class=\"form-check\"><input type=\"checkbox\" id=\"tipus-de-recurs-museus\" class=\"js-wpv-filter-trigger form-check-input\" name=\"wpv-tipus-de-recurs[]\" value=\"museus\" \/><label for=\"tipus-de-recurs-museus\" class=\"form-check-label\">Museen<\/label><\/div><div class=\"form-check\"><input type=\"checkbox\" id=\"tipus-de-recurs-restaurants\" class=\"js-wpv-filter-trigger form-check-input\" name=\"wpv-tipus-de-recurs[]\" value=\"restaurants\" \/><label for=\"tipus-de-recurs-restaurants\" class=\"form-check-label\">Restaurants<\/label><\/div><div class=\"form-check\"><input type=\"checkbox\" id=\"tipus-de-recurs-turisme-oci\" class=\"js-wpv-filter-trigger form-check-input\" name=\"wpv-tipus-de-recurs[]\" value=\"turisme-oci\" \/><label for=\"tipus-de-recurs-turisme-oci\" class=\"form-check-label\">Tourismus und Freizeit<\/label><\/div><div class=\"form-check\"><input type=\"checkbox\" id=\"tipus-de-recurs-allotjaments\" class=\"js-wpv-filter-trigger form-check-input\" name=\"wpv-tipus-de-recurs[]\" value=\"allotjaments\" \/><label for=\"tipus-de-recurs-allotjaments\" class=\"form-check-label\">Unterk\u00fcnfte<\/label><\/div>\n<\/div>\n  <\/div>\n\t<div class=\"col-md-4 col-cerca-mapa\">\n <div class=\"form-group\">\n\t<label for=\"wpv-wpcf-municipi\"><h3>der Ortschaft<\/h3><\/label>\n\t<div class=\"form-check\"><input type=\"checkbox\" class=\"js-wpv-filter-trigger form-check-input\" name=\"wpv-wpcf-municipi[]\" value=\"Coma-ruga\" id=\"form-a16fd47ada80ec2b2082e4b376d71971-15\" \/><label class=\"form-check-label\" for=\"form-a16fd47ada80ec2b2082e4b376d71971-15\">Coma-ruga<\/label><\/div><div class=\"form-check\"><input type=\"checkbox\" class=\"js-wpv-filter-trigger form-check-input\" name=\"wpv-wpcf-municipi[]\" value=\"El Vendrell\" id=\"form-60be38106a241ebc2c352e8ed8c1e1b1-18\" \/><label class=\"form-check-label\" for=\"form-60be38106a241ebc2c352e8ed8c1e1b1-18\">El Vendrell<\/label><\/div><div class=\"form-check\"><input type=\"checkbox\" class=\"js-wpv-filter-trigger form-check-input\" name=\"wpv-wpcf-municipi[]\" value=\"Sant Salvador\" id=\"form-d51095758135f7f9449fcc8f1e0de5fb-19\" \/><label class=\"form-check-label\" for=\"form-d51095758135f7f9449fcc8f1e0de5fb-19\">Sant Salvador<\/label><\/div><div class=\"form-check\"><input type=\"checkbox\" class=\"js-wpv-filter-trigger form-check-input\" name=\"wpv-wpcf-municipi[]\" value=\"Sant Vicen\u00e7 de Calders (el Vendrell)\" id=\"form-6436e8d2f193d585760bfa7447b078f8-20\" \/><label class=\"form-check-label\" for=\"form-6436e8d2f193d585760bfa7447b078f8-20\">Sant Vicen\u00e7 de Calders (el Vendrell)<\/label><\/div>\n<\/div>   \n  <\/div>\n\t<div class=\"col-md-4 col-cerca-mapa\">   \n         <div class=\"form-group\">\n    <h3>Suche<\/h3>\n\t<input type=\"text\" name=\"wpv_post_search\"  class=\"js-wpv-filter-trigger-delayed form-control\" \/>\n    <input type=\"button\" class=\"buto-mapa wpv-reset-trigger js-wpv-reset-trigger btn\" name=\"wpv_filter_reset\" value=\"Zur\u00fccksetzen\" \/>\n<\/div>\n  <\/div>\n<\/div>\n<\/form>\n<div id=\"js-wpv-addon-maps-render-recursos\" style=\"width:100%; height:500px;\" class=\"wpv-addon-maps-render js-wpv-addon-maps-render js-wpv-addon-maps-render-recursos \" data-map=\"recursos\" data-generalzoom=\"5\" data-generalcenterlat=\"0\" data-generalcenterlon=\"0\" data-fitbounds=\"on\" data-singlezoom=\"14\" data-singlecenter=\"on\" data-maptype=\"roadmap\" data-showlayerinterests=\"false\" data-markericon=\"\" data-markericonhover=\"\" data-draggable=\"on\" data-scrollwheel=\"on\" data-doubleclickzoom=\"on\" data-maptypecontrol=\"on\" data-fullscreencontrol=\"on\" data-zoomcontrol=\"on\" data-streetviewcontrol=\"on\" data-backgroundcolor=\"\" data-cluster=\"on\" data-clustergridsize=\"60\" data-clustermaxzoom=\"\" data-clusterclickzoom=\"on\" data-clusterminsize=\"2\" data-stylejson=\"\/\/www.elvendrellturistic.com\/wp-content\/plugins\/toolset-maps\/resources\/json\/Silver.json\" data-spiderfy=\"on\" data-streetview=\"off\" data-markerid=\"\" data-location=\"\" data-lat=\"0\" data-long=\"0\" data-heading=\"\" data-pitch=\"\">Carregant...<\/div>\n\n<div id=\"wpv-view-layout-14957\" class=\"js-wpv-view-layout js-wpv-layout-responsive js-wpv-view-layout-14957\" data-viewnumber=\"14957\" data-pagination=\"{&quot;id&quot;:14957,&quot;query&quot;:&quot;normal&quot;,&quot;type&quot;:&quot;disabled&quot;,&quot;effect&quot;:&quot;fade&quot;,&quot;duration&quot;:500,&quot;speed&quot;:5,&quot;pause_on_hover&quot;:&quot;disabled&quot;,&quot;stop_rollover&quot;:&quot;false&quot;,&quot;cache_pages&quot;:&quot;enabled&quot;,&quot;preload_images&quot;:&quot;enabled&quot;,&quot;preload_pages&quot;:&quot;enabled&quot;,&quot;preload_reach&quot;:1,&quot;spinner&quot;:&quot;builtin&quot;,&quot;spinner_image&quot;:&quot;https:\/\/elvendrellturisme.dms3labs.cat\/wp-content\/plugins\/toolset-blocks\/embedded\/res\/img\/ajax-loader.gif&quot;,&quot;callback_next&quot;:&quot;&quot;,&quot;manage_history&quot;:&quot;enabled&quot;,&quot;has_controls_in_form&quot;:&quot;disabled&quot;,&quot;infinite_tolerance&quot;:&quot;0&quot;,&quot;max_pages&quot;:0,&quot;page&quot;:1,&quot;base_permalink&quot;:&quot;\/de\/wp-json\/wp\/v2\/pages\/27549?wpv_view_count=14957&amp;wpv_paged=WPV_PAGE_NUM&quot;,&quot;loop&quot;:{&quot;type&quot;:&quot;&quot;,&quot;name&quot;:&quot;&quot;,&quot;data&quot;:[],&quot;id&quot;:0}}\" data-permalink=\"\/de\/wp-json\/wp\/v2\/pages\/27549?wpv_view_count=14957\">\n \n\t\n\t\n\t<div class=\"container wpv-loop js-wpv-loop llistat-recursos\">\n\t\n\t\t\n\t\t<div class=\"row \">\n\t\t\t<div class=\"col-md-4\"> <div style=\"display:none\" class=\"wpv-addon-maps-marker js-wpv-addon-maps-marker js-wpv-addon-maps-marker-marker-26294 js-wpv-addon-maps-markerfor-recursos\" data-marker=\"marker-26294\" data-markertitle=\"Alberg Coma-ruga Xanascat\" data-markerfor=\"recursos\" data-markerlat=\"41.183151\" data-markerlon=\"1.534944\" data-markericon=\"\/wp-content\/uploads\/marker-allotjaments.png\" data-markericonhover=\"\" data-streetview=\"no\" data-fromview=\"\">\n\n\t<div class=\"mapa-tipus-allotjament-petit\">Unterk\u00fcnfte<\/div>\n\t<div class=\"titol-link-mapa-petit\"><a href=\"\/mapa\/#26294\">Alberg Coma-ruga Xanascat<\/a><\/div>\n\t<div class=\"mapa-tipus-allotjament-petit\"><a href=\"\/mapa\/#26294\">+ info<\/a><\/div>\n\n<\/div>\n\n<div class=\"map-marker-general\"  id=\"26294\">\n  <div class=\"imatge-mapa\"><img decoding=\"async\" width=\"510\" height=\"382\" src=\"https:\/\/elvendrellturisme.dms3labs.cat\/wp-content\/uploads\/disseny-sense-titol3-2-510x382.jpg\" class=\"attachment-et-pb-portfolio-module-image size-et-pb-portfolio-module-image wp-post-image\" alt=\"\" srcset=\"https:\/\/elvendrellturisme.dms3labs.cat\/wp-content\/uploads\/disseny-sense-titol3-2-510x382.jpg 510w, https:\/\/elvendrellturisme.dms3labs.cat\/wp-content\/uploads\/disseny-sense-titol3-2-480x480.jpg 480w\" sizes=\"(min-width: 0px) and (max-width: 480px) 480px, (min-width: 481px) 510px, 100vw\" title=\"\"><\/div>\n  \n\t<div class=\"map-marker-content\">\n      <div class=\"mapa-tipus-allotjament\">Unterk\u00fcnfte<\/div>\n      <h3 class=\"titol-link-mapa\"><a href=\"https:\/\/elvendrellturisme.dms3labs.cat\/de\/recursos-turistic\/jugendherberge-santa-maria-del-mar-de-coma-ruga-no-3\/\">Alberg Coma-ruga Xanascat<\/a><\/h3>\n      <div class=\"mapa-adreca\">Avinguda Palfuriana, 104<br\/>\n        43880 Coma-ruga\n      <\/div> \n      <div class=\"mapa-contacte\">\n        <a href=\"tel:977680008\">977 680 008<\/a><br\/>\n        <a href=\"mailto:alberg.comaruga@gencat.cat\" title=\"alberg.comaruga@gencat.cat\">alberg.comaruga@gencat.cat<\/a><br\/>\n       <a href=\"https:\/\/xanascat.gencat.cat\/ca\" title=\"Besuchen Sie die Website\" target=\"_blank\" rel=\"noopener\">Besuchen Sie die Website<\/a>\n        \n      <\/div>\n  <\/div>\n  <\/div><\/div>\n\t\t\n\t\t\n\t\t\t<div class=\"col-md-4\"> <div style=\"display:none\" class=\"wpv-addon-maps-marker js-wpv-addon-maps-marker js-wpv-addon-maps-marker-marker-28765 js-wpv-addon-maps-markerfor-recursos\" data-marker=\"marker-28765\" data-markertitle=\"\u00c0ngel Guimer\u00e0 Theater\" data-markerfor=\"recursos\" data-markerlat=\"41.220228\" data-markerlon=\"1.5317\" data-markericon=\"\/wp-content\/uploads\/marker-teatres.png\" data-markericonhover=\"\" data-streetview=\"no\" data-fromview=\"\">\n\n\t<div class=\"mapa-tipus-allotjament-petit\">Auditorien und Theater<\/div>\n\t<div class=\"titol-link-mapa-petit\"><a href=\"\/mapa\/#28765\">\u00c0ngel Guimer\u00e0 Theater<\/a><\/div>\n\t<div class=\"mapa-tipus-allotjament-petit\"><a href=\"\/mapa\/#28765\">+ info<\/a><\/div>\n\n<\/div>\n\n<div class=\"map-marker-general\"  id=\"28765\">\n  <div class=\"imatge-mapa\"><img decoding=\"async\" width=\"510\" height=\"382\" src=\"https:\/\/elvendrellturisme.dms3labs.cat\/wp-content\/uploads\/el-vendrell-turisme-teatre-510x382.jpeg\" class=\"attachment-et-pb-portfolio-module-image size-et-pb-portfolio-module-image wp-post-image\" alt=\"\" title=\"\"><\/div>\n  \n\t<div class=\"map-marker-content\">\n      <div class=\"mapa-tipus-allotjament\">Auditorien und Theater<\/div>\n      <h3 class=\"titol-link-mapa\"><a href=\"https:\/\/elvendrellturisme.dms3labs.cat\/de\/recursos-turistic\/angel-guimera-theater\/\">\u00c0ngel Guimer\u00e0 Theater<\/a><\/h3>\n      <div class=\"mapa-adreca\">Carrer de Sant Jordi, 9<br\/>\n        43700 El Vendrell\n      <\/div> \n      <div class=\"mapa-contacte\">\n        <a href=\"tel:977665684\">977 665 684<\/a><br\/>\n        <a href=\"mailto:info@tagelvendrell.cat\" title=\"info@tagelvendrell.cat\">info@tagelvendrell.cat<\/a><br\/>\n       <a href=\"https:\/\/tagelvendrell.cat\/\" title=\"Besuchen Sie die Website\" target=\"_blank\" rel=\"noopener\">Besuchen Sie die Website<\/a>\n        \n      <\/div>\n  <\/div>\n  <\/div><\/div>\n\t\t\n\t\t\n\t\t\t<div class=\"col-md-4\"> <div style=\"display:none\" class=\"wpv-addon-maps-marker js-wpv-addon-maps-marker js-wpv-addon-maps-marker-marker-28801 js-wpv-addon-maps-markerfor-recursos\" data-marker=\"marker-28801\" data-markertitle=\"Auditorium Pau Casals\" data-markerfor=\"recursos\" data-markerlat=\"41.183896\" data-markerlon=\"1.541021\" data-markericon=\"\/wp-content\/uploads\/marker-teatres.png\" data-markericonhover=\"\" data-streetview=\"no\" data-fromview=\"\">\n\n\t<div class=\"mapa-tipus-allotjament-petit\">Auditorien und Theater<\/div>\n\t<div class=\"titol-link-mapa-petit\"><a href=\"\/mapa\/#28801\">Auditorium Pau Casals<\/a><\/div>\n\t<div class=\"mapa-tipus-allotjament-petit\"><a href=\"\/mapa\/#28801\">+ info<\/a><\/div>\n\n<\/div>\n\n<div class=\"map-marker-general\"  id=\"28801\">\n  <div class=\"imatge-mapa\"><img decoding=\"async\" width=\"510\" height=\"382\" src=\"https:\/\/elvendrellturisme.dms3labs.cat\/wp-content\/uploads\/39-fimpc-510x382.jpg\" class=\"attachment-et-pb-portfolio-module-image size-et-pb-portfolio-module-image wp-post-image\" alt=\"\" title=\"\"><\/div>\n  \n\t<div class=\"map-marker-content\">\n      <div class=\"mapa-tipus-allotjament\">Auditorien und Theater<\/div>\n      <h3 class=\"titol-link-mapa\"><a href=\"https:\/\/elvendrellturisme.dms3labs.cat\/de\/recursos-turistic\/auditorium-pau-casals\/\">Auditorium Pau Casals<\/a><\/h3>\n      <div class=\"mapa-adreca\">Avinguda Palfuriana, 34<br\/>\n        43880 Sant Salvador\n      <\/div> \n      <div class=\"mapa-contacte\">\n        <a href=\"tel:977683468\/689269767\">977 683 468 \/ 689 269 767<\/a><br\/>\n        <a href=\"mailto:info@auditoripaucasals.cat\" title=\"info@auditoripaucasals.cat\">info@auditoripaucasals.cat<\/a><br\/>\n       <a href=\"https:\/\/auditoripaucasals.cat\/\" title=\"Besuchen Sie die Website\" target=\"_blank\" rel=\"noopener\">Besuchen Sie die Website<\/a>\n        \n      <\/div>\n  <\/div>\n  <\/div><\/div>\n\t\t<\/div>\n\t\t\n\t\t\n\t\t<div class=\"row \">\n\t\t\t<div class=\"col-md-4\"> <div style=\"display:none\" class=\"wpv-addon-maps-marker js-wpv-addon-maps-marker js-wpv-addon-maps-marker-marker-26569 js-wpv-addon-maps-markerfor-recursos\" data-marker=\"marker-26569\" data-markertitle=\"C\u00e0mping Estival Vendrell Platja\" data-markerfor=\"recursos\" data-markerlat=\"41.185775\" data-markerlon=\"1.55581\" data-markericon=\"\/wp-content\/uploads\/marker-allotjaments.png\" data-markericonhover=\"\" data-streetview=\"no\" data-fromview=\"\">\n\n\t<div class=\"mapa-tipus-allotjament-petit\">Unterk\u00fcnfte<\/div>\n\t<div class=\"titol-link-mapa-petit\"><a href=\"\/mapa\/#26569\">C\u00e0mping Estival Vendrell Platja<\/a><\/div>\n\t<div class=\"mapa-tipus-allotjament-petit\"><a href=\"\/mapa\/#26569\">+ info<\/a><\/div>\n\n<\/div>\n\n<div class=\"map-marker-general\"  id=\"26569\">\n  <div class=\"imatge-mapa\"><img decoding=\"async\" width=\"510\" height=\"382\" src=\"https:\/\/elvendrellturisme.dms3labs.cat\/wp-content\/uploads\/general-view-510x382.jpg\" class=\"attachment-et-pb-portfolio-module-image size-et-pb-portfolio-module-image wp-post-image\" alt=\"\" title=\"\"><\/div>\n  \n\t<div class=\"map-marker-content\">\n      <div class=\"mapa-tipus-allotjament\">Unterk\u00fcnfte<\/div>\n      <h3 class=\"titol-link-mapa\"><a href=\"https:\/\/elvendrellturisme.dms3labs.cat\/de\/recursos-turistic\/vendrell-platja-bungalows-camping\/\">C\u00e0mping Estival Vendrell Platja<\/a><\/h3>\n      <div class=\"mapa-adreca\">Avinguda del Sanatori, s\/n<br\/>\n        43880 Sant Salvador\n      <\/div> \n      <div class=\"mapa-contacte\">\n        <a href=\"tel:977694009\">977 694 009<\/a><br\/>\n        <a href=\"mailto:recepcion@vendrellplatja.es\" title=\"recepcion@vendrellplatja.es\">recepcion@vendrellplatja.es<\/a><br\/>\n       <a href=\"https:\/\/www.vendrellplatja.es\/\" title=\"Besuchen Sie die Website\" target=\"_blank\" rel=\"noopener\">Besuchen Sie die Website<\/a>\n        \n      <\/div>\n  <\/div>\n  <\/div><\/div>\n\t\t\n\t\t\n\t\t\t<div class=\"col-md-4\"> <div style=\"display:none\" class=\"wpv-addon-maps-marker js-wpv-addon-maps-marker js-wpv-addon-maps-marker-marker-26735 js-wpv-addon-maps-markerfor-recursos\" data-marker=\"marker-26735\" data-markertitle=\"Casa Pepe Comarruga\" data-markerfor=\"recursos\" data-markerlat=\"41.18125\" data-markerlon=\"1.525807\" data-markericon=\"\/wp-content\/uploads\/marker-restaurants.png\" data-markericonhover=\"\" data-streetview=\"no\" data-fromview=\"\">\n\n\t<div class=\"mapa-tipus-allotjament-petit\">Restaurants<\/div>\n\t<div class=\"titol-link-mapa-petit\"><a href=\"\/mapa\/#26735\">Casa Pepe Comarruga<\/a><\/div>\n\t<div class=\"mapa-tipus-allotjament-petit\"><a href=\"\/mapa\/#26735\">+ info<\/a><\/div>\n\n<\/div>\n\n<div class=\"map-marker-general\"  id=\"26735\">\n  <div class=\"imatge-mapa\"><img decoding=\"async\" width=\"510\" height=\"382\" src=\"https:\/\/elvendrellturisme.dms3labs.cat\/wp-content\/uploads\/disseny-sense-titol9-510x382.jpg\" class=\"attachment-et-pb-portfolio-module-image size-et-pb-portfolio-module-image wp-post-image\" alt=\"\" srcset=\"https:\/\/elvendrellturisme.dms3labs.cat\/wp-content\/uploads\/disseny-sense-titol9-510x382.jpg 510w, https:\/\/elvendrellturisme.dms3labs.cat\/wp-content\/uploads\/disseny-sense-titol9-480x480.jpg 480w\" sizes=\"(min-width: 0px) and (max-width: 480px) 480px, (min-width: 481px) 510px, 100vw\" title=\"\"><\/div>\n  \n\t<div class=\"map-marker-content\">\n      <div class=\"mapa-tipus-allotjament\">Restaurants<\/div>\n      <h3 class=\"titol-link-mapa\"><a href=\"https:\/\/elvendrellturisme.dms3labs.cat\/de\/recursos-turistic\/casa-pepe-comarruga\/\">Casa Pepe Comarruga<\/a><\/h3>\n      <div class=\"mapa-adreca\">Passeig Mar\u00edtim de Coma-ruga, 26<br\/>\n        43880 Coma-ruga\n      <\/div> \n      <div class=\"mapa-contacte\">\n        <a href=\"tel:977683674\">977683674<\/a><br\/>\n         N\/A<br\/>\n       <a href=\"https:\/\/www.grupocasapepe.com\" title=\"Besuchen Sie die Website\" target=\"_blank\" rel=\"noopener\">Besuchen Sie die Website<\/a>\n        \n      <\/div>\n  <\/div>\n  <\/div><\/div>\n\t\t\n\t\t\n\t\t\t<div class=\"col-md-4\"> <div style=\"display:none\" class=\"wpv-addon-maps-marker js-wpv-addon-maps-marker js-wpv-addon-maps-marker-marker-28629 js-wpv-addon-maps-markerfor-recursos\" data-marker=\"marker-28629\" data-markertitle=\"Coma-ruga Segelclub\" data-markerfor=\"recursos\" data-markerlat=\"41.176964\" data-markerlon=\"1.52617\" data-markericon=\"\/wp-content\/uploads\/marker-turisme-oci.png\" data-markericonhover=\"\" data-streetview=\"no\" data-fromview=\"\">\n\n\t<div class=\"mapa-tipus-allotjament-petit\">Tourismus und Freizeit<\/div>\n\t<div class=\"titol-link-mapa-petit\"><a href=\"\/mapa\/#28629\">Coma-ruga Segelclub<\/a><\/div>\n\t<div class=\"mapa-tipus-allotjament-petit\"><a href=\"\/mapa\/#28629\">+ info<\/a><\/div>\n\n<\/div>\n\n<div class=\"map-marker-general\"  id=\"28629\">\n  <div class=\"imatge-mapa\"><img decoding=\"async\" width=\"510\" height=\"382\" src=\"https:\/\/elvendrellturisme.dms3labs.cat\/wp-content\/uploads\/10-velers-escola-club-nautic-510x382.jpg\" class=\"attachment-et-pb-portfolio-module-image size-et-pb-portfolio-module-image wp-post-image\" alt=\"\" title=\"\"><\/div>\n  \n\t<div class=\"map-marker-content\">\n      <div class=\"mapa-tipus-allotjament\">Tourismus und Freizeit<\/div>\n      <h3 class=\"titol-link-mapa\"><a href=\"https:\/\/elvendrellturisme.dms3labs.cat\/de\/recursos-turistic\/coma-ruga-segelclub\/\">Coma-ruga Segelclub<\/a><\/h3>\n      <div class=\"mapa-adreca\">Passeig Mar\u00edtim, s\/n<br\/>\n        43880 Coma-ruga\n      <\/div> \n      <div class=\"mapa-contacte\">\n        <a href=\"tel:977680120\">977 680 120<\/a><br\/>\n        <a href=\"mailto:cnco@clubnautic.com\" title=\"cnco@clubnautic.com\">cnco@clubnautic.com<\/a><br\/>\n       <a href=\"https:\/\/www.clubnautic.com\/espanyol\/\" title=\"Besuchen Sie die Website\" target=\"_blank\" rel=\"noopener\">Besuchen Sie die Website<\/a>\n        \n      <\/div>\n  <\/div>\n  <\/div><\/div>\n\t\t<\/div>\n\t\t\n\t\t\n\t\t<div class=\"row \">\n\t\t\t<div class=\"col-md-4\"> <div style=\"display:none\" class=\"wpv-addon-maps-marker js-wpv-addon-maps-marker js-wpv-addon-maps-marker-marker-28746 js-wpv-addon-maps-markerfor-recursos\" data-marker=\"marker-28746\" data-markertitle=\"Das Meeresklassenzimmer der Masia Blanca\" data-markerfor=\"recursos\" data-markerlat=\"41.176964\" data-markerlon=\"1.52617\" data-markericon=\"\/wp-content\/uploads\/marker-turisme-oci.png\" data-markericonhover=\"\" data-streetview=\"no\" data-fromview=\"\">\n\n\t<div class=\"mapa-tipus-allotjament-petit\">Tourismus und Freizeit<\/div>\n\t<div class=\"titol-link-mapa-petit\"><a href=\"\/mapa\/#28746\">Das Meeresklassenzimmer der Masia Blanca<\/a><\/div>\n\t<div class=\"mapa-tipus-allotjament-petit\"><a href=\"\/mapa\/#28746\">+ info<\/a><\/div>\n\n<\/div>\n\n<div class=\"map-marker-general\"  id=\"28746\">\n  <div class=\"imatge-mapa\"><img decoding=\"async\" width=\"510\" height=\"382\" src=\"https:\/\/elvendrellturisme.dms3labs.cat\/wp-content\/uploads\/logoaulaaquatica-1-510x382.png\" class=\"attachment-et-pb-portfolio-module-image size-et-pb-portfolio-module-image wp-post-image\" alt=\"\" title=\"\"><\/div>\n  \n\t<div class=\"map-marker-content\">\n      <div class=\"mapa-tipus-allotjament\">Tourismus und Freizeit<\/div>\n      <h3 class=\"titol-link-mapa\"><a href=\"https:\/\/elvendrellturisme.dms3labs.cat\/de\/recursos-turistic\/das-meeresklassenzimmer-der-masia-blanca\/\">Das Meeresklassenzimmer der Masia Blanca<\/a><\/h3>\n      <div class=\"mapa-adreca\">Passeig Mar\u00edtim, s\/n<br\/>\n        43880 Coma-ruga\n      <\/div> \n      <div class=\"mapa-contacte\">\n        <a href=\"tel:977680010\">977 680 010<\/a><br\/>\n        <a href=\"mailto:informacio@elvendrellturistic.com\" title=\"informacio@elvendrellturistic.com\">informacio@elvendrellturistic.com<\/a><br\/>\n       <a href=\"https:\/\/elvendrellturisme.dms3labs.cat\/activitats-saludables\/#aula-aquatica\" title=\"Besuchen Sie die Website\">Besuchen Sie die Website<\/a>\n        \n      <\/div>\n  <\/div>\n  <\/div><\/div>\n\t\t\n\t\t\n\t\t\t<div class=\"col-md-4\"> <div style=\"display:none\" class=\"wpv-addon-maps-marker js-wpv-addon-maps-marker js-wpv-addon-maps-marker-marker-28480 js-wpv-addon-maps-markerfor-recursos\" data-marker=\"marker-28480\" data-markertitle=\"Diver Parc L\u00fadic\" data-markerfor=\"recursos\" data-markerlat=\"41.182142\" data-markerlon=\"1.531991\" data-markericon=\"\/wp-content\/uploads\/marker-turisme-oci.png\" data-markericonhover=\"\" data-streetview=\"no\" data-fromview=\"\">\n\n\t<div class=\"mapa-tipus-allotjament-petit\">Tourismus und Freizeit<\/div>\n\t<div class=\"titol-link-mapa-petit\"><a href=\"\/mapa\/#28480\">Diver Parc L\u00fadic<\/a><\/div>\n\t<div class=\"mapa-tipus-allotjament-petit\"><a href=\"\/mapa\/#28480\">+ info<\/a><\/div>\n\n<\/div>\n\n<div class=\"map-marker-general\"  id=\"28480\">\n  <div class=\"imatge-mapa\"><img decoding=\"async\" width=\"510\" height=\"382\" src=\"https:\/\/elvendrellturisme.dms3labs.cat\/wp-content\/uploads\/20180422-165000-510x382.jpg\" class=\"attachment-et-pb-portfolio-module-image size-et-pb-portfolio-module-image wp-post-image\" alt=\"\" title=\"\"><\/div>\n  \n\t<div class=\"map-marker-content\">\n      <div class=\"mapa-tipus-allotjament\">Tourismus und Freizeit<\/div>\n      <h3 class=\"titol-link-mapa\"><a href=\"https:\/\/elvendrellturisme.dms3labs.cat\/de\/recursos-turistic\/diver-parc-ludic\/\">Diver Parc L\u00fadic<\/a><\/h3>\n      <div class=\"mapa-adreca\">Avinguda Palfuriana, 104<br\/>\n        43880 Coma-ruga\n      <\/div> \n      <div class=\"mapa-contacte\">\n        <a href=\"tel:677428625\">677 42 86 25<\/a><br\/>\n        <a href=\"mailto:info@diver.cat\" title=\"info@diver.cat\">info@diver.cat<\/a><br\/>\n       <a href=\"https:\/\/www.fundaciosantateresa.org\/diver\/\" title=\"Besuchen Sie die Website\" target=\"_blank\" rel=\"noopener\">Besuchen Sie die Website<\/a>\n        \n      <\/div>\n  <\/div>\n  <\/div><\/div>\n\t\t\n\t\t\n\t\t\t<div class=\"col-md-4\"> <div style=\"display:none\" class=\"wpv-addon-maps-marker js-wpv-addon-maps-marker js-wpv-addon-maps-marker-marker-26365 js-wpv-addon-maps-markerfor-recursos\" data-marker=\"marker-26365\" data-markertitle=\"Els Cups\" data-markerfor=\"recursos\" data-markerlat=\"41.202591\" data-markerlon=\"1.516775\" data-markericon=\"\/wp-content\/uploads\/marker-allotjaments.png\" data-markericonhover=\"\" data-streetview=\"no\" data-fromview=\"\">\n\n\t<div class=\"mapa-tipus-allotjament-petit\">Unterk\u00fcnfte<\/div>\n\t<div class=\"titol-link-mapa-petit\"><a href=\"\/mapa\/#26365\">Els Cups<\/a><\/div>\n\t<div class=\"mapa-tipus-allotjament-petit\"><a href=\"\/mapa\/#26365\">+ info<\/a><\/div>\n\n<\/div>\n\n<div class=\"map-marker-general\"  id=\"26365\">\n  <div class=\"imatge-mapa\"><img decoding=\"async\" width=\"510\" height=\"382\" src=\"https:\/\/elvendrellturisme.dms3labs.cat\/wp-content\/uploads\/disseny-sense-titol8-510x382.jpg\" class=\"attachment-et-pb-portfolio-module-image size-et-pb-portfolio-module-image wp-post-image\" alt=\"\" srcset=\"https:\/\/elvendrellturisme.dms3labs.cat\/wp-content\/uploads\/disseny-sense-titol8-510x382.jpg 510w, https:\/\/elvendrellturisme.dms3labs.cat\/wp-content\/uploads\/disseny-sense-titol8-480x480.jpg 480w\" sizes=\"(min-width: 0px) and (max-width: 480px) 480px, (min-width: 481px) 510px, 100vw\" title=\"\"><\/div>\n  \n\t<div class=\"map-marker-content\">\n      <div class=\"mapa-tipus-allotjament\">Unterk\u00fcnfte<\/div>\n      <h3 class=\"titol-link-mapa\"><a href=\"https:\/\/elvendrellturisme.dms3labs.cat\/de\/recursos-turistic\/els-cups\/\">Els Cups<\/a><\/h3>\n      <div class=\"mapa-adreca\">Carrer del Pou, 33-35<br\/>\n        43880 Sant Vicen\u00e7 de Calders (el Vendrell)\n      <\/div> \n      <div class=\"mapa-contacte\">\n        <a href=\"tel:977678144\/650959794\">977 678 144\/ 650 959 794<\/a><br\/>\n        <a href=\"mailto:elscups@gmail.com\" title=\"elscups@gmail.com\">elscups@gmail.com<\/a><br\/>\n       <a href=\"https:\/\/www.elscups.cat\/es\" title=\"Besuchen Sie die Website\" target=\"_blank\" rel=\"noopener\">Besuchen Sie die Website<\/a>\n        \n      <\/div>\n  <\/div>\n  <\/div><\/div>\n\t\t<\/div>\n\t\t\n\t\t\n\t\t<div class=\"row \">\n\t\t\t<div class=\"col-md-4\"> <div style=\"display:none\" class=\"wpv-addon-maps-marker js-wpv-addon-maps-marker js-wpv-addon-maps-marker-marker-28817 js-wpv-addon-maps-markerfor-recursos\" data-marker=\"marker-28817\" data-markertitle=\"Fremdenverkehrsamt Von Tabaris\" data-markerfor=\"recursos\" data-markerlat=\"41.181512\" data-markerlon=\"1.523956\" data-markericon=\"\/wp-content\/uploads\/marker-serveis-municipals.png\" data-markericonhover=\"\" data-streetview=\"no\" data-fromview=\"\">\n\n\t<div class=\"mapa-tipus-allotjament-petit\">Kommunale Dienste<\/div>\n\t<div class=\"titol-link-mapa-petit\"><a href=\"\/mapa\/#28817\">Fremdenverkehrsamt Von Tabaris<\/a><\/div>\n\t<div class=\"mapa-tipus-allotjament-petit\"><a href=\"\/mapa\/#28817\">+ info<\/a><\/div>\n\n<\/div>\n\n<div class=\"map-marker-general\"  id=\"28817\">\n  <div class=\"imatge-mapa\"><img decoding=\"async\" width=\"510\" height=\"382\" src=\"https:\/\/elvendrellturisme.dms3labs.cat\/wp-content\/uploads\/disseny-sense-titol-3-510x382.jpg\" class=\"attachment-et-pb-portfolio-module-image size-et-pb-portfolio-module-image default-featured-img\" alt=\"\" srcset=\"https:\/\/elvendrellturisme.dms3labs.cat\/wp-content\/uploads\/disseny-sense-titol-3-510x382.jpg 510w, https:\/\/elvendrellturisme.dms3labs.cat\/wp-content\/uploads\/disseny-sense-titol-3-480x480.jpg 480w\" sizes=\"(min-width: 0px) and (max-width: 480px) 480px, (min-width: 481px) 510px, 100vw\" title=\"\"><\/div>\n  \n\t<div class=\"map-marker-content\">\n      <div class=\"mapa-tipus-allotjament\">Kommunale Dienste<\/div>\n      <h3 class=\"titol-link-mapa\"><a href=\"https:\/\/elvendrellturisme.dms3labs.cat\/de\/recursos-turistic\/fremdenverkehrsamt-von-vendrell\/\">Fremdenverkehrsamt Von Tabaris<\/a><\/h3>\n      <div class=\"mapa-adreca\">Av. Balneari, 3,<br\/>\n        43880 Coma-ruga\n      <\/div> \n      <div class=\"mapa-contacte\">\n        <a href=\"tel:618571478\">618 571 478<\/a><br\/>\n        <a href=\"mailto:informacio@elvendrellturisme.dms3labs.cat\" title=\"informacio@elvendrellturisme.dms3labs.cat\">informacio@elvendrellturisme.dms3labs.cat<\/a><br\/>\n       <a href=\"https:\/\/elvendrellturisme.dms3labs.cat\/\" title=\"Besuchen Sie die Website\">Besuchen Sie die Website<\/a>\n        \n      <\/div>\n  <\/div>\n  <\/div><\/div>\n\t\t\n\t\t\n\t\t\t<div class=\"col-md-4\"> <div style=\"display:none\" class=\"wpv-addon-maps-marker js-wpv-addon-maps-marker js-wpv-addon-maps-marker-marker-28763 js-wpv-addon-maps-markerfor-recursos\" data-marker=\"marker-28763\" data-markertitle=\"Karting El Vendrell\" data-markerfor=\"recursos\" data-markerlat=\"41.198486\" data-markerlon=\"1.528288\" data-markericon=\"\/wp-content\/uploads\/marker-turisme-oci.png\" data-markericonhover=\"\" data-streetview=\"no\" data-fromview=\"\">\n\n\t<div class=\"mapa-tipus-allotjament-petit\">Tourismus und Freizeit<\/div>\n\t<div class=\"titol-link-mapa-petit\"><a href=\"\/mapa\/#28763\">Karting El Vendrell<\/a><\/div>\n\t<div class=\"mapa-tipus-allotjament-petit\"><a href=\"\/mapa\/#28763\">+ info<\/a><\/div>\n\n<\/div>\n\n<div class=\"map-marker-general\"  id=\"28763\">\n  <div class=\"imatge-mapa\"><img decoding=\"async\" width=\"510\" height=\"382\" src=\"https:\/\/elvendrellturisme.dms3labs.cat\/wp-content\/uploads\/disseny-sense-titol13-510x382.jpg\" class=\"attachment-et-pb-portfolio-module-image size-et-pb-portfolio-module-image wp-post-image\" alt=\"\" srcset=\"https:\/\/elvendrellturisme.dms3labs.cat\/wp-content\/uploads\/disseny-sense-titol13-510x382.jpg 510w, https:\/\/elvendrellturisme.dms3labs.cat\/wp-content\/uploads\/disseny-sense-titol13-480x480.jpg 480w\" sizes=\"(min-width: 0px) and (max-width: 480px) 480px, (min-width: 481px) 510px, 100vw\" title=\"\"><\/div>\n  \n\t<div class=\"map-marker-content\">\n      <div class=\"mapa-tipus-allotjament\">Tourismus und Freizeit<\/div>\n      <h3 class=\"titol-link-mapa\"><a href=\"https:\/\/elvendrellturisme.dms3labs.cat\/de\/recursos-turistic\/karting-el-vendrell\/\">Karting El Vendrell<\/a><\/h3>\n      <div class=\"mapa-adreca\">Ctra. N-340, km 1.189<br\/>\n        43700 El Vendrell\n      <\/div> \n      <div class=\"mapa-contacte\">\n        <a href=\"tel:977663776\">977 663 776<\/a><br\/>\n        <a href=\"mailto:karting@kartingvendrell.com\" title=\"karting@kartingvendrell.com\">karting@kartingvendrell.com<\/a><br\/>\n       <a href=\"https:\/\/kartingvendrell.com\/\" title=\"Besuchen Sie die Website\" target=\"_blank\" rel=\"noopener\">Besuchen Sie die Website<\/a>\n        \n      <\/div>\n  <\/div>\n  <\/div><\/div>\n\t\t\n\t\t\n\t\t\t<div class=\"col-md-4\"> <div style=\"display:none\" class=\"wpv-addon-maps-marker js-wpv-addon-maps-marker js-wpv-addon-maps-marker-marker-26707 js-wpv-addon-maps-markerfor-recursos\" data-marker=\"marker-26707\" data-markertitle=\"La Cuina de la Marga\" data-markerfor=\"recursos\" data-markerlat=\"41.182891\" data-markerlon=\"1.538046\" data-markericon=\"\/wp-content\/uploads\/marker-restaurants.png\" data-markericonhover=\"\" data-streetview=\"no\" data-fromview=\"\">\n\n\t<div class=\"mapa-tipus-allotjament-petit\">Restaurants<\/div>\n\t<div class=\"titol-link-mapa-petit\"><a href=\"\/mapa\/#26707\">La Cuina de la Marga<\/a><\/div>\n\t<div class=\"mapa-tipus-allotjament-petit\"><a href=\"\/mapa\/#26707\">+ info<\/a><\/div>\n\n<\/div>\n\n<div class=\"map-marker-general\"  id=\"26707\">\n  <div class=\"imatge-mapa\"><img decoding=\"async\" width=\"510\" height=\"382\" src=\"https:\/\/elvendrellturisme.dms3labs.cat\/wp-content\/uploads\/33163143-1174802786003099-755021573798232064-n-510x382.jpg\" class=\"attachment-et-pb-portfolio-module-image size-et-pb-portfolio-module-image wp-post-image\" alt=\"\" title=\"\"><\/div>\n  \n\t<div class=\"map-marker-content\">\n      <div class=\"mapa-tipus-allotjament\">Restaurants<\/div>\n      <h3 class=\"titol-link-mapa\"><a href=\"https:\/\/elvendrellturisme.dms3labs.cat\/de\/recursos-turistic\/la-cuina-de-la-marga\/\">La Cuina de la Marga<\/a><\/h3>\n      <div class=\"mapa-adreca\">Passeig Mar\u00edtim de Joan Revent\u00f3s, 50<br\/>\n        43880 Sant Salvador\n      <\/div> \n      <div class=\"mapa-contacte\">\n        <a href=\"tel:977681579\/640692909\">977 68 15 79 \/ 640 69 29 09<\/a><br\/>\n        <a href=\"mailto:morpi@xtec.cat\" title=\"morpi@xtec.cat\">morpi@xtec.cat<\/a><br\/>\n       <a href=\"https:\/\/morpi4.wixsite.com\/la-cuina-de-la-marga\" title=\"Besuchen Sie die Website\" target=\"_blank\" rel=\"noopener\">Besuchen Sie die Website<\/a>\n        \n      <\/div>\n  <\/div>\n  <\/div><\/div>\n\t\t<\/div>\n\t\t\n\t\t\n\t\t<div class=\"row \">\n\t\t\t<div class=\"col-md-4\"> <div style=\"display:none\" class=\"wpv-addon-maps-marker js-wpv-addon-maps-marker js-wpv-addon-maps-marker-marker-28681 js-wpv-addon-maps-markerfor-recursos\" data-marker=\"marker-28681\" data-markertitle=\"M\u00f3n La Bassa\" data-markerfor=\"recursos\" data-markerlat=\"41.199916\" data-markerlon=\"1.53913\" data-markericon=\"\/wp-content\/uploads\/marker-turisme-oci.png\" data-markericonhover=\"\" data-streetview=\"no\" data-fromview=\"\">\n\n\t<div class=\"mapa-tipus-allotjament-petit\">Tourismus und Freizeit<\/div>\n\t<div class=\"titol-link-mapa-petit\"><a href=\"\/mapa\/#28681\">M\u00f3n La Bassa<\/a><\/div>\n\t<div class=\"mapa-tipus-allotjament-petit\"><a href=\"\/mapa\/#28681\">+ info<\/a><\/div>\n\n<\/div>\n\n<div class=\"map-marker-general\"  id=\"28681\">\n  <div class=\"imatge-mapa\"><img decoding=\"async\" width=\"510\" height=\"382\" src=\"https:\/\/elvendrellturisme.dms3labs.cat\/wp-content\/uploads\/201579059-358569682432275-5376832409474834339-n-510x382.jpg\" class=\"attachment-et-pb-portfolio-module-image size-et-pb-portfolio-module-image wp-post-image\" alt=\"\" srcset=\"https:\/\/elvendrellturisme.dms3labs.cat\/wp-content\/uploads\/201579059-358569682432275-5376832409474834339-n-510x382.jpg 510w, https:\/\/elvendrellturisme.dms3labs.cat\/wp-content\/uploads\/201579059-358569682432275-5376832409474834339-n-480x360.jpg 480w\" sizes=\"(min-width: 0px) and (max-width: 480px) 480px, (min-width: 481px) 510px, 100vw\" title=\"\"><\/div>\n  \n\t<div class=\"map-marker-content\">\n      <div class=\"mapa-tipus-allotjament\">Tourismus und Freizeit<\/div>\n      <h3 class=\"titol-link-mapa\"><a href=\"https:\/\/elvendrellturisme.dms3labs.cat\/de\/recursos-turistic\/mon-la-bassa\/\">M\u00f3n La Bassa<\/a><\/h3>\n      <div class=\"mapa-adreca\">Cam\u00ed Vell de Sant Salvador<br\/>\n        43700 El Vendrell\n      <\/div> \n      <div class=\"mapa-contacte\">\n        <a href=\"tel:\"><\/a> N\/A<br\/>\n         N\/A<br\/>\n       <a href=\"https:\/\/monlabassa.org\/es\/\" title=\"Besuchen Sie die Website\" target=\"_blank\" rel=\"noopener\">Besuchen Sie die Website<\/a>\n        \n      <\/div>\n  <\/div>\n  <\/div><\/div>\n\t\t\n\t\t\n\t\t\t<div class=\"col-md-4\"> <div style=\"display:none\" class=\"wpv-addon-maps-marker js-wpv-addon-maps-marker js-wpv-addon-maps-marker-marker-28805 js-wpv-addon-maps-markerfor-recursos\" data-marker=\"marker-28805\" data-markertitle=\"Museum Deu\" data-markerfor=\"recursos\" data-markerlat=\"41.221539\" data-markerlon=\"1.534339\" data-markericon=\"\/wp-content\/uploads\/marker-museus.png\" data-markericonhover=\"\" data-streetview=\"no\" data-fromview=\"\">\n\n\t<div class=\"mapa-tipus-allotjament-petit\">Museen<\/div>\n\t<div class=\"titol-link-mapa-petit\"><a href=\"\/mapa\/#28805\">Museum Deu<\/a><\/div>\n\t<div class=\"mapa-tipus-allotjament-petit\"><a href=\"\/mapa\/#28805\">+ info<\/a><\/div>\n\n<\/div>\n\n<div class=\"map-marker-general\"  id=\"28805\">\n  <div class=\"imatge-mapa\"><img decoding=\"async\" width=\"510\" height=\"382\" src=\"https:\/\/elvendrellturisme.dms3labs.cat\/wp-content\/uploads\/IMG_1935-510x382.jpg\" class=\"attachment-et-pb-portfolio-module-image size-et-pb-portfolio-module-image wp-post-image\" alt=\"\" title=\"\"><\/div>\n  \n\t<div class=\"map-marker-content\">\n      <div class=\"mapa-tipus-allotjament\">Museen<\/div>\n      <h3 class=\"titol-link-mapa\"><a href=\"https:\/\/elvendrellturisme.dms3labs.cat\/de\/recursos-turistic\/museum-deu\/\">Museum Deu<\/a><\/h3>\n      <div class=\"mapa-adreca\">Pla\u00e7a Nova, 6<br\/>\n        43700 El Vendrell\n      <\/div> \n      <div class=\"mapa-contacte\">\n        <a href=\"tel:+34977666308\">+34 977 66 63 08<\/a><br\/>\n        <a href=\"mailto:museudeu@elvendrell.net\" title=\"museudeu@elvendrell.net\">museudeu@elvendrell.net<\/a><br\/>\n       <a href=\"https:\/\/museus.elvendrell.net\/museu-deu\/\" title=\"Besuchen Sie die Website\" target=\"_blank\" rel=\"noopener\">Besuchen Sie die Website<\/a>\n        \n      <\/div>\n  <\/div>\n  <\/div><\/div>\n\t\t\n\t\t\n\t\t\t<div class=\"col-md-4\"> <div style=\"display:none\" class=\"wpv-addon-maps-marker js-wpv-addon-maps-marker js-wpv-addon-maps-marker-marker-28791 js-wpv-addon-maps-markerfor-recursos\" data-marker=\"marker-28791\" data-markertitle=\"\u00d6ffentliche Bibliothek Terra Baixa\" data-markerfor=\"recursos\" data-markerlat=\"41.220025\" data-markerlon=\"1.534094\" data-markericon=\"\/wp-content\/uploads\/marker-serveis-municipals.png\" data-markericonhover=\"\" data-streetview=\"no\" data-fromview=\"\">\n\n\t<div class=\"mapa-tipus-allotjament-petit\">Kommunale Dienste<\/div>\n\t<div class=\"titol-link-mapa-petit\"><a href=\"\/mapa\/#28791\">\u00d6ffentliche Bibliothek Terra Baixa<\/a><\/div>\n\t<div class=\"mapa-tipus-allotjament-petit\"><a href=\"\/mapa\/#28791\">+ info<\/a><\/div>\n\n<\/div>\n\n<div class=\"map-marker-general\"  id=\"28791\">\n  <div class=\"imatge-mapa\"><img decoding=\"async\" width=\"510\" height=\"382\" src=\"https:\/\/elvendrellturisme.dms3labs.cat\/wp-content\/uploads\/foto-bona-biblioteca-510x382.jpg\" class=\"attachment-et-pb-portfolio-module-image size-et-pb-portfolio-module-image wp-post-image\" alt=\"\" title=\"\"><\/div>\n  \n\t<div class=\"map-marker-content\">\n      <div class=\"mapa-tipus-allotjament\">Kommunale Dienste<\/div>\n      <h3 class=\"titol-link-mapa\"><a href=\"https:\/\/elvendrellturisme.dms3labs.cat\/de\/recursos-turistic\/oeffentliche-bibliothek-terra-baixa\/\">\u00d6ffentliche Bibliothek Terra Baixa<\/a><\/h3>\n      <div class=\"mapa-adreca\">Carrer Major, 18<br\/>\n        43700 El Vendrell\n      <\/div> \n      <div class=\"mapa-contacte\">\n        <a href=\"tel:977662118\">977 662 118<\/a><br\/>\n        <a href=\"mailto:biblioteca@elvendrell.net\" title=\"biblioteca@elvendrell.net\">biblioteca@elvendrell.net<\/a><br\/>\n       <a href=\"https:\/\/bibliotecaelvendrell.cat\/\" title=\"Besuchen Sie die Website\" target=\"_blank\" rel=\"noopener\">Besuchen Sie die Website<\/a>\n        \n      <\/div>\n  <\/div>\n  <\/div><\/div>\n\t\t<\/div>\n\t\t\n\t\t\n\t\t<div class=\"row \">\n\t\t\t<div class=\"col-md-4\"> <div style=\"display:none\" class=\"wpv-addon-maps-marker js-wpv-addon-maps-marker js-wpv-addon-maps-marker-marker-28737 js-wpv-addon-maps-markerfor-recursos\" data-marker=\"marker-28737\" data-markertitle=\"Pau Casals Museum\" data-markerfor=\"recursos\" data-markerlat=\"41.183533\" data-markerlon=\"1.541298\" data-markericon=\"\/wp-content\/uploads\/marker-museus.png\" data-markericonhover=\"\" data-streetview=\"no\" data-fromview=\"\">\n\n\t<div class=\"mapa-tipus-allotjament-petit\">Museen<\/div>\n\t<div class=\"titol-link-mapa-petit\"><a href=\"\/mapa\/#28737\">Pau Casals Museum<\/a><\/div>\n\t<div class=\"mapa-tipus-allotjament-petit\"><a href=\"\/mapa\/#28737\">+ info<\/a><\/div>\n\n<\/div>\n\n<div class=\"map-marker-general\"  id=\"28737\">\n  <div class=\"imatge-mapa\"><img decoding=\"async\" width=\"510\" height=\"382\" src=\"https:\/\/elvendrellturisme.dms3labs.cat\/wp-content\/uploads\/carles-fortuny-1-510x382.jpg\" class=\"attachment-et-pb-portfolio-module-image size-et-pb-portfolio-module-image wp-post-image\" alt=\"\" title=\"\"><\/div>\n  \n\t<div class=\"map-marker-content\">\n      <div class=\"mapa-tipus-allotjament\">Museen<\/div>\n      <h3 class=\"titol-link-mapa\"><a href=\"https:\/\/elvendrellturisme.dms3labs.cat\/de\/recursos-turistic\/pau-casals-museum\/\">Pau Casals Museum<\/a><\/h3>\n      <div class=\"mapa-adreca\">Avinguda Palfuriana, 67<br\/>\n        43880 Sant Salvador\n      <\/div> \n      <div class=\"mapa-contacte\">\n        <a href=\"tel:977684276\">977 68 42 76<\/a><br\/>\n        <a href=\"mailto:museu@paucasals.org\" title=\"museu@paucasals.org\">museu@paucasals.org<\/a><br\/>\n       <a href=\"https:\/\/www.paucasals.org\/visita\/\" title=\"Besuchen Sie die Website\" target=\"_blank\" rel=\"noopener\">Besuchen Sie die Website<\/a>\n        \n      <\/div>\n  <\/div>\n  <\/div><\/div>\n\t\t\n\t\t\n\t\t\t<div class=\"col-md-4\"> <div style=\"display:none\" class=\"wpv-addon-maps-marker js-wpv-addon-maps-marker js-wpv-addon-maps-marker-marker-26641 js-wpv-addon-maps-markerfor-recursos\" data-marker=\"marker-26641\" data-markertitle=\"Pensi\u00f3 Rovior\" data-markerfor=\"recursos\" data-markerlat=\"41.187708\" data-markerlon=\"1.566605\" data-markericon=\"\/wp-content\/uploads\/marker-allotjaments.png\" data-markericonhover=\"\" data-streetview=\"no\" data-fromview=\"\">\n\n\t<div class=\"mapa-tipus-allotjament-petit\">Unterk\u00fcnfte<\/div>\n\t<div class=\"titol-link-mapa-petit\"><a href=\"\/mapa\/#26641\">Pensi\u00f3 Rovior<\/a><\/div>\n\t<div class=\"mapa-tipus-allotjament-petit\"><a href=\"\/mapa\/#26641\">+ info<\/a><\/div>\n\n<\/div>\n\n<div class=\"map-marker-general\"  id=\"26641\">\n  <div class=\"imatge-mapa\"><img decoding=\"async\" width=\"510\" height=\"382\" src=\"https:\/\/elvendrellturisme.dms3labs.cat\/wp-content\/uploads\/2021\/02\/Pensio-Rovior-510x382.jpg\" class=\"attachment-et-pb-portfolio-module-image size-et-pb-portfolio-module-image wp-post-image\" alt=\"\" srcset=\"https:\/\/elvendrellturisme.dms3labs.cat\/wp-content\/uploads\/2021\/02\/Pensio-Rovior-510x382.jpg 510w, https:\/\/elvendrellturisme.dms3labs.cat\/wp-content\/uploads\/2021\/02\/Pensio-Rovior-300x225.jpg 300w, https:\/\/elvendrellturisme.dms3labs.cat\/wp-content\/uploads\/2021\/02\/Pensio-Rovior-1024x768.jpg 1024w, https:\/\/elvendrellturisme.dms3labs.cat\/wp-content\/uploads\/2021\/02\/Pensio-Rovior-768x576.jpg 768w, https:\/\/elvendrellturisme.dms3labs.cat\/wp-content\/uploads\/2021\/02\/Pensio-Rovior-1536x1152.jpg 1536w, https:\/\/elvendrellturisme.dms3labs.cat\/wp-content\/uploads\/2021\/02\/Pensio-Rovior-2048x1536.jpg 2048w, https:\/\/elvendrellturisme.dms3labs.cat\/wp-content\/uploads\/2021\/02\/Pensio-Rovior-1080x810.jpg 1080w, https:\/\/elvendrellturisme.dms3labs.cat\/wp-content\/uploads\/2021\/02\/Pensio-Rovior-1280x960.jpg 1280w, https:\/\/elvendrellturisme.dms3labs.cat\/wp-content\/uploads\/2021\/02\/Pensio-Rovior-980x735.jpg 980w, https:\/\/elvendrellturisme.dms3labs.cat\/wp-content\/uploads\/2021\/02\/Pensio-Rovior-480x360.jpg 480w\" sizes=\"(max-width: 510px) 100vw, 510px\" title=\"\"><\/div>\n  \n\t<div class=\"map-marker-content\">\n      <div class=\"mapa-tipus-allotjament\">Unterk\u00fcnfte<\/div>\n      <h3 class=\"titol-link-mapa\"><a href=\"https:\/\/elvendrellturisme.dms3labs.cat\/de\/recursos-turistic\/pensio-rovior\/\">Pensi\u00f3 Rovior<\/a><\/h3>\n      <div class=\"mapa-adreca\">Carrerada d'en Ralet, 9-11<br\/>\n        43880 Sant Salvador\n      <\/div> \n      <div class=\"mapa-contacte\">\n        <a href=\"tel:977693853\">977 693 853<\/a><br\/>\n        <a href=\"mailto:info@pensionrovior.com\" title=\"info@pensionrovior.com\">info@pensionrovior.com<\/a><br\/>\n       <a href=\"https:\/\/pensionrovior.com\/\" title=\"Besuchen Sie die Website\" target=\"_blank\" rel=\"noopener\">Besuchen Sie die Website<\/a>\n        \n      <\/div>\n  <\/div>\n  <\/div><\/div>\n\t\t\n\t\t\n\t\t\t<div class=\"col-md-4\"> <div style=\"display:none\" class=\"wpv-addon-maps-marker js-wpv-addon-maps-marker js-wpv-addon-maps-marker-marker-28715 js-wpv-addon-maps-markerfor-recursos\" data-marker=\"marker-28715\" data-markertitle=\"Pitch &#038; Putt El Vendrell\" data-markerfor=\"recursos\" data-markerlat=\"41.206337\" data-markerlon=\"1.549048\" data-markericon=\"\/wp-content\/uploads\/marker-turisme-oci.png\" data-markericonhover=\"\" data-streetview=\"no\" data-fromview=\"\">\n\n\t<div class=\"mapa-tipus-allotjament-petit\">Tourismus und Freizeit<\/div>\n\t<div class=\"titol-link-mapa-petit\"><a href=\"\/mapa\/#28715\">Pitch &#038; Putt El Vendrell<\/a><\/div>\n\t<div class=\"mapa-tipus-allotjament-petit\"><a href=\"\/mapa\/#28715\">+ info<\/a><\/div>\n\n<\/div>\n\n<div class=\"map-marker-general\"  id=\"28715\">\n  <div class=\"imatge-mapa\"><img decoding=\"async\" width=\"510\" height=\"382\" src=\"https:\/\/elvendrellturisme.dms3labs.cat\/wp-content\/uploads\/disseny-sense-titol12-1-510x382.jpg\" class=\"attachment-et-pb-portfolio-module-image size-et-pb-portfolio-module-image wp-post-image\" alt=\"\" srcset=\"https:\/\/elvendrellturisme.dms3labs.cat\/wp-content\/uploads\/disseny-sense-titol12-1-510x382.jpg 510w, https:\/\/elvendrellturisme.dms3labs.cat\/wp-content\/uploads\/disseny-sense-titol12-1-480x480.jpg 480w\" sizes=\"(min-width: 0px) and (max-width: 480px) 480px, (min-width: 481px) 510px, 100vw\" title=\"\"><\/div>\n  \n\t<div class=\"map-marker-content\">\n      <div class=\"mapa-tipus-allotjament\">Tourismus und Freizeit<\/div>\n      <h3 class=\"titol-link-mapa\"><a href=\"https:\/\/elvendrellturisme.dms3labs.cat\/de\/recursos-turistic\/pitch-putt-el-vendrell\/\">Pitch &#038; Putt El Vendrell<\/a><\/h3>\n      <div class=\"mapa-adreca\">Carrer Schubert, urb. Vendrell Mar, s\/n<br\/>\n        43700 El Vendrell\n      <\/div> \n      <div class=\"mapa-contacte\">\n        <a href=\"tel:977668031\/663812586\">977 668 031 \/ 663 812 586<\/a><br\/>\n        <a href=\"mailto:info@pitchandputtvendrell.es\" title=\"info@pitchandputtvendrell.es\">info@pitchandputtvendrell.es<\/a><br\/>\n       <a href=\"https:\/\/pitchandputtvendrell.com\/\" title=\"Besuchen Sie die Website\" target=\"_blank\" rel=\"noopener\">Besuchen Sie die Website<\/a>\n        \n      <\/div>\n  <\/div>\n  <\/div><\/div>\n\t\t<\/div>\n\t\t\n\t\t\n\t\t<div class=\"row \">\n\t\t\t<div class=\"col-md-4\"> <div style=\"display:none\" class=\"wpv-addon-maps-marker js-wpv-addon-maps-marker js-wpv-addon-maps-marker-marker-26724 js-wpv-addon-maps-markerfor-recursos\" data-marker=\"marker-26724\" data-markertitle=\"Ran de Mar (antic Ancora 2)\" data-markerfor=\"recursos\" data-markerlat=\"41.186788\" data-markerlon=\"1.561209\" data-markericon=\"\/wp-content\/uploads\/marker-restaurants.png\" data-markericonhover=\"\" data-streetview=\"no\" data-fromview=\"\">\n\n\t<div class=\"mapa-tipus-allotjament-petit\">Restaurants<\/div>\n\t<div class=\"titol-link-mapa-petit\"><a href=\"\/mapa\/#26724\">Ran de Mar (antic Ancora 2)<\/a><\/div>\n\t<div class=\"mapa-tipus-allotjament-petit\"><a href=\"\/mapa\/#26724\">+ info<\/a><\/div>\n\n<\/div>\n\n<div class=\"map-marker-general\"  id=\"26724\">\n  <div class=\"imatge-mapa\"><img decoding=\"async\" width=\"510\" height=\"382\" src=\"https:\/\/elvendrellturisme.dms3labs.cat\/wp-content\/uploads\/125521328-1074979336296908-3467179787647824825-n-510x382.jpg\" class=\"attachment-et-pb-portfolio-module-image size-et-pb-portfolio-module-image wp-post-image\" alt=\"\" title=\"\"><\/div>\n  \n\t<div class=\"map-marker-content\">\n      <div class=\"mapa-tipus-allotjament\">Restaurants<\/div>\n      <h3 class=\"titol-link-mapa\"><a href=\"https:\/\/elvendrellturisme.dms3labs.cat\/de\/recursos-turistic\/ran-de-mar-antic-ancora-2\/\">Ran de Mar (antic Ancora 2)<\/a><\/h3>\n      <div class=\"mapa-adreca\">Avinguda del Sanatori, 5-7<br\/>\n        43880 Sant Salvador\n      <\/div> \n      <div class=\"mapa-contacte\">\n        <a href=\"tel:977695563\">977 69 55 63<\/a><br\/>\n        <a href=\"mailto:restaurantrandemar@gmail.com\" title=\"restaurantrandemar@gmail.com\">restaurantrandemar@gmail.com<\/a><br\/>\n       <a href=\"https:\/\/www.restaurantrandemar.com\/es\/\" title=\"Besuchen Sie die Website\" target=\"_blank\" rel=\"noopener\">Besuchen Sie die Website<\/a>\n        \n      <\/div>\n  <\/div>\n  <\/div><\/div>\n\t\t\n\t\t\n\t\t\t<div class=\"col-md-4\"> <div style=\"display:none\" class=\"wpv-addon-maps-marker js-wpv-addon-maps-marker js-wpv-addon-maps-marker-marker-26696 js-wpv-addon-maps-markerfor-recursos\" data-marker=\"marker-26696\" data-markertitle=\"Vil\u00b7la Casals\" data-markerfor=\"recursos\" data-markerlat=\"41.183271\" data-markerlon=\"1.540573\" data-markericon=\"\/wp-content\/uploads\/marker-restaurants.png\" data-markericonhover=\"\" data-streetview=\"no\" data-fromview=\"\">\n\n\t<div class=\"mapa-tipus-allotjament-petit\">Restaurants<\/div>\n\t<div class=\"titol-link-mapa-petit\"><a href=\"\/mapa\/#26696\">Vil\u00b7la Casals<\/a><\/div>\n\t<div class=\"mapa-tipus-allotjament-petit\"><a href=\"\/mapa\/#26696\">+ info<\/a><\/div>\n\n<\/div>\n\n<div class=\"map-marker-general\"  id=\"26696\">\n  <div class=\"imatge-mapa\"><img decoding=\"async\" width=\"510\" height=\"382\" src=\"https:\/\/elvendrellturisme.dms3labs.cat\/wp-content\/uploads\/disseny-sense-titol11-510x382.jpg\" class=\"attachment-et-pb-portfolio-module-image size-et-pb-portfolio-module-image wp-post-image\" alt=\"\" srcset=\"https:\/\/elvendrellturisme.dms3labs.cat\/wp-content\/uploads\/disseny-sense-titol11-510x382.jpg 510w, https:\/\/elvendrellturisme.dms3labs.cat\/wp-content\/uploads\/disseny-sense-titol11-480x480.jpg 480w\" sizes=\"(min-width: 0px) and (max-width: 480px) 480px, (min-width: 481px) 510px, 100vw\" title=\"\"><\/div>\n  \n\t<div class=\"map-marker-content\">\n      <div class=\"mapa-tipus-allotjament\">Restaurants<\/div>\n      <h3 class=\"titol-link-mapa\"><a href=\"https:\/\/elvendrellturisme.dms3labs.cat\/de\/recursos-turistic\/vil%c2%b7la-casals\/\">Vil\u00b7la Casals<\/a><\/h3>\n      <div class=\"mapa-adreca\">Passeig Mar\u00edtim, 41<br\/>\n        43880 Sant Salvador\n      <\/div> \n      <div class=\"mapa-contacte\">\n        <a href=\"tel:977683141\">977 68 31 41<\/a><br\/>\n        <a href=\"mailto:vilacasals@vilacasals.com\" title=\"vilacasals@vilacasals.com\">vilacasals@vilacasals.com<\/a><br\/>\n       <a href=\"https:\/\/www.vilacasals.com\/\" title=\"Besuchen Sie die Website\" target=\"_blank\" rel=\"noopener\">Besuchen Sie die Website<\/a>\n        \n      <\/div>\n  <\/div>\n  <\/div><\/div>\n\t\t\n\t\t\n\t\t\t<div class=\"col-md-4\"> <div style=\"display:none\" class=\"wpv-addon-maps-marker js-wpv-addon-maps-marker js-wpv-addon-maps-marker-marker-26715 js-wpv-addon-maps-markerfor-recursos\" data-marker=\"marker-26715\" data-markertitle=\"Xaloquell\" data-markerfor=\"recursos\" data-markerlat=\"41.184092\" data-markerlon=\"1.537695\" data-markericon=\"\/wp-content\/uploads\/marker-restaurants.png\" data-markericonhover=\"\" data-streetview=\"no\" data-fromview=\"\">\n\n\t<div class=\"mapa-tipus-allotjament-petit\">Restaurants<\/div>\n\t<div class=\"titol-link-mapa-petit\"><a href=\"\/mapa\/#26715\">Xaloquell<\/a><\/div>\n\t<div class=\"mapa-tipus-allotjament-petit\"><a href=\"\/mapa\/#26715\">+ info<\/a><\/div>\n\n<\/div>\n\n<div class=\"map-marker-general\"  id=\"26715\">\n  <div class=\"imatge-mapa\"><img decoding=\"async\" width=\"510\" height=\"382\" src=\"https:\/\/elvendrellturisme.dms3labs.cat\/wp-content\/uploads\/20210626-203434-510x382.jpg\" class=\"attachment-et-pb-portfolio-module-image size-et-pb-portfolio-module-image wp-post-image\" alt=\"\" srcset=\"https:\/\/elvendrellturisme.dms3labs.cat\/wp-content\/uploads\/20210626-203434-510x382.jpg 510w, https:\/\/elvendrellturisme.dms3labs.cat\/wp-content\/uploads\/20210626-203434-300x225.jpg 300w, https:\/\/elvendrellturisme.dms3labs.cat\/wp-content\/uploads\/20210626-203434-1024x768.jpg 1024w, https:\/\/elvendrellturisme.dms3labs.cat\/wp-content\/uploads\/20210626-203434-768x576.jpg 768w, https:\/\/elvendrellturisme.dms3labs.cat\/wp-content\/uploads\/20210626-203434-1536x1152.jpg 1536w, https:\/\/elvendrellturisme.dms3labs.cat\/wp-content\/uploads\/20210626-203434-2048x1536.jpg 2048w, https:\/\/elvendrellturisme.dms3labs.cat\/wp-content\/uploads\/20210626-203434-1080x810.jpg 1080w, https:\/\/elvendrellturisme.dms3labs.cat\/wp-content\/uploads\/20210626-203434-1280x960.jpg 1280w, https:\/\/elvendrellturisme.dms3labs.cat\/wp-content\/uploads\/20210626-203434-980x735.jpg 980w, https:\/\/elvendrellturisme.dms3labs.cat\/wp-content\/uploads\/20210626-203434-480x360.jpg 480w\" sizes=\"(max-width: 510px) 100vw, 510px\" title=\"\"><\/div>\n  \n\t<div class=\"map-marker-content\">\n      <div class=\"mapa-tipus-allotjament\">Restaurants<\/div>\n      <h3 class=\"titol-link-mapa\"><a href=\"https:\/\/elvendrellturisme.dms3labs.cat\/de\/recursos-turistic\/xaloquell\/\">Xaloquell<\/a><\/h3>\n      <div class=\"mapa-adreca\">Carrer del Cant\u00e0bric, 10<br\/>\n        43880 Sant Salvador\n      <\/div> \n      <div class=\"mapa-contacte\">\n        <a href=\"tel:977680819\">977 68 08 19<\/a><br\/>\n        <a href=\"mailto:info@restaurantxaloquell.com\" title=\"info@restaurantxaloquell.com\">info@restaurantxaloquell.com<\/a><br\/>\n       <a href=\"https:\/\/restaurantxaloquell.com\/es\/\" title=\"Besuchen Sie die Website\" target=\"_blank\" rel=\"noopener\">Besuchen Sie die Website<\/a>\n        \n      <\/div>\n  <\/div>\n  <\/div><\/div>\n\t\t<\/div>\n\t\t\n\t<\/div>\n\t\n\t\n\t\n<\/div>\n\n<p>[\/et_pb_text][\/et_pb_column][\/et_pb_row][\/et_pb_section][et_pb_section fb_built=&#8221;1&#8243; module_id=&#8221;xato&#8221; _builder_version=&#8221;4.8.2&#8243; _module_preset=&#8221;default&#8221; background_color=&#8221;rgba(194,227,241,0.2)&#8221; locked=&#8221;off&#8221; global_colors_info=&#8221;{}&#8221;][et_pb_row column_structure=&#8221;3_4,1_4&#8243; _builder_version=&#8221;4.8.2&#8243; _module_preset=&#8221;default&#8221; global_colors_info=&#8221;{}&#8221;][et_pb_column type=&#8221;3_4&#8243; _builder_version=&#8221;4.8.2&#8243; _module_preset=&#8221;default&#8221; global_colors_info=&#8221;{}&#8221;][et_pb_text _builder_version=&#8221;4.8.2&#8243; _module_preset=&#8221;68ea58d1-0a0d-4ff7-85ee-f9cbe626b1ec&#8221; global_colors_info=&#8221;{}&#8221;]<\/p>\n<h2><strong>Garantiert familienfreundliche Reiseziele<\/strong><\/h2>\n<p>[\/et_pb_text][\/et_pb_column][et_pb_column type=&#8221;1_4&#8243; _builder_version=&#8221;4.8.2&#8243; _module_preset=&#8221;default&#8221; global_colors_info=&#8221;{}&#8221;][\/et_pb_column][\/et_pb_row][et_pb_row make_equal=&#8221;on&#8221; _builder_version=&#8221;4.8.2&#8243; _module_preset=&#8221;default&#8221; custom_padding=&#8221;0px|||||&#8221; global_colors_info=&#8221;{}&#8221;][et_pb_column type=&#8221;4_4&#8243; _builder_version=&#8221;4.8.2&#8243; _module_preset=&#8221;default&#8221; global_colors_info=&#8221;{}&#8221;][et_pb_text _builder_version=&#8221;4.10.6&#8243; _module_preset=&#8221;default&#8221; global_colors_info=&#8221;{}&#8221;]<\/p>\n<ul>\n<li>Spezielle Angebote f\u00fcr Familien.<\/li>\n<li>Besondere Beachtung der Sicherheitsstandards, sowohl in den \u00f6ffentlichen R\u00e4umen als auch in den \u00fcbrigen Einrichtungen, die mit dem Zeichen zertifiziert sind oder dieses Siegel tragen.<\/li>\n<li>Umfassendes Unterhaltungsprogramm sowie Angebote und Aktivit\u00e4ten f\u00fcr Kinder.<\/li>\n<li>Kinderfreundliche Einrichtungen in \u00f6ffentlichen Bereichen, in Unterk\u00fcnften und bei den Zusatzangeboten.<\/li>\n<li>Informationen \u00fcber die t\u00e4glichen Aktivit\u00e4tsprogramme sind leicht zug\u00e4nglich, damit Sie Ihren Aufenthalt besser planen k\u00f6nnen<\/li>\n<li>Die Zertifizierung garantiert Familien eine Reihe von Vorteilen, die auf ihre speziellen Bed\u00fcrfnisse zugeschnitten sind: Identifikationsarmb\u00e4nder, Familienzimmer oder direkt angeschlossene Zimmer, bewachte Kinderschwimmb\u00e4der, Verf\u00fcgbarkeit von Kinderbetten, Kinderclubs am Strand, Betreuung, angemessene Verpflegung, Unterhaltung und Kindershows auf der Stra\u00dfe, \u00f6ffentliche Erholungs- und Spielbereiche f\u00fcr Kinder, Themen- und Wasserparks, Fahrradtouren usw.<\/li>\n<\/ul>\n<p>[\/et_pb_text][\/et_pb_column][\/et_pb_row][\/et_pb_section][et_pb_section fb_built=&#8221;1&#8243; module_id=&#8221;coca-enramada&#8221; _builder_version=&#8221;4.8.2&#8243; _module_preset=&#8221;default&#8221; background_color=&#8221;RGBA(0,0,0,0)&#8221; global_colors_info=&#8221;{}&#8221;][et_pb_row column_structure=&#8221;3_4,1_4&#8243; _builder_version=&#8221;4.8.2&#8243; _module_preset=&#8221;default&#8221; global_colors_info=&#8221;{}&#8221;][et_pb_column type=&#8221;3_4&#8243; _builder_version=&#8221;4.8.2&#8243; _module_preset=&#8221;default&#8221; global_colors_info=&#8221;{}&#8221;][et_pb_text _builder_version=&#8221;4.8.2&#8243; _module_preset=&#8221;68ea58d1-0a0d-4ff7-85ee-f9cbe626b1ec&#8221; global_colors_info=&#8221;{}&#8221;]<\/p>\n<h2>Sicherheitstipps<\/h2>\n<p>[\/et_pb_text][\/et_pb_column][et_pb_column type=&#8221;1_4&#8243; _builder_version=&#8221;4.8.2&#8243; _module_preset=&#8221;default&#8221; global_colors_info=&#8221;{}&#8221;][\/et_pb_column][\/et_pb_row][et_pb_row _builder_version=&#8221;4.8.2&#8243; _module_preset=&#8221;default&#8221; global_colors_info=&#8221;{}&#8221;][et_pb_column type=&#8221;4_4&#8243; _builder_version=&#8221;4.8.2&#8243; _module_preset=&#8221;default&#8221; global_colors_info=&#8221;{}&#8221;][et_pb_text _builder_version=&#8221;4.10.6&#8243; _module_preset=&#8221;default&#8221; global_colors_info=&#8221;{}&#8221;]<\/p>\n<p>Beim Schwimmen im Meer ist Vorsicht geboten. Achten Sie darauf, in \u00fcberwachten Bereichen zu schwimmen. Bevor Sie ins Wasser gehen, achten Sie auf die Flagge, um sicherzustellen, dass das Wasser zum Baden geeignet ist:<\/p>\n<ul>\n<li><strong>Rote Flagge:<\/strong> Baden verboten<\/li>\n<li><strong>Gelbe Flagge:<\/strong> Baden auf eigene Gefahr<\/li>\n<li><strong>Gr\u00fcne Flagge:<\/strong> Baden erlaubt<\/li>\n<\/ul>\n<p>&nbsp;<\/p>\n<p><strong>Respektieren Sie diese Baderegeln und befolgen stets die Anweisungen der Rettungsschwimmer und der \u00f6rtlichen Beh\u00f6rden:<\/strong><\/p>\n<p>&nbsp;<\/p>\n<ul>\n<li>Behalten Sie Kinder stets im Auge. Wenn sie nicht schwimmen k\u00f6nnen, sorgen Sie daf\u00fcr, dass sie Schwimmfl\u00fcgel oder \u00e4hnliches tragen.<\/li>\n<li>Wir empfehlen, dass Kinder w\u00e4hrend des gesamten Aufenthalts ein Identifikationsarmband tragen. Diese erhalten Sie kostenlos an der Rezeption Ihrer Unterkunft, in den Tourismusb\u00fcros und im Kinderclub am Strand.<\/li>\n<li>Zeigen Sie Ihrem Kind, wohin es sich wenden soll, falls es sich verirrt.<\/li>\n<li>Meiden Sie Bereiche mit Str\u00f6mungen: Sie k\u00f6nnen mitgerissen werden, ohne es zu merken. An windigen Tagen sollten keine aufblasbaren Matratzen oder \u00e4hnliches verwendet werden, da diese leicht von der Str\u00f6mung mitgerissen werden k\u00f6nnen. Verlassen Sie sofort das Wasser, wenn ein Sturm aufzieht.<\/li>\n<li>Tauchen Sie nicht kopf\u00fcber ins Wasser, wenn Sie nicht wissen, wie tief es ist oder ob es Steine in der N\u00e4he gibt.<\/li>\n<li>Schwimmen Sie im Meer immer parallel zur K\u00fcstenlinie, damit Sie sich nicht vom Badebereich entfernen. Wenn Sie nicht schwimmen k\u00f6nnen, gehen Sie nicht weiter als zur Taille ins Wasser und halten Sie sich in Ufern\u00e4he auf.<\/li>\n<li>Warten Sie nach dem Essen mindestens zwei Stunden, bevor Sie ins Wasser gehen. Vermeiden Sie es, sich zu lange im Wasser aufzuhalten und zu lange unterzutauchen, da dies die Abwehrkr\u00e4fte des K\u00f6rpers schw\u00e4cht.<\/li>\n<li>Achten Sie auf die mit Bojen gekennzeichneten Wassersportbereiche, da die Gefahr besteht, mit Surfbrettern, Jetskis usw. getroffen zu kollidieren.<\/li>\n<li>Tragen Sie in felsigen und bewachsenen Bereichen geeignetes Schuhwerk und achten Sie auf Seeigel, Quallen und Seespinnen. Tragen Sie in \u00f6ffentlichen Duschen Flip-Flops oder anderes geeignetes, rutschfestes Schuhwerk.<\/li>\n<\/ul>\n<p>&nbsp;<\/p>\n<p><strong>Wenn Sie eine gef\u00e4hrdete Person im Wasser sehen, informieren Sie umgehend die Rettungsschwimmer oder rufen Sie <a href=\"tel:112\" target=\"_blank\">112<\/a> an. Wenn Sie kein ausgebildeter Rettungsschwimmer sind, versuchen Sie nicht, die Person selbst zu retten.<\/strong><\/p>\n<p>[\/et_pb_text][\/et_pb_column][\/et_pb_row][\/et_pb_section][et_pb_section fb_built=&#8221;1&#8243; module_id=&#8221;coca-enramada&#8221; _builder_version=&#8221;4.8.2&#8243; _module_preset=&#8221;default&#8221; background_color=&#8221;RGBA(194,227,241,0.2)&#8221; custom_padding=&#8221;7px|||||&#8221; global_colors_info=&#8221;{}&#8221;][et_pb_row _builder_version=&#8221;4.8.2&#8243; _module_preset=&#8221;default&#8221; global_colors_info=&#8221;{}&#8221;][et_pb_column type=&#8221;4_4&#8243; _builder_version=&#8221;4.8.2&#8243; _module_preset=&#8221;default&#8221; global_colors_info=&#8221;{}&#8221;][et_pb_text _builder_version=&#8221;4.10.6&#8243; _module_preset=&#8221;default&#8221; custom_padding=&#8221;25px||||false|false&#8221; global_colors_info=&#8221;{}&#8221;]<\/p>\n<h3>Sonneneinstrahlung<\/h3>\n<ul>\n<li>Vermeiden Sie, sich zu lange in der Sonne aufzuhalten. Verwenden Sie zum Schutz einen Sonnenschirm, einen Hut, ein T-Shirt und eine zertifizierte Sonnenbrille.<\/li>\n<li>Es ist zu empfehlen, das Sonnenbaden schrittweise zu steigern und eine l\u00e4ngere Bestrahlung sowie die Tageszeit mit der st\u00e4rksten Sonneneinstrahlung (von 11:00 bis 16:00 Uhr) zu vermeiden.<\/li>\n<li>Verwenden Sie vor allem bei empfindlicher Haut immer eine Sonnencreme mit hohem Sonnenschutzfaktor (\u00fcber 20). Tragen Sie ausreichend, kurz bevor Sie sich in die Sonne begeben und regelm\u00e4\u00dfig nach dem Baden oder bei starkem Schwitzen auf.<\/li>\n<li>Sorgen Sie daf\u00fcr, dass Kinder und \u00e4ltere Menschen gen\u00fcgend Fl\u00fcssigkeit zu sich nehmen, um nicht zu dehydrieren. Kinder unter 6 Monaten sollten sich stets im Schatten aufhalten und Kleidung tragen, die sie vor der Sonne sch\u00fctzt.<\/li>\n<li>Um nicht zu dehydrieren, sollten Sie viel Wasser trinken und auf den Verzehr von alkoholischen Getr\u00e4nken verzichten.<\/li>\n<li>Das Wasser und der Sand reflektieren das Licht, was zu einer erh\u00f6hten Sonneneinstrahlung am Strand f\u00fchrt.<\/li>\n<\/ul>\n<p>Im Falle eines Notfalls, Verlusts oder Diebstahls rufen Sie die Telefonnummer <a href=\"tel:112\" target=\"_blank\">112<\/a> oder die Ortspolizei (<a href=\"tel:092\" target=\"_blank\">092<\/a>) an.<\/p>\n<p>[\/et_pb_text][\/et_pb_column][\/et_pb_row][\/et_pb_section]<\/p>\n","protected":false},"excerpt":{"rendered":"<p>FamilientourismusWas sind die \u201eFamilientourismus\u201d-Siegel?Mit dem Siegel \u201eFamilientourismus\u201d zeichnet die katalanische Tourismusagentur (ACT) Gemeinden aus, die besonderen Wert auf diese Zielgruppe legen und Einrichtungen und Dienstleistungen anbieten, die auf die Bed\u00fcrfnisse von Familien mit Kindern zugeschnitten sind. Diese Gemeinden verf\u00fcgen \u00fcber ein zertifiziertes Angebot an Unterk\u00fcnften sowie Gastronomie-, Freizeit- und Unterhaltungseinrichtungen f\u00fcr Kinder. Nach Pr\u00fcfung durch [&hellip;]<\/p>\n","protected":false},"author":1,"featured_media":26025,"parent":0,"menu_order":0,"comment_status":"closed","ping_status":"closed","template":"","meta":{"_acf_changed":false,"_et_pb_use_builder":"on","_et_pb_old_content":"","_et_gb_content_width":"","content-type":"","footnotes":""},"dipi_cpt_category":[],"class_list":["post-27549","page","type-page","status-publish","has-post-thumbnail","hentry"],"acf":[],"rankMath":{"parentDomain":"dms3labs.cat","noFollowDomains":[],"noFollowExcludeDomains":[],"noFollowExternalLinks":false,"featuredImageNotice":"Das angezeigte Beitragsbild sollte mindestens 200x200 px gro\u00df sein, damit Facebook und andere Social-Media-Websites es \u00fcbernehmen.","pluginReviewed":false,"postSettings":{"linkSuggestions":true,"useFocusKeyword":false},"frontEndScore":false,"postName":"familientourismus","permalinkFormat":"https:\/\/elvendrellturisme.dms3labs.cat\/de\/%pagename%\/","showLockModifiedDate":true,"assessor":{"focusKeywordLink":"https:\/\/elvendrellturisme.dms3labs.cat\/wp-admin\/edit.php?focus_keyword=%focus_keyword%&post_type=%post_type%","hasTOCPlugin":false,"primaryTaxonomy":false,"serpData":{"title":"","description":"Das Siegel \u201eFamilientourismus\u201d best\u00e4tigt, dass wir \u00fcber ein zertifiziertes Angebot an Unterk\u00fcnften sowie an Gastronomie-, Freizeit- und Unterhaltungseinrichtungen verf\u00fcgen, das sich an Familien mit Kindern richtet.","focusKeywords":"Familientourismus","pillarContent":false,"canonicalUrl":"","breadcrumbTitle":"","advancedRobots":{"max-snippet":"-1","max-video-preview":"-1","max-image-preview":"large"},"facebookTitle":"","facebookDescription":"","facebookImage":"","facebookImageID":"","facebookHasOverlay":false,"facebookImageOverlay":"","facebookAuthor":"","twitterCardType":"","twitterUseFacebook":true,"twitterTitle":"","twitterDescription":"","twitterImage":"","twitterImageID":"","twitterHasOverlay":false,"twitterImageOverlay":"","twitterPlayerUrl":"","twitterPlayerSize":"","twitterPlayerStream":"","twitterPlayerStreamCtype":"","twitterAppDescription":"","twitterAppIphoneName":"","twitterAppIphoneID":"","twitterAppIphoneUrl":"","twitterAppIpadName":"","twitterAppIpadID":"","twitterAppIpadUrl":"","twitterAppGoogleplayName":"","twitterAppGoogleplayID":"","twitterAppGoogleplayUrl":"","twitterAppCountry":"","robots":{"index":true},"twitterAuthor":"Benutzername","primaryTerm":0,"authorName":"admin","titleTemplate":"%title% %sep% %sitename%","descriptionTemplate":"%excerpt%","showScoreFrontend":true,"lockModifiedDate":false},"powerWords":["abgelenkt","abgesturzt","absolut","abstossend","aburd","abweisen","adaquat","aggressiv","ahnungslos","akkurat","alarmierend","alarmiert","albtraum","all-inclusive","allererste","allererster","allererstes","alleswisser","am schlechtesten","am wichtigsten","angewidert","angriff","angsteinflossend","angstlich","animiert","ankundigung","anonym","anpassbar","anspruchslos","anstossig","antagonistisch","apokalypse","applaus","argumentativ","arm","armageddon","arrogant","atemberaubend","attacke","attraktiv","aufdeckend","aufgebracht","aufgedeckt","aufgeregt","aufheiternd","aufregend","aufregende","aufregenden","aufregung","aufstachelnd","aufstandisch","aufsteigend","auftreibend","augenoffnend","ausgelassen","ausgeruht","ausgespielt","ausgewahlt","ausgewuhlt","ausnutzen","aussergewohnlich","autark","authentisch","autoritat","backdoor","badass","beangstigend","bedenklich","bedingungslos","bedrohen","bedroht","beforderung","befreit","befriedigend","befriedigt","begehren","begeistern","begeistert","begeisterung","beherzt","behind the scenes","beichte","beleidigung","belohnung","bemerkenswert","beneiden","bequem","beruhmt","beschadigen","beschamend","beschmutzt","beschuldigen","beschutzen","besitz","bessesen","bestatigen","bestatigt","beste","bestimmt","bestrafen","betrug","betrugen","bewahrt","bewiesen","bewiesenermassen","bewusst","bezahlbar","bezaubernd","bizarre","bleich","blendend","blut","blutbad","blutig","bombe","bonanza","bonus","bosartig","bose","boshaft","brilliant","brodelnd","brutal","budget","bullshit","bully","bunt","bunte","bunten","case study","cash","challenge","challgene","chaos","cheat-sheet","clever","content","cool","courage","dankbar","daruber redet keiner","deadline","definitiv","dekadent","demoralisierend","demut","desillusioniert","detailiert","diagnose","die wahrheit","direkt","disastros","discount","dokument","dollar","dominieren","doppelt","download","dreckig","dreifach","dreistigkeit","dringend","dringlichkeit","dumm","dummkopf","dummlich","durchbruch","duselig","dynamik","echt","effektiv","effizient","ehrlich","eier","eifersuchtig","eifrig","eindeutig","eindrucksvoll","eine stufe besser","einfach","einfachheit","einfallsreich","eingebildet","eingeschrankt","eingesperrt","einmalig","einsam","eintauchen","einzigartig","eisern","eliminieren","elite","empathie","empfehle","empfehlen","endeffekt","energie","energisch","enorm","entdecken","entfesselt","entfremdet","enthullen","enthullung","enthusiastisch","entmachtet","entsetzlich","entspannt","entzuckend","entzunden","epidemisch","episch","erbarmlich","erfolg","erfolgreich","erfolgsbilanz","erfreut","erfullen","erfullt","ergebnisse","ergreifen","erhaben","erheben","erhohen","erledigt","ermachtigt","ermudet","ernmutigt","ernsthaft","erobern","erroten","errungenschaft","erschaffen","erschrocken","ersehnen","ersparnisse","erstattbar","erstatten","erstaunlich","erste","ertrinken","essentiell","ethisch","euphorisch","exakt","exklusiv","exklusivitat","exkuisit","experte","explodieren","explosiv","exposed","extrem","exzellent","fahig","fahigkeiten","fail","falle","fantasie","fantastischen","farbenfroh","farbenfrohe","faszinierend","faszinierende","faul","faux pas","faux","fehler","feindselig","feldstudie","fesselnd","festlich","festmahl","festplatte","final","flirt","fluchtling","flussig","fokus","fokussiert","folter","formel","frech","freebie","frei","freiheit","freudig","friedlich","frohlich","frohlichkeit","frustriert","fundamental","fur immer","furchtbar","furchtlos","gangster","garantiert","geblendet","geehrt","gefahr","gefahrlich","gefangen","gefangnis","gefeuert","gegensatzlich","gehassig","geheimnis","geheimnisse","geil","geisseln","geist","geistesgestort","gelassen","geld zuruck","geld","genial","gepackt","gerade angekommen","gerissen","geschenk","geschmuggelt","geschutzt","gestandnis","gestandnisse","gestopft","gestresst","gesucht","gesund","getauscht","getestet","getotet","gewaltig","gewalttatig","gewidmet","gewinnspiel","gier","gierig","gift","giftig","gigantisch","giveaway","glamourose","glanzend","glaube","glaubwurdig","gleichmassig","glittering","glitzernde","gluckselig","golden","grandios","grandiose","grandiosen","grandioses","grauenhaft","grausamkeit","grinsen","groesste","gross","grossartig","grossartig","grossartige","grossartigen","grossartiger","grossartiges","grosse","grossen","grosste","grosszugig","grotesk","grube","grundlegend","gruselig","gunstig","hack","hamisch","hammer","handelsgeheimnis","hartnackig","hass","heilig","heimlich","heisshunger","heisshungrig","heiter","held","hell","herablassend","herausfordernd","herausforderung","herausvorderung","herrlichen","herrschend","hervorragend","herz","herzbrechend","herzerwahrmend","heute","hightech","hilflosigkeit","hilfreich","hilfsbereit","himmlisch","hinterhaltig","hoax","hocheffektiv","hochnasig","hochste","hoffnung","hoffnungsvoll","holle","holocaust","horror","how to","humor","hungrige","hurrikan","hypnotisch","hypnotisierend","idiot","idiotisch","illegal","immer","informativ","inhalt","inkompetent","innovativ","insider","inspirierend","inspiriert","intelligent","intensiv","interessant","interessante","invasion","investment","ist da","jackpot","jederzeit kundigen","jetzt","jubilant","jumpstart","jung","kadaver","kampf","katapult","katastrophe","kaufen","kein risiko","keine verpflichtung","kickstart","kindisch","kitschig","klaglich","klar","knast","kollabieren","kollosal","komfortabel","komisch","kompetitiv","komplett","kompromiss","komsich","konstruktiv","kontrollierend","kontrollverlust","kooperativ","kopie","korrupt","kostenlos","kraftlos","kraftvoll","krankhaft","kreativ","kreative","kriese","kritisch","kruppel","lachen","lacherlich","lahm","last minute","lauernd","lebendig","lebenslanglich","lecken","lecker","legendar","legitim","leiche","leicht","leiden","leider","leise","letzte chance","letzte","leuchtend","liberal","licht","liebe","liebenswurdig","liebevoll","life-changing","limitiert","lohnend","loser","losung","lugen","lugend","lukrativ","lust","lustig","lustige","lustigsten","luxorios","magisch","mainstream","mammut","manipulativ","massiv","masterclass","meditierend","meiseter","meistverkauft","meltdown","millionen","mind-blowing","minderwertig","minimalist","missbrauch","misstrauisch","mittelmassig","mittig","modern","moderne","moglichkeiten","monetarisieren","monumental","mord","motiviert","muhelos","muhevoll","mull","mut","mutig","nachmachen","nachteile","nackt","nagel","naiv","natural","nazi","neid","nervos","neu","niedertrachtig","niemals","notfall","notiert","nutzlich","nutzlos","offensichtlich","offiziel","offnen","ohne hintergedanken","ok","okay","okonomisch","on-demand","opfer","optimistisch","overnight","packend","panik","panzer","paralisiert","pas","passioniert","pause","payback","peinlich","perfekt","perplex","perskeptive","pessimistisch","pfund","piranha","pleite","plotzlich","pochend","polarisierend","popular","portfolio","praktisch","preis","prestige","privat","privatsphare","priviligiert","problem","produktiv","professionell","profit","profitabel","provokativ","provozierend","prozess","psychologisch","qual","qualen","qualitat","rabatt","rache","rachsuchtig","raffiniert","rasend","rat","rau","recherche","reduziert","reflektieren","regeln","reich","reiche","reichtum","relaxed","report","responsive","revolutionar","riesig","risiko","riskant","riskieren","rotzfrech","rowdy","ruckrat","ruckschlag","rucksichtlos","ruhig","ruiniert","sabotiert","sadistisch","sale","sarkastisch","scam","schabig","schadigend","schadlich","schamlos","schatz","schicksal","schlachten","schlafen","schlag","schlau","schlimm","schmerzhaft","schmerzlos","schmuggel","schnell","schnellstart","schokierend","schonheit","schrecklich","schreien","schritt fur schritt","schuld","schuldlos","schwach","schwarm","schwarzmarkt","schwerkraft","schwinden","sechsstellig","sehenswerte","selbsthass","selten","sensationell","sex","sexy","sicher","sicherheit","sicherlich","sieg","sill","simpel","sinnlich","sinnlos","skandal","skandalos","skill","sklave","sneak-peek","snob","sofort gespart","sofort","sollte","sonnig","sonnige","sonnigen","sorgen","sorgfaltig","sorglos","spannend","sparen","sparsam","spass","spassig","spektakular","speziell","spielen","spoiler","spontan","spotlight","stabil","stark","start","stoisch","stolz","stop","strahlend","strangulieren","strategie","studien","stumperhaft","stur","sunden","sundigend","super","superb","survival","tapfer","tauschend","teaser","technologie","terror","terrorist","teuer","tief","tiefgreifend","tierisch","tod","todlich","toll","tolle","toller","tortur","tot","tote","toten","totend","toxisch","tragisch","tragodie","transfomieren","transparenz","trauma","traumatisiert","traurigkeit","trend","tricks","trigger","triumpf","trocken","trotz","trugerisch","tweaks","tyrann","ubel","uberfordert","uberkommen","uberleben","uberlegen","uberraschend","uberrascht","uberraschung","uberwaltigend","uberwinden","ultimativ","umfassend","umstritten","umwerfend","unatorisiert","unaufhaltbar","unausgelasted","unbedacht","unbeliebt","unbeschwert","unbewusst","undercover","undokumentiert","unehrlich","unentschlossen","unerwartet","unfahig","ungeduldig","ungedult","ungehort","ungemutlich","ungerechtfertigt","ungesehen","ungetrubt","ungewohnlich","ungezogen","unglaublich","unglaubliches","uninteressiert","unkontrollierbar","unkonventionell","unlimitiert","unpenetrierbar","unschuldig","unsicher","unstabil","unter verschluss","untergrund","unterhaltsam","unterstutz","unterstutzend","unubertroffen","unvergesslich","unverneinbar","unvoreingenommen","unwiderstehlich","unwirtlich","unzensiert","unzuverlassig","up-selling","vaporisieren","verangstigt","verantwortlich","verargert","verarscht","verbessert","verbluffend","verblufft","verboten","verbreiten","verdachtig","verdammt","verdeckt","vereinfacht","verfuhrend","vergebend","vergessen","vergleich","verhauen","verifizieren","verkommen","verlegen","verletzbar","verletzt","verlockend","verloren","vermasselt","vermeiden","vermogen","vernichten","vernichtend","vernunftig","veroffentlichung","verpassen","verraterisch","verruckt","versagen","verschwitzt","versichert","verspielt","versprechend","versteckt","vertrauenswurdig","vertraulich","vertraumt","verurteilend","verwunderlich","verwundet","verzaubernd","verzweifelt","vierfach","vogelfrei","vollig","vollstandig","vorsicht","vorstellungskraft","vorteil","wachstum","wagemutig","wahnsinn","wahnsinnig","wahrhaftig","wahrheit","wahrheitsgemass","wahrscheinlich","warnung","was dir keiner sagt","wehleidig","welt","wenig bekannt","wert","wertvoll","wichtig","widerlich","wiedererkannt","wild","wilde","wilden","willensstarke","wirr","wohltatigkeit","wortlich","wunder","wunderbar","wunderbaren","wunderschon","wutend","zeichen","zeitig","zen","zensiert","zerschlagen","zerschmetternd","zerstorend","zertifiziert","zielorientiert","zischend","zischt","zocken","zogernd","zugeben","zuruckgehalten","zuruckgelassen","zuruckweisen","zusatzlich","zutaten","zuverlassig","zwangsernahrt","zweifelnd","zwickend","zwingend","einfache","einfachen","einfaches","einfacher","simple","simplen","simples","simpler","besten","bestes","bester","beste","bestbewertet","bestbewerteten","bestbewertete","bestbewerteter","bestbewertetes","\u00fcberraschende","\u00fcberraschenden","\u00fcberraschendes","\u00fcberraschender","hilfreiche","hilfreiches","hilfreichen","hilfreicher","f\u00f6rdern","unterst\u00fctzen","helfen","spielerisch","spannende","spannendes","spannenden","spannender","gro\u00dfartige","gro\u00dfartiges","gro\u00dfartigen","gro\u00dfartiger","ideal","ideales","idealen","idealer","faszinierend","faszinierendes","faszinierenden","faszinierender","wichtig","wichtige","wichtiges","wichtigen","wichtiger","sicher","sichere","sicheres","sicheren","sicherer","umfassende","umfassendes","umfassenden","umfassender","ultimative","ultimatives","ultimativen","ultimativer","einzigartige","einzigartiges","einzigartigen","einzigartiger"],"diacritics":{"A":"[\\u0041\\u24B6\\uFF21\\u00C0\\u00C1\\u00C2\\u1EA6\\u1EA4\\u1EAA\\u1EA8\\u00C3\\u0100\\u0102\\u1EB0\\u1EAE\\u1EB4\\u1EB2\\u0226\\u01E0\\u01DE\\u1EA2\\u00C5\\u01FA\\u01CD\\u0200\\u0202\\u1EA0\\u1EAC\\u1EB6\\u1E00\\u0104\\u023A\\u2C6F]","AA":"[\\uA732]","AE":"[\\u00C6\\u01FC\\u01E2\\u00C4]","AO":"[\\uA734]","AU":"[\\uA736]","AV":"[\\uA738\\uA73A]","AY":"[\\uA73C]","B":"[\\u0042\\u24B7\\uFF22\\u1E02\\u1E04\\u1E06\\u0243\\u0182\\u0181]","C":"[\\u0043\\u24B8\\uFF23\\u0106\\u0108\\u010A\\u010C\\u00C7\\u1E08\\u0187\\u023B\\uA73E]","D":"[\\u0044\\u24B9\\uFF24\\u1E0A\\u010E\\u1E0C\\u1E10\\u1E12\\u1E0E\\u0110\\u018B\\u018A\\u0189\\uA779]","DZ":"[\\u01F1\\u01C4]","Dz":"[\\u01F2\\u01C5]","E":"[\\u0045\\u24BA\\uFF25\\u00C8\\u00C9\\u00CA\\u1EC0\\u1EBE\\u1EC4\\u1EC2\\u1EBC\\u0112\\u1E14\\u1E16\\u0114\\u0116\\u00CB\\u1EBA\\u011A\\u0204\\u0206\\u1EB8\\u1EC6\\u0228\\u1E1C\\u0118\\u1E18\\u1E1A\\u0190\\u018E]","F":"[\\u0046\\u24BB\\uFF26\\u1E1E\\u0191\\uA77B]","G":"[\\u0047\\u24BC\\uFF27\\u01F4\\u011C\\u1E20\\u011E\\u0120\\u01E6\\u0122\\u01E4\\u0193\\uA7A0\\uA77D\\uA77E]","H":"[\\u0048\\u24BD\\uFF28\\u0124\\u1E22\\u1E26\\u021E\\u1E24\\u1E28\\u1E2A\\u0126\\u2C67\\u2C75\\uA78D]","I":"[\\u0049\\u24BE\\uFF29\\u00CC\\u00CD\\u00CE\\u0128\\u012A\\u012C\\u0130\\u00CF\\u1E2E\\u1EC8\\u01CF\\u0208\\u020A\\u1ECA\\u012E\\u1E2C\\u0197]","J":"[\\u004A\\u24BF\\uFF2A\\u0134\\u0248]","K":"[\\u004B\\u24C0\\uFF2B\\u1E30\\u01E8\\u1E32\\u0136\\u1E34\\u0198\\u2C69\\uA740\\uA742\\uA744\\uA7A2]","L":"[\\u004C\\u24C1\\uFF2C\\u013F\\u0139\\u013D\\u1E36\\u1E38\\u013B\\u1E3C\\u1E3A\\u0141\\u023D\\u2C62\\u2C60\\uA748\\uA746\\uA780]","LJ":"[\\u01C7]","Lj":"[\\u01C8]","M":"[\\u004D\\u24C2\\uFF2D\\u1E3E\\u1E40\\u1E42\\u2C6E\\u019C]","N":"[\\u004E\\u24C3\\uFF2E\\u01F8\\u0143\\u00D1\\u1E44\\u0147\\u1E46\\u0145\\u1E4A\\u1E48\\u0220\\u019D\\uA790\\uA7A4]","NJ":"[\\u01CA]","Nj":"[\\u01CB]","O":"[\\u004F\\u24C4\\uFF2F\\u00D2\\u00D3\\u00D4\\u1ED2\\u1ED0\\u1ED6\\u1ED4\\u00D5\\u1E4C\\u022C\\u1E4E\\u014C\\u1E50\\u1E52\\u014E\\u022E\\u0230\\u022A\\u1ECE\\u0150\\u01D1\\u020C\\u020E\\u01A0\\u1EDC\\u1EDA\\u1EE0\\u1EDE\\u1EE2\\u1ECC\\u1ED8\\u01EA\\u01EC\\u00D8\\u01FE\\u0186\\u019F\\uA74A\\uA74C]","OE":"[\\u00D6]","OI":"[\\u01A2]","OO":"[\\uA74E]","OU":"[\\u0222]","P":"[\\u0050\\u24C5\\uFF30\\u1E54\\u1E56\\u01A4\\u2C63\\uA750\\uA752\\uA754]","Q":"[\\u0051\\u24C6\\uFF31\\uA756\\uA758\\u024A]","R":"[\\u0052\\u24C7\\uFF32\\u0154\\u1E58\\u0158\\u0210\\u0212\\u1E5A\\u1E5C\\u0156\\u1E5E\\u024C\\u2C64\\uA75A\\uA7A6\\uA782]","S":"[\\u0053\\u24C8\\uFF33\\u1E9E\\u015A\\u1E64\\u015C\\u1E60\\u0160\\u1E66\\u1E62\\u1E68\\u0218\\u015E\\u2C7E\\uA7A8\\uA784]","T":"[\\u0054\\u24C9\\uFF34\\u1E6A\\u0164\\u1E6C\\u021A\\u0162\\u1E70\\u1E6E\\u0166\\u01AC\\u01AE\\u023E\\uA786]","TZ":"[\\uA728]","U":"[\\u0055\\u24CA\\uFF35\\u00D9\\u00DA\\u00DB\\u0168\\u1E78\\u016A\\u1E7A\\u016C\\u01DB\\u01D7\\u01D5\\u01D9\\u1EE6\\u016E\\u0170\\u01D3\\u0214\\u0216\\u01AF\\u1EEA\\u1EE8\\u1EEE\\u1EEC\\u1EF0\\u1EE4\\u1E72\\u0172\\u1E76\\u1E74\\u0244]","UE":"[\\u00DC]","V":"[\\u0056\\u24CB\\uFF36\\u1E7C\\u1E7E\\u01B2\\uA75E\\u0245]","VY":"[\\uA760]","W":"[\\u0057\\u24CC\\uFF37\\u1E80\\u1E82\\u0174\\u1E86\\u1E84\\u1E88\\u2C72]","X":"[\\u0058\\u24CD\\uFF38\\u1E8A\\u1E8C]","Y":"[\\u0059\\u24CE\\uFF39\\u1EF2\\u00DD\\u0176\\u1EF8\\u0232\\u1E8E\\u0178\\u1EF6\\u1EF4\\u01B3\\u024E\\u1EFE]","Z":"[\\u005A\\u24CF\\uFF3A\\u0179\\u1E90\\u017B\\u017D\\u1E92\\u1E94\\u01B5\\u0224\\u2C7F\\u2C6B\\uA762]","a":"[\\u0061\\u24D0\\uFF41\\u1E9A\\u00E0\\u00E1\\u00E2\\u1EA7\\u1EA5\\u1EAB\\u1EA9\\u00E3\\u0101\\u0103\\u1EB1\\u1EAF\\u1EB5\\u1EB3\\u0227\\u01E1\\u01DF\\u1EA3\\u00E5\\u01FB\\u01CE\\u0201\\u0203\\u1EA1\\u1EAD\\u1EB7\\u1E01\\u0105\\u2C65\\u0250]","aa":"[\\uA733]","ae":"[\\u00E6\\u01FD\\u01E3\\u00E4]","ao":"[\\uA735]","au":"[\\uA737]","av":"[\\uA739\\uA73B]","ay":"[\\uA73D]","b":"[\\u0062\\u24D1\\uFF42\\u1E03\\u1E05\\u1E07\\u0180\\u0183\\u0253]","c":"[\\u0063\\u24D2\\uFF43\\u0107\\u0109\\u010B\\u010D\\u00E7\\u1E09\\u0188\\u023C\\uA73F\\u2184]","d":"[\\u0064\\u24D3\\uFF44\\u1E0B\\u010F\\u1E0D\\u1E11\\u1E13\\u1E0F\\u0111\\u018C\\u0256\\u0257\\uA77A]","dz":"[\\u01F3\\u01C6]","e":"[\\u0065\\u24D4\\uFF45\\u00E8\\u00E9\\u00EA\\u1EC1\\u1EBF\\u1EC5\\u1EC3\\u1EBD\\u0113\\u1E15\\u1E17\\u0115\\u0117\\u00EB\\u1EBB\\u011B\\u0205\\u0207\\u1EB9\\u1EC7\\u0229\\u1E1D\\u0119\\u1E19\\u1E1B\\u0247\\u025B\\u01DD]","f":"[\\u0066\\u24D5\\uFF46\\u1E1F\\u0192\\uA77C]","g":"[\\u0067\\u24D6\\uFF47\\u01F5\\u011D\\u1E21\\u011F\\u0121\\u01E7\\u0123\\u01E5\\u0260\\uA7A1\\u1D79\\uA77F]","h":"[\\u0068\\u24D7\\uFF48\\u0125\\u1E23\\u1E27\\u021F\\u1E25\\u1E29\\u1E2B\\u1E96\\u0127\\u2C68\\u2C76\\u0265]","hv":"[\\u0195]","i":"[\\u0069\\u24D8\\uFF49\\u00EC\\u00ED\\u00EE\\u0129\\u012B\\u012D\\u00EF\\u1E2F\\u1EC9\\u01D0\\u0209\\u020B\\u1ECB\\u012F\\u1E2D\\u0268\\u0131]","j":"[\\u006A\\u24D9\\uFF4A\\u0135\\u01F0\\u0249]","k":"[\\u006B\\u24DA\\uFF4B\\u1E31\\u01E9\\u1E33\\u0137\\u1E35\\u0199\\u2C6A\\uA741\\uA743\\uA745\\uA7A3]","l":"[\\u006C\\u24DB\\uFF4C\\u0140\\u013A\\u013E\\u1E37\\u1E39\\u013C\\u1E3D\\u1E3B\\u017F\\u0142\\u019A\\u026B\\u2C61\\uA749\\uA781\\uA747]","lj":"[\\u01C9]","m":"[\\u006D\\u24DC\\uFF4D\\u1E3F\\u1E41\\u1E43\\u0271\\u026F]","n":"[\\u006E\\u24DD\\uFF4E\\u01F9\\u0144\\u00F1\\u1E45\\u0148\\u1E47\\u0146\\u1E4B\\u1E49\\u019E\\u0272\\u0149\\uA791\\uA7A5]","nj":"[\\u01CC]","o":"[\\u006F\\u24DE\\uFF4F\\u00F2\\u00F3\\u00F4\\u1ED3\\u1ED1\\u1ED7\\u1ED5\\u00F5\\u1E4D\\u022D\\u1E4F\\u014D\\u1E51\\u1E53\\u014F\\u022F\\u0231\\u022B\\u1ECF\\u0151\\u01D2\\u020D\\u020F\\u01A1\\u1EDD\\u1EDB\\u1EE1\\u1EDF\\u1EE3\\u1ECD\\u1ED9\\u01EB\\u01ED\\u00F8\\u01FF\\u0254\\uA74B\\uA74D\\u0275]","oe":"[\\u00f6]","oi":"[\\u01A3]","ou":"[\\u0223]","oo":"[\\uA74F]","p":"[\\u0070\\u24DF\\uFF50\\u1E55\\u1E57\\u01A5\\u1D7D\\uA751\\uA753\\uA755]","q":"[\\u0071\\u24E0\\uFF51\\u024B\\uA757\\uA759]","r":"[\\u0072\\u24E1\\uFF52\\u0155\\u1E59\\u0159\\u0211\\u0213\\u1E5B\\u1E5D\\u0157\\u1E5F\\u024D\\u027D\\uA75B\\uA7A7\\uA783]","s":"[\\u0073\\u24E2\\uFF53\\u015B\\u1E65\\u015D\\u1E61\\u0161\\u1E67\\u1E63\\u1E69\\u0219\\u015F\\u023F\\uA7A9\\uA785\\u1E9B]","ss":"[\\u00DF]","t":"[\\u0074\\u24E3\\uFF54\\u1E6B\\u1E97\\u0165\\u1E6D\\u021B\\u0163\\u1E71\\u1E6F\\u0167\\u01AD\\u0288\\u2C66\\uA787]","tz":"[\\uA729]","u":"[\\u0075\\u24E4\\uFF55\\u00F9\\u00FA\\u00FB\\u0169\\u1E79\\u016B\\u1E7B\\u016D\\u01DC\\u01D8\\u01D6\\u01DA\\u1EE7\\u016F\\u0171\\u01D4\\u0215\\u0217\\u01B0\\u1EEB\\u1EE9\\u1EEF\\u1EED\\u1EF1\\u1EE5\\u1E73\\u0173\\u1E77\\u1E75\\u0289]","ue":"[\\u00FC]","v":"[\\u0076\\u24E5\\uFF56\\u1E7D\\u1E7F\\u028B\\uA75F\\u028C]","vy":"[\\uA761]","w":"[\\u0077\\u24E6\\uFF57\\u1E81\\u1E83\\u0175\\u1E87\\u1E85\\u1E98\\u1E89\\u2C73]","x":"[\\u0078\\u24E7\\uFF58\\u1E8B\\u1E8D]","y":"[\\u0079\\u24E8\\uFF59\\u1EF3\\u00FD\\u0177\\u1EF9\\u0233\\u1E8F\\u00FF\\u1EF7\\u1E99\\u1EF5\\u01B4\\u024F\\u1EFF]","z":"[\\u007A\\u24E9\\uFF5A\\u017A\\u1E91\\u017C\\u017E\\u1E93\\u1E95\\u01B6\\u0225\\u0240\\u2C6C\\uA763]"},"researchesTests":["contentHasTOC","contentHasShortParagraphs","contentHasAssets","keywordInTitle","keywordInMetaDescription","keywordInPermalink","keywordIn10Percent","keywordInContent","keywordInSubheadings","keywordInImageAlt","keywordDensity","keywordNotUsed","lengthContent","lengthPermalink","linksHasInternal","linksHasExternals","linksNotAllExternals","titleStartWithKeyword","titleSentiment","titleHasPowerWords","titleHasNumber","hasContentAI"],"hasRedirection":true,"hasBreadcrumb":false},"homeUrl":"https:\/\/elvendrellturisme.dms3labs.cat\/de\/","objectID":27549,"objectType":"post","locale":"de","localeFull":"de_DE","overlayImages":{"play":{"name":"Wiedergabezeichen","url":"https:\/\/elvendrellturisme.dms3labs.cat\/wp-content\/plugins\/seo-by-rank-math\/assets\/admin\/img\/icon-play.png","path":"\/var\/www\/vhosts\/dms3labs.cat\/subdominis\/elvendrellturisme.dms3labs.cat\/wp-content\/plugins\/seo-by-rank-math\/assets\/admin\/img\/icon-play.png","position":"middle_center"},"gif":{"name":"GIF-Symbol","url":"https:\/\/elvendrellturisme.dms3labs.cat\/wp-content\/plugins\/seo-by-rank-math\/assets\/admin\/img\/icon-gif.png","path":"\/var\/www\/vhosts\/dms3labs.cat\/subdominis\/elvendrellturisme.dms3labs.cat\/wp-content\/plugins\/seo-by-rank-math\/assets\/admin\/img\/icon-gif.png","position":"middle_center"}},"defautOgImage":"https:\/\/elvendrellturisme.dms3labs.cat\/wp-content\/uploads\/2021\/03\/tv-el-vendrell.png","customPermalinks":true,"isUserRegistered":true,"autoSuggestKeywords":true,"connectSiteUrl":"https:\/\/rankmath.com\/auth?site=https%3A%2F%2Felvendrellturisme.dms3labs.cat%2Fde%2F&r=https%3A%2F%2Felvendrellturisme.dms3labs.cat%2Fde%2Fwp-json%2Fwp%2Fv2%2Fpages%2F27549%3Fnonce%3D20361aa608","maxTags":5,"trendsIcon":"<svg viewBox=\"0 0 610 610\"><path d=\"M18.85,446,174.32,290.48l58.08,58.08L76.93,504a14.54,14.54,0,0,1-20.55,0L18.83,466.48a14.54,14.54,0,0,1,0-20.55Z\" style=\"fill:#4285f4\"\/><path d=\"M242.65,242.66,377.59,377.6l-47.75,47.75a14.54,14.54,0,0,1-20.55,0L174.37,290.43l47.75-47.75A14.52,14.52,0,0,1,242.65,242.66Z\" style=\"fill:#ea4335\"\/><polygon points=\"319.53 319.53 479.26 159.8 537.34 217.88 377.61 377.62 319.53 319.53\" style=\"fill:#fabb05\"\/><path d=\"M594.26,262.73V118.61h0a16.94,16.94,0,0,0-16.94-16.94H433.2a16.94,16.94,0,0,0-12,28.92L565.34,274.71h0a16.94,16.94,0,0,0,28.92-12Z\" style=\"fill:#34a853\"\/><rect width=\"610\" height=\"610\" style=\"fill:none\"\/><\/svg>","showScore":true,"siteFavIcon":"https:\/\/elvendrellturisme.dms3labs.cat\/wp-content\/uploads\/cropped-logo-en-clau-de-sol-ffavicon-32x32.png","canUser":{"general":false,"advanced":false,"snippet":false,"social":false,"analysis":false,"analytics":false,"content_ai":false},"isPro":false,"is_front_page":false,"trendsUpgradeLink":"https:\/\/rankmath.com\/pricing\/?utm_source=Plugin&utm_medium=CE%20General%20Tab%20Trends&utm_campaign=WP","trendsUpgradeLabel":"Upgraden","trendsPreviewImage":"https:\/\/elvendrellturisme.dms3labs.cat\/wp-content\/plugins\/seo-by-rank-math\/assets\/admin\/img\/trends-preview.jpg","currentEditor":false,"homepageData":{"assessor":{"powerWords":["abgelenkt","abgesturzt","absolut","abstossend","aburd","abweisen","adaquat","aggressiv","ahnungslos","akkurat","alarmierend","alarmiert","albtraum","all-inclusive","allererste","allererster","allererstes","alleswisser","am schlechtesten","am wichtigsten","angewidert","angriff","angsteinflossend","angstlich","animiert","ankundigung","anonym","anpassbar","anspruchslos","anstossig","antagonistisch","apokalypse","applaus","argumentativ","arm","armageddon","arrogant","atemberaubend","attacke","attraktiv","aufdeckend","aufgebracht","aufgedeckt","aufgeregt","aufheiternd","aufregend","aufregende","aufregenden","aufregung","aufstachelnd","aufstandisch","aufsteigend","auftreibend","augenoffnend","ausgelassen","ausgeruht","ausgespielt","ausgewahlt","ausgewuhlt","ausnutzen","aussergewohnlich","autark","authentisch","autoritat","backdoor","badass","beangstigend","bedenklich","bedingungslos","bedrohen","bedroht","beforderung","befreit","befriedigend","befriedigt","begehren","begeistern","begeistert","begeisterung","beherzt","behind the scenes","beichte","beleidigung","belohnung","bemerkenswert","beneiden","bequem","beruhmt","beschadigen","beschamend","beschmutzt","beschuldigen","beschutzen","besitz","bessesen","bestatigen","bestatigt","beste","bestimmt","bestrafen","betrug","betrugen","bewahrt","bewiesen","bewiesenermassen","bewusst","bezahlbar","bezaubernd","bizarre","bleich","blendend","blut","blutbad","blutig","bombe","bonanza","bonus","bosartig","bose","boshaft","brilliant","brodelnd","brutal","budget","bullshit","bully","bunt","bunte","bunten","case study","cash","challenge","challgene","chaos","cheat-sheet","clever","content","cool","courage","dankbar","daruber redet keiner","deadline","definitiv","dekadent","demoralisierend","demut","desillusioniert","detailiert","diagnose","die wahrheit","direkt","disastros","discount","dokument","dollar","dominieren","doppelt","download","dreckig","dreifach","dreistigkeit","dringend","dringlichkeit","dumm","dummkopf","dummlich","durchbruch","duselig","dynamik","echt","effektiv","effizient","ehrlich","eier","eifersuchtig","eifrig","eindeutig","eindrucksvoll","eine stufe besser","einfach","einfachheit","einfallsreich","eingebildet","eingeschrankt","eingesperrt","einmalig","einsam","eintauchen","einzigartig","eisern","eliminieren","elite","empathie","empfehle","empfehlen","endeffekt","energie","energisch","enorm","entdecken","entfesselt","entfremdet","enthullen","enthullung","enthusiastisch","entmachtet","entsetzlich","entspannt","entzuckend","entzunden","epidemisch","episch","erbarmlich","erfolg","erfolgreich","erfolgsbilanz","erfreut","erfullen","erfullt","ergebnisse","ergreifen","erhaben","erheben","erhohen","erledigt","ermachtigt","ermudet","ernmutigt","ernsthaft","erobern","erroten","errungenschaft","erschaffen","erschrocken","ersehnen","ersparnisse","erstattbar","erstatten","erstaunlich","erste","ertrinken","essentiell","ethisch","euphorisch","exakt","exklusiv","exklusivitat","exkuisit","experte","explodieren","explosiv","exposed","extrem","exzellent","fahig","fahigkeiten","fail","falle","fantasie","fantastischen","farbenfroh","farbenfrohe","faszinierend","faszinierende","faul","faux pas","faux","fehler","feindselig","feldstudie","fesselnd","festlich","festmahl","festplatte","final","flirt","fluchtling","flussig","fokus","fokussiert","folter","formel","frech","freebie","frei","freiheit","freudig","friedlich","frohlich","frohlichkeit","frustriert","fundamental","fur immer","furchtbar","furchtlos","gangster","garantiert","geblendet","geehrt","gefahr","gefahrlich","gefangen","gefangnis","gefeuert","gegensatzlich","gehassig","geheimnis","geheimnisse","geil","geisseln","geist","geistesgestort","gelassen","geld zuruck","geld","genial","gepackt","gerade angekommen","gerissen","geschenk","geschmuggelt","geschutzt","gestandnis","gestandnisse","gestopft","gestresst","gesucht","gesund","getauscht","getestet","getotet","gewaltig","gewalttatig","gewidmet","gewinnspiel","gier","gierig","gift","giftig","gigantisch","giveaway","glamourose","glanzend","glaube","glaubwurdig","gleichmassig","glittering","glitzernde","gluckselig","golden","grandios","grandiose","grandiosen","grandioses","grauenhaft","grausamkeit","grinsen","groesste","gross","grossartig","grossartig","grossartige","grossartigen","grossartiger","grossartiges","grosse","grossen","grosste","grosszugig","grotesk","grube","grundlegend","gruselig","gunstig","hack","hamisch","hammer","handelsgeheimnis","hartnackig","hass","heilig","heimlich","heisshunger","heisshungrig","heiter","held","hell","herablassend","herausfordernd","herausforderung","herausvorderung","herrlichen","herrschend","hervorragend","herz","herzbrechend","herzerwahrmend","heute","hightech","hilflosigkeit","hilfreich","hilfsbereit","himmlisch","hinterhaltig","hoax","hocheffektiv","hochnasig","hochste","hoffnung","hoffnungsvoll","holle","holocaust","horror","how to","humor","hungrige","hurrikan","hypnotisch","hypnotisierend","idiot","idiotisch","illegal","immer","informativ","inhalt","inkompetent","innovativ","insider","inspirierend","inspiriert","intelligent","intensiv","interessant","interessante","invasion","investment","ist da","jackpot","jederzeit kundigen","jetzt","jubilant","jumpstart","jung","kadaver","kampf","katapult","katastrophe","kaufen","kein risiko","keine verpflichtung","kickstart","kindisch","kitschig","klaglich","klar","knast","kollabieren","kollosal","komfortabel","komisch","kompetitiv","komplett","kompromiss","komsich","konstruktiv","kontrollierend","kontrollverlust","kooperativ","kopie","korrupt","kostenlos","kraftlos","kraftvoll","krankhaft","kreativ","kreative","kriese","kritisch","kruppel","lachen","lacherlich","lahm","last minute","lauernd","lebendig","lebenslanglich","lecken","lecker","legendar","legitim","leiche","leicht","leiden","leider","leise","letzte chance","letzte","leuchtend","liberal","licht","liebe","liebenswurdig","liebevoll","life-changing","limitiert","lohnend","loser","losung","lugen","lugend","lukrativ","lust","lustig","lustige","lustigsten","luxorios","magisch","mainstream","mammut","manipulativ","massiv","masterclass","meditierend","meiseter","meistverkauft","meltdown","millionen","mind-blowing","minderwertig","minimalist","missbrauch","misstrauisch","mittelmassig","mittig","modern","moderne","moglichkeiten","monetarisieren","monumental","mord","motiviert","muhelos","muhevoll","mull","mut","mutig","nachmachen","nachteile","nackt","nagel","naiv","natural","nazi","neid","nervos","neu","niedertrachtig","niemals","notfall","notiert","nutzlich","nutzlos","offensichtlich","offiziel","offnen","ohne hintergedanken","ok","okay","okonomisch","on-demand","opfer","optimistisch","overnight","packend","panik","panzer","paralisiert","pas","passioniert","pause","payback","peinlich","perfekt","perplex","perskeptive","pessimistisch","pfund","piranha","pleite","plotzlich","pochend","polarisierend","popular","portfolio","praktisch","preis","prestige","privat","privatsphare","priviligiert","problem","produktiv","professionell","profit","profitabel","provokativ","provozierend","prozess","psychologisch","qual","qualen","qualitat","rabatt","rache","rachsuchtig","raffiniert","rasend","rat","rau","recherche","reduziert","reflektieren","regeln","reich","reiche","reichtum","relaxed","report","responsive","revolutionar","riesig","risiko","riskant","riskieren","rotzfrech","rowdy","ruckrat","ruckschlag","rucksichtlos","ruhig","ruiniert","sabotiert","sadistisch","sale","sarkastisch","scam","schabig","schadigend","schadlich","schamlos","schatz","schicksal","schlachten","schlafen","schlag","schlau","schlimm","schmerzhaft","schmerzlos","schmuggel","schnell","schnellstart","schokierend","schonheit","schrecklich","schreien","schritt fur schritt","schuld","schuldlos","schwach","schwarm","schwarzmarkt","schwerkraft","schwinden","sechsstellig","sehenswerte","selbsthass","selten","sensationell","sex","sexy","sicher","sicherheit","sicherlich","sieg","sill","simpel","sinnlich","sinnlos","skandal","skandalos","skill","sklave","sneak-peek","snob","sofort gespart","sofort","sollte","sonnig","sonnige","sonnigen","sorgen","sorgfaltig","sorglos","spannend","sparen","sparsam","spass","spassig","spektakular","speziell","spielen","spoiler","spontan","spotlight","stabil","stark","start","stoisch","stolz","stop","strahlend","strangulieren","strategie","studien","stumperhaft","stur","sunden","sundigend","super","superb","survival","tapfer","tauschend","teaser","technologie","terror","terrorist","teuer","tief","tiefgreifend","tierisch","tod","todlich","toll","tolle","toller","tortur","tot","tote","toten","totend","toxisch","tragisch","tragodie","transfomieren","transparenz","trauma","traumatisiert","traurigkeit","trend","tricks","trigger","triumpf","trocken","trotz","trugerisch","tweaks","tyrann","ubel","uberfordert","uberkommen","uberleben","uberlegen","uberraschend","uberrascht","uberraschung","uberwaltigend","uberwinden","ultimativ","umfassend","umstritten","umwerfend","unatorisiert","unaufhaltbar","unausgelasted","unbedacht","unbeliebt","unbeschwert","unbewusst","undercover","undokumentiert","unehrlich","unentschlossen","unerwartet","unfahig","ungeduldig","ungedult","ungehort","ungemutlich","ungerechtfertigt","ungesehen","ungetrubt","ungewohnlich","ungezogen","unglaublich","unglaubliches","uninteressiert","unkontrollierbar","unkonventionell","unlimitiert","unpenetrierbar","unschuldig","unsicher","unstabil","unter verschluss","untergrund","unterhaltsam","unterstutz","unterstutzend","unubertroffen","unvergesslich","unverneinbar","unvoreingenommen","unwiderstehlich","unwirtlich","unzensiert","unzuverlassig","up-selling","vaporisieren","verangstigt","verantwortlich","verargert","verarscht","verbessert","verbluffend","verblufft","verboten","verbreiten","verdachtig","verdammt","verdeckt","vereinfacht","verfuhrend","vergebend","vergessen","vergleich","verhauen","verifizieren","verkommen","verlegen","verletzbar","verletzt","verlockend","verloren","vermasselt","vermeiden","vermogen","vernichten","vernichtend","vernunftig","veroffentlichung","verpassen","verraterisch","verruckt","versagen","verschwitzt","versichert","verspielt","versprechend","versteckt","vertrauenswurdig","vertraulich","vertraumt","verurteilend","verwunderlich","verwundet","verzaubernd","verzweifelt","vierfach","vogelfrei","vollig","vollstandig","vorsicht","vorstellungskraft","vorteil","wachstum","wagemutig","wahnsinn","wahnsinnig","wahrhaftig","wahrheit","wahrheitsgemass","wahrscheinlich","warnung","was dir keiner sagt","wehleidig","welt","wenig bekannt","wert","wertvoll","wichtig","widerlich","wiedererkannt","wild","wilde","wilden","willensstarke","wirr","wohltatigkeit","wortlich","wunder","wunderbar","wunderbaren","wunderschon","wutend","zeichen","zeitig","zen","zensiert","zerschlagen","zerschmetternd","zerstorend","zertifiziert","zielorientiert","zischend","zischt","zocken","zogernd","zugeben","zuruckgehalten","zuruckgelassen","zuruckweisen","zusatzlich","zutaten","zuverlassig","zwangsernahrt","zweifelnd","zwickend","zwingend","einfache","einfachen","einfaches","einfacher","simple","simplen","simples","simpler","besten","bestes","bester","beste","bestbewertet","bestbewerteten","bestbewertete","bestbewerteter","bestbewertetes","\u00fcberraschende","\u00fcberraschenden","\u00fcberraschendes","\u00fcberraschender","hilfreiche","hilfreiches","hilfreichen","hilfreicher","f\u00f6rdern","unterst\u00fctzen","helfen","spielerisch","spannende","spannendes","spannenden","spannender","gro\u00dfartige","gro\u00dfartiges","gro\u00dfartigen","gro\u00dfartiger","ideal","ideales","idealen","idealer","faszinierend","faszinierendes","faszinierenden","faszinierender","wichtig","wichtige","wichtiges","wichtigen","wichtiger","sicher","sichere","sicheres","sicheren","sicherer","umfassende","umfassendes","umfassenden","umfassender","ultimative","ultimatives","ultimativen","ultimativer","einzigartige","einzigartiges","einzigartigen","einzigartiger"],"diacritics":true,"researchesTests":["contentHasTOC","contentHasShortParagraphs","contentHasAssets","keywordInTitle","keywordInMetaDescription","keywordInPermalink","keywordIn10Percent","keywordInContent","keywordInSubheadings","keywordInImageAlt","keywordDensity","keywordNotUsed","lengthContent","lengthPermalink","linksHasInternal","linksHasExternals","linksNotAllExternals","titleStartWithKeyword","titleSentiment","titleHasPowerWords","titleHasNumber","hasContentAI"],"hasBreadcrumb":false,"serpData":{"title":"%sitename% %page% %sep% %sitedesc%","description":"","titleTemplate":"%sitename% %page% %sep% %sitedesc%","descriptionTemplate":"","focusKeywords":"","breadcrumbTitle":"Home","robots":{"index":true},"advancedRobots":{"max-snippet":"-1","max-video-preview":"-1","max-image-preview":"large"},"facebookTitle":"","facebookDescription":"","facebookImage":"","facebookImageID":""}}},"tocTitle":"Table of Contents","tocExcludeHeadings":[],"listStyle":"ul"},"_links":{"self":[{"href":"https:\/\/elvendrellturisme.dms3labs.cat\/de\/wp-json\/wp\/v2\/pages\/27549","targetHints":{"allow":["GET"]}}],"collection":[{"href":"https:\/\/elvendrellturisme.dms3labs.cat\/de\/wp-json\/wp\/v2\/pages"}],"about":[{"href":"https:\/\/elvendrellturisme.dms3labs.cat\/de\/wp-json\/wp\/v2\/types\/page"}],"author":[{"embeddable":true,"href":"https:\/\/elvendrellturisme.dms3labs.cat\/de\/wp-json\/wp\/v2\/users\/1"}],"replies":[{"embeddable":true,"href":"https:\/\/elvendrellturisme.dms3labs.cat\/de\/wp-json\/wp\/v2\/comments?post=27549"}],"version-history":[{"count":6,"href":"https:\/\/elvendrellturisme.dms3labs.cat\/de\/wp-json\/wp\/v2\/pages\/27549\/revisions"}],"predecessor-version":[{"id":36915,"href":"https:\/\/elvendrellturisme.dms3labs.cat\/de\/wp-json\/wp\/v2\/pages\/27549\/revisions\/36915"}],"wp:featuredmedia":[{"embeddable":true,"href":"https:\/\/elvendrellturisme.dms3labs.cat\/de\/wp-json\/wp\/v2\/media\/26025"}],"wp:attachment":[{"href":"https:\/\/elvendrellturisme.dms3labs.cat\/de\/wp-json\/wp\/v2\/media?parent=27549"}],"wp:term":[{"taxonomy":"dipi_cpt_category","embeddable":true,"href":"https:\/\/elvendrellturisme.dms3labs.cat\/de\/wp-json\/wp\/v2\/dipi_cpt_category?post=27549"}],"curies":[{"name":"wp","href":"https:\/\/api.w.org\/{rel}","templated":true}]}}